{"id":143,"date":"2023-08-07T13:44:42","date_gmt":"2023-08-07T11:44:42","guid":{"rendered":"https:\/\/hoyre.no\/haram\/?page_id=143"},"modified":"2023-08-07T21:49:48","modified_gmt":"2023-08-07T19:49:48","slug":"valprogram-haram-hogre-2023-2027","status":"publish","type":"page","link":"https:\/\/hoyre.no\/haram\/valprogram-haram-hogre-2023-2027\/","title":{"rendered":"Valprogram Haram H\u00f8gre 2023-2027"},"content":{"rendered":"\n<div class=\"wp-block-hoyre-hero with-image-gradient text-color-light  has-media alignfull has-background\"><div class=\"hoyre-hero has-image\"><h1 class=\"title\">Program 2023-2027<\/h1><p class=\"preamble\">&laquo;Ein attraktiv kommune som prioritera det viktigaste fyrst&raquo;<\/p>\t\t\t<div class=\"post-meta wp-block teft-byline-wrapper\">\n\t\t\t\t<div class=\"top\">\n\t\t\t\t\t<div class=\"signature\">\n\t\t\t\t\t\t<div class=\"teft-byline\">\n\t\t\t\t\t\t\t\t\t\t\t\t\t\t<div>\n\t\t\t\t\t\t\t\t<h3>H\u00f8yres redaksjon<\/h3>\t\t\t\t\t\t\t\t\n\t\t\t\t\t\t\t\t\t\t\t\t\t\t\t\t\t<span class=\"date\">Sist oppdatert: 7. august 2023<\/span>\n\t\t\t\t\t\t\t\t\t\t\t\t\t\t\t\t\t\t\t\t\t\t\t\t\t<span class=\"reading-time\" itemprop=\"timeRequired\" content=\"PT11M\"><em>Ca. 11 minutter lesetid<\/em><\/span>\n\t\t\t\t\t\t\t\t\t\t\t\t\t\t\t<\/div>\n\t\t\t\t\t\t<\/div>\n\t\t\t\t\t<\/div>\n\t\t\t\t\t\t<div class=\"sharing\">\n\t\t<a class=\"share-button share-link copy-link\" data-copy=\"https:\/\/hoyre.no\/haram\/valprogram-haram-hogre-2023-2027\/\" target=\"_blank\"><span class=\"screen-reader-text\">Del link<\/span><\/a>\n\t\t<a class=\"share-button share-twitter\" href=\"http:\/\/twitter.com\/share?text=Valprogram Haram H\u00f8gre 2023-2027&#038;url=https:\/\/hoyre.no\/haram\/valprogram-haram-hogre-2023-2027\/&#038;hashtags=Hoyre\" target=\"_blank\"><span class=\"screen-reader-text\">Del p\u00e5 twitter<\/span><\/a>\n\t\t<a class=\"share-button share-facebook\" href=\"https:\/\/www.facebook.com\/sharer\/sharer.php?u=https:\/\/hoyre.no\/haram\/valprogram-haram-hogre-2023-2027\/\" target=\"_blank\"><span class=\"screen-reader-text\">Del p\u00e5 facebook<\/span><\/a>\n\t<\/div>\n\t\t\t\t\t<\/div>\n\t\t\t<\/div>\n\n\t\t\t<figure class=\"hoyre-image-wrapper\"><div class=\"hoyre-image\"><img loading=\"lazy\" decoding=\"async\" width=\"2500\" height=\"1875\" src=\"https:\/\/hoyre.no\/content\/uploads\/sites\/435\/2023\/08\/Fra-Ravnfloget-Tennfjord-scaled.jpg\" class=\"attachment-scaled size-scaled\" alt=\"\" style=\"object-position: 50% 50%\" srcset=\"https:\/\/hoyre.no\/content\/uploads\/sites\/435\/2023\/08\/Fra-Ravnfloget-Tennfjord-scaled.jpg 2500w, https:\/\/hoyre.no\/content\/uploads\/sites\/435\/2023\/08\/Fra-Ravnfloget-Tennfjord-300x225.jpg 300w, https:\/\/hoyre.no\/content\/uploads\/sites\/435\/2023\/08\/Fra-Ravnfloget-Tennfjord-1024x768.jpg 1024w, https:\/\/hoyre.no\/content\/uploads\/sites\/435\/2023\/08\/Fra-Ravnfloget-Tennfjord-768x576.jpg 768w, https:\/\/hoyre.no\/content\/uploads\/sites\/435\/2023\/08\/Fra-Ravnfloget-Tennfjord-1536x1152.jpg 1536w, https:\/\/hoyre.no\/content\/uploads\/sites\/435\/2023\/08\/Fra-Ravnfloget-Tennfjord-2048x1536.jpg 2048w\" sizes=\"auto, (max-width: 2500px) 100vw, 2500px\" \/><\/div><\/figure><\/div><\/div>\n\n\n\n\n<div class=\"wp-block-teft-accordion\"><div class=\"teft-accordion__inner\"><\/div><\/div>\n\n\n\n<div class=\"wp-block-teft-accordion\"><div class=\"teft-accordion__inner\">\n<div class=\"wp-block-teft-item\"><div class=\"teft-item__inner\"><h4 class=\"toggle\">Innleiing<\/h4><div class=\"teft-item__inner-content entry-content\">\n<p><strong>Programmet tek utgangspunkt i H\u00f8gres f\u00f8rem\u00e5lsparagraf:<\/strong><br>H\u00f8gre legg vekt p\u00e5 kontinuitet. Vi har arva eit samfunn prega av tillit, openheit og sm\u00e5 forskjellar, eit samfunn med h\u00f8g verdiskaping og med velutbygde velferdsordningar. Det er v\u00e5r plikt \u00e5 ivareta og videreutvikle dette samfunnet for framtidige generasjonar. Vi vil endre for \u00e5 bevare. Med det meiner vi at vi m\u00e5 gjere naudsynte endringar i dag av omsyn til klima og milj\u00f8, \u00f8konomisk og sosial berekraft og framtidige generasjonar si velferd.<\/p>\n\n\n\n<p>H\u00f8gres politikk bygger p\u00e5 ein kristen og humanistisk kulturarv. Alle menneske er f\u00f8dde ulike, men med same ukrenkelege eigenverdi. H\u00f8gre meiner at mangfald og toleranse er viktige verdiar for det norske samfunnet. Mangfaldet bidreg til \u00e5 utfordre og utvikle oss.<\/p>\n\n\n\n<p>H\u00f8gre er eit marknadsvennleg parti. Marknads\u00f8konomien fordeler \u00f8konomisk makt p\u00e5 fleire hender og sikrar deltaking av mange. \u00d8konomiske og politiske maktkonsentrasjonar m\u00e5 unng\u00e5ast gjennom mellom anna \u00e5 sikre velfungerande konkurranse. Makt og ansvar b\u00f8r plasserast s\u00e5 n\u00e6r den enkelte, familien og lokalsamfunnet som mogleg. Staten b\u00f8r ikkje f\u00e5 for mykje makt. Staten har ei plikt til \u00e5 forvalte ressursane i fellesskapet s\u00e5 effektivt som mogleg.<\/p>\n\n\n\n<p>Samfunnet er meir enn staten. Derfor krevst det grenser for politikk. H\u00f8gre \u00f8nskjer ein sterk, men avgrensa stat som sikrar innbyggarane grunnleggande tryggleik, velferd og like moglegheiter. H\u00f8gre meiner at samfunnet b\u00f8r skapast og utviklast nedanfr\u00e5. H\u00f8gre meiner at kvar enkelt skal ha st\u00f8rst mogleg fridom til og ansvar for \u00e5 forma sitt eige liv og si eiga framtid, basert p\u00e5 respekt for andre og for fellesskapet.<\/p>\n\n\n\n<p><br><strong>Politikken v\u00e5r bygg p\u00e5 dette verdigrunnlaget:<\/strong><\/p>\n\n\n\n<ul class=\"wp-block-list\"><li>Tillit til enkeltmennesket, samfunnet styrkjer enkeltmennesket.<\/li><li>Fridom til, og ansvar for, \u00e5 forme sitt eige liv.<\/li><li>Respekt for andre og for fellesskapet.<\/li><li>Samhald og solidaritet menneske imellom.<\/li><li>Omsorg for den som treng det.<\/li><li>Samspel mellom personleg fridom, sosialt ansvar og dei private og offentlege fellesskapa.<\/li><li>Makt og ansvar plassert s\u00e5 n\u00e6rt kvar einskild og familiar som mogleg.<\/li><\/ul>\n<\/div><\/div><\/div>\n\n\n\n<div class=\"wp-block-teft-item\"><div class=\"teft-item__inner\"><h4 class=\"toggle\">H\u00f8gre vil at det skal vere moglegheiter for alle i Haram<\/h4><div class=\"teft-item__inner-content entry-content\">\n<p>H\u00f8gre \u00f8nskjer \u00e5 vidareutvikle Haram som ein attraktiv bu- arbeidskommune. Vi har trua p\u00e5 Haram, og d\u00e5 m\u00e5 vi sleppe alle gode krefter til og vere ein JA-kommune. Vi m\u00e5 seie ja til n\u00e6ringsliv som vil etablere seg, vekse og skape arbeidsplassar. Vi m\u00e5 seie ja til utvikling av tettstadane i kommunen, b\u00e5de n\u00e5r det gjeld h\u00f8ve til utbygging av bustadomr\u00e5de, men og til utvikling av tilboda p\u00e5 desse tettstadane. H\u00f8gre vil<br>seie ja til nye gode idear og nye l\u00f8ysingar for korleis vi skal vere attraktive b\u00e5de for n\u00e6ringsliv og familiar i etableringsfasen.<\/p>\n\n\n\n<p><br>Haram H\u00f8gre meiner at for \u00e5 sikre s\u00e5 gode tenester som r\u00e5d, er det viktig at ein s\u00f8kjer samarbeid der det er naturleg. Dette gjeld b\u00e5de til d\u00f8mes n\u00e6ringsliv og private akt\u00f8rar i eigen kommune, men og gode offentlege fagmilj\u00f8 p\u00e5 tvers av kommunegrenser. For H\u00f8gre er det kvaliteten i tenestene som er viktig, ikkje kven som levera dei.<\/p>\n\n\n\n<div class=\"wp-block-teft-accordion\"><div class=\"teft-accordion__inner\">\n<div class=\"wp-block-teft-item\"><div class=\"teft-item__inner\"><div class=\"teft-item__inner-content entry-content\"><\/div><\/div><\/div>\n<\/div><\/div>\n<\/div><\/div><\/div>\n\n\n\n<div class=\"wp-block-teft-item\"><div class=\"teft-item__inner\"><h4 class=\"toggle\">Oppvekst og kompetanse<\/h4><div class=\"teft-item__inner-content entry-content\">\n<p><strong>BARNEHAGE<\/strong><\/p>\n\n\n\n<p>Kommunen har stort vekstpotensiale med tanke p\u00e5 barnefamiliar som vil etablere seg i eit trygt oppvekstomr\u00e5der, med kort avstand til det meste. D\u00e5 er barnehagetilbodet viktig. Haram kommune m\u00e5 kunne levere eit godt og stabilt tilbod, med h\u00f8g fagkompetanse til dei barnefamiliane som er her allereie<br>og nye som ser etter ein stad og etablere seg.<\/p>\n\n\n\n<p><br><strong>Haram H\u00f8gre vil:<\/strong><\/p>\n\n\n\n<ul class=\"wp-block-list\"><li>Sikre framleis full barnehagedekning, med robuste barnehagar som er attraktive b\u00e5de for foreldre og for \u00e5 tiltrekke seg fagkompetanse.<\/li><li>Bygge ny barnehage p\u00e5 skuletomta til dagens Tennfjord skule.<\/li><li>Oppmuntre til at familiar f\u00e5r fleire born med \u00e5 gje 50% rabatt p\u00e5 born nummer 3 i barnehage, og gratis plass for nummer 4.<\/li><\/ul>\n\n\n\n<p><\/p>\n\n\n\n<p><\/p>\n\n\n\n<p><strong>SKULE<\/strong><\/p>\n\n\n\n<p>Skulen i Haram skal vere ein god skule for alle elevane. Alle skal f\u00e5 oppleve meistring og det \u00e5 bli sett i sin skulekvardag. For \u00e5 lukkast med dette m\u00e5 ein styrke l\u00e6raren, b\u00e5de med kompetanse i form av etter og vidareutdanning, men og syte for at andre faggrupper er ein del av fagmilj\u00f8et p\u00e5 skulen, til beste for borns utdanning.<br><\/p>\n\n\n\n<p>Eit godt samarbeid mellom skule og n\u00e6ringsliv er viktig b\u00e5de for elevane som blir kjent med kva moglegheiter som finst, men og for at n\u00e6ringslivet kan sikre rekruttering. Dette samarbeidet b\u00f8r starte allereie i ungdomsskulen.<\/p>\n\n\n\n<p><br>Vi m\u00e5 bygge vidare p\u00e5 det gode samarbeidet mellom kommune og N\u00e5OPP (oppl\u00e6ringskontoret), for \u00e5 bidra med l\u00e6replassar og dra nytte av deira kjennskap til n\u00e6ringslivet.<\/p>\n\n\n\n<p><br><strong>Haram H\u00f8gre vil:<\/strong><\/p>\n\n\n\n<ul class=\"wp-block-list\"><li>Fokusere p\u00e5 grunnleggande ferdigheiter som lesing, skriving og rekning. Alle born skal kunne lese og skrive skikkeleg n\u00e5r dei g\u00e5r ut av skulen.<\/li><li>Gje l\u00e6rarane h\u00f8ve til \u00e5 vere pedagogiske leiarar og konsentrere seg omkunnskapsformidling. Administrative oppg\u00e5ver m\u00e5 l\u00f8ysast av fagkompetanse p\u00e5 omr\u00e5det i stab og st\u00f8ttefunksjonar.<\/li><li>La andre faggrupper (som td. milj\u00f8terapeutar) vere ein del av fagmilj\u00f8et p\u00e5 skulen som sikrar best mogeleg l\u00e6ringsmilj\u00f8.<\/li><li>Prioritere tidleg innsats til dei borna som treng litt ekstra. Det er viktig b\u00e5de for den einskilde elev, men og for l\u00e6ringsmilj\u00f8et i klassene.<\/li><li>At skulen skal drive f\u00f8rebyggande arbeid (som td. MOT, dysleksivenleg skule, Livet og S\u00e5nn) og har nulltoleranse mot mobbing.<\/li><li>Skulen i Haram skal vere i toppen n\u00e5r det gjeld bruk av digitale l\u00f8ysingar som fremjar elevane si l\u00e6ring. Dette krev at utstyr, infrastruktur og oppl\u00e6ring vert prioritert.<\/li><li>Renovering og oppgradering av Brattv\u00e5g ungdomsskule til ein moderne og attraktiv skule for framtida.<\/li><li>Styrkje symjeoppl\u00e6ringa gjennom \u00e5 vidaref\u00f8re planane om symjeanlegg med konkurransebasseng i Brattv\u00e5g sentrum.<\/li><li>Styrke samarbeid mellom bedrifter og ungdomsskule\/ VGS. H\u00f8ve til utplassering for skuletr\u00f8ytte elevar er viktig for \u00e5 hindre fr\u00e5fall.<\/li><li>Sikre ein skulestruktur som tek i vare eit n\u00e6rt tilbod, men p\u00e5 ein slik m\u00e5te at ein f\u00e5r gode og fagleg sterke skular som og er attraktive jfr \u00e5 tiltrekke seg fagkompetanse vidare.<\/li><li>Redusere prisen p\u00e5 SFO, samt gi foreldre valfridom med omsyn til bruk evt berre morgon eller ettermiddag.<\/li><li>Ha 12 timar gratis SFO i veka for 1. og 2. klassingar.<\/li><\/ul>\n\n\n\n<p><\/p>\n\n\n\n<p><strong>BETRE SAMHANDLING OG KOORDINERING AV TENESTER FOR BORN OG UNGE<\/strong><\/p>\n\n\n\n<p>Det offentlege skal vere det trygge nettet som tek alle i vare n\u00e5r livet blir utfordrande. Betre samhandling og koordinering av tenester er alfa og omega for \u00e5 kunne yte den hjelpa som er naudsynt. For dei borna som treng litt ekstra oppf\u00f8lging er det viktig at tenestene snakkar saman og finn dei beste individuelle l\u00f8ysingane.<br><\/p>\n\n\n\n<p><strong>Haram H\u00f8gre vil:<\/strong><\/p>\n\n\n\n<ul class=\"wp-block-list\"><li>Sikre gode rutinar og prosedyrar for samarbeid mellom tenestene i kommunen.<\/li><li>Styrke \u00ablaget\u00bb rundt born og unge og syte for eit godt pedagogisk tilbod for alle.<\/li><li>Haram m\u00e5 bli BTI kommune (Betre Tverrfagleg Innsats). Val av modell kan vere etter erfaring fr\u00e5 t.d Sula kommune.<\/li><li>S\u00f8ke prosjektmidlar for \u00e5 styrke tidleg, rett og koordinert hjelp til barn og unge i Haram kommune.<\/li><\/ul>\n<\/div><\/div><\/div>\n\n\n\n<div class=\"wp-block-teft-item\"><div class=\"teft-item__inner\"><h4 class=\"toggle\">Helse og omsorg<\/h4><div class=\"teft-item__inner-content entry-content\">\n<p>Det er viktig at innbyggjarane i Haram opplev at dei f\u00e5r gode helse og omsorgstenester n\u00e5r dei treng det. Det handlar om m\u00e5ltid, aktivitet og fellesskap. Det er viktig at ein slepp alle gode krefter til og etablera samarbeid der det er naturleg, b\u00e5de n\u00e5r det gjeld kompetanse internt i kommunen, men og p\u00e5 tvers av<br>kommunegrenser n\u00e5r det er trong for ekstra kompetanse eller kapasitet.<\/p>\n\n\n\n<p class=\"is-style-default\"><br><strong>Haram H\u00f8gre vil:<\/strong><\/p>\n\n\n\n<ul class=\"wp-block-list\"><li>Satse p\u00e5 god kvalitet i helse og omsorg og spele p\u00e5 lag med dei tilsette og p\u00e5r\u00f8rande.<\/li><li>Satse p\u00e5 f\u00f8rebygging slik at dei eldre kan bu heime lenger, og at p\u00e5r\u00f8rande f\u00e5r meir avlastning slik at det kan ha sine heime s\u00e5 lenge dei \u00f8nskjer. Her er kvardagsrehabilitering av pasientar viktig. Det same er \u00e5 styrke lavterskeltilboda som til d\u00f8mes utvikling av dagtilboda slik at dette og kan innebere aktivitar p\u00e5 ettermiddagstid.<\/li><li>Ha nok tilgjengelege rehabiliteringsplassar i kommunen, og med god fagkompetanse til \u00e5 gjennomf\u00f8re rett behandling for rask rekonvalesens, t.d. gjennom styrking av ergoterapitenesta p\u00e5 rehabiliteringsavdelinga.<\/li><li>Vidaref\u00f8re det viktige arbeidet i helseteneste for barn og unge gjennom styrka tilbod om helsesjukepleiar i skulane og samarbeidet mellom dei ulike tenestene i barnevern, PPT, sosialkontor, politi med fleire.<\/li><li>Rekruttere, utvikle og behalde helsepersonell i tillegg til \u00e5 auke rekruttering av l\u00e6rlingar innanfor alle dei ulike delane av helse, b\u00e5de i sjukeheimar, psykisk helse, heimetenester med meir.<\/li><li>Satse p\u00e5 god hjelp til rusmisbrukarar og psykisk lidande. Eit godt f\u00f8rebyggande arbeid er utruleg viktig.<\/li><li>Fortsatt utvikle gode tenester for \u00e5 m\u00f8te behov med rette tiltak hos alle aldersgruppe av befolkninga innan helse og omsorg.<\/li><\/ul>\n<\/div><\/div><\/div>\n\n\n\n<div class=\"wp-block-teft-item\"><div class=\"teft-item__inner\"><h4 class=\"toggle\">\u00d8konomi, entrepren\u00f8rskap og n\u00e6ringsutvikling<\/h4><div class=\"teft-item__inner-content entry-content\">\n<p>Haram H\u00f8gre vil s\u00f8rge for gode og f\u00f8reseielege rammevilk\u00e5r for n\u00e6ringslivet, slik at ogs\u00e5 nye bedrifter kan etablere seg, og vekse med tryggleik om at kommunen speler p\u00e5 same lag.<\/p>\n\n\n\n<p><strong><br>Haram H\u00f8gre vil:<\/strong><\/p>\n\n\n\n<ul class=\"wp-block-list\"><li>Vidareutvikle det gode samarbeidet som alltid har vore mellom kommune, skule og n\u00e6ringsliv (Haramsmodellen).<\/li><li>Haram H\u00f8gre vil jobbe aktivt for \u00e5 fjerne formueskatten p\u00e5 arbeidande kapital. Dette er ein s\u00e6rnorsk skatt som rammar utvikling av og investering i arbeidsplassar i kommunen. Vi vil at Haram skal vere ein attraktiv kommune \u00e5 etablere seg i.<\/li><li>Samarbeide med private akt\u00f8rar som ynskjer \u00e5 drive med bustadbygging i kommunen.<\/li><li>Satse p\u00e5 \u00e5 videreutvikle attraktive bu-omr\u00e5der med n\u00e6rheit til tilbod og legge til rette for meir utbygging.<\/li><li>Legge til rette for fortsatt vekst innan fiskeri og at samhandling mellom akvakultur,havvind og fiskeri vert tatt vare p\u00e5.<\/li><li>Legge til rette for \u00e5 behalde landbruket sine produksjonsareal gjennom berekraftig bruk og forvaltning.<\/li><li>Jobbe for \u00e5 redusere og helst fjerne eigedomsskatten innan ein 4-\u00e5rs periode, om det er slik at Haram har denne skatten ved oppstart av kommunen. Haram H\u00f8gre er imot eigedomsskatt.<\/li><li>Bygge opp eit N\u00e6ringsfond som skal brukast til \u00e5 legge til rette for gr\u00fbnderverksemd og n\u00e6ringsutvikling. Midlar vi evt f\u00e5r fr\u00e5 Havbruksfondet skal g\u00e5 inn i N\u00e6ringsfondet og \u00f8yremerkast n\u00e6ringsf\u00f8rem\u00e5l.<\/li><li>At kommunen gjennom hoppid.no skal ta vare p\u00e5 gr\u00fcndere og nyetablerarar.<\/li><li>Legge til rette for nytt n\u00e6ringsareal, b\u00e5de p\u00e5 land og i sj\u00f8. Kommunen har mellom anna stort potensial i havrommet rundt \u00f8yane for havbruk og oppdrett. Dette er viktige n\u00e6ringar for kommunen.<\/li><li>Legge til rette for n\u00e6ringsn\u00e6rt utdanningsl\u00f8p der born og unge knyter kontakt til lokalt n\u00e6ringsliv fr\u00e5 tidleg alder &#8211; entrepren\u00f8rskapsl\u00f8ype i regi av Ungt Entrepren\u00f8rskap.<\/li><li>Ha eit tett samarbeid med N\u00e6ringsforeningen \u00c5lesundregionen, Nordre Sunnm\u00f8re.<\/li><li>Legge til rette for vekst og utvikling av turistn\u00e6ringa i kommunen, i tett samarbeid med N\u00e6ringsforeningen \u00c5lesundregionen, Nordre Sunnm\u00f8re og Destinasjon \u00c5lesund og Sunnm\u00f8re.<\/li><li>Ha ein god og effektiv kommunal forvaltning som st\u00f8ttar opp under behova til<\/li><li>innbyggarane og n\u00e6ringslivet i kommunen. M\u00e5let er ein attraktiv kommune \u00e5 etablere seg og bu i for v\u00e5re innbyggjarar, for etablerarar og drive n\u00e6ringsliv i for verksemder.<\/li><\/ul>\n<\/div><\/div><\/div>\n\n\n\n<div class=\"wp-block-teft-item\"><div class=\"teft-item__inner\"><h4 class=\"toggle\">Samferdsle<\/h4><div class=\"teft-item__inner-content entry-content\">\n<p>Gode kommunikasjons- og transportl\u00f8ysingar bidreg til auka verdiskapning, levande lokalsamfunn og fridom for den einskilde.<\/p>\n\n\n\n<p><strong><br>Haram H\u00f8gre vil:<\/strong><\/p>\n\n\n\n<ul class=\"wp-block-list\"><li>Betre kollektivtilbodet b\u00e5de internt i kommunen og gjennom samarbeid med n\u00e6rliggande kommunar.<\/li><li>Legge til rette for god kommunikasjon for elevar ved Haram Vidareg\u00e5ande skule.<\/li><li>Arbeide for \u00e5 realisere Hamsundsambandet.<\/li><li>Utbetre moloen p\u00e5 Ter\u00f8ya.<\/li><li>Jobbe for \u00e5 bygge ny Vatne bru.<\/li><li>Satse p\u00e5 trafikktryggingstiltak, s\u00e6rleg der det er skuleborn som kryssar veg. Vi m\u00e5 bygge ut gang- og sykkelvegar og utbetre trafikkerte kryss.<\/li><li>Arbeide for \u00e5 ytterlegare redusere bompengane p\u00e5 Nord\u00f8yvegen. Det er fortsatt ein stor kostnad for n\u00e6ringslivet og dei som bur p\u00e5 \u00f8yane. Vi vil ogs\u00e5 jobbe for \u00e5 oppgradere gjenst\u00e5ende vegar p\u00e5 nord\u00f8yane, spesielt strekninga fr\u00e5 Ulla til Longva. Det er viktig \u00e5 arbeide for at det skal vere mogeleg \u00e5 etablere seg p\u00e5 \u00f8yane b\u00e5de for n\u00e6ringslivet og innbyggjarar.<\/li><\/ul>\n<\/div><\/div><\/div>\n\n\n\n<div class=\"wp-block-teft-item\"><div class=\"teft-item__inner\"><h4 class=\"toggle\">Kultur, fritid og frivilligheit<\/h4><div class=\"teft-item__inner-content entry-content\">\n<p>Eit godt kulturtilbod er viktig for \u00e5 skape bulyst, og for \u00e5 gjere kommunen attraktiv b\u00e5de for dei av oss som bur her idag, men og for at nye skal ville busette seg her. Frivilleg innsats har ein eigenverdi i seg sj\u00f8lv som bidreg til eit rikare lokalsamfunn, og betyr mykje for kvart einskild menneske.<\/p>\n\n\n\n<p><br><strong>Haram H\u00f8gre vil:<\/strong><\/p>\n\n\n\n<ul class=\"wp-block-list\"><li>At vi skal vere ein kommune med moglegheiter for alle.<\/li><li>Ha eit breitt kulturtilbod &#8211; det er viktig for \u00e5 skape trivsel. Vi m\u00e5 bygge vidare p\u00e5 det gode samarbeidet med \u00c5lesund kulturskule for \u00e5 sikre eit godt tilbod til born og unge.<\/li><li>Spele p\u00e5 lag med etablerte lag og organisasjonar. God dialog og gode m\u00f8teplassar er viktig for \u00e5 sj\u00e5 p\u00e5 ulike tiltak. Kommunen b\u00f8r, s\u00e5 godt det let seg gjere, st\u00f8tte ulike tiltak n\u00e5r det kjem til fysisk aktivitet for innbyggjarane, i tillegg til andre samfunnsnyttige tiltak.<\/li><li>Sikre eit moderne folkebibliotek i kommunen, med opne og tilgjengelege tilbod n\u00e5r folk vil ha det.<\/li><li>St\u00f8tte opp om initiativ som kan skape fleire sosiale arenaer for ungdom i alle delar av kommunen.<\/li><\/ul>\n<\/div><\/div><\/div>\n<\/div><\/div>\n\n\n\n\n<div class=\"wp-block-teft-file icon-link-block\"><a href=\"https:\/\/hoyre.no\/content\/uploads\/sites\/435\/2023\/08\/Program-Haram-Hogre-2023-2027.pdf\" download><span class=\"file-title\">Program-Haram-Hogre-2023-2027<\/span><span class=\"file-name\"><\/span><\/a><\/div>\n","protected":false},"excerpt":{"rendered":"","protected":false},"author":11311,"featured_media":0,"parent":0,"menu_order":0,"comment_status":"closed","ping_status":"closed","template":"","meta":{"teft_cards_image_url":"","teft_cards_custom_pretitle":"","teft_cards_image_id":145,"teft_cards_image_focal_point_x":0.5,"teft_cards_image_focal_point_y":0.5,"teft_cards_title":"","teft_cards_excerpt":"","teft_show_chapters":false,"footnotes":""},"class_list":["post-143","page","type-page","status-publish","hentry"],"yoast_head":"<!-- This site is optimized with the Yoast SEO plugin v26.6 - https:\/\/yoast.com\/wordpress\/plugins\/seo\/ -->\n<title>Valprogram Haram H\u00f8gre 2023-2027 - Haram H\u00f8gre<\/title>\n<meta name=\"robots\" content=\"index, follow, max-snippet:-1, max-image-preview:large, max-video-preview:-1\" \/>\n<link rel=\"canonical\" href=\"https:\/\/hoyre.no\/haram\/valprogram-haram-hogre-2023-2027\/\" \/>\n<meta property=\"og:locale\" content=\"nn_NO\" \/>\n<meta property=\"og:type\" content=\"article\" \/>\n<meta property=\"og:title\" content=\"Valprogram Haram H\u00f8gre 2023-2027 - Haram H\u00f8gre\" \/>\n<meta property=\"og:url\" content=\"https:\/\/hoyre.no\/haram\/valprogram-haram-hogre-2023-2027\/\" \/>\n<meta property=\"og:site_name\" content=\"Haram H\u00f8gre\" \/>\n<meta property=\"article:modified_time\" content=\"2023-08-07T19:49:48+00:00\" \/>\n<meta property=\"og:image\" content=\"https:\/\/hoyre.no\/content\/uploads\/sites\/435\/2023\/08\/Fra-Ravnfloget-Tennfjord-1024x768.jpg\" \/>\n<meta name=\"twitter:card\" content=\"summary_large_image\" \/>\n<meta name=\"twitter:label1\" content=\"Est. reading time\" \/>\n\t<meta name=\"twitter:data1\" content=\"12 minutt\" \/>\n<script type=\"application\/ld+json\" class=\"yoast-schema-graph\">{\"@context\":\"https:\/\/schema.org\",\"@graph\":[{\"@type\":\"WebPage\",\"@id\":\"https:\/\/hoyre.no\/haram\/valprogram-haram-hogre-2023-2027\/\",\"url\":\"https:\/\/hoyre.no\/haram\/valprogram-haram-hogre-2023-2027\/\",\"name\":\"Valprogram Haram H\u00f8gre 2023-2027 - Haram H\u00f8gre\",\"isPartOf\":{\"@id\":\"https:\/\/hoyre.no\/haram\/#website\"},\"datePublished\":\"2023-08-07T11:44:42+00:00\",\"dateModified\":\"2023-08-07T19:49:48+00:00\",\"breadcrumb\":{\"@id\":\"https:\/\/hoyre.no\/haram\/valprogram-haram-hogre-2023-2027\/#breadcrumb\"},\"inLanguage\":\"nn-NO\",\"potentialAction\":[{\"@type\":\"ReadAction\",\"target\":[\"https:\/\/hoyre.no\/haram\/valprogram-haram-hogre-2023-2027\/\"]}]},{\"@type\":\"BreadcrumbList\",\"@id\":\"https:\/\/hoyre.no\/haram\/valprogram-haram-hogre-2023-2027\/#breadcrumb\",\"itemListElement\":[{\"@type\":\"ListItem\",\"position\":1,\"name\":\"Til hoyre.no\",\"item\":\"https:\/\/hoyre.no\"},{\"@type\":\"ListItem\",\"position\":2,\"name\":\"Hjem\",\"item\":\"https:\/\/hoyre.no\/haram\/\"},{\"@type\":\"ListItem\",\"position\":3,\"name\":\"Valprogram Haram H\u00f8gre 2023-2027\"}]},{\"@type\":\"WebSite\",\"@id\":\"https:\/\/hoyre.no\/haram\/#website\",\"url\":\"https:\/\/hoyre.no\/haram\/\",\"name\":\"Haram H\u00f8gre\",\"description\":\"Bare enda et H\u00f8yres nettsteder-nettsted\",\"inLanguage\":\"nn-NO\"}]}<\/script>\n<!-- \/ Yoast SEO plugin. -->","yoast_head_json":{"title":"Valprogram Haram H\u00f8gre 2023-2027 - Haram H\u00f8gre","robots":{"index":"index","follow":"follow","max-snippet":"max-snippet:-1","max-image-preview":"max-image-preview:large","max-video-preview":"max-video-preview:-1"},"canonical":"https:\/\/hoyre.no\/haram\/valprogram-haram-hogre-2023-2027\/","og_locale":"nn_NO","og_type":"article","og_title":"Valprogram Haram H\u00f8gre 2023-2027 - Haram H\u00f8gre","og_url":"https:\/\/hoyre.no\/haram\/valprogram-haram-hogre-2023-2027\/","og_site_name":"Haram H\u00f8gre","article_modified_time":"2023-08-07T19:49:48+00:00","og_image":[{"url":"https:\/\/hoyre.no\/content\/uploads\/sites\/435\/2023\/08\/Fra-Ravnfloget-Tennfjord-1024x768.jpg","width":"","height":"","type":""}],"twitter_card":"summary_large_image","twitter_misc":{"Est. reading time":"12 minutt"},"schema":{"@context":"https:\/\/schema.org","@graph":[{"@type":"WebPage","@id":"https:\/\/hoyre.no\/haram\/valprogram-haram-hogre-2023-2027\/","url":"https:\/\/hoyre.no\/haram\/valprogram-haram-hogre-2023-2027\/","name":"Valprogram Haram H\u00f8gre 2023-2027 - Haram H\u00f8gre","isPartOf":{"@id":"https:\/\/hoyre.no\/haram\/#website"},"datePublished":"2023-08-07T11:44:42+00:00","dateModified":"2023-08-07T19:49:48+00:00","breadcrumb":{"@id":"https:\/\/hoyre.no\/haram\/valprogram-haram-hogre-2023-2027\/#breadcrumb"},"inLanguage":"nn-NO","potentialAction":[{"@type":"ReadAction","target":["https:\/\/hoyre.no\/haram\/valprogram-haram-hogre-2023-2027\/"]}]},{"@type":"BreadcrumbList","@id":"https:\/\/hoyre.no\/haram\/valprogram-haram-hogre-2023-2027\/#breadcrumb","itemListElement":[{"@type":"ListItem","position":1,"name":"Til hoyre.no","item":"https:\/\/hoyre.no"},{"@type":"ListItem","position":2,"name":"Hjem","item":"https:\/\/hoyre.no\/haram\/"},{"@type":"ListItem","position":3,"name":"Valprogram Haram H\u00f8gre 2023-2027"}]},{"@type":"WebSite","@id":"https:\/\/hoyre.no\/haram\/#website","url":"https:\/\/hoyre.no\/haram\/","name":"Haram H\u00f8gre","description":"Bare enda et H\u00f8yres nettsteder-nettsted","inLanguage":"nn-NO"}]}},"distributor_meta":false,"distributor_terms":false,"distributor_media":false,"distributor_original_site_name":"Haram H\u00f8gre","distributor_original_site_url":"https:\/\/hoyre.no\/haram","push-errors":false,"_links":{"self":[{"href":"https:\/\/hoyre.no\/haram\/wp-json\/wp\/v2\/pages\/143","targetHints":{"allow":["GET"]}}],"collection":[{"href":"https:\/\/hoyre.no\/haram\/wp-json\/wp\/v2\/pages"}],"about":[{"href":"https:\/\/hoyre.no\/haram\/wp-json\/wp\/v2\/types\/page"}],"author":[{"embeddable":true,"href":"https:\/\/hoyre.no\/haram\/wp-json\/wp\/v2\/users\/11311"}],"replies":[{"embeddable":true,"href":"https:\/\/hoyre.no\/haram\/wp-json\/wp\/v2\/comments?post=143"}],"version-history":[{"count":28,"href":"https:\/\/hoyre.no\/haram\/wp-json\/wp\/v2\/pages\/143\/revisions"}],"predecessor-version":[{"id":220,"href":"https:\/\/hoyre.no\/haram\/wp-json\/wp\/v2\/pages\/143\/revisions\/220"}],"wp:attachment":[{"href":"https:\/\/hoyre.no\/haram\/wp-json\/wp\/v2\/media?parent=143"}],"curies":[{"name":"wp","href":"https:\/\/api.w.org\/{rel}","templated":true}]}}