{"id":489,"date":"2023-08-10T15:16:23","date_gmt":"2023-08-10T13:16:23","guid":{"rendered":"https:\/\/hoyre.no\/hareid\/?page_id=489"},"modified":"2023-08-10T16:05:02","modified_gmt":"2023-08-10T14:05:02","slug":"vanja-myrvang","status":"publish","type":"page","link":"https:\/\/hoyre.no\/hareid\/vanja-myrvang\/","title":{"rendered":"Vanja Myrvang"},"content":{"rendered":"\n\n<figure class=\"wp-block-image size-large\"><img loading=\"lazy\" decoding=\"async\" width=\"768\" height=\"1024\" src=\"https:\/\/hoyre.no\/content\/uploads\/sites\/106\/2023\/08\/363492222_1097856727846106_6210039973337508405_n-768x1024.jpg\" alt=\"\" class=\"wp-image-498\" srcset=\"https:\/\/hoyre.no\/content\/uploads\/sites\/106\/2023\/08\/363492222_1097856727846106_6210039973337508405_n-768x1024.jpg 768w, https:\/\/hoyre.no\/content\/uploads\/sites\/106\/2023\/08\/363492222_1097856727846106_6210039973337508405_n-225x300.jpg 225w, https:\/\/hoyre.no\/content\/uploads\/sites\/106\/2023\/08\/363492222_1097856727846106_6210039973337508405_n-1152x1536.jpg 1152w, https:\/\/hoyre.no\/content\/uploads\/sites\/106\/2023\/08\/363492222_1097856727846106_6210039973337508405_n.jpg 1536w\" sizes=\"auto, (max-width: 768px) 100vw, 768px\" \/><\/figure>\n\n\n\n<p><strong>Namn: Vanja Myrvang<\/strong><br><br>Kandidat nr.: 8<br><br>F\u00f8dt: 1977<br><br>Arbeid: Fagansvarleg koordinator\/sosionom i teneste for psykisk helse og rus i Hareid kommune.<br><br>Familie: Einsleg og mamma til fire flotte gutar.<br><br><br><strong>Hjartesaker:<\/strong><\/p>\n\n\n\n<p>Mine hjartesaker er heilt klart f\u00f8rebyggande arbeid innan psykisk helse og rus og styrking av tenestene innan dette feltet i v\u00e5r kommune. Eg vil at borna og ungdommane v\u00e5re skal vere \u00abheil ved\u00bb n\u00e5r dei g\u00e5r mot vaksenlivet. Med gode bu- og oppvekstvilk\u00e5r i bygdene v\u00e5re fremmer vi robuste, sunne og trygge bebuarar i kommunen. Dette vonar eg vil f\u00f8re til at borna som veks opp i v\u00e5r kommune seinare vil ynskje \u00e5 etablere seg her.<br><br><br><strong>Kvifor H\u00f8gre?<\/strong><\/p>\n\n\n\n<p>Eg stiller som kandidat for H\u00f8gre fordi dei vil mykje av det same som meg for kommuna v\u00e5r. Samfunnet er i endring og vi m\u00e5 henge med. Eg vil meir for alle dei som bur og veks opp i bygdene v\u00e5re, og det vil Hareid H\u00f8gre ogs\u00e5.<\/p>\n\n","protected":false},"excerpt":{"rendered":"","protected":false},"author":32047,"featured_media":0,"parent":0,"menu_order":0,"comment_status":"closed","ping_status":"closed","template":"","meta":{"teft_cards_image_url":"","teft_cards_custom_pretitle":"","teft_cards_image_id":0,"teft_cards_image_focal_point_x":0,"teft_cards_image_focal_point_y":0,"teft_cards_title":"","teft_cards_excerpt":"","teft_show_chapters":false,"footnotes":""},"class_list":["post-489","page","type-page","status-publish","hentry"],"yoast_head":"<!-- This site is optimized with the Yoast SEO plugin v26.6 - https:\/\/yoast.com\/wordpress\/plugins\/seo\/ -->\n<title>Vanja Myrvang - Hareid H\u00f8gre<\/title>\n<meta name=\"robots\" content=\"index, follow, max-snippet:-1, max-image-preview:large, max-video-preview:-1\" \/>\n<link rel=\"canonical\" href=\"https:\/\/hoyre.no\/hareid\/vanja-myrvang\/\" \/>\n<meta property=\"og:locale\" content=\"nn_NO\" \/>\n<meta property=\"og:type\" content=\"article\" \/>\n<meta property=\"og:title\" content=\"Vanja Myrvang - Hareid H\u00f8gre\" \/>\n<meta property=\"og:url\" content=\"https:\/\/hoyre.no\/hareid\/vanja-myrvang\/\" \/>\n<meta property=\"og:site_name\" content=\"Hareid H\u00f8gre\" \/>\n<meta property=\"article:modified_time\" content=\"2023-08-10T14:05:02+00:00\" \/>\n<meta property=\"og:image\" content=\"https:\/\/hoyre.no\/content\/uploads\/sites\/106\/2023\/08\/363492222_1097856727846106_6210039973337508405_n-768x1024.jpg\" \/>\n<meta name=\"twitter:card\" content=\"summary_large_image\" \/>\n<meta name=\"twitter:label1\" content=\"Est. reading time\" \/>\n\t<meta name=\"twitter:data1\" content=\"2 minutt\" \/>\n<script type=\"application\/ld+json\" class=\"yoast-schema-graph\">{\"@context\":\"https:\/\/schema.org\",\"@graph\":[{\"@type\":\"WebPage\",\"@id\":\"https:\/\/hoyre.no\/hareid\/vanja-myrvang\/\",\"url\":\"https:\/\/hoyre.no\/hareid\/vanja-myrvang\/\",\"name\":\"Vanja Myrvang - Hareid H\u00f8gre\",\"isPartOf\":{\"@id\":\"https:\/\/hoyre.no\/hareid\/#website\"},\"image\":{\"@id\":\"https:\/\/hoyre.no\/hareid\/vanja-myrvang\/#primaryimage\"},\"thumbnailUrl\":\"https:\/\/hoyre.no\/content\/uploads\/sites\/106\/2023\/08\/363492222_1097856727846106_6210039973337508405_n-768x1024.jpg\",\"datePublished\":\"2023-08-10T13:16:23+00:00\",\"dateModified\":\"2023-08-10T14:05:02+00:00\",\"breadcrumb\":{\"@id\":\"https:\/\/hoyre.no\/hareid\/vanja-myrvang\/#breadcrumb\"},\"inLanguage\":\"nn-NO\",\"potentialAction\":[{\"@type\":\"ReadAction\",\"target\":[\"https:\/\/hoyre.no\/hareid\/vanja-myrvang\/\"]}]},{\"@type\":\"ImageObject\",\"inLanguage\":\"nn-NO\",\"@id\":\"https:\/\/hoyre.no\/hareid\/vanja-myrvang\/#primaryimage\",\"url\":\"https:\/\/hoyre.no\/content\/uploads\/sites\/106\/2023\/08\/363492222_1097856727846106_6210039973337508405_n-768x1024.jpg\",\"contentUrl\":\"https:\/\/hoyre.no\/content\/uploads\/sites\/106\/2023\/08\/363492222_1097856727846106_6210039973337508405_n-768x1024.jpg\"},{\"@type\":\"BreadcrumbList\",\"@id\":\"https:\/\/hoyre.no\/hareid\/vanja-myrvang\/#breadcrumb\",\"itemListElement\":[{\"@type\":\"ListItem\",\"position\":1,\"name\":\"Til hoyre.no\",\"item\":\"https:\/\/hoyre.no\"},{\"@type\":\"ListItem\",\"position\":2,\"name\":\"Hjem\",\"item\":\"https:\/\/hoyre.no\/hareid\/\"},{\"@type\":\"ListItem\",\"position\":3,\"name\":\"Vanja Myrvang\"}]},{\"@type\":\"WebSite\",\"@id\":\"https:\/\/hoyre.no\/hareid\/#website\",\"url\":\"https:\/\/hoyre.no\/hareid\/\",\"name\":\"Hareid H\u00f8gre\",\"description\":\"Bare enda et H\u00f8yres nettsteder-nettsted\",\"inLanguage\":\"nn-NO\"}]}<\/script>\n<!-- \/ Yoast SEO plugin. -->","yoast_head_json":{"title":"Vanja Myrvang - Hareid H\u00f8gre","robots":{"index":"index","follow":"follow","max-snippet":"max-snippet:-1","max-image-preview":"max-image-preview:large","max-video-preview":"max-video-preview:-1"},"canonical":"https:\/\/hoyre.no\/hareid\/vanja-myrvang\/","og_locale":"nn_NO","og_type":"article","og_title":"Vanja Myrvang - Hareid H\u00f8gre","og_url":"https:\/\/hoyre.no\/hareid\/vanja-myrvang\/","og_site_name":"Hareid H\u00f8gre","article_modified_time":"2023-08-10T14:05:02+00:00","og_image":[{"url":"https:\/\/hoyre.no\/content\/uploads\/sites\/106\/2023\/08\/363492222_1097856727846106_6210039973337508405_n-768x1024.jpg","type":"","width":"","height":""}],"twitter_card":"summary_large_image","twitter_misc":{"Est. reading time":"2 minutt"},"schema":{"@context":"https:\/\/schema.org","@graph":[{"@type":"WebPage","@id":"https:\/\/hoyre.no\/hareid\/vanja-myrvang\/","url":"https:\/\/hoyre.no\/hareid\/vanja-myrvang\/","name":"Vanja Myrvang - Hareid H\u00f8gre","isPartOf":{"@id":"https:\/\/hoyre.no\/hareid\/#website"},"image":{"@id":"https:\/\/hoyre.no\/hareid\/vanja-myrvang\/#primaryimage"},"thumbnailUrl":"https:\/\/hoyre.no\/content\/uploads\/sites\/106\/2023\/08\/363492222_1097856727846106_6210039973337508405_n-768x1024.jpg","datePublished":"2023-08-10T13:16:23+00:00","dateModified":"2023-08-10T14:05:02+00:00","breadcrumb":{"@id":"https:\/\/hoyre.no\/hareid\/vanja-myrvang\/#breadcrumb"},"inLanguage":"nn-NO","potentialAction":[{"@type":"ReadAction","target":["https:\/\/hoyre.no\/hareid\/vanja-myrvang\/"]}]},{"@type":"ImageObject","inLanguage":"nn-NO","@id":"https:\/\/hoyre.no\/hareid\/vanja-myrvang\/#primaryimage","url":"https:\/\/hoyre.no\/content\/uploads\/sites\/106\/2023\/08\/363492222_1097856727846106_6210039973337508405_n-768x1024.jpg","contentUrl":"https:\/\/hoyre.no\/content\/uploads\/sites\/106\/2023\/08\/363492222_1097856727846106_6210039973337508405_n-768x1024.jpg"},{"@type":"BreadcrumbList","@id":"https:\/\/hoyre.no\/hareid\/vanja-myrvang\/#breadcrumb","itemListElement":[{"@type":"ListItem","position":1,"name":"Til hoyre.no","item":"https:\/\/hoyre.no"},{"@type":"ListItem","position":2,"name":"Hjem","item":"https:\/\/hoyre.no\/hareid\/"},{"@type":"ListItem","position":3,"name":"Vanja Myrvang"}]},{"@type":"WebSite","@id":"https:\/\/hoyre.no\/hareid\/#website","url":"https:\/\/hoyre.no\/hareid\/","name":"Hareid H\u00f8gre","description":"Bare enda et H\u00f8yres nettsteder-nettsted","inLanguage":"nn-NO"}]}},"distributor_meta":false,"distributor_terms":false,"distributor_media":false,"distributor_original_site_name":"Hareid H\u00f8gre","distributor_original_site_url":"https:\/\/hoyre.no\/hareid","push-errors":false,"_links":{"self":[{"href":"https:\/\/hoyre.no\/hareid\/wp-json\/wp\/v2\/pages\/489","targetHints":{"allow":["GET"]}}],"collection":[{"href":"https:\/\/hoyre.no\/hareid\/wp-json\/wp\/v2\/pages"}],"about":[{"href":"https:\/\/hoyre.no\/hareid\/wp-json\/wp\/v2\/types\/page"}],"author":[{"embeddable":true,"href":"https:\/\/hoyre.no\/hareid\/wp-json\/wp\/v2\/users\/32047"}],"replies":[{"embeddable":true,"href":"https:\/\/hoyre.no\/hareid\/wp-json\/wp\/v2\/comments?post=489"}],"version-history":[{"count":2,"href":"https:\/\/hoyre.no\/hareid\/wp-json\/wp\/v2\/pages\/489\/revisions"}],"predecessor-version":[{"id":499,"href":"https:\/\/hoyre.no\/hareid\/wp-json\/wp\/v2\/pages\/489\/revisions\/499"}],"wp:attachment":[{"href":"https:\/\/hoyre.no\/hareid\/wp-json\/wp\/v2\/media?parent=489"}],"curies":[{"name":"wp","href":"https:\/\/api.w.org\/{rel}","templated":true}]}}