{"id":613,"date":"2026-08-27T10:20:20","date_gmt":"2026-08-27T08:20:20","guid":{"rendered":"https:\/\/hoyre.no\/harstad\/?post_type=teft-events&#038;p=613"},"modified":"2026-08-27T10:21:04","modified_gmt":"2026-08-27T08:21:04","slug":"nominasjonsmote-ordforerkandidat","status":"publish","type":"teft-events","link":"https:\/\/hoyre.no\/harstad\/arrangementer\/nominasjonsmote-ordforerkandidat\/","title":{"rendered":"Nominasjonsm\u00f8te ordf\u00f8rerkandidat"},"content":{"rendered":"\n<div class=\"wp-block-teft-event-top\">\n\n<div class=\"teft-event-date-top\">\n<div class=\"teft-event-date-wrapper\">\n\t<div class=\"date-square\" aria-hidden=\"true\">\n\t\t17\t\t\t<\/div>\n<\/div>\n\t<div class=\"top-text\">\n\t\t\t\t\t<p class=\"top-date-text\">torsdag 17. september 2026<\/p>\n\t\t\t\t\t\t\t<p class=\"top-time-text\">19:00 &#8211; 21:00<\/p>\n\t\t\t\t\t\t<\/div>\n\t\t<div class=\"sharing\">\n\t\t<a class=\"share-button share-link copy-link\" data-copy=\"https:\/\/hoyre.no\/harstad\/arrangementer\/nominasjonsmote-ordforerkandidat\/\" target=\"_blank\"><span class=\"screen-reader-text\">Del link<\/span><\/a>\n\t\t<a class=\"share-button share-twitter\" href=\"http:\/\/twitter.com\/share?text=Nominasjonsm\u00f8te ordf\u00f8rerkandidat&#038;url=https:\/\/hoyre.no\/harstad\/arrangementer\/nominasjonsmote-ordforerkandidat\/&#038;hashtags=Hoyre\" target=\"_blank\"><span class=\"screen-reader-text\">Del p\u00e5 twitter<\/span><\/a>\n\t\t<a class=\"share-button share-facebook\" href=\"https:\/\/www.facebook.com\/sharer\/sharer.php?u=https:\/\/hoyre.no\/harstad\/arrangementer\/nominasjonsmote-ordforerkandidat\/\" target=\"_blank\"><span class=\"screen-reader-text\">Del p\u00e5 facebook<\/span><\/a>\n\t<\/div>\n\t<\/div>\n<p class=\"preamble\">Kommunevalget i 2027 n\u00e6rmer seg, og n\u00e5 skal Harstad H\u00f8yre ta det aller f\u00f8rste, viktige skrittet p\u00e5 veien! Vi inviterer alle medlemmer til nominasjonsm\u00f8te 17. september kl 19 for \u00e5 velge v\u00e5r ordf\u00f8rerkandidat til valget i 2027.<\/p><figure class=\"hoyre-image-wrapper\"><div class=\"hoyre-image\"><img loading=\"lazy\" decoding=\"async\" width=\"2500\" height=\"1309\" src=\"https:\/\/hoyre.no\/content\/uploads\/sites\/259\/2026\/08\/Kommunevalget-2027-Nominasjonsmote-scaled-1.png\" class=\"attachment-scaled size-scaled\" alt=\"\" style=\"object-position: 50% 50%\" srcset=\"https:\/\/hoyre.no\/content\/uploads\/sites\/259\/2026\/08\/Kommunevalget-2027-Nominasjonsmote-scaled-1.png 2500w, https:\/\/hoyre.no\/content\/uploads\/sites\/259\/2026\/08\/Kommunevalget-2027-Nominasjonsmote-scaled-1-300x157.png 300w, https:\/\/hoyre.no\/content\/uploads\/sites\/259\/2026\/08\/Kommunevalget-2027-Nominasjonsmote-scaled-1-1024x536.png 1024w, https:\/\/hoyre.no\/content\/uploads\/sites\/259\/2026\/08\/Kommunevalget-2027-Nominasjonsmote-scaled-1-768x402.png 768w, https:\/\/hoyre.no\/content\/uploads\/sites\/259\/2026\/08\/Kommunevalget-2027-Nominasjonsmote-scaled-1-1536x804.png 1536w, https:\/\/hoyre.no\/content\/uploads\/sites\/259\/2026\/08\/Kommunevalget-2027-Nominasjonsmote-scaled-1-2048x1072.png 2048w\" sizes=\"auto, (max-width: 2500px) 100vw, 2500px\" \/><\/div><\/figure>\n\n<div class=\"panel teft-details-panel\">\n\t\t<h3>Detaljer<\/h3>\n\n\t\t\t\t\t<dl class=\"info-misc-with-icons\">\n\t\t\t\t<dt class=\"venue\"><span class=\"screen-reader-text\">Stedet<\/span><\/dt>\n\t\t\t\t<dd>\n\t\t\t\t\t\t\t\t\t\t\t<span class=\"address-line-1\">R\u00e5dhuset Harstad kommune<\/span>\n\t\t\t\t\t\t\t\t\t\t\t\t\t\t\t\t<span class=\"address-line-2\">Asbj\u00f8rn Selsbanes gate 9, 9405 Harstad, Norge<\/span>\n\t\t\t\t\t\t\t\t\t<\/dd>\n\t\t\t<\/dl>\n\t\t\t\t\t\t\t<dl class=\"info-misc-with-icons\">\n\t\t<dt class=\"time\"><span class=\"screen-reader-text\">Arrangement dato<\/span><\/dt>\n\t\t<dd class=\"time\">\n\t\t\ttor 17. september 2026 fra  19:00 &#8211; 21:00\t\t<\/dd>\n\t<\/dl>\n\t\t\t\t\t\t<dl class=\"info-misc-with-icons\">\n\t\t<dt class=\"registration\"><span class=\"screen-reader-text\">P\u00e5meldingsdetajer<\/span><\/dt>\n\t\t<dd class=\"registration\">\n\t\t\tGratis\t\t\t\t\t<\/dd>\n\t<\/dl>\n\t\t<\/dl>\n<\/div>\n<\/div>\n\n\n\n\n<h2 class=\"wp-block-heading\">Informasjon<\/h2>\n\n\n\n<p class=\"wp-block-paragraph\"><\/p>\n\n\n\n<p class=\"wp-block-paragraph\">Nominasjonskomiteen vil legge frem sin innstilling, og p\u00e5 dette m\u00f8tet skal vi sammen vedta hvem som skal lede laget og fronte H\u00f8yres politikk i Harstad de neste \u00e5rene.<\/p>\n\n\n\n<p class=\"wp-block-paragraph\">Dette er din mulighet som medlem til \u00e5 bruke stemmeretten din, p\u00e5virke partiets retning og v\u00e6re med p\u00e5 \u00e5 forme fremtidens Harstad.&nbsp;<\/p>\n\n\n\n<p class=\"wp-block-paragraph\">OBS: Alle som skal stemme m\u00e5 v\u00e6re registrert medlem og ha betalt medlemskontigent.<\/p>\n\n\n<div class=\"post-meta wp-block\">\n\t<div class=\"top\">\n\t\t<div class=\"sharing\">\n\t\t\t<a class=\"share-button share-link\" target=\"_blank\"><span class=\"screen-reader-text\">Del link<\/span><\/a>\n\t\t\t<a class=\"share-button share-twitter\" href=\"http:\/\/twitter.com\/share?text=Nominasjonsm\u00f8te ordf\u00f8rerkandidat&#038;url=https:\/\/hoyre.no\/harstad\/arrangementer\/nominasjonsmote-ordforerkandidat\/&#038;hashtags=Hoyre\"><span class=\"screen-reader-text\">Del p\u00e5 twitter<\/span><\/a>\n\t\t\t<a class=\"share-button share-facebook\" href=\"https:\/\/www.facebook.com\/sharer\/sharer.php?u=https:\/\/hoyre.no\/harstad\/arrangementer\/nominasjonsmote-ordforerkandidat\/\" target=\"_blank\"><span class=\"screen-reader-text\">Del p\u00e5 facebook<\/span><\/a>\n\t\t<\/div>\n\t<\/div>\n<\/div>\n","protected":false},"template":"","meta":{"teft_cards_image_url":"","teft_cards_custom_pretitle":"","teft_cards_image_id":0,"teft_cards_image_focal_point_x":0,"teft_cards_image_focal_point_y":0,"teft_cards_title":"","teft_cards_excerpt":"","teft_show_chapters":false,"event_organizer":[],"event_start_date":"2026-09-17T19:00:00","event_end_date":"2026-09-17T21:00:00","event_registration_url":"","event_registration_deadline":"","event_ticket_cost":"Gratis","event_venue_name":"R\u00e5dhuset Harstad kommune","event_venue_url":"","event_venue_address":"Asbj\u00f8rn Selsbanes gate 9, 9405 Harstad, Norge"},"teft-events-category":[],"class_list":["post-613","teft-events","type-teft-events","status-publish","hentry"],"yoast_head":"<!-- This site is optimized with the Yoast SEO plugin v28.2 - https:\/\/yoast.com\/product\/yoast-seo-wordpress\/ -->\n<title>Nominasjonsm\u00f8te ordf\u00f8rerkandidat - Harstad H\u00f8yre<\/title>\n<meta name=\"robots\" content=\"index, follow, max-snippet:-1, max-image-preview:large, max-video-preview:-1\" \/>\n<link rel=\"canonical\" href=\"https:\/\/hoyre.no\/harstad\/arrangementer\/nominasjonsmote-ordforerkandidat\/\" \/>\n<meta property=\"og:locale\" content=\"nb_NO\" \/>\n<meta property=\"og:type\" content=\"article\" \/>\n<meta property=\"og:title\" content=\"Nominasjonsm\u00f8te ordf\u00f8rerkandidat - Harstad H\u00f8yre\" \/>\n<meta property=\"og:url\" content=\"https:\/\/hoyre.no\/harstad\/arrangementer\/nominasjonsmote-ordforerkandidat\/\" \/>\n<meta property=\"og:site_name\" content=\"Harstad H\u00f8yre\" \/>\n<meta property=\"article:modified_time\" content=\"2026-08-27T08:21:04+00:00\" \/>\n<meta property=\"og:image\" content=\"https:\/\/hoyre.no\/content\/uploads\/sites\/259\/2022\/11\/Hoyres-logo.png\" \/>\n\t<meta property=\"og:image:width\" content=\"1000\" \/>\n\t<meta property=\"og:image:height\" content=\"1000\" \/>\n\t<meta property=\"og:image:type\" content=\"image\/png\" \/>\n<meta name=\"twitter:card\" content=\"summary_large_image\" \/>\n<meta name=\"twitter:label1\" content=\"Ansl. lesetid\" \/>\n\t<meta name=\"twitter:data1\" content=\"1 minutt\" \/>\n<script type=\"application\/ld+json\" class=\"yoast-schema-graph\">{\"@context\":\"https:\\\/\\\/schema.org\",\"@graph\":[{\"@type\":\"WebPage\",\"@id\":\"https:\\\/\\\/hoyre.no\\\/harstad\\\/arrangementer\\\/nominasjonsmote-ordforerkandidat\\\/\",\"url\":\"https:\\\/\\\/hoyre.no\\\/harstad\\\/arrangementer\\\/nominasjonsmote-ordforerkandidat\\\/\",\"name\":\"Nominasjonsm\u00f8te ordf\u00f8rerkandidat - Harstad H\u00f8yre\",\"isPartOf\":{\"@id\":\"https:\\\/\\\/hoyre.no\\\/harstad\\\/#website\"},\"datePublished\":\"2026-08-27T08:20:20+00:00\",\"dateModified\":\"2026-08-27T08:21:04+00:00\",\"breadcrumb\":{\"@id\":\"https:\\\/\\\/hoyre.no\\\/harstad\\\/arrangementer\\\/nominasjonsmote-ordforerkandidat\\\/#breadcrumb\"},\"inLanguage\":\"nb-NO\",\"potentialAction\":[{\"@type\":\"ReadAction\",\"target\":[\"https:\\\/\\\/hoyre.no\\\/harstad\\\/arrangementer\\\/nominasjonsmote-ordforerkandidat\\\/\"]}]},{\"@type\":\"BreadcrumbList\",\"@id\":\"https:\\\/\\\/hoyre.no\\\/harstad\\\/arrangementer\\\/nominasjonsmote-ordforerkandidat\\\/#breadcrumb\",\"itemListElement\":[{\"@type\":\"ListItem\",\"position\":1,\"name\":\"Til hoyre.no\",\"item\":\"https:\\\/\\\/hoyre.no\"},{\"@type\":\"ListItem\",\"position\":2,\"name\":\"Hjem\",\"item\":\"https:\\\/\\\/hoyre.no\\\/harstad\\\/\"},{\"@type\":\"ListItem\",\"position\":3,\"name\":\"Arrangement\",\"item\":\"https:\\\/\\\/hoyre.no\\\/harstad\\\/arrangementer\\\/\"},{\"@type\":\"ListItem\",\"position\":4,\"name\":\"Nominasjonsm\u00f8te ordf\u00f8rerkandidat\"}]},{\"@type\":\"WebSite\",\"@id\":\"https:\\\/\\\/hoyre.no\\\/harstad\\\/#website\",\"url\":\"https:\\\/\\\/hoyre.no\\\/harstad\\\/\",\"name\":\"Harstad H\u00f8yre\",\"description\":\"Bare enda et H\u00f8yres nettsteder-nettsted\",\"inLanguage\":\"nb-NO\"}]}<\/script>\n<!-- \/ Yoast SEO plugin. -->","yoast_head_json":{"title":"Nominasjonsm\u00f8te ordf\u00f8rerkandidat - Harstad H\u00f8yre","robots":{"index":"index","follow":"follow","max-snippet":"max-snippet:-1","max-image-preview":"max-image-preview:large","max-video-preview":"max-video-preview:-1"},"canonical":"https:\/\/hoyre.no\/harstad\/arrangementer\/nominasjonsmote-ordforerkandidat\/","og_locale":"nb_NO","og_type":"article","og_title":"Nominasjonsm\u00f8te ordf\u00f8rerkandidat - Harstad H\u00f8yre","og_url":"https:\/\/hoyre.no\/harstad\/arrangementer\/nominasjonsmote-ordforerkandidat\/","og_site_name":"Harstad H\u00f8yre","article_modified_time":"2026-08-27T08:21:04+00:00","og_image":[{"width":1000,"height":1000,"url":"https:\/\/hoyre.no\/content\/uploads\/sites\/259\/2022\/11\/Hoyres-logo.png","type":"image\/png"}],"twitter_card":"summary_large_image","twitter_misc":{"Ansl. lesetid":"1 minutt"},"schema":{"@context":"https:\/\/schema.org","@graph":[{"@type":"WebPage","@id":"https:\/\/hoyre.no\/harstad\/arrangementer\/nominasjonsmote-ordforerkandidat\/","url":"https:\/\/hoyre.no\/harstad\/arrangementer\/nominasjonsmote-ordforerkandidat\/","name":"Nominasjonsm\u00f8te ordf\u00f8rerkandidat - Harstad H\u00f8yre","isPartOf":{"@id":"https:\/\/hoyre.no\/harstad\/#website"},"datePublished":"2026-08-27T08:20:20+00:00","dateModified":"2026-08-27T08:21:04+00:00","breadcrumb":{"@id":"https:\/\/hoyre.no\/harstad\/arrangementer\/nominasjonsmote-ordforerkandidat\/#breadcrumb"},"inLanguage":"nb-NO","potentialAction":[{"@type":"ReadAction","target":["https:\/\/hoyre.no\/harstad\/arrangementer\/nominasjonsmote-ordforerkandidat\/"]}]},{"@type":"BreadcrumbList","@id":"https:\/\/hoyre.no\/harstad\/arrangementer\/nominasjonsmote-ordforerkandidat\/#breadcrumb","itemListElement":[{"@type":"ListItem","position":1,"name":"Til hoyre.no","item":"https:\/\/hoyre.no"},{"@type":"ListItem","position":2,"name":"Hjem","item":"https:\/\/hoyre.no\/harstad\/"},{"@type":"ListItem","position":3,"name":"Arrangement","item":"https:\/\/hoyre.no\/harstad\/arrangementer\/"},{"@type":"ListItem","position":4,"name":"Nominasjonsm\u00f8te ordf\u00f8rerkandidat"}]},{"@type":"WebSite","@id":"https:\/\/hoyre.no\/harstad\/#website","url":"https:\/\/hoyre.no\/harstad\/","name":"Harstad H\u00f8yre","description":"Bare enda et H\u00f8yres nettsteder-nettsted","inLanguage":"nb-NO"}]}},"distributor_meta":false,"distributor_terms":false,"distributor_media":false,"distributor_original_site_name":"Harstad H\u00f8yre","distributor_original_site_url":"https:\/\/hoyre.no\/harstad","push-errors":false,"_links":{"self":[{"href":"https:\/\/hoyre.no\/harstad\/wp-json\/wp\/v2\/teft-events\/613","targetHints":{"allow":["GET"]}}],"collection":[{"href":"https:\/\/hoyre.no\/harstad\/wp-json\/wp\/v2\/teft-events"}],"about":[{"href":"https:\/\/hoyre.no\/harstad\/wp-json\/wp\/v2\/types\/teft-events"}],"wp:attachment":[{"href":"https:\/\/hoyre.no\/harstad\/wp-json\/wp\/v2\/media?parent=613"}],"wp:term":[{"taxonomy":"teft-events-category","embeddable":true,"href":"https:\/\/hoyre.no\/harstad\/wp-json\/wp\/v2\/teft-events-category?post=613"}],"curies":[{"name":"wp","href":"https:\/\/api.w.org\/{rel}","templated":true}]}}