{"id":87,"date":"2023-05-02T12:47:06","date_gmt":"2023-05-02T10:47:06","guid":{"rendered":"https:\/\/hoyre.no\/hemsedal\/?page_id=87"},"modified":"2023-11-13T11:04:27","modified_gmt":"2023-11-13T10:04:27","slug":"politikk","status":"publish","type":"page","link":"https:\/\/hoyre.no\/hemsedal\/politikk\/","title":{"rendered":"Politikk"},"content":{"rendered":"\n<div class=\"wp-block-hoyre-hero with-image-gradient text-color-light  alignfull has-background\"><div class=\"hoyre-hero \"><h1 class=\"title\">Politikk<\/h1><p class=\"preamble\">N\u00e5r frivillegheita, n\u00e6ringslivet og offentleg sektor spelar p\u00e5 lag, skapar det gode lokalsamfunn. H\u00f8gre trur p\u00e5 enkeltmenneske si evne og lyst til \u00e5 st\u00e5 p\u00e5 eigne bein.<br><br>V\u00e5r oppg\u00e5ve er \u00e5 s\u00f8rge for at menneske kan leve gode liv, uansett utgangspunkt. Vi skapar ikkje politikk for kommunen, men for alle som bur der. H\u00f8gre trur p\u00e5 eit samfunn som gir moglegheiter for alle.<br>\u00a0<\/p><\/div><\/div>\n\n\n\n\n<div class=\"wp-block-teft-file icon-link-block\"><a href=\"https:\/\/online.fliphtml5.com\/iahds\/epke\/#p=1\" download><span class=\"file-title\">Her kan du lese v\u00e5rt valprogram for 2023-2027<\/span><\/a><\/div>\n\n\n\n\n<p class=\"has-text-align-left\"><strong>Det skal v\u00e6re attraktivt \u00e5 bo og arbeide i Hemsedal<br><\/strong>Hemsedal er en attraktiv distriktskommune med stabil vekst i innbyggertallet.<br>Hemsedal H\u00f8yre \u00f8nsker et \u00e5pent, positivt og inkluderende lokalsamfunn med muligheter for alle. En trygg oppvekst, en god skole og et \u00e5pent arbeidsmarked er viktige tiltak for \u00e5 gi alle en sjanse til \u00e5 realisere sine ambisjoner og bidra til fellesskapet.<\/p>\n\n\n\n<p class=\"has-text-align-left\"><br><em>Hemsedal H\u00f8yre vil:<\/em><br>\u2022 Ha et allsidig n\u00e6ringsliv og et sterkt landbruk<br>\u2022 Arbeidstilbud for mennesker som st\u00e5r utenfor arbeidslivet<br>\u2022 Stimulere til at bedrifter og kommunen tar inn l\u00e6rlinger<br>\u2022 Legge til rette for at idretten og frivillige organisasjoner kan bidra til \u00e5 inkludere grupper som ellers faller utenfor<\/p>\n\n\n\n<p><\/p>\n\n\n\n<p><strong>Vi vil ha et oppvekstmilj\u00f8 som ser den enkeltes behov<\/strong><br>Hemsedal har en flott ny skole som vi skal fylle med den beste faglige og sosiale l\u00e6ringen. Mestring og trivsel i skolehverdagen sikrer at barn og unge ikke faller fra. En god l\u00e6rer er den viktigste faktoren for l\u00e6ring. Vi m\u00e5 derfor satse p\u00e5 l\u00e6reren i Hemsedal Kommune. Vi \u00f8nsker \u00e5 legge til rette alternative l\u00e6ringsarenaer i ungdomsskolen som f.eks. mer praktisk og yrkesfaglig innretning.<\/p>\n\n\n\n<p><br><em>Hemsedal H\u00f8yre vil:<\/em><br>\u2022 Arbeide for tidlig innsats mot utenforskap<br>\u2022 Beholde barnehagene p\u00e5 Tuv og Uls\u00e5k<br>\u2022 Rekruttere og beholde dyktige ledere<br>\u2022 Et samarbeide mellom skole og bygdaheimen<br>\u2022 Styrke tverrfagligheten<br>\u2022 Kompetanse i skole og barnehage til \u00e5 h\u00e5ndtere psykisk helse, mobbing, utenforskap og andre\u00a0\u00a0\u00a0\u00a0\u00a0\u00a0\u00a0sosiale utfordringer<br>\u2022 Jobbe for mangfold av ulike barnehager, f.eks. friluftsbarnehage og g\u00e5rdsbarnehage\u00a0<br>\u2022\u00a0 Jobbe for \u00e5 f\u00e5 p\u00e5 plass hall\/gymareal til skolestart 2025<br>\u2022\u00a0Vi \u00f8nsker et SFO med et godt og variert innhold\u00a0<\/p>\n\n\n\n<p><\/p>\n\n\n\n<p><strong>Det skal v\u00e6re trygt og godt \u00e5 bli gammel i Hemsedal<\/strong><br>Hemsedal H\u00f8yre \u00f8nsker et aldersvennlig samfunn. Det er viktig \u00e5 f\u00e5 kvalifisert arbeidskraft til \u00e5 m\u00f8te eldreb\u00f8lgen. Hemsedal kommune m\u00e5 derfor v\u00e6re en attraktiv arbeidsplass for fagfolk innen helse- og omsorgsektoren. Hemsedal kommune m\u00e5 gi trygghet til de stadig flere eldre som \u00f8nsker \u00e5 bo hjemme.\u00a0<\/p>\n\n\n\n<p><br><em>Hemsedal H\u00f8yre vil:<\/em><br>\u2022 Jobbe aktivt for \u00e5 \u00f8ke pasienters og p\u00e5r\u00f8rendes innflytelse over kvalitet og utvikling av helsetjenestene<br>\u2022 \u00d8kt fokus og satsing p\u00e5 bruk av velferdsteknologi i samarbeid med Hallinghelse<br>\u2022 Pr\u00f8ve nye arbeidsrutiner og tilrettelegge turnus i samarbeid med de ansatte<br>\u2022 Kompetansel\u00f8ft for ansatte og etablering av tverrfaglige samarbeid<br>\u2022 Bidra til variert pleie- og omsorgstilbud som tar hensyn til den enkeltes behov\u00a0<br>\u2022 IT- oppl\u00e6ring for eldre<br>\u2022 Styrke frivilligsentralen, lag og andre organisasjoner for utstrakt samarbeide om \u00e5 tilby de eldre aktiviteter og fellesskap<br><br><strong>En JA-kommune for n\u00e6ringsutvikling<\/strong><br>B\u00e5de innbyggere og n\u00e6ringsliv skal m\u00f8te en JA-kommune som leter etter muligheter.\u00a0<\/p>\n\n\n\n<p><br><em>Hemsedal H\u00f8yre vil:<\/em><br>\u2022 Arbeide for \u00e5 f\u00e5 flere hel\u00e5rs arbeidsplasser og styrke sommersesongen, v\u00e6re p\u00e5 lag med jobbskaperne<br>\u2022 Legge til rette for \u00e5 f\u00e5 sm\u00e5bedrifter og gr\u00fcndere til \u00e5 etablere seg i Hemsedal<br>\u2022 Kommunen skal v\u00e6re en p\u00e5driver, gi klare og positive rammebetingelser for \u00e5 styrke n\u00e6ringsutvikling<br>\u2022 Kommunen m\u00e5 s\u00f8rge for \u00e5 legge til rette for n\u00e6ringsareal for nyetablering og st\u00f8tte opp under etablering av en n\u00e6ringspark for kompetansebedrifter<br>\u2022 Ha en ansvarlig\u00a0utvikling av reiselivet i Hemsedal. En videref\u00f8ring av det kommersielle reiselivet er prioritert, men det skal ogs\u00e5 v\u00e6re fokus p\u00e5 utvikling av fritidsenheter slik at disse to formene for reiseliv balanseres p\u00e5 en god m\u00e5te. Vi vil legge til rette for n\u00e6ringslokaler og et levende sentrum \u00e5ret rundt<br>\u2022 Forplikte oss til Smart fjellbygd prosjektet\u00a0<br>\u2022 Hemsedal H\u00f8yre \u00f8nsker en milj\u00f8- og klimamessig god utvikling av R\u00f8ggelia og Tuv<\/p>\n\n\n\n<p><\/p>\n\n\n\n<p><strong>Vi vil ha et sterkt landbruk i Hemsedal<\/strong><br>Landbruket er sv\u00e6rt viktig for Hemsedal, b\u00e5de for sysselsetting, matsikkerhet og for \u00e5 ta vare p\u00e5 kulturlandskapet. Et godt samspill mellom landbruk og reiseliv gagner begge parter.\u00a0<\/p>\n\n\n\n<p><br><em>Hemsedal H\u00f8yre vil:<\/em><br>\u2022\u00a0Arbeide for at landbruket skal kunne videreutvikles og styrkes<br>\u2022\u00a0Gi landbruket bedre mulighet til \u00e5 utnytte ressursene sine, herunder fradeling areal der det er til fordel for videre drift av bruket<br>\u2022 St\u00f8tte til aktiv beiting i utmark og st\u00f8lsdrift samt oppgradering av st\u00f8lseiendommen<br>\u2022 Hemsedal H\u00f8yre vil v\u00e6re positive til at uvirksomme driftsbygninger kan brukes til annen n\u00e6ring enn landbruk\u00a0<br>\u2022 Stimulere sm\u00e5skalaprodusenter for \u00e5 utnytte lokale ressurser<\/p>\n\n\n\n<p><\/p>\n\n\n\n<p><strong>Samferdsel og kollektivtransport i Hemsedal<\/strong><br>Vi m\u00e5 styrke kollektivtrafikken b\u00e5de til og fra Hemsedal og internt i bygda. Hemsedal H\u00f8yre mener at utbedring av strekningene \u00d8rgenvika \u2013 Gol og Gol \u2013 Hemsedal m\u00e5 prioriteres. Veipakke Hallingdal m\u00e5 regionen st\u00e5 samlet om.<strong>\u00a0<\/strong>H\u00f8yre er garantist for Ringeriksbanen og flere krysningsspor p\u00e5 Bergensbanen.<br><em>Hemsedal H\u00f8yre vil:<\/em><br>\u2022\u00a0Busstilbudet til alle tog p\u00e5 Gol stasjon\u00a0videref\u00f8res\u2022\u00a0Utrede muligheten for rimelige m\u00e5nedskort p\u00e5 buss for ungdom i Hemsedal<\/p>\n\n\n\n<p><\/p>\n\n\n\n<p><strong>Trafikksikkerhet i Hemsedal<\/strong><br>Hemsedal H\u00f8yre \u00f8nsker\u00a0en sammenhengende gangvei fra Uls\u00e5k til Ven\u00e5s. Med \u00f8kende trafikk p\u00e5 Rv 52 og stor andel tungtrafikk m\u00e5 det arbeides for en alternativ trase for Rv 52 utenom Tr\u00f8im sentrum\/ sentraene.<\/p>\n\n\n\n<p><\/p>\n\n\n\n<p><strong>Hemsedal Kommune<\/strong><br>H\u00f8yre vil legge vekt p\u00e5 at kommunen drives etter vedtatte planer, budsjetter og mot de m\u00e5l og \u00f8konomiske retningslinjer som er satt av kommunens politikere.\u00a0Hemsedal kommune skal v\u00e6re en attraktiv arbeidsplass, effektivt organisert og som er kompetansestyrt og resultatdrevet.<\/p>\n\n\n\n<p><br><em>Hemsedal H\u00f8yre vil:<\/em><br>\u2022 Ledelse og ledelsesutvikling skal v\u00e6re prioritert i driften av kommunen<br>\u2022 Gi de ansatte en tydelig og god personalpolitikk<br>\u2022 Bidra til kontinuerlig kompetanseutvikling for de ansatte<br>\u2022 \u00d8kt fokus p\u00e5 et positivt og trygt arbeidsmilj\u00f8<br>\u2022 Bygge god tillit mellom politikk og administrasjon<br>\u2022 H\u00f8yre vil vurdere samarbeide med andre kommuner i Hallingdal i forhold til \u00e5 bygge sterke kompetansemilj\u00f8 bl. a. planarbeid, helse og oppvekst.\u00a0<\/p>\n\n\n\n<p><\/p>\n\n\n\n<p><strong>Kommunesammensl\u00e5ing<\/strong><br>Vi vil i denne perioden f\u00e5 kommunene med p\u00e5 \u00e5 utrede muligheten for sammensl\u00e5ing av kommuner i Hallingdal p\u00e5 en faktabasert m\u00e5te.\u00a0<\/p>\n\n\n\n<p><\/p>\n\n\n\n<p><strong>Rettferdig eiendomsskatt<\/strong><br>Hemsedal har blitt en av Buskeruds dyreste kommune \u00e5 bo i. Vi \u00f8nsker \u00e5 redusere og gj\u00f8re eiendomsskatten mer rettferdig.\u00a0<br><em>Hemsedal H\u00f8yre vil:<\/em><br>\u2022 Prioritere bedre bruk av skattepengene dine slik at du f\u00e5r mer kommunale tjenester ut av lavere eiendomsskatt.\u00a0<br>\u2022 Eiendomsskatten\u00a0skal kun benyttes til investering\/utbygging innen skole, helse, pleie og omsorg.<br>\u2022 Eiendomsskatten skal ikke \u00f8kes, n\u00e5r det er forsvarlig skal den reduseres.<\/p>\n\n\n\n<p><\/p>\n\n\n\n<p><strong>Boligbygging \u2013 ungbo \u2013 eldrebo\u00a0<\/strong><br>H\u00f8yre er positive til boligbygging i alle grendene i Hemsedal. Vi \u00f8nsker \u00e5 ta hele bygda i bruk!\u00a0<\/p>\n\n\n\n<p><br><em>Hemsedal H\u00f8yre vil:<\/em><br>\u2022 Alltid ha tilgang p\u00e5 boligtomter i Tr\u00f8im, Uls\u00e5k og Tuv<br>\u2022 Der det er fornuftig \u00f8nsker H\u00f8yre at det kan bygges h\u00f8yere og tettere.\u00a0<br>\u2022 Bygge gode eldreboliger i n\u00e6rheten av Bygdaheimen.\u00a0<br>\u2022 H\u00f8yre \u00f8nsker \u00e5 legge til rette for ungbo med \u00e5 utrede \u00ableie for \u00e5 eie\u00bb som gir unge bedre mulighet til \u00e5 komme inn p\u00e5 boligmarkedet.\u00a0<br>\u2022 H\u00f8yre mener at vi skal fortsette med boplikt.<br>\u00a0\u2022 Kommunen m\u00e5 legge til rette for bygging av personalboliger.<\/p>\n\n\n\n<p><\/p>\n\n\n\n<p><strong>\u00c5penhet og styrking av lokaldemokratiet<\/strong><br>\u00a0H\u00f8yre vil arbeide for \u00e5 styrke det lokale selvstyre, men for \u00e5 l\u00f8se flere felles oppgaver effektivt er et godt interkommunalt samarbeid n\u00f8dvendig. Driften av kommunen skal ha fokus p\u00e5 milj\u00f8\/klima og v\u00e6re under god \u00f8konomisk kontroll. Det skal v\u00e6re full \u00e5penhet i all saksbehandling.<\/p>\n\n\n\n<p><\/p>\n\n\n\n<p><strong>Barn og ungdom<\/strong><br>Hemsedal har et trygt og godt oppvekstmilj\u00f8 som vi skal ta vare p\u00e5.<\/p>\n\n\n\n<p><br><em>Hemsedal H\u00f8yre vil:<\/em><strong><br><\/strong>\u00a0\u2022 Styrking og oppgradering av ungdomsklubben slik at den blir mer attraktiv<br>\u00a0\u2022 Gi muligheter for at alle barn og unge kan delta p\u00e5 aktiviteter uavhengig av familie\u00f8konomi\u00a0<br>\u2022 I samarbeid med frivilligheten og n\u00e6ringslivet \u00f8nsker vi \u00e5 etablere \u00abGarasjin i Hemsedal\u00bb &#8211; en lokal mekkeklubb for ungdom<\/p>\n\n\n\n<p><\/p>\n\n\n\n<p><strong>Hemsedal er rik p\u00e5 kultur, frivillighet og idrett.\u00a0<\/strong><br>Frivillighet skaper lokalt engasjement, felleskap, integrering og kulturell og demokratisk bevissthet. Frivillighet, kulturliv og idrett skaper god folkehelse. Frivilligheten er limet i samfunnet.\u00a0Derfor \u00f8nsker H\u00f8yre \u00e5 arbeide gode rammer til idrett, frivillighet og kultur i Hemsedal\u00a0<\/p>\n\n\n\n<p><br><em>Hemsedal H\u00f8yre vil:<\/em><br>\u2022\u00a0Hemsedal trenger en egen kulturplan &#8211; langsiktig strategisk plan for utvikling og m\u00e5lstyring av kulturarbeidet som gj\u00f8res i Hemsedal kommune<br>\u2022\u00a0Gjennomgang av kulturmidlene, og styrking av kulturbudsjettet der det trengs<br>\u2022\u00a0Mer fokus p\u00e5 samarbeid p\u00e5 kulturfeltet p\u00e5 tvers av kommunene i Hallingdal for \u00e5 bedre dra nytte av kompetansen som Hallingdal besitter<br>\u2022\u00a0\u00d8kt samarbeid mellom kultur\/ idrett og turistn\u00e6ringen i Hemsedal<\/p>\n\n\n\n<p><strong>\u00a0<\/strong><br><strong>Milj\u00f8 og klima<\/strong><br>Milj\u00f8- og klimautfordringene m\u00e5 tas p\u00e5 alvor. Kommunen skal s\u00f8rge for at bygdafolk og n\u00e6ringslivet f\u00e5r kunnskap om det gr\u00f8nne skifte og hvilke tiltak som kreves.\u00a0<\/p>\n\n\n\n<p><br><em>Hemsedal H\u00f8yre vil:<br><\/em>At alle skal ha fokus p\u00e5 energibruk, gjenvinning, gjenbruk og kildesortering<br>Milj\u00f8- og klimafokus i kommunes planer og reguleringsplaner<br>Milj\u00f8- og klimafokus ved utarbeiding av kommunens \u00f8konomiplaner\u00a0<br>\u2022 Kartlegge behov for infrastruktur for \u00e5 redusere bilbruk.<br>\u2022 Tilskudd til milj\u00f8sertifisering av bedrifter<br>\u2022 Videom\u00f8ter\/konferanser reduserer utslipp og bilbruk<br>\u2022 Hemsedal kommune skal kun g\u00e5 til innkj\u00f8p av elbiler som tjenestebiler<\/p>\n","protected":false},"excerpt":{"rendered":"<p>Det skal v\u00e6re attraktivt \u00e5 bo og arbeide i HemsedalHemsedal er en attraktiv distriktskommune med stabil vekst i innbyggertallet.Hemsedal H\u00f8yre \u00f8nsker et \u00e5pent, positivt og inkluderende lokalsamfunn med muligheter for alle. En trygg oppvekst, en god skole og et \u00e5pent arbeidsmarked er viktige tiltak for \u00e5 gi alle en sjanse til \u00e5 realisere sine ambisjoner [&hellip;]<\/p>\n","protected":false},"author":18555,"featured_media":0,"parent":0,"menu_order":0,"comment_status":"closed","ping_status":"closed","template":"","meta":{"teft_cards_image_url":"","teft_cards_custom_pretitle":"","teft_cards_image_id":0,"teft_cards_image_focal_point_x":0,"teft_cards_image_focal_point_y":0,"teft_cards_title":"","teft_cards_excerpt":"","teft_show_chapters":false,"footnotes":""},"class_list":["post-87","page","type-page","status-publish","hentry"],"yoast_head":"<!-- This site is optimized with the Yoast SEO plugin v26.6 - https:\/\/yoast.com\/wordpress\/plugins\/seo\/ -->\n<title>Politikk - Hemsedal H\u00f8yre<\/title>\n<meta name=\"robots\" content=\"index, follow, max-snippet:-1, max-image-preview:large, max-video-preview:-1\" \/>\n<link rel=\"canonical\" href=\"https:\/\/hoyre.no\/hemsedal\/politikk\/\" \/>\n<meta property=\"og:locale\" content=\"nn_NO\" \/>\n<meta property=\"og:type\" content=\"article\" \/>\n<meta property=\"og:title\" content=\"Politikk - Hemsedal H\u00f8yre\" \/>\n<meta property=\"og:description\" content=\"Det skal v\u00e6re attraktivt \u00e5 bo og arbeide i HemsedalHemsedal er en attraktiv distriktskommune med stabil vekst i innbyggertallet.Hemsedal H\u00f8yre \u00f8nsker et \u00e5pent, positivt og inkluderende lokalsamfunn med muligheter for alle. En trygg oppvekst, en god skole og et \u00e5pent arbeidsmarked er viktige tiltak for \u00e5 gi alle en sjanse til \u00e5 realisere sine ambisjoner [&hellip;]\" \/>\n<meta property=\"og:url\" content=\"https:\/\/hoyre.no\/hemsedal\/politikk\/\" \/>\n<meta property=\"og:site_name\" content=\"Hemsedal H\u00f8yre\" \/>\n<meta property=\"article:modified_time\" content=\"2023-11-13T10:04:27+00:00\" \/>\n<meta property=\"og:image\" content=\"https:\/\/hoyre.no\/content\/uploads\/sites\/190\/2022\/11\/Hoyres-logo.png\" \/>\n\t<meta property=\"og:image:width\" content=\"1000\" \/>\n\t<meta property=\"og:image:height\" content=\"1000\" \/>\n\t<meta property=\"og:image:type\" content=\"image\/png\" \/>\n<meta name=\"twitter:card\" content=\"summary_large_image\" \/>\n<meta name=\"twitter:label1\" content=\"Est. reading time\" \/>\n\t<meta name=\"twitter:data1\" content=\"9 minutt\" \/>\n<script type=\"application\/ld+json\" class=\"yoast-schema-graph\">{\"@context\":\"https:\/\/schema.org\",\"@graph\":[{\"@type\":\"WebPage\",\"@id\":\"https:\/\/hoyre.no\/hemsedal\/politikk\/\",\"url\":\"https:\/\/hoyre.no\/hemsedal\/politikk\/\",\"name\":\"Politikk - Hemsedal H\u00f8yre\",\"isPartOf\":{\"@id\":\"https:\/\/hoyre.no\/hemsedal\/#website\"},\"datePublished\":\"2023-05-02T10:47:06+00:00\",\"dateModified\":\"2023-11-13T10:04:27+00:00\",\"breadcrumb\":{\"@id\":\"https:\/\/hoyre.no\/hemsedal\/politikk\/#breadcrumb\"},\"inLanguage\":\"nn-NO\",\"potentialAction\":[{\"@type\":\"ReadAction\",\"target\":[\"https:\/\/hoyre.no\/hemsedal\/politikk\/\"]}]},{\"@type\":\"BreadcrumbList\",\"@id\":\"https:\/\/hoyre.no\/hemsedal\/politikk\/#breadcrumb\",\"itemListElement\":[{\"@type\":\"ListItem\",\"position\":1,\"name\":\"Til hoyre.no\",\"item\":\"https:\/\/hoyre.no\"},{\"@type\":\"ListItem\",\"position\":2,\"name\":\"Hjem\",\"item\":\"https:\/\/hoyre.no\/hemsedal\/\"},{\"@type\":\"ListItem\",\"position\":3,\"name\":\"Politikk\"}]},{\"@type\":\"WebSite\",\"@id\":\"https:\/\/hoyre.no\/hemsedal\/#website\",\"url\":\"https:\/\/hoyre.no\/hemsedal\/\",\"name\":\"Hemsedal H\u00f8yre\",\"description\":\"Bare enda et H\u00f8yres nettsteder-nettsted\",\"inLanguage\":\"nn-NO\"}]}<\/script>\n<!-- \/ Yoast SEO plugin. -->","yoast_head_json":{"title":"Politikk - Hemsedal H\u00f8yre","robots":{"index":"index","follow":"follow","max-snippet":"max-snippet:-1","max-image-preview":"max-image-preview:large","max-video-preview":"max-video-preview:-1"},"canonical":"https:\/\/hoyre.no\/hemsedal\/politikk\/","og_locale":"nn_NO","og_type":"article","og_title":"Politikk - Hemsedal H\u00f8yre","og_description":"Det skal v\u00e6re attraktivt \u00e5 bo og arbeide i HemsedalHemsedal er en attraktiv distriktskommune med stabil vekst i innbyggertallet.Hemsedal H\u00f8yre \u00f8nsker et \u00e5pent, positivt og inkluderende lokalsamfunn med muligheter for alle. En trygg oppvekst, en god skole og et \u00e5pent arbeidsmarked er viktige tiltak for \u00e5 gi alle en sjanse til \u00e5 realisere sine ambisjoner [&hellip;]","og_url":"https:\/\/hoyre.no\/hemsedal\/politikk\/","og_site_name":"Hemsedal H\u00f8yre","article_modified_time":"2023-11-13T10:04:27+00:00","og_image":[{"width":1000,"height":1000,"url":"https:\/\/hoyre.no\/content\/uploads\/sites\/190\/2022\/11\/Hoyres-logo.png","type":"image\/png"}],"twitter_card":"summary_large_image","twitter_misc":{"Est. reading time":"9 minutt"},"schema":{"@context":"https:\/\/schema.org","@graph":[{"@type":"WebPage","@id":"https:\/\/hoyre.no\/hemsedal\/politikk\/","url":"https:\/\/hoyre.no\/hemsedal\/politikk\/","name":"Politikk - Hemsedal H\u00f8yre","isPartOf":{"@id":"https:\/\/hoyre.no\/hemsedal\/#website"},"datePublished":"2023-05-02T10:47:06+00:00","dateModified":"2023-11-13T10:04:27+00:00","breadcrumb":{"@id":"https:\/\/hoyre.no\/hemsedal\/politikk\/#breadcrumb"},"inLanguage":"nn-NO","potentialAction":[{"@type":"ReadAction","target":["https:\/\/hoyre.no\/hemsedal\/politikk\/"]}]},{"@type":"BreadcrumbList","@id":"https:\/\/hoyre.no\/hemsedal\/politikk\/#breadcrumb","itemListElement":[{"@type":"ListItem","position":1,"name":"Til hoyre.no","item":"https:\/\/hoyre.no"},{"@type":"ListItem","position":2,"name":"Hjem","item":"https:\/\/hoyre.no\/hemsedal\/"},{"@type":"ListItem","position":3,"name":"Politikk"}]},{"@type":"WebSite","@id":"https:\/\/hoyre.no\/hemsedal\/#website","url":"https:\/\/hoyre.no\/hemsedal\/","name":"Hemsedal H\u00f8yre","description":"Bare enda et H\u00f8yres nettsteder-nettsted","inLanguage":"nn-NO"}]}},"distributor_meta":false,"distributor_terms":false,"distributor_media":false,"distributor_original_site_name":"Hemsedal H\u00f8yre","distributor_original_site_url":"https:\/\/hoyre.no\/hemsedal","push-errors":false,"_links":{"self":[{"href":"https:\/\/hoyre.no\/hemsedal\/wp-json\/wp\/v2\/pages\/87","targetHints":{"allow":["GET"]}}],"collection":[{"href":"https:\/\/hoyre.no\/hemsedal\/wp-json\/wp\/v2\/pages"}],"about":[{"href":"https:\/\/hoyre.no\/hemsedal\/wp-json\/wp\/v2\/types\/page"}],"author":[{"embeddable":true,"href":"https:\/\/hoyre.no\/hemsedal\/wp-json\/wp\/v2\/users\/18555"}],"replies":[{"embeddable":true,"href":"https:\/\/hoyre.no\/hemsedal\/wp-json\/wp\/v2\/comments?post=87"}],"version-history":[{"count":8,"href":"https:\/\/hoyre.no\/hemsedal\/wp-json\/wp\/v2\/pages\/87\/revisions"}],"predecessor-version":[{"id":102,"href":"https:\/\/hoyre.no\/hemsedal\/wp-json\/wp\/v2\/pages\/87\/revisions\/102"}],"wp:attachment":[{"href":"https:\/\/hoyre.no\/hemsedal\/wp-json\/wp\/v2\/media?parent=87"}],"curies":[{"name":"wp","href":"https:\/\/api.w.org\/{rel}","templated":true}]}}