{"id":141,"date":"2023-08-09T12:54:01","date_gmt":"2023-08-09T10:54:01","guid":{"rendered":"https:\/\/hoyre.no\/holmestrand\/?page_id=141"},"modified":"2025-02-14T12:21:04","modified_gmt":"2025-02-14T11:21:04","slug":"7-grunner-til-a-stemme-hoyre-i-holmestrand","status":"publish","type":"page","link":"https:\/\/hoyre.no\/holmestrand\/politikk\/7-grunner-til-a-stemme-hoyre-i-holmestrand\/","title":{"rendered":"7 grunner til \u00e5 stemme H\u00f8yre i Holmestrand"},"content":{"rendered":"\n<div class=\"wp-block-hoyre-hero with-image-gradient text-color-light  has-media alignfull has-background\"><div class=\"hoyre-hero has-image\"><h1 class=\"title\">7 grunner til \u00e5 stemme H\u00f8yre i Holmestrand<\/h1><p class=\"preamble\">\ud83d\udc99 V\u00e5re hjertesaker \ud83d\udc99<\/p>\t\t\t<div class=\"post-meta wp-block teft-byline-wrapper\">\n\t\t\t\t<div class=\"top\">\n\t\t\t\t\t<div class=\"signature\">\n\t\t\t\t\t\t<div class=\"teft-byline\">\n\t\t\t\t\t\t\t\t\t\t\t\t\t\t<div>\n\t\t\t\t\t\t\t\t<h3>H\u00f8yres redaksjon<\/h3>\t\t\t\t\t\t\t\t\n\t\t\t\t\t\t\t\t\t\t\t\t\t\t\t\t\t<span class=\"date\">Sist oppdatert: 14. februar 2025<\/span>\n\t\t\t\t\t\t\t\t\t\t\t\t\t\t\t\t\t\t\t\t\t\t\t\t\t<span class=\"reading-time\" itemprop=\"timeRequired\" content=\"PT5M\"><em>Ca. 5 minutter lesetid<\/em><\/span>\n\t\t\t\t\t\t\t\t\t\t\t\t\t\t\t<\/div>\n\t\t\t\t\t\t<\/div>\n\t\t\t\t\t<\/div>\n\t\t\t\t\t\t<div class=\"sharing\">\n\t\t<a class=\"share-button share-link copy-link\" data-copy=\"https:\/\/hoyre.no\/holmestrand\/politikk\/7-grunner-til-a-stemme-hoyre-i-holmestrand\/\" target=\"_blank\"><span class=\"screen-reader-text\">Del link<\/span><\/a>\n\t\t<a class=\"share-button share-twitter\" href=\"http:\/\/twitter.com\/share?text=7 grunner til \u00e5 stemme H\u00f8yre i Holmestrand&#038;url=https:\/\/hoyre.no\/holmestrand\/politikk\/7-grunner-til-a-stemme-hoyre-i-holmestrand\/&#038;hashtags=Hoyre\" target=\"_blank\"><span class=\"screen-reader-text\">Del p\u00e5 twitter<\/span><\/a>\n\t\t<a class=\"share-button share-facebook\" href=\"https:\/\/www.facebook.com\/sharer\/sharer.php?u=https:\/\/hoyre.no\/holmestrand\/politikk\/7-grunner-til-a-stemme-hoyre-i-holmestrand\/\" target=\"_blank\"><span class=\"screen-reader-text\">Del p\u00e5 facebook<\/span><\/a>\n\t<\/div>\n\t\t\t\t\t<\/div>\n\t\t\t<\/div>\n\n\t\t\t<figure class=\"hoyre-image-wrapper\"><div class=\"hoyre-image\"><img loading=\"lazy\" decoding=\"async\" width=\"2500\" height=\"1592\" src=\"https:\/\/hoyre.no\/content\/uploads\/sites\/369\/2023\/08\/GettyImages-160116376_tre_fjord-scaled.jpg\" class=\"attachment-scaled size-scaled\" alt=\"7 grunner til \u00e5 stemme Holmestrand H\u00f8yre\" style=\"object-position: 50% 50%\" srcset=\"https:\/\/hoyre.no\/content\/uploads\/sites\/369\/2023\/08\/GettyImages-160116376_tre_fjord-scaled.jpg 2500w, https:\/\/hoyre.no\/content\/uploads\/sites\/369\/2023\/08\/GettyImages-160116376_tre_fjord-300x191.jpg 300w, https:\/\/hoyre.no\/content\/uploads\/sites\/369\/2023\/08\/GettyImages-160116376_tre_fjord-1024x652.jpg 1024w, https:\/\/hoyre.no\/content\/uploads\/sites\/369\/2023\/08\/GettyImages-160116376_tre_fjord-768x489.jpg 768w, https:\/\/hoyre.no\/content\/uploads\/sites\/369\/2023\/08\/GettyImages-160116376_tre_fjord-1536x978.jpg 1536w, https:\/\/hoyre.no\/content\/uploads\/sites\/369\/2023\/08\/GettyImages-160116376_tre_fjord-2048x1304.jpg 2048w\" sizes=\"auto, (max-width: 2500px) 100vw, 2500px\" \/><\/div><\/figure><\/div><\/div>\n\n\n\n\n<div class=\"wp-block-hoyre-banner alignwide undefined\"><div class=\"banner-inner\"><figure class=\"hoyre-image-wrapper\"><div class=\"hoyre-image\"><img loading=\"lazy\" decoding=\"async\" width=\"512\" height=\"512\" src=\"https:\/\/hoyre.no\/content\/uploads\/sites\/369\/2023\/08\/Alf-Johan-Svele_1.jpg\" class=\"attachment-scaled size-scaled\" alt=\"\" style=\"object-position: 50% 50%\" srcset=\"https:\/\/hoyre.no\/content\/uploads\/sites\/369\/2023\/08\/Alf-Johan-Svele_1.jpg 512w, https:\/\/hoyre.no\/content\/uploads\/sites\/369\/2023\/08\/Alf-Johan-Svele_1-300x300.jpg 300w, https:\/\/hoyre.no\/content\/uploads\/sites\/369\/2023\/08\/Alf-Johan-Svele_1-150x150.jpg 150w\" sizes=\"auto, (max-width: 512px) 100vw, 512px\" \/><\/div><\/figure><div class=\"banner-content\"><div class=\"entry-content\">\n<h2 class=\"alignwide wp-block-heading\">Muligheter for Holmestrand kommune<\/h2>\n\n\n\n<p class=\"has-text-align-left\">H\u00f8yre mener at det trengs et skifte i Holmestrand. Vi vil ha en kommune som spiller p\u00e5 lag med deg. Den skal gi deg mer frihet i hverdagen, lavere eiendomsskatt og v\u00e6re der for deg n\u00e5r du trenger den.<\/p>\n\n\n\n<div class=\"wp-block-buttons is-layout-flex wp-block-buttons-is-layout-flex\"><\/div>\n<\/div><\/div><\/div><\/div>\n\n\n\n\t\t<div class=\"has-lightest-blue-background-color is-layout-left alignwide alignwide wp-block-hoyre-media-text\">\n\t\t\t<div class=\"hoyre-media-text__media\">\n\t\t\t\t<img loading=\"lazy\" decoding=\"async\" width=\"1024\" height=\"683\" src=\"https:\/\/hoyre.no\/content\/uploads\/sites\/369\/2023\/08\/GettyImages-1269296368_skole-1024x683.jpg\" class=\"hoyre-media-text__media-image\" alt=\"\" style=\"--focal: 50% 50%;\" srcset=\"https:\/\/hoyre.no\/content\/uploads\/sites\/369\/2023\/08\/GettyImages-1269296368_skole-1024x683.jpg 1024w, https:\/\/hoyre.no\/content\/uploads\/sites\/369\/2023\/08\/GettyImages-1269296368_skole-300x200.jpg 300w, https:\/\/hoyre.no\/content\/uploads\/sites\/369\/2023\/08\/GettyImages-1269296368_skole-768x512.jpg 768w, https:\/\/hoyre.no\/content\/uploads\/sites\/369\/2023\/08\/GettyImages-1269296368_skole-1536x1024.jpg 1536w, https:\/\/hoyre.no\/content\/uploads\/sites\/369\/2023\/08\/GettyImages-1269296368_skole-2048x1365.jpg 2048w\" sizes=\"auto, (max-width: 1024px) 100vw, 1024px\" \/>\n\t\t\t<\/div>\n\t\t\t<div class=\"hoyre-media-text__content\">\n\t\t\t\t<div class=\"hoyre-media-text__content-inner\">\n\t\t\t\t\t\n\t\t\t<div class=\"hoyre-media-text__title-container\">\n\t\t\t\t\n\t\t\t\t<h2 class=\"hoyre-media-text__title\">1. En skole der barna lykkes<\/h2>\n\t\t\t<\/div>\n\t\t\t\n\t\t\t\t\t<div class=\"hoyre-media-text__blocks\">\n<p>For \u00e5 skape et samfunn der alle kan lykkes, er det avgj\u00f8rende med gode skoler. H\u00f8yre vil prioritere tidlig innsats, flere dyktige l\u00e6rere og riktig bruk av teknologi p\u00e5 skolene i kommunen for at flere elever skal trives og oppleve mestring. I tillegg vil vi s\u00f8rge for at skolen blir bedre tilpasset hver enkelt elev, blant annet ved \u00e5 s\u00f8rge for at elever med ekstra utfordringer f\u00e5r den hjelpen de trenger.<\/p>\n<\/div>\n\t\t\t\t\t\n\t\t\t\t<\/div>\n\t\t\t<\/div>\n\t\t<\/div>\n\t\t\n\n\n\t\t<div class=\"has-lightest-blue-background-color is-layout-right alignwide alignwide wp-block-hoyre-media-text\">\n\t\t\t<div class=\"hoyre-media-text__media\">\n\t\t\t\t<img loading=\"lazy\" decoding=\"async\" width=\"1024\" height=\"683\" src=\"https:\/\/hoyre.no\/content\/uploads\/sites\/369\/2023\/08\/GettyImages-1053414448_gamle-1024x683.jpg\" class=\"hoyre-media-text__media-image\" alt=\"\" style=\"--focal: 50% 50%;\" srcset=\"https:\/\/hoyre.no\/content\/uploads\/sites\/369\/2023\/08\/GettyImages-1053414448_gamle-1024x683.jpg 1024w, https:\/\/hoyre.no\/content\/uploads\/sites\/369\/2023\/08\/GettyImages-1053414448_gamle-300x200.jpg 300w, https:\/\/hoyre.no\/content\/uploads\/sites\/369\/2023\/08\/GettyImages-1053414448_gamle-768x512.jpg 768w, https:\/\/hoyre.no\/content\/uploads\/sites\/369\/2023\/08\/GettyImages-1053414448_gamle-1536x1024.jpg 1536w, https:\/\/hoyre.no\/content\/uploads\/sites\/369\/2023\/08\/GettyImages-1053414448_gamle-2048x1365.jpg 2048w\" sizes=\"auto, (max-width: 1024px) 100vw, 1024px\" \/>\n\t\t\t<\/div>\n\t\t\t<div class=\"hoyre-media-text__content\">\n\t\t\t\t<div class=\"hoyre-media-text__content-inner\">\n\t\t\t\t\t\n\t\t\t<div class=\"hoyre-media-text__title-container\">\n\t\t\t\t\n\t\t\t\t<h2 class=\"hoyre-media-text__title\">2. Du skal glede deg til \u00e5 bli gammel i Holmestrand<\/h2>\n\t\t\t<\/div>\n\t\t\t\n\t\t\t\t\t<div class=\"hoyre-media-text__blocks\">\n<p>H\u00f8yre vil at Holmestrand skal bli et mer aldersvennlig samfunn. Kommunen m\u00e5 legge til rette for en sosial og aktiv alderdom, blant annet ved \u00e5 skape m\u00f8teplasser for eldre i alle deler av kommunen. Eldre som trenger pleie skal m\u00f8te en kompetent helsetjeneste som gir dem valgfrihet og medbestemmelse. Vi m\u00e5 s\u00f8rge for basistjenester i alle kommunedeler, samtidig som vi skal tilby spisset kompetanse innenfor spesialomr\u00e5der.<\/p>\n<\/div>\n\t\t\t\t\t\n\t\t\t\t<\/div>\n\t\t\t<\/div>\n\t\t<\/div>\n\t\t\n\n\n\t\t<div class=\"has-lightest-blue-background-color is-layout-left alignwide alignwide wp-block-hoyre-media-text\">\n\t\t\t<div class=\"hoyre-media-text__media\">\n\t\t\t\t<img loading=\"lazy\" decoding=\"async\" width=\"1024\" height=\"683\" src=\"https:\/\/hoyre.no\/content\/uploads\/sites\/369\/2023\/08\/GettyImages-621350462_familie-1024x683.jpg\" class=\"hoyre-media-text__media-image\" alt=\"\" style=\"--focal: 50% 50%;\" srcset=\"https:\/\/hoyre.no\/content\/uploads\/sites\/369\/2023\/08\/GettyImages-621350462_familie-1024x683.jpg 1024w, https:\/\/hoyre.no\/content\/uploads\/sites\/369\/2023\/08\/GettyImages-621350462_familie-300x200.jpg 300w, https:\/\/hoyre.no\/content\/uploads\/sites\/369\/2023\/08\/GettyImages-621350462_familie-768x512.jpg 768w, https:\/\/hoyre.no\/content\/uploads\/sites\/369\/2023\/08\/GettyImages-621350462_familie-1536x1024.jpg 1536w, https:\/\/hoyre.no\/content\/uploads\/sites\/369\/2023\/08\/GettyImages-621350462_familie-2048x1365.jpg 2048w\" sizes=\"auto, (max-width: 1024px) 100vw, 1024px\" \/>\n\t\t\t<\/div>\n\t\t\t<div class=\"hoyre-media-text__content\">\n\t\t\t\t<div class=\"hoyre-media-text__content-inner\">\n\t\t\t\t\t\n\t\t\t<div class=\"hoyre-media-text__title-container\">\n\t\t\t\t\n\t\t\t\t<h2 class=\"hoyre-media-text__title\">3. Vi er din garantist mot eiendomsskatt<\/h2>\n\t\t\t<\/div>\n\t\t\t\n\t\t\t\t\t<div class=\"hoyre-media-text__blocks\">\n<p>H\u00f8yre vil redusere eiendomsskatten. Med \u00f8kende priser og stigende renter, forventes det at familier vil f\u00e5 trangere privat\u00f8konomi i tiden fremover. Derfor m\u00e5 vi s\u00f8rge for at eiendomsskatten ikke blir h\u00f8yere enn helt n\u00f8dvendig. <\/p>\n<\/div>\n\t\t\t\t\t\n\t\t\t\t<\/div>\n\t\t\t<\/div>\n\t\t<\/div>\n\t\t\n\n\n\t\t<div class=\"has-lightest-blue-background-color is-layout-right alignwide alignwide wp-block-hoyre-media-text\">\n\t\t\t<div class=\"hoyre-media-text__media\">\n\t\t\t\t<img loading=\"lazy\" decoding=\"async\" width=\"1024\" height=\"720\" src=\"https:\/\/hoyre.no\/content\/uploads\/sites\/369\/2023\/08\/GettyImages-648669234_busstopp-1024x720.jpg\" class=\"hoyre-media-text__media-image\" alt=\"\" style=\"--focal: 50% 50%;\" srcset=\"https:\/\/hoyre.no\/content\/uploads\/sites\/369\/2023\/08\/GettyImages-648669234_busstopp-1024x720.jpg 1024w, https:\/\/hoyre.no\/content\/uploads\/sites\/369\/2023\/08\/GettyImages-648669234_busstopp-300x211.jpg 300w, https:\/\/hoyre.no\/content\/uploads\/sites\/369\/2023\/08\/GettyImages-648669234_busstopp-768x540.jpg 768w, https:\/\/hoyre.no\/content\/uploads\/sites\/369\/2023\/08\/GettyImages-648669234_busstopp-1536x1079.jpg 1536w, https:\/\/hoyre.no\/content\/uploads\/sites\/369\/2023\/08\/GettyImages-648669234_busstopp-2048x1439.jpg 2048w\" sizes=\"auto, (max-width: 1024px) 100vw, 1024px\" \/>\n\t\t\t<\/div>\n\t\t\t<div class=\"hoyre-media-text__content\">\n\t\t\t\t<div class=\"hoyre-media-text__content-inner\">\n\t\t\t\t\t\n\t\t\t<div class=\"hoyre-media-text__title-container\">\n\t\t\t\t\n\t\t\t\t<h2 class=\"hoyre-media-text__title\">4. Utvikling av hele kommunen<\/h2>\n\t\t\t<\/div>\n\t\t\t\n\t\t\t\t\t<div class=\"hoyre-media-text__blocks\">\n<p>Holmestrand H\u00f8yre vil fortsette utviklingen av hele kommunen, hvor Holmestrand by, Sande sentrum og Hof sentrum er de naturlige knutepunktene. Vi skal arbeide for milj\u00f8vennlige alternativer til bil innad i de tre sentraene og ved pendling ut av kommunen. All utvikling blir et resultat av samarbeidet mellom samtlige som engasjerer seg i og bruker kommunen. <\/p>\n<\/div>\n\t\t\t\t\t\n\t\t\t\t<\/div>\n\t\t\t<\/div>\n\t\t<\/div>\n\t\t\n\n\n\t\t<div class=\"has-lightest-blue-background-color is-layout-left alignwide alignwide wp-block-hoyre-media-text\">\n\t\t\t<div class=\"hoyre-media-text__media\">\n\t\t\t\t<img loading=\"lazy\" decoding=\"async\" width=\"1024\" height=\"842\" src=\"https:\/\/hoyre.no\/content\/uploads\/sites\/369\/2023\/08\/GettyImages-478038787_Oslofjorden-1024x842.jpg\" class=\"hoyre-media-text__media-image\" alt=\"\" style=\"--focal: 50% 50%;\" srcset=\"https:\/\/hoyre.no\/content\/uploads\/sites\/369\/2023\/08\/GettyImages-478038787_Oslofjorden-1024x842.jpg 1024w, https:\/\/hoyre.no\/content\/uploads\/sites\/369\/2023\/08\/GettyImages-478038787_Oslofjorden-300x247.jpg 300w, https:\/\/hoyre.no\/content\/uploads\/sites\/369\/2023\/08\/GettyImages-478038787_Oslofjorden-768x631.jpg 768w, https:\/\/hoyre.no\/content\/uploads\/sites\/369\/2023\/08\/GettyImages-478038787_Oslofjorden-1536x1262.jpg 1536w, https:\/\/hoyre.no\/content\/uploads\/sites\/369\/2023\/08\/GettyImages-478038787_Oslofjorden-2048x1683.jpg 2048w\" sizes=\"auto, (max-width: 1024px) 100vw, 1024px\" \/>\n\t\t\t<\/div>\n\t\t\t<div class=\"hoyre-media-text__content\">\n\t\t\t\t<div class=\"hoyre-media-text__content-inner\">\n\t\t\t\t\t\n\t\t\t<div class=\"hoyre-media-text__title-container\">\n\t\t\t\t\n\t\t\t\t<h2 class=\"hoyre-media-text__title\">5. Ta vare p\u00e5 Oslofjorden<\/h2>\n\t\t\t<\/div>\n\t\t\t\n\t\t\t\t\t<div class=\"hoyre-media-text__blocks\">\n<p>Alle gode krefter m\u00e5 tas i bruk for \u00e5 redde Oslofjorden. Vi m\u00e5 spille p\u00e5 lag med n\u00e6ringslivet, frivilligheten og nabokommunene v\u00e5re. H\u00f8yre vil lage en nullutslippsplan for kloakk, restaurere mer marin natur og etablere et nettverk av t\u00f8mmestasjoner for fritidsb\u00e5ter. Oslofjorden kan bli en suksesshistorie hvis politikerne vil det nok. Vi i H\u00f8yre er klare til \u00e5 gj\u00f8re v\u00e5r den av jobben.<\/p>\n<\/div>\n\t\t\t\t\t\n\t\t\t\t<\/div>\n\t\t\t<\/div>\n\t\t<\/div>\n\t\t\n\n\n\t\t<div class=\"has-lightest-blue-background-color is-layout-right alignwide alignwide wp-block-hoyre-media-text\">\n\t\t\t<div class=\"hoyre-media-text__media\">\n\t\t\t\t<img loading=\"lazy\" decoding=\"async\" width=\"1024\" height=\"683\" src=\"https:\/\/hoyre.no\/content\/uploads\/sites\/369\/2023\/08\/GettyImages-846017896_samarbeid-kommune-1024x683.jpg\" class=\"hoyre-media-text__media-image\" alt=\"\" style=\"--focal: 50% 50%;\" srcset=\"https:\/\/hoyre.no\/content\/uploads\/sites\/369\/2023\/08\/GettyImages-846017896_samarbeid-kommune-1024x683.jpg 1024w, https:\/\/hoyre.no\/content\/uploads\/sites\/369\/2023\/08\/GettyImages-846017896_samarbeid-kommune-300x200.jpg 300w, https:\/\/hoyre.no\/content\/uploads\/sites\/369\/2023\/08\/GettyImages-846017896_samarbeid-kommune-768x512.jpg 768w, https:\/\/hoyre.no\/content\/uploads\/sites\/369\/2023\/08\/GettyImages-846017896_samarbeid-kommune-1536x1024.jpg 1536w, https:\/\/hoyre.no\/content\/uploads\/sites\/369\/2023\/08\/GettyImages-846017896_samarbeid-kommune-2048x1365.jpg 2048w\" sizes=\"auto, (max-width: 1024px) 100vw, 1024px\" \/>\n\t\t\t<\/div>\n\t\t\t<div class=\"hoyre-media-text__content\">\n\t\t\t\t<div class=\"hoyre-media-text__content-inner\">\n\t\t\t\t\t\n\t\t\t<div class=\"hoyre-media-text__title-container\">\n\t\t\t\t\n\t\t\t\t<h2 class=\"hoyre-media-text__title\">6. JA n\u00e5r vi kan, nei n\u00e5r vi m\u00e5<\/h2>\n\t\t\t<\/div>\n\t\t\t\n\t\t\t\t\t<div class=\"hoyre-media-text__blocks\">\n<p>H\u00f8yre \u00f8nsker at innbyggere og n\u00e6ringsliv som er i kontakt med eller s\u00f8ker kommunen om noe, skal oppleve en positiv og l\u00f8sningsorientert kommune. Vi vil skape et godt og konkurransedyktig n\u00e6ringsliv i Holmestrand ved \u00e5 redusere byr\u00e5krati, forenkle regelverk og styrke samarbeidet mellom offentlig og privat sektor.<\/p>\n<\/div>\n\t\t\t\t\t\n\t\t\t\t<\/div>\n\t\t\t<\/div>\n\t\t<\/div>\n\t\t\n\n\n\t\t<div class=\"has-lightest-blue-background-color is-layout-left alignwide alignwide wp-block-hoyre-media-text\">\n\t\t\t<div class=\"hoyre-media-text__media\">\n\t\t\t\t<img loading=\"lazy\" decoding=\"async\" width=\"1024\" height=\"683\" src=\"https:\/\/hoyre.no\/content\/uploads\/sites\/369\/2023\/08\/GettyImages-1180034719_by-1024x683.jpg\" class=\"hoyre-media-text__media-image\" alt=\"\" style=\"--focal: 50% 50%;\" srcset=\"https:\/\/hoyre.no\/content\/uploads\/sites\/369\/2023\/08\/GettyImages-1180034719_by-1024x683.jpg 1024w, https:\/\/hoyre.no\/content\/uploads\/sites\/369\/2023\/08\/GettyImages-1180034719_by-300x200.jpg 300w, https:\/\/hoyre.no\/content\/uploads\/sites\/369\/2023\/08\/GettyImages-1180034719_by-768x512.jpg 768w, https:\/\/hoyre.no\/content\/uploads\/sites\/369\/2023\/08\/GettyImages-1180034719_by-1536x1024.jpg 1536w, https:\/\/hoyre.no\/content\/uploads\/sites\/369\/2023\/08\/GettyImages-1180034719_by-2048x1365.jpg 2048w\" sizes=\"auto, (max-width: 1024px) 100vw, 1024px\" \/>\n\t\t\t<\/div>\n\t\t\t<div class=\"hoyre-media-text__content\">\n\t\t\t\t<div class=\"hoyre-media-text__content-inner\">\n\t\t\t\t\t\n\t\t\t<div class=\"hoyre-media-text__title-container\">\n\t\t\t\t\n\t\t\t\t<h2 class=\"hoyre-media-text__title\">7. Ansvarlig \u00f8konomisk styring<\/h2>\n\t\t\t<\/div>\n\t\t\t\n\t\t\t\t\t<div class=\"hoyre-media-text__blocks\">\n<p>Holmestrand H\u00f8yre er garantisten for en ansvarlig \u00f8konomisk styring, der ressursene prioriteres til innholdet i tjenestene, enten det er helse, eldreomsorg eller skole, og der utgiftene for innbyggerne skal holdes lavest mulig.<\/p>\n<\/div>\n\t\t\t\t\t\n\t\t\t\t<\/div>\n\t\t\t<\/div>\n\t\t<\/div>\n\t\t\n","protected":false},"excerpt":{"rendered":"","protected":false},"author":24382,"featured_media":0,"parent":78,"menu_order":1,"comment_status":"closed","ping_status":"closed","template":"","meta":{"teft_cards_image_url":"","teft_cards_custom_pretitle":"","teft_cards_image_id":142,"teft_cards_image_focal_point_x":0.5,"teft_cards_image_focal_point_y":0.5,"teft_cards_title":"7 grunner til \u00e5 stemme H\u00f8yre i Holmestrand","teft_cards_excerpt":"","teft_show_chapters":false,"footnotes":""},"class_list":["post-141","page","type-page","status-publish","hentry"],"yoast_head":"<!-- This site is optimized with the Yoast SEO plugin v26.6 - https:\/\/yoast.com\/wordpress\/plugins\/seo\/ -->\n<title>7 grunner til \u00e5 stemme H\u00f8yre i Holmestrand - Holmestrand H\u00f8yre<\/title>\n<meta name=\"description\" content=\"Vi gir deg 7 gode grunner til hvorfor du b\u00f8r gi H\u00f8yre din stemme i Holmestrand kommune.\" \/>\n<meta name=\"robots\" content=\"index, follow, max-snippet:-1, max-image-preview:large, max-video-preview:-1\" \/>\n<link rel=\"canonical\" href=\"https:\/\/hoyre.no\/holmestrand\/politikk\/7-grunner-til-a-stemme-hoyre-i-holmestrand\/\" \/>\n<meta property=\"og:locale\" content=\"nb_NO\" \/>\n<meta property=\"og:type\" content=\"article\" \/>\n<meta property=\"og:title\" content=\"7 grunner til \u00e5 stemme H\u00f8yre i Holmestrand - Holmestrand H\u00f8yre\" \/>\n<meta property=\"og:description\" content=\"Vi gir deg 7 gode grunner til hvorfor du b\u00f8r gi H\u00f8yre din stemme i Holmestrand kommune.\" \/>\n<meta property=\"og:url\" content=\"https:\/\/hoyre.no\/holmestrand\/politikk\/7-grunner-til-a-stemme-hoyre-i-holmestrand\/\" \/>\n<meta property=\"og:site_name\" content=\"Holmestrand H\u00f8yre\" \/>\n<meta property=\"article:modified_time\" content=\"2025-02-14T11:21:04+00:00\" \/>\n<meta property=\"og:image\" content=\"https:\/\/hoyre.no\/content\/uploads\/sites\/369\/2023\/08\/GettyImages-160116376_tre_fjord-1024x652.jpg\" \/>\n<meta name=\"twitter:card\" content=\"summary_large_image\" \/>\n<meta name=\"twitter:label1\" content=\"Ansl. lesetid\" \/>\n\t<meta name=\"twitter:data1\" content=\"3 minutter\" \/>\n<script type=\"application\/ld+json\" class=\"yoast-schema-graph\">{\"@context\":\"https:\/\/schema.org\",\"@graph\":[{\"@type\":\"WebPage\",\"@id\":\"https:\/\/hoyre.no\/holmestrand\/politikk\/7-grunner-til-a-stemme-hoyre-i-holmestrand\/\",\"url\":\"https:\/\/hoyre.no\/holmestrand\/politikk\/7-grunner-til-a-stemme-hoyre-i-holmestrand\/\",\"name\":\"7 grunner til \u00e5 stemme H\u00f8yre i Holmestrand - Holmestrand H\u00f8yre\",\"isPartOf\":{\"@id\":\"https:\/\/hoyre.no\/holmestrand\/#website\"},\"datePublished\":\"2023-08-09T10:54:01+00:00\",\"dateModified\":\"2025-02-14T11:21:04+00:00\",\"description\":\"Vi gir deg 7 gode grunner til hvorfor du b\u00f8r gi H\u00f8yre din stemme i Holmestrand kommune.\",\"breadcrumb\":{\"@id\":\"https:\/\/hoyre.no\/holmestrand\/politikk\/7-grunner-til-a-stemme-hoyre-i-holmestrand\/#breadcrumb\"},\"inLanguage\":\"nb-NO\",\"potentialAction\":[{\"@type\":\"ReadAction\",\"target\":[\"https:\/\/hoyre.no\/holmestrand\/politikk\/7-grunner-til-a-stemme-hoyre-i-holmestrand\/\"]}]},{\"@type\":\"BreadcrumbList\",\"@id\":\"https:\/\/hoyre.no\/holmestrand\/politikk\/7-grunner-til-a-stemme-hoyre-i-holmestrand\/#breadcrumb\",\"itemListElement\":[{\"@type\":\"ListItem\",\"position\":1,\"name\":\"Til hoyre.no\",\"item\":\"https:\/\/hoyre.no\"},{\"@type\":\"ListItem\",\"position\":2,\"name\":\"Hjem\",\"item\":\"https:\/\/hoyre.no\/holmestrand\/\"},{\"@type\":\"ListItem\",\"position\":3,\"name\":\"Politikk\",\"item\":\"https:\/\/hoyre.no\/holmestrand\/politikk\/\"},{\"@type\":\"ListItem\",\"position\":4,\"name\":\"7 grunner til \u00e5 stemme H\u00f8yre i Holmestrand\"}]},{\"@type\":\"WebSite\",\"@id\":\"https:\/\/hoyre.no\/holmestrand\/#website\",\"url\":\"https:\/\/hoyre.no\/holmestrand\/\",\"name\":\"Holmestrand H\u00f8yre\",\"description\":\"Bare enda et H\u00f8yres nettsteder-nettsted\",\"inLanguage\":\"nb-NO\"}]}<\/script>\n<!-- \/ Yoast SEO plugin. -->","yoast_head_json":{"title":"7 grunner til \u00e5 stemme H\u00f8yre i Holmestrand - Holmestrand H\u00f8yre","description":"Vi gir deg 7 gode grunner til hvorfor du b\u00f8r gi H\u00f8yre din stemme i Holmestrand kommune.","robots":{"index":"index","follow":"follow","max-snippet":"max-snippet:-1","max-image-preview":"max-image-preview:large","max-video-preview":"max-video-preview:-1"},"canonical":"https:\/\/hoyre.no\/holmestrand\/politikk\/7-grunner-til-a-stemme-hoyre-i-holmestrand\/","og_locale":"nb_NO","og_type":"article","og_title":"7 grunner til \u00e5 stemme H\u00f8yre i Holmestrand - Holmestrand H\u00f8yre","og_description":"Vi gir deg 7 gode grunner til hvorfor du b\u00f8r gi H\u00f8yre din stemme i Holmestrand kommune.","og_url":"https:\/\/hoyre.no\/holmestrand\/politikk\/7-grunner-til-a-stemme-hoyre-i-holmestrand\/","og_site_name":"Holmestrand H\u00f8yre","article_modified_time":"2025-02-14T11:21:04+00:00","og_image":[{"url":"https:\/\/hoyre.no\/content\/uploads\/sites\/369\/2023\/08\/GettyImages-160116376_tre_fjord-1024x652.jpg","width":"","height":"","type":""}],"twitter_card":"summary_large_image","twitter_misc":{"Ansl. lesetid":"3 minutter"},"schema":{"@context":"https:\/\/schema.org","@graph":[{"@type":"WebPage","@id":"https:\/\/hoyre.no\/holmestrand\/politikk\/7-grunner-til-a-stemme-hoyre-i-holmestrand\/","url":"https:\/\/hoyre.no\/holmestrand\/politikk\/7-grunner-til-a-stemme-hoyre-i-holmestrand\/","name":"7 grunner til \u00e5 stemme H\u00f8yre i Holmestrand - Holmestrand H\u00f8yre","isPartOf":{"@id":"https:\/\/hoyre.no\/holmestrand\/#website"},"datePublished":"2023-08-09T10:54:01+00:00","dateModified":"2025-02-14T11:21:04+00:00","description":"Vi gir deg 7 gode grunner til hvorfor du b\u00f8r gi H\u00f8yre din stemme i Holmestrand kommune.","breadcrumb":{"@id":"https:\/\/hoyre.no\/holmestrand\/politikk\/7-grunner-til-a-stemme-hoyre-i-holmestrand\/#breadcrumb"},"inLanguage":"nb-NO","potentialAction":[{"@type":"ReadAction","target":["https:\/\/hoyre.no\/holmestrand\/politikk\/7-grunner-til-a-stemme-hoyre-i-holmestrand\/"]}]},{"@type":"BreadcrumbList","@id":"https:\/\/hoyre.no\/holmestrand\/politikk\/7-grunner-til-a-stemme-hoyre-i-holmestrand\/#breadcrumb","itemListElement":[{"@type":"ListItem","position":1,"name":"Til hoyre.no","item":"https:\/\/hoyre.no"},{"@type":"ListItem","position":2,"name":"Hjem","item":"https:\/\/hoyre.no\/holmestrand\/"},{"@type":"ListItem","position":3,"name":"Politikk","item":"https:\/\/hoyre.no\/holmestrand\/politikk\/"},{"@type":"ListItem","position":4,"name":"7 grunner til \u00e5 stemme H\u00f8yre i Holmestrand"}]},{"@type":"WebSite","@id":"https:\/\/hoyre.no\/holmestrand\/#website","url":"https:\/\/hoyre.no\/holmestrand\/","name":"Holmestrand H\u00f8yre","description":"Bare enda et H\u00f8yres nettsteder-nettsted","inLanguage":"nb-NO"}]}},"distributor_meta":false,"distributor_terms":false,"distributor_media":false,"distributor_original_site_name":"Holmestrand H\u00f8yre","distributor_original_site_url":"https:\/\/hoyre.no\/holmestrand","push-errors":false,"_links":{"self":[{"href":"https:\/\/hoyre.no\/holmestrand\/wp-json\/wp\/v2\/pages\/141","targetHints":{"allow":["GET"]}}],"collection":[{"href":"https:\/\/hoyre.no\/holmestrand\/wp-json\/wp\/v2\/pages"}],"about":[{"href":"https:\/\/hoyre.no\/holmestrand\/wp-json\/wp\/v2\/types\/page"}],"author":[{"embeddable":true,"href":"https:\/\/hoyre.no\/holmestrand\/wp-json\/wp\/v2\/users\/24382"}],"replies":[{"embeddable":true,"href":"https:\/\/hoyre.no\/holmestrand\/wp-json\/wp\/v2\/comments?post=141"}],"version-history":[{"count":3,"href":"https:\/\/hoyre.no\/holmestrand\/wp-json\/wp\/v2\/pages\/141\/revisions"}],"predecessor-version":[{"id":237,"href":"https:\/\/hoyre.no\/holmestrand\/wp-json\/wp\/v2\/pages\/141\/revisions\/237"}],"up":[{"embeddable":true,"href":"https:\/\/hoyre.no\/holmestrand\/wp-json\/wp\/v2\/pages\/78"}],"wp:attachment":[{"href":"https:\/\/hoyre.no\/holmestrand\/wp-json\/wp\/v2\/media?parent=141"}],"curies":[{"name":"wp","href":"https:\/\/api.w.org\/{rel}","templated":true}]}}