{"id":47,"date":"2023-08-16T12:59:33","date_gmt":"2023-08-16T10:59:33","guid":{"rendered":"https:\/\/hoyre.no\/hyllestad\/?page_id=47"},"modified":"2025-02-18T16:03:02","modified_gmt":"2025-02-18T15:03:02","slug":"7-grunnar-til-a-royste-hogre-i-hyllestad","status":"publish","type":"page","link":"https:\/\/hoyre.no\/hyllestad\/7-grunnar-til-a-royste-hogre-i-hyllestad\/","title":{"rendered":"7 grunnar til \u00e5 r\u00f8yste H\u00f8gre i Hyllestad"},"content":{"rendered":"\n<div class=\"wp-block-hoyre-hero with-image-gradient text-color-light  has-media alignfull has-background\"><div class=\"hoyre-hero has-image\"><h1 class=\"title\">7 grunnar til \u00e5 r\u00f8yste H\u00f8gre i Hyllestad<\/h1><figure class=\"hoyre-image-wrapper\"><div class=\"hoyre-image\"><img loading=\"lazy\" decoding=\"async\" width=\"2500\" height=\"1667\" src=\"https:\/\/hoyre.no\/content\/uploads\/sites\/333\/2023\/08\/Brekke-i-Gulen-foto-Agathe-Steen-31-scaled.jpg\" class=\"attachment-scaled size-scaled\" alt=\"\" style=\"object-position: 66% 42%\" srcset=\"https:\/\/hoyre.no\/content\/uploads\/sites\/333\/2023\/08\/Brekke-i-Gulen-foto-Agathe-Steen-31-scaled.jpg 2500w, https:\/\/hoyre.no\/content\/uploads\/sites\/333\/2023\/08\/Brekke-i-Gulen-foto-Agathe-Steen-31-300x200.jpg 300w, https:\/\/hoyre.no\/content\/uploads\/sites\/333\/2023\/08\/Brekke-i-Gulen-foto-Agathe-Steen-31-1024x683.jpg 1024w, https:\/\/hoyre.no\/content\/uploads\/sites\/333\/2023\/08\/Brekke-i-Gulen-foto-Agathe-Steen-31-768x512.jpg 768w, https:\/\/hoyre.no\/content\/uploads\/sites\/333\/2023\/08\/Brekke-i-Gulen-foto-Agathe-Steen-31-1536x1024.jpg 1536w, https:\/\/hoyre.no\/content\/uploads\/sites\/333\/2023\/08\/Brekke-i-Gulen-foto-Agathe-Steen-31-2048x1365.jpg 2048w\" sizes=\"auto, (max-width: 2500px) 100vw, 2500px\" \/><\/div><\/figure><\/div><\/div>\n\n\n\n\n\t\t<div class=\"has-pale-blue-background-color is-layout-left alignwide alignwide wp-block-hoyre-media-text\">\n\t\t\t<div class=\"hoyre-media-text__media\">\n\t\t\t\t<img loading=\"lazy\" decoding=\"async\" width=\"1024\" height=\"671\" src=\"https:\/\/hoyre.no\/content\/uploads\/sites\/333\/2023\/08\/GettyImages-604864688-1024x671.jpg\" class=\"hoyre-media-text__media-image\" alt=\"\" style=\"--focal: 37% 55%;\" srcset=\"https:\/\/hoyre.no\/content\/uploads\/sites\/333\/2023\/08\/GettyImages-604864688-1024x671.jpg 1024w, https:\/\/hoyre.no\/content\/uploads\/sites\/333\/2023\/08\/GettyImages-604864688-300x197.jpg 300w, https:\/\/hoyre.no\/content\/uploads\/sites\/333\/2023\/08\/GettyImages-604864688-768x504.jpg 768w, https:\/\/hoyre.no\/content\/uploads\/sites\/333\/2023\/08\/GettyImages-604864688-1536x1007.jpg 1536w, https:\/\/hoyre.no\/content\/uploads\/sites\/333\/2023\/08\/GettyImages-604864688-2048x1343.jpg 2048w\" sizes=\"auto, (max-width: 1024px) 100vw, 1024px\" \/>\n\t\t\t<\/div>\n\t\t\t<div class=\"hoyre-media-text__content\">\n\t\t\t\t<div class=\"hoyre-media-text__content-inner\">\n\t\t\t\t\t\n\t\t\t<div class=\"hoyre-media-text__title-container\">\n\t\t\t\t\n\t\t\t\t<h2 class=\"hoyre-media-text__title\">1. P\u00e5 lag med jobbskaparane<\/h2>\n\t\t\t<\/div>\n\t\t\t\n\t\t\t\t\t<div class=\"hoyre-media-text__blocks\">\n<p>Vi vil legge til rette for \u00e5 auke aktivitet i n\u00e6ringslivet. Hyllestad kommune m\u00e5 lage til fleire regulerte omr\u00e5der i kommuneplanen for n\u00e6ring.<\/p><p>Hyllestad kommune m\u00e5 til rette legge for meir havbruk.<\/p>\n<\/div>\n\t\t\t\t\t\n\t\t\t\t<\/div>\n\t\t\t<\/div>\n\t\t<\/div>\n\t\t\n\n\n\n\t\t<div class=\"has-lightest-blue-background-color is-layout-right alignwide alignwide wp-block-hoyre-media-text\">\n\t\t\t<div class=\"hoyre-media-text__media\">\n\t\t\t\t<img loading=\"lazy\" decoding=\"async\" width=\"1024\" height=\"681\" src=\"https:\/\/hoyre.no\/content\/uploads\/sites\/333\/2023\/08\/GettyImages-171303303-1024x681.jpg\" class=\"hoyre-media-text__media-image\" alt=\"\" style=\"--focal: 67% 32%;\" srcset=\"https:\/\/hoyre.no\/content\/uploads\/sites\/333\/2023\/08\/GettyImages-171303303-1024x681.jpg 1024w, https:\/\/hoyre.no\/content\/uploads\/sites\/333\/2023\/08\/GettyImages-171303303-300x200.jpg 300w, https:\/\/hoyre.no\/content\/uploads\/sites\/333\/2023\/08\/GettyImages-171303303-768x511.jpg 768w, https:\/\/hoyre.no\/content\/uploads\/sites\/333\/2023\/08\/GettyImages-171303303-1536x1022.jpg 1536w, https:\/\/hoyre.no\/content\/uploads\/sites\/333\/2023\/08\/GettyImages-171303303-2048x1363.jpg 2048w\" sizes=\"auto, (max-width: 1024px) 100vw, 1024px\" \/>\n\t\t\t<\/div>\n\t\t\t<div class=\"hoyre-media-text__content\">\n\t\t\t\t<div class=\"hoyre-media-text__content-inner\">\n\t\t\t\t\t\n\t\t\t<div class=\"hoyre-media-text__title-container\">\n\t\t\t\t\n\t\t\t\t<h2 class=\"hoyre-media-text__title\">2. Vi vil st\u00f8tte nye initiativ<\/h2>\n\t\t\t<\/div>\n\t\t\t\n\t\t\t\t\t<div class=\"hoyre-media-text__blocks\">\n<p>Hyllestad H\u00f8gre vil st\u00f8tte opp under gr\u00fcndere som vil satse i Hyllestad.<\/p>\n<\/div>\n\t\t\t\t\t\n\t\t\t\t<\/div>\n\t\t\t<\/div>\n\t\t<\/div>\n\t\t\n\n\n\t\t<div class=\"has-pale-blue-background-color is-layout-left alignwide alignwide wp-block-hoyre-media-text\">\n\t\t\t<div class=\"hoyre-media-text__media\">\n\t\t\t\t<img loading=\"lazy\" decoding=\"async\" width=\"1024\" height=\"654\" src=\"https:\/\/hoyre.no\/content\/uploads\/sites\/333\/2023\/08\/GettyImages-1152836719-1024x654.jpg\" class=\"hoyre-media-text__media-image\" alt=\"\" style=\"--focal: 46% 55%;\" srcset=\"https:\/\/hoyre.no\/content\/uploads\/sites\/333\/2023\/08\/GettyImages-1152836719-1024x654.jpg 1024w, https:\/\/hoyre.no\/content\/uploads\/sites\/333\/2023\/08\/GettyImages-1152836719-300x192.jpg 300w, https:\/\/hoyre.no\/content\/uploads\/sites\/333\/2023\/08\/GettyImages-1152836719-768x490.jpg 768w, https:\/\/hoyre.no\/content\/uploads\/sites\/333\/2023\/08\/GettyImages-1152836719-1536x981.jpg 1536w, https:\/\/hoyre.no\/content\/uploads\/sites\/333\/2023\/08\/GettyImages-1152836719-2048x1308.jpg 2048w\" sizes=\"auto, (max-width: 1024px) 100vw, 1024px\" \/>\n\t\t\t<\/div>\n\t\t\t<div class=\"hoyre-media-text__content\">\n\t\t\t\t<div class=\"hoyre-media-text__content-inner\">\n\t\t\t\t\t\n\t\t\t<div class=\"hoyre-media-text__title-container\">\n\t\t\t\t\n\t\t\t\t<h2 class=\"hoyre-media-text__title\">3. Auka rekruttering til helsefag<\/h2>\n\t\t\t<\/div>\n\t\t\t\n\t\t\t\t\t<div class=\"hoyre-media-text__blocks\">\n<p>Det er viktig at en rekrutterer unge folk som utdanner seg innen helsefag og tilbyr dem praksis, slik at en kan sikre utdannede folk innen helsetenesta i kommunen.<\/p><p>Hyllestad H\u00f8gre \u00f8nsker \u00e5 auke opp\u00a0tilskotsordninga for ungdom som utdannar seg innan helsefaget.<\/p>\n<\/div>\n\t\t\t\t\t\n\t\t\t\t<\/div>\n\t\t\t<\/div>\n\t\t<\/div>\n\t\t\n\n\n\t\t<div class=\"has-pale-green-background-color is-layout-right alignwide alignwide wp-block-hoyre-media-text\">\n\t\t\t<div class=\"hoyre-media-text__media\">\n\t\t\t\t<img loading=\"lazy\" decoding=\"async\" width=\"1024\" height=\"683\" src=\"https:\/\/hoyre.no\/content\/uploads\/sites\/333\/2023\/08\/Brekke-i-Gulen-foto-Agathe-Steen-37-1024x683.jpg\" class=\"hoyre-media-text__media-image\" alt=\"\" style=\"--focal: 66% 67%;\" srcset=\"https:\/\/hoyre.no\/content\/uploads\/sites\/333\/2023\/08\/Brekke-i-Gulen-foto-Agathe-Steen-37-1024x683.jpg 1024w, https:\/\/hoyre.no\/content\/uploads\/sites\/333\/2023\/08\/Brekke-i-Gulen-foto-Agathe-Steen-37-300x200.jpg 300w, https:\/\/hoyre.no\/content\/uploads\/sites\/333\/2023\/08\/Brekke-i-Gulen-foto-Agathe-Steen-37-768x512.jpg 768w, https:\/\/hoyre.no\/content\/uploads\/sites\/333\/2023\/08\/Brekke-i-Gulen-foto-Agathe-Steen-37-1536x1024.jpg 1536w, https:\/\/hoyre.no\/content\/uploads\/sites\/333\/2023\/08\/Brekke-i-Gulen-foto-Agathe-Steen-37-2048x1365.jpg 2048w\" sizes=\"auto, (max-width: 1024px) 100vw, 1024px\" \/>\n\t\t\t<\/div>\n\t\t\t<div class=\"hoyre-media-text__content\">\n\t\t\t\t<div class=\"hoyre-media-text__content-inner\">\n\t\t\t\t\t\n\t\t\t<div class=\"hoyre-media-text__title-container\">\n\t\t\t\t\n\t\t\t\t<h2 class=\"hoyre-media-text__title\">4. Meir bustadbygging<\/h2>\n\t\t\t<\/div>\n\t\t\t\n\t\t\t\t\t<div class=\"hoyre-media-text__blocks\">\n<p>Hyllestad H\u00f8gre er veldig glade for alle private initiativ til bustadbygging i Hyllestad. H\u00f8gre vill\u00a0 st\u00f8tte opp om s\u00e5nne initiativ i framtida. Vi vil jobbe for at dei som bygger eller kj\u00f8per seg hus i Hyllestad skal f\u00e5 kommunale etablerertilskudd og kommunale l\u00e5n via husbanken. Vi veit at det kan v\u00e6re vanskelig for unge personer \u00e5 f\u00e5 bank l\u00e5n vis ein ikkje har nok eigenkapital. Vi vil oppretthalde ordninga og styrke den \u00f8konomisk framover.<\/p>\n<\/div>\n\t\t\t\t\t\n\t\t\t\t<\/div>\n\t\t\t<\/div>\n\t\t<\/div>\n\t\t\n\n\n\t\t<div class=\"has-pale-purple-background-color is-layout-left alignwide alignwide wp-block-hoyre-media-text\">\n\t\t\t<div class=\"hoyre-media-text__media\">\n\t\t\t\t<img loading=\"lazy\" decoding=\"async\" width=\"1024\" height=\"770\" src=\"https:\/\/hoyre.no\/content\/uploads\/sites\/333\/2023\/08\/20230617-IMG_8014-1024x770.jpg\" class=\"hoyre-media-text__media-image\" alt=\"\" style=\"--focal: 21% 50%;\" srcset=\"https:\/\/hoyre.no\/content\/uploads\/sites\/333\/2023\/08\/20230617-IMG_8014-1024x770.jpg 1024w, https:\/\/hoyre.no\/content\/uploads\/sites\/333\/2023\/08\/20230617-IMG_8014-300x225.jpg 300w, https:\/\/hoyre.no\/content\/uploads\/sites\/333\/2023\/08\/20230617-IMG_8014-768x577.jpg 768w, https:\/\/hoyre.no\/content\/uploads\/sites\/333\/2023\/08\/20230617-IMG_8014-1536x1154.jpg 1536w, https:\/\/hoyre.no\/content\/uploads\/sites\/333\/2023\/08\/20230617-IMG_8014.jpg 2048w\" sizes=\"auto, (max-width: 1024px) 100vw, 1024px\" \/>\n\t\t\t<\/div>\n\t\t\t<div class=\"hoyre-media-text__content\">\n\t\t\t\t<div class=\"hoyre-media-text__content-inner\">\n\t\t\t\t\t\n\t\t\t<div class=\"hoyre-media-text__title-container\">\n\t\t\t\t\n\t\t\t\t<h2 class=\"hoyre-media-text__title\">5. Satsing p\u00e5 kultur og idrett<\/h2>\n\t\t\t<\/div>\n\t\t\t\n\t\t\t\t\t<div class=\"hoyre-media-text__blocks\">\n<p>Hyllestad H\u00f8gre vil jobbe for at\u00a0fritidstilbod for born, unge og vaksne skal bli betre. Vi vil st\u00f8tte opp om kulturskulen og oppretthalde det varierte tilbodet.<\/p><p>Vi vil \u00f2g st\u00f8tte opp om det kristne kultur- og ungdomsarbeidet i Hyllestad, og st\u00f8tte opp utbygging av Kvernsteinparken og at den blir Geopark i framtida. I tillegg vil vi st\u00f8tte alle lag og organisasjonar i Hyllestad.<\/p><p>Hyllestad H\u00f8gre vil st\u00f8tte opp om planen som ligger for oppbygging av tribune for fotball bana og parkeringsomr\u00e5det ut forbi fleirbrukshuset.<\/p>\n<\/div>\n\t\t\t\t\t\n\t\t\t\t<\/div>\n\t\t\t<\/div>\n\t\t<\/div>\n\t\t\n\n\n\t\t<div class=\"has-lightest-blue-background-color is-layout-right alignwide alignwide wp-block-hoyre-media-text\">\n\t\t\t<div class=\"hoyre-media-text__media\">\n\t\t\t\t<img loading=\"lazy\" decoding=\"async\" width=\"1024\" height=\"683\" src=\"https:\/\/hoyre.no\/content\/uploads\/sites\/333\/2023\/08\/530080314-1024x683.jpg\" class=\"hoyre-media-text__media-image\" alt=\"\" style=\"--focal: 50% 50%;\" srcset=\"https:\/\/hoyre.no\/content\/uploads\/sites\/333\/2023\/08\/530080314-1024x683.jpg 1024w, https:\/\/hoyre.no\/content\/uploads\/sites\/333\/2023\/08\/530080314-300x200.jpg 300w, https:\/\/hoyre.no\/content\/uploads\/sites\/333\/2023\/08\/530080314-768x512.jpg 768w, https:\/\/hoyre.no\/content\/uploads\/sites\/333\/2023\/08\/530080314-1536x1024.jpg 1536w, https:\/\/hoyre.no\/content\/uploads\/sites\/333\/2023\/08\/530080314-2048x1365.jpg 2048w\" sizes=\"auto, (max-width: 1024px) 100vw, 1024px\" \/>\n\t\t\t<\/div>\n\t\t\t<div class=\"hoyre-media-text__content\">\n\t\t\t\t<div class=\"hoyre-media-text__content-inner\">\n\t\t\t\t\t\n\t\t\t<div class=\"hoyre-media-text__title-container\">\n\t\t\t\t\n\t\t\t\t<h2 class=\"hoyre-media-text__title\">6. Reduksjon av kommunale avgifter<\/h2>\n\t\t\t<\/div>\n\t\t\t\n\t\t\t\t\t<div class=\"hoyre-media-text__blocks\">\n<p>Hyllestad H\u00f8gre vil jobbe for \u00e5 redusere kommunale avgifter dei neste 4 \u00e5ra.<\/p><p>Vi skal jobbe for \u00e5 fjerne eigedomskatten.<\/p>\n<\/div>\n\t\t\t\t\t\n\t\t\t\t<\/div>\n\t\t\t<\/div>\n\t\t<\/div>\n\t\t\n\n\n\t\t<div class=\"has-pale-blue-background-color is-layout-left alignwide alignwide wp-block-hoyre-media-text\">\n\t\t\t<div class=\"hoyre-media-text__media\">\n\t\t\t\t<img loading=\"lazy\" decoding=\"async\" width=\"1024\" height=\"683\" src=\"https:\/\/hoyre.no\/content\/uploads\/sites\/333\/2023\/08\/GettyImages-1214950612-1024x683.jpg\" class=\"hoyre-media-text__media-image\" alt=\"\" style=\"--focal: 50% 50%;\" srcset=\"https:\/\/hoyre.no\/content\/uploads\/sites\/333\/2023\/08\/GettyImages-1214950612-1024x683.jpg 1024w, https:\/\/hoyre.no\/content\/uploads\/sites\/333\/2023\/08\/GettyImages-1214950612-300x200.jpg 300w, https:\/\/hoyre.no\/content\/uploads\/sites\/333\/2023\/08\/GettyImages-1214950612-768x512.jpg 768w, https:\/\/hoyre.no\/content\/uploads\/sites\/333\/2023\/08\/GettyImages-1214950612-1536x1024.jpg 1536w, https:\/\/hoyre.no\/content\/uploads\/sites\/333\/2023\/08\/GettyImages-1214950612-2048x1365.jpg 2048w\" sizes=\"auto, (max-width: 1024px) 100vw, 1024px\" \/>\n\t\t\t<\/div>\n\t\t\t<div class=\"hoyre-media-text__content\">\n\t\t\t\t<div class=\"hoyre-media-text__content-inner\">\n\t\t\t\t\t\n\t\t\t<div class=\"hoyre-media-text__title-container\">\n\t\t\t\t\n\t\t\t\t<h2 class=\"hoyre-media-text__title\">7. Trygg barnehage og skule<\/h2>\n\t\t\t<\/div>\n\t\t\t\n\t\t\t\t\t<div class=\"hoyre-media-text__blocks\">\n<p>Hyllestad H\u00f8gre vil jobbe for varm lunsj i barnehagen 5 dager i veka, og gratis SFO.<\/p><p>Vi ynskjer \u00e5 ha trygge skuleveger med meir veglys.<\/p>\n<\/div>\n\t\t\t\t\t\n\t\t\t\t<\/div>\n\t\t\t<\/div>\n\t\t<\/div>\n\t\t\n\n\n<div class=\"wp-block-hoyre-banner alignwide undefined  is-style-blue\"><div class=\"banner-inner\"><figure class=\"hoyre-image-wrapper\"><div class=\"hoyre-image\"><img loading=\"lazy\" decoding=\"async\" width=\"2048\" height=\"1539\" src=\"https:\/\/hoyre.no\/content\/uploads\/sites\/333\/2023\/08\/20230617-IMG_8005.jpg\" class=\"attachment-scaled size-scaled\" alt=\"\" style=\"object-position: 44% 100%\" srcset=\"https:\/\/hoyre.no\/content\/uploads\/sites\/333\/2023\/08\/20230617-IMG_8005.jpg 2048w, https:\/\/hoyre.no\/content\/uploads\/sites\/333\/2023\/08\/20230617-IMG_8005-300x225.jpg 300w, https:\/\/hoyre.no\/content\/uploads\/sites\/333\/2023\/08\/20230617-IMG_8005-1024x770.jpg 1024w, https:\/\/hoyre.no\/content\/uploads\/sites\/333\/2023\/08\/20230617-IMG_8005-768x577.jpg 768w, https:\/\/hoyre.no\/content\/uploads\/sites\/333\/2023\/08\/20230617-IMG_8005-1536x1154.jpg 1536w\" sizes=\"auto, (max-width: 2048px) 100vw, 2048px\" \/><\/div><\/figure><div class=\"banner-content\"><div class=\"entry-content\">\n<h2 class=\"wp-block-heading\" id=\"h-geir-helge-nordstrand-er-var-gruppeleiar\">Geir Helge Nordstrand er v\u00e5r gruppeleiar \ud83d\udc99<\/h2>\n\n\n\n<p>Bli litt betre kjend med han her \ud83d\udc47<\/p>\n\n\n\n<div class=\"wp-block-buttons is-layout-flex wp-block-buttons-is-layout-flex\">\n<div class=\"wp-block-button\"><a class=\"wp-block-button__link wp-element-button\" href=\"https:\/\/hoyre.no\/hyllestad\/var-ordforarkandidat\/\">trykk her for \u00e5 lese meir<\/a><\/div>\n<\/div>\n<\/div><\/div><\/div><\/div>\n","protected":false},"excerpt":{"rendered":"","protected":false},"author":29319,"featured_media":0,"parent":0,"menu_order":0,"comment_status":"closed","ping_status":"closed","template":"","meta":{"teft_cards_image_url":"","teft_cards_custom_pretitle":"","teft_cards_image_id":0,"teft_cards_image_focal_point_x":0,"teft_cards_image_focal_point_y":0,"teft_cards_title":"","teft_cards_excerpt":"","teft_show_chapters":false,"footnotes":""},"class_list":["post-47","page","type-page","status-publish","hentry"],"yoast_head":"<!-- This site is optimized with the Yoast SEO plugin v26.6 - https:\/\/yoast.com\/wordpress\/plugins\/seo\/ -->\n<title>7 grunnar til \u00e5 r\u00f8yste H\u00f8gre i Hyllestad - Hyllestad H\u00f8gre<\/title>\n<meta name=\"description\" content=\"7 grunnar til \u00e5 r\u00f8yste H\u00f8gre om du bur i Hyllestad.\" \/>\n<meta name=\"robots\" content=\"index, follow, max-snippet:-1, max-image-preview:large, max-video-preview:-1\" \/>\n<link rel=\"canonical\" href=\"https:\/\/hoyre.no\/hyllestad\/7-grunnar-til-a-royste-hogre-i-hyllestad\/\" \/>\n<meta property=\"og:locale\" content=\"nn_NO\" \/>\n<meta property=\"og:type\" content=\"article\" \/>\n<meta property=\"og:title\" content=\"7 grunnar til \u00e5 r\u00f8yste H\u00f8gre i Hyllestad - Hyllestad H\u00f8gre\" \/>\n<meta property=\"og:description\" content=\"7 grunnar til \u00e5 r\u00f8yste H\u00f8gre om du bur i Hyllestad.\" \/>\n<meta property=\"og:url\" content=\"https:\/\/hoyre.no\/hyllestad\/7-grunnar-til-a-royste-hogre-i-hyllestad\/\" \/>\n<meta property=\"og:site_name\" content=\"Hyllestad H\u00f8gre\" \/>\n<meta property=\"article:modified_time\" content=\"2025-02-18T15:03:02+00:00\" \/>\n<meta property=\"og:image\" content=\"https:\/\/hoyre.no\/content\/uploads\/sites\/333\/2022\/11\/Hoyres-logo.png\" \/>\n\t<meta property=\"og:image:width\" content=\"1000\" \/>\n\t<meta property=\"og:image:height\" content=\"1000\" \/>\n\t<meta property=\"og:image:type\" content=\"image\/png\" \/>\n<meta name=\"twitter:card\" content=\"summary_large_image\" \/>\n<meta name=\"twitter:label1\" content=\"Est. reading time\" \/>\n\t<meta name=\"twitter:data1\" content=\"2 minutt\" \/>\n<script type=\"application\/ld+json\" class=\"yoast-schema-graph\">{\"@context\":\"https:\/\/schema.org\",\"@graph\":[{\"@type\":\"WebPage\",\"@id\":\"https:\/\/hoyre.no\/hyllestad\/7-grunnar-til-a-royste-hogre-i-hyllestad\/\",\"url\":\"https:\/\/hoyre.no\/hyllestad\/7-grunnar-til-a-royste-hogre-i-hyllestad\/\",\"name\":\"7 grunnar til \u00e5 r\u00f8yste H\u00f8gre i Hyllestad - Hyllestad H\u00f8gre\",\"isPartOf\":{\"@id\":\"https:\/\/hoyre.no\/hyllestad\/#website\"},\"datePublished\":\"2023-08-16T10:59:33+00:00\",\"dateModified\":\"2025-02-18T15:03:02+00:00\",\"description\":\"7 grunnar til \u00e5 r\u00f8yste H\u00f8gre om du bur i Hyllestad.\",\"breadcrumb\":{\"@id\":\"https:\/\/hoyre.no\/hyllestad\/7-grunnar-til-a-royste-hogre-i-hyllestad\/#breadcrumb\"},\"inLanguage\":\"nn-NO\",\"potentialAction\":[{\"@type\":\"ReadAction\",\"target\":[\"https:\/\/hoyre.no\/hyllestad\/7-grunnar-til-a-royste-hogre-i-hyllestad\/\"]}]},{\"@type\":\"BreadcrumbList\",\"@id\":\"https:\/\/hoyre.no\/hyllestad\/7-grunnar-til-a-royste-hogre-i-hyllestad\/#breadcrumb\",\"itemListElement\":[{\"@type\":\"ListItem\",\"position\":1,\"name\":\"Til hoyre.no\",\"item\":\"https:\/\/hoyre.no\"},{\"@type\":\"ListItem\",\"position\":2,\"name\":\"Hjem\",\"item\":\"https:\/\/hoyre.no\/hyllestad\/\"},{\"@type\":\"ListItem\",\"position\":3,\"name\":\"7 grunnar til \u00e5 r\u00f8yste H\u00f8gre i Hyllestad\"}]},{\"@type\":\"WebSite\",\"@id\":\"https:\/\/hoyre.no\/hyllestad\/#website\",\"url\":\"https:\/\/hoyre.no\/hyllestad\/\",\"name\":\"Hyllestad H\u00f8gre\",\"description\":\"Bare enda et H\u00f8yres nettsteder-nettsted\",\"inLanguage\":\"nn-NO\"}]}<\/script>\n<!-- \/ Yoast SEO plugin. -->","yoast_head_json":{"title":"7 grunnar til \u00e5 r\u00f8yste H\u00f8gre i Hyllestad - Hyllestad H\u00f8gre","description":"7 grunnar til \u00e5 r\u00f8yste H\u00f8gre om du bur i Hyllestad.","robots":{"index":"index","follow":"follow","max-snippet":"max-snippet:-1","max-image-preview":"max-image-preview:large","max-video-preview":"max-video-preview:-1"},"canonical":"https:\/\/hoyre.no\/hyllestad\/7-grunnar-til-a-royste-hogre-i-hyllestad\/","og_locale":"nn_NO","og_type":"article","og_title":"7 grunnar til \u00e5 r\u00f8yste H\u00f8gre i Hyllestad - Hyllestad H\u00f8gre","og_description":"7 grunnar til \u00e5 r\u00f8yste H\u00f8gre om du bur i Hyllestad.","og_url":"https:\/\/hoyre.no\/hyllestad\/7-grunnar-til-a-royste-hogre-i-hyllestad\/","og_site_name":"Hyllestad H\u00f8gre","article_modified_time":"2025-02-18T15:03:02+00:00","og_image":[{"width":1000,"height":1000,"url":"https:\/\/hoyre.no\/content\/uploads\/sites\/333\/2022\/11\/Hoyres-logo.png","type":"image\/png"}],"twitter_card":"summary_large_image","twitter_misc":{"Est. reading time":"2 minutt"},"schema":{"@context":"https:\/\/schema.org","@graph":[{"@type":"WebPage","@id":"https:\/\/hoyre.no\/hyllestad\/7-grunnar-til-a-royste-hogre-i-hyllestad\/","url":"https:\/\/hoyre.no\/hyllestad\/7-grunnar-til-a-royste-hogre-i-hyllestad\/","name":"7 grunnar til \u00e5 r\u00f8yste H\u00f8gre i Hyllestad - Hyllestad H\u00f8gre","isPartOf":{"@id":"https:\/\/hoyre.no\/hyllestad\/#website"},"datePublished":"2023-08-16T10:59:33+00:00","dateModified":"2025-02-18T15:03:02+00:00","description":"7 grunnar til \u00e5 r\u00f8yste H\u00f8gre om du bur i Hyllestad.","breadcrumb":{"@id":"https:\/\/hoyre.no\/hyllestad\/7-grunnar-til-a-royste-hogre-i-hyllestad\/#breadcrumb"},"inLanguage":"nn-NO","potentialAction":[{"@type":"ReadAction","target":["https:\/\/hoyre.no\/hyllestad\/7-grunnar-til-a-royste-hogre-i-hyllestad\/"]}]},{"@type":"BreadcrumbList","@id":"https:\/\/hoyre.no\/hyllestad\/7-grunnar-til-a-royste-hogre-i-hyllestad\/#breadcrumb","itemListElement":[{"@type":"ListItem","position":1,"name":"Til hoyre.no","item":"https:\/\/hoyre.no"},{"@type":"ListItem","position":2,"name":"Hjem","item":"https:\/\/hoyre.no\/hyllestad\/"},{"@type":"ListItem","position":3,"name":"7 grunnar til \u00e5 r\u00f8yste H\u00f8gre i Hyllestad"}]},{"@type":"WebSite","@id":"https:\/\/hoyre.no\/hyllestad\/#website","url":"https:\/\/hoyre.no\/hyllestad\/","name":"Hyllestad H\u00f8gre","description":"Bare enda et H\u00f8yres nettsteder-nettsted","inLanguage":"nn-NO"}]}},"distributor_meta":false,"distributor_terms":false,"distributor_media":false,"distributor_original_site_name":"Hyllestad H\u00f8gre","distributor_original_site_url":"https:\/\/hoyre.no\/hyllestad","push-errors":false,"_links":{"self":[{"href":"https:\/\/hoyre.no\/hyllestad\/wp-json\/wp\/v2\/pages\/47","targetHints":{"allow":["GET"]}}],"collection":[{"href":"https:\/\/hoyre.no\/hyllestad\/wp-json\/wp\/v2\/pages"}],"about":[{"href":"https:\/\/hoyre.no\/hyllestad\/wp-json\/wp\/v2\/types\/page"}],"author":[{"embeddable":true,"href":"https:\/\/hoyre.no\/hyllestad\/wp-json\/wp\/v2\/users\/29319"}],"replies":[{"embeddable":true,"href":"https:\/\/hoyre.no\/hyllestad\/wp-json\/wp\/v2\/comments?post=47"}],"version-history":[{"count":4,"href":"https:\/\/hoyre.no\/hyllestad\/wp-json\/wp\/v2\/pages\/47\/revisions"}],"predecessor-version":[{"id":78,"href":"https:\/\/hoyre.no\/hyllestad\/wp-json\/wp\/v2\/pages\/47\/revisions\/78"}],"wp:attachment":[{"href":"https:\/\/hoyre.no\/hyllestad\/wp-json\/wp\/v2\/media?parent=47"}],"curies":[{"name":"wp","href":"https:\/\/api.w.org\/{rel}","templated":true}]}}