{"id":131,"date":"2023-06-14T16:33:16","date_gmt":"2023-06-14T14:33:16","guid":{"rendered":"https:\/\/hoyre.no\/klepp\/?page_id=131"},"modified":"2025-01-28T11:45:20","modified_gmt":"2025-01-28T10:45:20","slug":"7-grunner-til-a-stemme-hoyre-i-klepp","status":"publish","type":"page","link":"https:\/\/hoyre.no\/klepp\/7-grunner-til-a-stemme-hoyre-i-klepp\/","title":{"rendered":"7 grunner til \u00e5 stemme H\u00f8yre i Klepp"},"content":{"rendered":"\n<div class=\"wp-block-hoyre-hero with-image-gradient text-color-light  has-media alignfull has-background\"><div class=\"hoyre-hero has-image\"><h1 class=\"title\">7 grunner til \u00e5 stemme H\u00f8yre i Klepp<\/h1><figure class=\"hoyre-image-wrapper\"><div class=\"hoyre-image\"><img loading=\"lazy\" decoding=\"async\" width=\"2040\" height=\"1530\" src=\"https:\/\/hoyre.no\/content\/uploads\/sites\/220\/2023\/06\/Strand-barn.jpeg\" class=\"attachment-scaled size-scaled\" alt=\"\" style=\"object-position: 50% 50%\" srcset=\"https:\/\/hoyre.no\/content\/uploads\/sites\/220\/2023\/06\/Strand-barn.jpeg 2040w, https:\/\/hoyre.no\/content\/uploads\/sites\/220\/2023\/06\/Strand-barn-300x225.jpeg 300w, https:\/\/hoyre.no\/content\/uploads\/sites\/220\/2023\/06\/Strand-barn-1024x768.jpeg 1024w, https:\/\/hoyre.no\/content\/uploads\/sites\/220\/2023\/06\/Strand-barn-768x576.jpeg 768w, https:\/\/hoyre.no\/content\/uploads\/sites\/220\/2023\/06\/Strand-barn-1536x1152.jpeg 1536w\" sizes=\"auto, (max-width: 2040px) 100vw, 2040px\" \/><\/div><\/figure><\/div><\/div>\n\n\n\n\n<div class=\"wp-block-hoyre-banner alignwide undefined\"><div class=\"banner-inner\"><figure class=\"hoyre-image-wrapper\"><div class=\"hoyre-image\"><img loading=\"lazy\" decoding=\"async\" width=\"1667\" height=\"2500\" src=\"https:\/\/hoyre.no\/content\/uploads\/sites\/220\/2023\/06\/Ove_jakke-scaled.jpg\" class=\"attachment-scaled size-scaled\" alt=\"\" style=\"object-position: 51% 37%\" srcset=\"https:\/\/hoyre.no\/content\/uploads\/sites\/220\/2023\/06\/Ove_jakke-scaled.jpg 1667w, https:\/\/hoyre.no\/content\/uploads\/sites\/220\/2023\/06\/Ove_jakke-200x300.jpg 200w, https:\/\/hoyre.no\/content\/uploads\/sites\/220\/2023\/06\/Ove_jakke-683x1024.jpg 683w, https:\/\/hoyre.no\/content\/uploads\/sites\/220\/2023\/06\/Ove_jakke-768x1152.jpg 768w, https:\/\/hoyre.no\/content\/uploads\/sites\/220\/2023\/06\/Ove_jakke-1024x1536.jpg 1024w, https:\/\/hoyre.no\/content\/uploads\/sites\/220\/2023\/06\/Ove_jakke-1365x2048.jpg 1365w\" sizes=\"auto, (max-width: 1667px) 100vw, 1667px\" \/><\/div><\/figure><div class=\"banner-content\"><div class=\"entry-content\">\n<h2 class=\"wp-block-heading\">Kj\u00e6re veljar,<\/h2>\n\n\n\n<p>Klepp H\u00f8yre vil at Klepp skal vera ein attraktiv plass \u00e5 vekse opp, bu og arbeide i. Det skal vera muligheter for alle i eit varmt og inkluderande samfunn med omsorg for dei som treng det.<\/p>\n\n\n\n<p>Me vil vera ein kommune der me seier JA n\u00e5r me kan og NEI n\u00e5r me m\u00e5.<\/p>\n\n\n\n<p>Me vil vera klar for \u00e5 m\u00f8ta nye og ukjente behov i framtida.<\/p>\n\n\n\n<div class=\"wp-block-buttons is-layout-flex wp-block-buttons-is-layout-flex\"><\/div>\n<\/div><\/div><\/div><\/div>\n\n\n\n\n\t\t<div class=\"has-pale-green-background-color is-layout-right alignwide alignwide wp-block-hoyre-media-text\">\n\t\t\t<div class=\"hoyre-media-text__media\">\n\t\t\t\t<img loading=\"lazy\" decoding=\"async\" width=\"1024\" height=\"683\" src=\"https:\/\/hoyre.no\/content\/uploads\/sites\/220\/2023\/06\/GettyImages-846017896-1024x683.jpg\" class=\"hoyre-media-text__media-image\" alt=\"\" style=\"--focal: 50% 50%;\" srcset=\"https:\/\/hoyre.no\/content\/uploads\/sites\/220\/2023\/06\/GettyImages-846017896-1024x683.jpg 1024w, https:\/\/hoyre.no\/content\/uploads\/sites\/220\/2023\/06\/GettyImages-846017896-300x200.jpg 300w, https:\/\/hoyre.no\/content\/uploads\/sites\/220\/2023\/06\/GettyImages-846017896-768x512.jpg 768w, https:\/\/hoyre.no\/content\/uploads\/sites\/220\/2023\/06\/GettyImages-846017896-1536x1024.jpg 1536w, https:\/\/hoyre.no\/content\/uploads\/sites\/220\/2023\/06\/GettyImages-846017896-2048x1365.jpg 2048w\" sizes=\"auto, (max-width: 1024px) 100vw, 1024px\" \/>\n\t\t\t<\/div>\n\t\t\t<div class=\"hoyre-media-text__content\">\n\t\t\t\t<div class=\"hoyre-media-text__content-inner\">\n\t\t\t\t\t\n\t\t\t<div class=\"hoyre-media-text__title-container\">\n\t\t\t\t\n\t\t\t\t<h2 class=\"hoyre-media-text__title\">1. N\u00c6RINGSLIV<\/h2>\n\t\t\t<\/div>\n\t\t\t\n\t\t\t\t\t<div class=\"hoyre-media-text__blocks\">\n<p>Me vil at n\u00e6ringsareal m\u00e5 nyttast effektivt slik at bedrifter kan etablere og utvikla seg.<\/p><p>Me vil ha samarbeid mellom j\u00e6rkommunane for utvikling av n\u00e6ringslivet.<\/p>\n<\/div>\n\t\t\t\t\t\n\t\t\t\t<\/div>\n\t\t\t<\/div>\n\t\t<\/div>\n\t\t\n\n\n\t\t<div class=\"has-lightest-blue-background-color is-layout-left alignwide alignwide wp-block-hoyre-media-text\">\n\t\t\t<div class=\"hoyre-media-text__media\">\n\t\t\t\t<img loading=\"lazy\" decoding=\"async\" width=\"980\" height=\"652\" src=\"https:\/\/hoyre.no\/content\/uploads\/sites\/220\/2020\/11\/jaren.png\" class=\"hoyre-media-text__media-image\" alt=\"\" style=\"--focal: 50% 50%;\" srcset=\"https:\/\/hoyre.no\/content\/uploads\/sites\/220\/2020\/11\/jaren.png 980w, https:\/\/hoyre.no\/content\/uploads\/sites\/220\/2020\/11\/jaren-300x200.png 300w, https:\/\/hoyre.no\/content\/uploads\/sites\/220\/2020\/11\/jaren-768x511.png 768w\" sizes=\"auto, (max-width: 980px) 100vw, 980px\" \/>\n\t\t\t<\/div>\n\t\t\t<div class=\"hoyre-media-text__content\">\n\t\t\t\t<div class=\"hoyre-media-text__content-inner\">\n\t\t\t\t\t\n\t\t\t<div class=\"hoyre-media-text__title-container\">\n\t\t\t\t\n\t\t\t\t<h2 class=\"hoyre-media-text__title\">2. LANDBRUK<\/h2>\n\t\t\t<\/div>\n\t\t\t\n\t\t\t\t\t<div class=\"hoyre-media-text__blocks\">\n<p>Klepp er ein stor matkommune. <\/p><p>68% av arealet i Klepp er fulldyrka.<\/p><p>Den jorda m\u00e5 me ta vare p\u00e5.<\/p><p>Me vil st\u00f8tte opp om utvikling og innovasjon i landbruket.<\/p>\n<\/div>\n\t\t\t\t\t\n\t\t\t\t<\/div>\n\t\t\t<\/div>\n\t\t<\/div>\n\t\t\n\n\n\t\t<div class=\"has-pink-background-color is-layout-right alignwide alignwide wp-block-hoyre-media-text\">\n\t\t\t<div class=\"hoyre-media-text__media\">\n\t\t\t\t<img loading=\"lazy\" decoding=\"async\" width=\"1024\" height=\"1024\" src=\"https:\/\/hoyre.no\/content\/uploads\/sites\/220\/2023\/06\/GettyImages-179708964-1024x1024.jpg\" class=\"hoyre-media-text__media-image\" alt=\"\" style=\"--focal: 50% 50%;\" srcset=\"https:\/\/hoyre.no\/content\/uploads\/sites\/220\/2023\/06\/GettyImages-179708964-1024x1024.jpg 1024w, https:\/\/hoyre.no\/content\/uploads\/sites\/220\/2023\/06\/GettyImages-179708964-300x300.jpg 300w, https:\/\/hoyre.no\/content\/uploads\/sites\/220\/2023\/06\/GettyImages-179708964-150x150.jpg 150w, https:\/\/hoyre.no\/content\/uploads\/sites\/220\/2023\/06\/GettyImages-179708964-768x768.jpg 768w, https:\/\/hoyre.no\/content\/uploads\/sites\/220\/2023\/06\/GettyImages-179708964-1536x1536.jpg 1536w, https:\/\/hoyre.no\/content\/uploads\/sites\/220\/2023\/06\/GettyImages-179708964-2048x2048.jpg 2048w\" sizes=\"auto, (max-width: 1024px) 100vw, 1024px\" \/>\n\t\t\t<\/div>\n\t\t\t<div class=\"hoyre-media-text__content\">\n\t\t\t\t<div class=\"hoyre-media-text__content-inner\">\n\t\t\t\t\t\n\t\t\t<div class=\"hoyre-media-text__title-container\">\n\t\t\t\t\n\t\t\t\t<h2 class=\"hoyre-media-text__title\">3.VEKSE OPP I KLEPP<br><\/h2>\n\t\t\t<\/div>\n\t\t\t\n\t\t\t\t\t<div class=\"hoyre-media-text__blocks\">\n<p>Klepp skal vera ein trygg kommune \u00e5 vekse opp i. Klepp H\u00f8yre er opptatt av at dei som treng hjelp, blir oppdaga og f\u00e5r hjelp s\u00e5 tidleg som mulig.<\/p><p>Me vil ha ny skulel\u00f8ysing p\u00e5 Orstad.<\/p><p>Me vil styrke helsesjukepleietenesta p\u00e5 ungdomsskulane og me vil ha eit l\u00e5gterskeltilbod for unge innan psykisk helse.<\/p>\n<\/div>\n\t\t\t\t\t\n\t\t\t\t<\/div>\n\t\t\t<\/div>\n\t\t<\/div>\n\t\t\n\n\n\t\t<div class=\"has-pale-purple-background-color is-layout-left alignwide alignwide wp-block-hoyre-media-text\">\n\t\t\t<div class=\"hoyre-media-text__media\">\n\t\t\t\t<img loading=\"lazy\" decoding=\"async\" width=\"1024\" height=\"521\" src=\"https:\/\/hoyre.no\/content\/uploads\/sites\/220\/2020\/11\/dronebilde_klepp-1024x521.jpg\" class=\"hoyre-media-text__media-image\" alt=\"\" style=\"--focal: 50% 50%;\" srcset=\"https:\/\/hoyre.no\/content\/uploads\/sites\/220\/2020\/11\/dronebilde_klepp-1024x521.jpg 1024w, https:\/\/hoyre.no\/content\/uploads\/sites\/220\/2020\/11\/dronebilde_klepp-300x153.jpg 300w, https:\/\/hoyre.no\/content\/uploads\/sites\/220\/2020\/11\/dronebilde_klepp-768x391.jpg 768w, https:\/\/hoyre.no\/content\/uploads\/sites\/220\/2020\/11\/dronebilde_klepp.jpg 1200w\" sizes=\"auto, (max-width: 1024px) 100vw, 1024px\" \/>\n\t\t\t<\/div>\n\t\t\t<div class=\"hoyre-media-text__content\">\n\t\t\t\t<div class=\"hoyre-media-text__content-inner\">\n\t\t\t\t\t\n\t\t\t<div class=\"hoyre-media-text__title-container\">\n\t\t\t\t\n\t\t\t\t<h2 class=\"hoyre-media-text__title\">4. DER FOLK BUR<\/h2>\n\t\t\t<\/div>\n\t\t\t\n\t\t\t\t\t<div class=\"hoyre-media-text__blocks\">\n<p>Klepp H\u00f8yre er opptekne av at ungdommen skal kunne kome heim fr\u00e5 studiar og bu i si eiga bygd. Likeeins at dei som overlet garden til yngre generasjonar skal kunne bu i leilighet i eiga bygd om dei vil det.<\/p><p>Me vil samarbeide med ideelle og private akt\u00f8rar for ei meir aldersvenleg bustadbygging i Klepp.<\/p>\n<\/div>\n\t\t\t\t\t\n\t\t\t\t<\/div>\n\t\t\t<\/div>\n\t\t<\/div>\n\t\t\n\n\n\t\t<div class=\"has-pale-green-background-color is-layout-right alignwide alignwide wp-block-hoyre-media-text\">\n\t\t\t<div class=\"hoyre-media-text__media\">\n\t\t\t\t<img loading=\"lazy\" decoding=\"async\" width=\"1024\" height=\"683\" src=\"https:\/\/hoyre.no\/content\/uploads\/sites\/220\/2023\/06\/GettyImages-1151450738-1024x683.jpg\" class=\"hoyre-media-text__media-image\" alt=\"\" style=\"--focal: 50% 50%;\" srcset=\"https:\/\/hoyre.no\/content\/uploads\/sites\/220\/2023\/06\/GettyImages-1151450738-1024x683.jpg 1024w, https:\/\/hoyre.no\/content\/uploads\/sites\/220\/2023\/06\/GettyImages-1151450738-300x200.jpg 300w, https:\/\/hoyre.no\/content\/uploads\/sites\/220\/2023\/06\/GettyImages-1151450738-768x512.jpg 768w, https:\/\/hoyre.no\/content\/uploads\/sites\/220\/2023\/06\/GettyImages-1151450738-1536x1024.jpg 1536w, https:\/\/hoyre.no\/content\/uploads\/sites\/220\/2023\/06\/GettyImages-1151450738-2048x1365.jpg 2048w\" sizes=\"auto, (max-width: 1024px) 100vw, 1024px\" \/>\n\t\t\t<\/div>\n\t\t\t<div class=\"hoyre-media-text__content\">\n\t\t\t\t<div class=\"hoyre-media-text__content-inner\">\n\t\t\t\t\t\n\t\t\t<div class=\"hoyre-media-text__title-container\">\n\t\t\t\t\n\t\t\t\t<h2 class=\"hoyre-media-text__title\">5. MILJ\u00d8 OG KLIMA<\/h2>\n\t\t\t<\/div>\n\t\t\t\n\t\t\t\t\t<div class=\"hoyre-media-text__blocks\">\n<p>Klepp H\u00f8yre vil arbeide for \u00e5 gjera det lettare \u00e5 velje gr\u00f8ne l\u00f8ysningar.<\/p><p>Me seier <strong>NEI<\/strong> til monstermaster!<\/p>\n<\/div>\n\t\t\t\t\t\n\t\t\t\t<\/div>\n\t\t\t<\/div>\n\t\t<\/div>\n\t\t\n\n\n\t\t<div class=\"has-pale-blue-background-color is-layout-left alignwide alignwide wp-block-hoyre-media-text\">\n\t\t\t<div class=\"hoyre-media-text__media\">\n\t\t\t\t<img loading=\"lazy\" decoding=\"async\" width=\"1024\" height=\"683\" src=\"https:\/\/hoyre.no\/content\/uploads\/sites\/220\/2023\/06\/GettyImages-1136806587-1024x683.jpg\" class=\"hoyre-media-text__media-image\" alt=\"\" style=\"--focal: 50% 50%;\" srcset=\"https:\/\/hoyre.no\/content\/uploads\/sites\/220\/2023\/06\/GettyImages-1136806587-1024x683.jpg 1024w, https:\/\/hoyre.no\/content\/uploads\/sites\/220\/2023\/06\/GettyImages-1136806587-300x200.jpg 300w, https:\/\/hoyre.no\/content\/uploads\/sites\/220\/2023\/06\/GettyImages-1136806587-768x512.jpg 768w, https:\/\/hoyre.no\/content\/uploads\/sites\/220\/2023\/06\/GettyImages-1136806587-1536x1024.jpg 1536w, https:\/\/hoyre.no\/content\/uploads\/sites\/220\/2023\/06\/GettyImages-1136806587-2048x1365.jpg 2048w\" sizes=\"auto, (max-width: 1024px) 100vw, 1024px\" \/>\n\t\t\t<\/div>\n\t\t\t<div class=\"hoyre-media-text__content\">\n\t\t\t\t<div class=\"hoyre-media-text__content-inner\">\n\t\t\t\t\t\n\t\t\t<div class=\"hoyre-media-text__title-container\">\n\t\t\t\t\n\t\t\t\t<h2 class=\"hoyre-media-text__title\">6. KULTUR, IDRETT<br>OG FRITID<\/h2>\n\t\t\t<\/div>\n\t\t\t\n\t\t\t\t\t<div class=\"hoyre-media-text__blocks\">\n<p>Det blir utf\u00f8rt fantastisk mykje frivillig arbeid i idretten, friluftslivet, kulturlivet og frivilligsentralen. Det er viktig at \u00f8konomisk situasjon og sosial bakgrunn ikkje skal hindre nokon i \u00e5 delta og bidra.<\/p><p>Me vil bygge fleirbrukshall i sentrum; eit l\u00e5gterskel idretts- og aktivitetshus for unge og eldre.<\/p>\n<\/div>\n\t\t\t\t\t\n\t\t\t\t<\/div>\n\t\t\t<\/div>\n\t\t<\/div>\n\t\t\n\n\n\t\t<div class=\"has-dark-blue-background-color is-layout-right alignwide alignwide wp-block-hoyre-media-text\">\n\t\t\t<div class=\"hoyre-media-text__media\">\n\t\t\t\t<img loading=\"lazy\" decoding=\"async\" width=\"1024\" height=\"683\" src=\"https:\/\/hoyre.no\/content\/uploads\/sites\/220\/2023\/06\/GettyImages-1053414448-1024x683.jpg\" class=\"hoyre-media-text__media-image\" alt=\"\" style=\"--focal: 50% 50%;\" srcset=\"https:\/\/hoyre.no\/content\/uploads\/sites\/220\/2023\/06\/GettyImages-1053414448-1024x683.jpg 1024w, https:\/\/hoyre.no\/content\/uploads\/sites\/220\/2023\/06\/GettyImages-1053414448-300x200.jpg 300w, https:\/\/hoyre.no\/content\/uploads\/sites\/220\/2023\/06\/GettyImages-1053414448-768x512.jpg 768w, https:\/\/hoyre.no\/content\/uploads\/sites\/220\/2023\/06\/GettyImages-1053414448-1536x1024.jpg 1536w, https:\/\/hoyre.no\/content\/uploads\/sites\/220\/2023\/06\/GettyImages-1053414448-2048x1365.jpg 2048w\" sizes=\"auto, (max-width: 1024px) 100vw, 1024px\" \/>\n\t\t\t<\/div>\n\t\t\t<div class=\"hoyre-media-text__content\">\n\t\t\t\t<div class=\"hoyre-media-text__content-inner\">\n\t\t\t\t\t\n\t\t\t<div class=\"hoyre-media-text__title-container\">\n\t\t\t\t\n\t\t\t\t<h2 class=\"hoyre-media-text__title\">7. TRYGGLEIK OG OMSORG<\/h2>\n\t\t\t<\/div>\n\t\t\t\n\t\t\t\t\t<div class=\"hoyre-media-text__blocks\">\n<p>Klepp H\u00f8yre \u00f8nsker eit mangfald innan velferdstenestene, skapt i eit samspel mellom brukarar, p\u00e5r\u00f8rande, frivillige, private og kommunen.<\/p><p>Me vil ha gode fleksible tenester som endrar seg i takt med brukarane sine behov.<\/p><p>Ved hjelp av dei mange friske eldre som bur i Klepp vil me utvikle frivilligtilbodet vidare.<\/p>\n<\/div>\n\t\t\t\t\t\n\t\t\t\t<\/div>\n\t\t\t<\/div>\n\t\t<\/div>\n\t\t","protected":false},"excerpt":{"rendered":"","protected":false},"author":10416,"featured_media":0,"parent":0,"menu_order":0,"comment_status":"closed","ping_status":"closed","template":"","meta":{"teft_cards_image_url":"","teft_cards_custom_pretitle":"","teft_cards_image_id":116,"teft_cards_image_focal_point_x":0.5,"teft_cards_image_focal_point_y":0.5,"teft_cards_title":"","teft_cards_excerpt":"","teft_show_chapters":false,"footnotes":""},"class_list":["post-131","page","type-page","status-publish","hentry"],"yoast_head":"<!-- This site is optimized with the Yoast SEO plugin v26.6 - https:\/\/yoast.com\/wordpress\/plugins\/seo\/ -->\n<title>7 grunner til \u00e5 stemme H\u00f8yre i Klepp - Klepp H\u00f8yre<\/title>\n<meta name=\"description\" content=\"Vi gir deg sju gode grunnar til kvifor du b\u00f8r stemme H\u00f8yre i Klepp.\" \/>\n<meta name=\"robots\" content=\"index, follow, max-snippet:-1, max-image-preview:large, max-video-preview:-1\" \/>\n<link rel=\"canonical\" href=\"https:\/\/hoyre.no\/klepp\/7-grunner-til-a-stemme-hoyre-i-klepp\/\" \/>\n<meta property=\"og:locale\" content=\"nn_NO\" \/>\n<meta property=\"og:type\" content=\"article\" \/>\n<meta property=\"og:title\" content=\"7 grunner til \u00e5 stemme H\u00f8yre i Klepp - Klepp H\u00f8yre\" \/>\n<meta property=\"og:description\" content=\"Vi gir deg sju gode grunnar til kvifor du b\u00f8r stemme H\u00f8yre i Klepp.\" \/>\n<meta property=\"og:url\" content=\"https:\/\/hoyre.no\/klepp\/7-grunner-til-a-stemme-hoyre-i-klepp\/\" \/>\n<meta property=\"og:site_name\" content=\"Klepp H\u00f8yre\" \/>\n<meta property=\"article:modified_time\" content=\"2025-01-28T10:45:20+00:00\" \/>\n<meta property=\"og:image\" content=\"https:\/\/hoyre.no\/content\/uploads\/sites\/220\/2023\/06\/Strand-barn-1024x768.jpeg\" \/>\n<meta name=\"twitter:card\" content=\"summary_large_image\" \/>\n<meta name=\"twitter:label1\" content=\"Est. reading time\" \/>\n\t<meta name=\"twitter:data1\" content=\"2 minutt\" \/>\n<script type=\"application\/ld+json\" class=\"yoast-schema-graph\">{\"@context\":\"https:\/\/schema.org\",\"@graph\":[{\"@type\":\"WebPage\",\"@id\":\"https:\/\/hoyre.no\/klepp\/7-grunner-til-a-stemme-hoyre-i-klepp\/\",\"url\":\"https:\/\/hoyre.no\/klepp\/7-grunner-til-a-stemme-hoyre-i-klepp\/\",\"name\":\"7 grunner til \u00e5 stemme H\u00f8yre i Klepp - Klepp H\u00f8yre\",\"isPartOf\":{\"@id\":\"https:\/\/hoyre.no\/klepp\/#website\"},\"datePublished\":\"2023-06-14T14:33:16+00:00\",\"dateModified\":\"2025-01-28T10:45:20+00:00\",\"description\":\"Vi gir deg sju gode grunnar til kvifor du b\u00f8r stemme H\u00f8yre i Klepp.\",\"breadcrumb\":{\"@id\":\"https:\/\/hoyre.no\/klepp\/7-grunner-til-a-stemme-hoyre-i-klepp\/#breadcrumb\"},\"inLanguage\":\"nn-NO\",\"potentialAction\":[{\"@type\":\"ReadAction\",\"target\":[\"https:\/\/hoyre.no\/klepp\/7-grunner-til-a-stemme-hoyre-i-klepp\/\"]}]},{\"@type\":\"BreadcrumbList\",\"@id\":\"https:\/\/hoyre.no\/klepp\/7-grunner-til-a-stemme-hoyre-i-klepp\/#breadcrumb\",\"itemListElement\":[{\"@type\":\"ListItem\",\"position\":1,\"name\":\"Til hoyre.no\",\"item\":\"https:\/\/hoyre.no\"},{\"@type\":\"ListItem\",\"position\":2,\"name\":\"Hjem\",\"item\":\"https:\/\/hoyre.no\/klepp\/\"},{\"@type\":\"ListItem\",\"position\":3,\"name\":\"7 grunner til \u00e5 stemme H\u00f8yre i Klepp\"}]},{\"@type\":\"WebSite\",\"@id\":\"https:\/\/hoyre.no\/klepp\/#website\",\"url\":\"https:\/\/hoyre.no\/klepp\/\",\"name\":\"Klepp H\u00f8yre\",\"description\":\"Bare enda et H\u00f8yres nettsteder-nettsted\",\"inLanguage\":\"nn-NO\"}]}<\/script>\n<!-- \/ Yoast SEO plugin. -->","yoast_head_json":{"title":"7 grunner til \u00e5 stemme H\u00f8yre i Klepp - Klepp H\u00f8yre","description":"Vi gir deg sju gode grunnar til kvifor du b\u00f8r stemme H\u00f8yre i Klepp.","robots":{"index":"index","follow":"follow","max-snippet":"max-snippet:-1","max-image-preview":"max-image-preview:large","max-video-preview":"max-video-preview:-1"},"canonical":"https:\/\/hoyre.no\/klepp\/7-grunner-til-a-stemme-hoyre-i-klepp\/","og_locale":"nn_NO","og_type":"article","og_title":"7 grunner til \u00e5 stemme H\u00f8yre i Klepp - Klepp H\u00f8yre","og_description":"Vi gir deg sju gode grunnar til kvifor du b\u00f8r stemme H\u00f8yre i Klepp.","og_url":"https:\/\/hoyre.no\/klepp\/7-grunner-til-a-stemme-hoyre-i-klepp\/","og_site_name":"Klepp H\u00f8yre","article_modified_time":"2025-01-28T10:45:20+00:00","og_image":[{"url":"https:\/\/hoyre.no\/content\/uploads\/sites\/220\/2023\/06\/Strand-barn-1024x768.jpeg","width":"","height":"","type":""}],"twitter_card":"summary_large_image","twitter_misc":{"Est. reading time":"2 minutt"},"schema":{"@context":"https:\/\/schema.org","@graph":[{"@type":"WebPage","@id":"https:\/\/hoyre.no\/klepp\/7-grunner-til-a-stemme-hoyre-i-klepp\/","url":"https:\/\/hoyre.no\/klepp\/7-grunner-til-a-stemme-hoyre-i-klepp\/","name":"7 grunner til \u00e5 stemme H\u00f8yre i Klepp - Klepp H\u00f8yre","isPartOf":{"@id":"https:\/\/hoyre.no\/klepp\/#website"},"datePublished":"2023-06-14T14:33:16+00:00","dateModified":"2025-01-28T10:45:20+00:00","description":"Vi gir deg sju gode grunnar til kvifor du b\u00f8r stemme H\u00f8yre i Klepp.","breadcrumb":{"@id":"https:\/\/hoyre.no\/klepp\/7-grunner-til-a-stemme-hoyre-i-klepp\/#breadcrumb"},"inLanguage":"nn-NO","potentialAction":[{"@type":"ReadAction","target":["https:\/\/hoyre.no\/klepp\/7-grunner-til-a-stemme-hoyre-i-klepp\/"]}]},{"@type":"BreadcrumbList","@id":"https:\/\/hoyre.no\/klepp\/7-grunner-til-a-stemme-hoyre-i-klepp\/#breadcrumb","itemListElement":[{"@type":"ListItem","position":1,"name":"Til hoyre.no","item":"https:\/\/hoyre.no"},{"@type":"ListItem","position":2,"name":"Hjem","item":"https:\/\/hoyre.no\/klepp\/"},{"@type":"ListItem","position":3,"name":"7 grunner til \u00e5 stemme H\u00f8yre i Klepp"}]},{"@type":"WebSite","@id":"https:\/\/hoyre.no\/klepp\/#website","url":"https:\/\/hoyre.no\/klepp\/","name":"Klepp H\u00f8yre","description":"Bare enda et H\u00f8yres nettsteder-nettsted","inLanguage":"nn-NO"}]}},"distributor_meta":false,"distributor_terms":false,"distributor_media":false,"distributor_original_site_name":"Klepp H\u00f8yre","distributor_original_site_url":"https:\/\/hoyre.no\/klepp","push-errors":false,"_links":{"self":[{"href":"https:\/\/hoyre.no\/klepp\/wp-json\/wp\/v2\/pages\/131","targetHints":{"allow":["GET"]}}],"collection":[{"href":"https:\/\/hoyre.no\/klepp\/wp-json\/wp\/v2\/pages"}],"about":[{"href":"https:\/\/hoyre.no\/klepp\/wp-json\/wp\/v2\/types\/page"}],"author":[{"embeddable":true,"href":"https:\/\/hoyre.no\/klepp\/wp-json\/wp\/v2\/users\/10416"}],"replies":[{"embeddable":true,"href":"https:\/\/hoyre.no\/klepp\/wp-json\/wp\/v2\/comments?post=131"}],"version-history":[{"count":12,"href":"https:\/\/hoyre.no\/klepp\/wp-json\/wp\/v2\/pages\/131\/revisions"}],"predecessor-version":[{"id":322,"href":"https:\/\/hoyre.no\/klepp\/wp-json\/wp\/v2\/pages\/131\/revisions\/322"}],"wp:attachment":[{"href":"https:\/\/hoyre.no\/klepp\/wp-json\/wp\/v2\/media?parent=131"}],"curies":[{"name":"wp","href":"https:\/\/api.w.org\/{rel}","templated":true}]}}