{"id":551,"date":"2022-12-23T13:12:29","date_gmt":"2022-12-23T12:12:29","guid":{"rendered":"https:\/\/hoyre.no\/kristiansand\/?page_id=551"},"modified":"2025-02-21T10:27:41","modified_gmt":"2025-02-21T09:27:41","slug":"atte-gode-grunner-til-a-stemme-hoyre","status":"publish","type":"page","link":"https:\/\/hoyre.no\/kristiansand\/atte-gode-grunner-til-a-stemme-hoyre\/","title":{"rendered":"\u00c5tte gode grunner til \u00e5 stemme H\u00f8yre"},"content":{"rendered":"\n<div class=\"wp-block-hoyre-hero with-image-gradient text-color-light  has-media alignfull has-background\"><div class=\"hoyre-hero has-image\"><h1 class=\"title\">\u00c5tte gode grunner til \u00e5 stemme H\u00f8yre i Kristiansand<\/h1><figure class=\"hoyre-image-wrapper\"><div class=\"hoyre-image\"><img loading=\"lazy\" decoding=\"async\" width=\"2500\" height=\"873\" src=\"https:\/\/hoyre.no\/content\/uploads\/sites\/28\/2022\/12\/GettyImages-1279511651-scaled.jpg\" class=\"attachment-scaled size-scaled\" alt=\"\" style=\"object-position: 50% 50%\" srcset=\"https:\/\/hoyre.no\/content\/uploads\/sites\/28\/2022\/12\/GettyImages-1279511651-scaled.jpg 2500w, https:\/\/hoyre.no\/content\/uploads\/sites\/28\/2022\/12\/GettyImages-1279511651-300x105.jpg 300w, https:\/\/hoyre.no\/content\/uploads\/sites\/28\/2022\/12\/GettyImages-1279511651-1024x358.jpg 1024w, https:\/\/hoyre.no\/content\/uploads\/sites\/28\/2022\/12\/GettyImages-1279511651-768x268.jpg 768w, https:\/\/hoyre.no\/content\/uploads\/sites\/28\/2022\/12\/GettyImages-1279511651-1536x536.jpg 1536w, https:\/\/hoyre.no\/content\/uploads\/sites\/28\/2022\/12\/GettyImages-1279511651-2048x715.jpg 2048w\" sizes=\"auto, (max-width: 2500px) 100vw, 2500px\" \/><\/div><\/figure><\/div><\/div>\n\n\n\n\n<div class=\"wp-block-hoyre-banner alignwide undefined\"><div class=\"banner-inner\"><figure class=\"hoyre-image-wrapper\"><div class=\"hoyre-image\"><img loading=\"lazy\" decoding=\"async\" width=\"2500\" height=\"1667\" src=\"https:\/\/hoyre.no\/content\/uploads\/sites\/28\/2023\/08\/Erna-Solberg-pa\u030a-sorostlandet-foto-Hans-Kristian-Thorbjornsen-5287-scaled.jpg\" class=\"attachment-scaled size-scaled\" alt=\"\" style=\"object-position: 50% 50%\" srcset=\"https:\/\/hoyre.no\/content\/uploads\/sites\/28\/2023\/08\/Erna-Solberg-pa\u030a-sorostlandet-foto-Hans-Kristian-Thorbjornsen-5287-scaled.jpg 2500w, https:\/\/hoyre.no\/content\/uploads\/sites\/28\/2023\/08\/Erna-Solberg-pa\u030a-sorostlandet-foto-Hans-Kristian-Thorbjornsen-5287-300x200.jpg 300w, https:\/\/hoyre.no\/content\/uploads\/sites\/28\/2023\/08\/Erna-Solberg-pa\u030a-sorostlandet-foto-Hans-Kristian-Thorbjornsen-5287-1024x683.jpg 1024w, https:\/\/hoyre.no\/content\/uploads\/sites\/28\/2023\/08\/Erna-Solberg-pa\u030a-sorostlandet-foto-Hans-Kristian-Thorbjornsen-5287-768x512.jpg 768w, https:\/\/hoyre.no\/content\/uploads\/sites\/28\/2023\/08\/Erna-Solberg-pa\u030a-sorostlandet-foto-Hans-Kristian-Thorbjornsen-5287-1536x1024.jpg 1536w, https:\/\/hoyre.no\/content\/uploads\/sites\/28\/2023\/08\/Erna-Solberg-pa\u030a-sorostlandet-foto-Hans-Kristian-Thorbjornsen-5287-2048x1365.jpg 2048w\" sizes=\"auto, (max-width: 2500px) 100vw, 2500px\" \/><\/div><\/figure><div class=\"banner-content\"><div class=\"entry-content\">\n<p>Etter fire \u00e5r med politisk kaos trenger vi trygg, stabil styring i Kristiansand. H\u00f8yre er garantisten for det. Vi vil mer for Kristiansand. Vi vil gj\u00f8re Kristiansand til Norges mest attraktive kommune.<\/p>\n\n\n\n<div class=\"wp-block-buttons is-layout-flex wp-block-buttons-is-layout-flex\"><\/div>\n<\/div><\/div><\/div><\/div>\n\n\n\n<div class=\"wp-block-media-text alignwide is-stacked-on-mobile\"><figure class=\"wp-block-media-text__media\"><img loading=\"lazy\" decoding=\"async\" width=\"1024\" height=\"683\" src=\"https:\/\/hoyre.no\/content\/uploads\/sites\/28\/2022\/12\/GettyImages-516689144-1024x683.jpg\" alt=\"Barn som spiller fotball\" class=\"wp-image-553 size-full\" srcset=\"https:\/\/hoyre.no\/content\/uploads\/sites\/28\/2022\/12\/GettyImages-516689144-1024x683.jpg 1024w, https:\/\/hoyre.no\/content\/uploads\/sites\/28\/2022\/12\/GettyImages-516689144-300x200.jpg 300w, https:\/\/hoyre.no\/content\/uploads\/sites\/28\/2022\/12\/GettyImages-516689144-768x512.jpg 768w, https:\/\/hoyre.no\/content\/uploads\/sites\/28\/2022\/12\/GettyImages-516689144-1536x1024.jpg 1536w, https:\/\/hoyre.no\/content\/uploads\/sites\/28\/2022\/12\/GettyImages-516689144-2048x1365.jpg 2048w\" sizes=\"auto, (max-width: 1024px) 100vw, 1024px\" \/><\/figure><div class=\"wp-block-media-text__content\">\n<h2 class=\"wp-block-heading\">1. Vi vil inkludere flere<\/h2>\n\n\n\n<p>H\u00f8yre vil ta kampen mot utenforskapet i Kristiansand. P\u00e5 kort sikt m\u00e5 vi skape en raus, inkluderende kommune som spiller p\u00e5 lag med frivilligheten, lag og foreninger. Vi vil styrke fritidsfondet, gj\u00f8re det gratis for frivilligheten \u00e5 bruke kommunale bygg, og sikre at alle barn f\u00e5r delta p\u00e5 fritidsaktiviteter. P\u00e5 lang sikt vil det viktigste v\u00e6re flere i jobb. Gjennom st\u00f8tte til sosiale entrepren\u00f8rer, god n\u00e6ringsutvikling og samarbeid med industrien vil H\u00f8yre f\u00f8re en politikk som gir muligheter for alle.&nbsp;<\/p>\n<\/div><\/div>\n\n\n\n<div class=\"wp-block-media-text alignwide has-media-on-the-right is-stacked-on-mobile\"><div class=\"wp-block-media-text__content\">\n<h2 class=\"wp-block-heading\">2. En kunnskapsskole som gir muligheter for alle<\/h2>\n\n\n\n<p>Vi skal ha en skole som setter den enkelte elev i sentrum. En skole som fanger opp b\u00e5de de som trenger ekstra hjelp og de som vil ha st\u00f8rre utfordringer. H\u00f8yres m\u00e5l er en kristiansandskole som gir muligheter for alle uavhengig av bakgrunn, og der ingen g\u00e5r ut av skolen uten \u00e5 kunne lese, skrive og regne skikkelig. H\u00f8yre vil at kristiansandskolen skal v\u00e6re i landstoppen p\u00e5 l\u00e6ringsresultater og lavt frav\u00e6r, og bidra til at 9 av 10 skal fullf\u00f8re videreg\u00e5ende skole innen 2030. Da m\u00e5 vi v\u00e5ge \u00e5 stille krav til elever, l\u00e6rere, ledere og undervisningen. H\u00f8yre \u00f8nsker \u00e5 styrke laget rundt eleven gjennom \u00e5 ha flere yrkesgrupper inn i skolen, og vil at alle l\u00e6rere skal ha kompetanse i fagene de underviser i.<\/p>\n<\/div><figure class=\"wp-block-media-text__media\"><img loading=\"lazy\" decoding=\"async\" width=\"1024\" height=\"682\" src=\"https:\/\/hoyre.no\/content\/uploads\/sites\/28\/2022\/12\/GettyImages-537309198-1024x682.jpg\" alt=\"Elever\" class=\"wp-image-555 size-full\" srcset=\"https:\/\/hoyre.no\/content\/uploads\/sites\/28\/2022\/12\/GettyImages-537309198-1024x682.jpg 1024w, https:\/\/hoyre.no\/content\/uploads\/sites\/28\/2022\/12\/GettyImages-537309198-300x200.jpg 300w, https:\/\/hoyre.no\/content\/uploads\/sites\/28\/2022\/12\/GettyImages-537309198-768x511.jpg 768w, https:\/\/hoyre.no\/content\/uploads\/sites\/28\/2022\/12\/GettyImages-537309198-1536x1022.jpg 1536w, https:\/\/hoyre.no\/content\/uploads\/sites\/28\/2022\/12\/GettyImages-537309198-2048x1363.jpg 2048w\" sizes=\"auto, (max-width: 1024px) 100vw, 1024px\" \/><\/figure><\/div>\n\n\n\n<div class=\"wp-block-media-text alignwide is-stacked-on-mobile\"><figure class=\"wp-block-media-text__media\"><img loading=\"lazy\" decoding=\"async\" width=\"1024\" height=\"683\" src=\"https:\/\/hoyre.no\/content\/uploads\/sites\/28\/2022\/12\/GettyImages-912333902-1024x683.jpg\" alt=\"Hjelpepleiere\" class=\"wp-image-554 size-full\" srcset=\"https:\/\/hoyre.no\/content\/uploads\/sites\/28\/2022\/12\/GettyImages-912333902-1024x683.jpg 1024w, https:\/\/hoyre.no\/content\/uploads\/sites\/28\/2022\/12\/GettyImages-912333902-300x200.jpg 300w, https:\/\/hoyre.no\/content\/uploads\/sites\/28\/2022\/12\/GettyImages-912333902-768x512.jpg 768w, https:\/\/hoyre.no\/content\/uploads\/sites\/28\/2022\/12\/GettyImages-912333902-1536x1025.jpg 1536w, https:\/\/hoyre.no\/content\/uploads\/sites\/28\/2022\/12\/GettyImages-912333902-2048x1366.jpg 2048w\" sizes=\"auto, (max-width: 1024px) 100vw, 1024px\" \/><\/figure><div class=\"wp-block-media-text__content\">\n<h2 class=\"wp-block-heading\">3. Rask og trygg hjelp n\u00e5r du trenger det<\/h2>\n\n\n\n<p>Vi skal s\u00f8rge for en politikk som setter kvaliteten p\u00e5 tjenesten f\u00f8rst. Uavhengig av hvem som tilbyr helsetjenesten du trenger skal du vite at du f\u00e5r tilgang til rask og trygg hjelp. Enten det er fastlegetjenesten, hjemmehjelp, legevakt eller brukerstyrt personlig assistanse skal Kristiansand v\u00e6re en kommune som leverer gode tjenester til v\u00e5re innbyggere. H\u00f8yre vil se p\u00e5 muligheten for at private kan bygge og drifte det neste sykehjemmet i kommunen, satse p\u00e5 rask psykisk helsehjelp og utvide fritt brukervalg til ogs\u00e5 \u00e5 gjelde hjemmesykepleien.<\/p>\n<\/div><\/div>\n\n\n\n<div class=\"wp-block-media-text alignwide has-media-on-the-right is-stacked-on-mobile\"><div class=\"wp-block-media-text__content\">\n<h2 class=\"wp-block-heading\">4. En seniorhverdag med trygghet og glede<\/h2>\n\n\n\n<p>Seniorene er en ressurs med kompetanse og erfaring. Kristiansand H\u00f8yre vil at alle skal f\u00e5 muligheten til et aktivt og sosialt liv som fremmer aktivitet, god helse og tilh\u00f8righet. Vi vil jobbe for frivillige aktiviteter, samfunnsdeltagelse og kulturtilbud i alle deler av kommunen. H\u00f8yre vil ta i bruk alle gode krefter for \u00e5 gi best mulig omsorg, valgfrihet og hjelp tilpasset den enkeltes behov n\u00e5r det trengs.<\/p>\n<\/div><figure class=\"wp-block-media-text__media\"><img loading=\"lazy\" decoding=\"async\" width=\"1024\" height=\"683\" src=\"https:\/\/hoyre.no\/content\/uploads\/sites\/28\/2023\/04\/GettyImages-1125750538-1024x683.jpg\" alt=\"Seniorer\" class=\"wp-image-658 size-full\" srcset=\"https:\/\/hoyre.no\/content\/uploads\/sites\/28\/2023\/04\/GettyImages-1125750538-1024x683.jpg 1024w, https:\/\/hoyre.no\/content\/uploads\/sites\/28\/2023\/04\/GettyImages-1125750538-300x200.jpg 300w, https:\/\/hoyre.no\/content\/uploads\/sites\/28\/2023\/04\/GettyImages-1125750538-768x512.jpg 768w, https:\/\/hoyre.no\/content\/uploads\/sites\/28\/2023\/04\/GettyImages-1125750538-1536x1025.jpg 1536w, https:\/\/hoyre.no\/content\/uploads\/sites\/28\/2023\/04\/GettyImages-1125750538-2048x1366.jpg 2048w\" sizes=\"auto, (max-width: 1024px) 100vw, 1024px\" \/><\/figure><\/div>\n\n\n\n<div class=\"wp-block-media-text alignwide is-stacked-on-mobile\"><figure class=\"wp-block-media-text__media\"><img loading=\"lazy\" decoding=\"async\" width=\"1024\" height=\"683\" src=\"https:\/\/hoyre.no\/content\/uploads\/sites\/28\/2022\/12\/GettyImages-639796472-1024x683.jpg\" alt=\"Industriarbeidere\" class=\"wp-image-557 size-full\" srcset=\"https:\/\/hoyre.no\/content\/uploads\/sites\/28\/2022\/12\/GettyImages-639796472-1024x683.jpg 1024w, https:\/\/hoyre.no\/content\/uploads\/sites\/28\/2022\/12\/GettyImages-639796472-300x200.jpg 300w, https:\/\/hoyre.no\/content\/uploads\/sites\/28\/2022\/12\/GettyImages-639796472-768x513.jpg 768w, https:\/\/hoyre.no\/content\/uploads\/sites\/28\/2022\/12\/GettyImages-639796472-1536x1025.jpg 1536w, https:\/\/hoyre.no\/content\/uploads\/sites\/28\/2022\/12\/GettyImages-639796472-2048x1367.jpg 2048w\" sizes=\"auto, (max-width: 1024px) 100vw, 1024px\" \/><\/figure><div class=\"wp-block-media-text__content\">\n<h2 class=\"wp-block-heading\">5. P\u00e5 lag med de som skaper jobber<\/h2>\n\n\n\n<p>Kristiansand skal v\u00e6re en JA-kommune. H\u00f8yre skal alltid lete etter l\u00f8sninger n\u00e5r noen \u00f8nsker \u00e5 etablere seg i Kristiansand, og vi skal legge til rette for nyetableringer ved \u00e5 alltid ha tilgjengelig areal for industrietableringer. Vi \u00f8nsker \u00e5 legge til rette for god sentrumsutvikling ved \u00e5 utvikle Lagmannsholmen, fjerne lokale restriksjoner p\u00e5 skjenketidene og skape et levende bybilde.<\/p>\n<\/div><\/div>\n\n\n\n<div class=\"wp-block-media-text alignwide has-media-on-the-right is-stacked-on-mobile\"><div class=\"wp-block-media-text__content\">\n<h2 class=\"wp-block-heading\">6. Vi skal kutte utslippene, ikke utviklingen<\/h2>\n\n\n\n<p>Kristiansand H\u00f8yre \u00f8nsker \u00e5 f\u00f8re en offensiv klimapolitikk. Men vi kan ikke f\u00f8re en politikk som stopper utviklingen av samfunnet. Ved \u00e5 stille strenge utslippskrav til kommunalt eide selskaper og innkj\u00f8p av tjenester skal vi stimulerer til bruk av klimavennlig teknologi. Vi skal legge til rette for fremtidens gr\u00f8nne industrietableringer, og vi skal posisjonere Kristiansand for industrieventyret som f\u00f8lger av havvindutbyggingen i Nordsj\u00f8en. H\u00f8yre vil sette krav til at alle skip som er i havna over 24 timer skal kobles til landstr\u00f8m, vi vil kreve nullutslipp for kollektivtrafikken og vi vil bruke offentlige anskaffelser som et verkt\u00f8y for \u00e5 stimulere til bruk av klimavennlig teknologi.<\/p>\n<\/div><figure class=\"wp-block-media-text__media\"><img loading=\"lazy\" decoding=\"async\" width=\"1024\" height=\"683\" src=\"https:\/\/hoyre.no\/content\/uploads\/sites\/28\/2022\/12\/GettyImages-184595262-1024x683.jpg\" alt=\"Byggeplass\" class=\"wp-image-556 size-full\" srcset=\"https:\/\/hoyre.no\/content\/uploads\/sites\/28\/2022\/12\/GettyImages-184595262-1024x683.jpg 1024w, https:\/\/hoyre.no\/content\/uploads\/sites\/28\/2022\/12\/GettyImages-184595262-300x200.jpg 300w, https:\/\/hoyre.no\/content\/uploads\/sites\/28\/2022\/12\/GettyImages-184595262-768x512.jpg 768w, https:\/\/hoyre.no\/content\/uploads\/sites\/28\/2022\/12\/GettyImages-184595262-1536x1024.jpg 1536w, https:\/\/hoyre.no\/content\/uploads\/sites\/28\/2022\/12\/GettyImages-184595262-2048x1365.jpg 2048w\" sizes=\"auto, (max-width: 1024px) 100vw, 1024px\" \/><\/figure><\/div>\n\n\n\n<div class=\"wp-block-media-text alignwide is-stacked-on-mobile\"><figure class=\"wp-block-media-text__media\"><img loading=\"lazy\" decoding=\"async\" width=\"1024\" height=\"709\" src=\"https:\/\/hoyre.no\/content\/uploads\/sites\/28\/2022\/12\/GettyImages-497196779-1024x709.jpg\" alt=\"Far og s\u00f8nn\" class=\"wp-image-558 size-full\" srcset=\"https:\/\/hoyre.no\/content\/uploads\/sites\/28\/2022\/12\/GettyImages-497196779-1024x709.jpg 1024w, https:\/\/hoyre.no\/content\/uploads\/sites\/28\/2022\/12\/GettyImages-497196779-300x208.jpg 300w, https:\/\/hoyre.no\/content\/uploads\/sites\/28\/2022\/12\/GettyImages-497196779-768x532.jpg 768w, https:\/\/hoyre.no\/content\/uploads\/sites\/28\/2022\/12\/GettyImages-497196779-1536x1063.jpg 1536w, https:\/\/hoyre.no\/content\/uploads\/sites\/28\/2022\/12\/GettyImages-497196779-2048x1417.jpg 2048w\" sizes=\"auto, (max-width: 1024px) 100vw, 1024px\" \/><\/figure><div class=\"wp-block-media-text__content\">\n<h2 class=\"wp-block-heading\">7. Gj\u00f8re Kristiansand til f\u00f8rstevalget for nyetablerere<\/h2>\n\n\n\n<p>H\u00f8yre vil jobbe for god utbyggingstakt av boliger for \u00e5 unng\u00e5 h\u00f8y boligprisvekst. Vi vil aktivt s\u00f8ke \u00e5 redusere kommunale avgifter og eiendomsskatt for \u00e5 sikre Kristiansand sin konkurranseevne. Vi vil skape en dynamisk by med et levende kulturliv, bredt spekter av arrangementer og attraktive byrom.<\/p>\n<\/div><\/div>\n\n\n\n<div class=\"wp-block-media-text alignwide has-media-on-the-right is-stacked-on-mobile\"><div class=\"wp-block-media-text__content\">\n<h2 class=\"wp-block-heading\">8. Vi skal f\u00e5 Kristiansand tilbake p\u00e5 den nasjonale scenen<\/h2>\n\n\n\n<p>Husker du den tiden da Kristiansand og S\u00f8rlandet fikk gjennomslag for v\u00e5re viktigste saker? Med H\u00f8yre tilbake i ordf\u00f8rerstolen vil vi igjen sette Kristiansand p\u00e5 kartet, og f\u00e5 igjennom v\u00e5r landsdels viktigste saker. Med valgseier i Kristiansand i 2023 og H\u00f8yre tilbake i regjering i 2025 ligger alt til rette for at vi igjen kan vinne frem med v\u00e5re prioriterte saker.<\/p>\n<\/div><figure class=\"wp-block-media-text__media\"><img loading=\"lazy\" decoding=\"async\" width=\"1024\" height=\"799\" src=\"https:\/\/hoyre.no\/content\/uploads\/sites\/28\/2022\/12\/Sorlandschips-Foto-Mathias-Willassen-Hanssen-_-2-1024x799.jpg\" alt=\"Mathias Bernander og Erna Solberg p\u00e5 bes\u00f8k hos S\u00f8rlandschips\" class=\"wp-image-559 size-full\" srcset=\"https:\/\/hoyre.no\/content\/uploads\/sites\/28\/2022\/12\/Sorlandschips-Foto-Mathias-Willassen-Hanssen-_-2-1024x799.jpg 1024w, https:\/\/hoyre.no\/content\/uploads\/sites\/28\/2022\/12\/Sorlandschips-Foto-Mathias-Willassen-Hanssen-_-2-300x234.jpg 300w, https:\/\/hoyre.no\/content\/uploads\/sites\/28\/2022\/12\/Sorlandschips-Foto-Mathias-Willassen-Hanssen-_-2-768x599.jpg 768w, https:\/\/hoyre.no\/content\/uploads\/sites\/28\/2022\/12\/Sorlandschips-Foto-Mathias-Willassen-Hanssen-_-2-1536x1198.jpg 1536w, https:\/\/hoyre.no\/content\/uploads\/sites\/28\/2022\/12\/Sorlandschips-Foto-Mathias-Willassen-Hanssen-_-2-2048x1597.jpg 2048w\" sizes=\"auto, (max-width: 1024px) 100vw, 1024px\" \/><\/figure><\/div>\n\n\n\n<div class=\"wp-block-hoyre-banner alignwide undefined has-icon-title icon-heart is-style-blue\"><div class=\"banner-inner\"><figure class=\"hoyre-image-wrapper\"><div class=\"hoyre-image\"><img loading=\"lazy\" decoding=\"async\" width=\"2500\" height=\"1667\" src=\"https:\/\/hoyre.no\/content\/uploads\/sites\/28\/2022\/08\/swfbfw5c-scaled.jpeg\" class=\"attachment-scaled size-scaled\" alt=\"\" style=\"object-position: 13% 34%\" srcset=\"https:\/\/hoyre.no\/content\/uploads\/sites\/28\/2022\/08\/swfbfw5c-scaled.jpeg 2500w, https:\/\/hoyre.no\/content\/uploads\/sites\/28\/2022\/08\/swfbfw5c-300x200.jpeg 300w, https:\/\/hoyre.no\/content\/uploads\/sites\/28\/2022\/08\/swfbfw5c-1024x683.jpeg 1024w, https:\/\/hoyre.no\/content\/uploads\/sites\/28\/2022\/08\/swfbfw5c-768x512.jpeg 768w, https:\/\/hoyre.no\/content\/uploads\/sites\/28\/2022\/08\/swfbfw5c-1536x1024.jpeg 1536w, https:\/\/hoyre.no\/content\/uploads\/sites\/28\/2022\/08\/swfbfw5c-2048x1365.jpeg 2048w\" sizes=\"auto, (max-width: 2500px) 100vw, 2500px\" \/><\/div><\/figure><div class=\"banner-content\"><div class=\"entry-content\">\n<h2 class=\"wp-block-heading\">Fant du ikke din hjertesak?<\/h2>\n\n\n\n<p>Det er heldigvis mange gode grunner til \u00e5 stemme H\u00f8yre i Kristiansand. Finn ut hva vi mener om din hjertesak ved \u00e5 lese programmet v\u00e5rt!<\/p>\n\n\n\n<div class=\"wp-block-buttons is-layout-flex wp-block-buttons-is-layout-flex\">\n<div class=\"wp-block-button\"><a class=\"wp-block-button__link wp-element-button\" href=\"https:\/\/hoyre.no\/kristiansand\/aktuelt\/kristiansand-hoyres-valgprogram-er-klart\/\">LES KRISTIANSAND H\u00d8YRES VALGPROGRAM<\/a><\/div>\n<\/div>\n<\/div><\/div><\/div><\/div>\n\n\n\n<div class=\"wp-block-hoyre-banner alignwide undefined\"><div class=\"banner-inner\"><figure class=\"hoyre-image-wrapper\"><div class=\"hoyre-image\"><img loading=\"lazy\" decoding=\"async\" width=\"1667\" height=\"2500\" src=\"https:\/\/hoyre.no\/content\/uploads\/sites\/28\/2022\/09\/Hoyre-pride-parade_111-1-scaled.jpg\" class=\"attachment-scaled size-scaled\" alt=\"\" style=\"object-position: 50% 50%\" srcset=\"https:\/\/hoyre.no\/content\/uploads\/sites\/28\/2022\/09\/Hoyre-pride-parade_111-1-scaled.jpg 1667w, https:\/\/hoyre.no\/content\/uploads\/sites\/28\/2022\/09\/Hoyre-pride-parade_111-1-200x300.jpg 200w, https:\/\/hoyre.no\/content\/uploads\/sites\/28\/2022\/09\/Hoyre-pride-parade_111-1-683x1024.jpg 683w, https:\/\/hoyre.no\/content\/uploads\/sites\/28\/2022\/09\/Hoyre-pride-parade_111-1-768x1152.jpg 768w, https:\/\/hoyre.no\/content\/uploads\/sites\/28\/2022\/09\/Hoyre-pride-parade_111-1-1024x1536.jpg 1024w, https:\/\/hoyre.no\/content\/uploads\/sites\/28\/2022\/09\/Hoyre-pride-parade_111-1-1365x2048.jpg 1365w\" sizes=\"auto, (max-width: 1667px) 100vw, 1667px\" \/><\/div><\/figure><div class=\"banner-content\"><div class=\"entry-content\">\n<h2 class=\"wp-block-heading\" id=\"h-bli-bedre-kjent-med-kristiansand-hoyres-ordforer\">Bli bedre kjent med Kristiansand H\u00f8yres ordf\u00f8rer<\/h2>\n\n\n\n<p>Mathias Bernander er v\u00e5r ordf\u00f8rer i Kristiansand. Bli bedre kjent med hvem han er og hva han st\u00e5r for \ud83d\udc47<\/p>\n\n\n\n<div class=\"wp-block-buttons is-layout-flex wp-block-buttons-is-layout-flex\">\n<div class=\"wp-block-button\"><a class=\"wp-block-button__link wp-element-button\" href=\"https:\/\/hoyre.no\/kristiansand\/bli-kjent-med-vare-bystyrerepresentanter\/\">BLI KJENT MED MATHIAS<\/a><\/div>\n<\/div>\n<\/div><\/div><\/div><\/div>\n\n\n\n<div class=\"wp-block hoyre-section alignfull has-background is-style-light-blue wp-block-hoyre-section\"><div class=\"inner-blocks alignwide\">\n\n<h1 class=\"wp-block-heading has-text-align-center\" id=\"h-finn-ditt-naermeste-valglokale\">Finn ditt n\u00e6rmeste valglokale<\/h1>\n\n\n\n<p class=\"has-text-align-center\">Du kan forh\u00e5ndsstemme fra 10. august til og med 8. september. I denne perioden kan du stemme i valglokaler over hele landet. Se oversikt over lokale valglokaler og \u00e5pningstider her:<\/p>\n\n\n\n<div class=\"wp-block-buttons is-layout-flex wp-block-buttons-is-layout-flex\">\n<div class=\"wp-block-button is-style-fill aligncenter\"><a class=\"wp-block-button__link wp-element-button\" href=\"https:\/\/www.valg.no\/valglokaler\/valglokaler2\/stem-pa-forhand\/?mpid=4204\" target=\"_blank\" rel=\"noreferrer noopener\">lokaler for forh\u00e5ndsstemming<\/a><\/div>\n<\/div>\n\n\n\n<p class=\"has-text-align-center\">Valgdagen i \u00e5r er mandag 11. september. P\u00e5 valgdagen m\u00e5 du stemme i Kristiansand kommune. Se oversikt over lokale valglokaler og \u00e5pningstider her:<\/p>\n\n\n\n<div class=\"wp-block-buttons is-layout-flex wp-block-buttons-is-layout-flex\">\n<div class=\"wp-block-button aligncenter\"><a class=\"wp-block-button__link wp-element-button\" href=\"https:\/\/www.valg.no\/valglokaler\/valglokaler2\/stemme-pa-valgdagen\/?mpid=4204\" target=\"_blank\" rel=\"noreferrer noopener\">valglokaler p\u00e5 valgdagen<\/a><\/div>\n<\/div>\n\n\n\n<p class=\"has-text-align-center\"><strong>Husk \u00e5 ta med legitimasjon n\u00e5r du skal stemme. Godt valg!<\/strong><\/p>\n\n<\/div><\/div>","protected":false},"excerpt":{"rendered":"","protected":false},"author":347,"featured_media":0,"parent":0,"menu_order":0,"comment_status":"closed","ping_status":"closed","template":"","meta":{"teft_cards_image_url":"","teft_cards_custom_pretitle":"","teft_cards_image_id":552,"teft_cards_image_focal_point_x":0.5,"teft_cards_image_focal_point_y":0.5,"teft_cards_title":"","teft_cards_excerpt":"","teft_show_chapters":false,"footnotes":""},"class_list":["post-551","page","type-page","status-publish","hentry"],"yoast_head":"<!-- This site is optimized with the Yoast SEO plugin v26.6 - https:\/\/yoast.com\/wordpress\/plugins\/seo\/ -->\n<title>\u00c5tte gode grunner til \u00e5 stemme H\u00f8yre - Kristiansand H\u00f8yre<\/title>\n<meta name=\"robots\" content=\"index, follow, max-snippet:-1, max-image-preview:large, max-video-preview:-1\" \/>\n<link rel=\"canonical\" href=\"https:\/\/hoyre.no\/kristiansand\/atte-gode-grunner-til-a-stemme-hoyre\/\" \/>\n<meta property=\"og:locale\" content=\"nb_NO\" \/>\n<meta property=\"og:type\" content=\"article\" \/>\n<meta property=\"og:title\" content=\"\u00c5tte gode grunner til \u00e5 stemme H\u00f8yre - Kristiansand H\u00f8yre\" \/>\n<meta property=\"og:url\" content=\"https:\/\/hoyre.no\/kristiansand\/atte-gode-grunner-til-a-stemme-hoyre\/\" \/>\n<meta property=\"og:site_name\" content=\"Kristiansand H\u00f8yre\" \/>\n<meta property=\"article:modified_time\" content=\"2025-02-21T09:27:41+00:00\" \/>\n<meta property=\"og:image\" content=\"https:\/\/hoyre.no\/content\/uploads\/sites\/28\/2022\/12\/GettyImages-1279511651-scaled.jpg\" \/>\n\t<meta property=\"og:image:width\" content=\"2500\" \/>\n\t<meta property=\"og:image:height\" content=\"873\" \/>\n\t<meta property=\"og:image:type\" content=\"image\/jpeg\" \/>\n<meta name=\"twitter:card\" content=\"summary_large_image\" \/>\n<meta name=\"twitter:image\" content=\"https:\/\/hoyre.no\/content\/uploads\/sites\/28\/2022\/12\/GettyImages-1279511651-scaled.jpg\" \/>\n<meta name=\"twitter:label1\" content=\"Ansl. lesetid\" \/>\n\t<meta name=\"twitter:data1\" content=\"7 minutter\" \/>\n<script type=\"application\/ld+json\" class=\"yoast-schema-graph\">{\"@context\":\"https:\/\/schema.org\",\"@graph\":[{\"@type\":\"WebPage\",\"@id\":\"https:\/\/hoyre.no\/kristiansand\/atte-gode-grunner-til-a-stemme-hoyre\/\",\"url\":\"https:\/\/hoyre.no\/kristiansand\/atte-gode-grunner-til-a-stemme-hoyre\/\",\"name\":\"\u00c5tte gode grunner til \u00e5 stemme H\u00f8yre - Kristiansand H\u00f8yre\",\"isPartOf\":{\"@id\":\"https:\/\/hoyre.no\/kristiansand\/#website\"},\"image\":{\"@id\":\"https:\/\/hoyre.no\/kristiansand\/atte-gode-grunner-til-a-stemme-hoyre\/#primaryimage\"},\"thumbnailUrl\":\"https:\/\/hoyre.no\/content\/uploads\/sites\/28\/2022\/12\/GettyImages-516689144-1024x683.jpg\",\"datePublished\":\"2022-12-23T12:12:29+00:00\",\"dateModified\":\"2025-02-21T09:27:41+00:00\",\"breadcrumb\":{\"@id\":\"https:\/\/hoyre.no\/kristiansand\/atte-gode-grunner-til-a-stemme-hoyre\/#breadcrumb\"},\"inLanguage\":\"nb-NO\",\"potentialAction\":[{\"@type\":\"ReadAction\",\"target\":[\"https:\/\/hoyre.no\/kristiansand\/atte-gode-grunner-til-a-stemme-hoyre\/\"]}]},{\"@type\":\"ImageObject\",\"inLanguage\":\"nb-NO\",\"@id\":\"https:\/\/hoyre.no\/kristiansand\/atte-gode-grunner-til-a-stemme-hoyre\/#primaryimage\",\"url\":\"https:\/\/hoyre.no\/content\/uploads\/sites\/28\/2022\/12\/GettyImages-516689144-1024x683.jpg\",\"contentUrl\":\"https:\/\/hoyre.no\/content\/uploads\/sites\/28\/2022\/12\/GettyImages-516689144-1024x683.jpg\"},{\"@type\":\"BreadcrumbList\",\"@id\":\"https:\/\/hoyre.no\/kristiansand\/atte-gode-grunner-til-a-stemme-hoyre\/#breadcrumb\",\"itemListElement\":[{\"@type\":\"ListItem\",\"position\":1,\"name\":\"Til hoyre.no\",\"item\":\"https:\/\/hoyre.no\"},{\"@type\":\"ListItem\",\"position\":2,\"name\":\"Hjem\",\"item\":\"https:\/\/hoyre.no\/kristiansand\/\"},{\"@type\":\"ListItem\",\"position\":3,\"name\":\"\u00c5tte gode grunner til \u00e5 stemme H\u00f8yre\"}]},{\"@type\":\"WebSite\",\"@id\":\"https:\/\/hoyre.no\/kristiansand\/#website\",\"url\":\"https:\/\/hoyre.no\/kristiansand\/\",\"name\":\"Kristiansand H\u00f8yre\",\"description\":\"Bare enda et H\u00f8yres nettsteder-nettsted\",\"inLanguage\":\"nb-NO\"}]}<\/script>\n<!-- \/ Yoast SEO plugin. -->","yoast_head_json":{"title":"\u00c5tte gode grunner til \u00e5 stemme H\u00f8yre - Kristiansand H\u00f8yre","robots":{"index":"index","follow":"follow","max-snippet":"max-snippet:-1","max-image-preview":"max-image-preview:large","max-video-preview":"max-video-preview:-1"},"canonical":"https:\/\/hoyre.no\/kristiansand\/atte-gode-grunner-til-a-stemme-hoyre\/","og_locale":"nb_NO","og_type":"article","og_title":"\u00c5tte gode grunner til \u00e5 stemme H\u00f8yre - Kristiansand H\u00f8yre","og_url":"https:\/\/hoyre.no\/kristiansand\/atte-gode-grunner-til-a-stemme-hoyre\/","og_site_name":"Kristiansand H\u00f8yre","article_modified_time":"2025-02-21T09:27:41+00:00","og_image":[{"width":2500,"height":873,"url":"https:\/\/hoyre.no\/content\/uploads\/sites\/28\/2022\/12\/GettyImages-1279511651-scaled.jpg","type":"image\/jpeg"}],"twitter_card":"summary_large_image","twitter_image":"https:\/\/hoyre.no\/content\/uploads\/sites\/28\/2022\/12\/GettyImages-1279511651-scaled.jpg","twitter_misc":{"Ansl. lesetid":"7 minutter"},"schema":{"@context":"https:\/\/schema.org","@graph":[{"@type":"WebPage","@id":"https:\/\/hoyre.no\/kristiansand\/atte-gode-grunner-til-a-stemme-hoyre\/","url":"https:\/\/hoyre.no\/kristiansand\/atte-gode-grunner-til-a-stemme-hoyre\/","name":"\u00c5tte gode grunner til \u00e5 stemme H\u00f8yre - Kristiansand H\u00f8yre","isPartOf":{"@id":"https:\/\/hoyre.no\/kristiansand\/#website"},"image":{"@id":"https:\/\/hoyre.no\/kristiansand\/atte-gode-grunner-til-a-stemme-hoyre\/#primaryimage"},"thumbnailUrl":"https:\/\/hoyre.no\/content\/uploads\/sites\/28\/2022\/12\/GettyImages-516689144-1024x683.jpg","datePublished":"2022-12-23T12:12:29+00:00","dateModified":"2025-02-21T09:27:41+00:00","breadcrumb":{"@id":"https:\/\/hoyre.no\/kristiansand\/atte-gode-grunner-til-a-stemme-hoyre\/#breadcrumb"},"inLanguage":"nb-NO","potentialAction":[{"@type":"ReadAction","target":["https:\/\/hoyre.no\/kristiansand\/atte-gode-grunner-til-a-stemme-hoyre\/"]}]},{"@type":"ImageObject","inLanguage":"nb-NO","@id":"https:\/\/hoyre.no\/kristiansand\/atte-gode-grunner-til-a-stemme-hoyre\/#primaryimage","url":"https:\/\/hoyre.no\/content\/uploads\/sites\/28\/2022\/12\/GettyImages-516689144-1024x683.jpg","contentUrl":"https:\/\/hoyre.no\/content\/uploads\/sites\/28\/2022\/12\/GettyImages-516689144-1024x683.jpg"},{"@type":"BreadcrumbList","@id":"https:\/\/hoyre.no\/kristiansand\/atte-gode-grunner-til-a-stemme-hoyre\/#breadcrumb","itemListElement":[{"@type":"ListItem","position":1,"name":"Til hoyre.no","item":"https:\/\/hoyre.no"},{"@type":"ListItem","position":2,"name":"Hjem","item":"https:\/\/hoyre.no\/kristiansand\/"},{"@type":"ListItem","position":3,"name":"\u00c5tte gode grunner til \u00e5 stemme H\u00f8yre"}]},{"@type":"WebSite","@id":"https:\/\/hoyre.no\/kristiansand\/#website","url":"https:\/\/hoyre.no\/kristiansand\/","name":"Kristiansand H\u00f8yre","description":"Bare enda et H\u00f8yres nettsteder-nettsted","inLanguage":"nb-NO"}]}},"distributor_meta":false,"distributor_terms":false,"distributor_media":false,"distributor_original_site_name":"Kristiansand H\u00f8yre","distributor_original_site_url":"https:\/\/hoyre.no\/kristiansand","push-errors":false,"_links":{"self":[{"href":"https:\/\/hoyre.no\/kristiansand\/wp-json\/wp\/v2\/pages\/551","targetHints":{"allow":["GET"]}}],"collection":[{"href":"https:\/\/hoyre.no\/kristiansand\/wp-json\/wp\/v2\/pages"}],"about":[{"href":"https:\/\/hoyre.no\/kristiansand\/wp-json\/wp\/v2\/types\/page"}],"author":[{"embeddable":true,"href":"https:\/\/hoyre.no\/kristiansand\/wp-json\/wp\/v2\/users\/347"}],"replies":[{"embeddable":true,"href":"https:\/\/hoyre.no\/kristiansand\/wp-json\/wp\/v2\/comments?post=551"}],"version-history":[{"count":12,"href":"https:\/\/hoyre.no\/kristiansand\/wp-json\/wp\/v2\/pages\/551\/revisions"}],"predecessor-version":[{"id":1065,"href":"https:\/\/hoyre.no\/kristiansand\/wp-json\/wp\/v2\/pages\/551\/revisions\/1065"}],"wp:attachment":[{"href":"https:\/\/hoyre.no\/kristiansand\/wp-json\/wp\/v2\/media?parent=551"}],"curies":[{"name":"wp","href":"https:\/\/api.w.org\/{rel}","templated":true}]}}