{"id":313,"date":"2022-05-30T11:52:52","date_gmt":"2022-05-30T09:52:52","guid":{"rendered":"https:\/\/hoyre.no\/kristiansand\/?post_type=teft-events&#038;p=313"},"modified":"2022-05-30T11:57:25","modified_gmt":"2022-05-30T09:57:25","slug":"nominasjonsmote-for-tidlig-nominering-av-ordforerkandidat","status":"publish","type":"teft-events","link":"https:\/\/hoyre.no\/kristiansand\/arrangementer\/nominasjonsmote-for-tidlig-nominering-av-ordforerkandidat\/","title":{"rendered":"Nominasjonsm\u00f8te for tidlig nominering av ordf\u00f8rerkandidat"},"content":{"rendered":"\n<div class=\"wp-block-teft-event-top\">\n\n<div class=\"teft-event-date-top\">\n<div class=\"teft-event-date-wrapper\">\n\t<div class=\"date-square\" aria-hidden=\"true\">\n\t\t14\t\t\t<\/div>\n<\/div>\n\t<div class=\"top-text\">\n\t\t\t\t\t<p class=\"top-date-text\">tirsdag 14. juni 2022<\/p>\n\t\t\t\t\t\t\t<p class=\"top-time-text\">17:00 &#8211; 19:00<\/p>\n\t\t\t\t\t\t<\/div>\n\t\t<div class=\"sharing\">\n\t\t<a class=\"share-button share-link copy-link\" data-copy=\"https:\/\/hoyre.no\/kristiansand\/arrangementer\/nominasjonsmote-for-tidlig-nominering-av-ordforerkandidat\/\" target=\"_blank\"><span class=\"screen-reader-text\">Del link<\/span><\/a>\n\t\t<a class=\"share-button share-twitter\" href=\"http:\/\/twitter.com\/share?text=Nominasjonsm\u00f8te for tidlig nominering av ordf\u00f8rerkandidat&#038;url=https:\/\/hoyre.no\/kristiansand\/arrangementer\/nominasjonsmote-for-tidlig-nominering-av-ordforerkandidat\/&#038;hashtags=Hoyre\" target=\"_blank\"><span class=\"screen-reader-text\">Del p\u00e5 twitter<\/span><\/a>\n\t\t<a class=\"share-button share-facebook\" href=\"https:\/\/www.facebook.com\/sharer\/sharer.php?u=https:\/\/hoyre.no\/kristiansand\/arrangementer\/nominasjonsmote-for-tidlig-nominering-av-ordforerkandidat\/\" target=\"_blank\"><span class=\"screen-reader-text\">Del p\u00e5 facebook<\/span><\/a>\n\t<\/div>\n\t<\/div>\n<p class=\"preamble\">Innkalling til nominasjonsm\u00f8te for tidlig nominering av ordf\u00f8rerkandidat i Kristiansand H\u00f8yre.<\/p><figure class=\"hoyre-image-wrapper\"><div class=\"hoyre-image\"><img loading=\"lazy\" decoding=\"async\" width=\"1000\" height=\"1000\" src=\"https:\/\/hoyre.no\/content\/uploads\/sites\/28\/2021\/11\/Hoyre-logo-pa-nettsider.png\" class=\"attachment-scaled size-scaled\" alt=\"\" style=\"object-position: 50% 50%\" srcset=\"https:\/\/hoyre.no\/content\/uploads\/sites\/28\/2021\/11\/Hoyre-logo-pa-nettsider.png 1000w, https:\/\/hoyre.no\/content\/uploads\/sites\/28\/2021\/11\/Hoyre-logo-pa-nettsider-300x300.png 300w, https:\/\/hoyre.no\/content\/uploads\/sites\/28\/2021\/11\/Hoyre-logo-pa-nettsider-150x150.png 150w, https:\/\/hoyre.no\/content\/uploads\/sites\/28\/2021\/11\/Hoyre-logo-pa-nettsider-768x768.png 768w\" sizes=\"auto, (max-width: 1000px) 100vw, 1000px\" \/><\/div><\/figure>\n\n<div class=\"panel teft-details-panel\">\n\t\t<h3>Detaljer<\/h3>\n\n\t\t\t\t\t<dl class=\"info-misc-with-icons\">\n\t\t\t\t<dt class=\"venue\"><span class=\"screen-reader-text\">Stedet<\/span><\/dt>\n\t\t\t\t<dd>\n\t\t\t\t\t\t\t\t\t\t<a href=\"https:\/\/www.google.com\/maps\/place\/Radisson+Blu+Caledonien+Hotel,+Kristiansand\/@58.1425357,7.9925564,17z\/data=!3m1!4b1!4m5!3m4!1s0x463764a6c12239b3:0x27e12b33f4c29bea!8m2!3d58.1425357!4d7.9947451\">Caledonien hotell Kristiansand<\/a>\n\t\t\t\t\t\t\t\t\t\t\t\t\t\t\t\t<span class=\"address-line-2\">Vestre Strandgate 7, 4610 Kristiansand<\/span>\n\t\t\t\t\t\t\t\t\t<\/dd>\n\t\t\t<\/dl>\n\t\t\t\t\t\t\t<dl class=\"info-misc-with-icons\">\n\t\t<dt class=\"time\"><span class=\"screen-reader-text\">Arrangement dato<\/span><\/dt>\n\t\t<dd class=\"time\">\n\t\t\ttir 14. juni 2022 fra  17:00 &#8211; 19:00\t\t<\/dd>\n\t<\/dl>\n\t\t\t\t<\/dl>\n<\/div>\n<\/div>\n\n\n\n\n<h2 class=\"wp-block-heading\">Informasjon<\/h2>\n\n\n\n<p><strong>Tid<\/strong>: 14. juni 2022, registrering fra klokken 16:00, m\u00f8testart klokken 17:00<\/p>\n\n\n\n<p><strong>Sted<\/strong>: Caledonien hotell Kristiansand<\/p>\n\n\n\n<p><strong>Dagsorden for nominasjonsm\u00f8tet: &nbsp;<\/strong><\/p>\n\n\n\n<p>\u00c5pning av Kristiansand H\u00f8yres nominasjonsm\u00f8te for tidlig nominering av ordf\u00f8rerkandidat ved foreningsleder, Erle Wright Severinsen<\/p>\n\n\n\n<ul class=\"wp-block-list\"><li>Fastsetting av antall stemmeberettigede medlemmer til stede<\/li><li>Godkjennelse av innkalling<\/li><li>Valg av m\u00f8tedirigent, bisitter og referent<\/li><li>Sp\u00f8rsm\u00e5l om \u00e5pent\/lukket m\u00f8te<\/li><li>Valg av tre stemmeberettigede medlemmer til tellekorps<\/li><li>Valg av to stemmeberettigede medlemmer til \u00e5 underskrive protokollen<\/li><li>Nominasjonskomiteens redegj\u00f8relse og presentasjon av innstilt ordf\u00f8rerkandidat<\/li><li>Nominasjon av Kristiansand H\u00f8yres ordf\u00f8rerkandidat for kommunestyrevalget 2023<\/li><li>Introduksjon til programarbeidet, debatt og behandling av valgl\u00f8fter fra Kristiansand H\u00f8yre<\/li><li>Veien mot valget for Kristiansand H\u00f8yre og videre nominasjonsprosess. &nbsp;&nbsp;<\/li><\/ul>\n\n\n\n<p><strong>Nominasjonskomiteens innstilling:<\/strong><\/p>\n\n\n\n<p>\u00abMathias Bernander er innstilt som ordf\u00f8rerkandidat.<\/p>\n\n\n\n<p>Nominasjonskomiteen har hatt et godt utgangspunkt med tre veldig gode kandidater. Det har v\u00e6rt en spennende, men krevende prosess. N\u00e5 har en enstemmig nominasjonskomit\u00e9 innstilt Mathias Bernander som ordf\u00f8rerkandidat.\u00bb<\/p>\n\n\n\n<p>Les hele saken om innstillingen fra nominasjonskomiteen her: <a href=\"https:\/\/hoyre.no\/kristiansand\/aktuelt\/mathias-bernander-er-innstilt-som-ordforerkandidat\/\" target=\"_blank\" rel=\"noreferrer noopener\">https:\/\/hoyre.no\/kristiansand\/aktuelt\/mathias-bernander-er-innstilt-som-ordforerkandidat\/<\/a><\/p>\n\n\n\n<p>Nominasjonskomiteen ledes av Aase Marthe Horrigmo, \u00f8vrig sammensetning her: &nbsp;<a href=\"https:\/\/eur02.safelinks.protection.outlook.com\/?url=https%3A%2F%2Fhoyre.no%2Fkristiansand%2Faktuelt%2Faase-marthe-horrigmo-skal-lede-nominasjonsarbeidet-i-kristiansand-hoyre%2F&amp;data=05%7C01%7CJorgen.Heimsater%40hoyre.no%7C7b3b20f55f35405251ca08da421fd3b4%7Cbf9a38903f574896a3ab94703ec79bf9%7C0%7C0%7C637895001705502960%7CUnknown%7CTWFpbGZsb3d8eyJWIjoiMC4wLjAwMDAiLCJQIjoiV2luMzIiLCJBTiI6Ik1haWwiLCJXVCI6Mn0%3D%7C2000%7C%7C%7C&amp;sdata=jCz9ODYHFQAIXdBfrI3LsRz%2BVRBHvz6jGnhR7DpLw7Q%3D&amp;reserved=0\">https:\/\/hoyre.no\/kristiansand\/aktuelt\/aase-marthe-horrigmo-skal-lede-nominasjonsarbeidet-i-kristiansand-hoyre\/<\/a>.<\/p>\n\n\n\n<p><strong>Stemmeberettigede:<\/strong><\/p>\n\n\n\n<p>For \u00e5 ha stemmerett m\u00e5 en ha v\u00e6rt medlem i minst 4 uker (innmeldt senest 16. mai) og ha betalt kontingent f\u00f8r m\u00f8tet begynner, samt ha stemmerett ved det valget i den kommunen det nomineres til.<\/p>\n\n\n<div class=\"post-meta wp-block\">\n\t<div class=\"top\">\n\t\t<div class=\"sharing\">\n\t\t\t<a class=\"share-button share-link\" target=\"_blank\"><span class=\"screen-reader-text\">Del link<\/span><\/a>\n\t\t\t<a class=\"share-button share-twitter\" href=\"http:\/\/twitter.com\/share?text=Nominasjonsm\u00f8te for tidlig nominering av ordf\u00f8rerkandidat&#038;url=https:\/\/hoyre.no\/kristiansand\/arrangementer\/nominasjonsmote-for-tidlig-nominering-av-ordforerkandidat\/&#038;hashtags=Hoyre\"><span class=\"screen-reader-text\">Del p\u00e5 twitter<\/span><\/a>\n\t\t\t<a class=\"share-button share-facebook\" href=\"https:\/\/www.facebook.com\/sharer\/sharer.php?u=https:\/\/hoyre.no\/kristiansand\/arrangementer\/nominasjonsmote-for-tidlig-nominering-av-ordforerkandidat\/\" target=\"_blank\"><span class=\"screen-reader-text\">Del p\u00e5 facebook<\/span><\/a>\n\t\t<\/div>\n\t<\/div>\n<\/div>\n","protected":false},"template":"","meta":{"teft_cards_image_url":"","teft_cards_custom_pretitle":"","teft_cards_image_id":201,"teft_cards_image_focal_point_x":0.5,"teft_cards_image_focal_point_y":0.5,"teft_cards_title":"","teft_cards_excerpt":"","teft_show_chapters":false,"event_organizer":[],"event_start_date":"2022-06-14T17:00:00","event_end_date":"2022-06-14T19:00:00","event_registration_url":"","event_registration_deadline":"","event_ticket_cost":"","event_venue_name":"Caledonien hotell Kristiansand","event_venue_url":"https:\/\/www.google.com\/maps\/place\/Radisson+Blu+Caledonien+Hotel,+Kristiansand\/@58.1425357,7.9925564,17z\/data=!3m1!4b1!4m5!3m4!1s0x463764a6c12239b3:0x27e12b33f4c29bea!8m2!3d58.1425357!4d7.9947451","event_venue_address":"Vestre Strandgate 7, 4610 Kristiansand"},"teft-events-category":[],"class_list":["post-313","teft-events","type-teft-events","status-publish","hentry"],"yoast_head":"<!-- This site is optimized with the Yoast SEO plugin v26.6 - https:\/\/yoast.com\/wordpress\/plugins\/seo\/ -->\n<title>Nominasjonsm\u00f8te for tidlig nominering av ordf\u00f8rerkandidat - Kristiansand H\u00f8yre<\/title>\n<meta name=\"robots\" content=\"index, follow, max-snippet:-1, max-image-preview:large, max-video-preview:-1\" \/>\n<link rel=\"canonical\" href=\"https:\/\/hoyre.no\/kristiansand\/arrangementer\/nominasjonsmote-for-tidlig-nominering-av-ordforerkandidat\/\" \/>\n<meta property=\"og:locale\" content=\"nb_NO\" \/>\n<meta property=\"og:type\" content=\"article\" \/>\n<meta property=\"og:title\" content=\"Nominasjonsm\u00f8te for tidlig nominering av ordf\u00f8rerkandidat - Kristiansand H\u00f8yre\" \/>\n<meta property=\"og:url\" content=\"https:\/\/hoyre.no\/kristiansand\/arrangementer\/nominasjonsmote-for-tidlig-nominering-av-ordforerkandidat\/\" \/>\n<meta property=\"og:site_name\" content=\"Kristiansand H\u00f8yre\" \/>\n<meta property=\"article:modified_time\" content=\"2022-05-30T09:57:25+00:00\" \/>\n<meta property=\"og:image\" content=\"https:\/\/hoyre.no\/content\/uploads\/sites\/28\/2021\/11\/Hoyre-logo-pa-nettsider.png\" \/>\n<meta name=\"twitter:card\" content=\"summary_large_image\" \/>\n<meta name=\"twitter:label1\" content=\"Ansl. lesetid\" \/>\n\t<meta name=\"twitter:data1\" content=\"2 minutter\" \/>\n<script type=\"application\/ld+json\" class=\"yoast-schema-graph\">{\"@context\":\"https:\/\/schema.org\",\"@graph\":[{\"@type\":\"WebPage\",\"@id\":\"https:\/\/hoyre.no\/kristiansand\/arrangementer\/nominasjonsmote-for-tidlig-nominering-av-ordforerkandidat\/\",\"url\":\"https:\/\/hoyre.no\/kristiansand\/arrangementer\/nominasjonsmote-for-tidlig-nominering-av-ordforerkandidat\/\",\"name\":\"Nominasjonsm\u00f8te for tidlig nominering av ordf\u00f8rerkandidat - Kristiansand H\u00f8yre\",\"isPartOf\":{\"@id\":\"https:\/\/hoyre.no\/kristiansand\/#website\"},\"datePublished\":\"2022-05-30T09:52:52+00:00\",\"dateModified\":\"2022-05-30T09:57:25+00:00\",\"breadcrumb\":{\"@id\":\"https:\/\/hoyre.no\/kristiansand\/arrangementer\/nominasjonsmote-for-tidlig-nominering-av-ordforerkandidat\/#breadcrumb\"},\"inLanguage\":\"nb-NO\",\"potentialAction\":[{\"@type\":\"ReadAction\",\"target\":[\"https:\/\/hoyre.no\/kristiansand\/arrangementer\/nominasjonsmote-for-tidlig-nominering-av-ordforerkandidat\/\"]}]},{\"@type\":\"BreadcrumbList\",\"@id\":\"https:\/\/hoyre.no\/kristiansand\/arrangementer\/nominasjonsmote-for-tidlig-nominering-av-ordforerkandidat\/#breadcrumb\",\"itemListElement\":[{\"@type\":\"ListItem\",\"position\":1,\"name\":\"Til hoyre.no\",\"item\":\"https:\/\/hoyre.no\"},{\"@type\":\"ListItem\",\"position\":2,\"name\":\"Hjem\",\"item\":\"https:\/\/hoyre.no\/kristiansand\/\"},{\"@type\":\"ListItem\",\"position\":3,\"name\":\"Arrangement\",\"item\":\"https:\/\/hoyre.no\/kristiansand\/arrangementer\/\"},{\"@type\":\"ListItem\",\"position\":4,\"name\":\"Nominasjonsm\u00f8te for tidlig nominering av ordf\u00f8rerkandidat\"}]},{\"@type\":\"WebSite\",\"@id\":\"https:\/\/hoyre.no\/kristiansand\/#website\",\"url\":\"https:\/\/hoyre.no\/kristiansand\/\",\"name\":\"Kristiansand H\u00f8yre\",\"description\":\"Bare enda et H\u00f8yres nettsteder-nettsted\",\"inLanguage\":\"nb-NO\"}]}<\/script>\n<!-- \/ Yoast SEO plugin. -->","yoast_head_json":{"title":"Nominasjonsm\u00f8te for tidlig nominering av ordf\u00f8rerkandidat - Kristiansand H\u00f8yre","robots":{"index":"index","follow":"follow","max-snippet":"max-snippet:-1","max-image-preview":"max-image-preview:large","max-video-preview":"max-video-preview:-1"},"canonical":"https:\/\/hoyre.no\/kristiansand\/arrangementer\/nominasjonsmote-for-tidlig-nominering-av-ordforerkandidat\/","og_locale":"nb_NO","og_type":"article","og_title":"Nominasjonsm\u00f8te for tidlig nominering av ordf\u00f8rerkandidat - Kristiansand H\u00f8yre","og_url":"https:\/\/hoyre.no\/kristiansand\/arrangementer\/nominasjonsmote-for-tidlig-nominering-av-ordforerkandidat\/","og_site_name":"Kristiansand H\u00f8yre","article_modified_time":"2022-05-30T09:57:25+00:00","og_image":[{"url":"https:\/\/hoyre.no\/content\/uploads\/sites\/28\/2021\/11\/Hoyre-logo-pa-nettsider.png","width":"","height":"","type":""}],"twitter_card":"summary_large_image","twitter_misc":{"Ansl. lesetid":"2 minutter"},"schema":{"@context":"https:\/\/schema.org","@graph":[{"@type":"WebPage","@id":"https:\/\/hoyre.no\/kristiansand\/arrangementer\/nominasjonsmote-for-tidlig-nominering-av-ordforerkandidat\/","url":"https:\/\/hoyre.no\/kristiansand\/arrangementer\/nominasjonsmote-for-tidlig-nominering-av-ordforerkandidat\/","name":"Nominasjonsm\u00f8te for tidlig nominering av ordf\u00f8rerkandidat - Kristiansand H\u00f8yre","isPartOf":{"@id":"https:\/\/hoyre.no\/kristiansand\/#website"},"datePublished":"2022-05-30T09:52:52+00:00","dateModified":"2022-05-30T09:57:25+00:00","breadcrumb":{"@id":"https:\/\/hoyre.no\/kristiansand\/arrangementer\/nominasjonsmote-for-tidlig-nominering-av-ordforerkandidat\/#breadcrumb"},"inLanguage":"nb-NO","potentialAction":[{"@type":"ReadAction","target":["https:\/\/hoyre.no\/kristiansand\/arrangementer\/nominasjonsmote-for-tidlig-nominering-av-ordforerkandidat\/"]}]},{"@type":"BreadcrumbList","@id":"https:\/\/hoyre.no\/kristiansand\/arrangementer\/nominasjonsmote-for-tidlig-nominering-av-ordforerkandidat\/#breadcrumb","itemListElement":[{"@type":"ListItem","position":1,"name":"Til hoyre.no","item":"https:\/\/hoyre.no"},{"@type":"ListItem","position":2,"name":"Hjem","item":"https:\/\/hoyre.no\/kristiansand\/"},{"@type":"ListItem","position":3,"name":"Arrangement","item":"https:\/\/hoyre.no\/kristiansand\/arrangementer\/"},{"@type":"ListItem","position":4,"name":"Nominasjonsm\u00f8te for tidlig nominering av ordf\u00f8rerkandidat"}]},{"@type":"WebSite","@id":"https:\/\/hoyre.no\/kristiansand\/#website","url":"https:\/\/hoyre.no\/kristiansand\/","name":"Kristiansand H\u00f8yre","description":"Bare enda et H\u00f8yres nettsteder-nettsted","inLanguage":"nb-NO"}]}},"distributor_meta":false,"distributor_terms":false,"distributor_media":false,"distributor_original_site_name":"Kristiansand H\u00f8yre","distributor_original_site_url":"https:\/\/hoyre.no\/kristiansand","push-errors":false,"_links":{"self":[{"href":"https:\/\/hoyre.no\/kristiansand\/wp-json\/wp\/v2\/teft-events\/313","targetHints":{"allow":["GET"]}}],"collection":[{"href":"https:\/\/hoyre.no\/kristiansand\/wp-json\/wp\/v2\/teft-events"}],"about":[{"href":"https:\/\/hoyre.no\/kristiansand\/wp-json\/wp\/v2\/types\/teft-events"}],"wp:attachment":[{"href":"https:\/\/hoyre.no\/kristiansand\/wp-json\/wp\/v2\/media?parent=313"}],"wp:term":[{"taxonomy":"teft-events-category","embeddable":true,"href":"https:\/\/hoyre.no\/kristiansand\/wp-json\/wp\/v2\/teft-events-category?post=313"}],"curies":[{"name":"wp","href":"https:\/\/api.w.org\/{rel}","templated":true}]}}