{"id":3,"date":"2023-06-06T11:08:00","date_gmt":"2023-06-06T09:08:00","guid":{"rendered":"https:\/\/hoyre.no\/larvik\/forsiden\/"},"modified":"2026-04-26T18:19:03","modified_gmt":"2026-04-26T16:19:03","slug":"forsiden","status":"publish","type":"page","link":"https:\/\/hoyre.no\/larvik\/","title":{"rendered":"Forsiden"},"content":{"rendered":"<div class=\"hero-2026 alignwide is-style-straight wp-block-hoyre-hero-2026\">\n\t\t\t<div class=\"hero-2026__image\"><img decoding=\"async\" src=\"https:\/\/hoyre.no\/content\/uploads\/sites\/365\/2023\/06\/Helgeroa-scaled.jpg\" alt=\"\" \/><\/div>\n\t\t\t\n\t\t\t<div class=\"hero-2026__content\">\n\t\t\t\t\n\t\t\t\t\n\t\t\t\t<h2 class=\"hero-2026__title\">Bli med p\u00e5 laget!<\/h2>\n\t\t\t\t<div class=\"hero-2026__buttons\">\n\n<div class=\"wp-block-buttons is-content-justification-center is-layout-flex wp-container-core-buttons-is-layout-16018d1d wp-block-buttons-is-layout-flex\">\n<div class=\"wp-block-button\"><a class=\"wp-block-button__link wp-element-button\" href=\"https:\/\/hoyre.no\/bli-med\/bli-medlem\/\">bli medlem<\/a><\/div>\n<\/div>\n\n<\/div>\n\t\t\t<\/div>\n\t\t<\/div>\n\n\n\n<section class=\"wp-block-hoyre-branch-contact-person alignwide\">\n\t<div class=\"block-inner\">\n\t\t\n<div class=\"politician-info-wrapper\">\n\t<div class=\"politician-image-wrapper\">\n\t\t<div class=\"politician-image\">\n\t\t\t\t\t\t\t\t\t\t\t<a href=\"https:\/\/res.cloudinary.com\/hoyre\/image\/upload\/g_face:center,d_defaultprofileimg3.jpg,fl_lossy,f_auto\/v200902\/12228193.jpg\">\n\t\t\t\t\t<img decoding=\"async\" src=\"https:\/\/res.cloudinary.com\/hoyre\/image\/upload\/c_thumb,g_face:center,h_500,w_500,d_defaultprofileimg3.jpg,fl_lossy,f_auto\/w_500\/v20230420\/12228193.jpg\" alt=\"Profilbilde\" style=\"object-position: 50% 50%\" \/>\n\t\t\t\t<\/a>\n\t\t\t\t\t<\/div>\n\t\t\t<\/div>\n\t<div class=\"politician-details\">\n\t\t\t\t\t<h1 class=\"politician-name\"><a href=\"https:\/\/hoyre.no\/personprofiler\/birgitte-gulla-loken\/\">Birgitte Gulla L\u00f8ken<\/a><\/h1>\n\t\t\t\t\t\t\t\t<h2 class=\"politician-title\">Ordf\u00f8rer Larvik<\/h2>\n\t\t\t\t\t<\/div>\n<\/div>\n\t<\/div>\n<\/section>\n\n\n\n<h2 class=\"wp-block-heading\"><strong>Medlemsm\u00f8te 11. juni 2026<\/strong><\/h2>\n\n\n\n<p><strong><em>Til alle medlemmer i Larvik H\u00f8yre<\/em><\/strong><strong><em><\/em><\/strong><\/p>\n\n\n\n<p><em>Det foreg\u00e5r mye i Larvik H\u00f8yre for tiden!&nbsp; N\u00e5 er vi i gang med \u00e5 planlegge arbeidet med utforming av et nytt partiprogram for Larvik H\u00f8yre.&nbsp; Dette arbeidet skal sluttf\u00f8res ca ved \u00e5rsskiftet 26\/27.<\/em><\/p>\n\n\n\n<p><em>Nominasjonskomit\u00e9en etableres ogs\u00e5 i disse dager. Listene skal bemannes!<\/em><\/p>\n\n\n\n<p><em>Det jobbes ogs\u00e5 med \u00e5 \u00f8ke v\u00e5r digitale synlighet \u2013 vent og se!&nbsp;<\/em><\/p>\n\n\n\n<p class=\"has-text-align-left\"><em>Vi inviterer til \u00e5rets f\u00f8rste medlemsm\u00f8te i Larvik H\u00f8yre..:<\/em><\/p>\n\n\n\n<p><strong><em>Torsdag 11. juni 2026<\/em><\/strong><\/p>\n\n\n\n<p><em>M\u00f8tet starter kl 18 \u2013 det er mulig \u00e5 komme \u00bd time f\u00f8r.&nbsp; Denne gangen m\u00f8tes vi p\u00e5 Bedehuset restaurant &#8211;&nbsp;<\/em><a href=\"https:\/\/www.bedehusetmatogdrikke.no\/\"><em>https:\/\/www.bedehusetmatogdrikke.no\/<\/em><\/a><em>&nbsp;&#8211; vi skal v\u00e6re i 2. etasje.<\/em><\/p>\n\n\n\n<p><em>Program for dette m\u00f8tet vil v\u00e6re..:<\/em><\/p>\n\n\n\n<ol start=\"1\" class=\"wp-block-list\">\n<li><em>Presentasjon av planer, prosesser og personer i programarbeidet<\/em><\/li>\n\n\n\n<li><em>Siste nytt om Torget 1<\/em><\/li>\n\n\n\n<li><em>\u2018Politisk kvarter\u2019 med v\u00e5r aktive ordf\u00f8rer Birgitte Gulla L\u00f8ken<\/em><\/li>\n\n\n\n<li><em>K\u00e5ring av vinner i v\u00e5rens \u2018verv et nytt H\u00f8yre-medlem\u2019 *<\/em><\/li>\n<\/ol>\n\n\n\n<p><em>Vi avslutter med en hyggelig middag og litt mingling.&nbsp; For de som vil spise middag er det en egenandel p\u00e5 kr 200,-.&nbsp; Du kan velge mellom en kj\u00f8ttrett og en fiskerett.&nbsp; Alle f\u00e5r dessert, og Larvik H\u00f8yre spanderer denne gang ogs\u00e5 et glass vin\/\u00f8l\/mineralvann.<\/em><\/p>\n\n\n\n<p><em>P\u00e5melding her &#8211;&gt;&nbsp;&nbsp;<a href=\"https:\/\/hoyre.ungapped.io\/Surveys\/602c16f4-eeda-4c02-9541-c4ab70006f33\">Larvik H\u00f8yre medlemsm\u00f8te med middag 11. juni 2026<\/a><\/em><\/p>\n\n\n\n<p><em>P\u00e5meldingsfrist 31. mai 2026.<\/em><\/p>\n\n\n\n<p><em>* Egen epost om pkt 4 kommer om litt\u2026<\/em><\/p>\n\n\n\n<p><em>Benytt denne anledningen til \u00e5 bli litt bedre kjent med Larvik H\u00f8yre og aktive personer i foreningen.&nbsp; Vi \u00f8nsker oss flere engasjerte medlemmer \u2013 det er mange og interessante oppgaver vi jobber med \u2013 og det er plass til flere!<\/em><\/p>\n\n\n\n<figure class=\"wp-block-image size-large is-resized\"><img loading=\"lazy\" decoding=\"async\" width=\"1024\" height=\"1024\" src=\"https:\/\/hoyre.no\/content\/uploads\/sites\/365\/2026\/04\/Bedehsuet-eget-bilde-1024x1024.jpg\" alt=\"Bilde l\u00e5nt fra Resturant Bedehuset facebookside\" class=\"wp-image-346\" style=\"width:401px;height:auto\" srcset=\"https:\/\/hoyre.no\/content\/uploads\/sites\/365\/2026\/04\/Bedehsuet-eget-bilde-1024x1024.jpg 1024w, https:\/\/hoyre.no\/content\/uploads\/sites\/365\/2026\/04\/Bedehsuet-eget-bilde-300x300.jpg 300w, https:\/\/hoyre.no\/content\/uploads\/sites\/365\/2026\/04\/Bedehsuet-eget-bilde-150x150.jpg 150w, https:\/\/hoyre.no\/content\/uploads\/sites\/365\/2026\/04\/Bedehsuet-eget-bilde-768x767.jpg 768w, https:\/\/hoyre.no\/content\/uploads\/sites\/365\/2026\/04\/Bedehsuet-eget-bilde.jpg 1081w\" sizes=\"auto, (max-width: 1024px) 100vw, 1024px\" \/><\/figure>\n\n\n\n<p><sub>( Bilde l\u00e5nt fra Resturant Bedehuset facebookside)<\/sub><\/p>\n\n\n\n<p><em><strong>Har du sp\u00f8rsm\u00e5l \u2013 eller noe p\u00e5 hjertet \u2013 skriv gjerne noen ord til meg!<\/strong><\/em><\/p>\n\n\n\n<p><em>Hilsen&nbsp;Tore Aar\u00f8n\u00e6s<\/em><\/p>\n\n\n\n<p><em>Nestleder og medlemsansvarlig<\/em><\/p>\n\n\n\n<p><em>Larvik H\u00f8yre<\/em><\/p>\n\n\n\n<p><a href=\"mailto:tore@teleinfo.no\"><em>tore@teleinfo.no<\/em><\/a><\/p>\n\n\n\n<p><em>920 44&nbsp;950<\/em><\/p>\n\n\n\n<section class=\"wp-block-hoyre-latest-grid\">\n\t<div class=\"block-inner\">\n\t\t<header>\n\t\t\t<h2>Nyheter<\/h2>\n\t\t\t\t\t\t\t<a href=\"https:\/\/hoyre.no\/larvik\/nyheter\/\">Vis alle<\/a>\n\t\t\t\t\t<\/header>\n\t\t<div class=\"teft-cards-grid default-size-4\">\n\t\t\t<div class=\"teft-cards-item has-12-columns is-style-two-columns is-vertically-aligned-center is-aligned-center is-card-hoyre\">\n\t<div class=\"teft-card hoyre-teft-card post-teft-card\">\n\t\t<a href=\"https:\/\/hoyre.no\/larvik\/aktuelt\/ny-ledelse-i-larvik-hoyre\/\" class=\"teft-card__primary-action\">\n\n\t\t\t\t\t<div class=\"teft-card__media teft-card__media--16-9\">\n\t\t\t\t\t\t<img loading=\"lazy\" decoding=\"async\" width=\"768\" height=\"576\" src=\"https:\/\/hoyre.no\/content\/uploads\/sites\/365\/2025\/11\/Larvik-H_ledelse-768x576.jpg\" class=\"attachment-medium_large size-medium_large\" alt=\"Ordf\u00f8rer Birgitte Gulla L\u00f8ken, Vetle Dahl Gundersen, Tore Aar\u00f8n\u00e6s, gruppeleder Marie Offenberg\" \/>\t\t<\/div>\n\t\t\n\t\t\t<div class=\"teft-card__content-wrapper\">\n\t\t\t\t<div class=\"teft-card__secondary\">\n\t\t\t\t\t\n\t\t\t\t\t\t\t\t<div class=\"teft-card__meta\">\n\t\t\t\t\t\t\t\t\t<span class=\"post-date\">11. nov 2025<\/span>\n\n\t\t\t\t\t\t\t\t\t\t\t\t\t\t\t\t\t<\/div>\n\t\t\t\t\t\t\t\t\t\t\t<\/div>\n\n\t\t\t\t<div class=\"teft-card__primary\">\n\t\t\t\t\t<h2 class=\"teft-card__title\">Ny ledelse i Larvik H\u00f8yre&nbsp;<span class=\"teft-card__primary-title-append\"><\/span><\/h2>\t\t\t\t<\/div>\n\t\t\t<\/div>\n\t\t<\/a>\n\t<\/div>\n\n\t<\/div>\t\t\t<div class=\"teft-cards-item has-6-columns  is-card-hoyre\">\n\t<div class=\"teft-card hoyre-teft-card post-teft-card\">\n\t\t<a href=\"https:\/\/hoyre.no\/2026\/04\/27\/kan-ikke-fortsette-a-gjore-ting-av-gammel-vane\/\" class=\"teft-card__primary-action\">\n\n\t\t\t\t\t<div class=\"teft-card__media teft-card__media--16-9\">\n\t\t\t<span class=\"sticker\">Nasjonal<\/span>\t\t\t<img loading=\"lazy\" decoding=\"async\" width=\"768\" height=\"687\" src=\"https:\/\/hoyre.no\/content\/uploads\/2026\/04\/Skjermbilde-2026-04-27-kl.-12.46.12-768x687.png\" class=\"attachment-medium_large size-medium_large\" alt=\"\" \/>\t\t<\/div>\n\t\t\n\t\t\t<div class=\"teft-card__content-wrapper\">\n\t\t\t\t<div class=\"teft-card__secondary\">\n\t\t\t\t\t\n\t\t\t\t\t\t\t\t<div class=\"teft-card__meta\">\n\t\t\t\t\t\t\t\t\t<span class=\"post-date\">27. apr 2026<\/span>\n\n\t\t\t\t\t\t\t\t\t\t\t\t\t\t\t\t\t<\/div>\n\t\t\t\t\t\t\t\t\t\t\t<\/div>\n\n\t\t\t\t<div class=\"teft-card__primary\">\n\t\t\t\t\t<h2 class=\"teft-card__title\">M\u00e5 t\u00f8rre \u00e5 stille sp\u00f8rsm\u00e5let \u00abhvorfor\u00bb?&nbsp;<span class=\"teft-card__primary-title-append\"><\/span><\/h2>\t\t\t\t<\/div>\n\t\t\t<\/div>\n\t\t<\/a>\n\t<\/div>\n\n\t<!-- From network 1 365--><!-- From card class --><\/div>\t\t\t<div class=\"teft-cards-item has-6-columns  is-card-hoyre\">\n\t<div class=\"teft-card hoyre-teft-card post-teft-card\">\n\t\t<a href=\"https:\/\/hoyre.no\/2026\/04\/23\/vil-ha-mer-apenhet-i-kulturpolitikken\/\" class=\"teft-card__primary-action\">\n\n\t\t\t\t\t<div class=\"teft-card__media teft-card__media--16-9\">\n\t\t\t<span class=\"sticker\">Nasjonal<\/span>\t\t\t<img loading=\"lazy\" decoding=\"async\" width=\"768\" height=\"512\" src=\"https:\/\/hoyre.no\/content\/uploads\/2026\/04\/54840688366_c09bf4b26e_k-768x512.jpg\" class=\"attachment-medium_large size-medium_large\" alt=\"Poppe\" \/>\t\t<\/div>\n\t\t\n\t\t\t<div class=\"teft-card__content-wrapper\">\n\t\t\t\t<div class=\"teft-card__secondary\">\n\t\t\t\t\t\n\t\t\t\t\t\t\t\t<div class=\"teft-card__meta\">\n\t\t\t\t\t\t\t\t\t<span class=\"post-date\">23. apr 2026<\/span>\n\n\t\t\t\t\t\t\t\t\t\t\t\t\t\t\t\t\t<\/div>\n\t\t\t\t\t\t\t\t\t\t\t<\/div>\n\n\t\t\t\t<div class=\"teft-card__primary\">\n\t\t\t\t\t<h2 class=\"teft-card__title\">H\u00f8yre vil \u00e5pne Kulturr\u00e5det \u2013 Ap sier nei&nbsp;<span class=\"teft-card__primary-title-append\"><\/span><\/h2>\t\t\t\t<\/div>\n\t\t\t<\/div>\n\t\t<\/a>\n\t<\/div>\n\n\t<!-- From network 1 365--><!-- From card class --><\/div>\t\t\t<div class=\"teft-cards-item has-4-columns is-card-hoyre\">\n\t<div class=\"teft-card hoyre-teft-card post-teft-card\">\n\t\t<a href=\"https:\/\/hoyre.no\/2026\/04\/22\/krever-grep-mot-ki-juks\/\" class=\"teft-card__primary-action\">\n\n\t\t\t\t\t<div class=\"teft-card__media teft-card__media--16-9\">\n\t\t\t<span class=\"sticker\">Nasjonal<\/span>\t\t\t<img loading=\"lazy\" decoding=\"async\" width=\"768\" height=\"511\" src=\"https:\/\/hoyre.no\/content\/uploads\/2026\/04\/Skjermbilde-2026-04-21-kl.-13.08.35-768x511.png\" class=\"attachment-medium_large size-medium_large\" alt=\"KI-juks\" \/>\t\t<\/div>\n\t\t\n\t\t\t<div class=\"teft-card__content-wrapper\">\n\t\t\t\t<div class=\"teft-card__secondary\">\n\t\t\t\t\t\n\t\t\t\t\t\t\t\t<div class=\"teft-card__meta\">\n\t\t\t\t\t\t\t\t\t<span class=\"post-date\">22. apr 2026<\/span>\n\n\t\t\t\t\t\t\t\t\t\t\t\t\t\t\t\t\t<\/div>\n\t\t\t\t\t\t\t\t\t\t\t<\/div>\n\n\t\t\t\t<div class=\"teft-card__primary\">\n\t\t\t\t\t<h2 class=\"teft-card__title\">H\u00f8yre krever grep mot KI-juks&nbsp;<span class=\"teft-card__primary-title-append\"><\/span><\/h2>\t\t\t\t<\/div>\n\t\t\t<\/div>\n\t\t<\/a>\n\t<\/div>\n\n\t<!-- From network 1 365--><!-- From card class --><\/div>\t\t\t<div class=\"teft-cards-item has-4-columns is-card-hoyre\">\n\t<div class=\"teft-card hoyre-teft-card post-teft-card\">\n\t\t<a href=\"https:\/\/hoyre.no\/2026\/04\/22\/handlingsregelen-mister-sitt-poeng\/\" class=\"teft-card__primary-action\">\n\n\t\t\t\t\t<div class=\"teft-card__media teft-card__media--16-9\">\n\t\t\t<span class=\"sticker\">Nasjonal<\/span>\t\t\t<img loading=\"lazy\" decoding=\"async\" width=\"768\" height=\"512\" src=\"https:\/\/hoyre.no\/content\/uploads\/2026\/04\/ine-768x512.jpg\" class=\"attachment-medium_large size-medium_large\" alt=\"Ine\" \/>\t\t<\/div>\n\t\t\n\t\t\t<div class=\"teft-card__content-wrapper\">\n\t\t\t\t<div class=\"teft-card__secondary\">\n\t\t\t\t\t\n\t\t\t\t\t\t\t\t<div class=\"teft-card__meta\">\n\t\t\t\t\t\t\t\t\t<span class=\"post-date\">22. apr 2026<\/span>\n\n\t\t\t\t\t\t\t\t\t\t\t\t\t\t\t\t\t<\/div>\n\t\t\t\t\t\t\t\t\t\t\t<\/div>\n\n\t\t\t\t<div class=\"teft-card__primary\">\n\t\t\t\t\t<h2 class=\"teft-card__title\">Regjeringen har glemt hovedpoenget med handlingsregelen&nbsp;<span class=\"teft-card__primary-title-append\"><\/span><\/h2>\t\t\t\t<\/div>\n\t\t\t<\/div>\n\t\t<\/a>\n\t<\/div>\n\n\t<!-- From network 1 365--><!-- From card class --><\/div>\t\t\t<div class=\"teft-cards-item has-4-columns is-card-hoyre\">\n\t<div class=\"teft-card hoyre-teft-card post-teft-card\">\n\t\t<a href=\"https:\/\/hoyre.no\/2026\/04\/21\/her-er-hoyres-tre-hovedkrav-for-forsvaret\/\" class=\"teft-card__primary-action\">\n\n\t\t\t\t\t<div class=\"teft-card__media teft-card__media--16-9\">\n\t\t\t<span class=\"sticker\">Nasjonal<\/span>\t\t\t<img loading=\"lazy\" decoding=\"async\" width=\"768\" height=\"512\" src=\"https:\/\/hoyre.no\/content\/uploads\/2026\/04\/Ine-Eriksen-Soreide-og-Peter-Frolich-med-drone-foto-Hans-Kristian-Thorbjornsen-9181-768x512.jpg\" class=\"attachment-medium_large size-medium_large\" alt=\"Peter og Ine\" \/>\t\t<\/div>\n\t\t\n\t\t\t<div class=\"teft-card__content-wrapper\">\n\t\t\t\t<div class=\"teft-card__secondary\">\n\t\t\t\t\t\n\t\t\t\t\t\t\t\t<div class=\"teft-card__meta\">\n\t\t\t\t\t\t\t\t\t<span class=\"post-date\">21. apr 2026<\/span>\n\n\t\t\t\t\t\t\t\t\t\t\t\t\t\t\t\t\t<\/div>\n\t\t\t\t\t\t\t\t\t\t\t<\/div>\n\n\t\t\t\t<div class=\"teft-card__primary\">\n\t\t\t\t\t<h2 class=\"teft-card__title\">Her er H\u00f8yres tre viktigste krav&nbsp;<span class=\"teft-card__primary-title-append\"><\/span><\/h2>\t\t\t\t<\/div>\n\t\t\t<\/div>\n\t\t<\/a>\n\t<\/div>\n\n\t<!-- From network 1 365--><!-- From card class --><\/div>\t\t\t\t\t<\/div>\n\t<\/div>\n<\/section>\n\n\n\n\n\n\n\n\n\n<p><\/p>\n\n\n\n\n<h2 class=\"wp-block-heading\"><\/h2>\n\n\n\n<p><\/p>\n\n\n\n<p><\/p>\n","protected":false},"excerpt":{"rendered":"","protected":false},"author":288,"featured_media":0,"parent":0,"menu_order":0,"comment_status":"closed","ping_status":"closed","template":"","meta":{"teft_cards_image_url":"","teft_cards_custom_pretitle":"","teft_cards_image_id":199,"teft_cards_image_focal_point_x":0.5,"teft_cards_image_focal_point_y":0.47,"teft_cards_title":"Sol sommer Indre Havn","teft_cards_excerpt":"","teft_show_chapters":false,"footnotes":""},"class_list":["post-3","page","type-page","status-publish","hentry"],"yoast_head":"<!-- This site is optimized with the Yoast SEO plugin v26.6 - https:\/\/yoast.com\/wordpress\/plugins\/seo\/ -->\n<title>Forsiden - Larvik H\u00f8yre<\/title>\n<meta name=\"robots\" content=\"index, follow, max-snippet:-1, max-image-preview:large, max-video-preview:-1\" \/>\n<link rel=\"canonical\" href=\"https:\/\/hoyre.no\/larvik\/\" \/>\n<meta property=\"og:locale\" content=\"nb_NO\" \/>\n<meta property=\"og:type\" content=\"article\" \/>\n<meta property=\"og:title\" content=\"Forsiden - Larvik H\u00f8yre\" \/>\n<meta property=\"og:url\" content=\"https:\/\/hoyre.no\/larvik\/\" \/>\n<meta property=\"og:site_name\" content=\"Larvik H\u00f8yre\" \/>\n<meta property=\"article:modified_time\" content=\"2026-04-26T16:19:03+00:00\" \/>\n<meta property=\"og:image\" content=\"https:\/\/hoyre.no\/content\/uploads\/sites\/365\/2022\/11\/49983E53-334E-45A4-A828-C64662364E01-1443-000001C2D7D1822B.jpg\" \/>\n<meta name=\"twitter:card\" content=\"summary_large_image\" \/>\n<meta name=\"twitter:label1\" content=\"Ansl. lesetid\" \/>\n\t<meta name=\"twitter:data1\" content=\"2 minutter\" \/>\n<script type=\"application\/ld+json\" class=\"yoast-schema-graph\">{\"@context\":\"https:\/\/schema.org\",\"@graph\":[{\"@type\":\"WebPage\",\"@id\":\"https:\/\/hoyre.no\/larvik\/\",\"url\":\"https:\/\/hoyre.no\/larvik\/\",\"name\":\"Forsiden - Larvik H\u00f8yre\",\"isPartOf\":{\"@id\":\"https:\/\/hoyre.no\/larvik\/#website\"},\"image\":{\"@id\":\"https:\/\/hoyre.no\/larvik\/#primaryimage\"},\"thumbnailUrl\":\"https:\/\/hoyre.no\/content\/uploads\/sites\/365\/2026\/04\/Bedehsuet-eget-bilde-1024x1024.jpg\",\"datePublished\":\"2023-06-06T09:08:00+00:00\",\"dateModified\":\"2026-04-26T16:19:03+00:00\",\"breadcrumb\":{\"@id\":\"https:\/\/hoyre.no\/larvik\/#breadcrumb\"},\"inLanguage\":\"nb-NO\",\"potentialAction\":[{\"@type\":\"ReadAction\",\"target\":[\"https:\/\/hoyre.no\/larvik\/\"]}]},{\"@type\":\"ImageObject\",\"inLanguage\":\"nb-NO\",\"@id\":\"https:\/\/hoyre.no\/larvik\/#primaryimage\",\"url\":\"https:\/\/hoyre.no\/content\/uploads\/sites\/365\/2026\/04\/Bedehsuet-eget-bilde-1024x1024.jpg\",\"contentUrl\":\"https:\/\/hoyre.no\/content\/uploads\/sites\/365\/2026\/04\/Bedehsuet-eget-bilde-1024x1024.jpg\"},{\"@type\":\"BreadcrumbList\",\"@id\":\"https:\/\/hoyre.no\/larvik\/#breadcrumb\",\"itemListElement\":[{\"@type\":\"ListItem\",\"position\":1,\"name\":\"Til hoyre.no\",\"item\":\"https:\/\/hoyre.no\"},{\"@type\":\"ListItem\",\"position\":2,\"name\":\"Hjem\",\"item\":\"https:\/\/hoyre.no\/larvik\/\"},{\"@type\":\"ListItem\",\"position\":3,\"name\":\"Forsiden\"}]},{\"@type\":\"WebSite\",\"@id\":\"https:\/\/hoyre.no\/larvik\/#website\",\"url\":\"https:\/\/hoyre.no\/larvik\/\",\"name\":\"Larvik H\u00f8yre\",\"description\":\"Bare enda et H\u00f8yres nettsteder-nettsted\",\"inLanguage\":\"nb-NO\"}]}<\/script>\n<!-- \/ Yoast SEO plugin. -->","yoast_head_json":{"title":"Forsiden - Larvik H\u00f8yre","robots":{"index":"index","follow":"follow","max-snippet":"max-snippet:-1","max-image-preview":"max-image-preview:large","max-video-preview":"max-video-preview:-1"},"canonical":"https:\/\/hoyre.no\/larvik\/","og_locale":"nb_NO","og_type":"article","og_title":"Forsiden - Larvik H\u00f8yre","og_url":"https:\/\/hoyre.no\/larvik\/","og_site_name":"Larvik H\u00f8yre","article_modified_time":"2026-04-26T16:19:03+00:00","og_image":[{"url":"https:\/\/hoyre.no\/content\/uploads\/sites\/365\/2022\/11\/49983E53-334E-45A4-A828-C64662364E01-1443-000001C2D7D1822B.jpg","width":"","height":"","type":""}],"twitter_card":"summary_large_image","twitter_misc":{"Ansl. lesetid":"2 minutter"},"schema":{"@context":"https:\/\/schema.org","@graph":[{"@type":"WebPage","@id":"https:\/\/hoyre.no\/larvik\/","url":"https:\/\/hoyre.no\/larvik\/","name":"Forsiden - Larvik H\u00f8yre","isPartOf":{"@id":"https:\/\/hoyre.no\/larvik\/#website"},"image":{"@id":"https:\/\/hoyre.no\/larvik\/#primaryimage"},"thumbnailUrl":"https:\/\/hoyre.no\/content\/uploads\/sites\/365\/2026\/04\/Bedehsuet-eget-bilde-1024x1024.jpg","datePublished":"2023-06-06T09:08:00+00:00","dateModified":"2026-04-26T16:19:03+00:00","breadcrumb":{"@id":"https:\/\/hoyre.no\/larvik\/#breadcrumb"},"inLanguage":"nb-NO","potentialAction":[{"@type":"ReadAction","target":["https:\/\/hoyre.no\/larvik\/"]}]},{"@type":"ImageObject","inLanguage":"nb-NO","@id":"https:\/\/hoyre.no\/larvik\/#primaryimage","url":"https:\/\/hoyre.no\/content\/uploads\/sites\/365\/2026\/04\/Bedehsuet-eget-bilde-1024x1024.jpg","contentUrl":"https:\/\/hoyre.no\/content\/uploads\/sites\/365\/2026\/04\/Bedehsuet-eget-bilde-1024x1024.jpg"},{"@type":"BreadcrumbList","@id":"https:\/\/hoyre.no\/larvik\/#breadcrumb","itemListElement":[{"@type":"ListItem","position":1,"name":"Til hoyre.no","item":"https:\/\/hoyre.no"},{"@type":"ListItem","position":2,"name":"Hjem","item":"https:\/\/hoyre.no\/larvik\/"},{"@type":"ListItem","position":3,"name":"Forsiden"}]},{"@type":"WebSite","@id":"https:\/\/hoyre.no\/larvik\/#website","url":"https:\/\/hoyre.no\/larvik\/","name":"Larvik H\u00f8yre","description":"Bare enda et H\u00f8yres nettsteder-nettsted","inLanguage":"nb-NO"}]}},"distributor_meta":false,"distributor_terms":false,"distributor_media":false,"distributor_original_site_name":"Larvik H\u00f8yre","distributor_original_site_url":"https:\/\/hoyre.no\/larvik","push-errors":false,"_links":{"self":[{"href":"https:\/\/hoyre.no\/larvik\/wp-json\/wp\/v2\/pages\/3","targetHints":{"allow":["GET"]}}],"collection":[{"href":"https:\/\/hoyre.no\/larvik\/wp-json\/wp\/v2\/pages"}],"about":[{"href":"https:\/\/hoyre.no\/larvik\/wp-json\/wp\/v2\/types\/page"}],"author":[{"embeddable":true,"href":"https:\/\/hoyre.no\/larvik\/wp-json\/wp\/v2\/users\/288"}],"replies":[{"embeddable":true,"href":"https:\/\/hoyre.no\/larvik\/wp-json\/wp\/v2\/comments?post=3"}],"version-history":[{"count":25,"href":"https:\/\/hoyre.no\/larvik\/wp-json\/wp\/v2\/pages\/3\/revisions"}],"predecessor-version":[{"id":355,"href":"https:\/\/hoyre.no\/larvik\/wp-json\/wp\/v2\/pages\/3\/revisions\/355"}],"wp:attachment":[{"href":"https:\/\/hoyre.no\/larvik\/wp-json\/wp\/v2\/media?parent=3"}],"curies":[{"name":"wp","href":"https:\/\/api.w.org\/{rel}","templated":true}]}}