{"id":240,"date":"2023-01-15T20:37:45","date_gmt":"2023-01-15T19:37:45","guid":{"rendered":"https:\/\/hoyre.no\/lier\/?page_id=240"},"modified":"2024-10-24T08:56:58","modified_gmt":"2024-10-24T06:56:58","slug":"var-ordforerkandidat","status":"publish","type":"page","link":"https:\/\/hoyre.no\/lier\/var-ordforerkandidat\/","title":{"rendered":"Kjetil Kivle &#8211; v\u00e5r ordf\u00f8rer"},"content":{"rendered":"\n<div class=\"wp-block-hoyre-hero with-image-gradient text-color-light  has-media alignfull has-background\"><div class=\"hoyre-hero has-image\"><h1 class=\"title\">Kjetil Kivle &#8211; ordf\u00f8rer<\/h1><figure class=\"hoyre-image-wrapper\"><div class=\"hoyre-image\"><img loading=\"lazy\" decoding=\"async\" width=\"958\" height=\"1280\" src=\"https:\/\/hoyre.no\/content\/uploads\/sites\/181\/2023\/01\/Kjetil-pa\u030a-fjellet-med-hund.jpeg\" class=\"attachment-scaled size-scaled\" alt=\"\" style=\"object-position: 7.000000000000001% 7.000000000000001%\" srcset=\"https:\/\/hoyre.no\/content\/uploads\/sites\/181\/2023\/01\/Kjetil-pa\u030a-fjellet-med-hund.jpeg 958w, https:\/\/hoyre.no\/content\/uploads\/sites\/181\/2023\/01\/Kjetil-pa\u030a-fjellet-med-hund-225x300.jpeg 225w, https:\/\/hoyre.no\/content\/uploads\/sites\/181\/2023\/01\/Kjetil-pa\u030a-fjellet-med-hund-766x1024.jpeg 766w, https:\/\/hoyre.no\/content\/uploads\/sites\/181\/2023\/01\/Kjetil-pa\u030a-fjellet-med-hund-768x1026.jpeg 768w\" sizes=\"auto, (max-width: 958px) 100vw, 958px\" \/><\/div><\/figure><\/div><\/div>\n\n\n\n\n<div class=\"wp-block-buttons is-content-justification-center is-layout-flex wp-container-core-buttons-is-layout-16018d1d wp-block-buttons-is-layout-flex\">\n<div class=\"wp-block-button\"><a class=\"wp-block-button__link wp-element-button\" href=\"https:\/\/hoyre.no\/nyhetsbrev\/\">abonner p\u00e5 h\u00f8yres nyhetsbrev<\/a><\/div>\n\n\n\n<div class=\"wp-block-button\" id=\"mailto:kjetil@lierhoyre.no\"><a class=\"wp-block-button__link wp-element-button\" href=\"https:\/\/hoyre.no\/personprofiler\/kjetil-kivle\/\" target=\"_blank\" rel=\"noreferrer noopener\">kom i kontakt med Kjetil kivle<\/a><\/div>\n\n\n\n<div class=\"wp-block-button\"><a class=\"wp-block-button__link wp-element-button\" href=\"https:\/\/www.facebook.com\/LierHoyre\" target=\"_blank\" rel=\"noreferrer noopener\">f\u00f8lg LIER h\u00f8yre p\u00e5 facebook<\/a><\/div>\n\n\n\n<div class=\"wp-block-button is-style-fill\"><a class=\"wp-block-button__link wp-element-button\" href=\"\" target=\"_blank\" rel=\"noreferrer noopener\">F\u00f8lg Kjetil Kivle p\u00e5 facebook<\/a><\/div>\n<\/div>\n\n\n\n<div class=\"wp-block-hoyre-banner undefined has-icon-title icon-heart is-style-blue\"><div class=\"banner-inner\"><figure class=\"hoyre-image-wrapper\"><div class=\"hoyre-image\"><img loading=\"lazy\" decoding=\"async\" width=\"958\" height=\"1280\" src=\"https:\/\/hoyre.no\/content\/uploads\/sites\/181\/2023\/01\/Kjetil-pa\u030a-fjellet-rotated.jpeg\" class=\"attachment-scaled size-scaled\" alt=\"\" style=\"object-position: 34% 10%\" srcset=\"https:\/\/hoyre.no\/content\/uploads\/sites\/181\/2023\/01\/Kjetil-pa\u030a-fjellet-rotated.jpeg 958w, https:\/\/hoyre.no\/content\/uploads\/sites\/181\/2023\/01\/Kjetil-pa\u030a-fjellet-225x300.jpeg 225w, https:\/\/hoyre.no\/content\/uploads\/sites\/181\/2023\/01\/Kjetil-pa\u030a-fjellet-766x1024.jpeg 766w, https:\/\/hoyre.no\/content\/uploads\/sites\/181\/2023\/01\/Kjetil-pa\u030a-fjellet-768x1026.jpeg 768w\" sizes=\"auto, (max-width: 958px) 100vw, 958px\" \/><\/div><\/figure><div class=\"banner-content\"><div class=\"entry-content\">\n<h1 class=\"wp-block-heading has-text-align-center\" id=\"h-bli-bedre-kjent-med-navn\">Bli bedre kjent med Kjetil Kivle!<\/h1>\n\n\n\n<p class=\"has-text-align-left\"><strong>Alder:<\/strong> 42<\/p>\n\n\n\n<p class=\"has-text-align-left\"><strong>Bosted:<\/strong> Nordal<\/p>\n\n\n\n<p class=\"has-text-align-left\"><strong>Sivilstatus:<\/strong> Gift<\/p>\n\n\n\n<p class=\"has-text-align-left\"><strong>Jobb:<\/strong> Kirurg ved Rikshospitalet<\/p>\n\n\n\n<p class=\"has-text-align-left\"><strong>Hvorfor er H\u00f8yre rett parti for deg?<\/strong> <\/p>\n\n\n\n<p class=\"has-text-align-left\">Jeg tror p\u00e5 en usl\u00e5elig kombinasjon med frihet for enkeltindividet og samtidig en samfunnskontrakt hvor vi s\u00f8rger for like muligheter og at ingen faller utenfor. Ulike mennesker har ulike behov, og for meg er det viktig at alle skal f\u00e5 bestemme i eget liv og f\u00e5 utnyttet sitt potensiale. H\u00f8yre er for meg det partiet som best klarer \u00e5 balansere hensynet til enkeltindividet og samfunnet.<\/p>\n\n\n\n<p class=\"has-text-align-left\">Politikerne skal ikke detaljstyre hverdagen, men vi m\u00e5 ha et samfunn som s\u00f8rger for trygghet og gode velferdstjenester. Likeverdig og god tilgang til skole- og helsetjenester er en naturlig del av et slikt samfunn. Jeg har vel egentlig rett og slett veldig troen p\u00e5 enkeltmennesket med frihet under ansvar. Vi m\u00e5 heie p\u00e5 de som t\u00f8rr \u00e5 satse, og p\u00e5 gode initiativ fra private og frivilligheten. S\u00e5 er det veldig viktig p\u00e5 meg at vi hele tiden m\u00e5 s\u00f8ke kunnskap, t\u00f8rre \u00e5 stille sp\u00f8rsm\u00e5l og utfordre etablerte standpunkt i politikken. Dette er det rom for i H\u00f8yre.<\/p>\n\n\n\n<p><\/p>\n\n\n\n<p class=\"has-text-align-left\"><strong>Du har sagt at milj\u00f8 og klima er en viktig sak for deg \u2013 fortell<\/strong><\/p>\n\n\n\n<p class=\"has-text-align-left\">Perspektivet m\u00e5 alltid v\u00e6re at vi skal overlate samfunnet til neste generasjon i bedre stand enn det vi selv overtok. Dette er god H\u00f8yrepolitikk, men virkelig krevende \u00e5 leve opp til. Jeg mener likevel dette er en grunnleggende forpliktelse vi har b\u00e5de som menneske og samfunn.<\/p>\n\n\n\n<p class=\"has-text-align-left\">V\u00e5rt ansvar i Lier er \u00e5 ta vare p\u00e5 natur- og landbruksressursene vi har, og ha gode b\u00e6rekraftige l\u00f8sninger for alle deler av kommunens virksomhet. Det er gjort mye bra i Lier som vi kan bygge videre p\u00e5, og s\u00e5 m\u00e5 vi klare kunsten \u00e5 b\u00e5de bevare og utvikle. Vi m\u00e5 derfor ha med milj\u00f8- og klimaperspektivet i alle deler av politikken. Jeg mener vi ogs\u00e5 m\u00e5 gj\u00f8re det l\u00f8nnsomt og legge forholdene til rette for at innbyggerne selv kan ta gode gr\u00f8nne valg.<\/p>\n\n\n\n<p class=\"has-text-align-left\">S\u00e5 vil jeg jobbe for at Lier skal v\u00e6re en del av klimal\u00f8sningen p\u00e5 veien mot et nullutslippssamfunn. Hvis vi skal komme i m\u00e5l krever det \u00e5penbart globale l\u00f8sninger, men vi er n\u00f8dt til \u00e5 ta v\u00e5r del ogs\u00e5 her i Lier.<\/p>\n\n\n\n<p><\/p>\n\n\n\n<p class=\"has-text-align-left\"><strong><strong>Hvordan er det \u00e5 jobbe som kirurg?<\/strong> <\/strong><\/p>\n\n\n\n<p class=\"has-text-align-left\">Mange som ser for seg dramaserier som Grey\u00b4s Anatomy hadde nok blitt litt skuffet, men det er virkelig spennende \u00e5 f\u00e5 jobbe som kirurg. Jeg tenker ofte at det er et privilegium at pasientens foreldre, p\u00e5 mange m\u00e5ter, gir meg den aller st\u00f8rste tillitt n\u00e5r jeg f\u00e5r operere barna deres.&nbsp; Jeg husker at jeg ble fascinert ganske tidlig under legeutdanningen over hvordan man kan hjelpe alvorlig syke med egne hender og se resultatet der og da. Jeg jobber til daglig som barneryggkirurg hvor mye av jobben min er \u00e5 rette opp alvorlige skjevheter og feilstillinger i ryggen hos barn og unge og noen ganger rette p\u00e5 medf\u00f8dte misdannelser. Selv om ogs\u00e5 mye av dette blir hverdag og rutine, s\u00e5 synes jeg fortsatt kirurgfaget er utrolig spennende og jeg hadde definitivt valgt det igjen. <\/p>\n\n\n\n<p><\/p>\n\n\n\n<p class=\"has-text-align-left\"><strong>Storbyferie eller strandliv?<\/strong><\/p>\n\n\n\n<p class=\"has-text-align-left\">Det er vel et s\u00e5nt ja takk begge deler sp\u00f8rsm\u00e5l, men g\u00e5r nok definitivt for storbyferie. Selv om jeg koser meg p\u00e5 stranden, s\u00e5 er jeg alt for sulten p\u00e5 \u00e5 oppleve nye steder og ny kultur til \u00e5 holde meg i ro s\u00e6rlig lenge \u2013 som kan v\u00e6re til konas store fortvilelse.<\/p>\n\n\n\n<p><\/p>\n\n\n\n<p class=\"has-text-align-left\"><strong>Det er l\u00f8rdag, klokka n\u00e6rmer seg 19.00. Hva spiser du helst til middag?<\/strong> <\/p>\n\n\n\n<p class=\"has-text-align-left\">Jeg har barn p\u00e5 11 og 13 \u00e5r, s\u00e5 l\u00f8rdag kveld er heldigvis enn\u00e5 familietid, s\u00e5 da m\u00e5 svaret bli: Italiensk pizza med tynn, spr\u00f8 bunn til glede for hele familien.<\/p>\n\n\n\n<p><\/p>\n\n\n\n<p class=\"has-text-align-left\"><strong>Konsert eller idrettsarrangement?<\/strong> <\/p>\n\n\n\n<p class=\"has-text-align-left\">Hmm&#8230; nok et ja takk begge deler sp\u00f8rsm\u00e5l, men g\u00e5r for konsert. B\u00e5de intimkonserter med lite publikum hvor du nesten kan ta og f\u00f8le p\u00e5 den gode atmosf\u00e6ren, og store konserter med folkehav og skikkelig stemning.<\/p>\n\n\n\n<p><\/p>\n\n\n\n<p class=\"has-text-align-left\"><strong>Funfact?<\/strong> <\/p>\n\n\n\n<p class=\"has-text-align-left\">Jeg har badet p\u00e5 80 grader nord og v\u00e6rt isbj\u00f8rnvakt p\u00e5 Svalbard.<\/p>\n\n\n\n<p class=\"is-style-default\"><\/p>\n\n\n\n<p class=\"has-text-align-left\"><strong>Hva er din favorittplass i kommunen og utenfor kommunen?<\/strong>&nbsp;<\/p>\n\n\n\n<p class=\"has-text-align-left\">Jeg har Vestmarka tilgjengelig like bak huset og er veldig glad i turer opp til Glas\u00e5sen og videre innover. Jeg tenker ofte mest kreativt og klarer \u00e5 se problemer fra en litt annen vinkel n\u00e5r jeg kommer meg ut p\u00e5 tur i marka.<\/p>\n\n\n\n<p class=\"has-text-align-left\">Utenfor kommunen kommer jeg ikke utenom skj\u00e6rg\u00e5rden p\u00e5 S\u00f8rlandet, og hvis jeg m\u00e5 v\u00e6re spesifikk velger jeg meg Merd\u00f8 p\u00e5 utsiden av Arendal. Det gir meg en f\u00f8lelse av b\u00e5de frihet og mentalt overskudd.<\/p>\n<\/div><\/div><\/div><\/div>\n\n\n\n<figure class=\"wp-block-teft-gallery columns-1 count-1 rows-2 is-cropped\"><ul class=\"teft-gallery-grid\"><li class=\"teft-gallery-item \"><figure><a href=\"https:\/\/hoyre.no\/content\/uploads\/sites\/181\/2022\/08\/Erna-og-Kjetil.jpg\" data-size=\"2048x1581\"><img loading=\"lazy\" decoding=\"async\" width=\"1024\" height=\"791\" src=\"https:\/\/hoyre.no\/content\/uploads\/sites\/181\/2022\/08\/Erna-og-Kjetil-1024x791.jpg\" class=\"attachment-large size-large\" alt=\"\" srcset=\"https:\/\/hoyre.no\/content\/uploads\/sites\/181\/2022\/08\/Erna-og-Kjetil-1024x791.jpg 1024w, https:\/\/hoyre.no\/content\/uploads\/sites\/181\/2022\/08\/Erna-og-Kjetil-300x232.jpg 300w, https:\/\/hoyre.no\/content\/uploads\/sites\/181\/2022\/08\/Erna-og-Kjetil-768x593.jpg 768w, https:\/\/hoyre.no\/content\/uploads\/sites\/181\/2022\/08\/Erna-og-Kjetil-1536x1186.jpg 1536w, https:\/\/hoyre.no\/content\/uploads\/sites\/181\/2022\/08\/Erna-og-Kjetil.jpg 2048w\" sizes=\"auto, (max-width: 1024px) 100vw, 1024px\" \/ data-full-url=\"https:\/\/hoyre.no\/content\/uploads\/sites\/181\/2022\/08\/Erna-og-Kjetil.jpg\" data-id=\"143\" data-caption=\"143\"\/><\/a><\/figure><\/li><\/ul><\/figure>\n\n\n\n<h2 class=\"wp-block-heading has-text-align-left\">Kjetil Kivles hjertesaker<\/h2>\n\n\n\n<h3 class=\"wp-block-heading\"><strong>Gode oppvekstvilk\u00e5r for barn og unge<\/strong><\/h3>\n\n\n\n<p>Jeg vil jobbe for at alle barn i Lier skal ha et godt oppvekstmilj\u00f8. Lierbarnehagen og lierskolen skal ha kvalitet og kunnskap i sentrum med like muligheter for alle. Gode oppvekstvilk\u00e5r utjevner forskjeller, og er den beste investeringen vi kan gj\u00f8re for enkeltmennesket og for fremtidens samfunn.<\/p>\n\n\n\n<h3 class=\"wp-block-heading\">Et levende n\u00e6ringsliv<\/h3>\n\n\n\n<p>Jeg vil st\u00e5 p\u00e5 for at n\u00e6ringslivet i Lier fortsatt skal ha gode og forutsigbare rammer. Et variert, levende og aktivt n\u00e6ringsliv gir grunnlag for god samfunnsutvikling med vekst og utvikling. Vi skal heie p\u00e5 alle de som skaper verdiene som lar oss l\u00f8se felleskapets utfordringer.<\/p>\n\n\n\n<h3 class=\"wp-block-heading\">Klima og milj\u00f8 i gr\u00f8nne Lier<\/h3>\n\n\n\n<p>Jeg vil at Lier skal v\u00e6re en del av klimal\u00f8sningen. Den krever globale tiltak, men kommunen m\u00e5 selv ta gode valg og tilrettelegge for at vi som bor i Lier kan ta smarte for klima og milj\u00f8. Sammen m\u00e5 vi ogs\u00e5 ta vare p\u00e5 og utvikle de flotte natur- og landbruksressursene vi har i gr\u00f8nne Lier.<\/p>\n\n","protected":false},"excerpt":{"rendered":"","protected":false},"author":31684,"featured_media":0,"parent":0,"menu_order":0,"comment_status":"closed","ping_status":"closed","template":"","meta":{"teft_cards_image_url":"","teft_cards_custom_pretitle":"","teft_cards_image_id":225,"teft_cards_image_focal_point_x":0.5,"teft_cards_image_focal_point_y":0.5,"teft_cards_title":"Navn Navnesen - v\u00e5r ordf\u00f8rerkandidat","teft_cards_excerpt":"","teft_show_chapters":false,"footnotes":""},"class_list":["post-240","page","type-page","status-publish","hentry"],"yoast_head":"<!-- This site is optimized with the Yoast SEO plugin v26.6 - https:\/\/yoast.com\/wordpress\/plugins\/seo\/ -->\n<title>Kjetil Kivle - v\u00e5r ordf\u00f8rer - Lier H\u00f8yre<\/title>\n<meta name=\"robots\" content=\"index, follow, max-snippet:-1, max-image-preview:large, max-video-preview:-1\" \/>\n<link rel=\"canonical\" href=\"https:\/\/hoyre.no\/lier\/var-ordforerkandidat\/\" \/>\n<meta property=\"og:locale\" content=\"nb_NO\" \/>\n<meta property=\"og:type\" content=\"article\" \/>\n<meta property=\"og:title\" content=\"Kjetil Kivle - v\u00e5r ordf\u00f8rer - Lier H\u00f8yre\" \/>\n<meta property=\"og:url\" content=\"https:\/\/hoyre.no\/lier\/var-ordforerkandidat\/\" \/>\n<meta property=\"og:site_name\" content=\"Lier H\u00f8yre\" \/>\n<meta property=\"article:modified_time\" content=\"2024-10-24T06:56:58+00:00\" \/>\n<meta property=\"og:image\" content=\"https:\/\/hoyre.no\/content\/uploads\/sites\/181\/2022\/11\/Hoyres-logo.png\" \/>\n<meta name=\"twitter:card\" content=\"summary_large_image\" \/>\n<meta name=\"twitter:label1\" content=\"Ansl. lesetid\" \/>\n\t<meta name=\"twitter:data1\" content=\"6 minutter\" \/>\n<script type=\"application\/ld+json\" class=\"yoast-schema-graph\">{\"@context\":\"https:\/\/schema.org\",\"@graph\":[{\"@type\":\"WebPage\",\"@id\":\"https:\/\/hoyre.no\/lier\/var-ordforerkandidat\/\",\"url\":\"https:\/\/hoyre.no\/lier\/var-ordforerkandidat\/\",\"name\":\"Kjetil Kivle - v\u00e5r ordf\u00f8rer - Lier H\u00f8yre\",\"isPartOf\":{\"@id\":\"https:\/\/hoyre.no\/lier\/#website\"},\"datePublished\":\"2023-01-15T19:37:45+00:00\",\"dateModified\":\"2024-10-24T06:56:58+00:00\",\"breadcrumb\":{\"@id\":\"https:\/\/hoyre.no\/lier\/var-ordforerkandidat\/#breadcrumb\"},\"inLanguage\":\"nb-NO\",\"potentialAction\":[{\"@type\":\"ReadAction\",\"target\":[\"https:\/\/hoyre.no\/lier\/var-ordforerkandidat\/\"]}]},{\"@type\":\"BreadcrumbList\",\"@id\":\"https:\/\/hoyre.no\/lier\/var-ordforerkandidat\/#breadcrumb\",\"itemListElement\":[{\"@type\":\"ListItem\",\"position\":1,\"name\":\"Til hoyre.no\",\"item\":\"https:\/\/hoyre.no\"},{\"@type\":\"ListItem\",\"position\":2,\"name\":\"Hjem\",\"item\":\"https:\/\/hoyre.no\/lier\/\"},{\"@type\":\"ListItem\",\"position\":3,\"name\":\"Kjetil Kivle &#8211; v\u00e5r ordf\u00f8rer\"}]},{\"@type\":\"WebSite\",\"@id\":\"https:\/\/hoyre.no\/lier\/#website\",\"url\":\"https:\/\/hoyre.no\/lier\/\",\"name\":\"Lier H\u00f8yre\",\"description\":\"Bare enda et H\u00f8yres nettsteder-nettsted\",\"inLanguage\":\"nb-NO\"}]}<\/script>\n<!-- \/ Yoast SEO plugin. -->","yoast_head_json":{"title":"Kjetil Kivle - v\u00e5r ordf\u00f8rer - Lier H\u00f8yre","robots":{"index":"index","follow":"follow","max-snippet":"max-snippet:-1","max-image-preview":"max-image-preview:large","max-video-preview":"max-video-preview:-1"},"canonical":"https:\/\/hoyre.no\/lier\/var-ordforerkandidat\/","og_locale":"nb_NO","og_type":"article","og_title":"Kjetil Kivle - v\u00e5r ordf\u00f8rer - Lier H\u00f8yre","og_url":"https:\/\/hoyre.no\/lier\/var-ordforerkandidat\/","og_site_name":"Lier H\u00f8yre","article_modified_time":"2024-10-24T06:56:58+00:00","og_image":[{"url":"https:\/\/hoyre.no\/content\/uploads\/sites\/181\/2022\/11\/Hoyres-logo.png","width":"","height":"","type":""}],"twitter_card":"summary_large_image","twitter_misc":{"Ansl. lesetid":"6 minutter"},"schema":{"@context":"https:\/\/schema.org","@graph":[{"@type":"WebPage","@id":"https:\/\/hoyre.no\/lier\/var-ordforerkandidat\/","url":"https:\/\/hoyre.no\/lier\/var-ordforerkandidat\/","name":"Kjetil Kivle - v\u00e5r ordf\u00f8rer - Lier H\u00f8yre","isPartOf":{"@id":"https:\/\/hoyre.no\/lier\/#website"},"datePublished":"2023-01-15T19:37:45+00:00","dateModified":"2024-10-24T06:56:58+00:00","breadcrumb":{"@id":"https:\/\/hoyre.no\/lier\/var-ordforerkandidat\/#breadcrumb"},"inLanguage":"nb-NO","potentialAction":[{"@type":"ReadAction","target":["https:\/\/hoyre.no\/lier\/var-ordforerkandidat\/"]}]},{"@type":"BreadcrumbList","@id":"https:\/\/hoyre.no\/lier\/var-ordforerkandidat\/#breadcrumb","itemListElement":[{"@type":"ListItem","position":1,"name":"Til hoyre.no","item":"https:\/\/hoyre.no"},{"@type":"ListItem","position":2,"name":"Hjem","item":"https:\/\/hoyre.no\/lier\/"},{"@type":"ListItem","position":3,"name":"Kjetil Kivle &#8211; v\u00e5r ordf\u00f8rer"}]},{"@type":"WebSite","@id":"https:\/\/hoyre.no\/lier\/#website","url":"https:\/\/hoyre.no\/lier\/","name":"Lier H\u00f8yre","description":"Bare enda et H\u00f8yres nettsteder-nettsted","inLanguage":"nb-NO"}]}},"distributor_meta":false,"distributor_terms":false,"distributor_media":false,"distributor_original_site_name":"Lier H\u00f8yre","distributor_original_site_url":"https:\/\/hoyre.no\/lier","push-errors":false,"_links":{"self":[{"href":"https:\/\/hoyre.no\/lier\/wp-json\/wp\/v2\/pages\/240","targetHints":{"allow":["GET"]}}],"collection":[{"href":"https:\/\/hoyre.no\/lier\/wp-json\/wp\/v2\/pages"}],"about":[{"href":"https:\/\/hoyre.no\/lier\/wp-json\/wp\/v2\/types\/page"}],"author":[{"embeddable":true,"href":"https:\/\/hoyre.no\/lier\/wp-json\/wp\/v2\/users\/31684"}],"replies":[{"embeddable":true,"href":"https:\/\/hoyre.no\/lier\/wp-json\/wp\/v2\/comments?post=240"}],"version-history":[{"count":16,"href":"https:\/\/hoyre.no\/lier\/wp-json\/wp\/v2\/pages\/240\/revisions"}],"predecessor-version":[{"id":822,"href":"https:\/\/hoyre.no\/lier\/wp-json\/wp\/v2\/pages\/240\/revisions\/822"}],"wp:attachment":[{"href":"https:\/\/hoyre.no\/lier\/wp-json\/wp\/v2\/media?parent=240"}],"curies":[{"name":"wp","href":"https:\/\/api.w.org\/{rel}","templated":true}]}}