{"id":718,"date":"2023-11-23T09:58:39","date_gmt":"2023-11-23T08:58:39","guid":{"rendered":"https:\/\/hoyre.no\/lillesand\/?post_type=teft-events&#038;p=718"},"modified":"2024-01-05T14:21:22","modified_gmt":"2024-01-05T13:21:22","slug":"innkalling-til-lillesand-hoyres-arsmote-2023","status":"publish","type":"teft-events","link":"https:\/\/hoyre.no\/lillesand\/arrangementer\/innkalling-til-lillesand-hoyres-arsmote-2023\/","title":{"rendered":"Innkalling til \u00c5rsm\u00f8te 2023 i Lillesand H\u00f8yre"},"content":{"rendered":"\n<div class=\"wp-block-teft-event-top\">\n\n<div class=\"teft-event-date-top\">\n<div class=\"teft-event-date-wrapper\">\n\t<div class=\"date-square\" aria-hidden=\"true\">\n\t\t10\t\t\t<\/div>\n<\/div>\n\t<div class=\"top-text\">\n\t\t\t\t\t<p class=\"top-date-text\">onsdag 10. januar 2024<\/p>\n\t\t\t\t\t\t\t<p class=\"top-time-text\">18:00 &#8211; 20:00<\/p>\n\t\t\t\t\t\t<\/div>\n\t\t<div class=\"sharing\">\n\t\t<a class=\"share-button share-link copy-link\" data-copy=\"https:\/\/hoyre.no\/lillesand\/arrangementer\/innkalling-til-lillesand-hoyres-arsmote-2023\/\" target=\"_blank\"><span class=\"screen-reader-text\">Del link<\/span><\/a>\n\t\t<a class=\"share-button share-twitter\" href=\"http:\/\/twitter.com\/share?text=Innkalling til \u00c5rsm\u00f8te 2023 i Lillesand H\u00f8yre&#038;url=https:\/\/hoyre.no\/lillesand\/arrangementer\/innkalling-til-lillesand-hoyres-arsmote-2023\/&#038;hashtags=Hoyre\" target=\"_blank\"><span class=\"screen-reader-text\">Del p\u00e5 twitter<\/span><\/a>\n\t\t<a class=\"share-button share-facebook\" href=\"https:\/\/www.facebook.com\/sharer\/sharer.php?u=https:\/\/hoyre.no\/lillesand\/arrangementer\/innkalling-til-lillesand-hoyres-arsmote-2023\/\" target=\"_blank\"><span class=\"screen-reader-text\">Del p\u00e5 facebook<\/span><\/a>\n\t<\/div>\n\t<\/div>\n<p class=\"preamble\">P\u00e5 vegne av styreleder \u00f8nskes alle medlemmer velkommen til \u00c5rsm\u00f8te 2023 i Lillesand H\u00f8yre. <br>Forslag til saker som \u00f8nskes behandlet, m\u00e5 v\u00e6re sendt styret senest to uker f\u00f8r \u00c5rsm\u00f8te.<br><\/p><figure class=\"hoyre-image-wrapper\"><div class=\"hoyre-image\"><img loading=\"lazy\" decoding=\"async\" width=\"1640\" height=\"624\" src=\"https:\/\/hoyre.no\/content\/uploads\/sites\/27\/2023\/04\/Lillesand.png\" class=\"attachment-scaled size-scaled\" alt=\"\" style=\"object-position: 50% 50%\" srcset=\"https:\/\/hoyre.no\/content\/uploads\/sites\/27\/2023\/04\/Lillesand.png 1640w, https:\/\/hoyre.no\/content\/uploads\/sites\/27\/2023\/04\/Lillesand-300x114.png 300w, https:\/\/hoyre.no\/content\/uploads\/sites\/27\/2023\/04\/Lillesand-1024x390.png 1024w, https:\/\/hoyre.no\/content\/uploads\/sites\/27\/2023\/04\/Lillesand-768x292.png 768w, https:\/\/hoyre.no\/content\/uploads\/sites\/27\/2023\/04\/Lillesand-1536x584.png 1536w\" sizes=\"auto, (max-width: 1640px) 100vw, 1640px\" \/><\/div><\/figure>\n\n<div class=\"panel teft-details-panel\">\n\t\t<h3>Detaljer<\/h3>\n\n\t\t\t\t\t<dl class=\"info-misc-with-icons\">\n\t\t\t\t<dt class=\"venue\"><span class=\"screen-reader-text\">Stedet<\/span><\/dt>\n\t\t\t\t<dd>\n\t\t\t\t\t\t\t\t\t\t\t<span class=\"address-line-1\">Bystyresalen, Lillesand R\u00e5dhus<\/span>\n\t\t\t\t\t\t\t\t\t\t\t\t\t\t<\/dd>\n\t\t\t<\/dl>\n\t\t\t\t\t\t\t<dl class=\"info-misc-with-icons\">\n\t\t<dt class=\"time\"><span class=\"screen-reader-text\">Arrangement dato<\/span><\/dt>\n\t\t<dd class=\"time\">\n\t\t\tons 10. januar 2024 fra  18:00 &#8211; 20:00\t\t<\/dd>\n\t<\/dl>\n\t\t\t\t<\/dl>\n<\/div>\n<\/div>\n\n\n\n\n<h2 class=\"wp-block-heading\">Informasjon<\/h2>\n\n\n\n<p><strong>Agenda<\/strong><br><strong>Sak 1:<\/strong> Godkjennelse av innkalling og dagsorden.<br><strong>Sak 2: <\/strong>Valg av ordstyrer og referent.<br><strong>Sak 3:<\/strong> Valg av to personer til \u00e5 underskrive protokollen.<br><strong>Sak 4: <\/strong>Styrets \u00c5rsberetning <br><strong>Sak 5:<\/strong> Rapport fra side foreningene om den politiske situasjonen i kommunen:<br>&#8211; Rapport fra kommunestyregruppen.<br>&#8211; Rapport fra Lillesand Senior H\u00f8yre<br>&#8211; Rapport fra Lillesand Unge H\u00f8yre<br><strong>Sak 6:<\/strong> Siste avlagte regnskap (2022) med revisjonsberetning. Regnskapsrapport fra 1. januar 2023 til 31. desember 2023. (Dette til orientering)<br><strong>Sak 7:<\/strong> Budsjett 2024.<br><strong>Sak 8:<\/strong> Innkomne forslag.<br><strong>Sak 9:<\/strong> Styret med arbeidsm\u00e5l for neste periode.<br><strong>Sak 10:<\/strong> Valgkomiteens innstilling for valg til styre i Lillesand H\u00f8yre:<\/p>\n\n\n\n<p><strong>&#8211; Leder:<\/strong> Jan Storsveen<br><strong>&#8211; Styremedlemmer:<\/strong> Kerstin Thoresen (et \u00e5r igjen av funksjonstiden for Jarle Fosen, Lise Andersen , JohannesVallesverd og Kari Erdvik)<br><strong>&#8211; Varamedlemmer:<\/strong> Tor H\u00e5kon Gr\u00f8sle, Birger Gauslaa, Trond Gitmark<\/p>\n\n\n\n<p><strong>Sak 11:<\/strong> Styrets innstilling p\u00e5 valg av Valgkomite for neste \u00c5rsm\u00f8te.<br><strong>Sak 12:<\/strong> Valg av delegater m\/vara til Agder H\u00f8yres Fylkes\u00e5rsm\u00f8te, 2. &#8211; 3. februar 2024, Radisson Blu Caledonien Hotel, Kristiansand<\/p>\n\n\n\n<p>Alle sakspapirer sendes ut senest en uke f\u00f8r \u00c5rsm\u00f8te.<\/p>\n\n\n<div class=\"post-meta wp-block\">\n\t<div class=\"top\">\n\t\t<div class=\"sharing\">\n\t\t\t<a class=\"share-button share-link\" target=\"_blank\"><span class=\"screen-reader-text\">Del link<\/span><\/a>\n\t\t\t<a class=\"share-button share-twitter\" href=\"http:\/\/twitter.com\/share?text=Innkalling til \u00c5rsm\u00f8te 2023 i Lillesand H\u00f8yre&#038;url=https:\/\/hoyre.no\/lillesand\/arrangementer\/innkalling-til-lillesand-hoyres-arsmote-2023\/&#038;hashtags=Hoyre\"><span class=\"screen-reader-text\">Del p\u00e5 twitter<\/span><\/a>\n\t\t\t<a class=\"share-button share-facebook\" href=\"https:\/\/www.facebook.com\/sharer\/sharer.php?u=https:\/\/hoyre.no\/lillesand\/arrangementer\/innkalling-til-lillesand-hoyres-arsmote-2023\/\" target=\"_blank\"><span class=\"screen-reader-text\">Del p\u00e5 facebook<\/span><\/a>\n\t\t<\/div>\n\t<\/div>\n<\/div>\n","protected":false},"template":"","meta":{"teft_cards_image_url":"","teft_cards_custom_pretitle":"","teft_cards_image_id":73,"teft_cards_image_focal_point_x":0.5,"teft_cards_image_focal_point_y":0.5,"teft_cards_title":"","teft_cards_excerpt":"","teft_show_chapters":false,"event_organizer":[],"event_start_date":"2024-01-10T18:00:00","event_end_date":"2024-01-10T20:00:00","event_registration_url":"","event_registration_deadline":"","event_ticket_cost":"","event_venue_name":"Bystyresalen, Lillesand R\u00e5dhus","event_venue_url":"","event_venue_address":""},"teft-events-category":[],"class_list":["post-718","teft-events","type-teft-events","status-publish","hentry"],"yoast_head":"<!-- This site is optimized with the Yoast SEO plugin v26.6 - https:\/\/yoast.com\/wordpress\/plugins\/seo\/ -->\n<title>Innkalling til \u00c5rsm\u00f8te 2023 i Lillesand H\u00f8yre - Lillesand H\u00f8yre<\/title>\n<meta name=\"robots\" content=\"index, follow, max-snippet:-1, max-image-preview:large, max-video-preview:-1\" \/>\n<link rel=\"canonical\" href=\"https:\/\/hoyre.no\/lillesand\/arrangementer\/innkalling-til-lillesand-hoyres-arsmote-2023\/\" \/>\n<meta property=\"og:locale\" content=\"nb_NO\" \/>\n<meta property=\"og:type\" content=\"article\" \/>\n<meta property=\"og:title\" content=\"Innkalling til \u00c5rsm\u00f8te 2023 i Lillesand H\u00f8yre - Lillesand H\u00f8yre\" \/>\n<meta property=\"og:url\" content=\"https:\/\/hoyre.no\/lillesand\/arrangementer\/innkalling-til-lillesand-hoyres-arsmote-2023\/\" \/>\n<meta property=\"og:site_name\" content=\"Lillesand H\u00f8yre\" \/>\n<meta property=\"article:modified_time\" content=\"2024-01-05T13:21:22+00:00\" \/>\n<meta property=\"og:image\" content=\"https:\/\/hoyre.no\/content\/uploads\/sites\/27\/2023\/04\/Lillesand-1024x390.png\" \/>\n<meta name=\"twitter:card\" content=\"summary_large_image\" \/>\n<meta name=\"twitter:label1\" content=\"Ansl. lesetid\" \/>\n\t<meta name=\"twitter:data1\" content=\"2 minutter\" \/>\n<script type=\"application\/ld+json\" class=\"yoast-schema-graph\">{\"@context\":\"https:\/\/schema.org\",\"@graph\":[{\"@type\":\"WebPage\",\"@id\":\"https:\/\/hoyre.no\/lillesand\/arrangementer\/innkalling-til-lillesand-hoyres-arsmote-2023\/\",\"url\":\"https:\/\/hoyre.no\/lillesand\/arrangementer\/innkalling-til-lillesand-hoyres-arsmote-2023\/\",\"name\":\"Innkalling til \u00c5rsm\u00f8te 2023 i Lillesand H\u00f8yre - Lillesand H\u00f8yre\",\"isPartOf\":{\"@id\":\"https:\/\/hoyre.no\/lillesand\/#website\"},\"datePublished\":\"2023-11-23T08:58:39+00:00\",\"dateModified\":\"2024-01-05T13:21:22+00:00\",\"breadcrumb\":{\"@id\":\"https:\/\/hoyre.no\/lillesand\/arrangementer\/innkalling-til-lillesand-hoyres-arsmote-2023\/#breadcrumb\"},\"inLanguage\":\"nb-NO\",\"potentialAction\":[{\"@type\":\"ReadAction\",\"target\":[\"https:\/\/hoyre.no\/lillesand\/arrangementer\/innkalling-til-lillesand-hoyres-arsmote-2023\/\"]}]},{\"@type\":\"BreadcrumbList\",\"@id\":\"https:\/\/hoyre.no\/lillesand\/arrangementer\/innkalling-til-lillesand-hoyres-arsmote-2023\/#breadcrumb\",\"itemListElement\":[{\"@type\":\"ListItem\",\"position\":1,\"name\":\"Til hoyre.no\",\"item\":\"https:\/\/hoyre.no\"},{\"@type\":\"ListItem\",\"position\":2,\"name\":\"Hjem\",\"item\":\"https:\/\/hoyre.no\/lillesand\/\"},{\"@type\":\"ListItem\",\"position\":3,\"name\":\"Arrangement\",\"item\":\"https:\/\/hoyre.no\/lillesand\/arrangementer\/\"},{\"@type\":\"ListItem\",\"position\":4,\"name\":\"Innkalling til \u00c5rsm\u00f8te 2023 i Lillesand H\u00f8yre\"}]},{\"@type\":\"WebSite\",\"@id\":\"https:\/\/hoyre.no\/lillesand\/#website\",\"url\":\"https:\/\/hoyre.no\/lillesand\/\",\"name\":\"Lillesand H\u00f8yre\",\"description\":\"Bare enda et H\u00f8yres nettsteder-nettsted\",\"inLanguage\":\"nb-NO\"}]}<\/script>\n<!-- \/ Yoast SEO plugin. -->","yoast_head_json":{"title":"Innkalling til \u00c5rsm\u00f8te 2023 i Lillesand H\u00f8yre - Lillesand H\u00f8yre","robots":{"index":"index","follow":"follow","max-snippet":"max-snippet:-1","max-image-preview":"max-image-preview:large","max-video-preview":"max-video-preview:-1"},"canonical":"https:\/\/hoyre.no\/lillesand\/arrangementer\/innkalling-til-lillesand-hoyres-arsmote-2023\/","og_locale":"nb_NO","og_type":"article","og_title":"Innkalling til \u00c5rsm\u00f8te 2023 i Lillesand H\u00f8yre - Lillesand H\u00f8yre","og_url":"https:\/\/hoyre.no\/lillesand\/arrangementer\/innkalling-til-lillesand-hoyres-arsmote-2023\/","og_site_name":"Lillesand H\u00f8yre","article_modified_time":"2024-01-05T13:21:22+00:00","og_image":[{"url":"https:\/\/hoyre.no\/content\/uploads\/sites\/27\/2023\/04\/Lillesand-1024x390.png","width":"","height":"","type":""}],"twitter_card":"summary_large_image","twitter_misc":{"Ansl. lesetid":"2 minutter"},"schema":{"@context":"https:\/\/schema.org","@graph":[{"@type":"WebPage","@id":"https:\/\/hoyre.no\/lillesand\/arrangementer\/innkalling-til-lillesand-hoyres-arsmote-2023\/","url":"https:\/\/hoyre.no\/lillesand\/arrangementer\/innkalling-til-lillesand-hoyres-arsmote-2023\/","name":"Innkalling til \u00c5rsm\u00f8te 2023 i Lillesand H\u00f8yre - Lillesand H\u00f8yre","isPartOf":{"@id":"https:\/\/hoyre.no\/lillesand\/#website"},"datePublished":"2023-11-23T08:58:39+00:00","dateModified":"2024-01-05T13:21:22+00:00","breadcrumb":{"@id":"https:\/\/hoyre.no\/lillesand\/arrangementer\/innkalling-til-lillesand-hoyres-arsmote-2023\/#breadcrumb"},"inLanguage":"nb-NO","potentialAction":[{"@type":"ReadAction","target":["https:\/\/hoyre.no\/lillesand\/arrangementer\/innkalling-til-lillesand-hoyres-arsmote-2023\/"]}]},{"@type":"BreadcrumbList","@id":"https:\/\/hoyre.no\/lillesand\/arrangementer\/innkalling-til-lillesand-hoyres-arsmote-2023\/#breadcrumb","itemListElement":[{"@type":"ListItem","position":1,"name":"Til hoyre.no","item":"https:\/\/hoyre.no"},{"@type":"ListItem","position":2,"name":"Hjem","item":"https:\/\/hoyre.no\/lillesand\/"},{"@type":"ListItem","position":3,"name":"Arrangement","item":"https:\/\/hoyre.no\/lillesand\/arrangementer\/"},{"@type":"ListItem","position":4,"name":"Innkalling til \u00c5rsm\u00f8te 2023 i Lillesand H\u00f8yre"}]},{"@type":"WebSite","@id":"https:\/\/hoyre.no\/lillesand\/#website","url":"https:\/\/hoyre.no\/lillesand\/","name":"Lillesand H\u00f8yre","description":"Bare enda et H\u00f8yres nettsteder-nettsted","inLanguage":"nb-NO"}]}},"distributor_meta":false,"distributor_terms":false,"distributor_media":false,"distributor_original_site_name":"Lillesand H\u00f8yre","distributor_original_site_url":"https:\/\/hoyre.no\/lillesand","push-errors":false,"_links":{"self":[{"href":"https:\/\/hoyre.no\/lillesand\/wp-json\/wp\/v2\/teft-events\/718","targetHints":{"allow":["GET"]}}],"collection":[{"href":"https:\/\/hoyre.no\/lillesand\/wp-json\/wp\/v2\/teft-events"}],"about":[{"href":"https:\/\/hoyre.no\/lillesand\/wp-json\/wp\/v2\/types\/teft-events"}],"wp:attachment":[{"href":"https:\/\/hoyre.no\/lillesand\/wp-json\/wp\/v2\/media?parent=718"}],"wp:term":[{"taxonomy":"teft-events-category","embeddable":true,"href":"https:\/\/hoyre.no\/lillesand\/wp-json\/wp\/v2\/teft-events-category?post=718"}],"curies":[{"name":"wp","href":"https:\/\/api.w.org\/{rel}","templated":true}]}}