{"id":747,"date":"2024-03-21T20:14:10","date_gmt":"2024-03-21T19:14:10","guid":{"rendered":"https:\/\/hoyre.no\/lillesand\/?post_type=teft-events&#038;p=747"},"modified":"2024-04-14T19:57:10","modified_gmt":"2024-04-14T17:57:10","slug":"naeringspolitisk-mote-vil-vi-noe-i-lillesand","status":"publish","type":"teft-events","link":"https:\/\/hoyre.no\/lillesand\/arrangementer\/naeringspolitisk-mote-vil-vi-noe-i-lillesand\/","title":{"rendered":"N\u00e6ringspolitisk m\u00f8te &#8211; vil vi noe i Lillesand?"},"content":{"rendered":"\n<div class=\"wp-block-teft-event-top\">\n\n<div class=\"teft-event-date-top\">\n<div class=\"teft-event-date-wrapper\">\n\t<div class=\"date-square\" aria-hidden=\"true\">\n\t\t16\t\t\t<\/div>\n<\/div>\n\t<div class=\"top-text\">\n\t\t\t\t\t<p class=\"top-date-text\">tirsdag 16. april 2024<\/p>\n\t\t\t\t\t\t\t<p class=\"top-time-text\">18:00 &#8211; 20:00<\/p>\n\t\t\t\t\t\t<\/div>\n\t\t<div class=\"sharing\">\n\t\t<a class=\"share-button share-link copy-link\" data-copy=\"https:\/\/hoyre.no\/lillesand\/arrangementer\/naeringspolitisk-mote-vil-vi-noe-i-lillesand\/\" target=\"_blank\"><span class=\"screen-reader-text\">Del link<\/span><\/a>\n\t\t<a class=\"share-button share-twitter\" href=\"http:\/\/twitter.com\/share?text=N\u00e6ringspolitisk m\u00f8te &#8211; vil vi noe i Lillesand?&#038;url=https:\/\/hoyre.no\/lillesand\/arrangementer\/naeringspolitisk-mote-vil-vi-noe-i-lillesand\/&#038;hashtags=Hoyre\" target=\"_blank\"><span class=\"screen-reader-text\">Del p\u00e5 twitter<\/span><\/a>\n\t\t<a class=\"share-button share-facebook\" href=\"https:\/\/www.facebook.com\/sharer\/sharer.php?u=https:\/\/hoyre.no\/lillesand\/arrangementer\/naeringspolitisk-mote-vil-vi-noe-i-lillesand\/\" target=\"_blank\"><span class=\"screen-reader-text\">Del p\u00e5 facebook<\/span><\/a>\n\t<\/div>\n\t<\/div>\n<p class=\"preamble\">Lillesand var i mange \u00e5r kanskje den ledende n\u00e6ringslivskommunen i Agder. Mer enn 1.000 arbeidsplasser er skapt langs nye E 18 i S\u00f8rlandsparken \u00d8st, Kjerlingland, Storemyr og Gaupemyr siste 20 \u00e5rene.\u00a0Men hva er dagens n\u00e6ringsstrategi for v\u00e5r kommune? Det er ikke like tydelig&#8230;\u00a0Lillesand H\u00f8yre inviterer derfor til et \u00e5pent n\u00e6ringspolitisk m\u00f8te p\u00e5 Vertikalen.<\/p><figure class=\"hoyre-image-wrapper\"><div class=\"hoyre-image\"><img loading=\"lazy\" decoding=\"async\" width=\"575\" height=\"383\" src=\"https:\/\/hoyre.no\/content\/uploads\/sites\/27\/2023\/05\/naering.jpg\" class=\"attachment-scaled size-scaled\" alt=\"\" style=\"object-position: 50% 50%\" srcset=\"https:\/\/hoyre.no\/content\/uploads\/sites\/27\/2023\/05\/naering.jpg 575w, https:\/\/hoyre.no\/content\/uploads\/sites\/27\/2023\/05\/naering-300x200.jpg 300w\" sizes=\"auto, (max-width: 575px) 100vw, 575px\" \/><\/div><\/figure>\n\n<div class=\"panel teft-details-panel\">\n\t\t<h3>Detaljer<\/h3>\n\n\t\t\t\t\t<dl class=\"info-misc-with-icons\">\n\t\t\t\t<dt class=\"venue\"><span class=\"screen-reader-text\">Stedet<\/span><\/dt>\n\t\t\t\t<dd>\n\t\t\t\t\t\t\t\t\t\t<a href=\"https:\/\/maps.app.goo.gl\/VjELDLp5fgJ7QMkg8\">Vertikalen Hotell og Spiseri<\/a>\n\t\t\t\t\t\t\t\t\t\t\t\t\t\t\t\t<span class=\"address-line-2\">Gaupemyrheia 2, 4790 Lillesand<\/span>\n\t\t\t\t\t\t\t\t\t<\/dd>\n\t\t\t<\/dl>\n\t\t\t\t\t\t\t<dl class=\"info-misc-with-icons\">\n\t\t<dt class=\"time\"><span class=\"screen-reader-text\">Arrangement dato<\/span><\/dt>\n\t\t<dd class=\"time\">\n\t\t\ttir 16. april 2024 fra  18:00 &#8211; 20:00\t\t<\/dd>\n\t<\/dl>\n\t\t\t\t\t\t<dl class=\"info-misc-with-icons\">\n\t\t<dt class=\"registration\"><span class=\"screen-reader-text\">P\u00e5meldingsdetajer<\/span><\/dt>\n\t\t<dd class=\"registration\">\n\t\t\tGRATIS\t\t\t\t\t<\/dd>\n\t<\/dl>\n\t\t<\/dl>\n<\/div>\n<\/div>\n\n\n\n\n<h2 class=\"wp-block-heading is-style-large\"><strong>Agenda n\u00e6ringspolitisk m\u00f8te<\/strong><\/h2>\n\n\n\n<blockquote class=\"wp-block-quote is-layout-flow wp-block-quote-is-layout-flow\">\n<p>18:00 \u2013 18:05&nbsp;&nbsp;&nbsp; Velkommen &#8211; kaffe &amp; frukt <\/p>\n\n\n\n<p>18:05 \u2013 18:45&nbsp;&nbsp;&nbsp; K\u00e5re Andersen, n\u00e6ringssjef&nbsp;i Arendal, deler av sine erfaringer fra strategisk, m\u00e5lrettet arbeid og satsing som har gitt viktige resultater, og brakt Arendal i nasjonal ledelse innen m\u00e5lrettet n\u00e6ringspolitikk. Sp\u00f8rsm\u00e5l.<\/p>\n\n\n\n<p>18:45 \u2013 19:25&nbsp;&nbsp;&nbsp; Arbeid rundt bordene &#8211; vi \u00f8nsker \u00e5 h\u00f8re dine synspunkter p\u00e5 m\u00e5l for Lillesand kommende 5 &#8211; 10 \u00e5r, og hva som er viktig for \u00e5 lykkes fremover.<\/p>\n\n\n\n<p>19:25 &#8211; &nbsp;19:45&nbsp;&nbsp; Presentasjon fra arbeid rundt bordene &#8211;  Hver gruppe f\u00e5r 3 min hver<\/p>\n\n\n\n<p>19:45 \u2013 19:55&nbsp;&nbsp;&nbsp; Anne Grethe( Lillesands Sparebank) og Jens Ove (ASKO) \u2013 inntrykk og r\u00e5d<\/p>\n\n\n\n<p>19:55 \u2013 20:00&nbsp;&nbsp;&nbsp; Takk for n\u00e5 \u2013 oppsummering og veien videre<\/p>\n<\/blockquote>\n\n\n\n<p><em>Ved sp\u00f8rsm\u00e5l kontakt: Gunnar Kulia,&nbsp;Leder Lillesand H\u00f8yre og bystyrerepresentant<\/em>&nbsp;<\/p>\n\n\n<div class=\"post-meta wp-block\">\n\t<div class=\"top\">\n\t\t<div class=\"sharing\">\n\t\t\t<a class=\"share-button share-link\" target=\"_blank\"><span class=\"screen-reader-text\">Del link<\/span><\/a>\n\t\t\t<a class=\"share-button share-twitter\" href=\"http:\/\/twitter.com\/share?text=N\u00e6ringspolitisk m\u00f8te &#8211; vil vi noe i Lillesand?&#038;url=https:\/\/hoyre.no\/lillesand\/arrangementer\/naeringspolitisk-mote-vil-vi-noe-i-lillesand\/&#038;hashtags=Hoyre\"><span class=\"screen-reader-text\">Del p\u00e5 twitter<\/span><\/a>\n\t\t\t<a class=\"share-button share-facebook\" href=\"https:\/\/www.facebook.com\/sharer\/sharer.php?u=https:\/\/hoyre.no\/lillesand\/arrangementer\/naeringspolitisk-mote-vil-vi-noe-i-lillesand\/\" target=\"_blank\"><span class=\"screen-reader-text\">Del p\u00e5 facebook<\/span><\/a>\n\t\t<\/div>\n\t<\/div>\n<\/div>\n","protected":false},"template":"","meta":{"teft_cards_image_url":"","teft_cards_custom_pretitle":"","teft_cards_image_id":325,"teft_cards_image_focal_point_x":0.5,"teft_cards_image_focal_point_y":0.5,"teft_cards_title":"","teft_cards_excerpt":"","teft_show_chapters":false,"event_organizer":[],"event_start_date":"2024-04-16T18:00:00","event_end_date":"2024-04-16T20:00:00","event_registration_url":"","event_registration_deadline":"","event_ticket_cost":"GRATIS","event_venue_name":"Vertikalen Hotell og Spiseri","event_venue_url":"https:\/\/maps.app.goo.gl\/VjELDLp5fgJ7QMkg8","event_venue_address":"Gaupemyrheia 2, 4790 Lillesand"},"teft-events-category":[],"class_list":["post-747","teft-events","type-teft-events","status-publish","hentry"],"yoast_head":"<!-- This site is optimized with the Yoast SEO plugin v26.6 - https:\/\/yoast.com\/wordpress\/plugins\/seo\/ -->\n<title>N\u00e6ringspolitisk m\u00f8te - vil vi noe i Lillesand? - Lillesand H\u00f8yre<\/title>\n<meta name=\"robots\" content=\"index, follow, max-snippet:-1, max-image-preview:large, max-video-preview:-1\" \/>\n<link rel=\"canonical\" href=\"https:\/\/hoyre.no\/lillesand\/arrangementer\/naeringspolitisk-mote-vil-vi-noe-i-lillesand\/\" \/>\n<meta property=\"og:locale\" content=\"nb_NO\" \/>\n<meta property=\"og:type\" content=\"article\" \/>\n<meta property=\"og:title\" content=\"N\u00e6ringspolitisk m\u00f8te - vil vi noe i Lillesand? - Lillesand H\u00f8yre\" \/>\n<meta property=\"og:url\" content=\"https:\/\/hoyre.no\/lillesand\/arrangementer\/naeringspolitisk-mote-vil-vi-noe-i-lillesand\/\" \/>\n<meta property=\"og:site_name\" content=\"Lillesand H\u00f8yre\" \/>\n<meta property=\"article:modified_time\" content=\"2024-04-14T17:57:10+00:00\" \/>\n<meta property=\"og:image\" content=\"https:\/\/hoyre.no\/content\/uploads\/sites\/27\/2023\/05\/naering.jpg\" \/>\n<meta name=\"twitter:card\" content=\"summary_large_image\" \/>\n<meta name=\"twitter:label1\" content=\"Ansl. lesetid\" \/>\n\t<meta name=\"twitter:data1\" content=\"1 minutt\" \/>\n<script type=\"application\/ld+json\" class=\"yoast-schema-graph\">{\"@context\":\"https:\/\/schema.org\",\"@graph\":[{\"@type\":\"WebPage\",\"@id\":\"https:\/\/hoyre.no\/lillesand\/arrangementer\/naeringspolitisk-mote-vil-vi-noe-i-lillesand\/\",\"url\":\"https:\/\/hoyre.no\/lillesand\/arrangementer\/naeringspolitisk-mote-vil-vi-noe-i-lillesand\/\",\"name\":\"N\u00e6ringspolitisk m\u00f8te - vil vi noe i Lillesand? - Lillesand H\u00f8yre\",\"isPartOf\":{\"@id\":\"https:\/\/hoyre.no\/lillesand\/#website\"},\"datePublished\":\"2024-03-21T19:14:10+00:00\",\"dateModified\":\"2024-04-14T17:57:10+00:00\",\"breadcrumb\":{\"@id\":\"https:\/\/hoyre.no\/lillesand\/arrangementer\/naeringspolitisk-mote-vil-vi-noe-i-lillesand\/#breadcrumb\"},\"inLanguage\":\"nb-NO\",\"potentialAction\":[{\"@type\":\"ReadAction\",\"target\":[\"https:\/\/hoyre.no\/lillesand\/arrangementer\/naeringspolitisk-mote-vil-vi-noe-i-lillesand\/\"]}]},{\"@type\":\"BreadcrumbList\",\"@id\":\"https:\/\/hoyre.no\/lillesand\/arrangementer\/naeringspolitisk-mote-vil-vi-noe-i-lillesand\/#breadcrumb\",\"itemListElement\":[{\"@type\":\"ListItem\",\"position\":1,\"name\":\"Til hoyre.no\",\"item\":\"https:\/\/hoyre.no\"},{\"@type\":\"ListItem\",\"position\":2,\"name\":\"Hjem\",\"item\":\"https:\/\/hoyre.no\/lillesand\/\"},{\"@type\":\"ListItem\",\"position\":3,\"name\":\"Arrangement\",\"item\":\"https:\/\/hoyre.no\/lillesand\/arrangementer\/\"},{\"@type\":\"ListItem\",\"position\":4,\"name\":\"N\u00e6ringspolitisk m\u00f8te &#8211; vil vi noe i Lillesand?\"}]},{\"@type\":\"WebSite\",\"@id\":\"https:\/\/hoyre.no\/lillesand\/#website\",\"url\":\"https:\/\/hoyre.no\/lillesand\/\",\"name\":\"Lillesand H\u00f8yre\",\"description\":\"Bare enda et H\u00f8yres nettsteder-nettsted\",\"inLanguage\":\"nb-NO\"}]}<\/script>\n<!-- \/ Yoast SEO plugin. -->","yoast_head_json":{"title":"N\u00e6ringspolitisk m\u00f8te - vil vi noe i Lillesand? - Lillesand H\u00f8yre","robots":{"index":"index","follow":"follow","max-snippet":"max-snippet:-1","max-image-preview":"max-image-preview:large","max-video-preview":"max-video-preview:-1"},"canonical":"https:\/\/hoyre.no\/lillesand\/arrangementer\/naeringspolitisk-mote-vil-vi-noe-i-lillesand\/","og_locale":"nb_NO","og_type":"article","og_title":"N\u00e6ringspolitisk m\u00f8te - vil vi noe i Lillesand? - Lillesand H\u00f8yre","og_url":"https:\/\/hoyre.no\/lillesand\/arrangementer\/naeringspolitisk-mote-vil-vi-noe-i-lillesand\/","og_site_name":"Lillesand H\u00f8yre","article_modified_time":"2024-04-14T17:57:10+00:00","og_image":[{"url":"https:\/\/hoyre.no\/content\/uploads\/sites\/27\/2023\/05\/naering.jpg","width":"","height":"","type":""}],"twitter_card":"summary_large_image","twitter_misc":{"Ansl. lesetid":"1 minutt"},"schema":{"@context":"https:\/\/schema.org","@graph":[{"@type":"WebPage","@id":"https:\/\/hoyre.no\/lillesand\/arrangementer\/naeringspolitisk-mote-vil-vi-noe-i-lillesand\/","url":"https:\/\/hoyre.no\/lillesand\/arrangementer\/naeringspolitisk-mote-vil-vi-noe-i-lillesand\/","name":"N\u00e6ringspolitisk m\u00f8te - vil vi noe i Lillesand? - Lillesand H\u00f8yre","isPartOf":{"@id":"https:\/\/hoyre.no\/lillesand\/#website"},"datePublished":"2024-03-21T19:14:10+00:00","dateModified":"2024-04-14T17:57:10+00:00","breadcrumb":{"@id":"https:\/\/hoyre.no\/lillesand\/arrangementer\/naeringspolitisk-mote-vil-vi-noe-i-lillesand\/#breadcrumb"},"inLanguage":"nb-NO","potentialAction":[{"@type":"ReadAction","target":["https:\/\/hoyre.no\/lillesand\/arrangementer\/naeringspolitisk-mote-vil-vi-noe-i-lillesand\/"]}]},{"@type":"BreadcrumbList","@id":"https:\/\/hoyre.no\/lillesand\/arrangementer\/naeringspolitisk-mote-vil-vi-noe-i-lillesand\/#breadcrumb","itemListElement":[{"@type":"ListItem","position":1,"name":"Til hoyre.no","item":"https:\/\/hoyre.no"},{"@type":"ListItem","position":2,"name":"Hjem","item":"https:\/\/hoyre.no\/lillesand\/"},{"@type":"ListItem","position":3,"name":"Arrangement","item":"https:\/\/hoyre.no\/lillesand\/arrangementer\/"},{"@type":"ListItem","position":4,"name":"N\u00e6ringspolitisk m\u00f8te &#8211; vil vi noe i Lillesand?"}]},{"@type":"WebSite","@id":"https:\/\/hoyre.no\/lillesand\/#website","url":"https:\/\/hoyre.no\/lillesand\/","name":"Lillesand H\u00f8yre","description":"Bare enda et H\u00f8yres nettsteder-nettsted","inLanguage":"nb-NO"}]}},"distributor_meta":false,"distributor_terms":false,"distributor_media":false,"distributor_original_site_name":"Lillesand H\u00f8yre","distributor_original_site_url":"https:\/\/hoyre.no\/lillesand","push-errors":false,"_links":{"self":[{"href":"https:\/\/hoyre.no\/lillesand\/wp-json\/wp\/v2\/teft-events\/747","targetHints":{"allow":["GET"]}}],"collection":[{"href":"https:\/\/hoyre.no\/lillesand\/wp-json\/wp\/v2\/teft-events"}],"about":[{"href":"https:\/\/hoyre.no\/lillesand\/wp-json\/wp\/v2\/types\/teft-events"}],"wp:attachment":[{"href":"https:\/\/hoyre.no\/lillesand\/wp-json\/wp\/v2\/media?parent=747"}],"wp:term":[{"taxonomy":"teft-events-category","embeddable":true,"href":"https:\/\/hoyre.no\/lillesand\/wp-json\/wp\/v2\/teft-events-category?post=747"}],"curies":[{"name":"wp","href":"https:\/\/api.w.org\/{rel}","templated":true}]}}