{"id":830,"date":"2024-12-11T08:58:47","date_gmt":"2024-12-11T07:58:47","guid":{"rendered":"https:\/\/hoyre.no\/lillesand\/?post_type=teft-events&#038;p=830"},"modified":"2024-12-12T09:18:56","modified_gmt":"2024-12-12T08:18:56","slug":"innkalling-til-arsmote-2024-i-lillesand-hoyre","status":"publish","type":"teft-events","link":"https:\/\/hoyre.no\/lillesand\/arrangementer\/innkalling-til-arsmote-2024-i-lillesand-hoyre\/","title":{"rendered":"Invitasjon til \u00c5rsm\u00f8te 2024 i Lillesand H\u00f8yre"},"content":{"rendered":"\n<div class=\"wp-block-teft-event-top\">\n\n<div class=\"teft-event-date-top\">\n<div class=\"teft-event-date-wrapper\">\n\t<div class=\"date-square\" aria-hidden=\"true\">\n\t\t02\t\t\t<\/div>\n<\/div>\n\t<div class=\"top-text\">\n\t\t\t\t\t<p class=\"top-date-text\">torsdag 02. januar 2025<\/p>\n\t\t\t\t\t\t\t<p class=\"top-time-text\">19:00 &#8211; 21:00<\/p>\n\t\t\t\t\t\t<\/div>\n\t\t<div class=\"sharing\">\n\t\t<a class=\"share-button share-link copy-link\" data-copy=\"https:\/\/hoyre.no\/lillesand\/arrangementer\/innkalling-til-arsmote-2024-i-lillesand-hoyre\/\" target=\"_blank\"><span class=\"screen-reader-text\">Del link<\/span><\/a>\n\t\t<a class=\"share-button share-twitter\" href=\"http:\/\/twitter.com\/share?text=Invitasjon til \u00c5rsm\u00f8te 2024 i Lillesand H\u00f8yre&#038;url=https:\/\/hoyre.no\/lillesand\/arrangementer\/innkalling-til-arsmote-2024-i-lillesand-hoyre\/&#038;hashtags=Hoyre\" target=\"_blank\"><span class=\"screen-reader-text\">Del p\u00e5 twitter<\/span><\/a>\n\t\t<a class=\"share-button share-facebook\" href=\"https:\/\/www.facebook.com\/sharer\/sharer.php?u=https:\/\/hoyre.no\/lillesand\/arrangementer\/innkalling-til-arsmote-2024-i-lillesand-hoyre\/\" target=\"_blank\"><span class=\"screen-reader-text\">Del p\u00e5 facebook<\/span><\/a>\n\t<\/div>\n\t<\/div>\n<p class=\"preamble\">P\u00e5 vegne av styreleder \u00f8nskes alle medlemmer velkommen til \u00c5rsm\u00f8te 2024 i Lillesand H\u00f8yre.<br>Forslag til saker som \u00f8nskes behandlet, m\u00e5 v\u00e6re sendt styret senest to uker f\u00f8r \u00c5rsm\u00f8te.<\/p><figure class=\"hoyre-image-wrapper\"><div class=\"hoyre-image\"><img loading=\"lazy\" decoding=\"async\" width=\"1536\" height=\"2048\" src=\"https:\/\/hoyre.no\/content\/uploads\/sites\/27\/2024\/12\/IMG_3438.jpeg\" class=\"attachment-scaled size-scaled\" alt=\"\" style=\"object-position: 50% 50%\" srcset=\"https:\/\/hoyre.no\/content\/uploads\/sites\/27\/2024\/12\/IMG_3438.jpeg 1536w, https:\/\/hoyre.no\/content\/uploads\/sites\/27\/2024\/12\/IMG_3438-225x300.jpeg 225w, https:\/\/hoyre.no\/content\/uploads\/sites\/27\/2024\/12\/IMG_3438-768x1024.jpeg 768w, https:\/\/hoyre.no\/content\/uploads\/sites\/27\/2024\/12\/IMG_3438-1152x1536.jpeg 1152w\" sizes=\"auto, (max-width: 1536px) 100vw, 1536px\" \/><\/div><\/figure>\n\n<div class=\"panel teft-details-panel\">\n\t\t<h3>Detaljer<\/h3>\n\n\t\t\t\t\t<dl class=\"info-misc-with-icons\">\n\t\t\t\t<dt class=\"venue\"><span class=\"screen-reader-text\">Stedet<\/span><\/dt>\n\t\t\t\t<dd>\n\t\t\t\t\t\t\t\t\t\t<a href=\"https:\/\/maps.app.goo.gl\/BjXLofLxt4k4qpB79\">Bystyresalen, Lillesand R\u00e5dhus<\/a>\n\t\t\t\t\t\t\t\t\t\t\t\t\t\t\t\t<span class=\"address-line-2\">\u00d8stregate 2, 4790 Lillesand<\/span>\n\t\t\t\t\t\t\t\t\t<\/dd>\n\t\t\t<\/dl>\n\t\t\t\t\t\t\t<dl class=\"info-misc-with-icons\">\n\t\t<dt class=\"time\"><span class=\"screen-reader-text\">Arrangement dato<\/span><\/dt>\n\t\t<dd class=\"time\">\n\t\t\ttor 2. januar 2025 fra  19:00 &#8211; 21:00\t\t<\/dd>\n\t<\/dl>\n\t\t\t\t<\/dl>\n<\/div>\n<\/div>\n\n\n\n\n<h2 class=\"wp-block-heading\">Informasjon<\/h2>\n\n\n\n<p><strong>Agenda<\/strong><br><strong>Sak 1:<\/strong>\u00a0Godkjennelse av innkalling og dagsorden.<br><strong>Sak 2:\u00a0<\/strong>Valg av ordstyrer og referent.<br><strong>Sak 3:<\/strong>\u00a0Valg av to personer til \u00e5 underskrive protokollen.<br><strong>Sak 4:\u00a0<\/strong>Styrets \u00c5rsberetning<br><strong>Sak 5:<\/strong>\u00a0Rapport fra side foreningene om den politiske situasjonen i kommunen:<br>\u2013 Rapport fra kommunestyregruppen.<br>\u2013 Rapport fra Lillesand Unge H\u00f8yre<br><strong>Sak 6:<\/strong>\u00a0Regnskap og revisjonsberetning. Gjennomg\u00e5s i m\u00f8tet.<br><strong>Sak 7:<\/strong>\u00a0Budsjett 2025.Gjennomg\u00e5s i m\u00f8tet.<br><strong>Sak 8:<\/strong>\u00a0Innkomne forslag. Dersom du \u00f8nsker \u00e5 l\u00f8fte saker inn for \u00e5rsm\u00f8te m\u00e5 disse sendes Gunnar Kulia p\u00e5 e-post: <a href=\"mailto:gunnar.kulia@lillesand.kommune.no\">gunnar.kulia@lillesand.kommune.no<\/a> innen 19. desember.<br><strong>Sak 9:<\/strong>\u00a0Styret med arbeidsm\u00e5l for neste periode.<br><strong>Sak 10:<\/strong>\u00a0Valgkomiteens innstilling for valg til styre i Lillesand H\u00f8yre: <\/p>\n\n\n\n<p><strong>Leder:<\/strong> Gunnar Kulia, velges for 1 \u00e5r<br><strong>Styremedlemmer:<\/strong><br>Jarle Fosen, velges for 2 \u00e5r<br>Johannes Myhre Vallesverd, velges for 2 \u00e5r<br>Kari Erdvik, velges for 2 \u00e5r<br>Martin Aanesland, velges for 1 \u00e5r<br>Susanne Larsen, velges for 1 \u00e5r<br>Kerstin Thoresen, ikke p\u00e5 valg<br><strong>Varamedlemmer<\/strong> (velges for 1 \u00e5r):<br>1 \u00d8ystein Midttun<br>2 Tor H\u00e5kon Gr\u00f8sle<br>3 Lise Andersen<br>4 Birger Gauslaa<\/p>\n\n\n\n<p>Som sagt, mange dyktige og motiverte kandidater. Her er en god miks av fornyelse og kontinuitet. Kj\u00f8nnsbalanse, spredning i alder og bakgrunn. Og vi s\u00f8rger for at halvparten er valgt for 1 og halvparten for 2 \u00e5r.<\/p>\n\n\n\n<p><strong>Sak 11:<\/strong>&nbsp;Styrets innstilling p\u00e5 valg av Valgkomite for neste \u00c5rsm\u00f8te.<br><strong>Sak 12:<\/strong>&nbsp;Valg av delegater m\/vara til <a href=\"https:\/\/hoyre.no\/agder\/arrangementer\/agder-hoyres-fylkesarsmote-2025\/\">Agder H\u00f8yres Fylkes\u00e5rsm\u00f8te, 7. \u2013 8. februar<\/a><\/p>\n\n\n\n<p>Alle sakspapirer sendes ut senest 3 uker f\u00f8r \u00c5rsm\u00f8te.<\/p>\n\n\n<div class=\"post-meta wp-block\">\n\t<div class=\"top\">\n\t\t<div class=\"sharing\">\n\t\t\t<a class=\"share-button share-link\" target=\"_blank\"><span class=\"screen-reader-text\">Del link<\/span><\/a>\n\t\t\t<a class=\"share-button share-twitter\" href=\"http:\/\/twitter.com\/share?text=Invitasjon til \u00c5rsm\u00f8te 2024 i Lillesand H\u00f8yre&#038;url=https:\/\/hoyre.no\/lillesand\/arrangementer\/innkalling-til-arsmote-2024-i-lillesand-hoyre\/&#038;hashtags=Hoyre\"><span class=\"screen-reader-text\">Del p\u00e5 twitter<\/span><\/a>\n\t\t\t<a class=\"share-button share-facebook\" href=\"https:\/\/www.facebook.com\/sharer\/sharer.php?u=https:\/\/hoyre.no\/lillesand\/arrangementer\/innkalling-til-arsmote-2024-i-lillesand-hoyre\/\" target=\"_blank\"><span class=\"screen-reader-text\">Del p\u00e5 facebook<\/span><\/a>\n\t\t<\/div>\n\t<\/div>\n<\/div>\n","protected":false},"template":"","meta":{"teft_cards_image_url":"","teft_cards_custom_pretitle":"","teft_cards_image_id":819,"teft_cards_image_focal_point_x":0.5,"teft_cards_image_focal_point_y":0.5,"teft_cards_title":"","teft_cards_excerpt":"","teft_show_chapters":false,"event_organizer":[],"event_start_date":"2025-01-02T19:00:00","event_end_date":"2025-01-02T21:00:00","event_registration_url":"","event_registration_deadline":"","event_ticket_cost":"","event_venue_name":"Bystyresalen, Lillesand R\u00e5dhus","event_venue_url":"https:\/\/maps.app.goo.gl\/BjXLofLxt4k4qpB79","event_venue_address":"\u00d8stregate 2, 4790 Lillesand"},"teft-events-category":[],"class_list":["post-830","teft-events","type-teft-events","status-publish","hentry"],"yoast_head":"<!-- This site is optimized with the Yoast SEO plugin v26.6 - https:\/\/yoast.com\/wordpress\/plugins\/seo\/ -->\n<title>Invitasjon til \u00c5rsm\u00f8te 2024 i Lillesand H\u00f8yre - Lillesand H\u00f8yre<\/title>\n<meta name=\"robots\" content=\"index, follow, max-snippet:-1, max-image-preview:large, max-video-preview:-1\" \/>\n<link rel=\"canonical\" href=\"https:\/\/hoyre.no\/lillesand\/arrangementer\/innkalling-til-arsmote-2024-i-lillesand-hoyre\/\" \/>\n<meta property=\"og:locale\" content=\"nb_NO\" \/>\n<meta property=\"og:type\" content=\"article\" \/>\n<meta property=\"og:title\" content=\"Invitasjon til \u00c5rsm\u00f8te 2024 i Lillesand H\u00f8yre - Lillesand H\u00f8yre\" \/>\n<meta property=\"og:url\" content=\"https:\/\/hoyre.no\/lillesand\/arrangementer\/innkalling-til-arsmote-2024-i-lillesand-hoyre\/\" \/>\n<meta property=\"og:site_name\" content=\"Lillesand H\u00f8yre\" \/>\n<meta property=\"article:modified_time\" content=\"2024-12-12T08:18:56+00:00\" \/>\n<meta property=\"og:image\" content=\"https:\/\/hoyre.no\/content\/uploads\/sites\/27\/2024\/12\/IMG_3438-768x1024.jpeg\" \/>\n<meta name=\"twitter:card\" content=\"summary_large_image\" \/>\n<meta name=\"twitter:label1\" content=\"Ansl. lesetid\" \/>\n\t<meta name=\"twitter:data1\" content=\"2 minutter\" \/>\n<script type=\"application\/ld+json\" class=\"yoast-schema-graph\">{\"@context\":\"https:\/\/schema.org\",\"@graph\":[{\"@type\":\"WebPage\",\"@id\":\"https:\/\/hoyre.no\/lillesand\/arrangementer\/innkalling-til-arsmote-2024-i-lillesand-hoyre\/\",\"url\":\"https:\/\/hoyre.no\/lillesand\/arrangementer\/innkalling-til-arsmote-2024-i-lillesand-hoyre\/\",\"name\":\"Invitasjon til \u00c5rsm\u00f8te 2024 i Lillesand H\u00f8yre - Lillesand H\u00f8yre\",\"isPartOf\":{\"@id\":\"https:\/\/hoyre.no\/lillesand\/#website\"},\"datePublished\":\"2024-12-11T07:58:47+00:00\",\"dateModified\":\"2024-12-12T08:18:56+00:00\",\"breadcrumb\":{\"@id\":\"https:\/\/hoyre.no\/lillesand\/arrangementer\/innkalling-til-arsmote-2024-i-lillesand-hoyre\/#breadcrumb\"},\"inLanguage\":\"nb-NO\",\"potentialAction\":[{\"@type\":\"ReadAction\",\"target\":[\"https:\/\/hoyre.no\/lillesand\/arrangementer\/innkalling-til-arsmote-2024-i-lillesand-hoyre\/\"]}]},{\"@type\":\"BreadcrumbList\",\"@id\":\"https:\/\/hoyre.no\/lillesand\/arrangementer\/innkalling-til-arsmote-2024-i-lillesand-hoyre\/#breadcrumb\",\"itemListElement\":[{\"@type\":\"ListItem\",\"position\":1,\"name\":\"Til hoyre.no\",\"item\":\"https:\/\/hoyre.no\"},{\"@type\":\"ListItem\",\"position\":2,\"name\":\"Hjem\",\"item\":\"https:\/\/hoyre.no\/lillesand\/\"},{\"@type\":\"ListItem\",\"position\":3,\"name\":\"Arrangement\",\"item\":\"https:\/\/hoyre.no\/lillesand\/arrangementer\/\"},{\"@type\":\"ListItem\",\"position\":4,\"name\":\"Invitasjon til \u00c5rsm\u00f8te 2024 i Lillesand H\u00f8yre\"}]},{\"@type\":\"WebSite\",\"@id\":\"https:\/\/hoyre.no\/lillesand\/#website\",\"url\":\"https:\/\/hoyre.no\/lillesand\/\",\"name\":\"Lillesand H\u00f8yre\",\"description\":\"Bare enda et H\u00f8yres nettsteder-nettsted\",\"inLanguage\":\"nb-NO\"}]}<\/script>\n<!-- \/ Yoast SEO plugin. -->","yoast_head_json":{"title":"Invitasjon til \u00c5rsm\u00f8te 2024 i Lillesand H\u00f8yre - Lillesand H\u00f8yre","robots":{"index":"index","follow":"follow","max-snippet":"max-snippet:-1","max-image-preview":"max-image-preview:large","max-video-preview":"max-video-preview:-1"},"canonical":"https:\/\/hoyre.no\/lillesand\/arrangementer\/innkalling-til-arsmote-2024-i-lillesand-hoyre\/","og_locale":"nb_NO","og_type":"article","og_title":"Invitasjon til \u00c5rsm\u00f8te 2024 i Lillesand H\u00f8yre - Lillesand H\u00f8yre","og_url":"https:\/\/hoyre.no\/lillesand\/arrangementer\/innkalling-til-arsmote-2024-i-lillesand-hoyre\/","og_site_name":"Lillesand H\u00f8yre","article_modified_time":"2024-12-12T08:18:56+00:00","og_image":[{"url":"https:\/\/hoyre.no\/content\/uploads\/sites\/27\/2024\/12\/IMG_3438-768x1024.jpeg","width":"","height":"","type":""}],"twitter_card":"summary_large_image","twitter_misc":{"Ansl. lesetid":"2 minutter"},"schema":{"@context":"https:\/\/schema.org","@graph":[{"@type":"WebPage","@id":"https:\/\/hoyre.no\/lillesand\/arrangementer\/innkalling-til-arsmote-2024-i-lillesand-hoyre\/","url":"https:\/\/hoyre.no\/lillesand\/arrangementer\/innkalling-til-arsmote-2024-i-lillesand-hoyre\/","name":"Invitasjon til \u00c5rsm\u00f8te 2024 i Lillesand H\u00f8yre - Lillesand H\u00f8yre","isPartOf":{"@id":"https:\/\/hoyre.no\/lillesand\/#website"},"datePublished":"2024-12-11T07:58:47+00:00","dateModified":"2024-12-12T08:18:56+00:00","breadcrumb":{"@id":"https:\/\/hoyre.no\/lillesand\/arrangementer\/innkalling-til-arsmote-2024-i-lillesand-hoyre\/#breadcrumb"},"inLanguage":"nb-NO","potentialAction":[{"@type":"ReadAction","target":["https:\/\/hoyre.no\/lillesand\/arrangementer\/innkalling-til-arsmote-2024-i-lillesand-hoyre\/"]}]},{"@type":"BreadcrumbList","@id":"https:\/\/hoyre.no\/lillesand\/arrangementer\/innkalling-til-arsmote-2024-i-lillesand-hoyre\/#breadcrumb","itemListElement":[{"@type":"ListItem","position":1,"name":"Til hoyre.no","item":"https:\/\/hoyre.no"},{"@type":"ListItem","position":2,"name":"Hjem","item":"https:\/\/hoyre.no\/lillesand\/"},{"@type":"ListItem","position":3,"name":"Arrangement","item":"https:\/\/hoyre.no\/lillesand\/arrangementer\/"},{"@type":"ListItem","position":4,"name":"Invitasjon til \u00c5rsm\u00f8te 2024 i Lillesand H\u00f8yre"}]},{"@type":"WebSite","@id":"https:\/\/hoyre.no\/lillesand\/#website","url":"https:\/\/hoyre.no\/lillesand\/","name":"Lillesand H\u00f8yre","description":"Bare enda et H\u00f8yres nettsteder-nettsted","inLanguage":"nb-NO"}]}},"distributor_meta":false,"distributor_terms":false,"distributor_media":false,"distributor_original_site_name":"Lillesand H\u00f8yre","distributor_original_site_url":"https:\/\/hoyre.no\/lillesand","push-errors":false,"_links":{"self":[{"href":"https:\/\/hoyre.no\/lillesand\/wp-json\/wp\/v2\/teft-events\/830","targetHints":{"allow":["GET"]}}],"collection":[{"href":"https:\/\/hoyre.no\/lillesand\/wp-json\/wp\/v2\/teft-events"}],"about":[{"href":"https:\/\/hoyre.no\/lillesand\/wp-json\/wp\/v2\/types\/teft-events"}],"wp:attachment":[{"href":"https:\/\/hoyre.no\/lillesand\/wp-json\/wp\/v2\/media?parent=830"}],"wp:term":[{"taxonomy":"teft-events-category","embeddable":true,"href":"https:\/\/hoyre.no\/lillesand\/wp-json\/wp\/v2\/teft-events-category?post=830"}],"curies":[{"name":"wp","href":"https:\/\/api.w.org\/{rel}","templated":true}]}}