{"id":963,"date":"2025-10-20T21:08:16","date_gmt":"2025-10-20T19:08:16","guid":{"rendered":"https:\/\/hoyre.no\/lillesand\/?post_type=teft-events&#038;p=963"},"modified":"2025-10-22T09:06:04","modified_gmt":"2025-10-22T07:06:04","slug":"velkommen-til-arsmote-2025-i-lillesand-hoyre","status":"publish","type":"teft-events","link":"https:\/\/hoyre.no\/lillesand\/arrangementer\/velkommen-til-arsmote-2025-i-lillesand-hoyre\/","title":{"rendered":"Velkommen til \u00c5rsm\u00f8te 2025 i Lillesand H\u00f8yre"},"content":{"rendered":"\n<div class=\"wp-block-teft-event-top\">\n\n<div class=\"teft-event-date-top\">\n<div class=\"teft-event-date-wrapper\">\n\t<div class=\"date-square\" aria-hidden=\"true\">\n\t\t12\t\t\t<\/div>\n<\/div>\n\t<div class=\"top-text\">\n\t\t\t\t\t<p class=\"top-date-text\">onsdag 12. november 2025<\/p>\n\t\t\t\t\t\t\t<p class=\"top-time-text\">18:00 &#8211; 21:00<\/p>\n\t\t\t\t\t\t<\/div>\n\t\t<div class=\"sharing\">\n\t\t<a class=\"share-button share-link copy-link\" data-copy=\"https:\/\/hoyre.no\/lillesand\/arrangementer\/velkommen-til-arsmote-2025-i-lillesand-hoyre\/\" target=\"_blank\"><span class=\"screen-reader-text\">Del link<\/span><\/a>\n\t\t<a class=\"share-button share-twitter\" href=\"http:\/\/twitter.com\/share?text=Velkommen til \u00c5rsm\u00f8te 2025 i Lillesand H\u00f8yre&#038;url=https:\/\/hoyre.no\/lillesand\/arrangementer\/velkommen-til-arsmote-2025-i-lillesand-hoyre\/&#038;hashtags=Hoyre\" target=\"_blank\"><span class=\"screen-reader-text\">Del p\u00e5 twitter<\/span><\/a>\n\t\t<a class=\"share-button share-facebook\" href=\"https:\/\/www.facebook.com\/sharer\/sharer.php?u=https:\/\/hoyre.no\/lillesand\/arrangementer\/velkommen-til-arsmote-2025-i-lillesand-hoyre\/\" target=\"_blank\"><span class=\"screen-reader-text\">Del p\u00e5 facebook<\/span><\/a>\n\t<\/div>\n\t<\/div>\n<p class=\"preamble\">P\u00e5 vegne av styreleder \u00f8nsker vi alle medlemmer hjertelig velkommen til \u00c5rsm\u00f8te 2025 i Lillesand H\u00f8yre. M\u00f8tet etterf\u00f8lges av et medlemsm\u00f8te med tema <em>skolestruktur og den \u00f8konomiske situasjonen i kommunen<\/em>. Forslag til saker som \u00f8nskes behandlet p\u00e5 \u00e5rsm\u00f8tet, m\u00e5 sendes styret senest to uker f\u00f8r m\u00f8tedato.<\/p><figure class=\"hoyre-image-wrapper\"><div class=\"hoyre-image\"><img loading=\"lazy\" decoding=\"async\" width=\"2048\" height=\"1536\" src=\"https:\/\/hoyre.no\/content\/uploads\/sites\/27\/2025\/10\/IMG_3548.jpeg\" class=\"attachment-scaled size-scaled\" alt=\"\" style=\"object-position: 50% 50%\" srcset=\"https:\/\/hoyre.no\/content\/uploads\/sites\/27\/2025\/10\/IMG_3548.jpeg 2048w, https:\/\/hoyre.no\/content\/uploads\/sites\/27\/2025\/10\/IMG_3548-300x225.jpeg 300w, https:\/\/hoyre.no\/content\/uploads\/sites\/27\/2025\/10\/IMG_3548-1024x768.jpeg 1024w, https:\/\/hoyre.no\/content\/uploads\/sites\/27\/2025\/10\/IMG_3548-768x576.jpeg 768w, https:\/\/hoyre.no\/content\/uploads\/sites\/27\/2025\/10\/IMG_3548-1536x1152.jpeg 1536w\" sizes=\"auto, (max-width: 2048px) 100vw, 2048px\" \/><\/div><\/figure>\n\n<div class=\"panel teft-details-panel\">\n\t\t<h3>Detaljer<\/h3>\n\n\t\t\t\t\t<dl class=\"info-misc-with-icons\">\n\t\t\t\t<dt class=\"venue\"><span class=\"screen-reader-text\">Stedet<\/span><\/dt>\n\t\t\t\t<dd>\n\t\t\t\t\t\t\t\t\t\t<a href=\"https:\/\/maps.app.goo.gl\/rQxRSc6qJSRfDW6n6\">Bystyresalen, Lillesand R\u00e5dhus<\/a>\n\t\t\t\t\t\t\t\t\t\t\t\t\t\t\t\t<span class=\"address-line-2\">\u00d8stregate 2, 4790 Lillesand<\/span>\n\t\t\t\t\t\t\t\t\t<\/dd>\n\t\t\t<\/dl>\n\t\t\t\t\t\t\t<dl class=\"info-misc-with-icons\">\n\t\t<dt class=\"time\"><span class=\"screen-reader-text\">Arrangement dato<\/span><\/dt>\n\t\t<dd class=\"time\">\n\t\t\tons 12. november 2025 fra  18:00 &#8211; 21:00\t\t<\/dd>\n\t<\/dl>\n\t\t\t\t<\/dl>\n<\/div>\n<\/div>\n\n\n\n\n<h2 class=\"wp-block-heading\">Informasjon<\/h2>\n\n\n\n<p><strong>Agenda \u00e5rsm\u00f8te (18:00-19:00)<\/strong><br><strong>Sak 1:<\/strong>&nbsp;Godkjennelse av innkalling og dagsorden.<br><strong>Sak 2:&nbsp;<\/strong>Valg av ordstyrer og referent.<br><strong>Sak 3:<\/strong>&nbsp;Valg av to personer til \u00e5 underskrive protokollen.<br><strong>Sak 4:&nbsp;<\/strong>Styrets \u00c5rsberetning<br><strong>Sak 5:<\/strong>&nbsp;Rapport fra side foreningene om den politiske situasjonen i kommunen:<br>\u2013 Rapport fra kommunestyregruppen.<br>\u2013 Rapport fra Lillesand Unge H\u00f8yre<br><strong>Sak 6:<\/strong>&nbsp;Regnskap og revisjonsberetning. Gjennomg\u00e5s i m\u00f8tet.<br><strong>Sak 7:<\/strong>&nbsp;Budsjett 2026.Gjennomg\u00e5s i m\u00f8tet.<br><strong>Sak 8:<\/strong>&nbsp;Innkomne forslag. Dersom du \u00f8nsker \u00e5 l\u00f8fte saker inn for \u00e5rsm\u00f8te m\u00e5 disse sendes Gunnar Kulia p\u00e5 e-post:&nbsp;<a href=\"mailto:gunnar.kulia@lillesand.kommune.no\">gunnar.kulia@lillesand.kommune.no<\/a>&nbsp;innen 29. oktober.<br><strong>Sak 9:<\/strong>&nbsp;Styret med arbeidsm\u00e5l for neste periode.<br><strong>Sak 10:<\/strong>&nbsp;Valgkomiteens innstilling for valg til styre i Lillesand H\u00f8yre:<\/p>\n\n\n\n<p><strong>Leder (velges for 1 \u00e5r):<\/strong><br>&#8211; Gunnar Kulia <br><strong>Styremedlemmer p\u00e5 valg (2\u00e5r):<\/strong><br>&#8211; Susanne LARSEN<br>&#8211; Kerstin THORSEN<br>&#8211; \u00d8ystein MIDTTUN<br><strong>Styremedlemmer ikke p\u00e5 valg:<\/strong><br>&#8211; Jarle FOSEN<br>&#8211; Johannes MYHRE VALLESVERD<br>&#8211; Kari ERDVIK<br><strong>Varamedlemmer<\/strong>\u00a0(velges for 1 \u00e5r):<br>&#8211; Tor H\u00e5kon GR\u00d8SLE<br>&#8211; Lise ANDERSEN<br>&#8211; Birger GAUSLAA<\/p>\n\n\n\n<p><strong>Merknad: <\/strong>Geir Kulia var inhabil ved behandling av forslag som omhandlet Gunnar Kulia. Dette ble h\u00e5ndtert ved at Geir Kulia ikke deltok i diskusjoner eller beslutninger knyttet til dette punktet.<\/p>\n\n\n\n<p><strong>Valgstyre sin kommentar:<\/strong> Mange dyktige og motiverte kandidater. Valgkomiteen mener at denne innstillingen sikrer den stabiliteten og kontinuiteten som er viktig i perioden frem mot valget. Ved \u00e5 beholde kjernen i styret og gj\u00f8re f\u00e5 justeringer sikrer vi kontinuitet og best mulig forberedelser til valg\u00e5ret 2027. Samtidig styrkes styret ved at \u00d8ystein Midttun g\u00e5r fra vara til fast medlem, noe som tilf\u00f8rer verdifull kompetanse og engasjement. Vi takker for tilliten og h\u00e5per at denne innstillingen legger et godt grunnlag for styrets arbeid i 2025 og videre mot det viktige valg\u00e5ret 2027.<\/p>\n\n\n\n<p><strong>Sak 11:<\/strong>&nbsp;Styrets innstilling p\u00e5 valg av Valgkomite for neste \u00c5rsm\u00f8te.<\/p>\n\n\n\n<p><strong>Sak 12:<\/strong> Styrets innstilling p\u00e5 valg av Nominasjonskomit\u00e9 for lokalvalget 2027.<\/p>\n\n\n\n<p><strong>Sak 13:<\/strong> Styrets innstilling p\u00e5 valg av Programkomit\u00e9 for lokalvalget 2027.<\/p>\n\n\n\n<p>Alle sakspapirer sendes ut senest 1 uke f\u00f8r \u00c5rsm\u00f8te.<\/p>\n\n\n\n<p><strong>Agenda medlemsm\u00f8te (19:00-21:00)<\/strong><\/p>\n\n\n\n<p>Spennende og aktuelle tema som <em>skolestruktur og den \u00f8konomiske situasjonen i kommunen<\/em> presenteres.<\/p>\n\n\n<div class=\"post-meta wp-block\">\n\t<div class=\"top\">\n\t\t<div class=\"sharing\">\n\t\t\t<a class=\"share-button share-link\" target=\"_blank\"><span class=\"screen-reader-text\">Del link<\/span><\/a>\n\t\t\t<a class=\"share-button share-twitter\" href=\"http:\/\/twitter.com\/share?text=Velkommen til \u00c5rsm\u00f8te 2025 i Lillesand H\u00f8yre&#038;url=https:\/\/hoyre.no\/lillesand\/arrangementer\/velkommen-til-arsmote-2025-i-lillesand-hoyre\/&#038;hashtags=Hoyre\"><span class=\"screen-reader-text\">Del p\u00e5 twitter<\/span><\/a>\n\t\t\t<a class=\"share-button share-facebook\" href=\"https:\/\/www.facebook.com\/sharer\/sharer.php?u=https:\/\/hoyre.no\/lillesand\/arrangementer\/velkommen-til-arsmote-2025-i-lillesand-hoyre\/\" target=\"_blank\"><span class=\"screen-reader-text\">Del p\u00e5 facebook<\/span><\/a>\n\t\t<\/div>\n\t<\/div>\n<\/div>\n","protected":false},"template":"","meta":{"teft_cards_image_url":"","teft_cards_custom_pretitle":"","teft_cards_image_id":964,"teft_cards_image_focal_point_x":0.5,"teft_cards_image_focal_point_y":0.5,"teft_cards_title":"","teft_cards_excerpt":"","teft_show_chapters":false,"event_organizer":[],"event_start_date":"2025-11-12T18:00:00","event_end_date":"2025-11-12T21:00:00","event_registration_url":"","event_registration_deadline":"","event_ticket_cost":"","event_venue_name":"Bystyresalen, Lillesand R\u00e5dhus","event_venue_url":"https:\/\/maps.app.goo.gl\/rQxRSc6qJSRfDW6n6","event_venue_address":"\u00d8stregate 2, 4790 Lillesand"},"teft-events-category":[],"class_list":["post-963","teft-events","type-teft-events","status-publish","hentry"],"yoast_head":"<!-- This site is optimized with the Yoast SEO plugin v26.6 - https:\/\/yoast.com\/wordpress\/plugins\/seo\/ -->\n<title>Velkommen til \u00c5rsm\u00f8te 2025 i Lillesand H\u00f8yre - Lillesand H\u00f8yre<\/title>\n<meta name=\"robots\" content=\"index, follow, max-snippet:-1, max-image-preview:large, max-video-preview:-1\" \/>\n<link rel=\"canonical\" href=\"https:\/\/hoyre.no\/lillesand\/arrangementer\/velkommen-til-arsmote-2025-i-lillesand-hoyre\/\" \/>\n<meta property=\"og:locale\" content=\"nb_NO\" \/>\n<meta property=\"og:type\" content=\"article\" \/>\n<meta property=\"og:title\" content=\"Velkommen til \u00c5rsm\u00f8te 2025 i Lillesand H\u00f8yre - Lillesand H\u00f8yre\" \/>\n<meta property=\"og:url\" content=\"https:\/\/hoyre.no\/lillesand\/arrangementer\/velkommen-til-arsmote-2025-i-lillesand-hoyre\/\" \/>\n<meta property=\"og:site_name\" content=\"Lillesand H\u00f8yre\" \/>\n<meta property=\"article:modified_time\" content=\"2025-10-22T07:06:04+00:00\" \/>\n<meta property=\"og:image\" content=\"https:\/\/hoyre.no\/content\/uploads\/sites\/27\/2025\/10\/IMG_3548-1024x768.jpeg\" \/>\n<meta name=\"twitter:card\" content=\"summary_large_image\" \/>\n<meta name=\"twitter:label1\" content=\"Ansl. lesetid\" \/>\n\t<meta name=\"twitter:data1\" content=\"3 minutter\" \/>\n<script type=\"application\/ld+json\" class=\"yoast-schema-graph\">{\"@context\":\"https:\/\/schema.org\",\"@graph\":[{\"@type\":\"WebPage\",\"@id\":\"https:\/\/hoyre.no\/lillesand\/arrangementer\/velkommen-til-arsmote-2025-i-lillesand-hoyre\/\",\"url\":\"https:\/\/hoyre.no\/lillesand\/arrangementer\/velkommen-til-arsmote-2025-i-lillesand-hoyre\/\",\"name\":\"Velkommen til \u00c5rsm\u00f8te 2025 i Lillesand H\u00f8yre - Lillesand H\u00f8yre\",\"isPartOf\":{\"@id\":\"https:\/\/hoyre.no\/lillesand\/#website\"},\"datePublished\":\"2025-10-20T19:08:16+00:00\",\"dateModified\":\"2025-10-22T07:06:04+00:00\",\"breadcrumb\":{\"@id\":\"https:\/\/hoyre.no\/lillesand\/arrangementer\/velkommen-til-arsmote-2025-i-lillesand-hoyre\/#breadcrumb\"},\"inLanguage\":\"nb-NO\",\"potentialAction\":[{\"@type\":\"ReadAction\",\"target\":[\"https:\/\/hoyre.no\/lillesand\/arrangementer\/velkommen-til-arsmote-2025-i-lillesand-hoyre\/\"]}]},{\"@type\":\"BreadcrumbList\",\"@id\":\"https:\/\/hoyre.no\/lillesand\/arrangementer\/velkommen-til-arsmote-2025-i-lillesand-hoyre\/#breadcrumb\",\"itemListElement\":[{\"@type\":\"ListItem\",\"position\":1,\"name\":\"Til hoyre.no\",\"item\":\"https:\/\/hoyre.no\"},{\"@type\":\"ListItem\",\"position\":2,\"name\":\"Hjem\",\"item\":\"https:\/\/hoyre.no\/lillesand\/\"},{\"@type\":\"ListItem\",\"position\":3,\"name\":\"Arrangement\",\"item\":\"https:\/\/hoyre.no\/lillesand\/arrangementer\/\"},{\"@type\":\"ListItem\",\"position\":4,\"name\":\"Velkommen til \u00c5rsm\u00f8te 2025 i Lillesand H\u00f8yre\"}]},{\"@type\":\"WebSite\",\"@id\":\"https:\/\/hoyre.no\/lillesand\/#website\",\"url\":\"https:\/\/hoyre.no\/lillesand\/\",\"name\":\"Lillesand H\u00f8yre\",\"description\":\"Bare enda et H\u00f8yres nettsteder-nettsted\",\"inLanguage\":\"nb-NO\"}]}<\/script>\n<!-- \/ Yoast SEO plugin. -->","yoast_head_json":{"title":"Velkommen til \u00c5rsm\u00f8te 2025 i Lillesand H\u00f8yre - Lillesand H\u00f8yre","robots":{"index":"index","follow":"follow","max-snippet":"max-snippet:-1","max-image-preview":"max-image-preview:large","max-video-preview":"max-video-preview:-1"},"canonical":"https:\/\/hoyre.no\/lillesand\/arrangementer\/velkommen-til-arsmote-2025-i-lillesand-hoyre\/","og_locale":"nb_NO","og_type":"article","og_title":"Velkommen til \u00c5rsm\u00f8te 2025 i Lillesand H\u00f8yre - Lillesand H\u00f8yre","og_url":"https:\/\/hoyre.no\/lillesand\/arrangementer\/velkommen-til-arsmote-2025-i-lillesand-hoyre\/","og_site_name":"Lillesand H\u00f8yre","article_modified_time":"2025-10-22T07:06:04+00:00","og_image":[{"url":"https:\/\/hoyre.no\/content\/uploads\/sites\/27\/2025\/10\/IMG_3548-1024x768.jpeg","width":"","height":"","type":""}],"twitter_card":"summary_large_image","twitter_misc":{"Ansl. lesetid":"3 minutter"},"schema":{"@context":"https:\/\/schema.org","@graph":[{"@type":"WebPage","@id":"https:\/\/hoyre.no\/lillesand\/arrangementer\/velkommen-til-arsmote-2025-i-lillesand-hoyre\/","url":"https:\/\/hoyre.no\/lillesand\/arrangementer\/velkommen-til-arsmote-2025-i-lillesand-hoyre\/","name":"Velkommen til \u00c5rsm\u00f8te 2025 i Lillesand H\u00f8yre - Lillesand H\u00f8yre","isPartOf":{"@id":"https:\/\/hoyre.no\/lillesand\/#website"},"datePublished":"2025-10-20T19:08:16+00:00","dateModified":"2025-10-22T07:06:04+00:00","breadcrumb":{"@id":"https:\/\/hoyre.no\/lillesand\/arrangementer\/velkommen-til-arsmote-2025-i-lillesand-hoyre\/#breadcrumb"},"inLanguage":"nb-NO","potentialAction":[{"@type":"ReadAction","target":["https:\/\/hoyre.no\/lillesand\/arrangementer\/velkommen-til-arsmote-2025-i-lillesand-hoyre\/"]}]},{"@type":"BreadcrumbList","@id":"https:\/\/hoyre.no\/lillesand\/arrangementer\/velkommen-til-arsmote-2025-i-lillesand-hoyre\/#breadcrumb","itemListElement":[{"@type":"ListItem","position":1,"name":"Til hoyre.no","item":"https:\/\/hoyre.no"},{"@type":"ListItem","position":2,"name":"Hjem","item":"https:\/\/hoyre.no\/lillesand\/"},{"@type":"ListItem","position":3,"name":"Arrangement","item":"https:\/\/hoyre.no\/lillesand\/arrangementer\/"},{"@type":"ListItem","position":4,"name":"Velkommen til \u00c5rsm\u00f8te 2025 i Lillesand H\u00f8yre"}]},{"@type":"WebSite","@id":"https:\/\/hoyre.no\/lillesand\/#website","url":"https:\/\/hoyre.no\/lillesand\/","name":"Lillesand H\u00f8yre","description":"Bare enda et H\u00f8yres nettsteder-nettsted","inLanguage":"nb-NO"}]}},"distributor_meta":false,"distributor_terms":false,"distributor_media":false,"distributor_original_site_name":"Lillesand H\u00f8yre","distributor_original_site_url":"https:\/\/hoyre.no\/lillesand","push-errors":false,"_links":{"self":[{"href":"https:\/\/hoyre.no\/lillesand\/wp-json\/wp\/v2\/teft-events\/963","targetHints":{"allow":["GET"]}}],"collection":[{"href":"https:\/\/hoyre.no\/lillesand\/wp-json\/wp\/v2\/teft-events"}],"about":[{"href":"https:\/\/hoyre.no\/lillesand\/wp-json\/wp\/v2\/types\/teft-events"}],"wp:attachment":[{"href":"https:\/\/hoyre.no\/lillesand\/wp-json\/wp\/v2\/media?parent=963"}],"wp:term":[{"taxonomy":"teft-events-category","embeddable":true,"href":"https:\/\/hoyre.no\/lillesand\/wp-json\/wp\/v2\/teft-events-category?post=963"}],"curies":[{"name":"wp","href":"https:\/\/api.w.org\/{rel}","templated":true}]}}