{"id":974,"date":"2026-03-04T12:37:42","date_gmt":"2026-03-04T11:37:42","guid":{"rendered":"https:\/\/hoyre.no\/lillesand\/?post_type=teft-events&#038;p=974"},"modified":"2026-03-04T12:41:42","modified_gmt":"2026-03-04T11:41:42","slug":"oppstart-programarbeid","status":"publish","type":"teft-events","link":"https:\/\/hoyre.no\/lillesand\/arrangementer\/oppstart-programarbeid\/","title":{"rendered":"Oppstart programarbeid"},"content":{"rendered":"\n<div class=\"wp-block-teft-event-top\">\n\n<div class=\"teft-event-date-top\">\n<div class=\"teft-event-date-wrapper\">\n\t<div class=\"date-square\" aria-hidden=\"true\">\n\t\t16\t\t\t<\/div>\n<\/div>\n\t<div class=\"top-text\">\n\t\t\t\t\t<p class=\"top-date-text\">mandag 16. mars 2026<\/p>\n\t\t\t\t\t\t\t<p class=\"top-time-text\">19:00 &#8211; 21:00<\/p>\n\t\t\t\t\t\t<\/div>\n\t\t<div class=\"sharing\">\n\t\t<a class=\"share-button share-link copy-link\" data-copy=\"https:\/\/hoyre.no\/lillesand\/arrangementer\/oppstart-programarbeid\/\" target=\"_blank\"><span class=\"screen-reader-text\">Del link<\/span><\/a>\n\t\t<a class=\"share-button share-twitter\" href=\"http:\/\/twitter.com\/share?text=Oppstart programarbeid&#038;url=https:\/\/hoyre.no\/lillesand\/arrangementer\/oppstart-programarbeid\/&#038;hashtags=Hoyre\" target=\"_blank\"><span class=\"screen-reader-text\">Del p\u00e5 twitter<\/span><\/a>\n\t\t<a class=\"share-button share-facebook\" href=\"https:\/\/www.facebook.com\/sharer\/sharer.php?u=https:\/\/hoyre.no\/lillesand\/arrangementer\/oppstart-programarbeid\/\" target=\"_blank\"><span class=\"screen-reader-text\">Del p\u00e5 facebook<\/span><\/a>\n\t<\/div>\n\t<\/div>\n<p class=\"preamble\">Kj\u00e6re Lillesand-H\u00f8yre-venner,<br><br>Vi har lagt bak oss et, la oss v\u00e6re \u00e6rlige, elendig stortingsvalgresultat. Dette burde v\u00e6re motivasjon nok til \u00e5 allerede n\u00e5 se frem mot kommunevalget, og i fellesskap starte programarbeidet.<\/p><figure class=\"hoyre-image-wrapper\"><div class=\"hoyre-image\"><img loading=\"lazy\" decoding=\"async\" width=\"1242\" height=\"2208\" src=\"https:\/\/hoyre.no\/content\/uploads\/sites\/27\/2025\/05\/IMG_4750.jpg\" class=\"attachment-scaled size-scaled\" alt=\"\" style=\"object-position: 50% 50%\" srcset=\"https:\/\/hoyre.no\/content\/uploads\/sites\/27\/2025\/05\/IMG_4750.jpg 1242w, https:\/\/hoyre.no\/content\/uploads\/sites\/27\/2025\/05\/IMG_4750-169x300.jpg 169w, https:\/\/hoyre.no\/content\/uploads\/sites\/27\/2025\/05\/IMG_4750-576x1024.jpg 576w, https:\/\/hoyre.no\/content\/uploads\/sites\/27\/2025\/05\/IMG_4750-768x1365.jpg 768w, https:\/\/hoyre.no\/content\/uploads\/sites\/27\/2025\/05\/IMG_4750-864x1536.jpg 864w, https:\/\/hoyre.no\/content\/uploads\/sites\/27\/2025\/05\/IMG_4750-1152x2048.jpg 1152w\" sizes=\"auto, (max-width: 1242px) 100vw, 1242px\" \/><\/div><\/figure>\n\n<div class=\"wp-block wp-block-teft-event-registration-button\">\n\t<div class=\"registration-button-wrapper\">\n\t\t\t<a href=\"mailto:oysteinmidttun@gmail.com\" class=\"wp-block-button__link\">Meld deg p\u00e5 her<\/a>\n\t\t\t\t\t\t\t<p class=\"registration-deadline\"><strong>P\u00e5meldingsfrist:<\/strong> s\u00f8n 15. mars 2026<\/p>\n\t\t\n\t<\/div>\n<\/div>\n\n<div class=\"panel teft-details-panel\">\n\t\t<h3>Detaljer<\/h3>\n\n\t\t\t\t\t<dl class=\"info-misc-with-icons\">\n\t\t\t\t<dt class=\"venue\"><span class=\"screen-reader-text\">Stedet<\/span><\/dt>\n\t\t\t\t<dd>\n\t\t\t\t\t\t\t\t\t\t<a href=\"https:\/\/maps.app.goo.gl\/DPaPY9FZqyt6DnCJ6\">Lillesand R\u00e5dhus<\/a>\n\t\t\t\t\t\t\t\t\t\t\t\t\t\t\t\t<span class=\"address-line-2\">\u00d8stregate 2, 4790 Lillesand<\/span>\n\t\t\t\t\t\t\t\t\t<\/dd>\n\t\t\t<\/dl>\n\t\t\t\t\t\t\t<dl class=\"info-misc-with-icons\">\n\t\t<dt class=\"time\"><span class=\"screen-reader-text\">Arrangement dato<\/span><\/dt>\n\t\t<dd class=\"time\">\n\t\t\tman 16. mars 2026 fra  19:00 &#8211; 21:00\t\t<\/dd>\n\t<\/dl>\n\t\t\t\t\t\t<dl class=\"info-misc-with-icons\">\n\t\t<dt class=\"registration\"><span class=\"screen-reader-text\">P\u00e5meldingsdetajer<\/span><\/dt>\n\t\t<dd class=\"registration\">\n\t\t\tGratis\t\t\t\t\t\t\t<a href=\"mailto:oysteinmidttun@gmail.com\">Registrer<\/a>\n\t\t\t\t\t<\/dd>\n\t<\/dl>\n\t\t<\/dl>\n<\/div>\n<\/div>\n\n\n\n\n<h2 class=\"wp-block-heading\">Informasjon<\/h2>\n\n\n\n<p>F\u00f8rste m\u00f8te blir mandag 16. mars kl. 19-21 i R\u00e5dhuset. M\u00f8terom avhenger av hvor mange som kommer.&nbsp;<\/p>\n\n\n\n<p>F\u00f8rste m\u00f8te handler om organisering av og tanker rundt programarbeidet. I fjor arbeidet vi i ulike prosjektgrupper med ulike tema som helse og omsorg, oppvekst, og sentrumsutvikling. Det er naturlig \u00e5 bygge videre p\u00e5 dette arbeidet i den nye programprosessen.&nbsp;&nbsp;<\/p>\n\n\n\n<p>Til inspirasjon legger jeg ved lenke til <a href=\"https:\/\/hoyre.no\/content\/uploads\/sites\/27\/2023\/05\/Lillesand-Hoyre-program-og-kandidater-2023-2027-1.pdf\">programmet v\u00e5rt fra 2023<\/a> og <a href=\"https:\/\/hoyre.no\/politikk\/prinsipprogram\/\">H\u00f8yres prinsipprogram<\/a> (som begynner \u00e5 bli litt gammelt, fra 2019):<\/p>\n\n\n\n<p>De som forel\u00f8pig har sagt seg villig til \u00e5 bidra i programkomiteen er:<\/p>\n\n\n\n<p>\u00d8ystein Midttun, leder<\/p>\n\n\n\n<p>Einar Holmer-Hoven<\/p>\n\n\n\n<p>Siren Thorvaldsen<\/p>\n\n\n\n<p>Johannes Myhre Vellesverd<\/p>\n\n\n\n<p>Andreas Brovig<\/p>\n\n\n\n<p>Susanne Larsen<\/p>\n\n\n\n<p>Anna Skuggevik<\/p>\n\n\n\n<p>Geir Kulia<\/p>\n\n\n\n<p>Kerstin Thoresen<\/p>\n\n\n\n<p>Emilia Jansson<\/p>\n\n\n\n<p>Vennligst gi en lyd til \u00d8ystein,&nbsp;<a href=\"mailto:oysteinmidttun@gmail.com\" target=\"_blank\" rel=\"noreferrer noopener\">oysteinmidttun@gmail.com<\/a>, om du stiller p\u00e5 m\u00f8tet 16. mars.&nbsp;<\/p>\n\n\n<div class=\"post-meta wp-block\">\n\t<div class=\"top\">\n\t\t<div class=\"sharing\">\n\t\t\t<a class=\"share-button share-link\" target=\"_blank\"><span class=\"screen-reader-text\">Del link<\/span><\/a>\n\t\t\t<a class=\"share-button share-twitter\" href=\"http:\/\/twitter.com\/share?text=Oppstart programarbeid&#038;url=https:\/\/hoyre.no\/lillesand\/arrangementer\/oppstart-programarbeid\/&#038;hashtags=Hoyre\"><span class=\"screen-reader-text\">Del p\u00e5 twitter<\/span><\/a>\n\t\t\t<a class=\"share-button share-facebook\" href=\"https:\/\/www.facebook.com\/sharer\/sharer.php?u=https:\/\/hoyre.no\/lillesand\/arrangementer\/oppstart-programarbeid\/\" target=\"_blank\"><span class=\"screen-reader-text\">Del p\u00e5 facebook<\/span><\/a>\n\t\t<\/div>\n\t<\/div>\n<\/div>\n","protected":false},"template":"","meta":{"teft_cards_image_url":"","teft_cards_custom_pretitle":"","teft_cards_image_id":884,"teft_cards_image_focal_point_x":0.5,"teft_cards_image_focal_point_y":0.5,"teft_cards_title":"","teft_cards_excerpt":"","teft_show_chapters":false,"event_organizer":[],"event_start_date":"2026-03-16T19:00:00","event_end_date":"2026-03-16T21:00:00","event_registration_url":"mailto:oysteinmidttun@gmail.com","event_registration_deadline":"2026-03-15T12:31:28","event_ticket_cost":"Gratis","event_venue_name":"Lillesand R\u00e5dhus","event_venue_url":"https:\/\/maps.app.goo.gl\/DPaPY9FZqyt6DnCJ6","event_venue_address":"\u00d8stregate 2, 4790 Lillesand"},"teft-events-category":[],"class_list":["post-974","teft-events","type-teft-events","status-publish","hentry"],"yoast_head":"<!-- This site is optimized with the Yoast SEO plugin v26.6 - https:\/\/yoast.com\/wordpress\/plugins\/seo\/ -->\n<title>Oppstart programarbeid - Lillesand H\u00f8yre<\/title>\n<meta name=\"robots\" content=\"index, follow, max-snippet:-1, max-image-preview:large, max-video-preview:-1\" \/>\n<link rel=\"canonical\" href=\"https:\/\/hoyre.no\/lillesand\/arrangementer\/oppstart-programarbeid\/\" \/>\n<meta property=\"og:locale\" content=\"nb_NO\" \/>\n<meta property=\"og:type\" content=\"article\" \/>\n<meta property=\"og:title\" content=\"Oppstart programarbeid - Lillesand H\u00f8yre\" \/>\n<meta property=\"og:url\" content=\"https:\/\/hoyre.no\/lillesand\/arrangementer\/oppstart-programarbeid\/\" \/>\n<meta property=\"og:site_name\" content=\"Lillesand H\u00f8yre\" \/>\n<meta property=\"article:modified_time\" content=\"2026-03-04T11:41:42+00:00\" \/>\n<meta property=\"og:image\" content=\"https:\/\/hoyre.no\/content\/uploads\/sites\/27\/2025\/05\/IMG_4750-576x1024.jpg\" \/>\n<meta name=\"twitter:card\" content=\"summary_large_image\" \/>\n<meta name=\"twitter:label1\" content=\"Ansl. lesetid\" \/>\n\t<meta name=\"twitter:data1\" content=\"1 minutt\" \/>\n<script type=\"application\/ld+json\" class=\"yoast-schema-graph\">{\"@context\":\"https:\/\/schema.org\",\"@graph\":[{\"@type\":\"WebPage\",\"@id\":\"https:\/\/hoyre.no\/lillesand\/arrangementer\/oppstart-programarbeid\/\",\"url\":\"https:\/\/hoyre.no\/lillesand\/arrangementer\/oppstart-programarbeid\/\",\"name\":\"Oppstart programarbeid - Lillesand H\u00f8yre\",\"isPartOf\":{\"@id\":\"https:\/\/hoyre.no\/lillesand\/#website\"},\"datePublished\":\"2026-03-04T11:37:42+00:00\",\"dateModified\":\"2026-03-04T11:41:42+00:00\",\"breadcrumb\":{\"@id\":\"https:\/\/hoyre.no\/lillesand\/arrangementer\/oppstart-programarbeid\/#breadcrumb\"},\"inLanguage\":\"nb-NO\",\"potentialAction\":[{\"@type\":\"ReadAction\",\"target\":[\"https:\/\/hoyre.no\/lillesand\/arrangementer\/oppstart-programarbeid\/\"]}]},{\"@type\":\"BreadcrumbList\",\"@id\":\"https:\/\/hoyre.no\/lillesand\/arrangementer\/oppstart-programarbeid\/#breadcrumb\",\"itemListElement\":[{\"@type\":\"ListItem\",\"position\":1,\"name\":\"Til hoyre.no\",\"item\":\"https:\/\/hoyre.no\"},{\"@type\":\"ListItem\",\"position\":2,\"name\":\"Hjem\",\"item\":\"https:\/\/hoyre.no\/lillesand\/\"},{\"@type\":\"ListItem\",\"position\":3,\"name\":\"Arrangement\",\"item\":\"https:\/\/hoyre.no\/lillesand\/arrangementer\/\"},{\"@type\":\"ListItem\",\"position\":4,\"name\":\"Oppstart programarbeid\"}]},{\"@type\":\"WebSite\",\"@id\":\"https:\/\/hoyre.no\/lillesand\/#website\",\"url\":\"https:\/\/hoyre.no\/lillesand\/\",\"name\":\"Lillesand H\u00f8yre\",\"description\":\"Bare enda et H\u00f8yres nettsteder-nettsted\",\"inLanguage\":\"nb-NO\"}]}<\/script>\n<!-- \/ Yoast SEO plugin. -->","yoast_head_json":{"title":"Oppstart programarbeid - Lillesand H\u00f8yre","robots":{"index":"index","follow":"follow","max-snippet":"max-snippet:-1","max-image-preview":"max-image-preview:large","max-video-preview":"max-video-preview:-1"},"canonical":"https:\/\/hoyre.no\/lillesand\/arrangementer\/oppstart-programarbeid\/","og_locale":"nb_NO","og_type":"article","og_title":"Oppstart programarbeid - Lillesand H\u00f8yre","og_url":"https:\/\/hoyre.no\/lillesand\/arrangementer\/oppstart-programarbeid\/","og_site_name":"Lillesand H\u00f8yre","article_modified_time":"2026-03-04T11:41:42+00:00","og_image":[{"url":"https:\/\/hoyre.no\/content\/uploads\/sites\/27\/2025\/05\/IMG_4750-576x1024.jpg","width":"","height":"","type":""}],"twitter_card":"summary_large_image","twitter_misc":{"Ansl. lesetid":"1 minutt"},"schema":{"@context":"https:\/\/schema.org","@graph":[{"@type":"WebPage","@id":"https:\/\/hoyre.no\/lillesand\/arrangementer\/oppstart-programarbeid\/","url":"https:\/\/hoyre.no\/lillesand\/arrangementer\/oppstart-programarbeid\/","name":"Oppstart programarbeid - Lillesand H\u00f8yre","isPartOf":{"@id":"https:\/\/hoyre.no\/lillesand\/#website"},"datePublished":"2026-03-04T11:37:42+00:00","dateModified":"2026-03-04T11:41:42+00:00","breadcrumb":{"@id":"https:\/\/hoyre.no\/lillesand\/arrangementer\/oppstart-programarbeid\/#breadcrumb"},"inLanguage":"nb-NO","potentialAction":[{"@type":"ReadAction","target":["https:\/\/hoyre.no\/lillesand\/arrangementer\/oppstart-programarbeid\/"]}]},{"@type":"BreadcrumbList","@id":"https:\/\/hoyre.no\/lillesand\/arrangementer\/oppstart-programarbeid\/#breadcrumb","itemListElement":[{"@type":"ListItem","position":1,"name":"Til hoyre.no","item":"https:\/\/hoyre.no"},{"@type":"ListItem","position":2,"name":"Hjem","item":"https:\/\/hoyre.no\/lillesand\/"},{"@type":"ListItem","position":3,"name":"Arrangement","item":"https:\/\/hoyre.no\/lillesand\/arrangementer\/"},{"@type":"ListItem","position":4,"name":"Oppstart programarbeid"}]},{"@type":"WebSite","@id":"https:\/\/hoyre.no\/lillesand\/#website","url":"https:\/\/hoyre.no\/lillesand\/","name":"Lillesand H\u00f8yre","description":"Bare enda et H\u00f8yres nettsteder-nettsted","inLanguage":"nb-NO"}]}},"distributor_meta":false,"distributor_terms":false,"distributor_media":false,"distributor_original_site_name":"Lillesand H\u00f8yre","distributor_original_site_url":"https:\/\/hoyre.no\/lillesand","push-errors":false,"_links":{"self":[{"href":"https:\/\/hoyre.no\/lillesand\/wp-json\/wp\/v2\/teft-events\/974","targetHints":{"allow":["GET"]}}],"collection":[{"href":"https:\/\/hoyre.no\/lillesand\/wp-json\/wp\/v2\/teft-events"}],"about":[{"href":"https:\/\/hoyre.no\/lillesand\/wp-json\/wp\/v2\/types\/teft-events"}],"wp:attachment":[{"href":"https:\/\/hoyre.no\/lillesand\/wp-json\/wp\/v2\/media?parent=974"}],"wp:term":[{"taxonomy":"teft-events-category","embeddable":true,"href":"https:\/\/hoyre.no\/lillesand\/wp-json\/wp\/v2\/teft-events-category?post=974"}],"curies":[{"name":"wp","href":"https:\/\/api.w.org\/{rel}","templated":true}]}}