{"id":599,"date":"2023-11-06T10:22:45","date_gmt":"2023-11-06T09:22:45","guid":{"rendered":"https:\/\/hoyre.no\/lillestrom\/?page_id=599"},"modified":"2023-12-03T14:32:03","modified_gmt":"2023-12-03T13:32:03","slug":"hoyre-sin-gruppe-2023-2027","status":"publish","type":"page","link":"https:\/\/hoyre.no\/lillestrom\/hoyre-sin-gruppe-2023-2027\/","title":{"rendered":"H\u00f8yre sin gruppe 2023-2027"},"content":{"rendered":"\n<p><\/p>\n\n\n\n<h1 class=\"wp-block-heading\">H\u00f8yre f\u00e5r ordf\u00f8rer i Lillestr\u00f8m<\/h1>\n\n\n\n<p>I sammen med Frp, Venstre og KrF med st\u00f8tte fra Folkets R\u00f8st&nbsp;har H\u00f8yre sikret et solid&nbsp;styringsflertall de neste 4 \u00e5rene.&nbsp;H\u00f8yre f\u00e5r ordf\u00f8rer og Frp f\u00e5r varaordf\u00f8rer.<\/p>\n\n\n\n<p>Etter et meget godt valg f\u00e5r H\u00f8yre totalt 16 representanter i kommunestyret, H\u00f8yre har ogs\u00e5 leder i to hovedutvalg og nestleder i to. H\u00f8yre har ogs\u00e5 leder i eldrer\u00e5det og r\u00e5det for personer med nedsatt funksjonsevne.&nbsp;Den totale oversikten finner du under.<\/p>\n\n\n\n<p>\u00d8nsker du \u00e5 lese den politiske samarbeidsplattformen? Last den ned under <\/p>\n\n\n\n<div class=\"wp-block-teft-file icon-link-block\"><a href=\"https:\/\/hoyre.no\/content\/uploads\/sites\/180\/2023\/11\/250923-Politisk-samarbeidsplattform-signert-1.pdf\" download><span class=\"file-title\">Politisk samarbeidsplattform signert <\/span><span class=\"file-name\">250923-Politisk-samarbeidsplattform-signert-1.pdf [319.5kb]<\/span><\/a><\/div>\n\n\n\n\t\t<div class=\"has-lightest-blue-background-color is-layout-left alignwide alignwide wp-block-hoyre-media-text\">\n\t\t\t<div class=\"hoyre-media-text__media\">\n\t\t\t\t<img loading=\"lazy\" decoding=\"async\" width=\"600\" height=\"680\" src=\"https:\/\/hoyre.no\/content\/uploads\/sites\/180\/2023\/11\/Ordforer.png\" class=\"hoyre-media-text__media-image\" alt=\"\" style=\"--focal: 53% 24%;\" srcset=\"https:\/\/hoyre.no\/content\/uploads\/sites\/180\/2023\/11\/Ordforer.png 600w, https:\/\/hoyre.no\/content\/uploads\/sites\/180\/2023\/11\/Ordforer-265x300.png 265w\" sizes=\"auto, (max-width: 600px) 100vw, 600px\" \/>\n\t\t\t<\/div>\n\t\t\t<div class=\"hoyre-media-text__content\">\n\t\t\t\t<div class=\"hoyre-media-text__content-inner\">\n\t\t\t\t\t\n\t\t\t<div class=\"hoyre-media-text__title-container\">\n\t\t\t\t\n\t\t\t\t<h2 class=\"hoyre-media-text__title\">Ordf\u00f8rer<br>Kjartan Berland<\/h2>\n\t\t\t<\/div>\n\t\t\t\n\t\t\t\t\t<div class=\"hoyre-media-text__blocks\"><\/div>\n\t\t\t\t\t\n\t\t\t\t<\/div>\n\t\t\t<\/div>\n\t\t<\/div>\n\t\t\n\n\n<p class=\"has-text-align-center\"><\/p>\n\n\n\n<h1 class=\"wp-block-heading has-text-align-center\"><strong><strong><strong>Formannskapet<\/strong><\/strong><\/strong><\/h1>\n\n\n\n\t\t<div class=\"has-lightest-blue-background-color is-layout-left alignwide alignwide wp-block-hoyre-media-text\">\n\t\t\t<div class=\"hoyre-media-text__media\">\n\t\t\t\t<img loading=\"lazy\" decoding=\"async\" width=\"600\" height=\"680\" src=\"https:\/\/hoyre.no\/content\/uploads\/sites\/180\/2023\/11\/Ordforer.png\" class=\"hoyre-media-text__media-image\" alt=\"\" style=\"--focal: 50% 50%;\" srcset=\"https:\/\/hoyre.no\/content\/uploads\/sites\/180\/2023\/11\/Ordforer.png 600w, https:\/\/hoyre.no\/content\/uploads\/sites\/180\/2023\/11\/Ordforer-265x300.png 265w\" sizes=\"auto, (max-width: 600px) 100vw, 600px\" \/>\n\t\t\t<\/div>\n\t\t\t<div class=\"hoyre-media-text__content\">\n\t\t\t\t<div class=\"hoyre-media-text__content-inner\">\n\t\t\t\t\t\n\t\t\t<div class=\"hoyre-media-text__title-container\">\n\t\t\t\t\n\t\t\t\t<h2 class=\"hoyre-media-text__title\">Kjartan Berland<\/h2>\n\t\t\t<\/div>\n\t\t\t\n\t\t\t\t\t<div class=\"hoyre-media-text__blocks\"><\/div>\n\t\t\t\t\t\n\t\t\t\t<\/div>\n\t\t\t<\/div>\n\t\t<\/div>\n\t\t\n\n\n\t\t<div class=\"has-lightest-blue-background-color is-layout-left alignwide alignwide wp-block-hoyre-media-text\">\n\t\t\t<div class=\"hoyre-media-text__media\">\n\t\t\t\t<img loading=\"lazy\" decoding=\"async\" width=\"1024\" height=\"576\" src=\"https:\/\/hoyre.no\/content\/uploads\/sites\/180\/2023\/08\/Thomas-Langholen-1024x576.jpg\" class=\"hoyre-media-text__media-image\" alt=\"\" style=\"--focal: 50% 50%;\" srcset=\"https:\/\/hoyre.no\/content\/uploads\/sites\/180\/2023\/08\/Thomas-Langholen-1024x576.jpg 1024w, https:\/\/hoyre.no\/content\/uploads\/sites\/180\/2023\/08\/Thomas-Langholen-300x169.jpg 300w, https:\/\/hoyre.no\/content\/uploads\/sites\/180\/2023\/08\/Thomas-Langholen-768x432.jpg 768w, https:\/\/hoyre.no\/content\/uploads\/sites\/180\/2023\/08\/Thomas-Langholen-1536x864.jpg 1536w, https:\/\/hoyre.no\/content\/uploads\/sites\/180\/2023\/08\/Thomas-Langholen-2048x1152.jpg 2048w\" sizes=\"auto, (max-width: 1024px) 100vw, 1024px\" \/>\n\t\t\t<\/div>\n\t\t\t<div class=\"hoyre-media-text__content\">\n\t\t\t\t<div class=\"hoyre-media-text__content-inner\">\n\t\t\t\t\t\n\t\t\t<div class=\"hoyre-media-text__title-container\">\n\t\t\t\t\n\t\t\t\t<h2 class=\"hoyre-media-text__title\">Thomas Langholen<\/h2>\n\t\t\t<\/div>\n\t\t\t\n\t\t\t\t\t<div class=\"hoyre-media-text__blocks\">\n<p>Gruppeleder<\/p>\n<\/div>\n\t\t\t\t\t\n\t\t\t\t<\/div>\n\t\t\t<\/div>\n\t\t<\/div>\n\t\t\n\n\n\t\t<div class=\"has-lightest-blue-background-color is-layout-left alignwide alignwide wp-block-hoyre-media-text\">\n\t\t\t<div class=\"hoyre-media-text__media\">\n\t\t\t\t<img loading=\"lazy\" decoding=\"async\" width=\"1024\" height=\"683\" src=\"https:\/\/hoyre.no\/content\/uploads\/sites\/180\/2023\/07\/Hanne-Beate-Nerdrum-1024x683.jpg\" class=\"hoyre-media-text__media-image\" alt=\"\" style=\"--focal: 74% 47%;\" srcset=\"https:\/\/hoyre.no\/content\/uploads\/sites\/180\/2023\/07\/Hanne-Beate-Nerdrum-1024x683.jpg 1024w, https:\/\/hoyre.no\/content\/uploads\/sites\/180\/2023\/07\/Hanne-Beate-Nerdrum-300x200.jpg 300w, https:\/\/hoyre.no\/content\/uploads\/sites\/180\/2023\/07\/Hanne-Beate-Nerdrum-768x512.jpg 768w, https:\/\/hoyre.no\/content\/uploads\/sites\/180\/2023\/07\/Hanne-Beate-Nerdrum-1536x1025.jpg 1536w, https:\/\/hoyre.no\/content\/uploads\/sites\/180\/2023\/07\/Hanne-Beate-Nerdrum.jpg 2000w\" sizes=\"auto, (max-width: 1024px) 100vw, 1024px\" \/>\n\t\t\t<\/div>\n\t\t\t<div class=\"hoyre-media-text__content\">\n\t\t\t\t<div class=\"hoyre-media-text__content-inner\">\n\t\t\t\t\t\n\t\t\t<div class=\"hoyre-media-text__title-container\">\n\t\t\t\t\n\t\t\t\t<h2 class=\"hoyre-media-text__title\"> Hanne Beate Nerdrum<\/h2>\n\t\t\t<\/div>\n\t\t\t\n\t\t\t\t\t<div class=\"hoyre-media-text__blocks\">\n<p>Nestleder<\/p>\n<\/div>\n\t\t\t\t\t\n\t\t\t\t<\/div>\n\t\t\t<\/div>\n\t\t<\/div>\n\t\t\n\n\n<h1 class=\"wp-block-heading has-text-align-center\"><strong><strong>Kultur<\/strong><\/strong><\/h1>\n\n\n\n\t\t<div class=\"has-lightest-blue-background-color is-layout-left alignwide alignwide wp-block-hoyre-media-text\">\n\t\t\t<div class=\"hoyre-media-text__media\">\n\t\t\t\t<img loading=\"lazy\" decoding=\"async\" width=\"958\" height=\"960\" src=\"https:\/\/hoyre.no\/content\/uploads\/sites\/180\/2023\/07\/Zofia-Zalmai.jpg\" class=\"hoyre-media-text__media-image\" alt=\"\" style=\"--focal: 50% 50%;\" srcset=\"https:\/\/hoyre.no\/content\/uploads\/sites\/180\/2023\/07\/Zofia-Zalmai.jpg 958w, https:\/\/hoyre.no\/content\/uploads\/sites\/180\/2023\/07\/Zofia-Zalmai-300x300.jpg 300w, https:\/\/hoyre.no\/content\/uploads\/sites\/180\/2023\/07\/Zofia-Zalmai-150x150.jpg 150w, https:\/\/hoyre.no\/content\/uploads\/sites\/180\/2023\/07\/Zofia-Zalmai-768x770.jpg 768w\" sizes=\"auto, (max-width: 958px) 100vw, 958px\" \/>\n\t\t\t<\/div>\n\t\t\t<div class=\"hoyre-media-text__content\">\n\t\t\t\t<div class=\"hoyre-media-text__content-inner\">\n\t\t\t\t\t\n\t\t\t<div class=\"hoyre-media-text__title-container\">\n\t\t\t\t\n\t\t\t\t<h2 class=\"hoyre-media-text__title\">Sofia Zalmai<\/h2>\n\t\t\t<\/div>\n\t\t\t\n\t\t\t\t\t<div class=\"hoyre-media-text__blocks\">\n<p>Nestleder i hovedutvalget <\/p>\n<\/div>\n\t\t\t\t\t\n\t\t\t\t<\/div>\n\t\t\t<\/div>\n\t\t<\/div>\n\t\t\n\n\n\t\t<div class=\"has-lightest-blue-background-color is-layout-left alignwide alignwide wp-block-hoyre-media-text\">\n\t\t\t<div class=\"hoyre-media-text__media\">\n\t\t\t\t<img loading=\"lazy\" decoding=\"async\" width=\"1024\" height=\"683\" src=\"https:\/\/hoyre.no\/content\/uploads\/sites\/180\/2023\/08\/guro.myklestul_20230216_vidarsandnes-1024x683.jpg\" class=\"hoyre-media-text__media-image\" alt=\"\" style=\"--focal: 50% 50%;\" srcset=\"https:\/\/hoyre.no\/content\/uploads\/sites\/180\/2023\/08\/guro.myklestul_20230216_vidarsandnes-1024x683.jpg 1024w, https:\/\/hoyre.no\/content\/uploads\/sites\/180\/2023\/08\/guro.myklestul_20230216_vidarsandnes-300x200.jpg 300w, https:\/\/hoyre.no\/content\/uploads\/sites\/180\/2023\/08\/guro.myklestul_20230216_vidarsandnes-768x513.jpg 768w, https:\/\/hoyre.no\/content\/uploads\/sites\/180\/2023\/08\/guro.myklestul_20230216_vidarsandnes-1536x1025.jpg 1536w, https:\/\/hoyre.no\/content\/uploads\/sites\/180\/2023\/08\/guro.myklestul_20230216_vidarsandnes.jpg 1750w\" sizes=\"auto, (max-width: 1024px) 100vw, 1024px\" \/>\n\t\t\t<\/div>\n\t\t\t<div class=\"hoyre-media-text__content\">\n\t\t\t\t<div class=\"hoyre-media-text__content-inner\">\n\t\t\t\t\t\n\t\t\t<div class=\"hoyre-media-text__title-container\">\n\t\t\t\t\n\t\t\t\t<h2 class=\"hoyre-media-text__title\">Guro Myklestul<\/h2>\n\t\t\t<\/div>\n\t\t\t\n\t\t\t\t\t<div class=\"hoyre-media-text__blocks\"><\/div>\n\t\t\t\t\t\n\t\t\t\t<\/div>\n\t\t\t<\/div>\n\t\t<\/div>\n\t\t\n\n\n<h1 class=\"wp-block-heading has-text-align-center\"><strong>HMS<\/strong><\/h1>\n\n\n\n\t\t<div class=\"has-lightest-blue-background-color is-layout-left alignwide alignwide wp-block-hoyre-media-text\">\n\t\t\t<div class=\"hoyre-media-text__media\">\n\t\t\t\t<img loading=\"lazy\" decoding=\"async\" width=\"768\" height=\"1024\" src=\"https:\/\/hoyre.no\/content\/uploads\/sites\/180\/2023\/08\/Juliane-768x1024.jpg\" class=\"hoyre-media-text__media-image\" alt=\"\" style=\"--focal: 38% 15%;\" srcset=\"https:\/\/hoyre.no\/content\/uploads\/sites\/180\/2023\/08\/Juliane-768x1024.jpg 768w, https:\/\/hoyre.no\/content\/uploads\/sites\/180\/2023\/08\/Juliane-225x300.jpg 225w, https:\/\/hoyre.no\/content\/uploads\/sites\/180\/2023\/08\/Juliane-1152x1536.jpg 1152w, https:\/\/hoyre.no\/content\/uploads\/sites\/180\/2023\/08\/Juliane-1536x2048.jpg 1536w, https:\/\/hoyre.no\/content\/uploads\/sites\/180\/2023\/08\/Juliane-scaled.jpg 1875w\" sizes=\"auto, (max-width: 768px) 100vw, 768px\" \/>\n\t\t\t<\/div>\n\t\t\t<div class=\"hoyre-media-text__content\">\n\t\t\t\t<div class=\"hoyre-media-text__content-inner\">\n\t\t\t\t\t\n\t\t\t<div class=\"hoyre-media-text__title-container\">\n\t\t\t\t\n\t\t\t\t<h2 class=\"hoyre-media-text__title\">Juliane Skare<\/h2>\n\t\t\t<\/div>\n\t\t\t\n\t\t\t\t\t<div class=\"hoyre-media-text__blocks\">\n<p>Nestleder i hovedutvalget <\/p>\n<\/div>\n\t\t\t\t\t\n\t\t\t\t<\/div>\n\t\t\t<\/div>\n\t\t<\/div>\n\t\t\n\n\n\t\t<div class=\"has-lightest-blue-background-color is-layout-left alignwide alignwide wp-block-hoyre-media-text\">\n\t\t\t<div class=\"hoyre-media-text__media\">\n\t\t\t\t<img loading=\"lazy\" decoding=\"async\" width=\"1024\" height=\"683\" src=\"https:\/\/hoyre.no\/content\/uploads\/sites\/180\/2023\/08\/morten.thorvaldsen_20230216_vidarsandnes-1024x683.jpg\" class=\"hoyre-media-text__media-image\" alt=\"\" style=\"--focal: 50% 50%;\" srcset=\"https:\/\/hoyre.no\/content\/uploads\/sites\/180\/2023\/08\/morten.thorvaldsen_20230216_vidarsandnes-1024x683.jpg 1024w, https:\/\/hoyre.no\/content\/uploads\/sites\/180\/2023\/08\/morten.thorvaldsen_20230216_vidarsandnes-300x200.jpg 300w, https:\/\/hoyre.no\/content\/uploads\/sites\/180\/2023\/08\/morten.thorvaldsen_20230216_vidarsandnes-768x513.jpg 768w, https:\/\/hoyre.no\/content\/uploads\/sites\/180\/2023\/08\/morten.thorvaldsen_20230216_vidarsandnes-1536x1025.jpg 1536w, https:\/\/hoyre.no\/content\/uploads\/sites\/180\/2023\/08\/morten.thorvaldsen_20230216_vidarsandnes.jpg 1750w\" sizes=\"auto, (max-width: 1024px) 100vw, 1024px\" \/>\n\t\t\t<\/div>\n\t\t\t<div class=\"hoyre-media-text__content\">\n\t\t\t\t<div class=\"hoyre-media-text__content-inner\">\n\t\t\t\t\t\n\t\t\t<div class=\"hoyre-media-text__title-container\">\n\t\t\t\t\n\t\t\t\t<h2 class=\"hoyre-media-text__title\"> Morten Thorvaldsen<\/h2>\n\t\t\t<\/div>\n\t\t\t\n\t\t\t\t\t<div class=\"hoyre-media-text__blocks\"><\/div>\n\t\t\t\t\t\n\t\t\t\t<\/div>\n\t\t\t<\/div>\n\t\t<\/div>\n\t\t\n\n\n\t\t<div class=\"has-lightest-blue-background-color is-layout-left alignwide alignwide wp-block-hoyre-media-text\">\n\t\t\t<div class=\"hoyre-media-text__media\">\n\t\t\t\t<img loading=\"lazy\" decoding=\"async\" width=\"1024\" height=\"683\" src=\"https:\/\/hoyre.no\/content\/uploads\/sites\/180\/2023\/08\/victoria.lousie.torhus_20230216_vidarsandnes-1024x683.jpg\" class=\"hoyre-media-text__media-image\" alt=\"\" style=\"--focal: 50% 50%;\" srcset=\"https:\/\/hoyre.no\/content\/uploads\/sites\/180\/2023\/08\/victoria.lousie.torhus_20230216_vidarsandnes-1024x683.jpg 1024w, https:\/\/hoyre.no\/content\/uploads\/sites\/180\/2023\/08\/victoria.lousie.torhus_20230216_vidarsandnes-300x200.jpg 300w, https:\/\/hoyre.no\/content\/uploads\/sites\/180\/2023\/08\/victoria.lousie.torhus_20230216_vidarsandnes-768x513.jpg 768w, https:\/\/hoyre.no\/content\/uploads\/sites\/180\/2023\/08\/victoria.lousie.torhus_20230216_vidarsandnes-1536x1025.jpg 1536w, https:\/\/hoyre.no\/content\/uploads\/sites\/180\/2023\/08\/victoria.lousie.torhus_20230216_vidarsandnes.jpg 1750w\" sizes=\"auto, (max-width: 1024px) 100vw, 1024px\" \/>\n\t\t\t<\/div>\n\t\t\t<div class=\"hoyre-media-text__content\">\n\t\t\t\t<div class=\"hoyre-media-text__content-inner\">\n\t\t\t\t\t\n\t\t\t<div class=\"hoyre-media-text__title-container\">\n\t\t\t\t\n\t\t\t\t<h2 class=\"hoyre-media-text__title\">Victoria Louise Torhus<\/h2>\n\t\t\t<\/div>\n\t\t\t\n\t\t\t\t\t<div class=\"hoyre-media-text__blocks\"><\/div>\n\t\t\t\t\t\n\t\t\t\t<\/div>\n\t\t\t<\/div>\n\t\t<\/div>\n\t\t\n\n\n<h1 class=\"wp-block-heading has-text-align-center\"><strong>Oppvekst<\/strong><\/h1>\n\n\n\n\t\t<div class=\"has-lightest-blue-background-color is-layout-left alignwide alignwide wp-block-hoyre-media-text\">\n\t\t\t<div class=\"hoyre-media-text__media\">\n\t\t\t\t<img loading=\"lazy\" decoding=\"async\" width=\"600\" height=\"438\" src=\"https:\/\/hoyre.no\/content\/uploads\/sites\/180\/2023\/08\/Odne-Holm.png\" class=\"hoyre-media-text__media-image\" alt=\"\" style=\"--focal: 62% 45%;\" srcset=\"https:\/\/hoyre.no\/content\/uploads\/sites\/180\/2023\/08\/Odne-Holm.png 600w, https:\/\/hoyre.no\/content\/uploads\/sites\/180\/2023\/08\/Odne-Holm-300x219.png 300w\" sizes=\"auto, (max-width: 600px) 100vw, 600px\" \/>\n\t\t\t<\/div>\n\t\t\t<div class=\"hoyre-media-text__content\">\n\t\t\t\t<div class=\"hoyre-media-text__content-inner\">\n\t\t\t\t\t\n\t\t\t<div class=\"hoyre-media-text__title-container\">\n\t\t\t\t\n\t\t\t\t<h2 class=\"hoyre-media-text__title\">Odne Borgen Dalby Holm<\/h2>\n\t\t\t<\/div>\n\t\t\t\n\t\t\t\t\t<div class=\"hoyre-media-text__blocks\">\n<p>Leder i hovedutvalget <\/p>\n<\/div>\n\t\t\t\t\t\n\t\t\t\t<\/div>\n\t\t\t<\/div>\n\t\t<\/div>\n\t\t\n\n\n\t\t<div class=\"has-lightest-blue-background-color is-layout-left alignwide alignwide wp-block-hoyre-media-text\">\n\t\t\t<div class=\"hoyre-media-text__media\">\n\t\t\t\t<img loading=\"lazy\" decoding=\"async\" width=\"1024\" height=\"683\" src=\"https:\/\/hoyre.no\/content\/uploads\/sites\/180\/2023\/08\/magnus.hasmo_20230216_vidarsandnes-1024x683.jpg\" class=\"hoyre-media-text__media-image\" alt=\"\" style=\"--focal: 34% 39%;\" srcset=\"https:\/\/hoyre.no\/content\/uploads\/sites\/180\/2023\/08\/magnus.hasmo_20230216_vidarsandnes-1024x683.jpg 1024w, https:\/\/hoyre.no\/content\/uploads\/sites\/180\/2023\/08\/magnus.hasmo_20230216_vidarsandnes-300x200.jpg 300w, https:\/\/hoyre.no\/content\/uploads\/sites\/180\/2023\/08\/magnus.hasmo_20230216_vidarsandnes-768x513.jpg 768w, https:\/\/hoyre.no\/content\/uploads\/sites\/180\/2023\/08\/magnus.hasmo_20230216_vidarsandnes-1536x1025.jpg 1536w, https:\/\/hoyre.no\/content\/uploads\/sites\/180\/2023\/08\/magnus.hasmo_20230216_vidarsandnes.jpg 1750w\" sizes=\"auto, (max-width: 1024px) 100vw, 1024px\" \/>\n\t\t\t<\/div>\n\t\t\t<div class=\"hoyre-media-text__content\">\n\t\t\t\t<div class=\"hoyre-media-text__content-inner\">\n\t\t\t\t\t\n\t\t\t<div class=\"hoyre-media-text__title-container\">\n\t\t\t\t\n\t\t\t\t<h2 class=\"hoyre-media-text__title\">Magnus Hasmo<\/h2>\n\t\t\t<\/div>\n\t\t\t\n\t\t\t\t\t<div class=\"hoyre-media-text__blocks\"><\/div>\n\t\t\t\t\t\n\t\t\t\t<\/div>\n\t\t\t<\/div>\n\t\t<\/div>\n\t\t\n\n\n<h1 class=\"wp-block-heading has-text-align-center\">Helse<\/h1>\n\n\n\n\t\t<div class=\"has-lightest-blue-background-color is-layout-left alignwide alignwide wp-block-hoyre-media-text\">\n\t\t\t<div class=\"hoyre-media-text__media\">\n\t\t\t\t<img loading=\"lazy\" decoding=\"async\" width=\"1024\" height=\"684\" src=\"https:\/\/hoyre.no\/content\/uploads\/sites\/180\/2023\/07\/Glenn-Due-Sorensen-1024x684.jpg\" class=\"hoyre-media-text__media-image\" alt=\"\" style=\"--focal: 64% 41%;\" srcset=\"https:\/\/hoyre.no\/content\/uploads\/sites\/180\/2023\/07\/Glenn-Due-Sorensen-1024x684.jpg 1024w, https:\/\/hoyre.no\/content\/uploads\/sites\/180\/2023\/07\/Glenn-Due-Sorensen-300x200.jpg 300w, https:\/\/hoyre.no\/content\/uploads\/sites\/180\/2023\/07\/Glenn-Due-Sorensen-768x513.jpg 768w, https:\/\/hoyre.no\/content\/uploads\/sites\/180\/2023\/07\/Glenn-Due-Sorensen-1536x1025.jpg 1536w, https:\/\/hoyre.no\/content\/uploads\/sites\/180\/2023\/07\/Glenn-Due-Sorensen.jpg 2048w\" sizes=\"auto, (max-width: 1024px) 100vw, 1024px\" \/>\n\t\t\t<\/div>\n\t\t\t<div class=\"hoyre-media-text__content\">\n\t\t\t\t<div class=\"hoyre-media-text__content-inner\">\n\t\t\t\t\t\n\t\t\t<div class=\"hoyre-media-text__title-container\">\n\t\t\t\t\n\t\t\t\t<h2 class=\"hoyre-media-text__title\">Leder i hovedutvalget Glenn Due-S\u00f8rensen<\/h2>\n\t\t\t<\/div>\n\t\t\t\n\t\t\t\t\t<div class=\"hoyre-media-text__blocks\">\n<p>Leder i hovedutvalget <\/p>\n<\/div>\n\t\t\t\t\t\n\t\t\t\t<\/div>\n\t\t\t<\/div>\n\t\t<\/div>\n\t\t\n\n\n\t\t<div class=\"has-lightest-blue-background-color is-layout-left alignwide alignwide wp-block-hoyre-media-text\">\n\t\t\t<div class=\"hoyre-media-text__media\">\n\t\t\t\t<img loading=\"lazy\" decoding=\"async\" width=\"1024\" height=\"683\" src=\"https:\/\/hoyre.no\/content\/uploads\/sites\/180\/2023\/08\/anita.borgvang_20230216_vidarsandnes-1-1024x683.jpg\" class=\"hoyre-media-text__media-image\" alt=\"\" style=\"--focal: 66% 41%;\" srcset=\"https:\/\/hoyre.no\/content\/uploads\/sites\/180\/2023\/08\/anita.borgvang_20230216_vidarsandnes-1-1024x683.jpg 1024w, https:\/\/hoyre.no\/content\/uploads\/sites\/180\/2023\/08\/anita.borgvang_20230216_vidarsandnes-1-300x200.jpg 300w, https:\/\/hoyre.no\/content\/uploads\/sites\/180\/2023\/08\/anita.borgvang_20230216_vidarsandnes-1-768x513.jpg 768w, https:\/\/hoyre.no\/content\/uploads\/sites\/180\/2023\/08\/anita.borgvang_20230216_vidarsandnes-1-1536x1025.jpg 1536w, https:\/\/hoyre.no\/content\/uploads\/sites\/180\/2023\/08\/anita.borgvang_20230216_vidarsandnes-1.jpg 1750w\" sizes=\"auto, (max-width: 1024px) 100vw, 1024px\" \/>\n\t\t\t<\/div>\n\t\t\t<div class=\"hoyre-media-text__content\">\n\t\t\t\t<div class=\"hoyre-media-text__content-inner\">\n\t\t\t\t\t\n\t\t\t<div class=\"hoyre-media-text__title-container\">\n\t\t\t\t\n\t\t\t\t<h2 class=\"hoyre-media-text__title\">Anita Borgvang<\/h2>\n\t\t\t<\/div>\n\t\t\t\n\t\t\t\t\t<div class=\"hoyre-media-text__blocks\"><\/div>\n\t\t\t\t\t\n\t\t\t\t<\/div>\n\t\t\t<\/div>\n\t\t<\/div>\n\t\t\n\n\n\t\t<div class=\"has-lightest-blue-background-color is-layout-left alignwide alignwide wp-block-hoyre-media-text\">\n\t\t\t<div class=\"hoyre-media-text__media\">\n\t\t\t\t<img loading=\"lazy\" decoding=\"async\" width=\"1024\" height=\"683\" src=\"https:\/\/hoyre.no\/content\/uploads\/sites\/180\/2023\/08\/tobias.aleksander.sveum_.isaksen_20230216_vidarsandnes-1024x683.jpg\" class=\"hoyre-media-text__media-image\" alt=\"\" style=\"--focal: 67% 41%;\" srcset=\"https:\/\/hoyre.no\/content\/uploads\/sites\/180\/2023\/08\/tobias.aleksander.sveum_.isaksen_20230216_vidarsandnes-1024x683.jpg 1024w, https:\/\/hoyre.no\/content\/uploads\/sites\/180\/2023\/08\/tobias.aleksander.sveum_.isaksen_20230216_vidarsandnes-300x200.jpg 300w, https:\/\/hoyre.no\/content\/uploads\/sites\/180\/2023\/08\/tobias.aleksander.sveum_.isaksen_20230216_vidarsandnes-768x513.jpg 768w, https:\/\/hoyre.no\/content\/uploads\/sites\/180\/2023\/08\/tobias.aleksander.sveum_.isaksen_20230216_vidarsandnes-1536x1025.jpg 1536w, https:\/\/hoyre.no\/content\/uploads\/sites\/180\/2023\/08\/tobias.aleksander.sveum_.isaksen_20230216_vidarsandnes.jpg 1750w\" sizes=\"auto, (max-width: 1024px) 100vw, 1024px\" \/>\n\t\t\t<\/div>\n\t\t\t<div class=\"hoyre-media-text__content\">\n\t\t\t\t<div class=\"hoyre-media-text__content-inner\">\n\t\t\t\t\t\n\t\t\t<div class=\"hoyre-media-text__title-container\">\n\t\t\t\t\n\t\t\t\t<h2 class=\"hoyre-media-text__title\">Tobias Aleksander Sveum Isaksen<\/h2>\n\t\t\t<\/div>\n\t\t\t\n\t\t\t\t\t<div class=\"hoyre-media-text__blocks\"><\/div>\n\t\t\t\t\t\n\t\t\t\t<\/div>\n\t\t\t<\/div>\n\t\t<\/div>\n\t\t\n\n\n<h1 class=\"wp-block-heading has-text-align-center\">Kontrollutvalget<\/h1>\n\n\n\n\t\t<div class=\"has-lightest-blue-background-color is-layout-left alignwide alignwide wp-block-hoyre-media-text\">\n\t\t\t<div class=\"hoyre-media-text__media\">\n\t\t\t\t<img loading=\"lazy\" decoding=\"async\" width=\"1024\" height=\"683\" src=\"https:\/\/hoyre.no\/content\/uploads\/sites\/180\/2023\/08\/bjorn.arne_.tronier_20230216_vidarsandnes-1024x683.jpg\" class=\"hoyre-media-text__media-image\" alt=\"\" style=\"--focal: 50% 50%;\" srcset=\"https:\/\/hoyre.no\/content\/uploads\/sites\/180\/2023\/08\/bjorn.arne_.tronier_20230216_vidarsandnes-1024x683.jpg 1024w, https:\/\/hoyre.no\/content\/uploads\/sites\/180\/2023\/08\/bjorn.arne_.tronier_20230216_vidarsandnes-300x200.jpg 300w, https:\/\/hoyre.no\/content\/uploads\/sites\/180\/2023\/08\/bjorn.arne_.tronier_20230216_vidarsandnes-768x513.jpg 768w, https:\/\/hoyre.no\/content\/uploads\/sites\/180\/2023\/08\/bjorn.arne_.tronier_20230216_vidarsandnes-1536x1025.jpg 1536w, https:\/\/hoyre.no\/content\/uploads\/sites\/180\/2023\/08\/bjorn.arne_.tronier_20230216_vidarsandnes.jpg 1750w\" sizes=\"auto, (max-width: 1024px) 100vw, 1024px\" \/>\n\t\t\t<\/div>\n\t\t\t<div class=\"hoyre-media-text__content\">\n\t\t\t\t<div class=\"hoyre-media-text__content-inner\">\n\t\t\t\t\t\n\t\t\t<div class=\"hoyre-media-text__title-container\">\n\t\t\t\t\n\t\t\t\t<h2 class=\"hoyre-media-text__title\">Bj\u00f8rn Arne Tronier<\/h2>\n\t\t\t<\/div>\n\t\t\t\n\t\t\t\t\t<div class=\"hoyre-media-text__blocks\">\n<p>Nestleder<\/p>\n<\/div>\n\t\t\t\t\t\n\t\t\t\t<\/div>\n\t\t\t<\/div>\n\t\t<\/div>\n\t\t\n\n\n<h1 class=\"wp-block-heading has-text-align-center\">Eldrer\u00e5det<\/h1>\n\n\n\n\t\t<div class=\"has-lightest-blue-background-color is-layout-left alignwide alignwide wp-block-hoyre-media-text\">\n\t\t\t<div class=\"hoyre-media-text__media\">\n\t\t\t\t<img loading=\"lazy\" decoding=\"async\" width=\"935\" height=\"1024\" src=\"https:\/\/hoyre.no\/content\/uploads\/sites\/180\/2023\/08\/Bente-Moen-935x1024.jpg\" class=\"hoyre-media-text__media-image\" alt=\"\" style=\"--focal: 50% 50%;\" srcset=\"https:\/\/hoyre.no\/content\/uploads\/sites\/180\/2023\/08\/Bente-Moen-935x1024.jpg 935w, https:\/\/hoyre.no\/content\/uploads\/sites\/180\/2023\/08\/Bente-Moen-274x300.jpg 274w, https:\/\/hoyre.no\/content\/uploads\/sites\/180\/2023\/08\/Bente-Moen-768x841.jpg 768w, https:\/\/hoyre.no\/content\/uploads\/sites\/180\/2023\/08\/Bente-Moen-1402x1536.jpg 1402w, https:\/\/hoyre.no\/content\/uploads\/sites\/180\/2023\/08\/Bente-Moen.jpg 1826w\" sizes=\"auto, (max-width: 935px) 100vw, 935px\" \/>\n\t\t\t<\/div>\n\t\t\t<div class=\"hoyre-media-text__content\">\n\t\t\t\t<div class=\"hoyre-media-text__content-inner\">\n\t\t\t\t\t\n\t\t\t<div class=\"hoyre-media-text__title-container\">\n\t\t\t\t\n\t\t\t\t<h2 class=\"hoyre-media-text__title\">Bente Moen Torgersen<\/h2>\n\t\t\t<\/div>\n\t\t\t\n\t\t\t\t\t<div class=\"hoyre-media-text__blocks\">\n<p>Leder av r\u00e5det<\/p>\n<\/div>\n\t\t\t\t\t\n\t\t\t\t<\/div>\n\t\t\t<\/div>\n\t\t<\/div>\n\t\t\n\n\n<h1 class=\"wp-block-heading has-text-align-center\">R\u00e5det for personer med funksjonsnedsettelse<\/h1>\n\n\n\n\t\t<div class=\"has-lightest-blue-background-color is-layout-left alignwide alignwide wp-block-hoyre-media-text\">\n\t\t\t<div class=\"hoyre-media-text__media\">\n\t\t\t\t<img loading=\"lazy\" decoding=\"async\" width=\"1024\" height=\"683\" src=\"https:\/\/hoyre.no\/content\/uploads\/sites\/180\/2023\/08\/anne.opheim_20230216_vidarsandnes-1024x683.jpg\" class=\"hoyre-media-text__media-image\" alt=\"\" style=\"--focal: 50% 50%;\" srcset=\"https:\/\/hoyre.no\/content\/uploads\/sites\/180\/2023\/08\/anne.opheim_20230216_vidarsandnes-1024x683.jpg 1024w, https:\/\/hoyre.no\/content\/uploads\/sites\/180\/2023\/08\/anne.opheim_20230216_vidarsandnes-300x200.jpg 300w, https:\/\/hoyre.no\/content\/uploads\/sites\/180\/2023\/08\/anne.opheim_20230216_vidarsandnes-768x513.jpg 768w, https:\/\/hoyre.no\/content\/uploads\/sites\/180\/2023\/08\/anne.opheim_20230216_vidarsandnes-1536x1025.jpg 1536w, https:\/\/hoyre.no\/content\/uploads\/sites\/180\/2023\/08\/anne.opheim_20230216_vidarsandnes-2048x1367.jpg 2048w\" sizes=\"auto, (max-width: 1024px) 100vw, 1024px\" \/>\n\t\t\t<\/div>\n\t\t\t<div class=\"hoyre-media-text__content\">\n\t\t\t\t<div class=\"hoyre-media-text__content-inner\">\n\t\t\t\t\t\n\t\t\t<div class=\"hoyre-media-text__title-container\">\n\t\t\t\t\n\t\t\t\t<h2 class=\"hoyre-media-text__title\">Anne Opheim<\/h2>\n\t\t\t<\/div>\n\t\t\t\n\t\t\t\t\t<div class=\"hoyre-media-text__blocks\">\n<p>Leder av r\u00e5det<\/p>\n<\/div>\n\t\t\t\t\t\n\t\t\t\t<\/div>\n\t\t\t<\/div>\n\t\t<\/div>\n\t\t","protected":false},"excerpt":{"rendered":"<p>H\u00f8yre f\u00e5r ordf\u00f8rer i Lillestr\u00f8m I sammen med Frp, Venstre og KrF med st\u00f8tte fra Folkets R\u00f8st&nbsp;har H\u00f8yre sikret et solid&nbsp;styringsflertall de neste 4 \u00e5rene.&nbsp;H\u00f8yre f\u00e5r ordf\u00f8rer og Frp f\u00e5r varaordf\u00f8rer. Etter et meget godt valg f\u00e5r H\u00f8yre totalt 16 representanter i kommunestyret, H\u00f8yre har ogs\u00e5 leder i to hovedutvalg og nestleder i to. H\u00f8yre [&hellip;]<\/p>\n","protected":false},"author":27982,"featured_media":0,"parent":0,"menu_order":0,"comment_status":"closed","ping_status":"closed","template":"","meta":{"teft_cards_image_url":"","teft_cards_custom_pretitle":"","teft_cards_image_id":0,"teft_cards_image_focal_point_x":0,"teft_cards_image_focal_point_y":0,"teft_cards_title":"","teft_cards_excerpt":"","teft_show_chapters":false,"footnotes":""},"class_list":["post-599","page","type-page","status-publish","hentry"],"yoast_head":"<!-- This site is optimized with the Yoast SEO plugin v26.6 - https:\/\/yoast.com\/wordpress\/plugins\/seo\/ -->\n<title>H\u00f8yre sin gruppe 2023-2027 - Lillestr\u00f8m H\u00f8yre<\/title>\n<meta name=\"robots\" content=\"index, follow, max-snippet:-1, max-image-preview:large, max-video-preview:-1\" \/>\n<link rel=\"canonical\" href=\"https:\/\/hoyre.no\/lillestrom\/hoyre-sin-gruppe-2023-2027\/\" \/>\n<meta property=\"og:locale\" content=\"nb_NO\" \/>\n<meta property=\"og:type\" content=\"article\" \/>\n<meta property=\"og:title\" content=\"H\u00f8yre sin gruppe 2023-2027 - Lillestr\u00f8m H\u00f8yre\" \/>\n<meta property=\"og:description\" content=\"H\u00f8yre f\u00e5r ordf\u00f8rer i Lillestr\u00f8m I sammen med Frp, Venstre og KrF med st\u00f8tte fra Folkets R\u00f8st&nbsp;har H\u00f8yre sikret et solid&nbsp;styringsflertall de neste 4 \u00e5rene.&nbsp;H\u00f8yre f\u00e5r ordf\u00f8rer og Frp f\u00e5r varaordf\u00f8rer. Etter et meget godt valg f\u00e5r H\u00f8yre totalt 16 representanter i kommunestyret, H\u00f8yre har ogs\u00e5 leder i to hovedutvalg og nestleder i to. H\u00f8yre [&hellip;]\" \/>\n<meta property=\"og:url\" content=\"https:\/\/hoyre.no\/lillestrom\/hoyre-sin-gruppe-2023-2027\/\" \/>\n<meta property=\"og:site_name\" content=\"Lillestr\u00f8m H\u00f8yre\" \/>\n<meta property=\"article:modified_time\" content=\"2023-12-03T13:32:03+00:00\" \/>\n<meta property=\"og:image\" content=\"https:\/\/hoyre.no\/content\/uploads\/sites\/180\/2022\/11\/Hoyres-logo.png\" \/>\n\t<meta property=\"og:image:width\" content=\"1000\" \/>\n\t<meta property=\"og:image:height\" content=\"1000\" \/>\n\t<meta property=\"og:image:type\" content=\"image\/png\" \/>\n<meta name=\"twitter:card\" content=\"summary_large_image\" \/>\n<meta name=\"twitter:label1\" content=\"Ansl. lesetid\" \/>\n\t<meta name=\"twitter:data1\" content=\"1 minutt\" \/>\n<script type=\"application\/ld+json\" class=\"yoast-schema-graph\">{\"@context\":\"https:\/\/schema.org\",\"@graph\":[{\"@type\":\"WebPage\",\"@id\":\"https:\/\/hoyre.no\/lillestrom\/hoyre-sin-gruppe-2023-2027\/\",\"url\":\"https:\/\/hoyre.no\/lillestrom\/hoyre-sin-gruppe-2023-2027\/\",\"name\":\"H\u00f8yre sin gruppe 2023-2027 - Lillestr\u00f8m H\u00f8yre\",\"isPartOf\":{\"@id\":\"https:\/\/hoyre.no\/lillestrom\/#website\"},\"datePublished\":\"2023-11-06T09:22:45+00:00\",\"dateModified\":\"2023-12-03T13:32:03+00:00\",\"breadcrumb\":{\"@id\":\"https:\/\/hoyre.no\/lillestrom\/hoyre-sin-gruppe-2023-2027\/#breadcrumb\"},\"inLanguage\":\"nb-NO\",\"potentialAction\":[{\"@type\":\"ReadAction\",\"target\":[\"https:\/\/hoyre.no\/lillestrom\/hoyre-sin-gruppe-2023-2027\/\"]}]},{\"@type\":\"BreadcrumbList\",\"@id\":\"https:\/\/hoyre.no\/lillestrom\/hoyre-sin-gruppe-2023-2027\/#breadcrumb\",\"itemListElement\":[{\"@type\":\"ListItem\",\"position\":1,\"name\":\"Til hoyre.no\",\"item\":\"https:\/\/hoyre.no\"},{\"@type\":\"ListItem\",\"position\":2,\"name\":\"Hjem\",\"item\":\"https:\/\/hoyre.no\/lillestrom\/\"},{\"@type\":\"ListItem\",\"position\":3,\"name\":\"H\u00f8yre sin gruppe 2023-2027\"}]},{\"@type\":\"WebSite\",\"@id\":\"https:\/\/hoyre.no\/lillestrom\/#website\",\"url\":\"https:\/\/hoyre.no\/lillestrom\/\",\"name\":\"Lillestr\u00f8m H\u00f8yre\",\"description\":\"Bare enda et H\u00f8yres nettsteder-nettsted\",\"inLanguage\":\"nb-NO\"}]}<\/script>\n<!-- \/ Yoast SEO plugin. -->","yoast_head_json":{"title":"H\u00f8yre sin gruppe 2023-2027 - Lillestr\u00f8m H\u00f8yre","robots":{"index":"index","follow":"follow","max-snippet":"max-snippet:-1","max-image-preview":"max-image-preview:large","max-video-preview":"max-video-preview:-1"},"canonical":"https:\/\/hoyre.no\/lillestrom\/hoyre-sin-gruppe-2023-2027\/","og_locale":"nb_NO","og_type":"article","og_title":"H\u00f8yre sin gruppe 2023-2027 - Lillestr\u00f8m H\u00f8yre","og_description":"H\u00f8yre f\u00e5r ordf\u00f8rer i Lillestr\u00f8m I sammen med Frp, Venstre og KrF med st\u00f8tte fra Folkets R\u00f8st&nbsp;har H\u00f8yre sikret et solid&nbsp;styringsflertall de neste 4 \u00e5rene.&nbsp;H\u00f8yre f\u00e5r ordf\u00f8rer og Frp f\u00e5r varaordf\u00f8rer. Etter et meget godt valg f\u00e5r H\u00f8yre totalt 16 representanter i kommunestyret, H\u00f8yre har ogs\u00e5 leder i to hovedutvalg og nestleder i to. H\u00f8yre [&hellip;]","og_url":"https:\/\/hoyre.no\/lillestrom\/hoyre-sin-gruppe-2023-2027\/","og_site_name":"Lillestr\u00f8m H\u00f8yre","article_modified_time":"2023-12-03T13:32:03+00:00","og_image":[{"width":1000,"height":1000,"url":"https:\/\/hoyre.no\/content\/uploads\/sites\/180\/2022\/11\/Hoyres-logo.png","type":"image\/png"}],"twitter_card":"summary_large_image","twitter_misc":{"Ansl. lesetid":"1 minutt"},"schema":{"@context":"https:\/\/schema.org","@graph":[{"@type":"WebPage","@id":"https:\/\/hoyre.no\/lillestrom\/hoyre-sin-gruppe-2023-2027\/","url":"https:\/\/hoyre.no\/lillestrom\/hoyre-sin-gruppe-2023-2027\/","name":"H\u00f8yre sin gruppe 2023-2027 - Lillestr\u00f8m H\u00f8yre","isPartOf":{"@id":"https:\/\/hoyre.no\/lillestrom\/#website"},"datePublished":"2023-11-06T09:22:45+00:00","dateModified":"2023-12-03T13:32:03+00:00","breadcrumb":{"@id":"https:\/\/hoyre.no\/lillestrom\/hoyre-sin-gruppe-2023-2027\/#breadcrumb"},"inLanguage":"nb-NO","potentialAction":[{"@type":"ReadAction","target":["https:\/\/hoyre.no\/lillestrom\/hoyre-sin-gruppe-2023-2027\/"]}]},{"@type":"BreadcrumbList","@id":"https:\/\/hoyre.no\/lillestrom\/hoyre-sin-gruppe-2023-2027\/#breadcrumb","itemListElement":[{"@type":"ListItem","position":1,"name":"Til hoyre.no","item":"https:\/\/hoyre.no"},{"@type":"ListItem","position":2,"name":"Hjem","item":"https:\/\/hoyre.no\/lillestrom\/"},{"@type":"ListItem","position":3,"name":"H\u00f8yre sin gruppe 2023-2027"}]},{"@type":"WebSite","@id":"https:\/\/hoyre.no\/lillestrom\/#website","url":"https:\/\/hoyre.no\/lillestrom\/","name":"Lillestr\u00f8m H\u00f8yre","description":"Bare enda et H\u00f8yres nettsteder-nettsted","inLanguage":"nb-NO"}]}},"distributor_meta":false,"distributor_terms":false,"distributor_media":false,"distributor_original_site_name":"Lillestr\u00f8m H\u00f8yre","distributor_original_site_url":"https:\/\/hoyre.no\/lillestrom","push-errors":false,"_links":{"self":[{"href":"https:\/\/hoyre.no\/lillestrom\/wp-json\/wp\/v2\/pages\/599","targetHints":{"allow":["GET"]}}],"collection":[{"href":"https:\/\/hoyre.no\/lillestrom\/wp-json\/wp\/v2\/pages"}],"about":[{"href":"https:\/\/hoyre.no\/lillestrom\/wp-json\/wp\/v2\/types\/page"}],"author":[{"embeddable":true,"href":"https:\/\/hoyre.no\/lillestrom\/wp-json\/wp\/v2\/users\/27982"}],"replies":[{"embeddable":true,"href":"https:\/\/hoyre.no\/lillestrom\/wp-json\/wp\/v2\/comments?post=599"}],"version-history":[{"count":13,"href":"https:\/\/hoyre.no\/lillestrom\/wp-json\/wp\/v2\/pages\/599\/revisions"}],"predecessor-version":[{"id":632,"href":"https:\/\/hoyre.no\/lillestrom\/wp-json\/wp\/v2\/pages\/599\/revisions\/632"}],"wp:attachment":[{"href":"https:\/\/hoyre.no\/lillestrom\/wp-json\/wp\/v2\/media?parent=599"}],"curies":[{"name":"wp","href":"https:\/\/api.w.org\/{rel}","templated":true}]}}