{"id":201,"date":"2023-08-24T18:06:13","date_gmt":"2023-08-24T16:06:13","guid":{"rendered":"https:\/\/hoyre.no\/loten\/?page_id=201"},"modified":"2023-08-25T23:43:46","modified_gmt":"2023-08-25T21:43:46","slug":"program-loten-hoyre-2023-2027","status":"publish","type":"page","link":"https:\/\/hoyre.no\/loten\/program-loten-hoyre-2023-2027\/","title":{"rendered":"Program L\u00f8ten H\u00f8yre 2023 &#8211; 2027"},"content":{"rendered":"\n<figure class=\"wp-block-image size-large\"><img loading=\"lazy\" decoding=\"async\" width=\"1024\" height=\"770\" src=\"https:\/\/hoyre.no\/content\/uploads\/sites\/70\/2023\/08\/Tingberg-1024x770.jpg\" alt=\"\" class=\"wp-image-227\" srcset=\"https:\/\/hoyre.no\/content\/uploads\/sites\/70\/2023\/08\/Tingberg-1024x770.jpg 1024w, https:\/\/hoyre.no\/content\/uploads\/sites\/70\/2023\/08\/Tingberg-300x225.jpg 300w, https:\/\/hoyre.no\/content\/uploads\/sites\/70\/2023\/08\/Tingberg-768x577.jpg 768w, https:\/\/hoyre.no\/content\/uploads\/sites\/70\/2023\/08\/Tingberg-1536x1154.jpg 1536w, https:\/\/hoyre.no\/content\/uploads\/sites\/70\/2023\/08\/Tingberg.jpg 1622w\" sizes=\"auto, (max-width: 1024px) 100vw, 1024px\" \/><\/figure>\n\n\n\n<div class=\"wp-block-hoyre-hero with-image-gradient text-color-light  alignfull has-background\"><div class=\"hoyre-hero \"><h1 class=\"title\">Muligheter for alle<\/h1><p class=\"preamble\">N\u00e5r frivilligheten, n\u00e6ringslivet og offentlig sektor spiller p\u00e5 lag, skapes det gode lokalsamfunn. H\u00f8yre tror p\u00e5 enkeltmenneskets evne og lyst til \u00e5 st\u00e5 p\u00e5 egne ben.<br><br>Det er v\u00e5r oppgave \u00e5 s\u00f8rge for at mennesker kan leve gode liv i kommunen, uansett utgangspunkt. Vi skaper ikke politikk for kommunen, men for alle som bor der. H\u00f8yre tror p\u00e5 et samfunn som gir muligheter for alle.<\/p><\/div><\/div>\n\n\n\n<div class=\"wp-block-hoyre-banner undefined\"><div class=\"banner-inner\"><figure class=\"hoyre-image-wrapper\"><div class=\"hoyre-image\"><img loading=\"lazy\" decoding=\"async\" width=\"2103\" height=\"2057\" src=\"https:\/\/hoyre.no\/content\/uploads\/sites\/70\/2023\/08\/FullSizeRender.jpg\" class=\"attachment-scaled size-scaled\" alt=\"\" style=\"object-position: 50% 50%\" srcset=\"https:\/\/hoyre.no\/content\/uploads\/sites\/70\/2023\/08\/FullSizeRender.jpg 2103w, https:\/\/hoyre.no\/content\/uploads\/sites\/70\/2023\/08\/FullSizeRender-300x293.jpg 300w, https:\/\/hoyre.no\/content\/uploads\/sites\/70\/2023\/08\/FullSizeRender-1024x1002.jpg 1024w, https:\/\/hoyre.no\/content\/uploads\/sites\/70\/2023\/08\/FullSizeRender-768x751.jpg 768w, https:\/\/hoyre.no\/content\/uploads\/sites\/70\/2023\/08\/FullSizeRender-1536x1502.jpg 1536w, https:\/\/hoyre.no\/content\/uploads\/sites\/70\/2023\/08\/FullSizeRender-2048x2003.jpg 2048w\" sizes=\"auto, (max-width: 2103px) 100vw, 2103px\" \/><\/div><\/figure><div class=\"banner-content\"><div class=\"entry-content\">\n<h2 class=\"wp-block-heading\">Kjell-Erik Nordahl, en ordf\u00f8rerkandidat for alle<\/h2>\n<\/div><\/div><\/div><\/div>\n\n\n\n<h1 class=\"wp-block-heading\">V\u00e5re hjertesaker<\/h1>\n\n\n\n<h2 class=\"wp-block-heading\">Kvalitet i skolen<\/h2>\n\n\n\n<p>H\u00f8yre har alltid ment at kvalitet og innhold i skolen er viktig og at en skole skal f\u00f8rst og fremst v\u00e6re en l\u00e6ringsarena med mulighet for mestring og utvikling for alle elever. Den skal v\u00e6re en god arbeidsplass for l\u00e6rere og andre ansatte, og driften og struktur skal legge til rette for at alle elever g\u00e5r ut grunnskolen med grunnleggende skoleferdigheter til \u00e5 ta p\u00e5 videre utdanning og arbeid de selv \u00f8nsker.<\/p>\n\n\n\n<p><\/p>\n\n\n\n<h2 class=\"wp-block-heading\">Trygg styring<\/h2>\n\n\n\n<p>L\u00f8ten kommune har i dag en vanskelig kommune\u00f8konomi og har over tid hatt store overforbruk. Kommunedirekt\u00f8ren skriver i budsjettfremlegget for 2023 at \u00abFramtidsbildet med vekt p\u00e5 demografi, andel i yrkesaktive alder og hvordan disse forholdene vil \u00abtreffe\u00bb oss som tjenesteyter viser at dette er et \u00abregnestykke\u00bb som ikke vil g\u00e5 opp dersom vi fortsetter p\u00e5 samme m\u00e5te som i dag\u00bb.<\/p>\n\n\n\n<p>Dette er alvorlig og kan ikke fortsette; vi kan ikke p\u00e5f\u00f8re v\u00e5re barn d\u00e5rligere forutsetninger enn vi har. Situasjonen m\u00e5 snus og vi m\u00e5 skape bedre tjenester enn vi har i dag. L\u00f8ten H\u00f8yre vil prioritere det viktigste f\u00f8rst, og vil s\u00f8rge for en stram \u00f8konomisk styring og ha god kontroll p\u00e5 kommunens eierskap. I en tid hvor mange har en presset privat\u00f8konomi, er det viktigere enn noensinne at innbyggerne f\u00e5r mest mulig igjen for skattepengene. H\u00f8yre \u00f8nsker p\u00e5 sikt \u00e5 redusere eiendomsskatten, men den \u00f8konomiske situasjonen til kommunen gj\u00f8r det n\u00f8dvendig \u00e5 prioritere kjerneoppgavene og s\u00f8rge for en sunn kommune\u00f8konomi den n\u00e6rmeste tiden.<\/p>\n\n\n\n<p><\/p>\n\n\n\n<h2 class=\"wp-block-heading\">Klima og milj\u00f8<\/h2>\n\n\n\n<p>L\u00f8ten H\u00f8yre mener vi har et forvalteransvar som forplikter oss til \u00e5 ta vare p\u00e5 natur og milj\u00f8, slik at vi kan overlate bygda til de neste generasjonene i bedre stand enn den er i dag. L\u00f8ten kommune har gode forutsetninger for \u00e5 ivareta klima og natur, men det trengs mer treffsikre grep fremfor symboltiltak. Vi \u00f8nsker \u00e5 f\u00f8re en politikk som motiverer bygdas innbyggere til \u00e5 ta milj\u00f8- og klimavennlige valg. L\u00f8ten H\u00f8yre vil ta vare p\u00e5 bygdas s\u00e6rpreg, men fornye og utvikle bygda med en balansert politikk som tar hensyn til b\u00e5de n\u00f8dvendig vekst og vern.<\/p>\n\n\n\n<p><\/p>\n\n\n\n<h2 class=\"wp-block-heading\">L\u00f8ten som bo- og arbeidssted<\/h2>\n\n\n\n<p>L\u00f8ten kommune er en mangfoldig bygd mye takket v\u00e6re private og frivillige ildsjeler. L\u00f8ten H\u00f8yre mener at disse kreftene skal oppmuntres. En st\u00f8rre andel av befolkningen vil i \u00e5rene som kommer v\u00e6re eldre. De vil v\u00e6re en stor ressurs for kommunen og H\u00f8yre \u00f8nsker \u00e5 legge til rette for at seniorene skal f\u00e5 bidra mer i lokalsamfunnet. Gode aktivitet \u2013 og kulturtilbud tilpasset b\u00e5de den yngre og eldre garde skal gj\u00f8re det lettere for de unge og bli inkludert, eldre \u00e5 v\u00e6re i fysisk aktivitet og alle til \u00e5 ha en meningsfull fritid. Gode barnehagetilbud for pendlerne skal gj\u00f8re det enklere \u00e5 tilpasse hverdagen med b\u00e5de barn og arbeid. L\u00f8ten H\u00f8yre vil f\u00f8re en aktiv n\u00e6ringspolitikk for vekst og utvikling i L\u00f8ten.<\/p>\n\n\n\n<p>Godt valg!<\/p>\n\n\n\n<p>Hilsen Kjell-Erik Nordahl<\/p>\n\n\n\n<p>Ordf\u00f8rerkandidat<\/p>\n\n\n\n<p><\/p>\n\n\n\n<p><\/p>\n\n\n\n<h1 class=\"wp-block-heading\">V\u00e5rt program til kommunevalget 2023 &#8211; 2027:<\/h1>\n\n\n\n<p><\/p>\n\n\n\n<h1 class=\"wp-block-heading\">OPPVEKST<\/h1>\n\n\n\n<h2 class=\"wp-block-heading\">Skole og barnehage<\/h2>\n\n\n\n<p>Det er det nye kommunestyret etter valget som skal bestemme om det skal bygges ny skole eller ikke.<\/p>\n\n\n\n<p>En oppvekst med god l\u00e6ring danner grunnlaget for trygge voksne som mestrer livene sine og deltar i samfunn- og arbeidsliv. H\u00f8yre er et skoleparti og mener at skolen skal v\u00e6re en l\u00e6ringsarena med mulighet for mestring og utvikling for alle elever og har alltid ment at kvalitet og innhold i skolen er viktig. Skolen skal b\u00e5de danne og utdanne. En skole med god kvalitet er en skole som f\u00f8rst og fremst sikrer elever grunnleggende oppl\u00e6ring og n\u00e5r de m\u00e5l som er satt for elever i norsk skole. Det er og en attraktiv arbeidsplass for l\u00e6rere og andre yrkesgrupper, hvor det er lett og rekruttere og ikke minst beholde b\u00e5de rektorer og \u00f8vrig personell. Og det handler ogs\u00e5 om skolebyggene i seg selv, forhold og milj\u00f8 elever og ansatte jobber i hver dag. <\/p>\n\n\n\n<p>De som kjenner situasjonen i L\u00f8ten vet at vi sk\u00e5rer lavt p\u00e5 alle disse omr\u00e5dene i dag. <\/p>\n\n\n\n<p>Skolen er og den viktigste faktoren for sosial utjevning og inkludering. I L\u00f8ten kommune skal skole og barnehage v\u00e6re trygge og tilby er inkluderende l\u00e6ringsmilj\u00f8 som stimulerer til faglig og sosial utvikling. Barn og unge skal oppleve trivsel, lek, l\u00e6ring og mestring i hverdagen og alle skal ha like muligheter til \u00e5 utvikle og realisere sitt talent uavhengig av sosial bakgrunn. Dette arbeidet starter allerede i barnehagen, og tidlig innsats er derfor viktig.  Unders\u00f8kelser viser at mange elever so sliter p\u00e5 ungdomsskolen og videreg\u00e5ende falt av allerede i barneskolen. Derfor m\u00e5 det legges stor vekt p\u00e5 de grunnleggende ferdighetene; lesing, skriving og regning fra starten av skolel\u00f8pet. Gode overganger fra barnehage til skole og mellom skoleniv\u00e5ene er n\u00f8dvendig for \u00e5 sikre videref\u00f8ring av oppl\u00e6ringstilbudet for de med et individuelt tilpasset tilbud. En god og smidig skolestruktur er derfor viktig for at elevens behov blir best mulig ivaretatt i disse overgangene. Skolen skal gi et tilrettelagt oppl\u00e6ringstilbud til elever som har behov for dette enten det gjelder behov for ekstra oppf\u00f8lging eller eleven trenger st\u00f8rre utfordringer. Elever som trenger en mer praktisk skolehverdag b\u00f8r f\u00e5 tilbud om det. H\u00f8yre er derfor positive til at elever gis mulighet til \u00e5 starte fagutdanningsl\u00f8pet allerede p\u00e5 ungdomsskolen, samt at skoler samarbeider samarbeider med lokalt n\u00e6ringsliv om arbeidspraksis for elever med lav motivasjon. Det m\u00e5 v\u00e6re et tett samarbeid mellom ungdomsskole og videreg\u00e5ende skole for elever i 10. trinn for \u00e5 redusere frafall i skolen. H\u00f8yre mener det skal v\u00e6re fritt skolevalg n\u00e5r de skal begynne i videreg\u00e5ende skole. <\/p>\n\n\n\n<p>H\u00f8yre som skolepartiet \u00f8nsker \u00e5 satse p\u00e5 l\u00e6reren. L\u00e6rere og ansatte i b\u00e5de barnehage og skole er den viktigste enkeltfaktoren for at elevene skal lykkes. Kommunen m\u00e5 beholde og rekruttere gode l\u00e6rere og skoleledere og sikre elevene kvalifiserte personell som har tid og kompetanse til \u00e5 ivareta prim\u00e6roppgavene, som er pedagogisk- og undervisningsrettet arbeid.<\/p>\n\n\n\n<p>H\u00f8yre \u00f8nsker at kommunen skal videreutvikle et godt og velfungerende lag rundt barnet\/eleven, der de ulike akt\u00f8rene samarbeider til det beste for barnet og familien og fremmer helse og trivsel. For \u00e5 ivareta elevenes psykiske helse, vil L\u00f8ten H\u00f8yre styrke elevtjenesten i skolen og ha helsesykepleiere flere dager i uken.<\/p>\n\n\n\n<p>L\u00f8ten kommune m\u00e5 ha en god skolestruktur tilpasset st\u00f8rrelsen p\u00e5 kommunen, med h\u00f8y faglig kvalitet og god kompetanse hos l\u00e6rere og ledere, slik at vi sikrer likeverdig tilbud til alle elevene.<\/p>\n\n\n\n<p>Etterslepet p\u00e5 vedlikehold p\u00e5 L\u00f8tens fem skoler er sv\u00e6rt stort bare for \u00e5 komme opp p\u00e5 et akseptabelt niv\u00e5 i tr\u00e5d med dagens standard og krav om universell utforming. Rapporter og utredninger viser at m\u00e5ten skolen driftes p\u00e5 er uhensiktsmessig og ressursene for sm\u00e5.<\/p>\n\n\n\n<p>Ved \u00e5 kun g\u00e5 for \u00e5 rette opp etterslepet som er beskrevet f\u00e5r vi ikke rettet opp i det b\u00e5de l\u00e6rere og tillitsvalgte har pekt p\u00e5 som svakheter ved dagens drift. En ny felles l\u00e6ringsarena med nye skolebygg til alle p\u00e5 ett og samme omr\u00e5de vil styrke muligheter for et sterkere faglig l\u00e6rerfellesskap, \u00f8kt tilgjengelighet med helsesykepleier i skolen, tettere og styrket samarbeid med skolens st\u00f8ttetjenester, og vi vil kunne styrke den spesialpedagogiske innsatsen ved at all kompetansen blir samlet.<\/p>\n\n\n\n<p>\u00c5 h\u00f8yne kvalitet og innhold i skolen i L\u00f8ten er aller viktigst. Vi vil derfor st\u00f8tte &nbsp;kommunedirekt\u00f8rens forslag basert p\u00e5 de utredningene som er gjort og faglige anbefalinger som er gitt, legge ned de fem eksisterende skolene vi har i dag og bygge nye skolelokaler inkludert ungdomsskole i L\u00f8ten sentrum.<\/p>\n\n\n\n<p>Om det skal v\u00e6re ett eller flere skolebygg vil vi overlate til skolefaglig vurdering. L\u00f8ten H\u00f8yre g\u00e5r ogs\u00e5 inn for ny sv\u00f8mmehall og aula i samme omr\u00e5de og g\u00e5r inn for regulering av omr\u00e5det ved dagens idrettsbane til dette form\u00e5let og vil utvikle omr\u00e5det i Sk\u00f8yenhagan for et nytt idrettsanlegg og planlegge nytt bibliotek i tilknytning til skolen.<\/p>\n\n\n\n<p>H\u00f8yre vil bygge ny barnehage p\u00e5 Lund og legge dette inn i plan og sammenheng med ny skolestruktur. Dette mener vi vil gi spesielt barnefamiliene som pendler til Hamar og Elverum et godt og fleksibelt tilbud.<\/p>\n\n\n\n\n<div class=\"wp-block-media-text alignwide is-stacked-on-mobile is-image-fill is-style-pale-blue\" style=\"grid-template-columns:49% auto\"><figure class=\"wp-block-media-text__media\" style=\"background-image:url('https:\/\/hoyre.no\/content\/uploads\/sites\/70\/2023\/08\/klasserom.jpeg');background-position:50% 50%\"><img loading=\"lazy\" decoding=\"async\" width=\"512\" height=\"512\" src=\"https:\/\/hoyre.no\/content\/uploads\/sites\/70\/2023\/08\/klasserom.jpeg\" alt=\"\" class=\"wp-image-97 size-full\" srcset=\"https:\/\/hoyre.no\/content\/uploads\/sites\/70\/2023\/08\/klasserom.jpeg 512w, https:\/\/hoyre.no\/content\/uploads\/sites\/70\/2023\/08\/klasserom-300x300.jpeg 300w, https:\/\/hoyre.no\/content\/uploads\/sites\/70\/2023\/08\/klasserom-150x150.jpeg 150w\" sizes=\"auto, (max-width: 512px) 100vw, 512px\" \/><\/figure><div class=\"wp-block-media-text__content\">\n<p><strong>H\u00f8yre vil:<\/strong><\/p>\n\n\n\n<p>Sette den enkelte elev i sentrum og ha en skole som fanger opp tidlig de som trenger ekstra hjelp samtidig som de uten ekstra behov skal bli sett og f\u00e5 utfordringer tilpasset sitt niv\u00e5. Ha muligheter for alle uavhengig av bakgrunn, og der ingen med forutsetninger for det g\u00e5r ut av skolen uten \u00e5 kunne lese, skrive og regne skikkelig. Dette er en skoleeiers ansvar og vi vil derfor stille krav i skolen, b\u00e5de til elevene og til tilbudet som blir gitt. H\u00f8yre vil prioritere en kunnskapsskole med h\u00f8y faglig kvalitet og dyktige fagl\u00e6rere, og \u00f8ke attraktiviteten for \u00e5 beholde dyktige l\u00e6rere og rektorer.<\/p>\n\n\n\n<ul class=\"wp-block-list\"><li>Endre skolestrukturen i L\u00f8ten fra fire til en skolekrets<\/li><li>Legge ned fire barneskoler og ungdomsskolen<\/li><li>Bygge ny skole for alle fra 1 &#8211; 10 trinn i L\u00f8ten sentrum med et eller flere skolebygg <\/li><li>Bruke omr\u00e5de ved og rundt idrettsbanen til nye skolebygg<\/li><li>Styrke l\u00e6rerfellesskapet og \u00f8ke attraktiviteten til L\u00f8tenskolen for \u00e5 sikre kvalitet og innhold i skolen og beholde dyktige l\u00e6rere og rektorer<\/li><li>Bygge ny sv\u00f8mmehall i tilknytning til skolen<\/li><li>Planlegge for en ny aula og nytt bibliotek <\/li><li>SFO til og med 10 trinn for elever med spesielle behov<\/li><li>Valgfag i ungdomsskolen <\/li><li>Nulltoleranse mot mobbing<\/li><li>Ha flere yrkesgrupper inn som milj\u00f8veiledere i skolen<\/li><li>Bygge ny barnehage p\u00e5 Lund<\/li><\/ul>\n<\/div><\/div>\n\n\n\n\n<p><\/p>\n\n\n\n<h1 class=\"wp-block-heading\">Kultur og idrett<\/h1>\n\n\n\n<p>Hele livet er kultur og idrett viktig og s\u00e6rlig i oppveksten. Det gir oss identitet og samh\u00f8righet. Kunst og kultur utfordrer v\u00e5re perspektiver og hjelper \u00e5 avklare v\u00e5re verdier, b\u00e5de egne og fellesskapets. Kunsten yter kritikk og er en av ytringsfrihetens vaktbikkjer og tilf\u00f8rer kreativitet og skapende kraft i samfunnet. N\u00e5r kriser rammer b\u00e5de enkeltmennesker og samfunn er kultur blant noe av det som samler mennesker og skaper samhold. <\/p>\n\n\n\n<p>Frivilligheten er en viktig del av lokalsamfunnet i L\u00f8ten med blant annet L\u00f8ten frivilligsentral, VilMer og R\u00f8de Kors. L\u00f8ten kommune er en mangfoldig bygd mye takket v\u00e6re disse og andre frivillige ildsjeler i over 200 lag og foreninger, og som mange bidrar til frivillig arbeid for andre. L\u00f8ten H\u00f8yre mener at disse kreftene skal oppmuntres til \u00e5 kunne vise frem sine aktiviteter i L\u00f8ten sentrum og gj\u00f8re seg mer kjent for folk b\u00e5de i og utenfor L\u00f8ten. N\u00e5r frivilligheten, n\u00e6ringslivet og offentlig sektor spiller p\u00e5 lag, skapes det gode lokalsamfunn.&nbsp;<\/p>\n\n\n\n<p>En stadig st\u00f8rre andel av befolkningen vil i \u00e5rene som kommer v\u00e6re eldre. De vil v\u00e6re en stor ressurs for kommunen og H\u00f8yre \u00f8nsker \u00e5 legge til rette for at seniorene skal f\u00e5 bidra mer i lokalsamfunnet. Gode aktivitet \u2013 og kulturtilbud tilpasset b\u00e5de den yngre og eldre garde skal gj\u00f8re det lettere for de unge og bli inkludert, eldre \u00e5 v\u00e6re i fysisk aktivitet og alle til \u00e5 ha en meningsfull fritid.<\/p>\n\n\n\n<p>Kommune og n\u00e6ringsliv kan bidra med \u00e5 legge til rette for lokaler hvor lag og foreninger kan ha sine aktiviteter, lagring av instrumenter og utstyr og mulighet for st\u00f8rre arrangementer enn i dag. Meieribygget representerer for mange en god og svunnen tid med mye historie. For andre representerer den bare en stygg gammel bygning til sjenanse for alle. L\u00f8ten H\u00f8yre mener politikerne i L\u00f8ten b\u00f8r g\u00e5 sammen med flere og utrede  muligheter for en fremtidsrettet og moderne n\u00e6ringshage i omr\u00e5det sparebanken og meieriet. Her vil det v\u00e6re muligheter for plass til gr\u00fcndere, ut\u00f8vende kunstnere, etablerte med jobb andre steder og som trenger hjemmekontorl\u00f8sning og kanskje et serveringssted med overnatting. <\/p>\n\n\n\n<p>Kommunen har i dag ikke noe idrettens hus eller kulturhus. Idrettens hus ble solgt til kommunen og brukes i dag til andre form\u00e5l og idretten har ikke f\u00e5tt tilbud om andre lokale, men leier garderobe og kontor av kommunen. Friidretten trenger ny l\u00f8pebane og det er behov for oppgradering p\u00e5 flere av anleggene. I stedet for oppgradere l\u00f8pebana for penger som er bevilget vil vi bygge ny l\u00f8pebane sammen med nytt idrettsanlegg i omr\u00e5det ved L\u00f8tenhallen og Sk\u00f8yenhagan og la dette inng\u00e5 i en helhetlig plan i forbindelse med ny skole. L\u00f8ten trenger s\u00e5rt ny sv\u00f8mmehall, som folk i alle aldre kan benytte, hele uken gjennom, unge som eldre. L\u00f8ten H\u00f8yre vil planlegge kulturhus i tilknytning til sv\u00f8mmehall med nok plass til kulturaktiviteter, ungdomshus og ny aula som vil kunne gi rom og god samlingsplass for idrettens ulike begivenheter i tillegg til konserter, teater, foredrag og annet. <\/p>\n\n\n\n<p>L\u00f8ten H\u00f8yre mener ogs\u00e5 at Kinoen skal inn i et forprosjekt for \u00e5 se det fremtidig behov og bruk av disse lokalene.<\/p>\n\n\n\n<p><\/p>\n\n\n\n<div class=\"wp-block-media-text alignwide is-stacked-on-mobile is-image-fill is-style-pale-blue\"><figure class=\"wp-block-media-text__media\" style=\"background-image:url('https:\/\/hoyre.no\/content\/uploads\/sites\/70\/2023\/08\/GettyImages-1136806587-1024x683.jpg');background-position:50% 50%\"><img loading=\"lazy\" decoding=\"async\" width=\"1024\" height=\"683\" src=\"https:\/\/hoyre.no\/content\/uploads\/sites\/70\/2023\/08\/GettyImages-1136806587-1024x683.jpg\" alt=\"\" class=\"wp-image-179 size-full\" srcset=\"https:\/\/hoyre.no\/content\/uploads\/sites\/70\/2023\/08\/GettyImages-1136806587-1024x683.jpg 1024w, https:\/\/hoyre.no\/content\/uploads\/sites\/70\/2023\/08\/GettyImages-1136806587-300x200.jpg 300w, https:\/\/hoyre.no\/content\/uploads\/sites\/70\/2023\/08\/GettyImages-1136806587-768x512.jpg 768w, https:\/\/hoyre.no\/content\/uploads\/sites\/70\/2023\/08\/GettyImages-1136806587-1536x1024.jpg 1536w, https:\/\/hoyre.no\/content\/uploads\/sites\/70\/2023\/08\/GettyImages-1136806587-2048x1365.jpg 2048w\" sizes=\"auto, (max-width: 1024px) 100vw, 1024px\" \/><\/figure><div class=\"wp-block-media-text__content\">\n<p><strong>H\u00f8yre vil:<\/strong><\/p>\n\n\n\n<ul class=\"wp-block-list\"><li>Bygge nytt sv\u00f8mmeanlegg og ny aula i tilknytning til ny skole i sentrum og planlegge nytt bibliotek i samme omr\u00e5de<\/li><li>Nytt kulturhus for en felles m\u00f8teplass og arena for b\u00e5de amat\u00f8rer og profesjonelle ut\u00f8vere innen kunst og kultur. I tillegg romme et tilbud for ungdom som ikke driver med idrett eller tar del i ulike lag og foreninger<\/li><li>Invitere og gi st\u00f8tte til lag og foreninger til \u00e5 vise frem sine aktiviteter i L\u00f8ten sentrum<\/li><li>Utvikle meieriet og dette sentrumsn\u00e6re omr\u00e5det for folk i alle aldre, livssituasjoner og varierte behov<\/li><li>Stoppe planlagt utbedring av l\u00f8pebana (penger er bevilget) og i stedet bygge ny sammen med nytt idrettsanlegg og la dette inng\u00e5 i planlegging av ny skole <\/li><\/ul>\n<\/div><\/div>\n\n\n\n<p><\/p>\n\n\n\n<p><\/p>\n\n\n\n<h1 class=\"wp-block-heading\">HELSE OG VELFERD <\/h1>\n\n\n\n<p>Utgangspunktet for H\u00f8yres politikk er hensynet til og omsorgen for enkeltmennesket. Derfor vil vi sikre at det er brukeren, ikke systemet, som st\u00e5r i sentrum av helse- og omsorgstjenestene. Helse- og omsorgstilbudet skal ha kvalitet og verdighet og gi valgmuligheter. <\/p>\n\n\n\n<p>H\u00f8yre \u00f8nsker et samfunn hvor ulike mennesker f\u00e5r likeverdige muligheter til gode og selvstendige liv, uavhengig av alder og livsfase. Det m\u00e5 tilrettelegges for en trygg og aktiv alderdom, hvor eldre kan bo lenger i eget hjem. Personer med funksjonsnedsettelser skal f\u00e5 muligheter til aktiviteter og fellesskap, slik at utenforskap motvirkes og trivsel vektlegges. Rusavhengige skal m\u00f8tes med respekt, verdighet og veiledning til rusfrie liv. P\u00e5r\u00f8rende og frivillige er en viktig ressurs, som vil bli stadig viktigere n\u00e5r det blir flere eldre og tilgangen til kvalifiserte arbeidstakere blir vanskeligere. <\/p>\n\n\n\n<p><\/p>\n\n\n\n<h2 class=\"wp-block-heading\">Eldre<\/h2>\n\n\n\n<p>Innen 2030 vil det v\u00e6re 270 flere eldre over 80 \u00e5r i L\u00f8ten enn det er i dag. Dette tyder f\u00f8rst og fremst p\u00e5 at flere har god helse. Men det betyr ogs\u00e5 at det vil v\u00e6re flere p\u00e5r\u00f8rende som trenger st\u00f8tte og avlastning. Dette m\u00e5 det legges til rette for.<\/p>\n\n\n\n<p>De aller fleste \u00f8nsker \u00e5 klare seg selv og vil bo hjemme lengst mulig, og alle skal ha mulighet til det s\u00e5 lenge de selv \u00f8nsker og klarer. En viktig forutsetning for dette er en god hjemmetjeneste og mulighet for aktivitet og deltagelse, og vi m\u00e5  planlegge for mer varierte boformer. Ombygging p\u00e5 L\u00f8ten helsetun med nedlegging av 21 service-leiligheter vil ogs\u00e5 kreve flere omsorgsboliger. <\/p>\n\n\n\n<p>L\u00f8ten H\u00f8yre vil jobbe for mer varierte boformer for eldre og demente. Boformer som bidrar til aktivitet, reduserer ensomhet og tilrettelegger for en meningsfull hverdag. L\u00f8ten H\u00f8yre mener omr\u00e5det med \u00d8stvang skole b\u00f8r omreguleres til boligform\u00e5l for eldre med behov for omsorgstjenester.<\/p>\n\n\n\n<p>Etter samhandlingsreformen blir pasienter raskere skrevet ut fra sykehuset for videre oppf\u00f8lging i kommunen. Det er i dag derfor er \u00f8kende antall utskrivninger fra sykehus inn til helsetunet f\u00f8r hjemreise. L\u00f8ten helsetun gir tilbud til ulike pasientgrupper og behov, men har i dag ikke noen egen enhet for palliasjon (lindrende behandling ved livets slutt) og palliativ behandling gis i avdeling for rehabilitering. Dette mener L\u00f8ten H\u00f8yre m\u00e5 endre for \u00e5 sikre et mer verdig tilbud for begge disse pasientgruppene.  <\/p>\n\n\n\n<p>I f\u00f8lge boligsosial handlingsplan vedtatt i kommunestyret 26. november 2014 skulle et antall plasser p\u00e5 L\u00f8ten helsetun omdisponeres til avlastningsform\u00e5l for eldre fremfor nedstengning av plasser. Dette er ikke gjennomf\u00f8rt, flere plasser er fortsatt stengt og det er ingen plan for gjen\u00e5pning. Ombygging av service-leilighetene til skjermet enhet er et annet tiltak og gir i praksis f\u00e6rre bo-enheter innenfor den totale bygningsmassen p\u00e5 L\u00f8ten helsetun, men muliggj\u00f8r et \u00f8kt tilbud om avlastning i ny skjermet avdeling. L\u00f8ten H\u00f8yre vil derfor se p\u00e5 mulighet for \u00e5 ta i bruk plasser som i f\u00f8lge handlingsplan var tenkt for avlastning og legge til rette for en egen enhet for palliasjon og multisyke. <\/p>\n\n\n\n<p>God planlegging er n\u00f8dvendig for \u00e5 sikre tilstrekkelig og god omsorg for alle! <\/p>\n\n\n\n<div class=\"wp-block-media-text alignwide is-stacked-on-mobile is-image-fill is-style-pale-blue\"><figure class=\"wp-block-media-text__media\" style=\"background-image:url('https:\/\/hoyre.no\/content\/uploads\/sites\/70\/2023\/08\/Skjermbilde-2023-08-04-kl.-23.55.41.png');background-position:50% 50%\"><img loading=\"lazy\" decoding=\"async\" width=\"502\" height=\"370\" src=\"https:\/\/hoyre.no\/content\/uploads\/sites\/70\/2023\/08\/Skjermbilde-2023-08-04-kl.-23.55.41.png\" alt=\"\" class=\"wp-image-95 size-full\" srcset=\"https:\/\/hoyre.no\/content\/uploads\/sites\/70\/2023\/08\/Skjermbilde-2023-08-04-kl.-23.55.41.png 502w, https:\/\/hoyre.no\/content\/uploads\/sites\/70\/2023\/08\/Skjermbilde-2023-08-04-kl.-23.55.41-300x221.png 300w\" sizes=\"auto, (max-width: 502px) 100vw, 502px\" \/><\/figure><div class=\"wp-block-media-text__content\">\n<h4 class=\"wp-block-heading\">H\u00d8YRE VIL<\/h4>\n\n\n\n<ul class=\"wp-block-list\"><li>Regulere for boligform\u00e5l p\u00e5 \u00d8stvang og bygge bofellesskap for eldre<\/li><li>Planlegge for flere omsorgsboliger<\/li><li>\u00c5pne stengte plasser p\u00e5 L\u00f8ten helsetun og legge til rette for egen enhet for palliasjon og multisyke<\/li><li>\u00c5pne for fritt brukervalg innenfor hjemmehjelp og BPA<\/li><\/ul>\n<\/div><\/div>\n\n\n\n<p><\/p>\n\n\n\n<p><\/p>\n\n\n\n<h2 class=\"wp-block-heading\">Psykisk helse, rus<\/h2>\n\n\n\n<p>Alle har en psykisk helse. Og alle som blir rammet av psykisk uhelse m\u00e5 f\u00e5 s\u00e5 rask og god hjelp som mulig. <\/p>\n\n\n\n<p>Depresjon og angst er et \u00f8kende helseproblem i alle aldersgrupper og er i realiteten en d\u00f8delig sykdom da den ofte f\u00f8rer til selvmord. I f\u00f8lge Folkehelseinstituttet er  selvmord den hyppigste d\u00f8ds\u00e5rsaken til barn og unge fra 14 &#8211; 19 \u00e5r. <\/p>\n\n\n\n<p>I L\u00f8ten er andelen unge med psykisk helseutfordringer h\u00f8yere enn i resten av landet. De har et h\u00f8yere ukentlig forbruk av smertestillende og har en h\u00f8yere andel som gruer seg til \u00e5 g\u00e5 p\u00e5 skolen (Ungdata). <\/p>\n\n\n\n<p>Stadig flere unge bruker ogs\u00e5 rusmidler og enda flere tilbys. I L\u00f8ten er iflg. ungdata 10 % av spurte elever er tilbudt cannabis. L\u00f8ten H\u00f8yre mener det m\u00e5 en sterkere satsing til for \u00e5 forebygge rus og kriminalitet blant unge og at dette er et arbeid kommunen ikke skal gj\u00f8re alene. Ungdommene beveger seg p\u00e5 tvers av kommunegrensene og kommunene b\u00f8r derfor sammen med politi og barnevern samarbeide p\u00e5 tvers av kommunene i st\u00f8rre grad.<\/p>\n\n\n\n<p>L\u00f8ten H\u00f8yre \u00f8nsker \u00e5 styrke det psykiske helsetilbudet i L\u00f8ten og vil innf\u00f8re rask psykisk helsehjelp og ta i bruk digitale selvhjelpsverkt\u00f8y for en st\u00f8rre bredde i behandlingstilbudet.<\/p>\n\n\n\n<div class=\"wp-block-media-text alignwide is-stacked-on-mobile is-image-fill is-style-pale-blue\"><figure class=\"wp-block-media-text__media\" style=\"background-image:url('https:\/\/hoyre.no\/content\/uploads\/sites\/70\/2023\/08\/GettyImages-1063392686-1024x683.jpg');background-position:50% 50%\"><img loading=\"lazy\" decoding=\"async\" width=\"1024\" height=\"683\" src=\"https:\/\/hoyre.no\/content\/uploads\/sites\/70\/2023\/08\/GettyImages-1063392686-1024x683.jpg\" alt=\"\" class=\"wp-image-123 size-full\" srcset=\"https:\/\/hoyre.no\/content\/uploads\/sites\/70\/2023\/08\/GettyImages-1063392686-1024x683.jpg 1024w, https:\/\/hoyre.no\/content\/uploads\/sites\/70\/2023\/08\/GettyImages-1063392686-300x200.jpg 300w, https:\/\/hoyre.no\/content\/uploads\/sites\/70\/2023\/08\/GettyImages-1063392686-768x512.jpg 768w, https:\/\/hoyre.no\/content\/uploads\/sites\/70\/2023\/08\/GettyImages-1063392686-1536x1024.jpg 1536w, https:\/\/hoyre.no\/content\/uploads\/sites\/70\/2023\/08\/GettyImages-1063392686-2048x1365.jpg 2048w\" sizes=\"auto, (max-width: 1024px) 100vw, 1024px\" \/><\/figure><div class=\"wp-block-media-text__content\">\n<h4 class=\"wp-block-heading\">H\u00f8yre vil<\/h4>\n\n\n\n<ul class=\"wp-block-list\"><li>Innf\u00f8re rask psykisk helsehjelp<\/li><li>Milj\u00f8veileder med psykisk helsefaglig bakgrunn inn i skolen<\/li><li>Styrke elevtjenesten i skolen og ha helsesykepleier flere dager i uken<\/li><li>Ta i bruk anerkjent digitalt selvhjelpsverkt\u00f8y innen psykisk helse for \u00e5 styrke og gi en st\u00f8rre bredde i behandlingstilbudet <\/li><li>Fremme interkommunalt\/regionalt rus &#8211; og kriminalitetsforebyggende arbeid<\/li><li>Ha en helhetlig plan for hvordan de ulike omr\u00e5dene skal jobbe sammen for \u00e5 forebygge og sikre god hjelp til barn og unge med rusrelaterte problemer og sikre god og tilgjengelig  informasjon om ulike tilbud ut til b\u00e5de bruker, p\u00e5r\u00f8rende og \u00f8vrige innbyggere<\/li><\/ul>\n<\/div><\/div>\n\n\n\n<p><\/p>\n\n\n\n<p><\/p>\n\n\n\n<h2 class=\"wp-block-heading\">Avlastningsenhet for barn<\/h2>\n\n\n\n<p>L\u00f8ten kommune har ikke en egen tilrettelagt avlastningsenhet for barn med omfattende hjelpebehov, men gir tilbud til et begrenset antall barn i Svingen bofellesskap for voksne med utviklingshemming. Boligen er i seg selv godt tilrettelagt, og barna f\u00e5r god pleie og omsorg. Men enheten har ikke uteomr\u00e5de tilrettelagt for barn, og fellesrom deles med voksne og eldre beboere. \u00d8vrige barn tilbys l\u00f8sninger i private hjem eller private leverand\u00f8rer rundt om i Innlandet.<\/p>\n\n\n\n<p>I f\u00f8lge boligsosial handlingsplan for 2015 &#8211; 2025 vedtatt av kommunestyret 26.november 2014 er avlastningsenhet for barn prioritert som tiltak nr. 2 og skulle v\u00e6re klart til drift fra 2017. En slik enhet er enda ikke ferdig planlagt.<\/p>\n\n\n\n<p>For at avlastningstiltak skal v\u00e6re en reell avlastning m\u00e5 foreldre\/foresatte kunne f\u00f8le seg trygge p\u00e5 at barnet trives og har det bra n\u00e5r de overlater omsorgen til andre.  Barn m\u00e5 ha mulighet til \u00e5 utfolde seg i lek og ha tilgang til uteomr\u00e5der tilrettelagt for barn med spesielle behov. Barn i avlastning f\u00f8lger ogs\u00e5 vanlig skoletid som ellers og skal ikke m\u00e5tte utsettes for den ekstra belastningen det er \u00e5 m\u00e5tte kj\u00f8re mange mil f\u00f8r og etter skoletid for \u00e5 komme til og fra skolen.<\/p>\n\n\n\n<p>Familier som har barn med behov for s\u00e6rskilt tilrettelegging, skal ha mulighet til \u00e5 velge \u00e5 la barnet bo i en barnebolig eller avlastningsbolig i perioder.&nbsp; <\/p>\n\n\n\n<p>L\u00f8ten H\u00f8yre vil i tr\u00e5d med vedtatt handlingsplan jobbe for at en egen avlastningsenhet tilrettelagt for barn, med gode og fleksible l\u00f8sninger, tilrettelagte uteomr\u00e5der, og med n\u00e6rhet til skolen kommer p\u00e5 plass og at handlingsplan for dette f\u00f8lges opp i neste periode. <\/p>\n\n\n\n<div class=\"wp-block-media-text alignwide is-stacked-on-mobile is-image-fill is-style-pale-blue\"><figure class=\"wp-block-media-text__media\" style=\"background-image:url('https:\/\/hoyre.no\/content\/uploads\/sites\/70\/2023\/08\/Skjermbilde-2023-08-18-kl.-21.59.31-1024x718.png');background-position:50% 50%\"><img loading=\"lazy\" decoding=\"async\" width=\"1024\" height=\"718\" src=\"https:\/\/hoyre.no\/content\/uploads\/sites\/70\/2023\/08\/Skjermbilde-2023-08-18-kl.-21.59.31-1024x718.png\" alt=\"\" class=\"wp-image-211 size-full\" srcset=\"https:\/\/hoyre.no\/content\/uploads\/sites\/70\/2023\/08\/Skjermbilde-2023-08-18-kl.-21.59.31-1024x718.png 1024w, https:\/\/hoyre.no\/content\/uploads\/sites\/70\/2023\/08\/Skjermbilde-2023-08-18-kl.-21.59.31-300x210.png 300w, https:\/\/hoyre.no\/content\/uploads\/sites\/70\/2023\/08\/Skjermbilde-2023-08-18-kl.-21.59.31-768x539.png 768w, https:\/\/hoyre.no\/content\/uploads\/sites\/70\/2023\/08\/Skjermbilde-2023-08-18-kl.-21.59.31-1536x1077.png 1536w, https:\/\/hoyre.no\/content\/uploads\/sites\/70\/2023\/08\/Skjermbilde-2023-08-18-kl.-21.59.31.png 1814w\" sizes=\"auto, (max-width: 1024px) 100vw, 1024px\" \/><\/figure><div class=\"wp-block-media-text__content\">\n<h4 class=\"wp-block-heading\">H\u00f8yre vil <\/h4>\n\n\n\n<ul class=\"wp-block-list\"><li>Gjennomf\u00f8re boligsosial handlingsplan og s\u00f8rge for egen avlastningsenhet for barn i kommunen<\/li><li>Ha uteomr\u00e5der tilpasset barn med spesielle behov<\/li><li>Legge til rette for barnebolig for barn med s\u00e5 store pleie -\/omsorgsbehov at de ikke kan bo i hjemmet med familien <\/li><li>Barn i barnebolig skal ha mulighet for et stabilt milj\u00f8 og privatliv, og tilbudet i boligen skal v\u00e6re tilrettelagt for trening, og til oppl\u00e6ring i dagliglivets  gj\u00f8rem\u00e5l <\/li><li>En barnebolig skal ha fasiliteter som tillater at familiemedlemmer kan komme p\u00e5 bes\u00f8k, v\u00e6re sammen med barnet sitt og overnatte om de \u00f8nsker eller barnet trenger det<\/li><\/ul>\n<\/div><\/div>\n\n\n\n<p><\/p>\n\n\n\n<p><\/p>\n\n\n\n<h1 class=\"wp-block-heading\">N\u00c6RING &#8211; vekst og utvikling<\/h1>\n\n\n\n<p>I L\u00f8ten er det mange selvstendige n\u00e6ringsdrivende. B\u00f8nder, r\u00f8rleggere, elektrikere, snekkere med flere.<\/p>\n\n\n\n<p>L\u00f8ten H\u00f8yre har alltid jobbet for \u00f8kt n\u00e6ringliv og st\u00f8ttet opp om de som ser muligheter, satser og \u00f8nsker en utvikling. L\u00f8ten H\u00f8yre vil jobbe aktivt videre for \u00f8kt n\u00e6ringsutvikling og vil s\u00f8rge for at kommunen har de beste vilk\u00e5rene for nyskapning og vekst. Vi \u00f8nsker \u00e5 \u00f8ke andelen kunnskapsbedrifter, legge til rette for gr\u00fcndere og s\u00f8rge for flere kortreiste arbeidsplasser, ogs\u00e5 innen landbruk og reiseliv.<\/p>\n\n\n\n<p>Den st\u00f8rste n\u00e6ringen i L\u00f8ten etter L\u00f8ten kommune selv er innenfor landbruket. L\u00f8ten H\u00f8yre vil at L\u00f8ten skal fortsette \u00e5 v\u00e6re den landbrukskommunen den er i dag og ta vare p\u00e5 bonden og v\u00e6re en aktiv medspiller i interkommunalt samarbeid og fremme L\u00f8tens interesser i disse.<\/p>\n\n\n\n<p>Samfunnet er avhengige av bedrifter som gir folk trygge jobber og skatteinntektene som betaler for velferden v\u00e5r. Vi heier derfor p\u00e5 mennesker som vil skape aktivitet og jobber i L\u00f8ten. H\u00f8yre vil at kommunen skal oppleves som en JA-kommune og medspiller for jobbskaperne, og at det skal bli lettere \u00e5 etablere nye bedrifter og at de etablerte bedriftene skal ha mulighet til \u00e5 vokse.<\/p>\n\n\n\n<p>H\u00f8yre vil f\u00e5 ned saksbehandlingstidene, og ha reguleringsplaner klare.<\/p>\n\n\n\n<p>Arbeid er et det viktigste verkt\u00f8yet for \u00e5 redusere ulikhet og bekjempe fattigdom. Alle trenger \u00e5 h\u00f8re til i samfunnet og samfunnet trenger alle. Vi m\u00e5 derfor jobbe for at bedrifter overlever og har gode vilk\u00e5r for \u00e5 opprettholde drift. Varig velferd bygger l\u00f8nnsomme bedrifter med trygge arbeidsplasser.<\/p>\n\n\n\n<p>V\u00e5r kommune skal v\u00e6re \u00e5pen og tilgjengelig med en effektiv og ansvarlig \u00f8konomisk drift.<\/p>\n\n\n\n<div class=\"wp-block-media-text alignwide is-stacked-on-mobile is-image-fill is-style-pale-blue\"><figure class=\"wp-block-media-text__media\" style=\"background-image:url('https:\/\/hoyre.no\/content\/uploads\/sites\/70\/2023\/08\/GettyImages-621838690-1024x683.jpg');background-position:50% 50%\"><img loading=\"lazy\" decoding=\"async\" width=\"1024\" height=\"683\" src=\"https:\/\/hoyre.no\/content\/uploads\/sites\/70\/2023\/08\/GettyImages-621838690-1024x683.jpg\" alt=\"\" class=\"wp-image-252 size-full\" srcset=\"https:\/\/hoyre.no\/content\/uploads\/sites\/70\/2023\/08\/GettyImages-621838690-1024x683.jpg 1024w, https:\/\/hoyre.no\/content\/uploads\/sites\/70\/2023\/08\/GettyImages-621838690-300x200.jpg 300w, https:\/\/hoyre.no\/content\/uploads\/sites\/70\/2023\/08\/GettyImages-621838690-768x513.jpg 768w, https:\/\/hoyre.no\/content\/uploads\/sites\/70\/2023\/08\/GettyImages-621838690-1536x1025.jpg 1536w, https:\/\/hoyre.no\/content\/uploads\/sites\/70\/2023\/08\/GettyImages-621838690-2048x1367.jpg 2048w\" sizes=\"auto, (max-width: 1024px) 100vw, 1024px\" \/><\/figure><div class=\"wp-block-media-text__content\">\n<h4 class=\"wp-block-heading\">H\u00f8yre vil <\/h4>\n\n\n\n<ul class=\"wp-block-list\"><li>Ha et sterkt jordvern<\/li><li>Ansette egen n\u00e6ringssjef<\/li><li>Utvikle n\u00e6ringsomr\u00e5der som er etablert p\u00e5 \u00c5nestad<\/li><li>Satse p\u00e5 sentrumsutvikling<\/li><li>Samarbeide om overnattingsplasser i sentrum<\/li><li>Utvikle et samarbeidsprosjekt om meieribygget<\/li><li>Samarbeide med lokalt n\u00e6ringsliv og NAV om et inkluderende arbeidsliv<\/li><li>L\u00f8ten kommune skal v\u00e6re en JA-kommune<\/li><\/ul>\n<\/div><\/div>\n\n\n\n<h1 class=\"wp-block-heading\">KLIMA<\/h1>\n\n\n\n<p>Klima har ingen grenser og L\u00f8ten m\u00e5 bidra med sin del og ta st\u00f8rre grep for \u00e5 ta vare p\u00e5 naturen v\u00e5r og redusere utslipp for \u00e5 n\u00e5 vedtatte klimam\u00e5l. Med dagens tempo er vi ikke i n\u00e6rheten av \u00e5 n\u00e5 de krav og m\u00e5l som er satt. L\u00f8ten kommunes klima &#8211; og milj\u00f8plan ble vedtatt i september 2019 (sak 37\/19). I f\u00f8lge planen skal det legges frem et \u00e5rlig klimaregnskap for kommunen. M\u00e5let med klimaregnskapet er \u00e5 kartlegge de viktigste kildene og driverne bak klimagassutslipp og evaluere mulige tiltak. Et slikt klimaregnskap er enda ikke fremlagt.<\/p>\n\n\n\n<p>L\u00f8ten H\u00f8yre er opptatt av klima og milj\u00f8 og vil f\u00f8re en offensiv klimapolitikk samtidig som vi utvikler og skaper ny aktivitet i kommunen, og med fokus p\u00e5 de fire store utfordringene vi st\u00e5r overfor: <\/p>\n\n\n\n<ul class=\"wp-block-list\"><li>\u00c5 skape et b\u00e6rekraftig velferdssamfunn<\/li><li>\u00c5 skape et \u00f8kologisk b\u00e6rekraftig samfunn gjennom blant annet en offensiv klimapolitikk og en forsvarlig ressursforvaltning<\/li><li>\u00c5 skape et sosialt b\u00e6rekraftig samfunn<\/li><li>\u00c5 skape et trygt samfunn for alle<\/li><\/ul>\n\n\n\n<p>En kommunedelplan for naturmangfold kan v\u00e6re et godt verkt\u00f8y for \u00e5 f\u00e5 oversikt over naturmangfoldet i kommunen og prioritere arealbruk og tiltak. Planen vil gi en helhetlig oversikt over verdifulle naturomr\u00e5der og arter og dyreliv i kommunen v\u00e5r og gj\u00f8re informasjon om disse mer tilgjengelig. Den vil kunne bidra til \u00f8kt kunnskap om de utfordringer naturmangfoldet i n\u00e6rmilj\u00f8et v\u00e5rt st\u00e5r i og hvilke tiltak som er iverksatt og hva du som innbygger selv kan gj\u00f8re eller passe p\u00e5 for det mangfoldet vi har. <\/p>\n\n\n\n<p>En naturmangfoldsplan vil og gi bedre bedre beslutningsgrunnlag n\u00e5r ulike interesser skal avveies i arealforvaltningen og skape mer forutsigbarhet for n\u00e6ringsliv, utbyggingsinteresser og innbyggere og b\u00f8r v\u00e6re samkj\u00f8rt med klima &#8211; og milj\u00f8plan som allerede er vedtatt.<\/p>\n\n\n\n<p>V\u00e5r kommune skal fortsatt v\u00e6re en foregangskommune for klimasmarte l\u00f8sninger og samspille tett med n\u00e6ringsliv og frivillige. H\u00f8yre vil legge til rette for \u00f8kt bruk av fornybar energi, redusere matsvinn og gj\u00f8re gjenbruk mer attraktivt.<\/p>\n\n\n\n<div class=\"wp-block-media-text alignwide is-stacked-on-mobile is-image-fill is-style-pale-blue\"><figure class=\"wp-block-media-text__media\" style=\"background-image:url('https:\/\/hoyre.no\/content\/uploads\/sites\/70\/2023\/08\/HOYRE_hvitveis_miljo_IMG_2891-kopi-1.jpg');background-position:50% 50%\"><img loading=\"lazy\" decoding=\"async\" width=\"320\" height=\"214\" src=\"https:\/\/hoyre.no\/content\/uploads\/sites\/70\/2023\/08\/HOYRE_hvitveis_miljo_IMG_2891-kopi-1.jpg\" alt=\"\" class=\"wp-image-213 size-full\" srcset=\"https:\/\/hoyre.no\/content\/uploads\/sites\/70\/2023\/08\/HOYRE_hvitveis_miljo_IMG_2891-kopi-1.jpg 320w, https:\/\/hoyre.no\/content\/uploads\/sites\/70\/2023\/08\/HOYRE_hvitveis_miljo_IMG_2891-kopi-1-300x201.jpg 300w\" sizes=\"auto, (max-width: 320px) 100vw, 320px\" \/><\/figure><div class=\"wp-block-media-text__content\">\n<h4 class=\"wp-block-heading\">H\u00f8yre vil: Bremse utslippene, ikke utviklingen<\/h4>\n\n\n\n<ul class=\"wp-block-list\"><li>Legge frem \u00e5rlig klimaregnskap i tr\u00e5d med plan<\/li><li>Ha en kommunedelplan om naturmangfoldet i L\u00f8ten<\/li><li>Vi vil legge til rette for fremtidens gr\u00f8nne n\u00e6ringsvirksomhet ved \u00e5 tilrettelegge for attraktive bolig &#8211; og n\u00e6ringsarealer som tar hensyn til naturmangfoldet vi har i L\u00f8ten.<\/li><li>Kommunens klimam\u00e5l skal v\u00e6re i tr\u00e5d med nasjonale f\u00f8ringer i parisavtalen og FNs klimasatsing<\/li><\/ul>\n<\/div><\/div>\n","protected":false},"excerpt":{"rendered":"<p>V\u00e5re hjertesaker Kvalitet i skolen H\u00f8yre har alltid ment at kvalitet og innhold i skolen er viktig og at en skole skal f\u00f8rst og fremst v\u00e6re en l\u00e6ringsarena med mulighet for mestring og utvikling for alle elever. Den skal v\u00e6re en god arbeidsplass for l\u00e6rere og andre ansatte, og driften og struktur skal legge til [&hellip;]<\/p>\n","protected":false},"author":27430,"featured_media":0,"parent":0,"menu_order":0,"comment_status":"closed","ping_status":"closed","template":"","meta":{"teft_cards_image_url":"","teft_cards_custom_pretitle":"","teft_cards_image_id":0,"teft_cards_image_focal_point_x":0,"teft_cards_image_focal_point_y":0,"teft_cards_title":"","teft_cards_excerpt":"","teft_show_chapters":false,"footnotes":""},"class_list":["post-201","page","type-page","status-publish","hentry"],"yoast_head":"<!-- This site is optimized with the Yoast SEO plugin v26.6 - https:\/\/yoast.com\/wordpress\/plugins\/seo\/ -->\n<title>Program L\u00f8ten H\u00f8yre 2023 - 2027 - L\u00f8ten H\u00f8yre<\/title>\n<meta name=\"robots\" content=\"index, follow, max-snippet:-1, max-image-preview:large, max-video-preview:-1\" \/>\n<link rel=\"canonical\" href=\"https:\/\/hoyre.no\/loten\/program-loten-hoyre-2023-2027\/\" \/>\n<meta property=\"og:locale\" content=\"nb_NO\" \/>\n<meta property=\"og:type\" content=\"article\" \/>\n<meta property=\"og:title\" content=\"Program L\u00f8ten H\u00f8yre 2023 - 2027 - L\u00f8ten H\u00f8yre\" \/>\n<meta property=\"og:description\" content=\"V\u00e5re hjertesaker Kvalitet i skolen H\u00f8yre har alltid ment at kvalitet og innhold i skolen er viktig og at en skole skal f\u00f8rst og fremst v\u00e6re en l\u00e6ringsarena med mulighet for mestring og utvikling for alle elever. Den skal v\u00e6re en god arbeidsplass for l\u00e6rere og andre ansatte, og driften og struktur skal legge til [&hellip;]\" \/>\n<meta property=\"og:url\" content=\"https:\/\/hoyre.no\/loten\/program-loten-hoyre-2023-2027\/\" \/>\n<meta property=\"og:site_name\" content=\"L\u00f8ten H\u00f8yre\" \/>\n<meta property=\"article:modified_time\" content=\"2023-08-25T21:43:46+00:00\" \/>\n<meta property=\"og:image\" content=\"https:\/\/hoyre.no\/content\/uploads\/sites\/70\/2023\/08\/Tingberg-1024x770.jpg\" \/>\n<meta name=\"twitter:card\" content=\"summary_large_image\" \/>\n<meta name=\"twitter:label1\" content=\"Ansl. lesetid\" \/>\n\t<meta name=\"twitter:data1\" content=\"25 minutter\" \/>\n<script type=\"application\/ld+json\" class=\"yoast-schema-graph\">{\"@context\":\"https:\/\/schema.org\",\"@graph\":[{\"@type\":\"WebPage\",\"@id\":\"https:\/\/hoyre.no\/loten\/program-loten-hoyre-2023-2027\/\",\"url\":\"https:\/\/hoyre.no\/loten\/program-loten-hoyre-2023-2027\/\",\"name\":\"Program L\u00f8ten H\u00f8yre 2023 - 2027 - L\u00f8ten H\u00f8yre\",\"isPartOf\":{\"@id\":\"https:\/\/hoyre.no\/loten\/#website\"},\"image\":{\"@id\":\"https:\/\/hoyre.no\/loten\/program-loten-hoyre-2023-2027\/#primaryimage\"},\"thumbnailUrl\":\"https:\/\/hoyre.no\/content\/uploads\/sites\/70\/2023\/08\/Tingberg-1024x770.jpg\",\"datePublished\":\"2023-08-24T16:06:13+00:00\",\"dateModified\":\"2023-08-25T21:43:46+00:00\",\"breadcrumb\":{\"@id\":\"https:\/\/hoyre.no\/loten\/program-loten-hoyre-2023-2027\/#breadcrumb\"},\"inLanguage\":\"nb-NO\",\"potentialAction\":[{\"@type\":\"ReadAction\",\"target\":[\"https:\/\/hoyre.no\/loten\/program-loten-hoyre-2023-2027\/\"]}]},{\"@type\":\"ImageObject\",\"inLanguage\":\"nb-NO\",\"@id\":\"https:\/\/hoyre.no\/loten\/program-loten-hoyre-2023-2027\/#primaryimage\",\"url\":\"https:\/\/hoyre.no\/content\/uploads\/sites\/70\/2023\/08\/Tingberg-1024x770.jpg\",\"contentUrl\":\"https:\/\/hoyre.no\/content\/uploads\/sites\/70\/2023\/08\/Tingberg-1024x770.jpg\"},{\"@type\":\"BreadcrumbList\",\"@id\":\"https:\/\/hoyre.no\/loten\/program-loten-hoyre-2023-2027\/#breadcrumb\",\"itemListElement\":[{\"@type\":\"ListItem\",\"position\":1,\"name\":\"Til hoyre.no\",\"item\":\"https:\/\/hoyre.no\"},{\"@type\":\"ListItem\",\"position\":2,\"name\":\"Hjem\",\"item\":\"https:\/\/hoyre.no\/loten\/\"},{\"@type\":\"ListItem\",\"position\":3,\"name\":\"Program L\u00f8ten H\u00f8yre 2023 &#8211; 2027\"}]},{\"@type\":\"WebSite\",\"@id\":\"https:\/\/hoyre.no\/loten\/#website\",\"url\":\"https:\/\/hoyre.no\/loten\/\",\"name\":\"L\u00f8ten H\u00f8yre\",\"description\":\"Bare enda et H\u00f8yres nettsteder-nettsted\",\"inLanguage\":\"nb-NO\"}]}<\/script>\n<!-- \/ Yoast SEO plugin. -->","yoast_head_json":{"title":"Program L\u00f8ten H\u00f8yre 2023 - 2027 - L\u00f8ten H\u00f8yre","robots":{"index":"index","follow":"follow","max-snippet":"max-snippet:-1","max-image-preview":"max-image-preview:large","max-video-preview":"max-video-preview:-1"},"canonical":"https:\/\/hoyre.no\/loten\/program-loten-hoyre-2023-2027\/","og_locale":"nb_NO","og_type":"article","og_title":"Program L\u00f8ten H\u00f8yre 2023 - 2027 - L\u00f8ten H\u00f8yre","og_description":"V\u00e5re hjertesaker Kvalitet i skolen H\u00f8yre har alltid ment at kvalitet og innhold i skolen er viktig og at en skole skal f\u00f8rst og fremst v\u00e6re en l\u00e6ringsarena med mulighet for mestring og utvikling for alle elever. Den skal v\u00e6re en god arbeidsplass for l\u00e6rere og andre ansatte, og driften og struktur skal legge til [&hellip;]","og_url":"https:\/\/hoyre.no\/loten\/program-loten-hoyre-2023-2027\/","og_site_name":"L\u00f8ten H\u00f8yre","article_modified_time":"2023-08-25T21:43:46+00:00","og_image":[{"url":"https:\/\/hoyre.no\/content\/uploads\/sites\/70\/2023\/08\/Tingberg-1024x770.jpg","type":"","width":"","height":""}],"twitter_card":"summary_large_image","twitter_misc":{"Ansl. lesetid":"25 minutter"},"schema":{"@context":"https:\/\/schema.org","@graph":[{"@type":"WebPage","@id":"https:\/\/hoyre.no\/loten\/program-loten-hoyre-2023-2027\/","url":"https:\/\/hoyre.no\/loten\/program-loten-hoyre-2023-2027\/","name":"Program L\u00f8ten H\u00f8yre 2023 - 2027 - L\u00f8ten H\u00f8yre","isPartOf":{"@id":"https:\/\/hoyre.no\/loten\/#website"},"image":{"@id":"https:\/\/hoyre.no\/loten\/program-loten-hoyre-2023-2027\/#primaryimage"},"thumbnailUrl":"https:\/\/hoyre.no\/content\/uploads\/sites\/70\/2023\/08\/Tingberg-1024x770.jpg","datePublished":"2023-08-24T16:06:13+00:00","dateModified":"2023-08-25T21:43:46+00:00","breadcrumb":{"@id":"https:\/\/hoyre.no\/loten\/program-loten-hoyre-2023-2027\/#breadcrumb"},"inLanguage":"nb-NO","potentialAction":[{"@type":"ReadAction","target":["https:\/\/hoyre.no\/loten\/program-loten-hoyre-2023-2027\/"]}]},{"@type":"ImageObject","inLanguage":"nb-NO","@id":"https:\/\/hoyre.no\/loten\/program-loten-hoyre-2023-2027\/#primaryimage","url":"https:\/\/hoyre.no\/content\/uploads\/sites\/70\/2023\/08\/Tingberg-1024x770.jpg","contentUrl":"https:\/\/hoyre.no\/content\/uploads\/sites\/70\/2023\/08\/Tingberg-1024x770.jpg"},{"@type":"BreadcrumbList","@id":"https:\/\/hoyre.no\/loten\/program-loten-hoyre-2023-2027\/#breadcrumb","itemListElement":[{"@type":"ListItem","position":1,"name":"Til hoyre.no","item":"https:\/\/hoyre.no"},{"@type":"ListItem","position":2,"name":"Hjem","item":"https:\/\/hoyre.no\/loten\/"},{"@type":"ListItem","position":3,"name":"Program L\u00f8ten H\u00f8yre 2023 &#8211; 2027"}]},{"@type":"WebSite","@id":"https:\/\/hoyre.no\/loten\/#website","url":"https:\/\/hoyre.no\/loten\/","name":"L\u00f8ten H\u00f8yre","description":"Bare enda et H\u00f8yres nettsteder-nettsted","inLanguage":"nb-NO"}]}},"distributor_meta":false,"distributor_terms":false,"distributor_media":false,"distributor_original_site_name":"L\u00f8ten H\u00f8yre","distributor_original_site_url":"https:\/\/hoyre.no\/loten","push-errors":false,"_links":{"self":[{"href":"https:\/\/hoyre.no\/loten\/wp-json\/wp\/v2\/pages\/201","targetHints":{"allow":["GET"]}}],"collection":[{"href":"https:\/\/hoyre.no\/loten\/wp-json\/wp\/v2\/pages"}],"about":[{"href":"https:\/\/hoyre.no\/loten\/wp-json\/wp\/v2\/types\/page"}],"author":[{"embeddable":true,"href":"https:\/\/hoyre.no\/loten\/wp-json\/wp\/v2\/users\/27430"}],"replies":[{"embeddable":true,"href":"https:\/\/hoyre.no\/loten\/wp-json\/wp\/v2\/comments?post=201"}],"version-history":[{"count":20,"href":"https:\/\/hoyre.no\/loten\/wp-json\/wp\/v2\/pages\/201\/revisions"}],"predecessor-version":[{"id":256,"href":"https:\/\/hoyre.no\/loten\/wp-json\/wp\/v2\/pages\/201\/revisions\/256"}],"wp:attachment":[{"href":"https:\/\/hoyre.no\/loten\/wp-json\/wp\/v2\/media?parent=201"}],"curies":[{"name":"wp","href":"https:\/\/api.w.org\/{rel}","templated":true}]}}