{"id":21,"date":"2022-08-30T21:13:13","date_gmt":"2022-08-30T19:13:13","guid":{"rendered":"https:\/\/hoyre.no\/nes\/?post_type=teft-events&#038;p=21"},"modified":"2022-09-19T21:13:13","modified_gmt":"2022-09-19T19:13:13","slug":"nominasjonsmote-for-ordforerkandidat","status":"publish","type":"teft-events","link":"https:\/\/hoyre.no\/nes\/arrangementer\/nominasjonsmote-for-ordforerkandidat\/","title":{"rendered":"Nominasjonsm\u00f8te for ordf\u00f8rerkandidat"},"content":{"rendered":"\n<div class=\"wp-block-teft-event-top\">\n\n<div class=\"teft-event-date-top\">\n<div class=\"teft-event-date-wrapper\">\n\t<div class=\"date-square\" aria-hidden=\"true\">\n\t\t29\t\t\t<\/div>\n<\/div>\n\t<div class=\"top-text\">\n\t\t\t\t\t<p class=\"top-date-text\">torsdag 29. september 2022<\/p>\n\t\t\t\t\t\t\t<p class=\"top-time-text\">18:00 &#8211; 19:00<\/p>\n\t\t\t\t\t\t<\/div>\n\t\t<div class=\"sharing\">\n\t\t<a class=\"share-button share-link copy-link\" data-copy=\"https:\/\/hoyre.no\/nes\/arrangementer\/nominasjonsmote-for-ordforerkandidat\/\" target=\"_blank\"><span class=\"screen-reader-text\">Del link<\/span><\/a>\n\t\t<a class=\"share-button share-twitter\" href=\"http:\/\/twitter.com\/share?text=Nominasjonsm\u00f8te for ordf\u00f8rerkandidat&#038;url=https:\/\/hoyre.no\/nes\/arrangementer\/nominasjonsmote-for-ordforerkandidat\/&#038;hashtags=Hoyre\" target=\"_blank\"><span class=\"screen-reader-text\">Del p\u00e5 twitter<\/span><\/a>\n\t\t<a class=\"share-button share-facebook\" href=\"https:\/\/www.facebook.com\/sharer\/sharer.php?u=https:\/\/hoyre.no\/nes\/arrangementer\/nominasjonsmote-for-ordforerkandidat\/\" target=\"_blank\"><span class=\"screen-reader-text\">Del p\u00e5 facebook<\/span><\/a>\n\t<\/div>\n\t<\/div>\n<p class=\"preamble\">Nominasjonsm\u00f8te ordf\u00f8rerkandidat, pr\u00f8venominasjon fylkestingvalget og utsendinger<\/p><figure class=\"hoyre-image-wrapper\"><div class=\"hoyre-image\"><img loading=\"lazy\" decoding=\"async\" width=\"1504\" height=\"1487\" src=\"https:\/\/hoyre.no\/content\/uploads\/sites\/170\/2022\/08\/20220910_213316.jpg\" class=\"attachment-scaled size-scaled\" alt=\"\" style=\"object-position: 50% 50%\" srcset=\"https:\/\/hoyre.no\/content\/uploads\/sites\/170\/2022\/08\/20220910_213316.jpg 1504w, https:\/\/hoyre.no\/content\/uploads\/sites\/170\/2022\/08\/20220910_213316-300x297.jpg 300w, https:\/\/hoyre.no\/content\/uploads\/sites\/170\/2022\/08\/20220910_213316-1024x1012.jpg 1024w, https:\/\/hoyre.no\/content\/uploads\/sites\/170\/2022\/08\/20220910_213316-768x759.jpg 768w\" sizes=\"auto, (max-width: 1504px) 100vw, 1504px\" \/><\/div><\/figure>\n\n<div class=\"panel teft-details-panel\">\n\t\t<h3>Detaljer<\/h3>\n\n\t\t\t\t\t<dl class=\"info-misc-with-icons\">\n\t\t\t\t<dt class=\"venue\"><span class=\"screen-reader-text\">Stedet<\/span><\/dt>\n\t\t\t\t<dd>\n\t\t\t\t\t\t\t\t\t\t\t<span class=\"address-line-1\">Nes r\u00e5dhus<\/span>\n\t\t\t\t\t\t\t\t\t\t\t\t\t\t\t\t<span class=\"address-line-2\">R\u00e5dhusgata 2, \u00c5rnes<\/span>\n\t\t\t\t\t\t\t\t\t<\/dd>\n\t\t\t<\/dl>\n\t\t\t\t\t\t\t<dl class=\"info-misc-with-icons\">\n\t\t<dt class=\"time\"><span class=\"screen-reader-text\">Arrangement dato<\/span><\/dt>\n\t\t<dd class=\"time\">\n\t\t\ttor 29. september 2022 fra  18:00 &#8211; 19:00\t\t<\/dd>\n\t<\/dl>\n\t\t\t\t<\/dl>\n<\/div>\n<\/div>\n\n\n\n\n<h2 class=\"wp-block-heading\">Informasjon<\/h2>\n\n\n\n<p>Nominasjonsm\u00f8te med avstemning p\u00e5 komiteens forslag til ordf\u00f8rerkandidat, pr\u00f8venominasjon for fylkestingvalget og valg av utsendinger til fylkesnominasjonsm\u00f8te i november.<\/p>\n\n\n\n<p>Alle medlemmer av Nes H\u00f8yre er velkomne til \u00e5 bli med p\u00e5 dette m\u00f8tet<\/p>\n\n\n\n<blockquote class=\"wp-block-quote is-layout-flow wp-block-quote-is-layout-flow\"><p>Nominasjonskomiteen i Nes H\u00f8yre fremmer med dette Harald Johansen som ordf\u00f8rerkandidat til kommunevalget 2023. Etter gjentatte samtaler med kandidaten mener vi \u00e5 ha funnet en god kandidat til denne posisjonen, som er godt motivert for oppgaven. Han har tidligere erfaring fra kommunestyret i Nes kommune, v\u00e6rt med i N\u00e6ringsutvalget, representert kommunen i \u00d8RN, samt v\u00e6rt leder av kontrollutvalget. Han har i tillegg hatt en rekke verv i forskjellige lag og foreninger, som viser stort samfunnsengasjement og bred ledererfaring fra yrkeslivet.<\/p><p>Vi oppfatter Harald som en engasjert, tillitsvekkende og strukturert person som vi mener vil v\u00e6re en god kandidat til ordf\u00f8rerollen, og som vil samle Nes H\u00f8yre til et sterkt og tydelig politisk parti i v\u00e5r kommune.<\/p><p>Bildet viser Harald sammen med stortingskandidat og tidligere stortingspresident Tone W Tr\u00f8en.<\/p><\/blockquote>\n\n\n<div class=\"post-meta wp-block\">\n\t<div class=\"top\">\n\t\t<div class=\"sharing\">\n\t\t\t<a class=\"share-button share-link\" target=\"_blank\"><span class=\"screen-reader-text\">Del link<\/span><\/a>\n\t\t\t<a class=\"share-button share-twitter\" href=\"http:\/\/twitter.com\/share?text=Nominasjonsm\u00f8te for ordf\u00f8rerkandidat&#038;url=https:\/\/hoyre.no\/nes\/arrangementer\/nominasjonsmote-for-ordforerkandidat\/&#038;hashtags=Hoyre\"><span class=\"screen-reader-text\">Del p\u00e5 twitter<\/span><\/a>\n\t\t\t<a class=\"share-button share-facebook\" href=\"https:\/\/www.facebook.com\/sharer\/sharer.php?u=https:\/\/hoyre.no\/nes\/arrangementer\/nominasjonsmote-for-ordforerkandidat\/\" target=\"_blank\"><span class=\"screen-reader-text\">Del p\u00e5 facebook<\/span><\/a>\n\t\t<\/div>\n\t<\/div>\n<\/div>\n","protected":false},"template":"","meta":{"teft_cards_image_url":"","teft_cards_custom_pretitle":"","teft_cards_image_id":0,"teft_cards_image_focal_point_x":0,"teft_cards_image_focal_point_y":0,"teft_cards_title":"","teft_cards_excerpt":"","teft_show_chapters":false,"event_organizer":[],"event_start_date":"2022-09-29T18:00:00","event_end_date":"2022-09-29T19:00:00","event_registration_url":"","event_registration_deadline":"","event_ticket_cost":"","event_venue_name":"Nes r\u00e5dhus","event_venue_url":"","event_venue_address":"R\u00e5dhusgata 2, \u00c5rnes"},"teft-events-category":[],"class_list":["post-21","teft-events","type-teft-events","status-publish","hentry"],"yoast_head":"<!-- This site is optimized with the Yoast SEO plugin v26.6 - https:\/\/yoast.com\/wordpress\/plugins\/seo\/ -->\n<title>Nominasjonsm\u00f8te for ordf\u00f8rerkandidat - Nes H\u00f8yre i Akershus<\/title>\n<meta name=\"robots\" content=\"index, follow, max-snippet:-1, max-image-preview:large, max-video-preview:-1\" \/>\n<link rel=\"canonical\" href=\"https:\/\/hoyre.no\/nes\/arrangementer\/nominasjonsmote-for-ordforerkandidat\/\" \/>\n<meta property=\"og:locale\" content=\"nb_NO\" \/>\n<meta property=\"og:type\" content=\"article\" \/>\n<meta property=\"og:title\" content=\"Nominasjonsm\u00f8te for ordf\u00f8rerkandidat - Nes H\u00f8yre i Akershus\" \/>\n<meta property=\"og:url\" content=\"https:\/\/hoyre.no\/nes\/arrangementer\/nominasjonsmote-for-ordforerkandidat\/\" \/>\n<meta property=\"og:site_name\" content=\"Nes H\u00f8yre i Akershus\" \/>\n<meta property=\"article:modified_time\" content=\"2022-09-19T19:13:13+00:00\" \/>\n<meta property=\"og:image\" content=\"https:\/\/hoyre.no\/content\/uploads\/sites\/170\/2022\/11\/Hoyres-logo.png\" \/>\n\t<meta property=\"og:image:width\" content=\"1000\" \/>\n\t<meta property=\"og:image:height\" content=\"1000\" \/>\n\t<meta property=\"og:image:type\" content=\"image\/png\" \/>\n<meta name=\"twitter:card\" content=\"summary_large_image\" \/>\n<meta name=\"twitter:label1\" content=\"Ansl. lesetid\" \/>\n\t<meta name=\"twitter:data1\" content=\"1 minutt\" \/>\n<script type=\"application\/ld+json\" class=\"yoast-schema-graph\">{\"@context\":\"https:\/\/schema.org\",\"@graph\":[{\"@type\":\"WebPage\",\"@id\":\"https:\/\/hoyre.no\/nes\/arrangementer\/nominasjonsmote-for-ordforerkandidat\/\",\"url\":\"https:\/\/hoyre.no\/nes\/arrangementer\/nominasjonsmote-for-ordforerkandidat\/\",\"name\":\"Nominasjonsm\u00f8te for ordf\u00f8rerkandidat - Nes H\u00f8yre i Akershus\",\"isPartOf\":{\"@id\":\"https:\/\/hoyre.no\/nes\/#website\"},\"datePublished\":\"2022-08-30T19:13:13+00:00\",\"dateModified\":\"2022-09-19T19:13:13+00:00\",\"breadcrumb\":{\"@id\":\"https:\/\/hoyre.no\/nes\/arrangementer\/nominasjonsmote-for-ordforerkandidat\/#breadcrumb\"},\"inLanguage\":\"nb-NO\",\"potentialAction\":[{\"@type\":\"ReadAction\",\"target\":[\"https:\/\/hoyre.no\/nes\/arrangementer\/nominasjonsmote-for-ordforerkandidat\/\"]}]},{\"@type\":\"BreadcrumbList\",\"@id\":\"https:\/\/hoyre.no\/nes\/arrangementer\/nominasjonsmote-for-ordforerkandidat\/#breadcrumb\",\"itemListElement\":[{\"@type\":\"ListItem\",\"position\":1,\"name\":\"Til hoyre.no\",\"item\":\"https:\/\/hoyre.no\"},{\"@type\":\"ListItem\",\"position\":2,\"name\":\"Hjem\",\"item\":\"https:\/\/hoyre.no\/nes\/\"},{\"@type\":\"ListItem\",\"position\":3,\"name\":\"Arrangement\",\"item\":\"https:\/\/hoyre.no\/nes\/arrangementer\/\"},{\"@type\":\"ListItem\",\"position\":4,\"name\":\"Nominasjonsm\u00f8te for ordf\u00f8rerkandidat\"}]},{\"@type\":\"WebSite\",\"@id\":\"https:\/\/hoyre.no\/nes\/#website\",\"url\":\"https:\/\/hoyre.no\/nes\/\",\"name\":\"Nes H\u00f8yre i Akershus\",\"description\":\"Bare enda et H\u00f8yres nettsteder-nettsted\",\"inLanguage\":\"nb-NO\"}]}<\/script>\n<!-- \/ Yoast SEO plugin. -->","yoast_head_json":{"title":"Nominasjonsm\u00f8te for ordf\u00f8rerkandidat - Nes H\u00f8yre i Akershus","robots":{"index":"index","follow":"follow","max-snippet":"max-snippet:-1","max-image-preview":"max-image-preview:large","max-video-preview":"max-video-preview:-1"},"canonical":"https:\/\/hoyre.no\/nes\/arrangementer\/nominasjonsmote-for-ordforerkandidat\/","og_locale":"nb_NO","og_type":"article","og_title":"Nominasjonsm\u00f8te for ordf\u00f8rerkandidat - Nes H\u00f8yre i Akershus","og_url":"https:\/\/hoyre.no\/nes\/arrangementer\/nominasjonsmote-for-ordforerkandidat\/","og_site_name":"Nes H\u00f8yre i Akershus","article_modified_time":"2022-09-19T19:13:13+00:00","og_image":[{"width":1000,"height":1000,"url":"https:\/\/hoyre.no\/content\/uploads\/sites\/170\/2022\/11\/Hoyres-logo.png","type":"image\/png"}],"twitter_card":"summary_large_image","twitter_misc":{"Ansl. lesetid":"1 minutt"},"schema":{"@context":"https:\/\/schema.org","@graph":[{"@type":"WebPage","@id":"https:\/\/hoyre.no\/nes\/arrangementer\/nominasjonsmote-for-ordforerkandidat\/","url":"https:\/\/hoyre.no\/nes\/arrangementer\/nominasjonsmote-for-ordforerkandidat\/","name":"Nominasjonsm\u00f8te for ordf\u00f8rerkandidat - Nes H\u00f8yre i Akershus","isPartOf":{"@id":"https:\/\/hoyre.no\/nes\/#website"},"datePublished":"2022-08-30T19:13:13+00:00","dateModified":"2022-09-19T19:13:13+00:00","breadcrumb":{"@id":"https:\/\/hoyre.no\/nes\/arrangementer\/nominasjonsmote-for-ordforerkandidat\/#breadcrumb"},"inLanguage":"nb-NO","potentialAction":[{"@type":"ReadAction","target":["https:\/\/hoyre.no\/nes\/arrangementer\/nominasjonsmote-for-ordforerkandidat\/"]}]},{"@type":"BreadcrumbList","@id":"https:\/\/hoyre.no\/nes\/arrangementer\/nominasjonsmote-for-ordforerkandidat\/#breadcrumb","itemListElement":[{"@type":"ListItem","position":1,"name":"Til hoyre.no","item":"https:\/\/hoyre.no"},{"@type":"ListItem","position":2,"name":"Hjem","item":"https:\/\/hoyre.no\/nes\/"},{"@type":"ListItem","position":3,"name":"Arrangement","item":"https:\/\/hoyre.no\/nes\/arrangementer\/"},{"@type":"ListItem","position":4,"name":"Nominasjonsm\u00f8te for ordf\u00f8rerkandidat"}]},{"@type":"WebSite","@id":"https:\/\/hoyre.no\/nes\/#website","url":"https:\/\/hoyre.no\/nes\/","name":"Nes H\u00f8yre i Akershus","description":"Bare enda et H\u00f8yres nettsteder-nettsted","inLanguage":"nb-NO"}]}},"distributor_meta":false,"distributor_terms":false,"distributor_media":false,"distributor_original_site_name":"Nes H\u00f8yre i Akershus","distributor_original_site_url":"https:\/\/hoyre.no\/nes","push-errors":false,"_links":{"self":[{"href":"https:\/\/hoyre.no\/nes\/wp-json\/wp\/v2\/teft-events\/21","targetHints":{"allow":["GET"]}}],"collection":[{"href":"https:\/\/hoyre.no\/nes\/wp-json\/wp\/v2\/teft-events"}],"about":[{"href":"https:\/\/hoyre.no\/nes\/wp-json\/wp\/v2\/types\/teft-events"}],"wp:attachment":[{"href":"https:\/\/hoyre.no\/nes\/wp-json\/wp\/v2\/media?parent=21"}],"wp:term":[{"taxonomy":"teft-events-category","embeddable":true,"href":"https:\/\/hoyre.no\/nes\/wp-json\/wp\/v2\/teft-events-category?post=21"}],"curies":[{"name":"wp","href":"https:\/\/api.w.org\/{rel}","templated":true}]}}