{"id":247,"date":"2025-02-27T14:01:13","date_gmt":"2025-02-27T13:01:13","guid":{"rendered":"https:\/\/hoyre.no\/nes\/?post_type=teft-events&#038;p=247"},"modified":"2025-02-27T14:01:56","modified_gmt":"2025-02-27T13:01:56","slug":"hoyres-corner","status":"publish","type":"teft-events","link":"https:\/\/hoyre.no\/nes\/arrangementer\/hoyres-corner\/","title":{"rendered":"H\u00f8yres Corner"},"content":{"rendered":"\n<div class=\"wp-block-teft-event-top\">\n\n<div class=\"teft-event-date-top\">\n<div class=\"teft-event-date-wrapper\">\n\t<div class=\"date-square\" aria-hidden=\"true\">\n\t\t19\t\t\t<\/div>\n<\/div>\n\t<div class=\"top-text\">\n\t\t\t\t\t<p class=\"top-date-text\">onsdag 19. mars 2025<\/p>\n\t\t\t\t\t\t\t<p class=\"top-time-text\">19:00 &#8211; 21:00<\/p>\n\t\t\t\t\t\t<\/div>\n\t\t<div class=\"sharing\">\n\t\t<a class=\"share-button share-link copy-link\" data-copy=\"https:\/\/hoyre.no\/nes\/arrangementer\/hoyres-corner\/\" target=\"_blank\"><span class=\"screen-reader-text\">Del link<\/span><\/a>\n\t\t<a class=\"share-button share-twitter\" href=\"http:\/\/twitter.com\/share?text=H\u00f8yres Corner&#038;url=https:\/\/hoyre.no\/nes\/arrangementer\/hoyres-corner\/&#038;hashtags=Hoyre\" target=\"_blank\"><span class=\"screen-reader-text\">Del p\u00e5 twitter<\/span><\/a>\n\t\t<a class=\"share-button share-facebook\" href=\"https:\/\/www.facebook.com\/sharer\/sharer.php?u=https:\/\/hoyre.no\/nes\/arrangementer\/hoyres-corner\/\" target=\"_blank\"><span class=\"screen-reader-text\">Del p\u00e5 facebook<\/span><\/a>\n\t<\/div>\n\t<\/div>\n<p class=\"preamble\">Hei og velkommen!<br>Har du lyst til \u00e5 l\u00e6re mer om lokalpolitikken, eller bli bedre kjent med Nes H\u00f8yre?<br>Bli med p\u00e5 en trivelig og avslappet samling der praten st\u00e5r i fokus! Vi har ingen fast agenda \u2013 dette er en gyllen mulighet til \u00e5 bli kjent, utveksle ideer og diskutere saker som opptar oss alle.<\/p><figure class=\"hoyre-image-wrapper\"><div class=\"hoyre-image\"><img loading=\"lazy\" decoding=\"async\" width=\"2000\" height=\"1500\" src=\"https:\/\/hoyre.no\/content\/uploads\/sites\/170\/2025\/02\/La-Plaza.png\" class=\"attachment-scaled size-scaled\" alt=\"\" style=\"object-position: 50% 50%\" srcset=\"https:\/\/hoyre.no\/content\/uploads\/sites\/170\/2025\/02\/La-Plaza.png 2000w, https:\/\/hoyre.no\/content\/uploads\/sites\/170\/2025\/02\/La-Plaza-300x225.png 300w, https:\/\/hoyre.no\/content\/uploads\/sites\/170\/2025\/02\/La-Plaza-1024x768.png 1024w, https:\/\/hoyre.no\/content\/uploads\/sites\/170\/2025\/02\/La-Plaza-768x576.png 768w, https:\/\/hoyre.no\/content\/uploads\/sites\/170\/2025\/02\/La-Plaza-1536x1152.png 1536w\" sizes=\"auto, (max-width: 2000px) 100vw, 2000px\" \/><\/div><\/figure>\n\n<div class=\"panel teft-details-panel\">\n\t\t<h3>Detaljer<\/h3>\n\n\t\t\t\t\t<dl class=\"info-misc-with-icons\">\n\t\t\t\t<dt class=\"venue\"><span class=\"screen-reader-text\">Stedet<\/span><\/dt>\n\t\t\t\t<dd>\n\t\t\t\t\t\t\t\t\t\t\t<span class=\"address-line-1\">La Plaza, \u00c5rnes <\/span>\n\t\t\t\t\t\t\t\t\t\t\t\t\t\t<\/dd>\n\t\t\t<\/dl>\n\t\t\t\t\t\t\t<dl class=\"info-misc-with-icons\">\n\t\t<dt class=\"time\"><span class=\"screen-reader-text\">Arrangement dato<\/span><\/dt>\n\t\t<dd class=\"time\">\n\t\t\tons 19. mars 2025 fra  19:00 &#8211; 21:00\t\t<\/dd>\n\t<\/dl>\n\t\t\t\t<\/dl>\n<\/div>\n<\/div>\n\n\n\n\n<h2 class=\"wp-block-heading\" id=\"h-informasjon\">Informasjon<\/h2>\n\n\n\n<p>En ny m\u00f8teplass for Nes H\u00f8yres medlemmer og for de som er nysgjerrig p\u00e5 H\u00f8yres politikk, og kanskje \u00f8nsker \u00e5 engasjere seg mer lokalt. Er du medlem, s\u00e5 ta gjerne med en venn, samboer\/ektefelle. Vi har booket bord p\u00e5 restaurant La Plaza, midt i \u00c5rnes sentrum. Ingen spiseplikt. <br>Foto: La Plaza<\/p>\n\n\n<div class=\"post-meta wp-block\">\n\t<div class=\"top\">\n\t\t<div class=\"sharing\">\n\t\t\t<a class=\"share-button share-link\" target=\"_blank\"><span class=\"screen-reader-text\">Del link<\/span><\/a>\n\t\t\t<a class=\"share-button share-twitter\" href=\"http:\/\/twitter.com\/share?text=H\u00f8yres Corner&#038;url=https:\/\/hoyre.no\/nes\/arrangementer\/hoyres-corner\/&#038;hashtags=Hoyre\"><span class=\"screen-reader-text\">Del p\u00e5 twitter<\/span><\/a>\n\t\t\t<a class=\"share-button share-facebook\" href=\"https:\/\/www.facebook.com\/sharer\/sharer.php?u=https:\/\/hoyre.no\/nes\/arrangementer\/hoyres-corner\/\" target=\"_blank\"><span class=\"screen-reader-text\">Del p\u00e5 facebook<\/span><\/a>\n\t\t<\/div>\n\t<\/div>\n<\/div>\n","protected":false},"template":"","meta":{"teft_cards_image_url":"","teft_cards_custom_pretitle":"","teft_cards_image_id":246,"teft_cards_image_focal_point_x":0.5,"teft_cards_image_focal_point_y":0.5,"teft_cards_title":"","teft_cards_excerpt":"","teft_show_chapters":false,"event_organizer":[],"event_start_date":"2025-03-19T19:00:00","event_end_date":"2025-03-19T21:00:00","event_registration_url":"","event_registration_deadline":"","event_ticket_cost":"","event_venue_name":"La Plaza, \u00c5rnes ","event_venue_url":"","event_venue_address":""},"teft-events-category":[],"class_list":["post-247","teft-events","type-teft-events","status-publish","hentry"],"yoast_head":"<!-- This site is optimized with the Yoast SEO plugin v26.6 - https:\/\/yoast.com\/wordpress\/plugins\/seo\/ -->\n<title>H\u00f8yres Corner - Nes H\u00f8yre i Akershus<\/title>\n<meta name=\"robots\" content=\"index, follow, max-snippet:-1, max-image-preview:large, max-video-preview:-1\" \/>\n<link rel=\"canonical\" href=\"https:\/\/hoyre.no\/nes\/arrangementer\/hoyres-corner\/\" \/>\n<meta property=\"og:locale\" content=\"nb_NO\" \/>\n<meta property=\"og:type\" content=\"article\" \/>\n<meta property=\"og:title\" content=\"H\u00f8yres Corner - Nes H\u00f8yre i Akershus\" \/>\n<meta property=\"og:url\" content=\"https:\/\/hoyre.no\/nes\/arrangementer\/hoyres-corner\/\" \/>\n<meta property=\"og:site_name\" content=\"Nes H\u00f8yre i Akershus\" \/>\n<meta property=\"article:modified_time\" content=\"2025-02-27T13:01:56+00:00\" \/>\n<meta property=\"og:image\" content=\"https:\/\/hoyre.no\/content\/uploads\/sites\/170\/2025\/02\/La-Plaza-1024x768.png\" \/>\n<meta name=\"twitter:card\" content=\"summary_large_image\" \/>\n<meta name=\"twitter:label1\" content=\"Ansl. lesetid\" \/>\n\t<meta name=\"twitter:data1\" content=\"1 minutt\" \/>\n<script type=\"application\/ld+json\" class=\"yoast-schema-graph\">{\"@context\":\"https:\/\/schema.org\",\"@graph\":[{\"@type\":\"WebPage\",\"@id\":\"https:\/\/hoyre.no\/nes\/arrangementer\/hoyres-corner\/\",\"url\":\"https:\/\/hoyre.no\/nes\/arrangementer\/hoyres-corner\/\",\"name\":\"H\u00f8yres Corner - Nes H\u00f8yre i Akershus\",\"isPartOf\":{\"@id\":\"https:\/\/hoyre.no\/nes\/#website\"},\"datePublished\":\"2025-02-27T13:01:13+00:00\",\"dateModified\":\"2025-02-27T13:01:56+00:00\",\"breadcrumb\":{\"@id\":\"https:\/\/hoyre.no\/nes\/arrangementer\/hoyres-corner\/#breadcrumb\"},\"inLanguage\":\"nb-NO\",\"potentialAction\":[{\"@type\":\"ReadAction\",\"target\":[\"https:\/\/hoyre.no\/nes\/arrangementer\/hoyres-corner\/\"]}]},{\"@type\":\"BreadcrumbList\",\"@id\":\"https:\/\/hoyre.no\/nes\/arrangementer\/hoyres-corner\/#breadcrumb\",\"itemListElement\":[{\"@type\":\"ListItem\",\"position\":1,\"name\":\"Til hoyre.no\",\"item\":\"https:\/\/hoyre.no\"},{\"@type\":\"ListItem\",\"position\":2,\"name\":\"Hjem\",\"item\":\"https:\/\/hoyre.no\/nes\/\"},{\"@type\":\"ListItem\",\"position\":3,\"name\":\"Arrangement\",\"item\":\"https:\/\/hoyre.no\/nes\/arrangementer\/\"},{\"@type\":\"ListItem\",\"position\":4,\"name\":\"H\u00f8yres Corner\"}]},{\"@type\":\"WebSite\",\"@id\":\"https:\/\/hoyre.no\/nes\/#website\",\"url\":\"https:\/\/hoyre.no\/nes\/\",\"name\":\"Nes H\u00f8yre i Akershus\",\"description\":\"Bare enda et H\u00f8yres nettsteder-nettsted\",\"inLanguage\":\"nb-NO\"}]}<\/script>\n<!-- \/ Yoast SEO plugin. -->","yoast_head_json":{"title":"H\u00f8yres Corner - Nes H\u00f8yre i Akershus","robots":{"index":"index","follow":"follow","max-snippet":"max-snippet:-1","max-image-preview":"max-image-preview:large","max-video-preview":"max-video-preview:-1"},"canonical":"https:\/\/hoyre.no\/nes\/arrangementer\/hoyres-corner\/","og_locale":"nb_NO","og_type":"article","og_title":"H\u00f8yres Corner - Nes H\u00f8yre i Akershus","og_url":"https:\/\/hoyre.no\/nes\/arrangementer\/hoyres-corner\/","og_site_name":"Nes H\u00f8yre i Akershus","article_modified_time":"2025-02-27T13:01:56+00:00","og_image":[{"url":"https:\/\/hoyre.no\/content\/uploads\/sites\/170\/2025\/02\/La-Plaza-1024x768.png","width":"","height":"","type":""}],"twitter_card":"summary_large_image","twitter_misc":{"Ansl. lesetid":"1 minutt"},"schema":{"@context":"https:\/\/schema.org","@graph":[{"@type":"WebPage","@id":"https:\/\/hoyre.no\/nes\/arrangementer\/hoyres-corner\/","url":"https:\/\/hoyre.no\/nes\/arrangementer\/hoyres-corner\/","name":"H\u00f8yres Corner - Nes H\u00f8yre i Akershus","isPartOf":{"@id":"https:\/\/hoyre.no\/nes\/#website"},"datePublished":"2025-02-27T13:01:13+00:00","dateModified":"2025-02-27T13:01:56+00:00","breadcrumb":{"@id":"https:\/\/hoyre.no\/nes\/arrangementer\/hoyres-corner\/#breadcrumb"},"inLanguage":"nb-NO","potentialAction":[{"@type":"ReadAction","target":["https:\/\/hoyre.no\/nes\/arrangementer\/hoyres-corner\/"]}]},{"@type":"BreadcrumbList","@id":"https:\/\/hoyre.no\/nes\/arrangementer\/hoyres-corner\/#breadcrumb","itemListElement":[{"@type":"ListItem","position":1,"name":"Til hoyre.no","item":"https:\/\/hoyre.no"},{"@type":"ListItem","position":2,"name":"Hjem","item":"https:\/\/hoyre.no\/nes\/"},{"@type":"ListItem","position":3,"name":"Arrangement","item":"https:\/\/hoyre.no\/nes\/arrangementer\/"},{"@type":"ListItem","position":4,"name":"H\u00f8yres Corner"}]},{"@type":"WebSite","@id":"https:\/\/hoyre.no\/nes\/#website","url":"https:\/\/hoyre.no\/nes\/","name":"Nes H\u00f8yre i Akershus","description":"Bare enda et H\u00f8yres nettsteder-nettsted","inLanguage":"nb-NO"}]}},"distributor_meta":false,"distributor_terms":false,"distributor_media":false,"distributor_original_site_name":"Nes H\u00f8yre i Akershus","distributor_original_site_url":"https:\/\/hoyre.no\/nes","push-errors":false,"_links":{"self":[{"href":"https:\/\/hoyre.no\/nes\/wp-json\/wp\/v2\/teft-events\/247","targetHints":{"allow":["GET"]}}],"collection":[{"href":"https:\/\/hoyre.no\/nes\/wp-json\/wp\/v2\/teft-events"}],"about":[{"href":"https:\/\/hoyre.no\/nes\/wp-json\/wp\/v2\/types\/teft-events"}],"wp:attachment":[{"href":"https:\/\/hoyre.no\/nes\/wp-json\/wp\/v2\/media?parent=247"}],"wp:term":[{"taxonomy":"teft-events-category","embeddable":true,"href":"https:\/\/hoyre.no\/nes\/wp-json\/wp\/v2\/teft-events-category?post=247"}],"curies":[{"name":"wp","href":"https:\/\/api.w.org\/{rel}","templated":true}]}}