{"id":258,"date":"2025-03-14T11:26:04","date_gmt":"2025-03-14T10:26:04","guid":{"rendered":"https:\/\/hoyre.no\/nes\/?post_type=teft-events&#038;p=258"},"modified":"2025-03-14T11:27:34","modified_gmt":"2025-03-14T10:27:34","slug":"kick-off-valgkamp-2025","status":"publish","type":"teft-events","link":"https:\/\/hoyre.no\/nes\/arrangementer\/kick-off-valgkamp-2025\/","title":{"rendered":"Kick-off valgkamp 2025"},"content":{"rendered":"\n<div class=\"wp-block-teft-event-top\">\n\n<div class=\"teft-event-date-top\">\n<div class=\"teft-event-date-wrapper\">\n\t<div class=\"date-square\" aria-hidden=\"true\">\n\t\t29\t\t\t<\/div>\n<\/div>\n\t<div class=\"top-text\">\n\t\t\t\t\t<p class=\"top-date-text\">l\u00f8rdag 29. mars 2025<\/p>\n\t\t\t\t\t\t\t<p class=\"top-time-text\">11:00 &#8211; 15:00<\/p>\n\t\t\t\t\t\t<\/div>\n\t\t<div class=\"sharing\">\n\t\t<a class=\"share-button share-link copy-link\" data-copy=\"https:\/\/hoyre.no\/nes\/arrangementer\/kick-off-valgkamp-2025\/\" target=\"_blank\"><span class=\"screen-reader-text\">Del link<\/span><\/a>\n\t\t<a class=\"share-button share-twitter\" href=\"http:\/\/twitter.com\/share?text=Kick-off valgkamp 2025&#038;url=https:\/\/hoyre.no\/nes\/arrangementer\/kick-off-valgkamp-2025\/&#038;hashtags=Hoyre\" target=\"_blank\"><span class=\"screen-reader-text\">Del p\u00e5 twitter<\/span><\/a>\n\t\t<a class=\"share-button share-facebook\" href=\"https:\/\/www.facebook.com\/sharer\/sharer.php?u=https:\/\/hoyre.no\/nes\/arrangementer\/kick-off-valgkamp-2025\/\" target=\"_blank\"><span class=\"screen-reader-text\">Del p\u00e5 facebook<\/span><\/a>\n\t<\/div>\n\t<\/div>\n<p class=\"preamble\">Vi n\u00e6rmer oss en viktig valgkamp, og vi \u00f8nsker \u00e5 starte den p\u00e5 best mulig m\u00e5te \u2013 sammen med deg! <\/p><figure class=\"hoyre-image-wrapper\"><div class=\"hoyre-image\"><img loading=\"lazy\" decoding=\"async\" width=\"960\" height=\"720\" src=\"https:\/\/hoyre.no\/content\/uploads\/sites\/170\/2025\/03\/Valgkamp-togaksjon.jpg\" class=\"attachment-scaled size-scaled\" alt=\"\" style=\"object-position: 50% 50%\" srcset=\"https:\/\/hoyre.no\/content\/uploads\/sites\/170\/2025\/03\/Valgkamp-togaksjon.jpg 960w, https:\/\/hoyre.no\/content\/uploads\/sites\/170\/2025\/03\/Valgkamp-togaksjon-300x225.jpg 300w, https:\/\/hoyre.no\/content\/uploads\/sites\/170\/2025\/03\/Valgkamp-togaksjon-768x576.jpg 768w\" sizes=\"auto, (max-width: 960px) 100vw, 960px\" \/><\/div><\/figure>\n\n<div class=\"wp-block wp-block-teft-event-registration-button\">\n\t<div class=\"registration-button-wrapper\">\n\t\t\t<a href=\"https:\/\/www.facebook.com\/events\/1203763501264245\/?acontext=%7B%22event_action_history%22%3A[%7B%22extra_data%22%3A%22%22%2C%22mechanism%22%3A%22unknown%22%2C%22surface%22%3A%22user_timeline%22%7D%2C%7B%22extra_data%22%3A%22%22%2C%22mechanism%22%3A%22events_section_for_community_additional_profile%22%2C%22surface%22%3A%22community_additional_profile%22%7D%2C%7B%22extra_data%22%3A%22%22%2C%22mechanism%22%3A%22surface%22%2C%22surface%22%3A%22create_dialog%22%7D]%2C%22ref_notif_type%22%3Anull%7D&amp;onload_action=open_invite_flow&amp;show_created_event_toast=true\" class=\"wp-block-button__link\">Meld deg p\u00e5 her<\/a>\n\t\t\t\t\n\t<\/div>\n<\/div>\n\n<div class=\"panel teft-details-panel\">\n\t\t<h3>Detaljer<\/h3>\n\n\t\t\t\t\t<dl class=\"info-misc-with-icons\">\n\t\t\t\t<dt class=\"venue\"><span class=\"screen-reader-text\">Stedet<\/span><\/dt>\n\t\t\t\t<dd>\n\t\t\t\t\t\t\t\t\t\t\t<span class=\"address-line-1\">Kommunestyresalen, Nes r\u00e5dhus<\/span>\n\t\t\t\t\t\t\t\t\t\t\t\t\t\t<\/dd>\n\t\t\t<\/dl>\n\t\t\t\t\t\t\t<dl class=\"info-misc-with-icons\">\n\t\t<dt class=\"time\"><span class=\"screen-reader-text\">Arrangement dato<\/span><\/dt>\n\t\t<dd class=\"time\">\n\t\t\tl\u00f8r 29. mars 2025 fra  11:00 &#8211; 15:00\t\t<\/dd>\n\t<\/dl>\n\t\t\t\t\t\t<dl class=\"info-misc-with-icons\">\n\t\t<dt class=\"registration\"><span class=\"screen-reader-text\">P\u00e5meldingsdetajer<\/span><\/dt>\n\t\t<dd class=\"registration\">\n\t\t\tGratis\t\t\t\t\t\t\t<a href=\"https:\/\/www.facebook.com\/events\/1203763501264245\/?acontext=%7B%22event_action_history%22%3A%5B%7B%22extra_data%22%3A%22%22%2C%22mechanism%22%3A%22unknown%22%2C%22surface%22%3A%22user_timeline%22%7D%2C%7B%22extra_data%22%3A%22%22%2C%22mechanism%22%3A%22events_section_for_community_additional_profile%22%2C%22surface%22%3A%22community_additional_profile%22%7D%2C%7B%22extra_data%22%3A%22%22%2C%22mechanism%22%3A%22surface%22%2C%22surface%22%3A%22create_dialog%22%7D%5D%2C%22ref_notif_type%22%3Anull%7D&#038;onload_action=open_invite_flow&#038;show_created_event_toast=true\">Registrer<\/a>\n\t\t\t\t\t<\/dd>\n\t<\/dl>\n\t\t<\/dl>\n<\/div>\n<\/div>\n\n\n\n\n<h2 class=\"wp-block-heading\" id=\"h-informasjon\">Informasjon<\/h2>\n\n\n\n<p>Valgkamp er g\u00f8y &#8211; velkommen til kick-off for valgkampen 2025.<\/p>\n\n\n\n<p>Denne dagen blir en flott mulighet til \u00e5 m\u00f8te andre engasjerte medlemmer og f\u00e5 et innblikk i strategien for v\u00e5ren og h\u00f8stens valgkamp. Vi skal motivere hverandre, dele gode argumenter og gj\u00f8re oss klare til \u00e5 m\u00f8te velgerne.<\/p>\n\n\n\n<p>Vi trenger <strong>alle gode krefter<\/strong> med p\u00e5 laget \u2013 enten du har v\u00e6rt aktiv i mange \u00e5r eller er ny i politikken. Ditt engasjement utgj\u00f8r en forskjell!<br>Det blir ogs\u00e5 mat og drikke underveis. <\/p>\n\n\n<div class=\"post-meta wp-block\">\n\t<div class=\"top\">\n\t\t<div class=\"sharing\">\n\t\t\t<a class=\"share-button share-link\" target=\"_blank\"><span class=\"screen-reader-text\">Del link<\/span><\/a>\n\t\t\t<a class=\"share-button share-twitter\" href=\"http:\/\/twitter.com\/share?text=Kick-off valgkamp 2025&#038;url=https:\/\/hoyre.no\/nes\/arrangementer\/kick-off-valgkamp-2025\/&#038;hashtags=Hoyre\"><span class=\"screen-reader-text\">Del p\u00e5 twitter<\/span><\/a>\n\t\t\t<a class=\"share-button share-facebook\" href=\"https:\/\/www.facebook.com\/sharer\/sharer.php?u=https:\/\/hoyre.no\/nes\/arrangementer\/kick-off-valgkamp-2025\/\" target=\"_blank\"><span class=\"screen-reader-text\">Del p\u00e5 facebook<\/span><\/a>\n\t\t<\/div>\n\t<\/div>\n<\/div>\n","protected":false},"template":"","meta":{"teft_cards_image_url":"","teft_cards_custom_pretitle":"","teft_cards_image_id":257,"teft_cards_image_focal_point_x":0.5,"teft_cards_image_focal_point_y":0.5,"teft_cards_title":"","teft_cards_excerpt":"","teft_show_chapters":false,"event_organizer":[],"event_start_date":"2025-03-29T11:00:00","event_end_date":"2025-03-29T15:00:00","event_registration_url":"https:\/\/www.facebook.com\/events\/1203763501264245\/?acontext=%7B%22event_action_history%22%3A[%7B%22extra_data%22%3A%22%22%2C%22mechanism%22%3A%22unknown%22%2C%22surface%22%3A%22user_timeline%22%7D%2C%7B%22extra_data%22%3A%22%22%2C%22mechanism%22%3A%22events_section_for_community_additional_profile%22%2C%22surface%22%3A%22community_additional_profile%22%7D%2C%7B%22extra_data%22%3A%22%22%2C%22mechanism%22%3A%22surface%22%2C%22surface%22%3A%22create_dialog%22%7D]%2C%22ref_notif_type%22%3Anull%7D&onload_action=open_invite_flow&show_created_event_toast=true","event_registration_deadline":"","event_ticket_cost":"Gratis","event_venue_name":"Kommunestyresalen, Nes r\u00e5dhus","event_venue_url":"","event_venue_address":""},"teft-events-category":[],"class_list":["post-258","teft-events","type-teft-events","status-publish","hentry"],"yoast_head":"<!-- This site is optimized with the Yoast SEO plugin v26.6 - https:\/\/yoast.com\/wordpress\/plugins\/seo\/ -->\n<title>Kick-off valgkamp 2025 - Nes H\u00f8yre i Akershus<\/title>\n<meta name=\"robots\" content=\"index, follow, max-snippet:-1, max-image-preview:large, max-video-preview:-1\" \/>\n<link rel=\"canonical\" href=\"https:\/\/hoyre.no\/nes\/arrangementer\/kick-off-valgkamp-2025\/\" \/>\n<meta property=\"og:locale\" content=\"nb_NO\" \/>\n<meta property=\"og:type\" content=\"article\" \/>\n<meta property=\"og:title\" content=\"Kick-off valgkamp 2025 - Nes H\u00f8yre i Akershus\" \/>\n<meta property=\"og:url\" content=\"https:\/\/hoyre.no\/nes\/arrangementer\/kick-off-valgkamp-2025\/\" \/>\n<meta property=\"og:site_name\" content=\"Nes H\u00f8yre i Akershus\" \/>\n<meta property=\"article:modified_time\" content=\"2025-03-14T10:27:34+00:00\" \/>\n<meta property=\"og:image\" content=\"https:\/\/hoyre.no\/content\/uploads\/sites\/170\/2025\/03\/Valgkamp-togaksjon.jpg\" \/>\n<meta name=\"twitter:card\" content=\"summary_large_image\" \/>\n<meta name=\"twitter:label1\" content=\"Ansl. lesetid\" \/>\n\t<meta name=\"twitter:data1\" content=\"1 minutt\" \/>\n<script type=\"application\/ld+json\" class=\"yoast-schema-graph\">{\"@context\":\"https:\/\/schema.org\",\"@graph\":[{\"@type\":\"WebPage\",\"@id\":\"https:\/\/hoyre.no\/nes\/arrangementer\/kick-off-valgkamp-2025\/\",\"url\":\"https:\/\/hoyre.no\/nes\/arrangementer\/kick-off-valgkamp-2025\/\",\"name\":\"Kick-off valgkamp 2025 - Nes H\u00f8yre i Akershus\",\"isPartOf\":{\"@id\":\"https:\/\/hoyre.no\/nes\/#website\"},\"datePublished\":\"2025-03-14T10:26:04+00:00\",\"dateModified\":\"2025-03-14T10:27:34+00:00\",\"breadcrumb\":{\"@id\":\"https:\/\/hoyre.no\/nes\/arrangementer\/kick-off-valgkamp-2025\/#breadcrumb\"},\"inLanguage\":\"nb-NO\",\"potentialAction\":[{\"@type\":\"ReadAction\",\"target\":[\"https:\/\/hoyre.no\/nes\/arrangementer\/kick-off-valgkamp-2025\/\"]}]},{\"@type\":\"BreadcrumbList\",\"@id\":\"https:\/\/hoyre.no\/nes\/arrangementer\/kick-off-valgkamp-2025\/#breadcrumb\",\"itemListElement\":[{\"@type\":\"ListItem\",\"position\":1,\"name\":\"Til hoyre.no\",\"item\":\"https:\/\/hoyre.no\"},{\"@type\":\"ListItem\",\"position\":2,\"name\":\"Hjem\",\"item\":\"https:\/\/hoyre.no\/nes\/\"},{\"@type\":\"ListItem\",\"position\":3,\"name\":\"Arrangement\",\"item\":\"https:\/\/hoyre.no\/nes\/arrangementer\/\"},{\"@type\":\"ListItem\",\"position\":4,\"name\":\"Kick-off valgkamp 2025\"}]},{\"@type\":\"WebSite\",\"@id\":\"https:\/\/hoyre.no\/nes\/#website\",\"url\":\"https:\/\/hoyre.no\/nes\/\",\"name\":\"Nes H\u00f8yre i Akershus\",\"description\":\"Bare enda et H\u00f8yres nettsteder-nettsted\",\"inLanguage\":\"nb-NO\"}]}<\/script>\n<!-- \/ Yoast SEO plugin. -->","yoast_head_json":{"title":"Kick-off valgkamp 2025 - Nes H\u00f8yre i Akershus","robots":{"index":"index","follow":"follow","max-snippet":"max-snippet:-1","max-image-preview":"max-image-preview:large","max-video-preview":"max-video-preview:-1"},"canonical":"https:\/\/hoyre.no\/nes\/arrangementer\/kick-off-valgkamp-2025\/","og_locale":"nb_NO","og_type":"article","og_title":"Kick-off valgkamp 2025 - Nes H\u00f8yre i Akershus","og_url":"https:\/\/hoyre.no\/nes\/arrangementer\/kick-off-valgkamp-2025\/","og_site_name":"Nes H\u00f8yre i Akershus","article_modified_time":"2025-03-14T10:27:34+00:00","og_image":[{"url":"https:\/\/hoyre.no\/content\/uploads\/sites\/170\/2025\/03\/Valgkamp-togaksjon.jpg","width":"","height":"","type":""}],"twitter_card":"summary_large_image","twitter_misc":{"Ansl. lesetid":"1 minutt"},"schema":{"@context":"https:\/\/schema.org","@graph":[{"@type":"WebPage","@id":"https:\/\/hoyre.no\/nes\/arrangementer\/kick-off-valgkamp-2025\/","url":"https:\/\/hoyre.no\/nes\/arrangementer\/kick-off-valgkamp-2025\/","name":"Kick-off valgkamp 2025 - Nes H\u00f8yre i Akershus","isPartOf":{"@id":"https:\/\/hoyre.no\/nes\/#website"},"datePublished":"2025-03-14T10:26:04+00:00","dateModified":"2025-03-14T10:27:34+00:00","breadcrumb":{"@id":"https:\/\/hoyre.no\/nes\/arrangementer\/kick-off-valgkamp-2025\/#breadcrumb"},"inLanguage":"nb-NO","potentialAction":[{"@type":"ReadAction","target":["https:\/\/hoyre.no\/nes\/arrangementer\/kick-off-valgkamp-2025\/"]}]},{"@type":"BreadcrumbList","@id":"https:\/\/hoyre.no\/nes\/arrangementer\/kick-off-valgkamp-2025\/#breadcrumb","itemListElement":[{"@type":"ListItem","position":1,"name":"Til hoyre.no","item":"https:\/\/hoyre.no"},{"@type":"ListItem","position":2,"name":"Hjem","item":"https:\/\/hoyre.no\/nes\/"},{"@type":"ListItem","position":3,"name":"Arrangement","item":"https:\/\/hoyre.no\/nes\/arrangementer\/"},{"@type":"ListItem","position":4,"name":"Kick-off valgkamp 2025"}]},{"@type":"WebSite","@id":"https:\/\/hoyre.no\/nes\/#website","url":"https:\/\/hoyre.no\/nes\/","name":"Nes H\u00f8yre i Akershus","description":"Bare enda et H\u00f8yres nettsteder-nettsted","inLanguage":"nb-NO"}]}},"distributor_meta":false,"distributor_terms":false,"distributor_media":false,"distributor_original_site_name":"Nes H\u00f8yre i Akershus","distributor_original_site_url":"https:\/\/hoyre.no\/nes","push-errors":false,"_links":{"self":[{"href":"https:\/\/hoyre.no\/nes\/wp-json\/wp\/v2\/teft-events\/258","targetHints":{"allow":["GET"]}}],"collection":[{"href":"https:\/\/hoyre.no\/nes\/wp-json\/wp\/v2\/teft-events"}],"about":[{"href":"https:\/\/hoyre.no\/nes\/wp-json\/wp\/v2\/types\/teft-events"}],"wp:attachment":[{"href":"https:\/\/hoyre.no\/nes\/wp-json\/wp\/v2\/media?parent=258"}],"wp:term":[{"taxonomy":"teft-events-category","embeddable":true,"href":"https:\/\/hoyre.no\/nes\/wp-json\/wp\/v2\/teft-events-category?post=258"}],"curies":[{"name":"wp","href":"https:\/\/api.w.org\/{rel}","templated":true}]}}