{"id":260,"date":"2025-03-17T17:30:15","date_gmt":"2025-03-17T16:30:15","guid":{"rendered":"https:\/\/hoyre.no\/nes\/?post_type=teft-events&#038;p=260"},"modified":"2025-04-16T13:09:17","modified_gmt":"2025-04-16T11:09:17","slug":"omvisning-pa-stortinget-og-hoyres-hus","status":"publish","type":"teft-events","link":"https:\/\/hoyre.no\/nes\/arrangementer\/omvisning-pa-stortinget-og-hoyres-hus\/","title":{"rendered":"Omvisning p\u00e5 Stortinget og Oslo r\u00e5dhus"},"content":{"rendered":"\n<div class=\"wp-block-teft-event-top\">\n\n<div class=\"teft-event-date-top\">\n<div class=\"teft-event-date-wrapper\">\n\t<div class=\"date-square\" aria-hidden=\"true\">\n\t\t26\t\t\t<\/div>\n<\/div>\n\t<div class=\"top-text\">\n\t\t\t\t\t<p class=\"top-date-text\">l\u00f8rdag 26. april 2025<\/p>\n\t\t\t\t\t\t\t<p class=\"top-time-text\">11:00 &#8211; 18:00<\/p>\n\t\t\t\t\t\t<\/div>\n\t\t<div class=\"sharing\">\n\t\t<a class=\"share-button share-link copy-link\" data-copy=\"https:\/\/hoyre.no\/nes\/arrangementer\/omvisning-pa-stortinget-og-hoyres-hus\/\" target=\"_blank\"><span class=\"screen-reader-text\">Del link<\/span><\/a>\n\t\t<a class=\"share-button share-twitter\" href=\"http:\/\/twitter.com\/share?text=Omvisning p\u00e5 Stortinget og Oslo r\u00e5dhus&#038;url=https:\/\/hoyre.no\/nes\/arrangementer\/omvisning-pa-stortinget-og-hoyres-hus\/&#038;hashtags=Hoyre\" target=\"_blank\"><span class=\"screen-reader-text\">Del p\u00e5 twitter<\/span><\/a>\n\t\t<a class=\"share-button share-facebook\" href=\"https:\/\/www.facebook.com\/sharer\/sharer.php?u=https:\/\/hoyre.no\/nes\/arrangementer\/omvisning-pa-stortinget-og-hoyres-hus\/\" target=\"_blank\"><span class=\"screen-reader-text\">Del p\u00e5 facebook<\/span><\/a>\n\t<\/div>\n\t<\/div>\n<p class=\"preamble\">Ullensaker, Eidsvold og Nes H\u00f8yre inviterer alle v\u00e5re medlemmer p\u00e5 \u00d8vre Romerike til en spennende og innholdsrik medlemstur til Stortinget og Oslo R\u00e5dhus. Dette inkluderer ogs\u00e5 medlemmer fra Nannestad, Gjerdrum og Hurdal H\u00f8yre.\u00a0<\/p><figure class=\"hoyre-image-wrapper\"><div class=\"hoyre-image\"><img loading=\"lazy\" decoding=\"async\" width=\"2048\" height=\"1365\" src=\"https:\/\/hoyre.no\/content\/uploads\/sites\/170\/2025\/03\/sandro-kradolfer-NIR3zebaLgg-unsplash-2048x1365-1.jpg\" class=\"attachment-scaled size-scaled\" alt=\"\" style=\"object-position: 50% 50%\" srcset=\"https:\/\/hoyre.no\/content\/uploads\/sites\/170\/2025\/03\/sandro-kradolfer-NIR3zebaLgg-unsplash-2048x1365-1.jpg 2048w, https:\/\/hoyre.no\/content\/uploads\/sites\/170\/2025\/03\/sandro-kradolfer-NIR3zebaLgg-unsplash-2048x1365-1-300x200.jpg 300w, https:\/\/hoyre.no\/content\/uploads\/sites\/170\/2025\/03\/sandro-kradolfer-NIR3zebaLgg-unsplash-2048x1365-1-1024x683.jpg 1024w, https:\/\/hoyre.no\/content\/uploads\/sites\/170\/2025\/03\/sandro-kradolfer-NIR3zebaLgg-unsplash-2048x1365-1-768x512.jpg 768w, https:\/\/hoyre.no\/content\/uploads\/sites\/170\/2025\/03\/sandro-kradolfer-NIR3zebaLgg-unsplash-2048x1365-1-1536x1024.jpg 1536w\" sizes=\"auto, (max-width: 2048px) 100vw, 2048px\" \/><\/div><\/figure>\n\n<div class=\"wp-block wp-block-teft-event-registration-button\">\n\t<div class=\"registration-button-wrapper\">\n\t\t\t<a href=\"https:\/\/ui.ungapped.io\/Events\/426253d4-c4fe-4e91-8a61-627cfa16c9a9\" class=\"wp-block-button__link\">Meld deg p\u00e5 her<\/a>\n\t\t\t\t\n\t<\/div>\n<\/div>\n\n<div class=\"panel teft-details-panel\">\n\t\t<h3>Detaljer<\/h3>\n\n\t\t\t\t\t<dl class=\"info-misc-with-icons\">\n\t\t\t\t<dt class=\"venue\"><span class=\"screen-reader-text\">Stedet<\/span><\/dt>\n\t\t\t\t<dd>\n\t\t\t\t\t\t\t\t\t\t\t<span class=\"address-line-1\">Stortinget\/Oslo r\u00e5dhus<\/span>\n\t\t\t\t\t\t\t\t\t\t\t\t\t\t<\/dd>\n\t\t\t<\/dl>\n\t\t\t\t\t\t\t<dl class=\"info-misc-with-icons\">\n\t\t<dt class=\"time\"><span class=\"screen-reader-text\">Arrangement dato<\/span><\/dt>\n\t\t<dd class=\"time\">\n\t\t\tl\u00f8r 26. april 2025 fra  11:00 &#8211; 18:00\t\t<\/dd>\n\t<\/dl>\n\t\t\t\t\t\t<dl class=\"info-misc-with-icons\">\n\t\t<dt class=\"registration\"><span class=\"screen-reader-text\">P\u00e5meldingsdetajer<\/span><\/dt>\n\t\t<dd class=\"registration\">\n\t\t\t\t\t\t\t\t\t\t<a href=\"https:\/\/ui.ungapped.io\/Events\/426253d4-c4fe-4e91-8a61-627cfa16c9a9\">Registrer<\/a>\n\t\t\t\t\t<\/dd>\n\t<\/dl>\n\t\t<\/dl>\n<\/div>\n<\/div>\n\n\n\n\n<h2 class=\"wp-block-heading\" id=\"h-informasjon\">Informasjon<br><\/h2>\n\n\n\n<p>Ullensaker, Eidsvold og Nes H\u00f8yre inviterer alle v\u00e5re medlemmer p\u00e5 \u00d8vre Romerike til en spennende og innholdsrik medlemstur til Stortinget og Oslo R\u00e5dhus. Dette inkluderer ogs\u00e5 medlemmer fra Nannestad, Gjerdrum og Hurdal H\u00f8yre.&nbsp;<\/p>\n\n\n\n<p>F\u00f8rste mann til m\u00f8lla og max 60 stk. Tone Tr\u00f8en og Turid Kristiansen blir med oss p\u00e5 Stortinget. 1 time omvisning og 1 time til orientering. Vandrer s\u00e5 derfra til Oslo R\u00e5dhus hvor vi vil bli m\u00f8tt av representanter fra H\u00f8yre som holder en omvisning for oss.<\/p>\n\n\n\n<p>Merk at det er begrenset med plasser. Det tar litt tid ved slusene til Stortinget s\u00e5 kom i god tid.<br><br>Link for p\u00e5melding:<br><a href=\"https:\/\/ui.ungapped.io\/Events\/426253d4-c4fe-4e91-8a61-627cfa16c9a9\">https:\/\/ui.ungapped.io\/Events\/426253d4-c4fe-4e91-8a61-627cfa16c9a9<\/a><\/p>\n\n\n\n<p><strong>Agenda for dagen.<\/strong><br>11.15 Oppm\u00f8te\/innsjekk, inngang Akersgata<br>11.30 Velkommen til Stortinget, omvisning og orientering p\u00e5 Stortinget<br>13.30 Utsjekk og gange til Oslo R\u00e5dhus.<br>13.50 Omvisning p\u00e5 Oslo R\u00e5dhus<br>14.30 Takk for i dag<\/p>\n\n\n\n<p>For de som vil s\u00e5 kan man finne p\u00e5 noe sosialt i etterkant. Siste p\u00e5meldingsfrist 22 april.<br><br>Photo by\u00a0<a href=\"https:\/\/unsplash.com\/@skradi?utm_content=creditCopyText&amp;utm_medium=referral&amp;utm_source=unsplash\">Sandro Kradolfer<\/a>\u00a0on\u00a0<a href=\"https:\/\/unsplash.com\/photos\/a-person-walking-down-a-sidewalk-in-front-of-a-large-building-NIR3zebaLgg?utm_content=creditCopyText&amp;utm_medium=referral&amp;utm_source=unsplash\">Unsplash<\/a><\/p>\n\n\n\n<p><a target=\"_blank\" rel=\"noreferrer noopener\"><\/a><\/p>\n\n\n<div class=\"post-meta wp-block\">\n\t<div class=\"top\">\n\t\t<div class=\"sharing\">\n\t\t\t<a class=\"share-button share-link\" target=\"_blank\"><span class=\"screen-reader-text\">Del link<\/span><\/a>\n\t\t\t<a class=\"share-button share-twitter\" href=\"http:\/\/twitter.com\/share?text=Omvisning p\u00e5 Stortinget og Oslo r\u00e5dhus&#038;url=https:\/\/hoyre.no\/nes\/arrangementer\/omvisning-pa-stortinget-og-hoyres-hus\/&#038;hashtags=Hoyre\"><span class=\"screen-reader-text\">Del p\u00e5 twitter<\/span><\/a>\n\t\t\t<a class=\"share-button share-facebook\" href=\"https:\/\/www.facebook.com\/sharer\/sharer.php?u=https:\/\/hoyre.no\/nes\/arrangementer\/omvisning-pa-stortinget-og-hoyres-hus\/\" target=\"_blank\"><span class=\"screen-reader-text\">Del p\u00e5 facebook<\/span><\/a>\n\t\t<\/div>\n\t<\/div>\n<\/div>\n","protected":false},"template":"","meta":{"teft_cards_image_url":"","teft_cards_custom_pretitle":"","teft_cards_image_id":259,"teft_cards_image_focal_point_x":0.5,"teft_cards_image_focal_point_y":0.5,"teft_cards_title":"","teft_cards_excerpt":"","teft_show_chapters":false,"event_organizer":[],"event_start_date":"2025-04-26T11:00:00","event_end_date":"2025-04-26T18:00:00","event_registration_url":"https:\/\/ui.ungapped.io\/Events\/426253d4-c4fe-4e91-8a61-627cfa16c9a9","event_registration_deadline":"","event_ticket_cost":"","event_venue_name":"Stortinget\/Oslo r\u00e5dhus","event_venue_url":"","event_venue_address":""},"teft-events-category":[],"class_list":["post-260","teft-events","type-teft-events","status-publish","hentry"],"yoast_head":"<!-- This site is optimized with the Yoast SEO plugin v26.6 - https:\/\/yoast.com\/wordpress\/plugins\/seo\/ -->\n<title>Omvisning p\u00e5 Stortinget og Oslo r\u00e5dhus - Nes H\u00f8yre i Akershus<\/title>\n<meta name=\"robots\" content=\"index, follow, max-snippet:-1, max-image-preview:large, max-video-preview:-1\" \/>\n<link rel=\"canonical\" href=\"https:\/\/hoyre.no\/nes\/arrangementer\/omvisning-pa-stortinget-og-hoyres-hus\/\" \/>\n<meta property=\"og:locale\" content=\"nb_NO\" \/>\n<meta property=\"og:type\" content=\"article\" \/>\n<meta property=\"og:title\" content=\"Omvisning p\u00e5 Stortinget og Oslo r\u00e5dhus - Nes H\u00f8yre i Akershus\" \/>\n<meta property=\"og:url\" content=\"https:\/\/hoyre.no\/nes\/arrangementer\/omvisning-pa-stortinget-og-hoyres-hus\/\" \/>\n<meta property=\"og:site_name\" content=\"Nes H\u00f8yre i Akershus\" \/>\n<meta property=\"article:modified_time\" content=\"2025-04-16T11:09:17+00:00\" \/>\n<meta property=\"og:image\" content=\"https:\/\/hoyre.no\/content\/uploads\/sites\/170\/2025\/03\/sandro-kradolfer-NIR3zebaLgg-unsplash-2048x1365-1-1024x683.jpg\" \/>\n<meta name=\"twitter:card\" content=\"summary_large_image\" \/>\n<meta name=\"twitter:label1\" content=\"Ansl. lesetid\" \/>\n\t<meta name=\"twitter:data1\" content=\"2 minutter\" \/>\n<script type=\"application\/ld+json\" class=\"yoast-schema-graph\">{\"@context\":\"https:\/\/schema.org\",\"@graph\":[{\"@type\":\"WebPage\",\"@id\":\"https:\/\/hoyre.no\/nes\/arrangementer\/omvisning-pa-stortinget-og-hoyres-hus\/\",\"url\":\"https:\/\/hoyre.no\/nes\/arrangementer\/omvisning-pa-stortinget-og-hoyres-hus\/\",\"name\":\"Omvisning p\u00e5 Stortinget og Oslo r\u00e5dhus - Nes H\u00f8yre i Akershus\",\"isPartOf\":{\"@id\":\"https:\/\/hoyre.no\/nes\/#website\"},\"datePublished\":\"2025-03-17T16:30:15+00:00\",\"dateModified\":\"2025-04-16T11:09:17+00:00\",\"breadcrumb\":{\"@id\":\"https:\/\/hoyre.no\/nes\/arrangementer\/omvisning-pa-stortinget-og-hoyres-hus\/#breadcrumb\"},\"inLanguage\":\"nb-NO\",\"potentialAction\":[{\"@type\":\"ReadAction\",\"target\":[\"https:\/\/hoyre.no\/nes\/arrangementer\/omvisning-pa-stortinget-og-hoyres-hus\/\"]}]},{\"@type\":\"BreadcrumbList\",\"@id\":\"https:\/\/hoyre.no\/nes\/arrangementer\/omvisning-pa-stortinget-og-hoyres-hus\/#breadcrumb\",\"itemListElement\":[{\"@type\":\"ListItem\",\"position\":1,\"name\":\"Til hoyre.no\",\"item\":\"https:\/\/hoyre.no\"},{\"@type\":\"ListItem\",\"position\":2,\"name\":\"Hjem\",\"item\":\"https:\/\/hoyre.no\/nes\/\"},{\"@type\":\"ListItem\",\"position\":3,\"name\":\"Arrangement\",\"item\":\"https:\/\/hoyre.no\/nes\/arrangementer\/\"},{\"@type\":\"ListItem\",\"position\":4,\"name\":\"Omvisning p\u00e5 Stortinget og Oslo r\u00e5dhus\"}]},{\"@type\":\"WebSite\",\"@id\":\"https:\/\/hoyre.no\/nes\/#website\",\"url\":\"https:\/\/hoyre.no\/nes\/\",\"name\":\"Nes H\u00f8yre i Akershus\",\"description\":\"Bare enda et H\u00f8yres nettsteder-nettsted\",\"inLanguage\":\"nb-NO\"}]}<\/script>\n<!-- \/ Yoast SEO plugin. -->","yoast_head_json":{"title":"Omvisning p\u00e5 Stortinget og Oslo r\u00e5dhus - Nes H\u00f8yre i Akershus","robots":{"index":"index","follow":"follow","max-snippet":"max-snippet:-1","max-image-preview":"max-image-preview:large","max-video-preview":"max-video-preview:-1"},"canonical":"https:\/\/hoyre.no\/nes\/arrangementer\/omvisning-pa-stortinget-og-hoyres-hus\/","og_locale":"nb_NO","og_type":"article","og_title":"Omvisning p\u00e5 Stortinget og Oslo r\u00e5dhus - Nes H\u00f8yre i Akershus","og_url":"https:\/\/hoyre.no\/nes\/arrangementer\/omvisning-pa-stortinget-og-hoyres-hus\/","og_site_name":"Nes H\u00f8yre i Akershus","article_modified_time":"2025-04-16T11:09:17+00:00","og_image":[{"url":"https:\/\/hoyre.no\/content\/uploads\/sites\/170\/2025\/03\/sandro-kradolfer-NIR3zebaLgg-unsplash-2048x1365-1-1024x683.jpg","width":"","height":"","type":""}],"twitter_card":"summary_large_image","twitter_misc":{"Ansl. lesetid":"2 minutter"},"schema":{"@context":"https:\/\/schema.org","@graph":[{"@type":"WebPage","@id":"https:\/\/hoyre.no\/nes\/arrangementer\/omvisning-pa-stortinget-og-hoyres-hus\/","url":"https:\/\/hoyre.no\/nes\/arrangementer\/omvisning-pa-stortinget-og-hoyres-hus\/","name":"Omvisning p\u00e5 Stortinget og Oslo r\u00e5dhus - Nes H\u00f8yre i Akershus","isPartOf":{"@id":"https:\/\/hoyre.no\/nes\/#website"},"datePublished":"2025-03-17T16:30:15+00:00","dateModified":"2025-04-16T11:09:17+00:00","breadcrumb":{"@id":"https:\/\/hoyre.no\/nes\/arrangementer\/omvisning-pa-stortinget-og-hoyres-hus\/#breadcrumb"},"inLanguage":"nb-NO","potentialAction":[{"@type":"ReadAction","target":["https:\/\/hoyre.no\/nes\/arrangementer\/omvisning-pa-stortinget-og-hoyres-hus\/"]}]},{"@type":"BreadcrumbList","@id":"https:\/\/hoyre.no\/nes\/arrangementer\/omvisning-pa-stortinget-og-hoyres-hus\/#breadcrumb","itemListElement":[{"@type":"ListItem","position":1,"name":"Til hoyre.no","item":"https:\/\/hoyre.no"},{"@type":"ListItem","position":2,"name":"Hjem","item":"https:\/\/hoyre.no\/nes\/"},{"@type":"ListItem","position":3,"name":"Arrangement","item":"https:\/\/hoyre.no\/nes\/arrangementer\/"},{"@type":"ListItem","position":4,"name":"Omvisning p\u00e5 Stortinget og Oslo r\u00e5dhus"}]},{"@type":"WebSite","@id":"https:\/\/hoyre.no\/nes\/#website","url":"https:\/\/hoyre.no\/nes\/","name":"Nes H\u00f8yre i Akershus","description":"Bare enda et H\u00f8yres nettsteder-nettsted","inLanguage":"nb-NO"}]}},"distributor_meta":false,"distributor_terms":false,"distributor_media":false,"distributor_original_site_name":"Nes H\u00f8yre i Akershus","distributor_original_site_url":"https:\/\/hoyre.no\/nes","push-errors":false,"_links":{"self":[{"href":"https:\/\/hoyre.no\/nes\/wp-json\/wp\/v2\/teft-events\/260","targetHints":{"allow":["GET"]}}],"collection":[{"href":"https:\/\/hoyre.no\/nes\/wp-json\/wp\/v2\/teft-events"}],"about":[{"href":"https:\/\/hoyre.no\/nes\/wp-json\/wp\/v2\/types\/teft-events"}],"wp:attachment":[{"href":"https:\/\/hoyre.no\/nes\/wp-json\/wp\/v2\/media?parent=260"}],"wp:term":[{"taxonomy":"teft-events-category","embeddable":true,"href":"https:\/\/hoyre.no\/nes\/wp-json\/wp\/v2\/teft-events-category?post=260"}],"curies":[{"name":"wp","href":"https:\/\/api.w.org\/{rel}","templated":true}]}}