{"id":285,"date":"2025-05-05T13:42:25","date_gmt":"2025-05-05T11:42:25","guid":{"rendered":"https:\/\/hoyre.no\/nes\/?post_type=teft-events&#038;p=285"},"modified":"2025-05-05T13:43:10","modified_gmt":"2025-05-05T11:43:10","slug":"nes-hoyres-sommerfest","status":"publish","type":"teft-events","link":"https:\/\/hoyre.no\/nes\/arrangementer\/nes-hoyres-sommerfest\/","title":{"rendered":"Nes H\u00f8yres sommerfest"},"content":{"rendered":"\n<div class=\"wp-block-teft-event-top\">\n\n<div class=\"teft-event-date-top\">\n<div class=\"teft-event-date-wrapper\">\n\t<div class=\"date-square\" aria-hidden=\"true\">\n\t\t20\t\t\t<\/div>\n<\/div>\n\t<div class=\"top-text\">\n\t\t\t\t\t<p class=\"top-date-text\">fredag 20. juni 2025<\/p>\n\t\t\t\t\t\t\t<p class=\"top-time-text\">18:00 &#8211; 22:00<\/p>\n\t\t\t\t\t\t<\/div>\n\t\t<div class=\"sharing\">\n\t\t<a class=\"share-button share-link copy-link\" data-copy=\"https:\/\/hoyre.no\/nes\/arrangementer\/nes-hoyres-sommerfest\/\" target=\"_blank\"><span class=\"screen-reader-text\">Del link<\/span><\/a>\n\t\t<a class=\"share-button share-twitter\" href=\"http:\/\/twitter.com\/share?text=Nes H\u00f8yres sommerfest&#038;url=https:\/\/hoyre.no\/nes\/arrangementer\/nes-hoyres-sommerfest\/&#038;hashtags=Hoyre\" target=\"_blank\"><span class=\"screen-reader-text\">Del p\u00e5 twitter<\/span><\/a>\n\t\t<a class=\"share-button share-facebook\" href=\"https:\/\/www.facebook.com\/sharer\/sharer.php?u=https:\/\/hoyre.no\/nes\/arrangementer\/nes-hoyres-sommerfest\/\" target=\"_blank\"><span class=\"screen-reader-text\">Del p\u00e5 facebook<\/span><\/a>\n\t<\/div>\n\t<\/div>\n<p class=\"preamble\">Kj\u00e6re medlem. <br>Vi inviterer deg og din partner til en koselig sommerfest i l\u00e5ven til Ole Johan Istad.<\/p><figure class=\"hoyre-image-wrapper\"><div class=\"hoyre-image\"><img loading=\"lazy\" decoding=\"async\" width=\"2500\" height=\"1309\" src=\"https:\/\/hoyre.no\/content\/uploads\/sites\/170\/2025\/05\/Sommerfest-20-juni-scaled.png\" class=\"attachment-scaled size-scaled\" alt=\"\" style=\"object-position: 50% 50%\" srcset=\"https:\/\/hoyre.no\/content\/uploads\/sites\/170\/2025\/05\/Sommerfest-20-juni-scaled.png 2500w, https:\/\/hoyre.no\/content\/uploads\/sites\/170\/2025\/05\/Sommerfest-20-juni-300x157.png 300w, https:\/\/hoyre.no\/content\/uploads\/sites\/170\/2025\/05\/Sommerfest-20-juni-1024x536.png 1024w, https:\/\/hoyre.no\/content\/uploads\/sites\/170\/2025\/05\/Sommerfest-20-juni-768x402.png 768w, https:\/\/hoyre.no\/content\/uploads\/sites\/170\/2025\/05\/Sommerfest-20-juni-1536x804.png 1536w, https:\/\/hoyre.no\/content\/uploads\/sites\/170\/2025\/05\/Sommerfest-20-juni-2048x1072.png 2048w\" sizes=\"auto, (max-width: 2500px) 100vw, 2500px\" \/><\/div><\/figure>\n\n<div class=\"wp-block wp-block-teft-event-registration-button\">\n\t<div class=\"registration-button-wrapper\">\n\t\t\t\t\t<p class=\"registration-deadline\"><strong>P\u00e5meldingsfrist:<\/strong> s\u00f8n 1. juni 2025<\/p>\n\t\t\n\t<\/div>\n<\/div>\n\n<div class=\"panel teft-details-panel\">\n\t\t<h3>Detaljer<\/h3>\n\n\t\t\t\t\t\t\t<dl class=\"info-misc-with-icons\">\n\t\t<dt class=\"time\"><span class=\"screen-reader-text\">Arrangement dato<\/span><\/dt>\n\t\t<dd class=\"time\">\n\t\t\tfre 20. juni 2025 fra  18:00 &#8211; 22:00\t\t<\/dd>\n\t<\/dl>\n\t\t\t\t<\/dl>\n<\/div>\n<\/div>\n\n\n\n\n<h2 class=\"wp-block-heading\" id=\"h-informasjon\">Informasjon<\/h2>\n\n\n\n<p>Vi satser p\u00e5 sol, varme og gode stunder. Ta med det du vil grille, drikke og bli med p\u00e5 en kveld fylt med gode samtaler, mat og musikk.<\/p>\n\n\n\n<p>Ta gjerne med en venn fra partiet- ikke alle som kjenner alle!<\/p>\n\n\n\n<p>Sted:\u00a0Rustadvegen 137, 1929 Auli<\/p>\n\n\n\n<p>Gi beskjed om du kommer innen 1. juni, s\u00e5 vi kan planlegge.<br>Svar kan sendes mona.milde@gmail.com eller p\u00e5 93636426.<br><br>Vi gleder oss til \u00e5 se dere!<br><br>Vennlig hilsen,<br>Nes H\u00f8yres festkomit\u00e9<\/p>\n\n\n\n<p><\/p>\n\n\n<div class=\"post-meta wp-block\">\n\t<div class=\"top\">\n\t\t<div class=\"sharing\">\n\t\t\t<a class=\"share-button share-link\" target=\"_blank\"><span class=\"screen-reader-text\">Del link<\/span><\/a>\n\t\t\t<a class=\"share-button share-twitter\" href=\"http:\/\/twitter.com\/share?text=Nes H\u00f8yres sommerfest&#038;url=https:\/\/hoyre.no\/nes\/arrangementer\/nes-hoyres-sommerfest\/&#038;hashtags=Hoyre\"><span class=\"screen-reader-text\">Del p\u00e5 twitter<\/span><\/a>\n\t\t\t<a class=\"share-button share-facebook\" href=\"https:\/\/www.facebook.com\/sharer\/sharer.php?u=https:\/\/hoyre.no\/nes\/arrangementer\/nes-hoyres-sommerfest\/\" target=\"_blank\"><span class=\"screen-reader-text\">Del p\u00e5 facebook<\/span><\/a>\n\t\t<\/div>\n\t<\/div>\n<\/div>\n","protected":false},"template":"","meta":{"teft_cards_image_url":"","teft_cards_custom_pretitle":"","teft_cards_image_id":286,"teft_cards_image_focal_point_x":0.5,"teft_cards_image_focal_point_y":0.5,"teft_cards_title":"","teft_cards_excerpt":"","teft_show_chapters":false,"event_organizer":[],"event_start_date":"2025-06-20T18:00:00","event_end_date":"2025-06-20T22:00:00","event_registration_url":"","event_registration_deadline":"2025-06-01T20:00:00","event_ticket_cost":"","event_venue_name":"","event_venue_url":"https:\/\/www.bing.com\/maps?q=Rustadvegen+137%2C+1929+Auli&cvid=c44ccb47d5c2490ebe96313c7754c72b&gs_lcrp=EgRlZGdlKgYIABBFGDkyBggAEEUYOdIBCDU2NzRqMGoxqAIAsAIA&FORM=ANAB01&PC=U531","event_venue_address":"Rustadvegen 137, 1929 Auli"},"teft-events-category":[],"class_list":["post-285","teft-events","type-teft-events","status-publish","hentry"],"yoast_head":"<!-- This site is optimized with the Yoast SEO plugin v26.6 - https:\/\/yoast.com\/wordpress\/plugins\/seo\/ -->\n<title>Nes H\u00f8yres sommerfest - Nes H\u00f8yre i Akershus<\/title>\n<meta name=\"robots\" content=\"index, follow, max-snippet:-1, max-image-preview:large, max-video-preview:-1\" \/>\n<link rel=\"canonical\" href=\"https:\/\/hoyre.no\/nes\/arrangementer\/nes-hoyres-sommerfest\/\" \/>\n<meta property=\"og:locale\" content=\"nb_NO\" \/>\n<meta property=\"og:type\" content=\"article\" \/>\n<meta property=\"og:title\" content=\"Nes H\u00f8yres sommerfest - Nes H\u00f8yre i Akershus\" \/>\n<meta property=\"og:url\" content=\"https:\/\/hoyre.no\/nes\/arrangementer\/nes-hoyres-sommerfest\/\" \/>\n<meta property=\"og:site_name\" content=\"Nes H\u00f8yre i Akershus\" \/>\n<meta property=\"article:modified_time\" content=\"2025-05-05T11:43:10+00:00\" \/>\n<meta property=\"og:image\" content=\"https:\/\/hoyre.no\/content\/uploads\/sites\/170\/2025\/05\/Sommerfest-20-juni-1024x536.png\" \/>\n<meta name=\"twitter:card\" content=\"summary_large_image\" \/>\n<meta name=\"twitter:label1\" content=\"Ansl. lesetid\" \/>\n\t<meta name=\"twitter:data1\" content=\"1 minutt\" \/>\n<script type=\"application\/ld+json\" class=\"yoast-schema-graph\">{\"@context\":\"https:\/\/schema.org\",\"@graph\":[{\"@type\":\"WebPage\",\"@id\":\"https:\/\/hoyre.no\/nes\/arrangementer\/nes-hoyres-sommerfest\/\",\"url\":\"https:\/\/hoyre.no\/nes\/arrangementer\/nes-hoyres-sommerfest\/\",\"name\":\"Nes H\u00f8yres sommerfest - Nes H\u00f8yre i Akershus\",\"isPartOf\":{\"@id\":\"https:\/\/hoyre.no\/nes\/#website\"},\"datePublished\":\"2025-05-05T11:42:25+00:00\",\"dateModified\":\"2025-05-05T11:43:10+00:00\",\"breadcrumb\":{\"@id\":\"https:\/\/hoyre.no\/nes\/arrangementer\/nes-hoyres-sommerfest\/#breadcrumb\"},\"inLanguage\":\"nb-NO\",\"potentialAction\":[{\"@type\":\"ReadAction\",\"target\":[\"https:\/\/hoyre.no\/nes\/arrangementer\/nes-hoyres-sommerfest\/\"]}]},{\"@type\":\"BreadcrumbList\",\"@id\":\"https:\/\/hoyre.no\/nes\/arrangementer\/nes-hoyres-sommerfest\/#breadcrumb\",\"itemListElement\":[{\"@type\":\"ListItem\",\"position\":1,\"name\":\"Til hoyre.no\",\"item\":\"https:\/\/hoyre.no\"},{\"@type\":\"ListItem\",\"position\":2,\"name\":\"Hjem\",\"item\":\"https:\/\/hoyre.no\/nes\/\"},{\"@type\":\"ListItem\",\"position\":3,\"name\":\"Arrangement\",\"item\":\"https:\/\/hoyre.no\/nes\/arrangementer\/\"},{\"@type\":\"ListItem\",\"position\":4,\"name\":\"Nes H\u00f8yres sommerfest\"}]},{\"@type\":\"WebSite\",\"@id\":\"https:\/\/hoyre.no\/nes\/#website\",\"url\":\"https:\/\/hoyre.no\/nes\/\",\"name\":\"Nes H\u00f8yre i Akershus\",\"description\":\"Bare enda et H\u00f8yres nettsteder-nettsted\",\"inLanguage\":\"nb-NO\"}]}<\/script>\n<!-- \/ Yoast SEO plugin. -->","yoast_head_json":{"title":"Nes H\u00f8yres sommerfest - Nes H\u00f8yre i Akershus","robots":{"index":"index","follow":"follow","max-snippet":"max-snippet:-1","max-image-preview":"max-image-preview:large","max-video-preview":"max-video-preview:-1"},"canonical":"https:\/\/hoyre.no\/nes\/arrangementer\/nes-hoyres-sommerfest\/","og_locale":"nb_NO","og_type":"article","og_title":"Nes H\u00f8yres sommerfest - Nes H\u00f8yre i Akershus","og_url":"https:\/\/hoyre.no\/nes\/arrangementer\/nes-hoyres-sommerfest\/","og_site_name":"Nes H\u00f8yre i Akershus","article_modified_time":"2025-05-05T11:43:10+00:00","og_image":[{"url":"https:\/\/hoyre.no\/content\/uploads\/sites\/170\/2025\/05\/Sommerfest-20-juni-1024x536.png","width":"","height":"","type":""}],"twitter_card":"summary_large_image","twitter_misc":{"Ansl. lesetid":"1 minutt"},"schema":{"@context":"https:\/\/schema.org","@graph":[{"@type":"WebPage","@id":"https:\/\/hoyre.no\/nes\/arrangementer\/nes-hoyres-sommerfest\/","url":"https:\/\/hoyre.no\/nes\/arrangementer\/nes-hoyres-sommerfest\/","name":"Nes H\u00f8yres sommerfest - Nes H\u00f8yre i Akershus","isPartOf":{"@id":"https:\/\/hoyre.no\/nes\/#website"},"datePublished":"2025-05-05T11:42:25+00:00","dateModified":"2025-05-05T11:43:10+00:00","breadcrumb":{"@id":"https:\/\/hoyre.no\/nes\/arrangementer\/nes-hoyres-sommerfest\/#breadcrumb"},"inLanguage":"nb-NO","potentialAction":[{"@type":"ReadAction","target":["https:\/\/hoyre.no\/nes\/arrangementer\/nes-hoyres-sommerfest\/"]}]},{"@type":"BreadcrumbList","@id":"https:\/\/hoyre.no\/nes\/arrangementer\/nes-hoyres-sommerfest\/#breadcrumb","itemListElement":[{"@type":"ListItem","position":1,"name":"Til hoyre.no","item":"https:\/\/hoyre.no"},{"@type":"ListItem","position":2,"name":"Hjem","item":"https:\/\/hoyre.no\/nes\/"},{"@type":"ListItem","position":3,"name":"Arrangement","item":"https:\/\/hoyre.no\/nes\/arrangementer\/"},{"@type":"ListItem","position":4,"name":"Nes H\u00f8yres sommerfest"}]},{"@type":"WebSite","@id":"https:\/\/hoyre.no\/nes\/#website","url":"https:\/\/hoyre.no\/nes\/","name":"Nes H\u00f8yre i Akershus","description":"Bare enda et H\u00f8yres nettsteder-nettsted","inLanguage":"nb-NO"}]}},"distributor_meta":false,"distributor_terms":false,"distributor_media":false,"distributor_original_site_name":"Nes H\u00f8yre i Akershus","distributor_original_site_url":"https:\/\/hoyre.no\/nes","push-errors":false,"_links":{"self":[{"href":"https:\/\/hoyre.no\/nes\/wp-json\/wp\/v2\/teft-events\/285","targetHints":{"allow":["GET"]}}],"collection":[{"href":"https:\/\/hoyre.no\/nes\/wp-json\/wp\/v2\/teft-events"}],"about":[{"href":"https:\/\/hoyre.no\/nes\/wp-json\/wp\/v2\/types\/teft-events"}],"wp:attachment":[{"href":"https:\/\/hoyre.no\/nes\/wp-json\/wp\/v2\/media?parent=285"}],"wp:term":[{"taxonomy":"teft-events-category","embeddable":true,"href":"https:\/\/hoyre.no\/nes\/wp-json\/wp\/v2\/teft-events-category?post=285"}],"curies":[{"name":"wp","href":"https:\/\/api.w.org\/{rel}","templated":true}]}}