{"id":1580,"date":"2026-08-16T20:52:39","date_gmt":"2026-08-16T18:52:39","guid":{"rendered":"https:\/\/hoyre.no\/nesodden\/?page_id=1580"},"modified":"2026-08-16T20:53:51","modified_gmt":"2026-08-16T18:53:51","slug":"bli-kjent-med-tage","status":"publish","type":"page","link":"https:\/\/hoyre.no\/nesodden\/bli-kjent-med-tage\/","title":{"rendered":"Bli kjent med Tage"},"content":{"rendered":"\n<div class=\"wp-block-hoyre-hero with-image-gradient text-color-light  has-media alignfull has-background \"><div class=\"hoyre-hero has-image\"><h1 class=\"title\">Bli kjent med Tage<\/h1><p class=\"preamble\">Her kan du bli bedre kjent med v\u00e5r varaordf\u00f8rer og ordf\u00f8rerkandidat, Tage Slind Jensen!<\/p>\t\t\t<div class=\"post-meta wp-block teft-byline-wrapper\">\n\t\t\t\t<div class=\"top\">\n\t\t\t\t\t<div class=\"signature\">\n\t\t\t\t\t\t<div class=\"teft-byline\">\n\t\t\t\t\t\t\t\t\t\t\t\t\t\t<div>\n\t\t\t\t\t\t\t\t<h3>H\u00f8yres redaksjon<\/h3>\t\t\t\t\t\t\t\t\n\t\t\t\t\t\t\t\t\t\t\t\t\t\t\t\t\t<span class=\"date\">Sist oppdatert: 16. august 2026<\/span>\n\t\t\t\t\t\t\t\t\t\t\t\t\t\t\t\t\t\t\t\t\t\t\t\t\t<span class=\"reading-time\" itemprop=\"timeRequired\" content=\"PT2M\"><em>Ca. 2 minutter lesetid<\/em><\/span>\n\t\t\t\t\t\t\t\t\t\t\t\t\t\t\t<\/div>\n\t\t\t\t\t\t<\/div>\n\t\t\t\t\t<\/div>\n\t\t\t\t\t\t<div class=\"sharing\">\n\t\t<a class=\"share-button share-link copy-link\" data-copy=\"https:\/\/hoyre.no\/nesodden\/bli-kjent-med-tage\/\" target=\"_blank\"><span class=\"screen-reader-text\">Del link<\/span><\/a>\n\t\t<a class=\"share-button share-twitter\" href=\"http:\/\/twitter.com\/share?text=Bli kjent med Tage&#038;url=https:\/\/hoyre.no\/nesodden\/bli-kjent-med-tage\/&#038;hashtags=Hoyre\" target=\"_blank\"><span class=\"screen-reader-text\">Del p\u00e5 twitter<\/span><\/a>\n\t\t<a class=\"share-button share-facebook\" href=\"https:\/\/www.facebook.com\/sharer\/sharer.php?u=https:\/\/hoyre.no\/nesodden\/bli-kjent-med-tage\/\" target=\"_blank\"><span class=\"screen-reader-text\">Del p\u00e5 facebook<\/span><\/a>\n\t<\/div>\n\t\t\t\t\t<\/div>\n\t\t\t<\/div>\n\n\t\t\t<figure class=\"hoyre-image-wrapper\"><div class=\"hoyre-image\"><img loading=\"lazy\" decoding=\"async\" width=\"2500\" height=\"1670\" src=\"https:\/\/hoyre.no\/content\/uploads\/sites\/172\/2023\/01\/1.-Tage-Jensen-scaled.jpg\" class=\"attachment-scaled size-scaled\" alt=\"\" style=\"object-position: 60% 20%\" srcset=\"https:\/\/hoyre.no\/content\/uploads\/sites\/172\/2023\/01\/1.-Tage-Jensen-scaled.jpg 2500w, https:\/\/hoyre.no\/content\/uploads\/sites\/172\/2023\/01\/1.-Tage-Jensen-300x200.jpg 300w, https:\/\/hoyre.no\/content\/uploads\/sites\/172\/2023\/01\/1.-Tage-Jensen-1024x684.jpg 1024w, https:\/\/hoyre.no\/content\/uploads\/sites\/172\/2023\/01\/1.-Tage-Jensen-768x513.jpg 768w, https:\/\/hoyre.no\/content\/uploads\/sites\/172\/2023\/01\/1.-Tage-Jensen-1536x1026.jpg 1536w, https:\/\/hoyre.no\/content\/uploads\/sites\/172\/2023\/01\/1.-Tage-Jensen-2048x1368.jpg 2048w\" sizes=\"auto, (max-width: 2500px) 100vw, 2500px\" \/><\/div><\/figure><\/div><\/div>\n\n\n\n<div class=\"wp-block-buttons is-content-justification-center is-layout-flex wp-container-core-buttons-is-layout-fe48e5de wp-block-buttons-is-layout-flex\">\n<div class=\"wp-block-button\"><a class=\"wp-block-button__link wp-element-button\" href=\"https:\/\/www.facebook.com\/tageslindjensen\">F\u00f8lg Tage p\u00e5 Facebook<\/a><\/div>\n\n\n\n<div class=\"wp-block-button\"><a class=\"wp-block-button__link wp-element-button\" href=\"https:\/\/www.facebook.com\/nesoddenhoyre\">F\u00f8lg Nesodden H\u00f8yre p\u00e5 Facebook<\/a><\/div>\n<\/div>\n\n\n\n<div class=\"wp-block-teft-factbox is-style-blue\"><div class=\"factbox-inner\"><div class=\"entry-content\"><h4 class=\"toggle\"><strong>Hvem er Tage?<\/strong><\/h4>\n<p class=\"wp-block-paragraph\"><strong>F\u00f8dselsdato:<\/strong>&nbsp;20. september 1998<\/p>\n\n\n\n<p class=\"wp-block-paragraph\"><strong>Bosted:<\/strong>&nbsp;Tangen<\/p>\n\n\n\n<p class=\"wp-block-paragraph\"><strong>Utdanning:<\/strong>&nbsp;Master i statsvitenskap ved UiO<\/p>\n\n\n\n<p class=\"wp-block-paragraph\"><strong>Yrkesbakgrunn:<\/strong>&nbsp;Ved siden av studiene jobbet jeg i kantinen p\u00e5 Sunnaas sykehus og som researcher hos Rud Pedersen Public Affairs. Siden 2021 har jeg hatt ulike jobber i H\u00f8yres partiorganisasjon. Ved siden av vervet mitt som varaordf\u00f8rer jobber jeg som kommunikasjonsr\u00e5dgiver i Oslo H\u00f8yre.<\/p>\n\n\n\n<p class=\"wp-block-paragraph\"><strong>Politisk erfaring:<\/strong>&nbsp;Jeg har hatt ulike verv i Unge H\u00f8yre og H\u00f8yre siden 2014, blant annet nestleder i Akershus Unge H\u00f8yre og leder av Nesodden H\u00f8yre. Jeg satt ogs\u00e5 en periode i Studentparlamentet ved UiO. Jeg har sittet i kommunestyret p\u00e5 Nesodden siden 2019 og v\u00e6rt varaordf\u00f8rer siden 2023.<\/p>\n\n\n\n<p class=\"wp-block-paragraph\"><strong>Hvorfor er H\u00f8yre rett parti for deg?<\/strong>&nbsp;Jeg har alltid sympatisert sterkt med H\u00f8yres verdisyn. H\u00f8yre st\u00e5r opp for enkeltmenneskets frihet og tror p\u00e5 skaperkraften som finnes i hver enkelt av oss. Uansett hvem du er eller hvor du kommer fra, s\u00e5 har vi tro p\u00e5 at du kan lykkes.<\/p>\n\n\n\n<p class=\"wp-block-paragraph\"><strong>Hva er ditt favorittsted p\u00e5 Nesodden?<\/strong>&nbsp;Jeg har to favorittsteder. Det ene er det hvite badehuset nede p\u00e5 Ursvik, hvor mine besteforeldre hadde badehus og b\u00e5tplass. Der har jeg tilbragt mange somre som barn og ungdom. Det andre er den gamle eikeskogen p\u00e5 R\u00f8er. Jeg elsker \u00e5 g\u00e5 der om v\u00e5ren, n\u00e5r hele skogbunnen er dekket av bl\u00e5- og hvitveis. Det er som tatt ut av en Disney-film!<\/p>\n<\/div><\/div><\/div>\n\n\n\n\n<div class=\"wp-block-media-text is-stacked-on-mobile is-image-fill-element is-style-dark-blue\"><figure class=\"wp-block-media-text__media\"><img loading=\"lazy\" decoding=\"async\" width=\"1024\" height=\"683\" src=\"https:\/\/hoyre.no\/content\/uploads\/sites\/172\/2026\/04\/IMG_1386-1024x683.jpg\" alt=\"Tage Slind Jensen\" class=\"wp-image-1506 size-full\" style=\"object-position:50% 50%\" srcset=\"https:\/\/hoyre.no\/content\/uploads\/sites\/172\/2026\/04\/IMG_1386-1024x683.jpg 1024w, https:\/\/hoyre.no\/content\/uploads\/sites\/172\/2026\/04\/IMG_1386-300x200.jpg 300w, https:\/\/hoyre.no\/content\/uploads\/sites\/172\/2026\/04\/IMG_1386-768x512.jpg 768w, https:\/\/hoyre.no\/content\/uploads\/sites\/172\/2026\/04\/IMG_1386-1536x1024.jpg 1536w, https:\/\/hoyre.no\/content\/uploads\/sites\/172\/2026\/04\/IMG_1386-2048x1365.jpg 2048w\" sizes=\"auto, (max-width: 1024px) 100vw, 1024px\" \/><\/figure><div class=\"wp-block-media-text__content\">\n<h2 id=\"h-hva-er-din-hjertesak\" class=\"wp-block-heading\">Hva er din hjertesak? <\/h2>\n\n\n\n<p class=\"wp-block-paragraph\">\u2013 Det aller viktigste for meg i lokalpolitikken er at Nesodden er et godt sted \u00e5 vokse opp. Da m\u00e5 vi ha gode skoler der elevene trives og l\u00e6rer det de skal, slik at alle f\u00e5r muligheten til \u00e5 realisere dr\u00f8mmene sine. M\u00e5let mitt er at Nesodden skal v\u00e6re landets beste kommune \u00e5 vokse opp i!<\/p>\n<\/div><\/div>\n\n\n\n<figure class=\"wp-block-image size-large\"><img loading=\"lazy\" decoding=\"async\" width=\"1024\" height=\"768\" src=\"https:\/\/hoyre.no\/content\/uploads\/sites\/172\/2026\/08\/Design-uten-navn-10-1024x768.png\" alt=\"\" class=\"wp-image-1581\" srcset=\"https:\/\/hoyre.no\/content\/uploads\/sites\/172\/2026\/08\/Design-uten-navn-10-1024x768.png 1024w, https:\/\/hoyre.no\/content\/uploads\/sites\/172\/2026\/08\/Design-uten-navn-10-300x225.png 300w, https:\/\/hoyre.no\/content\/uploads\/sites\/172\/2026\/08\/Design-uten-navn-10-768x576.png 768w, https:\/\/hoyre.no\/content\/uploads\/sites\/172\/2026\/08\/Design-uten-navn-10-1536x1152.png 1536w, https:\/\/hoyre.no\/content\/uploads\/sites\/172\/2026\/08\/Design-uten-navn-10-2048x1536.png 2048w\" sizes=\"auto, (max-width: 1024px) 100vw, 1024px\" \/><\/figure>\n\n\n\n<div class=\"wp-block-media-text has-media-on-the-right is-stacked-on-mobile is-image-fill-element is-style-pale-blue\"><div class=\"wp-block-media-text__content\">\n<h2 id=\"h-har-du-noe-pa-hjertet\" class=\"wp-block-heading\">Har du noe p\u00e5 hjertet?<\/h2>\n\n\n\n<p class=\"wp-block-paragraph\">Da m\u00e5 du gjerne ta kontakt! Her finner du Tages kontaktinformasjon.<\/p>\n\n\n\n<div class=\"wp-block-buttons is-layout-flex wp-block-buttons-is-layout-flex\">\n<div class=\"wp-block-button\"><a class=\"wp-block-button__link wp-element-button\" href=\"https:\/\/hoyre.no\/personprofiler\/tage-slind-jensen\/\">kontaktinfo<\/a><\/div>\n<\/div>\n<\/div><figure class=\"wp-block-media-text__media\"><img loading=\"lazy\" decoding=\"async\" width=\"1024\" height=\"683\" src=\"https:\/\/hoyre.no\/content\/uploads\/sites\/172\/2025\/05\/IMG_6500-1024x683.jpg\" alt=\"Tage Slind Jensen\" class=\"wp-image-1289 size-full\" style=\"object-position:50% 50%\" srcset=\"https:\/\/hoyre.no\/content\/uploads\/sites\/172\/2025\/05\/IMG_6500-1024x683.jpg 1024w, https:\/\/hoyre.no\/content\/uploads\/sites\/172\/2025\/05\/IMG_6500-300x200.jpg 300w, https:\/\/hoyre.no\/content\/uploads\/sites\/172\/2025\/05\/IMG_6500-768x512.jpg 768w, https:\/\/hoyre.no\/content\/uploads\/sites\/172\/2025\/05\/IMG_6500-1536x1024.jpg 1536w, https:\/\/hoyre.no\/content\/uploads\/sites\/172\/2025\/05\/IMG_6500-2048x1365.jpg 2048w\" sizes=\"auto, (max-width: 1024px) 100vw, 1024px\" \/><\/figure><\/div>\n\n","protected":false},"excerpt":{"rendered":"","protected":false},"author":11570,"featured_media":0,"parent":0,"menu_order":0,"comment_status":"closed","ping_status":"closed","template":"","meta":{"teft_cards_image_url":"","teft_cards_custom_pretitle":"","teft_cards_image_id":1506,"teft_cards_image_focal_point_x":0.5,"teft_cards_image_focal_point_y":0.5,"teft_cards_title":"Bli bedre kjent med Tage","teft_cards_excerpt":"","teft_show_chapters":false,"footnotes":""},"class_list":["post-1580","page","type-page","status-publish","hentry"],"yoast_head":"<!-- This site is optimized with the Yoast SEO plugin v28.2 - https:\/\/yoast.com\/product\/yoast-seo-wordpress\/ -->\n<title>Bli kjent med Tage - Nesodden H\u00f8yre<\/title>\n<meta name=\"robots\" content=\"index, follow, max-snippet:-1, max-image-preview:large, max-video-preview:-1\" \/>\n<link rel=\"canonical\" href=\"https:\/\/hoyre.no\/nesodden\/bli-kjent-med-tage\/\" \/>\n<meta property=\"og:locale\" content=\"nb_NO\" \/>\n<meta property=\"og:type\" content=\"article\" \/>\n<meta property=\"og:title\" content=\"Bli kjent med Tage - Nesodden H\u00f8yre\" \/>\n<meta property=\"og:url\" content=\"https:\/\/hoyre.no\/nesodden\/bli-kjent-med-tage\/\" \/>\n<meta property=\"og:site_name\" content=\"Nesodden H\u00f8yre\" \/>\n<meta property=\"article:modified_time\" content=\"2026-08-16T18:53:51+00:00\" \/>\n<meta property=\"og:image\" content=\"https:\/\/hoyre.no\/content\/uploads\/sites\/172\/2026\/04\/IMG_1386-1024x683.jpg\" \/>\n<meta name=\"twitter:card\" content=\"summary_large_image\" \/>\n<meta name=\"twitter:label1\" content=\"Ansl. lesetid\" \/>\n\t<meta name=\"twitter:data1\" content=\"3 minutter\" \/>\n<script type=\"application\/ld+json\" class=\"yoast-schema-graph\">{\"@context\":\"https:\\\/\\\/schema.org\",\"@graph\":[{\"@type\":\"WebPage\",\"@id\":\"https:\\\/\\\/hoyre.no\\\/nesodden\\\/bli-kjent-med-tage\\\/\",\"url\":\"https:\\\/\\\/hoyre.no\\\/nesodden\\\/bli-kjent-med-tage\\\/\",\"name\":\"Bli kjent med Tage - Nesodden H\u00f8yre\",\"isPartOf\":{\"@id\":\"https:\\\/\\\/hoyre.no\\\/nesodden\\\/#website\"},\"image\":{\"@id\":\"https:\\\/\\\/hoyre.no\\\/nesodden\\\/bli-kjent-med-tage\\\/#primaryimage\"},\"thumbnailUrl\":\"https:\\\/\\\/hoyre.no\\\/content\\\/uploads\\\/sites\\\/172\\\/2026\\\/04\\\/IMG_1386-1024x683.jpg\",\"datePublished\":\"2026-08-16T18:52:39+00:00\",\"dateModified\":\"2026-08-16T18:53:51+00:00\",\"breadcrumb\":{\"@id\":\"https:\\\/\\\/hoyre.no\\\/nesodden\\\/bli-kjent-med-tage\\\/#breadcrumb\"},\"inLanguage\":\"nb-NO\",\"potentialAction\":[{\"@type\":\"ReadAction\",\"target\":[\"https:\\\/\\\/hoyre.no\\\/nesodden\\\/bli-kjent-med-tage\\\/\"]}]},{\"@type\":\"ImageObject\",\"inLanguage\":\"nb-NO\",\"@id\":\"https:\\\/\\\/hoyre.no\\\/nesodden\\\/bli-kjent-med-tage\\\/#primaryimage\",\"url\":\"https:\\\/\\\/hoyre.no\\\/content\\\/uploads\\\/sites\\\/172\\\/2026\\\/04\\\/IMG_1386-1024x683.jpg\",\"contentUrl\":\"https:\\\/\\\/hoyre.no\\\/content\\\/uploads\\\/sites\\\/172\\\/2026\\\/04\\\/IMG_1386-1024x683.jpg\"},{\"@type\":\"BreadcrumbList\",\"@id\":\"https:\\\/\\\/hoyre.no\\\/nesodden\\\/bli-kjent-med-tage\\\/#breadcrumb\",\"itemListElement\":[{\"@type\":\"ListItem\",\"position\":1,\"name\":\"Til hoyre.no\",\"item\":\"https:\\\/\\\/hoyre.no\"},{\"@type\":\"ListItem\",\"position\":2,\"name\":\"Hjem\",\"item\":\"https:\\\/\\\/hoyre.no\\\/nesodden\\\/\"},{\"@type\":\"ListItem\",\"position\":3,\"name\":\"Bli kjent med Tage\"}]},{\"@type\":\"WebSite\",\"@id\":\"https:\\\/\\\/hoyre.no\\\/nesodden\\\/#website\",\"url\":\"https:\\\/\\\/hoyre.no\\\/nesodden\\\/\",\"name\":\"Nesodden H\u00f8yre\",\"description\":\"Bare enda et H\u00f8yres nettsteder-nettsted\",\"inLanguage\":\"nb-NO\"}]}<\/script>\n<!-- \/ Yoast SEO plugin. -->","yoast_head_json":{"title":"Bli kjent med Tage - Nesodden H\u00f8yre","robots":{"index":"index","follow":"follow","max-snippet":"max-snippet:-1","max-image-preview":"max-image-preview:large","max-video-preview":"max-video-preview:-1"},"canonical":"https:\/\/hoyre.no\/nesodden\/bli-kjent-med-tage\/","og_locale":"nb_NO","og_type":"article","og_title":"Bli kjent med Tage - Nesodden H\u00f8yre","og_url":"https:\/\/hoyre.no\/nesodden\/bli-kjent-med-tage\/","og_site_name":"Nesodden H\u00f8yre","article_modified_time":"2026-08-16T18:53:51+00:00","og_image":[{"url":"https:\/\/hoyre.no\/content\/uploads\/sites\/172\/2026\/04\/IMG_1386-1024x683.jpg","width":"","height":"","type":""}],"twitter_card":"summary_large_image","twitter_misc":{"Ansl. lesetid":"3 minutter"},"schema":{"@context":"https:\/\/schema.org","@graph":[{"@type":"WebPage","@id":"https:\/\/hoyre.no\/nesodden\/bli-kjent-med-tage\/","url":"https:\/\/hoyre.no\/nesodden\/bli-kjent-med-tage\/","name":"Bli kjent med Tage - Nesodden H\u00f8yre","isPartOf":{"@id":"https:\/\/hoyre.no\/nesodden\/#website"},"image":{"@id":"https:\/\/hoyre.no\/nesodden\/bli-kjent-med-tage\/#primaryimage"},"thumbnailUrl":"https:\/\/hoyre.no\/content\/uploads\/sites\/172\/2026\/04\/IMG_1386-1024x683.jpg","datePublished":"2026-08-16T18:52:39+00:00","dateModified":"2026-08-16T18:53:51+00:00","breadcrumb":{"@id":"https:\/\/hoyre.no\/nesodden\/bli-kjent-med-tage\/#breadcrumb"},"inLanguage":"nb-NO","potentialAction":[{"@type":"ReadAction","target":["https:\/\/hoyre.no\/nesodden\/bli-kjent-med-tage\/"]}]},{"@type":"ImageObject","inLanguage":"nb-NO","@id":"https:\/\/hoyre.no\/nesodden\/bli-kjent-med-tage\/#primaryimage","url":"https:\/\/hoyre.no\/content\/uploads\/sites\/172\/2026\/04\/IMG_1386-1024x683.jpg","contentUrl":"https:\/\/hoyre.no\/content\/uploads\/sites\/172\/2026\/04\/IMG_1386-1024x683.jpg"},{"@type":"BreadcrumbList","@id":"https:\/\/hoyre.no\/nesodden\/bli-kjent-med-tage\/#breadcrumb","itemListElement":[{"@type":"ListItem","position":1,"name":"Til hoyre.no","item":"https:\/\/hoyre.no"},{"@type":"ListItem","position":2,"name":"Hjem","item":"https:\/\/hoyre.no\/nesodden\/"},{"@type":"ListItem","position":3,"name":"Bli kjent med Tage"}]},{"@type":"WebSite","@id":"https:\/\/hoyre.no\/nesodden\/#website","url":"https:\/\/hoyre.no\/nesodden\/","name":"Nesodden H\u00f8yre","description":"Bare enda et H\u00f8yres nettsteder-nettsted","inLanguage":"nb-NO"}]}},"distributor_meta":false,"distributor_terms":false,"distributor_media":false,"distributor_original_site_name":"Nesodden H\u00f8yre","distributor_original_site_url":"https:\/\/hoyre.no\/nesodden","push-errors":false,"_links":{"self":[{"href":"https:\/\/hoyre.no\/nesodden\/wp-json\/wp\/v2\/pages\/1580","targetHints":{"allow":["GET"]}}],"collection":[{"href":"https:\/\/hoyre.no\/nesodden\/wp-json\/wp\/v2\/pages"}],"about":[{"href":"https:\/\/hoyre.no\/nesodden\/wp-json\/wp\/v2\/types\/page"}],"author":[{"embeddable":true,"href":"https:\/\/hoyre.no\/nesodden\/wp-json\/wp\/v2\/users\/11570"}],"replies":[{"embeddable":true,"href":"https:\/\/hoyre.no\/nesodden\/wp-json\/wp\/v2\/comments?post=1580"}],"version-history":[{"count":4,"href":"https:\/\/hoyre.no\/nesodden\/wp-json\/wp\/v2\/pages\/1580\/revisions"}],"predecessor-version":[{"id":1585,"href":"https:\/\/hoyre.no\/nesodden\/wp-json\/wp\/v2\/pages\/1580\/revisions\/1585"}],"wp:attachment":[{"href":"https:\/\/hoyre.no\/nesodden\/wp-json\/wp\/v2\/media?parent=1580"}],"curies":[{"name":"wp","href":"https:\/\/api.w.org\/{rel}","templated":true}]}}