{"id":1588,"date":"2026-08-18T14:10:53","date_gmt":"2026-08-18T12:10:53","guid":{"rendered":"https:\/\/hoyre.no\/nesodden\/?page_id=1588"},"modified":"2026-08-18T14:46:47","modified_gmt":"2026-08-18T12:46:47","slug":"pa-lag-med-deg","status":"publish","type":"page","link":"https:\/\/hoyre.no\/nesodden\/pa-lag-med-deg\/","title":{"rendered":"P\u00e5 lag med deg"},"content":{"rendered":"\n<div class=\"wp-block-hoyre-hero with-image-gradient text-color-light  has-media alignfull has-background \"><div class=\"hoyre-hero has-image\"><h1 class=\"title\">Vi er p\u00e5 lag med deg<\/h1><p class=\"preamble\">H\u00f8yre jobber for \u00e5 gj\u00f8re din hverdag enklere, bedre og friere. Med din stemme i 2027, kan vi f\u00e5 til enda mer p\u00e5 Nesodden!<\/p>\t\t\t<div class=\"post-meta wp-block teft-byline-wrapper\">\n\t\t\t\t<div class=\"top\">\n\t\t\t\t\t<div class=\"signature\">\n\t\t\t\t\t\t<div class=\"teft-byline\">\n\t\t\t\t\t\t\t\t\t\t\t\t\t\t<div>\n\t\t\t\t\t\t\t\t<h3>H\u00f8yres redaksjon<\/h3>\t\t\t\t\t\t\t\t\n\t\t\t\t\t\t\t\t\t\t\t\t\t\t\t\t\t<span class=\"date\">Sist oppdatert: 18. august 2026<\/span>\n\t\t\t\t\t\t\t\t\t\t\t\t\t\t\t\t\t\t\t\t\t\t\t\t\t<span class=\"reading-time\" itemprop=\"timeRequired\" content=\"PT5M\"><em>Ca. 5 minutter lesetid<\/em><\/span>\n\t\t\t\t\t\t\t\t\t\t\t\t\t\t\t<\/div>\n\t\t\t\t\t\t<\/div>\n\t\t\t\t\t<\/div>\n\t\t\t\t\t\t<div class=\"sharing\">\n\t\t<a class=\"share-button share-link copy-link\" data-copy=\"https:\/\/hoyre.no\/nesodden\/pa-lag-med-deg\/\" target=\"_blank\"><span class=\"screen-reader-text\">Del link<\/span><\/a>\n\t\t<a class=\"share-button share-twitter\" href=\"http:\/\/twitter.com\/share?text=P\u00e5 lag med deg&#038;url=https:\/\/hoyre.no\/nesodden\/pa-lag-med-deg\/&#038;hashtags=Hoyre\" target=\"_blank\"><span class=\"screen-reader-text\">Del p\u00e5 twitter<\/span><\/a>\n\t\t<a class=\"share-button share-facebook\" href=\"https:\/\/www.facebook.com\/sharer\/sharer.php?u=https:\/\/hoyre.no\/nesodden\/pa-lag-med-deg\/\" target=\"_blank\"><span class=\"screen-reader-text\">Del p\u00e5 facebook<\/span><\/a>\n\t<\/div>\n\t\t\t\t\t<\/div>\n\t\t\t<\/div>\n\n\t\t\t<figure class=\"hoyre-image-wrapper\"><div class=\"hoyre-image\"><img loading=\"lazy\" decoding=\"async\" width=\"2500\" height=\"1667\" src=\"https:\/\/hoyre.no\/content\/uploads\/sites\/172\/2026\/03\/Tage-og-Linda-latter-scaled.jpg\" class=\"attachment-scaled size-scaled\" alt=\"Tage Slind Jensen og Linda Johnstone S\u00f8rensen latter\" style=\"object-position: 50% 10%\" srcset=\"https:\/\/hoyre.no\/content\/uploads\/sites\/172\/2026\/03\/Tage-og-Linda-latter-scaled.jpg 2500w, https:\/\/hoyre.no\/content\/uploads\/sites\/172\/2026\/03\/Tage-og-Linda-latter-300x200.jpg 300w, https:\/\/hoyre.no\/content\/uploads\/sites\/172\/2026\/03\/Tage-og-Linda-latter-1024x683.jpg 1024w, https:\/\/hoyre.no\/content\/uploads\/sites\/172\/2026\/03\/Tage-og-Linda-latter-768x512.jpg 768w, https:\/\/hoyre.no\/content\/uploads\/sites\/172\/2026\/03\/Tage-og-Linda-latter-1536x1024.jpg 1536w, https:\/\/hoyre.no\/content\/uploads\/sites\/172\/2026\/03\/Tage-og-Linda-latter-2048x1365.jpg 2048w\" sizes=\"auto, (max-width: 2500px) 100vw, 2500px\" \/><\/div><\/figure><\/div><\/div>\n\n\n\n\n<h2 class=\"wp-block-heading\">Det handler om deg<\/h2>\n\n\n\n<p class=\"wp-block-paragraph\"><strong>Lokalpolitikken handler om deg.<\/strong><\/p>\n\n\n\n<p class=\"wp-block-paragraph\">Den handler om at barna dine skal trives og l\u00e6re p\u00e5 skolen, at dem du er glad i skal f\u00e5 god omsorg og at du skal ha frihet til \u00e5 leve ditt liv som du vil.<\/p>\n\n\n\n<p class=\"wp-block-paragraph\">Den handler om at det skal v\u00e6re enkelt \u00e5 f\u00e5 et \u00abja\u00bb fra kommunen, uavhengig av om du vil starte din egen bedrift, bygge dr\u00f8mmeboligen din eller utvide terrassen din.<\/p>\n\n\n\n<p class=\"wp-block-paragraph\">Og den handler om at du skal f\u00e5 beholde s\u00e5 mye som mulig av din egen inntekt.<\/p>\n\n\n\n<p class=\"wp-block-paragraph\">For oss i H\u00f8yre begynner politikken med menneskene som bor i kommunen. Siden vi fikk en h\u00e5nd p\u00e5 rattet i styringen av Nesodden i 2023, har vi jobbet for \u00e5 gj\u00f8re din hverdag enklere, bedre og friere. Med begge hendene p\u00e5 rattet kan vi f\u00e5 til enda mer!<\/p>\n\n\n\n<p class=\"wp-block-paragraph\">De r\u00f8dgr\u00f8nne partiene vil f\u00f8re en politikk med flere reguleringer, h\u00f8yere kostnader for folk og bedrifter og mindre frihet og fleksibilitet. Det er ikke det Nesodden trenger. Kommunen v\u00e5r trenger mer borgerlig politikk. Nesodden trenger et sterkt H\u00f8yre.<\/p>\n\n\n\n<p class=\"wp-block-paragraph\"><strong>Vi er p\u00e5 lag med deg!<\/strong><\/p>\n\n\n\n<figure class=\"wp-block-image size-large\"><img loading=\"lazy\" decoding=\"async\" width=\"2500\" height=\"1874\" src=\"https:\/\/hoyre.no\/content\/uploads\/sites\/172\/2026\/08\/Tage-og-Linda-edited-scaled.jpg\" alt=\"Tage Slind Jensen og Linda Johnstone S\u00f8rensen\" class=\"wp-image-1590\" srcset=\"https:\/\/hoyre.no\/content\/uploads\/sites\/172\/2026\/08\/Tage-og-Linda-edited-scaled.jpg 2500w, https:\/\/hoyre.no\/content\/uploads\/sites\/172\/2026\/08\/Tage-og-Linda-edited-300x225.jpg 300w, https:\/\/hoyre.no\/content\/uploads\/sites\/172\/2026\/08\/Tage-og-Linda-edited-1024x768.jpg 1024w, https:\/\/hoyre.no\/content\/uploads\/sites\/172\/2026\/08\/Tage-og-Linda-edited-768x576.jpg 768w, https:\/\/hoyre.no\/content\/uploads\/sites\/172\/2026\/08\/Tage-og-Linda-edited-1536x1151.jpg 1536w, https:\/\/hoyre.no\/content\/uploads\/sites\/172\/2026\/08\/Tage-og-Linda-edited-2048x1535.jpg 2048w\" sizes=\"auto, (max-width: 2500px) 100vw, 2500px\" \/><figcaption class=\"wp-element-caption\">Tage Slind Jensen (ordf\u00f8rerkandidat) og Linda Johnstone S\u00f8rensen (2. kandidat) h\u00e5per p\u00e5 din tillit i 2027!<\/figcaption><\/figure>\n\n\n\n<h2 class=\"wp-block-heading\">H\u00f8yres hjertesaker<\/h2>\n\n\n\n<div class=\"wp-block-media-text alignwide is-stacked-on-mobile is-image-fill-element is-style-pale-blue\" style=\"grid-template-columns:42% auto\"><figure class=\"wp-block-media-text__media\"><img loading=\"lazy\" decoding=\"async\" width=\"1024\" height=\"684\" src=\"https:\/\/hoyre.no\/content\/uploads\/sites\/172\/2023\/05\/DSC04823-1024x684.jpg\" alt=\"\" class=\"wp-image-725 size-full\" style=\"object-position:50% 50%\" srcset=\"https:\/\/hoyre.no\/content\/uploads\/sites\/172\/2023\/05\/DSC04823-1024x684.jpg 1024w, https:\/\/hoyre.no\/content\/uploads\/sites\/172\/2023\/05\/DSC04823-300x200.jpg 300w, https:\/\/hoyre.no\/content\/uploads\/sites\/172\/2023\/05\/DSC04823-768x513.jpg 768w, https:\/\/hoyre.no\/content\/uploads\/sites\/172\/2023\/05\/DSC04823-1536x1026.jpg 1536w, https:\/\/hoyre.no\/content\/uploads\/sites\/172\/2023\/05\/DSC04823-2048x1368.jpg 2048w\" sizes=\"auto, (max-width: 1024px) 100vw, 1024px\" \/><\/figure><div class=\"wp-block-media-text__content\">\n<h2 class=\"wp-block-heading\">Nei til eiendomsskatt<\/h2>\n\n\n\n<p class=\"wp-block-paragraph\">Det gir b\u00e5de trygghet og frihet \u00e5 sitte igjen med et overskudd p\u00e5 kontoen p\u00e5 slutten av m\u00e5neden. Derfor er det et viktig m\u00e5l for H\u00f8yre at du skal f\u00e5 beholde mer av din egen inntekt. Dessverre \u00f8nsker mange av de r\u00f8dgr\u00f8nne partiene p\u00e5 Nesodden \u00e5 innf\u00f8re eiendomsskatt p\u00e5 bolig. For oss i H\u00f8yre er boligen din f\u00f8rst og fremst et hjem, ikke et skatteobjekt. En stemme p\u00e5 H\u00f8yre er derfor en tydelig stemme mot eiendomsskatt.<\/p>\n<\/div><\/div>\n\n\n\n<div class=\"wp-block-media-text alignwide has-media-on-the-right is-stacked-on-mobile is-image-fill-element is-style-pale-green\" style=\"grid-template-columns:auto 42%\"><div class=\"wp-block-media-text__content\">\n<h2 class=\"wp-block-heading\">Norges beste kommune \u00e5 vokse opp i<\/h2>\n\n\n\n<p class=\"wp-block-paragraph\">En god skole er v\u00e5rt beste redskap for \u00e5 utjevne sosiale forskjeller. H\u00f8yre \u00f8nsker en skole som prioriterer kunnskap f\u00f8rst, stiller krav til elevene og har tillit til l\u00e6rerne. Selv om mye er bra i Nesoddskolen, har H\u00f8yre st\u00f8rre ambisjoner p\u00e5 vegne av elevene. Vi vil at alle elever skal f\u00e5 et tilbud som er tilpasset dem, at l\u00e6rerne skal f\u00e5 mer tid til undervisning og at skolene v\u00e5re skal ha god \u00f8konomi.<\/p>\n<\/div><figure class=\"wp-block-media-text__media\"><img loading=\"lazy\" decoding=\"async\" width=\"1024\" height=\"684\" src=\"https:\/\/hoyre.no\/content\/uploads\/sites\/172\/2026\/03\/DSC03933-1024x684.jpg\" alt=\"\" class=\"wp-image-1464 size-full\" style=\"object-position:50% 50%\" srcset=\"https:\/\/hoyre.no\/content\/uploads\/sites\/172\/2026\/03\/DSC03933-1024x684.jpg 1024w, https:\/\/hoyre.no\/content\/uploads\/sites\/172\/2026\/03\/DSC03933-300x200.jpg 300w, https:\/\/hoyre.no\/content\/uploads\/sites\/172\/2026\/03\/DSC03933-768x513.jpg 768w, https:\/\/hoyre.no\/content\/uploads\/sites\/172\/2026\/03\/DSC03933-1536x1026.jpg 1536w, https:\/\/hoyre.no\/content\/uploads\/sites\/172\/2026\/03\/DSC03933-2048x1368.jpg 2048w\" sizes=\"auto, (max-width: 1024px) 100vw, 1024px\" \/><\/figure><\/div>\n\n\n\n<div class=\"wp-block-media-text alignwide is-stacked-on-mobile is-image-fill-element is-style-darkest-blue\" style=\"grid-template-columns:42% auto\"><figure class=\"wp-block-media-text__media\"><img loading=\"lazy\" decoding=\"async\" width=\"1024\" height=\"684\" src=\"https:\/\/hoyre.no\/content\/uploads\/sites\/172\/2024\/04\/Molo-pa-Fagerstrand-1024x684.jpg\" alt=\"\" class=\"wp-image-1027 size-full\" style=\"object-position:50% 50%\" srcset=\"https:\/\/hoyre.no\/content\/uploads\/sites\/172\/2024\/04\/Molo-pa-Fagerstrand-1024x684.jpg 1024w, https:\/\/hoyre.no\/content\/uploads\/sites\/172\/2024\/04\/Molo-pa-Fagerstrand-300x200.jpg 300w, https:\/\/hoyre.no\/content\/uploads\/sites\/172\/2024\/04\/Molo-pa-Fagerstrand-768x513.jpg 768w, https:\/\/hoyre.no\/content\/uploads\/sites\/172\/2024\/04\/Molo-pa-Fagerstrand-1536x1026.jpg 1536w, https:\/\/hoyre.no\/content\/uploads\/sites\/172\/2024\/04\/Molo-pa-Fagerstrand-2048x1368.jpg 2048w\" sizes=\"auto, (max-width: 1024px) 100vw, 1024px\" \/><\/figure><div class=\"wp-block-media-text__content\">\n<h2 class=\"wp-block-heading\">Ja-kommunen Nesodden<\/h2>\n\n\n\n<p class=\"wp-block-paragraph\">Mange opplever dessverre Nesodden som mer krevende enn n\u00f8dvendig, enten man vil bygge en bolig, etablere en butikk, utvide terrassen eller f\u00e5 tillatelse til et frivillig arrangement. H\u00f8yre vil gj\u00f8re det enklere og raskere \u00e5 f\u00e5 ja til gode prosjekter. Derfor vil vi slanke byr\u00e5kratiet, forenkle regelverk og fjerne un\u00f8dvendige og fordyrende krav. p\u00e5 Nesodden skal vi si ja s\u00e5 ofte vi kan, og nei bare n\u00e5r vi m\u00e5. Vi heier p\u00e5 gode initiativ!<\/p>\n<\/div><\/div>\n\n\n\n<div class=\"wp-block-media-text alignwide has-media-on-the-right is-stacked-on-mobile is-image-fill-element is-style-pink\" style=\"grid-template-columns:auto 42%\"><div class=\"wp-block-media-text__content\">\n<h2 class=\"wp-block-heading\">Du skal glede deg til \u00e5 bli gammel p\u00e5 Nesodden<\/h2>\n\n\n\n<p class=\"wp-block-paragraph\">Alderdommen skal ikke v\u00e6re noe man gruer seg til, men en aktiv, trygg og meningsfull fase av livet. H\u00f8yre vil styrke valgfriheten ved \u00e5 innf\u00f8re fritt brukervalg, slik at du selv kan bestemme hvem som kommer hjem til deg n\u00e5r du har behov for hjelp. Vi vil ogs\u00e5 legge til rette for flere boliger tilpasset de ulike behovene eldre har, slik at alle kan f\u00f8le seg trygge i eget hjem.<\/p>\n<\/div><figure class=\"wp-block-media-text__media\"><img loading=\"lazy\" decoding=\"async\" width=\"1024\" height=\"684\" src=\"https:\/\/hoyre.no\/content\/uploads\/sites\/172\/2022\/09\/DSC05490-1-1024x684.jpg\" alt=\"\" class=\"wp-image-343 size-full\" style=\"object-position:50% 0%\" srcset=\"https:\/\/hoyre.no\/content\/uploads\/sites\/172\/2022\/09\/DSC05490-1-1024x684.jpg 1024w, https:\/\/hoyre.no\/content\/uploads\/sites\/172\/2022\/09\/DSC05490-1-300x200.jpg 300w, https:\/\/hoyre.no\/content\/uploads\/sites\/172\/2022\/09\/DSC05490-1-768x513.jpg 768w, https:\/\/hoyre.no\/content\/uploads\/sites\/172\/2022\/09\/DSC05490-1-1536x1026.jpg 1536w, https:\/\/hoyre.no\/content\/uploads\/sites\/172\/2022\/09\/DSC05490-1-2048x1368.jpg 2048w\" sizes=\"auto, (max-width: 1024px) 100vw, 1024px\" \/><\/figure><\/div>\n\n\n\n<div class=\"wp-block-hoyre-banner undefined\"><div class=\"banner-inner\"><figure class=\"hoyre-image-wrapper\"><div class=\"hoyre-image\"><img loading=\"lazy\" decoding=\"async\" width=\"2048\" height=\"1899\" src=\"https:\/\/hoyre.no\/content\/uploads\/sites\/172\/2026\/08\/Husbesok-Hellvik-nettside.jpg\" class=\"attachment-scaled size-scaled\" alt=\"Husbes\u00f8k Hellvik\" style=\"object-position: 60% 50%\" srcset=\"https:\/\/hoyre.no\/content\/uploads\/sites\/172\/2026\/08\/Husbesok-Hellvik-nettside.jpg 2048w, https:\/\/hoyre.no\/content\/uploads\/sites\/172\/2026\/08\/Husbesok-Hellvik-nettside-300x278.jpg 300w, https:\/\/hoyre.no\/content\/uploads\/sites\/172\/2026\/08\/Husbesok-Hellvik-nettside-1024x950.jpg 1024w, https:\/\/hoyre.no\/content\/uploads\/sites\/172\/2026\/08\/Husbesok-Hellvik-nettside-768x712.jpg 768w, https:\/\/hoyre.no\/content\/uploads\/sites\/172\/2026\/08\/Husbesok-Hellvik-nettside-1536x1424.jpg 1536w\" sizes=\"auto, (max-width: 2048px) 100vw, 2048px\" \/><\/div><\/figure><div class=\"banner-content\"><div class=\"entry-content\">\n<h2 id=\"h-hjelp-oss-a-bli-sterkere\" class=\"wp-block-heading\">Hjelp oss \u00e5 bli sterkere<\/h2>\n\n\n\n<p class=\"wp-block-paragraph\">Vil du ha mer H\u00f8yre-politikk p\u00e5 Nesodden? Da er du hjertelig velkommen til \u00e5 bli med p\u00e5 laget eller gi oss en gave. Husk: Du f\u00e5r ikke mer borgerlig politikk uten et sterkt H\u00f8yre.<\/p>\n\n\n\n<div class=\"wp-block-buttons is-layout-flex wp-block-buttons-is-layout-flex\">\n<div class=\"wp-block-button\"><a class=\"wp-block-button__link wp-element-button\" href=\"https:\/\/hoyre.no\/bli-med\/bli-medlem\/\">St\u00f8tt oss<\/a><\/div>\n<\/div>\n<\/div><\/div><\/div><\/div>\n\n\n\n<div class=\"wp-block-hoyre-banner undefined  is-style-blue\"><div class=\"banner-inner\"><figure class=\"hoyre-image-wrapper\"><div class=\"hoyre-image\"><img loading=\"lazy\" decoding=\"async\" width=\"2500\" height=\"1670\" src=\"https:\/\/hoyre.no\/content\/uploads\/sites\/172\/2022\/09\/DSC04586-scaled.jpg\" class=\"attachment-scaled size-scaled\" alt=\"\" style=\"object-position: 35% 35%\" srcset=\"https:\/\/hoyre.no\/content\/uploads\/sites\/172\/2022\/09\/DSC04586-scaled.jpg 2500w, https:\/\/hoyre.no\/content\/uploads\/sites\/172\/2022\/09\/DSC04586-300x200.jpg 300w, https:\/\/hoyre.no\/content\/uploads\/sites\/172\/2022\/09\/DSC04586-1024x684.jpg 1024w, https:\/\/hoyre.no\/content\/uploads\/sites\/172\/2022\/09\/DSC04586-768x513.jpg 768w, https:\/\/hoyre.no\/content\/uploads\/sites\/172\/2022\/09\/DSC04586-1536x1026.jpg 1536w, https:\/\/hoyre.no\/content\/uploads\/sites\/172\/2022\/09\/DSC04586-2048x1368.jpg 2048w\" sizes=\"auto, (max-width: 2500px) 100vw, 2500px\" \/><\/div><\/figure><div class=\"banner-content\"><div class=\"entry-content\">\n<h2 id=\"h-hjelp-oss-a-bli-sterkere\" class=\"wp-block-heading\">Les mer om v\u00e5r politikk<\/h2>\n\n\n\n<p class=\"wp-block-paragraph\">Fant du ikke din hjertesak her eller er nysgjerrig p\u00e5 hva annet Nesodden H\u00f8yre g\u00e5r til valg p\u00e5 i 2027?<\/p>\n\n\n\n<div class=\"wp-block-buttons is-layout-flex wp-block-buttons-is-layout-flex\">\n<div class=\"wp-block-button\"><a class=\"wp-block-button__link wp-element-button\" href=\"https:\/\/hoyre.no\/nesodden\/aktuelt\/vi-er-pa-lag-med-deg\/\">Trykk her<\/a><\/div>\n<\/div>\n<\/div><\/div><\/div><\/div>\n\n\n\n<div class=\"wp-block-buttons is-layout-flex wp-block-buttons-is-layout-flex\"><\/div>\n\n","protected":false},"excerpt":{"rendered":"","protected":false},"author":11570,"featured_media":0,"parent":0,"menu_order":0,"comment_status":"closed","ping_status":"closed","template":"","meta":{"teft_cards_image_url":"","teft_cards_custom_pretitle":"","teft_cards_image_id":1498,"teft_cards_image_focal_point_x":0.5,"teft_cards_image_focal_point_y":0.5,"teft_cards_title":"P\u00e5 lag med deg","teft_cards_excerpt":"","teft_show_chapters":false,"footnotes":""},"class_list":["post-1588","page","type-page","status-publish","hentry"],"yoast_head":"<!-- This site is optimized with the Yoast SEO plugin v28.2 - https:\/\/yoast.com\/product\/yoast-seo-wordpress\/ -->\n<title>P\u00e5 lag med deg - Nesodden H\u00f8yre<\/title>\n<meta name=\"robots\" content=\"index, follow, max-snippet:-1, max-image-preview:large, max-video-preview:-1\" \/>\n<link rel=\"canonical\" href=\"https:\/\/hoyre.no\/nesodden\/pa-lag-med-deg\/\" \/>\n<meta property=\"og:locale\" content=\"nb_NO\" \/>\n<meta property=\"og:type\" content=\"article\" \/>\n<meta property=\"og:title\" content=\"P\u00e5 lag med deg - Nesodden H\u00f8yre\" \/>\n<meta property=\"og:url\" content=\"https:\/\/hoyre.no\/nesodden\/pa-lag-med-deg\/\" \/>\n<meta property=\"og:site_name\" content=\"Nesodden H\u00f8yre\" \/>\n<meta property=\"article:modified_time\" content=\"2026-08-18T12:46:47+00:00\" \/>\n<meta property=\"og:image\" content=\"https:\/\/hoyre.no\/content\/uploads\/sites\/172\/2026\/03\/Tage-og-Linda-latter-1024x683.jpg\" \/>\n<meta name=\"twitter:card\" content=\"summary_large_image\" \/>\n<meta name=\"twitter:label1\" content=\"Ansl. lesetid\" \/>\n\t<meta name=\"twitter:data1\" content=\"5 minutter\" \/>\n<script type=\"application\/ld+json\" class=\"yoast-schema-graph\">{\"@context\":\"https:\\\/\\\/schema.org\",\"@graph\":[{\"@type\":\"WebPage\",\"@id\":\"https:\\\/\\\/hoyre.no\\\/nesodden\\\/pa-lag-med-deg\\\/\",\"url\":\"https:\\\/\\\/hoyre.no\\\/nesodden\\\/pa-lag-med-deg\\\/\",\"name\":\"P\u00e5 lag med deg - Nesodden H\u00f8yre\",\"isPartOf\":{\"@id\":\"https:\\\/\\\/hoyre.no\\\/nesodden\\\/#website\"},\"image\":{\"@id\":\"https:\\\/\\\/hoyre.no\\\/nesodden\\\/pa-lag-med-deg\\\/#primaryimage\"},\"thumbnailUrl\":\"https:\\\/\\\/hoyre.no\\\/content\\\/uploads\\\/sites\\\/172\\\/2026\\\/08\\\/Tage-og-Linda-edited-scaled.jpg\",\"datePublished\":\"2026-08-18T12:10:53+00:00\",\"dateModified\":\"2026-08-18T12:46:47+00:00\",\"breadcrumb\":{\"@id\":\"https:\\\/\\\/hoyre.no\\\/nesodden\\\/pa-lag-med-deg\\\/#breadcrumb\"},\"inLanguage\":\"nb-NO\",\"potentialAction\":[{\"@type\":\"ReadAction\",\"target\":[\"https:\\\/\\\/hoyre.no\\\/nesodden\\\/pa-lag-med-deg\\\/\"]}]},{\"@type\":\"ImageObject\",\"inLanguage\":\"nb-NO\",\"@id\":\"https:\\\/\\\/hoyre.no\\\/nesodden\\\/pa-lag-med-deg\\\/#primaryimage\",\"url\":\"https:\\\/\\\/hoyre.no\\\/content\\\/uploads\\\/sites\\\/172\\\/2026\\\/08\\\/Tage-og-Linda-edited-scaled.jpg\",\"contentUrl\":\"https:\\\/\\\/hoyre.no\\\/content\\\/uploads\\\/sites\\\/172\\\/2026\\\/08\\\/Tage-og-Linda-edited-scaled.jpg\"},{\"@type\":\"BreadcrumbList\",\"@id\":\"https:\\\/\\\/hoyre.no\\\/nesodden\\\/pa-lag-med-deg\\\/#breadcrumb\",\"itemListElement\":[{\"@type\":\"ListItem\",\"position\":1,\"name\":\"Til hoyre.no\",\"item\":\"https:\\\/\\\/hoyre.no\"},{\"@type\":\"ListItem\",\"position\":2,\"name\":\"Hjem\",\"item\":\"https:\\\/\\\/hoyre.no\\\/nesodden\\\/\"},{\"@type\":\"ListItem\",\"position\":3,\"name\":\"P\u00e5 lag med deg\"}]},{\"@type\":\"WebSite\",\"@id\":\"https:\\\/\\\/hoyre.no\\\/nesodden\\\/#website\",\"url\":\"https:\\\/\\\/hoyre.no\\\/nesodden\\\/\",\"name\":\"Nesodden H\u00f8yre\",\"description\":\"Bare enda et H\u00f8yres nettsteder-nettsted\",\"inLanguage\":\"nb-NO\"}]}<\/script>\n<!-- \/ Yoast SEO plugin. -->","yoast_head_json":{"title":"P\u00e5 lag med deg - Nesodden H\u00f8yre","robots":{"index":"index","follow":"follow","max-snippet":"max-snippet:-1","max-image-preview":"max-image-preview:large","max-video-preview":"max-video-preview:-1"},"canonical":"https:\/\/hoyre.no\/nesodden\/pa-lag-med-deg\/","og_locale":"nb_NO","og_type":"article","og_title":"P\u00e5 lag med deg - Nesodden H\u00f8yre","og_url":"https:\/\/hoyre.no\/nesodden\/pa-lag-med-deg\/","og_site_name":"Nesodden H\u00f8yre","article_modified_time":"2026-08-18T12:46:47+00:00","og_image":[{"url":"https:\/\/hoyre.no\/content\/uploads\/sites\/172\/2026\/03\/Tage-og-Linda-latter-1024x683.jpg","width":"","height":"","type":""}],"twitter_card":"summary_large_image","twitter_misc":{"Ansl. lesetid":"5 minutter"},"schema":{"@context":"https:\/\/schema.org","@graph":[{"@type":"WebPage","@id":"https:\/\/hoyre.no\/nesodden\/pa-lag-med-deg\/","url":"https:\/\/hoyre.no\/nesodden\/pa-lag-med-deg\/","name":"P\u00e5 lag med deg - Nesodden H\u00f8yre","isPartOf":{"@id":"https:\/\/hoyre.no\/nesodden\/#website"},"image":{"@id":"https:\/\/hoyre.no\/nesodden\/pa-lag-med-deg\/#primaryimage"},"thumbnailUrl":"https:\/\/hoyre.no\/content\/uploads\/sites\/172\/2026\/08\/Tage-og-Linda-edited-scaled.jpg","datePublished":"2026-08-18T12:10:53+00:00","dateModified":"2026-08-18T12:46:47+00:00","breadcrumb":{"@id":"https:\/\/hoyre.no\/nesodden\/pa-lag-med-deg\/#breadcrumb"},"inLanguage":"nb-NO","potentialAction":[{"@type":"ReadAction","target":["https:\/\/hoyre.no\/nesodden\/pa-lag-med-deg\/"]}]},{"@type":"ImageObject","inLanguage":"nb-NO","@id":"https:\/\/hoyre.no\/nesodden\/pa-lag-med-deg\/#primaryimage","url":"https:\/\/hoyre.no\/content\/uploads\/sites\/172\/2026\/08\/Tage-og-Linda-edited-scaled.jpg","contentUrl":"https:\/\/hoyre.no\/content\/uploads\/sites\/172\/2026\/08\/Tage-og-Linda-edited-scaled.jpg"},{"@type":"BreadcrumbList","@id":"https:\/\/hoyre.no\/nesodden\/pa-lag-med-deg\/#breadcrumb","itemListElement":[{"@type":"ListItem","position":1,"name":"Til hoyre.no","item":"https:\/\/hoyre.no"},{"@type":"ListItem","position":2,"name":"Hjem","item":"https:\/\/hoyre.no\/nesodden\/"},{"@type":"ListItem","position":3,"name":"P\u00e5 lag med deg"}]},{"@type":"WebSite","@id":"https:\/\/hoyre.no\/nesodden\/#website","url":"https:\/\/hoyre.no\/nesodden\/","name":"Nesodden H\u00f8yre","description":"Bare enda et H\u00f8yres nettsteder-nettsted","inLanguage":"nb-NO"}]}},"distributor_meta":false,"distributor_terms":false,"distributor_media":false,"distributor_original_site_name":"Nesodden H\u00f8yre","distributor_original_site_url":"https:\/\/hoyre.no\/nesodden","push-errors":false,"_links":{"self":[{"href":"https:\/\/hoyre.no\/nesodden\/wp-json\/wp\/v2\/pages\/1588","targetHints":{"allow":["GET"]}}],"collection":[{"href":"https:\/\/hoyre.no\/nesodden\/wp-json\/wp\/v2\/pages"}],"about":[{"href":"https:\/\/hoyre.no\/nesodden\/wp-json\/wp\/v2\/types\/page"}],"author":[{"embeddable":true,"href":"https:\/\/hoyre.no\/nesodden\/wp-json\/wp\/v2\/users\/11570"}],"replies":[{"embeddable":true,"href":"https:\/\/hoyre.no\/nesodden\/wp-json\/wp\/v2\/comments?post=1588"}],"version-history":[{"count":4,"href":"https:\/\/hoyre.no\/nesodden\/wp-json\/wp\/v2\/pages\/1588\/revisions"}],"predecessor-version":[{"id":1597,"href":"https:\/\/hoyre.no\/nesodden\/wp-json\/wp\/v2\/pages\/1588\/revisions\/1597"}],"wp:attachment":[{"href":"https:\/\/hoyre.no\/nesodden\/wp-json\/wp\/v2\/media?parent=1588"}],"curies":[{"name":"wp","href":"https:\/\/api.w.org\/{rel}","templated":true}]}}