{"id":436,"date":"2022-11-11T21:28:59","date_gmt":"2022-11-11T20:28:59","guid":{"rendered":"https:\/\/hoyre.no\/nesodden\/?page_id=436"},"modified":"2023-05-28T21:48:52","modified_gmt":"2023-05-28T19:48:52","slug":"bli-bedre-kjent-med-laget","status":"publish","type":"page","link":"https:\/\/hoyre.no\/nesodden\/bli-bedre-kjent-med-laget\/","title":{"rendered":"Bli bedre kjent med v\u00e5re kandidater"},"content":{"rendered":"\n<div class=\"wp-block-hoyre-hero with-image-gradient text-color-light  has-media alignfull has-background\"><div class=\"hoyre-hero has-image\"><h1 class=\"title\">Bli bedre kjent med v\u00e5re kandidater<\/h1><p class=\"preamble\">Her kan du bli bedre kjent med Nesodden H\u00f8yres listekandidater.<\/p>\t\t\t<div class=\"post-meta wp-block teft-byline-wrapper\">\n\t\t\t\t<div class=\"top\">\n\t\t\t\t\t<div class=\"signature\">\n\t\t\t\t\t\t<div class=\"teft-byline\">\n\t\t\t\t\t\t\t\t\t\t\t\t\t\t<div>\n\t\t\t\t\t\t\t\t<h3>H\u00f8yres redaksjon<\/h3>\t\t\t\t\t\t\t\t\n\t\t\t\t\t\t\t\t\t\t\t\t\t\t\t\t\t<span class=\"date\">Sist oppdatert: 28. mai 2023<\/span>\n\t\t\t\t\t\t\t\t\t\t\t\t\t\t\t\t\t\t\t\t\t\t\t\t\t<span class=\"reading-time\" itemprop=\"timeRequired\" content=\"PT46M\"><em>Ca. 46 minutter lesetid<\/em><\/span>\n\t\t\t\t\t\t\t\t\t\t\t\t\t\t\t<\/div>\n\t\t\t\t\t\t<\/div>\n\t\t\t\t\t<\/div>\n\t\t\t\t\t\t<div class=\"sharing\">\n\t\t<a class=\"share-button share-link copy-link\" data-copy=\"https:\/\/hoyre.no\/nesodden\/bli-bedre-kjent-med-laget\/\" target=\"_blank\"><span class=\"screen-reader-text\">Del link<\/span><\/a>\n\t\t<a class=\"share-button share-twitter\" href=\"http:\/\/twitter.com\/share?text=Bli bedre kjent med v\u00e5re kandidater&#038;url=https:\/\/hoyre.no\/nesodden\/bli-bedre-kjent-med-laget\/&#038;hashtags=Hoyre\" target=\"_blank\"><span class=\"screen-reader-text\">Del p\u00e5 twitter<\/span><\/a>\n\t\t<a class=\"share-button share-facebook\" href=\"https:\/\/www.facebook.com\/sharer\/sharer.php?u=https:\/\/hoyre.no\/nesodden\/bli-bedre-kjent-med-laget\/\" target=\"_blank\"><span class=\"screen-reader-text\">Del p\u00e5 facebook<\/span><\/a>\n\t<\/div>\n\t\t\t\t\t<\/div>\n\t\t\t<\/div>\n\n\t\t\t<figure class=\"hoyre-image-wrapper\"><div class=\"hoyre-image\"><img loading=\"lazy\" decoding=\"async\" width=\"2500\" height=\"1670\" src=\"https:\/\/hoyre.no\/content\/uploads\/sites\/172\/2023\/01\/DSC07451-1-scaled.jpg\" class=\"attachment-scaled size-scaled\" alt=\"\" style=\"object-position: 50% 60%\" srcset=\"https:\/\/hoyre.no\/content\/uploads\/sites\/172\/2023\/01\/DSC07451-1-scaled.jpg 2500w, https:\/\/hoyre.no\/content\/uploads\/sites\/172\/2023\/01\/DSC07451-1-300x200.jpg 300w, https:\/\/hoyre.no\/content\/uploads\/sites\/172\/2023\/01\/DSC07451-1-1024x684.jpg 1024w, https:\/\/hoyre.no\/content\/uploads\/sites\/172\/2023\/01\/DSC07451-1-768x513.jpg 768w, https:\/\/hoyre.no\/content\/uploads\/sites\/172\/2023\/01\/DSC07451-1-1536x1026.jpg 1536w, https:\/\/hoyre.no\/content\/uploads\/sites\/172\/2023\/01\/DSC07451-1-2048x1368.jpg 2048w\" sizes=\"auto, (max-width: 2500px) 100vw, 2500px\" \/><\/div><\/figure><\/div><\/div>\n\n\n\n\n<h2 class=\"wp-block-heading\">Bli bedre kjent med laget!<\/h2>\n\n\n\n<p>H\u00f8yres liste til valget i 2023 er sammensatt av 31 navn: 15 kvinner og 16 menn, og med en aldersspredning fra 18 til 76 \u00e5r. Det er et mangfoldig lag med dyktige folk, som alle har ulike erfaringer, kompetanseomr\u00e5der og interesser. Trykk p\u00e5 navnet til den personen du vil bli bedre kjent med!<\/p>\n\n\n\n<div class=\"wp-block-teft-accordion\"><div class=\"teft-accordion__inner\"><\/div><\/div>\n\n\n\n<div class=\"wp-block-teft-accordion\"><div class=\"teft-accordion__inner\">\n<div class=\"wp-block-teft-item\"><div class=\"teft-item__inner\"><h4 class=\"toggle\">1. Tage Slind Jensen (1998), Bj\u00f8rnemyr<\/h4><div class=\"teft-item__inner-content entry-content\">\n<figure class=\"wp-block-gallery has-nested-images columns-default is-cropped wp-block-gallery-1 is-layout-flex wp-block-gallery-is-layout-flex\">\n<figure class=\"wp-block-image size-large\"><img decoding=\"async\" data-id=\"545\" src=\"https:\/\/hoyre.no\/content\/uploads\/sites\/172\/2023\/01\/1.-Tage-Jensen-1024x684.jpg\" alt=\"\" class=\"wp-image-545\" \/><figcaption>Foto: Elias Rasch \/ Rasch Produksjon<\/figcaption><\/figure>\n<\/figure>\n\n\n\n<p><strong>N\u00e5v\u00e6rende stilling\/yrke<\/strong><\/p>\n\n\n\n<p>Kampanjer\u00e5dgiver i H\u00f8yre<\/p>\n\n\n\n<p><strong>Sivilstatus<\/strong><\/p>\n\n\n\n<p>Singel<\/p>\n\n\n\n<p><strong>Hvilken utdanning har du?<\/strong><\/p>\n\n\n\n<ul class=\"wp-block-list\"><li>Studiespesialisering (spr\u00e5k, samfunnsfag og \u00f8konomi) v\/ Nesodden VGS<\/li><li>Bachelor i internasjonale studier v\/ UiO<\/li><li>Master i statsvitenskap v\/ UiO<\/li><\/ul>\n\n\n\n<p><strong>Hvilken arbeidserfaring har du?<\/strong><\/p>\n\n\n\n<ul class=\"wp-block-list\"><li>Kampanjer\u00e5dgiver, H\u00f8yres Hovedorganisasjon (2021-)<\/li><li>Organisasjonssekret\u00e6r, Akershus Unge H\u00f8yre (2021-2022)<\/li><li>Researcher, Rud Pedersen Public Affairs (2019-2022)<\/li><li>Kantinemedarbeider, Sunnaas Sykehus (2016-2022)<\/li><\/ul>\n\n\n\n<p><strong>Har du politisk erfaring fra f\u00f8r?<\/strong><\/p>\n\n\n\n<ul class=\"wp-block-list\"><li>Kommunestyrerepresentant, Nesodden kommune (2019-)<\/li><li>Medlem i skole- og oppvekstutvalget, Nesodden kommune (2019-)<\/li><li>Foreningsleder, Nesodden H\u00f8yre (2021-)<\/li><li>Kampanjeleder, Nesodden H\u00f8yre (2016-)<\/li><li>2. nestleder, Akershus Unge H\u00f8yre (2017-2019)<\/li><li>Leder, Nesodden Unge H\u00f8yre (2016-2017)<\/li><li>Representant (Bl\u00e5 Liste), Studentparlamentet ved UiO<\/li><\/ul>\n\n\n\n<p><strong>Hvilke politikkomr\u00e5der er du mest interessert i?<\/strong><\/p>\n\n\n\n<ul class=\"wp-block-list\"><li>Skole og utdanning<\/li><li>Boligpolitikk<\/li><li>Klima og milj\u00f8<\/li><\/ul>\n\n\n\n<p><strong>Hvilke saker mener du at H\u00f8yre b\u00f8r fronte frem mot valget? Har du noen hjertesaker?<\/strong><\/p>\n\n\n\n<ul class=\"wp-block-list\"><li>H\u00f8yre skal skape en skole der alle kan lykkes. Vi skal ha gode skolebygg i hele kommunen, satse p\u00e5 l\u00e6rerne og gi elevene st\u00f8rre frihet i egen skolehverdag.<\/li><li>Nesodden skal bli en \u00abja-kommune\u00bb som er p\u00e5 lag med innbyggerne og bedriftene.<\/li><li>Kommunen skal ta st\u00f8rre ansvar for klimaet og milj\u00f8et, is\u00e6r Oslofjorden, som er i d\u00e5rlig forfatning.<\/li><\/ul>\n\n\n\n<p><strong>Hvorfor er du kandidat for Nesodden H\u00f8yre?<\/strong><\/p>\n\n\n\n<p>Fordi jeg \u00f8nsker at Nesodden skal bli et enda bedre sted \u00e5 bo. H\u00f8yre har tydelige m\u00e5l og ambisjoner for kommunen, og vil gi hver enkelt st\u00f8rre frihet i eget liv.<\/p>\n\n\n\n<p><strong>Andre opplysninger du mener kan v\u00e6re av interesse? Har du for eksempel erfaringer fra frivilligheten, et r\u00e5d eller en organisasjon?<\/strong><\/p>\n\n\n\n<ul class=\"wp-block-list\"><li>Bes\u00f8ksvenn via Ullern Frivillighetssentral, 2017-2021<\/li><li>Deltaker p\u00e5 Civitaskolen, 2018<\/li><li>Studentrepresentant i styret ved Naturhistorisk museum, 2019-2020<\/li><li>Deltaker p\u00e5 Civitaakademiet, 2020<\/li><li>Praktikant hos Civita via UiO (p\u00e5 prosjektet \u00abNorge i EUs indre marked\u00bb), 2021<\/li><\/ul>\n<\/div><\/div><\/div>\n\n\n\n<div class=\"wp-block-teft-item\"><div class=\"teft-item__inner\"><h4 class=\"toggle\">2. Trude Thorsdatter Evensen (1968), Jaer<\/h4><div class=\"teft-item__inner-content entry-content\">\n<figure class=\"wp-block-gallery has-nested-images columns-default is-cropped wp-block-gallery-2 is-layout-flex wp-block-gallery-is-layout-flex\">\n<figure class=\"wp-block-image size-large\"><img loading=\"lazy\" decoding=\"async\" width=\"1024\" height=\"684\" data-id=\"547\" src=\"https:\/\/hoyre.no\/content\/uploads\/sites\/172\/2023\/01\/2.-Trude-Evensen-1024x684.jpg\" alt=\"\" class=\"wp-image-547\" srcset=\"https:\/\/hoyre.no\/content\/uploads\/sites\/172\/2023\/01\/2.-Trude-Evensen-1024x684.jpg 1024w, https:\/\/hoyre.no\/content\/uploads\/sites\/172\/2023\/01\/2.-Trude-Evensen-300x200.jpg 300w, https:\/\/hoyre.no\/content\/uploads\/sites\/172\/2023\/01\/2.-Trude-Evensen-768x513.jpg 768w, https:\/\/hoyre.no\/content\/uploads\/sites\/172\/2023\/01\/2.-Trude-Evensen-1536x1026.jpg 1536w, https:\/\/hoyre.no\/content\/uploads\/sites\/172\/2023\/01\/2.-Trude-Evensen-2048x1368.jpg 2048w\" sizes=\"auto, (max-width: 1024px) 100vw, 1024px\" \/><figcaption>Foto: Elias Rasch \/ Rasch Produksjon<\/figcaption><\/figure>\n<\/figure>\n\n\n\n<p><strong>N\u00e5v\u00e6rende stilling\/yrke<\/strong><\/p>\n\n\n\n<p>Dirigent og assistent<\/p>\n\n\n\n<p><strong>Sivilstatus<\/strong><\/p>\n\n\n\n<p>Gift<\/p>\n\n\n\n<p><strong>Hvilken utdanning har du?<\/strong><\/p>\n\n\n\n<ul class=\"wp-block-list\"><li>Fris\u00f8r<\/li><li>Dirigent<\/li><\/ul>\n\n\n\n<p><strong>Hvilken arbeidserfaring har du?<\/strong><\/p>\n\n\n\n<p>Jeg var selvstendig n\u00e6ringsdrivende fra 1994 og frem til 2017. Etter det har jeg jobbet som assistent\/l\u00e6rer i ungdomsskolen. Har ellers jobbet som korpsdirigent i 27 \u00e5r.<\/p>\n\n\n\n<p><strong>Har du politisk erfaring fra f\u00f8r?<\/strong><\/p>\n\n\n\n<ul class=\"wp-block-list\"><li>Kommunestyrerepresentant, Nesodden kommune (2019-)<\/li><li>Medlem i formannskapet, Nesodden kommune (2019-)<\/li><li>Medlem i kultur-, milj\u00f8- og teknikkutvalget (2019-2021)<\/li><li>Medlem i helse- og omsorgsutvalget (2019)<\/li><li>Gruppeleder, Nesodden H\u00f8yre (2021-)<\/li><\/ul>\n\n\n\n<p><strong>Hvilke politikkomr\u00e5der er du mest interessert i?<\/strong><\/p>\n\n\n\n<ul class=\"wp-block-list\"><li>Samferdsel<\/li><li>Skole og utdanning<\/li><li>N\u00e6ringsliv og arbeidsplasser<\/li><\/ul>\n\n\n\n<p><strong>Hvilke saker mener du at H\u00f8yre b\u00f8r fronte frem mot valget? Har du noen hjertesaker?<\/strong><\/p>\n\n\n\n<ul class=\"wp-block-list\"><li>Vi m\u00e5 f\u00e5 et bedre kollektivtilbud fra Nesodden til resten av Follo, spesielt med tanke p\u00e5 reisevei til videreg\u00e5ende skoler utenfor Nesodden.<\/li><li>Vi m\u00e5 s\u00f8rge for at n\u00e6ringslivet har trygge premisser for sin drift, slik at arbeidsplasser er sikre og selskaper kan utvikle seg og drive forutsigbart.<\/li><\/ul>\n\n\n\n<p><strong>Hvorfor er du kandidat for Nesodden H\u00f8yre?<\/strong><\/p>\n\n\n\n<p>Jeg er en engasjert innbygger. Jeg \u00f8nsker \u00e5 v\u00e6re en ressurs for kommunen, og liker \u00e5 st\u00e5 p\u00e5 for at alle skal ha det bra.<\/p>\n\n\n\n<p><strong>Andre opplysninger du mener kan v\u00e6re av interesse? Har du for eksempel erfaringer fra frivilligheten, et r\u00e5d eller en organisasjon?<\/strong><\/p>\n\n\n\n<p>I tillegg til \u00e5 v\u00e6re korpsdirigent, har jeg ogs\u00e5 deltatt i korpsstyrer &#8211; i alle slags verv &#8211; i mer enn 30 \u00e5r. Jeg var frivillig p\u00e5 Oslo Jazzfestival i fem \u00e5r, og ett \u00e5r p\u00e5 Nesodden Jazzfestival.<\/p>\n<\/div><\/div><\/div>\n\n\n\n<div class=\"wp-block-teft-item\"><div class=\"teft-item__inner\"><h4 class=\"toggle\">3. Tor Lindberg (1961), Tangen<\/h4><div class=\"teft-item__inner-content entry-content\">\n<figure class=\"wp-block-gallery has-nested-images columns-default is-cropped wp-block-gallery-3 is-layout-flex wp-block-gallery-is-layout-flex\">\n<figure class=\"wp-block-image size-large\"><img loading=\"lazy\" decoding=\"async\" width=\"1024\" height=\"684\" data-id=\"548\" src=\"https:\/\/hoyre.no\/content\/uploads\/sites\/172\/2023\/01\/3.-Tor-Lindberg-1024x684.jpg\" alt=\"\" class=\"wp-image-548\" srcset=\"https:\/\/hoyre.no\/content\/uploads\/sites\/172\/2023\/01\/3.-Tor-Lindberg-1024x684.jpg 1024w, https:\/\/hoyre.no\/content\/uploads\/sites\/172\/2023\/01\/3.-Tor-Lindberg-300x200.jpg 300w, https:\/\/hoyre.no\/content\/uploads\/sites\/172\/2023\/01\/3.-Tor-Lindberg-768x513.jpg 768w, https:\/\/hoyre.no\/content\/uploads\/sites\/172\/2023\/01\/3.-Tor-Lindberg-1536x1026.jpg 1536w, https:\/\/hoyre.no\/content\/uploads\/sites\/172\/2023\/01\/3.-Tor-Lindberg-2048x1368.jpg 2048w\" sizes=\"auto, (max-width: 1024px) 100vw, 1024px\" \/><figcaption>Foto: Elias Rasch \/ Rasch Produksjon<\/figcaption><\/figure>\n<\/figure>\n\n\n\n<p><strong>N\u00e5v\u00e6rende stilling\/yrke<\/strong><\/p>\n\n\n\n<p>Seniorkonsulent<\/p>\n\n\n\n<p><strong>Sivilstatus<\/strong><\/p>\n\n\n\n<p>Gift<\/p>\n\n\n\n<p><strong>Hvilken utdanning har du?<\/strong><\/p>\n\n\n\n<ul class=\"wp-block-list\"><li>H\u00f8yskole &#8211; teknologi <\/li><\/ul>\n\n\n\n<p><strong>Hvilken arbeidserfaring har du?<\/strong><\/p>\n\n\n\n<ul class=\"wp-block-list\"><li>Seniorkonsulent, Itera Norge AS (2005-)<\/li><li>IKT-leder, Det kongelige hoff (1995-2005)<\/li><li>F\u00f8rstekonsulent, Rikstrygdeverket (1985-1995)<\/li><\/ul>\n\n\n\n<p><strong>Har du politisk erfaring fra f\u00f8r?<\/strong><\/p>\n\n\n\n<p>Jeg har v\u00e6rt kommunestyrerepresentant siden 2015, og sitter i dag i kultur-, milj\u00f8- og teknikkutvalget. Tidligere var jeg aktiv i Overhalla Unge H\u00f8yre<\/p>\n\n\n\n<p><strong>Hvilke politikkomr\u00e5der er du mest interessert i?<\/strong><\/p>\n\n\n\n<p>Kultur, milj\u00f8 og idrett.<\/p>\n\n\n\n<p><strong>Hvilke saker mener du at H\u00f8yre b\u00f8r fronte frem mot valget? Har du noen hjertesaker?<\/strong><\/p>\n\n\n\n<p>Idrett og kultur.<\/p>\n\n\n\n<p><strong>Hvorfor er du kandidat for Nesodden H\u00f8yre?<\/strong><\/p>\n\n\n\n<p>Jeg \u00f8nsker \u00e5 ivareta idretten p\u00e5 best mulig vis. Idretten er v\u00e5rt viktigste bidrag til folkehelsen. I tillegg \u00f8nsker jeg \u00e5 bidra til at milj\u00f8-, kunst- og kulturlivet p\u00e5 Nesodden blir ivaretatt.<\/p>\n\n\n\n<p><strong>Andre opplysninger du mener kan v\u00e6re av interesse? Har du for eksempel erfaringer fra frivilligheten, et r\u00e5d eller en organisasjon?<\/strong><\/p>\n\n\n\n<p>Har v\u00e6rt styremedlem i to perioder i Nesodden Fotball, og vaktleder i mange \u00e5r i Brattbakken alpinanlegg.<\/p>\n<\/div><\/div><\/div>\n\n\n\n<div class=\"wp-block-teft-item\"><div class=\"teft-item__inner\"><h4 class=\"toggle\">4. Linda Johnstone S\u00f8rensen (1982), Myklerud<\/h4><div class=\"teft-item__inner-content entry-content\">\n<figure class=\"wp-block-gallery has-nested-images columns-default is-cropped wp-block-gallery-4 is-layout-flex wp-block-gallery-is-layout-flex\">\n<figure class=\"wp-block-image size-large\"><img loading=\"lazy\" decoding=\"async\" width=\"1024\" height=\"684\" data-id=\"549\" src=\"https:\/\/hoyre.no\/content\/uploads\/sites\/172\/2023\/01\/4.-Linda-Sorensen-1024x684.jpg\" alt=\"\" class=\"wp-image-549\" srcset=\"https:\/\/hoyre.no\/content\/uploads\/sites\/172\/2023\/01\/4.-Linda-Sorensen-1024x684.jpg 1024w, https:\/\/hoyre.no\/content\/uploads\/sites\/172\/2023\/01\/4.-Linda-Sorensen-300x200.jpg 300w, https:\/\/hoyre.no\/content\/uploads\/sites\/172\/2023\/01\/4.-Linda-Sorensen-768x513.jpg 768w, https:\/\/hoyre.no\/content\/uploads\/sites\/172\/2023\/01\/4.-Linda-Sorensen-1536x1026.jpg 1536w, https:\/\/hoyre.no\/content\/uploads\/sites\/172\/2023\/01\/4.-Linda-Sorensen-2048x1368.jpg 2048w\" sizes=\"auto, (max-width: 1024px) 100vw, 1024px\" \/><figcaption>Foto: Elias Rasch \/ Rasch Produksjon<\/figcaption><\/figure>\n<\/figure>\n\n\n\n<p><strong>N\u00e5v\u00e6rende stilling\/yrke<\/strong><\/p>\n\n\n\n<p>Head of HSEQ &amp; Human Factors<\/p>\n\n\n\n<p><strong>Sivilstatus<\/strong><\/p>\n\n\n\n<p>Gift<\/p>\n\n\n\n<p><strong>Hvilken utdanning har du?<\/strong><\/p>\n\n\n\n<ul class=\"wp-block-list\"><li>Doktorgrad innen ingeni\u00f8rvitenskap v\/ University of Southampton<\/li><li>MBA v\/ London Business School<\/li><li>Master i organisasjonspsykologi v\/ London School of Economics and Political Science<\/li><li>Bachelor i psykologi v\/ Universitet i Oslo<\/li><li>Master i statsvitenskap v\/ Universitet i Oslo<\/li><\/ul>\n\n\n\n<p><strong>Hvilken arbeidserfaring har du?<\/strong><\/p>\n\n\n\n<ul class=\"wp-block-list\"><li>Head of HSEQ &amp; Human Factors, Frontline Management (2019-)<\/li><li>Organisational Development &amp; Human Factors Specialist, BW Group (2015-2019)<\/li><li>Research Fellow, H\u00f8yskolen i Buskerud og Vestfold (2012-2015)<\/li><\/ul>\n\n\n\n<ul class=\"wp-block-list\"><li>Senior Consultant \/ Technical Lead \/ Team Manager, Lloyd&#8217;s Register Consulting (2012-2015)<\/li><li>Researcher, University of Southampton (2009-2011)<\/li><li>Higher Research Scientist, National Physical Laboratory (2007-2009)<\/li><\/ul>\n\n\n\n<p><strong>Har du politisk erfaring fra f\u00f8r?<\/strong><\/p>\n\n\n\n<ul class=\"wp-block-list\"><li>Kommunestyrerepresentant (vara), Nesodden kommune (2019-)<\/li><li>Medlem i plan- og byggesaksutvalget, Nesodden kommune (2019-)<\/li><\/ul>\n\n\n\n<p><strong>Hvilke politikkomr\u00e5der er du mest interessert i?<\/strong><\/p>\n\n\n\n<ul class=\"wp-block-list\"><li>Boligpolitikk<\/li><li>N\u00e6ringsliv<\/li><li>Helse<\/li><li>Skole og oppvekst<\/li><\/ul>\n\n\n\n<p><strong>Hvilke saker mener du at H\u00f8yre b\u00f8r fronte frem mot valget? Har du noen hjertesaker?<\/strong><\/p>\n\n\n\n<ul class=\"wp-block-list\"><li>Nesodden skal bli en \u00abja-kommune\u00bb som er p\u00e5 lag med innbyggerne og bedriftene.<\/li><li>Nesodden har mange frivillige krefter som skaper det gode nesoddlivet. De \u00f8nsker H\u00f8yre at skal f\u00e5 mer forutsigbare betingelser.&nbsp;<\/li><li>Norge, og resten av verden, g\u00e5r inn i en mer uforutsigbar og \u00f8konomisk utfordrende tid. H\u00f8yre vil derfor kjempe for at befolkningen ikke f\u00e5r en ekstra byrde i form av eiendomsskatt. Vi skal ogs\u00e5 s\u00f8rge for \u00f8kning i kommunens inntekter og forsvarlig \u00f8konomisk drift. &nbsp;<\/li><li>Vi er i en energikrise, og vil derfor la folk oppf\u00f8re solceller p\u00e5 eget tak uten fordyrende og kompliserende s\u00f8knader til kommunen.<\/li><\/ul>\n\n\n\n<p><strong>Hvorfor er du kandidat for Nesodden H\u00f8yre?<\/strong><\/p>\n\n\n\n<p>Nesodden er et godt sted \u00e5 bo, men har noen utfordringer som m\u00e5 l\u00f8ses. Det vil jeg v\u00e6re med p\u00e5. H\u00f8yre har klare m\u00e5lsetninger for hvordan utfordringene skal l\u00f8ses p\u00e5 ulike felt s\u00e5 som \u00f8konomi, skole, milj\u00f8, for eldre og innenfor helse.<\/p>\n\n\n\n<p><strong>Andre opplysninger du mener kan v\u00e6re av interesse? Har du for eksempel erfaringer fra frivilligheten, et r\u00e5d eller en organisasjon?<\/strong><\/p>\n\n\n\n<p>Jeg har v\u00e6rt med p\u00e5 etablere en internasjonal veldedig organisasjon for ofre for vold i hjemmet. Denne ble etablert i USA i 2020 og har globale ambisjoner<\/p>\n<\/div><\/div><\/div>\n\n\n\n<div class=\"wp-block-teft-item\"><div class=\"teft-item__inner\"><h4 class=\"toggle\">5. Anette L\u00f8es Hokholt Wiik (1975), Berger<\/h4><div class=\"teft-item__inner-content entry-content\">\n<figure class=\"wp-block-gallery has-nested-images columns-default is-cropped wp-block-gallery-5 is-layout-flex wp-block-gallery-is-layout-flex\">\n<figure class=\"wp-block-image size-large\"><img loading=\"lazy\" decoding=\"async\" width=\"1024\" height=\"684\" data-id=\"550\" src=\"https:\/\/hoyre.no\/content\/uploads\/sites\/172\/2023\/01\/5.-Anette-Wiik-1024x684.jpg\" alt=\"\" class=\"wp-image-550\" srcset=\"https:\/\/hoyre.no\/content\/uploads\/sites\/172\/2023\/01\/5.-Anette-Wiik-1024x684.jpg 1024w, https:\/\/hoyre.no\/content\/uploads\/sites\/172\/2023\/01\/5.-Anette-Wiik-300x200.jpg 300w, https:\/\/hoyre.no\/content\/uploads\/sites\/172\/2023\/01\/5.-Anette-Wiik-768x513.jpg 768w, https:\/\/hoyre.no\/content\/uploads\/sites\/172\/2023\/01\/5.-Anette-Wiik-1536x1026.jpg 1536w, https:\/\/hoyre.no\/content\/uploads\/sites\/172\/2023\/01\/5.-Anette-Wiik-2048x1368.jpg 2048w\" sizes=\"auto, (max-width: 1024px) 100vw, 1024px\" \/><figcaption>Foto: Elias Rasch \/ Rasch Produksjon<\/figcaption><\/figure>\n<\/figure>\n\n\n\n<p><strong>N\u00e5v\u00e6rende stilling\/yrke<\/strong><\/p>\n\n\n\n<p>Avdelingsdirekt\u00f8r<\/p>\n\n\n\n<p><strong>Sivilstatus<\/strong><\/p>\n\n\n\n<p>Gift<\/p>\n\n\n\n<p><strong>Hvilken utdanning har du?<\/strong><\/p>\n\n\n\n<p>Jeg er utdannet sivil\u00f8konom.<\/p>\n\n\n\n<p><strong>Hvilken arbeidserfaring har du?<\/strong><\/p>\n\n\n\n<p>Jeg har jobbet som avdelingsdirekt\u00f8r i Posten Norge AS siden 2021. F\u00f8r det har jeg hatt andre stillinger i selskapet: prosjektleder, forretningsutvikler, fagansvarlig, teamleder og trainee.<\/p>\n\n\n\n<p><strong>Har du politisk erfaring fra f\u00f8r?<\/strong><\/p>\n\n\n\n<p>Medlem av kommunestyret, formannskapet og flere andre utvalg i perioden 1995-2014.<\/p>\n\n\n\n<p><strong>Hvilke politikkomr\u00e5der er du mest interessert i?<\/strong><\/p>\n\n\n\n<ul class=\"wp-block-list\"><li>Helse og omsorg for alle aldersgrupper<\/li><\/ul>\n\n\n\n<ul class=\"wp-block-list\"><li>Skole og oppvekst<\/li><li>Utvikling av Nesodden (inkludert arealplanlegging og boligutvikling)<\/li><\/ul>\n\n\n\n<p><strong>Hvilke saker mener du at H\u00f8yre b\u00f8r fronte frem mot valget? Har du noen hjertesaker?<\/strong><\/p>\n\n\n\n<ul class=\"wp-block-list\"><li>Legge til rette for gode rammer og samarbeid med alle som tilbyr aktivitet for barn, unge og eldre p\u00e5 Nesodden.<\/li><\/ul>\n\n\n\n<ul class=\"wp-block-list\"><li>En forutsigbar og godt gjennomtenkt utvikling av skolestrukturen. <\/li><\/ul>\n\n\n\n<ul class=\"wp-block-list\"><li>At hele Nesodden skal utvikles.<\/li><\/ul>\n\n\n\n<p><strong>Hvorfor er du kandidat for Nesodden H\u00f8yre?<\/strong><\/p>\n\n\n\n<p>Jeg har alltid v\u00e6rt opptatt av og engasjert i hva som skjer p\u00e5 Nesodden. Jeg \u00f8nsker n\u00e5 p\u00e5 nytt \u00e5 v\u00e6re med \u00e5 p\u00e5virke hvordan Nesoddens skal utvikles i sm\u00e5 og store saker til det beste for alle oss som bor her.&nbsp; &nbsp;<\/p>\n\n\n\n<p><strong>Andre opplysninger du mener kan v\u00e6re av interesse? Har du for eksempel erfaringer fra frivilligheten, et r\u00e5d eller en organisasjon?<\/strong><\/p>\n\n\n\n<ul class=\"wp-block-list\"><li>Engasjert forelder for Nesodden teaterfabrikk<\/li><\/ul>\n\n\n\n<ul class=\"wp-block-list\"><li>Styreleder og styremedlem i Nesodden H\u00e5ndballklubb<\/li><li>Speiderleder<\/li><\/ul>\n<\/div><\/div><\/div>\n\n\n\n<div class=\"wp-block-teft-item\"><div class=\"teft-item__inner\"><h4 class=\"toggle\">6. Christian Rikheim Sundelin (1982), Myklerud<\/h4><div class=\"teft-item__inner-content entry-content\">\n<figure class=\"wp-block-gallery has-nested-images columns-default is-cropped wp-block-gallery-6 is-layout-flex wp-block-gallery-is-layout-flex\">\n<figure class=\"wp-block-image size-large\"><img loading=\"lazy\" decoding=\"async\" width=\"1024\" height=\"684\" data-id=\"552\" src=\"https:\/\/hoyre.no\/content\/uploads\/sites\/172\/2023\/01\/6.-Christian-Sundelin-1024x684.jpg\" alt=\"\" class=\"wp-image-552\" srcset=\"https:\/\/hoyre.no\/content\/uploads\/sites\/172\/2023\/01\/6.-Christian-Sundelin-1024x684.jpg 1024w, https:\/\/hoyre.no\/content\/uploads\/sites\/172\/2023\/01\/6.-Christian-Sundelin-300x200.jpg 300w, https:\/\/hoyre.no\/content\/uploads\/sites\/172\/2023\/01\/6.-Christian-Sundelin-768x513.jpg 768w, https:\/\/hoyre.no\/content\/uploads\/sites\/172\/2023\/01\/6.-Christian-Sundelin-1536x1026.jpg 1536w, https:\/\/hoyre.no\/content\/uploads\/sites\/172\/2023\/01\/6.-Christian-Sundelin-2048x1368.jpg 2048w\" sizes=\"auto, (max-width: 1024px) 100vw, 1024px\" \/><figcaption>Foto: Elias Rasch \/ Rasch Produksjon<\/figcaption><\/figure>\n<\/figure>\n\n\n\n<p><strong>N\u00e5v\u00e6rende stilling\/yrke<\/strong><\/p>\n\n\n\n<p>Seniorkontraktsr\u00e5dgiver<\/p>\n\n\n\n<p><strong>Sivilstatus<\/strong><\/p>\n\n\n\n<p>Samboer<\/p>\n\n\n\n<p><strong>Hvilken utdanning har du?<\/strong><\/p>\n\n\n\n<ul class=\"wp-block-list\"><li>Jurist<\/li><\/ul>\n\n\n\n<p><strong>Hvilken arbeidserfaring har du?<\/strong><\/p>\n\n\n\n<p>Jeg har arbeidet for OsloMet, Stortingets administrasjon, Dovre Group AS, NRK og HRP AS. Jeg har administrert anbudsprosesser, bidratt som jurist\/kontraktsr\u00e5dgiver i st\u00f8rre IT-prosjekter og entrepriser. For tiden er jeg utleid til Bane NOR som jobber med fremtidens signalsystem og utrulling av dette.<\/p>\n\n\n\n<p><strong>Har du politisk erfaring fra f\u00f8r?<\/strong><\/p>\n\n\n\n<p>Jeg har sittet fast i kommunestyret, og ledet kontrollutvalget i Nesodden kommune det siste \u00e5ret. Har v\u00e6rt vara til kommunestyret siden 2015. Ellers har jeg v\u00e6rt nestleder i Nesodden H\u00f8yre siden 2018.<\/p>\n\n\n\n<p><strong>Hvilke politikkomr\u00e5der er du mest interessert i?<\/strong><\/p>\n\n\n\n<p>N\u00e6ringspolitikk, omr\u00e5deutvikling og oppvekstsvilk\u00e5r for barna.<\/p>\n\n\n\n<p><strong>Hvilke saker mener du at H\u00f8yre b\u00f8r fronte frem mot valget? Har du noen hjertesaker?<\/strong><\/p>\n\n\n\n<ul class=\"wp-block-list\"><li>Nesodden som ja-kommune.<\/li><li>Nei til eiendomsskatt.<\/li><li>Utvikling av Tangen brygge og Cirkle K-tomten p\u00e5 Fagerstrand. Nesodden trenger n\u00e6ring, blant annet i form av hotell og reiseliv.<\/li><li>Bedre oppvekst- og l\u00e6ringsmilj\u00f8 for skolebarna v\u00e5re, blant annet gjennom gode skolebygg.<\/li><\/ul>\n\n\n\n<p><strong>Hvorfor er du kandidat for Nesodden H\u00f8yre?<\/strong><\/p>\n\n\n\n<p>Jeg har en sterk tro p\u00e5 individet, og vil legge til rette for at flere kan lykkes og trives p\u00e5 Nesodden.<\/p>\n\n\n\n<p><strong>Andre opplysninger du mener kan v\u00e6re av interesse? Har du for eksempel erfaringer fra frivilligheten, et r\u00e5d eller en organisasjon?<\/strong><\/p>\n\n\n\n<p>Jeg har lang erfaring fra idretten, b\u00e5de orientering og langrenn. Har sittet i styret i Fagerstrand vel i mange \u00e5r, hvor vi har utviklet stranden til \u00e5 kanskje bli den mest attraktive p\u00e5 Nesodden. <\/p>\n<\/div><\/div><\/div>\n\n\n\n<div class=\"wp-block-teft-item\"><div class=\"teft-item__inner\"><h4 class=\"toggle\">7. Sofie R\u00f8nnevik (2005), Bj\u00f8rnemyr<\/h4><div class=\"teft-item__inner-content entry-content\">\n<figure class=\"wp-block-gallery has-nested-images columns-default is-cropped wp-block-gallery-7 is-layout-flex wp-block-gallery-is-layout-flex\">\n<figure class=\"wp-block-image size-large\"><img loading=\"lazy\" decoding=\"async\" width=\"1024\" height=\"684\" data-id=\"551\" src=\"https:\/\/hoyre.no\/content\/uploads\/sites\/172\/2023\/01\/7.-Sofie-Ronnevik-1024x684.jpg\" alt=\"\" class=\"wp-image-551\" srcset=\"https:\/\/hoyre.no\/content\/uploads\/sites\/172\/2023\/01\/7.-Sofie-Ronnevik-1024x684.jpg 1024w, https:\/\/hoyre.no\/content\/uploads\/sites\/172\/2023\/01\/7.-Sofie-Ronnevik-300x200.jpg 300w, https:\/\/hoyre.no\/content\/uploads\/sites\/172\/2023\/01\/7.-Sofie-Ronnevik-768x513.jpg 768w, https:\/\/hoyre.no\/content\/uploads\/sites\/172\/2023\/01\/7.-Sofie-Ronnevik-1536x1026.jpg 1536w, https:\/\/hoyre.no\/content\/uploads\/sites\/172\/2023\/01\/7.-Sofie-Ronnevik-2048x1368.jpg 2048w\" sizes=\"auto, (max-width: 1024px) 100vw, 1024px\" \/><figcaption>Foto: Elias Rasch \/ Rasch Produksjon<\/figcaption><\/figure>\n<\/figure>\n\n\n\n<p><strong>N\u00e5v\u00e6rende stilling\/yrke<\/strong><\/p>\n\n\n\n<p>Skoleelev<\/p>\n\n\n\n<p><strong>Sivilstatus<\/strong><\/p>\n\n\n\n<p>Singel<\/p>\n\n\n\n<p><strong>Hvilken utdanning har du?<\/strong><\/p>\n\n\n\n<ul class=\"wp-block-list\"><li>Studiespesialisering v\/ Kristelig Gymnasium (2020-)<\/li><\/ul>\n\n\n\n<p><strong>Har du politisk erfaring fra f\u00f8r?<\/strong><\/p>\n\n\n\n<ul class=\"wp-block-list\"><li>Lokalforeningsleder, Follo Unge H\u00f8yre (2022-)<\/li><li>Organisatorisk nestleder, Follo Unge H\u00f8yre (2021-2022)<\/li><li>Styremedlem, Nesodden H\u00f8yre (2021-)<\/li><li>Kvinnepolitisk talsperson, Nesodden H\u00f8yre (2021-)<\/li><\/ul>\n\n\n\n<p><strong>Hvilke politikkomr\u00e5der er du mest interessert i?<\/strong><\/p>\n\n\n\n<ul class=\"wp-block-list\"><li>Skole og utdanning<\/li><li>Kultur og idrett<\/li><li>Boligpolitikk<\/li><\/ul>\n\n\n\n<p><strong>Hvilke saker mener du at H\u00f8yre b\u00f8r fronte frem mot valget? Har du noen hjertesaker?<\/strong><\/p>\n\n\n\n<ul class=\"wp-block-list\"><li>H\u00f8yre skal jobbe for at flere unge og familier med d\u00e5rlig r\u00e5d skal kunne etablere seg p\u00e5 Nesodden.<\/li><li>H\u00f8yre skal jobbe for at alle skal f\u00e5 psykisk og fysisk helsehjelp n\u00e5r de trenger det, og at ingen ungdommer skal m\u00f8te en stengt d\u00f8r p\u00e5 helsesykepleierens kontor.&nbsp;<\/li><\/ul>\n\n\n\n<p><strong>Hvorfor er du kandidat for Nesodden H\u00f8yre?<\/strong><\/p>\n\n\n\n<p>Jeg stiller til valg for Nesodden H\u00f8yre fordi jeg mener at H\u00f8yre har den beste politikken for \u00e5 sikre at Nesodden kommune fortsetter \u00e5 v\u00e6re et godt sted \u00e5 vokse opp og etablere seg.<\/p>\n\n\n\n<p><strong>Andre opplysninger du mener kan v\u00e6re av interesse? Har du for eksempel erfaringer fra frivilligheten, et r\u00e5d eller en organisasjon?<\/strong><\/p>\n\n\n\n<ul class=\"wp-block-list\"><li>H\u00e5ndballskoletrener for Nesodden H\u00e5ndballklubb (2018-2019)<\/li><\/ul>\n<\/div><\/div><\/div>\n\n\n\n<div class=\"wp-block-teft-item\"><div class=\"teft-item__inner\"><h4 class=\"toggle\">8. Arne Bjerke (1959), Jaer<\/h4><div class=\"teft-item__inner-content entry-content\">\n<figure class=\"wp-block-gallery has-nested-images columns-default is-cropped wp-block-gallery-8 is-layout-flex wp-block-gallery-is-layout-flex\">\n<figure class=\"wp-block-image size-large\"><img loading=\"lazy\" decoding=\"async\" width=\"1024\" height=\"684\" data-id=\"553\" src=\"https:\/\/hoyre.no\/content\/uploads\/sites\/172\/2023\/01\/8.-Arne-Bjerke-1024x684.jpg\" alt=\"\" class=\"wp-image-553\" srcset=\"https:\/\/hoyre.no\/content\/uploads\/sites\/172\/2023\/01\/8.-Arne-Bjerke-1024x684.jpg 1024w, https:\/\/hoyre.no\/content\/uploads\/sites\/172\/2023\/01\/8.-Arne-Bjerke-300x200.jpg 300w, https:\/\/hoyre.no\/content\/uploads\/sites\/172\/2023\/01\/8.-Arne-Bjerke-768x513.jpg 768w, https:\/\/hoyre.no\/content\/uploads\/sites\/172\/2023\/01\/8.-Arne-Bjerke-1536x1026.jpg 1536w, https:\/\/hoyre.no\/content\/uploads\/sites\/172\/2023\/01\/8.-Arne-Bjerke-2048x1368.jpg 2048w\" sizes=\"auto, (max-width: 1024px) 100vw, 1024px\" \/><figcaption>Foto: Elias Rasch \/ Rasch Produksjon<\/figcaption><\/figure>\n<\/figure>\n\n\n\n<p><strong>N\u00e5v\u00e6rende stilling\/yrke<\/strong><\/p>\n\n\n\n<p>Bedriftsr\u00e5dgiver<\/p>\n\n\n\n<p><strong>Sivilstatus<\/strong><\/p>\n\n\n\n<p>Gift<\/p>\n\n\n\n<p><strong>Hvilken utdanning har du?<\/strong><\/p>\n\n\n\n<ul class=\"wp-block-list\"><li>\u00d8konomisk gymnas<\/li><li>Luftforsvarets befalsskole<\/li><li>Master of Business and Marketing, Handelsakademiet\/Handelsh\u00f8yskolen BI<\/li><li>Kommunikasjon og kommunikasjonsledelse, Master of management \u2013 delprogram, Handelsh\u00f8yskolen BI<\/li><\/ul>\n\n\n\n<p><strong>Hvilken arbeidserfaring har du?<\/strong><\/p>\n\n\n\n<ul class=\"wp-block-list\"><li>Logistikk, Luftforsvarets stasjon ved Vard\u00f8 (1979-1980) \u2013 medlem av frivillig redningspatrulje som opererte p\u00e5 Varangerhalv\u00f8ya<\/li><li>Informasjonsdirekt\u00f8r, Handelsh\u00f8yskolen BI (1992-1999)<\/li><li>Markedsdirekt\u00f8r, Deloitte &amp; Touche (1999-2001)<\/li><li>Prosjektkoordinator, Universitet i Karlstad (2008-2014)<\/li><li>Prosjektkoordinator, Norges milj\u00f8- og biovitenskapelige universitet (2008-2014)<\/li><li>Bedriftsr\u00e5dgiver, eget firma og Crafting House AS (2002-)<\/li><\/ul>\n\n\n\n<p><strong>Har du politisk erfaring fra f\u00f8r?<\/strong><\/p>\n\n\n\n<ul class=\"wp-block-list\"><li>Tidligere leder av Nesodden n\u00e6ringsr\u00e5d i mer enn 5 \u00e5r. Tett samarbeid med lokale partier, politikere og kommuneledelsen om utvikling av strategisk n\u00e6ringsplan for Nesodden kommune.<\/li><li>N\u00e6rt samarbeid med skole og utdanning som FAU-leder ved Jaer skole og Alv\u00e6rn ungdomsskole, og leder og initiativtager til Kommunalt foreldreutvalg (KFU).<\/li><li>Oppnevnt av Nesodden kommune som representant i arrangementskomiteen for Follokonferansen (2011-2014).<\/li><\/ul>\n\n\n\n<p><strong>Hvilke politikkomr\u00e5der er du mest interessert i?<\/strong><\/p>\n\n\n\n<ul class=\"wp-block-list\"><li>Lokale arbeidsplasser og lokalt n\u00e6ringsliv<\/li><li>Helse og omsorg<\/li><li>Skole og utdanning<\/li><li>Klima og milj\u00f8<\/li><\/ul>\n\n\n\n<p><strong>Hvilke saker mener du at H\u00f8yre b\u00f8r fronte frem mot valget? Har du noen hjertesaker?<\/strong><\/p>\n\n\n\n<ul class=\"wp-block-list\"><li>Bredt politisk samarbeid for \u00e5 skape best mulig l\u00f8sninger for folk p\u00e5 Nesodden.<\/li><li>Gang og sykkelveier og gode kollektivl\u00f8sninger.<\/li><li>Bidra til at Oslofjorden blir et eldorado for b\u00e5de folk og fisk.<\/li><li>Tilrettelegge for flere lokale arbeidsplasser<\/li><\/ul>\n\n\n\n<p><strong>Hvorfor er du kandidat for Nesodden H\u00f8yre?<\/strong><\/p>\n\n\n\n<p>Fordi jeg \u00f8nsker at Nesodden skal ha flere lokale arbeidsplasser &#8211; og bedrifter som samarbeider godt med kommunen. Nesodden skal ha h\u00f8y kvalitet p\u00e5 helse og omsorg, og v\u00e6re blant de fremste i Norge p\u00e5 skole og utdanning. Sammen med stat, fylke og andre kommuner skal Oslofjorden reddes.<\/p>\n\n\n\n<p><strong>Andre opplysninger du mener kan v\u00e6re av interesse? Har du for eksempel erfaringer fra frivilligheten, et r\u00e5d eller en organisasjon?<\/strong><\/p>\n\n\n\n<ul class=\"wp-block-list\"><li>Econa, styremedlem, ledelsesnettverket (2019-)<\/li><li>NEON, Nettverk for organisasjonsforskning i Norge, arbeidsutvalget (2020-)<\/li><li>Norsk Teknisk Museum, m\u00f8tende varamedlem til styret, oppnevnt av Kulturdepartementet (2006-2010)<\/li><li>FAU, Jaer skole, medlem\/leder (1998-2000)<\/li><li>FAU, Alv\u00e6rn ungdomsskole (2003-2005)<\/li><li>Kommunalt foreldreutvalg, initiativtager og leder (2003-2005)<\/li><li>Nesodden n\u00e6ringsr\u00e5d, styreleder og daglig leder (2008-2014)<\/li><li>Nesodden menighetsr\u00e5d, folkevalgt, leder (2015-2023)<\/li><li>Nesodden kirkelige fellesr\u00e5d, medlem (2015-2023)<\/li><li>Styremedlem Fairtrade Norge (2002-2005)<\/li><li>Styreleder Fairtrade Norge (2005-2010)<\/li><\/ul>\n<\/div><\/div><\/div>\n\n\n\n<div class=\"wp-block-teft-item\"><div class=\"teft-item__inner\"><h4 class=\"toggle\">9. Christine Olsen (1974), Fjellstrand<\/h4><div class=\"teft-item__inner-content entry-content\">\n<figure class=\"wp-block-gallery has-nested-images columns-default is-cropped wp-block-gallery-9 is-layout-flex wp-block-gallery-is-layout-flex\">\n<figure class=\"wp-block-image size-full\"><img loading=\"lazy\" decoding=\"async\" width=\"427\" height=\"640\" data-id=\"461\" src=\"https:\/\/hoyre.no\/content\/uploads\/sites\/172\/2022\/11\/9-Christine-Olsen.jpg\" alt=\"\" class=\"wp-image-461\" srcset=\"https:\/\/hoyre.no\/content\/uploads\/sites\/172\/2022\/11\/9-Christine-Olsen.jpg 427w, https:\/\/hoyre.no\/content\/uploads\/sites\/172\/2022\/11\/9-Christine-Olsen-200x300.jpg 200w\" sizes=\"auto, (max-width: 427px) 100vw, 427px\" \/><figcaption>Foto: Privat<\/figcaption><\/figure>\n<\/figure>\n\n\n\n<p><strong>N\u00e5v\u00e6rende stilling\/yrke<\/strong><\/p>\n\n\n\n<p>Forsknings- og utviklingsansvarlig i Dyrebar Omsorg AS<\/p>\n\n\n\n<p><strong>Sivilstatus<\/strong><\/p>\n\n\n\n<p>Gift<\/p>\n\n\n\n<p><strong>Hvilken utdanning har du?<\/strong><\/p>\n\n\n\n<ul class=\"wp-block-list\"><li>Doktorgrad i Folkehelsevitenskap <\/li><li>Etterutdanning i veiledningspedagogikk<\/li><li>Mastergrad i Atferdsbiologi<\/li><\/ul>\n\n\n\n<p><strong>Hvilken arbeidserfaring har du?<\/strong><\/p>\n\n\n\n<ul class=\"wp-block-list\"><li>FoU-leder i Dyrebar Omsorg AS (2016-)<\/li><\/ul>\n\n\n\n<ul class=\"wp-block-list\"><li>Konsulent for M\u00f8ller Eiendom (2018-2019)<\/li><\/ul>\n\n\n\n<ul class=\"wp-block-list\"><li>Stipendiat ved Norges milj\u00f8- og biovitenskaplige universitet (2012-2016)<\/li><\/ul>\n\n\n\n<ul class=\"wp-block-list\"><li>Foreleser ved Norges milj\u00f8- og biovitenskaplige universitet (2008-)<\/li><\/ul>\n\n\n\n<ul class=\"wp-block-list\"><li>Daglig leder for Dyrebar Omsorg AS (2004-2012)<\/li><li>L\u00e6rervikar ved Fjellstrand skole (2001-2002)<\/li><\/ul>\n\n\n\n<p><strong>Har du politisk erfaring fra f\u00f8r?<\/strong><\/p>\n\n\n\n<ul class=\"wp-block-list\"><li>Medlem i helse- og omsorgsutvalget, Nesodden kommune (2019-)<\/li><\/ul>\n\n\n\n<ul class=\"wp-block-list\"><li>Varamedlem i skole- og oppvekstutvalget, Nesodden kommune (2019-)<\/li><li>Styremedlem, Nesodden H\u00f8yre (2019-2022)<\/li><\/ul>\n\n\n\n<p><strong>Hvilke politikkomr\u00e5der er du mest interessert i?<\/strong><\/p>\n\n\n\n<ul class=\"wp-block-list\"><li>Skole og oppvekst<\/li><\/ul>\n\n\n\n<ul class=\"wp-block-list\"><li>Helse og omsorg<\/li><li>Klima og milj\u00f8<\/li><\/ul>\n\n\n\n<p><strong>Hvilke saker mener du at H\u00f8yre b\u00f8r fronte frem mot valget? Har du noen hjertesaker?<\/strong><\/p>\n\n\n\n<ul class=\"wp-block-list\"><li>Vi skal ha barnehager og skoler som har en individuell tiln\u00e6rming til barna.<\/li><li>Sikre gang- og sykkelveier for \u00e5 motivere til mindre bruk av bil og buss.<\/li><li>Bidra til innovasjon og utvikling.<\/li><\/ul>\n\n\n\n<p><strong>Hvorfor er du kandidat for Nesodden H\u00f8yre?<\/strong><\/p>\n\n\n\n<p>Fordi jeg har et stort sosialt engasjement. H\u00f8yre har tydelige m\u00e5l om \u00e5 aktivt bidra til at Nesodden blir i stand til \u00e5 ta vare p\u00e5 enkeltindividene og s\u00f8rge for at de kan n\u00e5 sitt potensial. Dette har stor betydning for hvert enkelt menneske, p\u00e5r\u00f8rende, skole, n\u00e6rsamfunnet og kommunen.<\/p>\n\n\n\n<p><strong>Andre opplysninger du mener kan v\u00e6re av interesse? Har du for eksempel erfaringer fra frivilligheten, et r\u00e5d eller en organisasjon?<\/strong><\/p>\n\n\n\n<ul class=\"wp-block-list\"><li>Jobber som frivillig p\u00e5 Hud\u00f8y feriekoloni hver sommer (2014-)<\/li><li>Frivillig bes\u00f8ksvenn med hund (2004-)<\/li><li>Verv i ulike frivillige organisasjoner (1995-)<\/li><\/ul>\n<\/div><\/div><\/div>\n\n\n\n<div class=\"wp-block-teft-item\"><div class=\"teft-item__inner\"><h4 class=\"toggle\">10. Ole Morten Stangeland Jota (1966), Bj\u00f8rnemyr<\/h4><div class=\"teft-item__inner-content entry-content\">\n<figure class=\"wp-block-gallery has-nested-images columns-default is-cropped wp-block-gallery-10 is-layout-flex wp-block-gallery-is-layout-flex\">\n<figure class=\"wp-block-image size-large\"><img loading=\"lazy\" decoding=\"async\" width=\"1024\" height=\"684\" data-id=\"554\" src=\"https:\/\/hoyre.no\/content\/uploads\/sites\/172\/2023\/01\/10.-Ole-Jota-1024x684.jpg\" alt=\"\" class=\"wp-image-554\" srcset=\"https:\/\/hoyre.no\/content\/uploads\/sites\/172\/2023\/01\/10.-Ole-Jota-1024x684.jpg 1024w, https:\/\/hoyre.no\/content\/uploads\/sites\/172\/2023\/01\/10.-Ole-Jota-300x200.jpg 300w, https:\/\/hoyre.no\/content\/uploads\/sites\/172\/2023\/01\/10.-Ole-Jota-768x513.jpg 768w, https:\/\/hoyre.no\/content\/uploads\/sites\/172\/2023\/01\/10.-Ole-Jota-1536x1026.jpg 1536w, https:\/\/hoyre.no\/content\/uploads\/sites\/172\/2023\/01\/10.-Ole-Jota-2048x1368.jpg 2048w\" sizes=\"auto, (max-width: 1024px) 100vw, 1024px\" \/><figcaption>Foto: Elias Rasch \/ Rasch Produksjon<\/figcaption><\/figure>\n<\/figure>\n\n\n\n<p><strong>N\u00e5v\u00e6rende stilling\/yrke<\/strong><\/p>\n\n\n\n<p>Commercial Manager<\/p>\n\n\n\n<p><strong>Sivilstatus<\/strong><\/p>\n\n\n\n<p>Separert<\/p>\n\n\n\n<p><strong>Hvilken utdanning har du?<\/strong><\/p>\n\n\n\n<ul class=\"wp-block-list\"><li>Nautisk VKII (Styrmannsskole\/navigat\u00f8r), T\u00f8nsberg Maritime<\/li><li>Bedrifts\u00f8konom, BI Oslo og Stavanger<\/li><\/ul>\n\n\n\n<p><strong>Hvilken arbeidserfaring har du?<\/strong><\/p>\n\n\n\n<ul class=\"wp-block-list\"><li>Commercial Manager, World Fuel Services Oslo (2019-)<\/li><li>Bunker Broker\/Trader, World Fuel Services Oslo (2006-2019)<\/li><li>Key Account Manager, BP Marine Fuels Oslo, (2000-2006)<\/li><li>Chartering Manager, Pelican Shipping, London (1997-1999)<\/li><li>Chartering Manager, Statoil Shipping, Stavanger (1992-1997)<\/li><li>Operations Manager, T. Klaveness, Oslo (1991-1992)<\/li><li>2. Styrmann, Leif H\u00f8egh &amp; Co AS, utenriksfart (1988-1991)<\/li><\/ul>\n\n\n\n<p><strong>Har du politisk erfaring fra f\u00f8r?<\/strong><\/p>\n\n\n\n<ul class=\"wp-block-list\"><li>Styremedlem, Nesodden H\u00f8yre (2017-2019)<\/li><li>Vararepresentant, Skole- og oppvekstutvalget i Nesodden kommune (2019-2023)<\/li><li>Styremedlem, Ullensaker Unge H\u00f8yre (1983-1985)<\/li><\/ul>\n\n\n\n<p><strong>Hvilke politikkomr\u00e5der er du mest interessert i?<\/strong><\/p>\n\n\n\n<ul class=\"wp-block-list\"><li>N\u00e6ringsutvikling<\/li><li>Boligpolitikk<\/li><li>Skole og oppvekst<\/li><\/ul>\n\n\n\n<p><strong>Hvilke saker mener du at H\u00f8yre b\u00f8r fronte frem mot valget? Har du noen hjertesaker?<\/strong><\/p>\n\n\n\n<ul class=\"wp-block-list\"><li>Helhetlig, b\u00e6rekraftig utbygging av bolig og n\u00e6ring.<\/li><li>Fremtidsrettet utvikling av skolebygg og idrettsanlegg, herunder sv\u00f8mmehall.<\/li><li>Tydelige, m\u00e5lbare krav til forvaltningen med tanker p\u00e5 \u00e5 holde kommunens administrasjonskostnader p\u00e5 et minimum. Mer penger til lovp\u00e5lagte oppgaver og tjenester som kommer befolkningen til gode, mindre penger til administrasjon.<\/li><li>\u00d8kt skatteinngang gjennom n\u00e6ringsutvikling, ikke gjennom skattlegging. Nei til eiendomskatt p\u00e5 n\u00e6ring og bolig.<\/li><\/ul>\n\n\n\n<p><strong>Hvorfor er du kandidat for Nesodden H\u00f8yre?<\/strong><\/p>\n\n\n\n<p>H\u00f8yre \u00f8nsker \u00e5 legge til rette for at den enkelte skal klare seg selv og bidra til en positiv utvikling av samfunnet. Jeg \u00f8nsker meg et kommunestyre og en kommuneadministrasjon som sier mer ja og mindre nei.<\/p>\n\n\n\n<p><strong>Andre opplysninger du mener kan v\u00e6re av interesse? Har du for eksempel erfaringer fra frivilligheten, et r\u00e5d eller en organisasjon?<\/strong><\/p>\n\n\n\n<ul class=\"wp-block-list\"><li>Styremedlem og senere leder av Nesodden H\u00e5ndballklubb (2010-2013)<\/li><li>Vertsfamilie for utvekslingsstudent (2022)<\/li><li>Tidligere nestkommanderende fart\u00f8y i Sj\u00f8heimevernet (1993-2012)<\/li><\/ul>\n<\/div><\/div><\/div>\n\n\n\n<div class=\"wp-block-teft-item\"><div class=\"teft-item__inner\"><h4 class=\"toggle\">11. Rebekka Klem Moseby (1987), Myklerud<\/h4><div class=\"teft-item__inner-content entry-content\">\n<figure class=\"wp-block-gallery has-nested-images columns-default is-cropped wp-block-gallery-11 is-layout-flex wp-block-gallery-is-layout-flex\">\n<figure class=\"wp-block-image size-large\"><img loading=\"lazy\" decoding=\"async\" width=\"1024\" height=\"684\" data-id=\"555\" src=\"https:\/\/hoyre.no\/content\/uploads\/sites\/172\/2023\/01\/11.-Rebekka-Klem-1024x684.jpg\" alt=\"\" class=\"wp-image-555\" srcset=\"https:\/\/hoyre.no\/content\/uploads\/sites\/172\/2023\/01\/11.-Rebekka-Klem-1024x684.jpg 1024w, https:\/\/hoyre.no\/content\/uploads\/sites\/172\/2023\/01\/11.-Rebekka-Klem-300x200.jpg 300w, https:\/\/hoyre.no\/content\/uploads\/sites\/172\/2023\/01\/11.-Rebekka-Klem-768x513.jpg 768w, https:\/\/hoyre.no\/content\/uploads\/sites\/172\/2023\/01\/11.-Rebekka-Klem-1536x1026.jpg 1536w, https:\/\/hoyre.no\/content\/uploads\/sites\/172\/2023\/01\/11.-Rebekka-Klem-2048x1368.jpg 2048w\" sizes=\"auto, (max-width: 1024px) 100vw, 1024px\" \/><figcaption>Foto: Elias Rasch \/ Rasch Produksjon<\/figcaption><\/figure>\n<\/figure>\n\n\n\n<p><strong>N\u00e5v\u00e6rende stilling\/yrke<\/strong><\/p>\n\n\n\n<p>Salg- og markedssjef i Pitch Forlag<\/p>\n\n\n\n<p><strong>Sivilstatus<\/strong><\/p>\n\n\n\n<p>Samboer<\/p>\n\n\n\n<p><strong>Hvilken utdanning har du?<\/strong><\/p>\n\n\n\n<ul class=\"wp-block-list\"><li>Svennebrev i mediegrafikerfaget<\/li><\/ul>\n\n\n\n<p><strong>Hvilken arbeidserfaring har du?<\/strong><\/p>\n\n\n\n<ul class=\"wp-block-list\"><li>Salg- og markedssjef i Pitch Forlag (2022-)<\/li><li>ARK Bokhandel (2011-2022): butikksjef, storkunde og leder for kundesenteret og alt der imellom. <\/li><li>Eplehuset AS<\/li><li>Gr\u00f8nt Gress reklamebyr\u00e5<\/li><\/ul>\n\n\n\n<p><strong>Har du politisk erfaring fra f\u00f8r?<\/strong><\/p>\n\n\n\n<p>Ingen erfaring med politiske verv, men hele livet fra utsiden!<\/p>\n\n\n\n<p><strong>Hvilke politikkomr\u00e5der er du mest interessert i?<\/strong><\/p>\n\n\n\n<ul class=\"wp-block-list\"><li>Skole og utdanning<\/li><li>Boligpolitikk<\/li><li>Helse og omsorg<\/li><\/ul>\n\n\n\n<p><strong>Hvilke saker mener du at H\u00f8yre b\u00f8r fronte frem mot valget? Har du noen hjertesaker?<\/strong><\/p>\n\n\n\n<p>H\u00f8yre skal skape en skole der alle kan lykkes. Vi skal ha gode skolebygg i hele kommunen, satse p\u00e5 l\u00e6rerne og gi elevene st\u00f8rre frihet i egen skolehverdag.<\/p>\n\n\n\n<p>Nesodden skal bli en \u00abja-kommune\u00bb som er p\u00e5 lag med innbyggerne og bedriftene, og jobbe for at alle som tar kontakt skal f\u00f8le p\u00e5 en \u00e5penhet.<\/p>\n\n\n\n<p><strong>Hvorfor er du kandidat for Nesodden H\u00f8yre?<\/strong><\/p>\n\n\n\n<p>Fordi jeg \u00f8nsker at Nesodden skal bli et enda bedre sted \u00e5 bo. H\u00f8yre har et godt blikk p\u00e5 helheten og jeg gleder meg til \u00e5 kunne v\u00e6re p\u00e5 \u00e5 p\u00e5virke hverdagen til alle som bor p\u00e5 Nesodden.<\/p>\n\n\n\n<p><strong>Andre opplysninger du mener kan v\u00e6re av interesse? Har du for eksempel erfaringer fra frivilligheten, et r\u00e5d eller en organisasjon?<\/strong><\/p>\n\n\n\n<ul class=\"wp-block-list\"><li>Leder for FAU p\u00e5 Myklerud (2017-2022)<\/li><li>SU p\u00e5 Myklerud barneskole<\/li><li>SU i Fagerskog FUS barnehage (2018)<\/li><li>Styremedlem i Fagerstrand idrettsforening (fotball)<\/li><li>Leder i Fagerstrand II sameie (2014-2016)<\/li><\/ul>\n<\/div><\/div><\/div>\n\n\n\n<div class=\"wp-block-teft-item\"><div class=\"teft-item__inner\"><h4 class=\"toggle\">12. P\u00e5l Kristen R\u00f8nnevik (1970), Bj\u00f8rnemyr<\/h4><div class=\"teft-item__inner-content entry-content\">\n<figure class=\"wp-block-gallery has-nested-images columns-default is-cropped wp-block-gallery-12 is-layout-flex wp-block-gallery-is-layout-flex\">\n<figure class=\"wp-block-image size-large\"><img loading=\"lazy\" decoding=\"async\" width=\"1024\" height=\"684\" data-id=\"556\" src=\"https:\/\/hoyre.no\/content\/uploads\/sites\/172\/2023\/01\/12.-Pal-Ronnevik-1024x684.jpg\" alt=\"\" class=\"wp-image-556\" srcset=\"https:\/\/hoyre.no\/content\/uploads\/sites\/172\/2023\/01\/12.-Pal-Ronnevik-1024x684.jpg 1024w, https:\/\/hoyre.no\/content\/uploads\/sites\/172\/2023\/01\/12.-Pal-Ronnevik-300x200.jpg 300w, https:\/\/hoyre.no\/content\/uploads\/sites\/172\/2023\/01\/12.-Pal-Ronnevik-768x513.jpg 768w, https:\/\/hoyre.no\/content\/uploads\/sites\/172\/2023\/01\/12.-Pal-Ronnevik-1536x1026.jpg 1536w, https:\/\/hoyre.no\/content\/uploads\/sites\/172\/2023\/01\/12.-Pal-Ronnevik-2048x1368.jpg 2048w\" sizes=\"auto, (max-width: 1024px) 100vw, 1024px\" \/><figcaption>Foto: Elias Rasch \/ Rasch Produksjon<\/figcaption><\/figure>\n<\/figure>\n\n\n\n<p><strong>N\u00e5v\u00e6rende stilling\/yrke<\/strong><\/p>\n\n\n\n<p>Leder for modernisering og digitalisering i Norges Idrettsforbund<\/p>\n\n\n\n<p><strong>Sivilstatus<\/strong><\/p>\n\n\n\n<p>Gift<\/p>\n\n\n\n<p><strong>Hvilken utdanning har du?<\/strong><\/p>\n\n\n\n<ul class=\"wp-block-list\"><li>Juridisk embetseksamen og tilleggsutdanning fra BI innovasjon, endringsledelse og IT management<\/li><\/ul>\n\n\n\n<p><strong>Hvilken arbeidserfaring har du?<\/strong><\/p>\n\n\n\n<p>Mer enn 25 \u00e5rs erfaring fra offentlig sektor og fra organisasjoner. Har v\u00e6rt leder i mer enn 22 \u00e5r. Mye erfaring med strategiarbeid, digitalisering, endringsarbeid og problemstillinger i grenseflaten mellom juss og IT.<\/p>\n\n\n\n<p><strong>Har du politisk erfaring fra f\u00f8r?<\/strong><\/p>\n\n\n\n<p>Erfaring som nestleder i Asker Unge H\u00f8yre i tre \u00e5r p\u00e5 80 tallet og fra valgkamparbeid, deltatt noe i valgkampen for Nesodden H\u00f8yre ved de to siste valgene. Har sittet i skolestyret for Asker H\u00f8yre i en periode<\/p>\n\n\n\n<p><strong>Hvilke politikkomr\u00e5der er du mest interessert i?<\/strong><\/p>\n\n\n\n<p>Ungdoms- og idrettspolitikk, bolig og n\u00e6ringspolitikk<\/p>\n\n\n\n<p><strong>Hvilke saker mener du at H\u00f8yre b\u00f8r fronte frem mot valget? Har du noen hjertesaker?<\/strong><\/p>\n\n\n\n<ul class=\"wp-block-list\"><li>Styrking av idrettstilbudet p\u00e5 Nesodden gjennom bygging av ny fleridrettshall.<\/li><\/ul>\n\n\n\n<ul class=\"wp-block-list\"><li>Tiltak for \u00e5 redusere \u00f8konomi som barriere for deltakelse i idrett.<\/li><li>Nesodden som ja kommunene \u2013 fjerne un\u00f8dvendige hindre for bolig- og n\u00e6ringsutvikling.<\/li><\/ul>\n\n\n\n<p><strong>Hvorfor er du kandidat for Nesodden H\u00f8yre?<\/strong><\/p>\n\n\n\n<p>Jeg \u00f8nsker \u00e5 bidra til utvikling av Nesodden som en god kommune for alle aldre og til \u00e5 fjerne stempelet som en nei-kommune.<\/p>\n\n\n\n<p><strong>Andre opplysninger du mener kan v\u00e6re av interesse? Har du for eksempel erfaringer fra frivilligheten, et r\u00e5d eller en organisasjon?<\/strong><\/p>\n\n\n\n<p>Jeg har mer enn ti \u00e5rs erfaring som h\u00e5ndballtrener, og har i tillegg v\u00e6rt aktiv en periode som speiderleder.<\/p>\n<\/div><\/div><\/div>\n\n\n\n<div class=\"wp-block-teft-item\"><div class=\"teft-item__inner\"><h4 class=\"toggle\">13. Anne Charlotte Behrendt (1959), Myklerud<\/h4><div class=\"teft-item__inner-content entry-content\">\n<figure class=\"wp-block-gallery has-nested-images columns-default is-cropped wp-block-gallery-13 is-layout-flex wp-block-gallery-is-layout-flex\">\n<figure class=\"wp-block-image size-large\"><img loading=\"lazy\" decoding=\"async\" width=\"1024\" height=\"684\" data-id=\"557\" src=\"https:\/\/hoyre.no\/content\/uploads\/sites\/172\/2023\/01\/13.-Anne-Behrendt-1024x684.jpg\" alt=\"\" class=\"wp-image-557\" srcset=\"https:\/\/hoyre.no\/content\/uploads\/sites\/172\/2023\/01\/13.-Anne-Behrendt-1024x684.jpg 1024w, https:\/\/hoyre.no\/content\/uploads\/sites\/172\/2023\/01\/13.-Anne-Behrendt-300x200.jpg 300w, https:\/\/hoyre.no\/content\/uploads\/sites\/172\/2023\/01\/13.-Anne-Behrendt-768x513.jpg 768w, https:\/\/hoyre.no\/content\/uploads\/sites\/172\/2023\/01\/13.-Anne-Behrendt-1536x1026.jpg 1536w, https:\/\/hoyre.no\/content\/uploads\/sites\/172\/2023\/01\/13.-Anne-Behrendt-2048x1368.jpg 2048w\" sizes=\"auto, (max-width: 1024px) 100vw, 1024px\" \/><figcaption>Foto: Elias Rasch \/ Rasch Produksjon<\/figcaption><\/figure>\n<\/figure>\n\n\n\n<p><strong>N\u00e5v\u00e6rende stilling\/yrke<\/strong><\/p>\n\n\n\n<p>Uf\u00f8retrygdet<\/p>\n\n\n\n<p><strong>Sivilstatus<\/strong><\/p>\n\n\n\n<p>Singel<\/p>\n\n\n\n<p><strong>Hvilken utdanning har du?<\/strong><\/p>\n\n\n\n<ul class=\"wp-block-list\"><li>Examen artium<\/li><li>Eksamen i First Certificate in English (FCE)<\/li><li>Hjelpepleierutdannelse<\/li><li>1\u00e5r v\/ HiO (eksamen i pedagogikk og naturfag med milj\u00f8l\u00e6re)<\/li><li>Helsesekret\u00e6rutdannelse<\/li><\/ul>\n\n\n\n<p><strong>Hvilken arbeidserfaring har du?<\/strong><\/p>\n\n\n\n<ul class=\"wp-block-list\"><li>Helsearbeider v\/ Sunnaas sykehus (1978-1987)<\/li><li>Helsearbeider v\/ Nesoddtunet (1987-1989, 1997-1998)<\/li><li>Milj\u00f8terapeut v\/ Bj\u00f8rnemyr skole avd. Lillebj\u00f8rn (2003-2005)<\/li><li>Pedagog \/ assistent v\/ Bakkel\u00f8kka ungdomsskole (2005-2010)<\/li><\/ul>\n\n\n\n<p><strong>Har du politisk erfaring fra f\u00f8r?<\/strong><\/p>\n\n\n\n<p>Jeg var sekret\u00e6r i min Unge H\u00f8yre-lokalforening fra 1976-1977. Jeg har sittet to perioder som kommunepolitiker p\u00e5 1990-tallet, der jeg b\u00e5de satt i skole- og oppvekstutvalget og helse- og sosialutvalget. <\/p>\n\n\n\n<p><strong>Hvilke politikkomr\u00e5der er du mest interessert i?<\/strong><\/p>\n\n\n\n<ul class=\"wp-block-list\"><li>Helse og sosial<\/li><li>Skole og oppvekst<\/li><li>Klima og milj\u00f8<\/li><\/ul>\n\n\n\n<p><strong>Hvilke saker mener du at H\u00f8yre b\u00f8r fronte frem mot valget? Har du noen hjertesaker?<\/strong><\/p>\n\n\n\n<ul class=\"wp-block-list\"><li>H\u00f8yre skal jobbe for at Nesodden kommune er et godt sted \u00e5 bli eldre &#8211; at de eldre blir ivaretatt p\u00e5 en god m\u00e5te. For meg er det viktig \u00e5 s\u00f8rge for at spr\u00e5kkompetansen hos de ansatte p\u00e5 Nesoddtunet styrkes.<\/li><li>H\u00f8yre skal skape en skole for alle, som fremmer trivsel og l\u00e6ring. Skolehverdagen skal v\u00e6re en god opplevelse for elever og l\u00e6rere. Det er viktig \u00e5 \u00f8ke kompetansen hos de ansatte slik at de bedre skal kunne m\u00f8te utfordringene i skolen i dag.<\/li><\/ul>\n\n\n\n<p><strong>Hvorfor er du kandidat for Nesodden H\u00f8yre?<\/strong><\/p>\n\n\n\n<p>Jeg \u00f8nsker \u00e5 gj\u00f8re Nesodden kommune til et enda bedre \u00e5 bo for b\u00e5de gamle og unge. H\u00f8yre har klare m\u00e5l for kommunen. Disse m\u00e5lene \u00f8nsker jeg \u00e5 v\u00e6re en del av, og jeg skal gj\u00f8re mitt for at de blir en realitet.<\/p>\n\n\n\n<p><strong>Andre opplysninger du mener kan v\u00e6re av interesse? Har du for eksempel erfaringer fra frivilligheten, et r\u00e5d eller en organisasjon?<\/strong><\/p>\n\n\n\n<ul class=\"wp-block-list\"><li>Leder i Nesoddens Astma- og allergiforening (1992- 1999)<\/li><li>Leder i Sameiet 1 Fagerstrand (2006-2007, 2017-2019)<\/li><li>Lagleder for G12 innebandy, FIF (2008-2009)<\/li><li>Har sittet i SU (samarbeidsutvalget) i barnehager og p\u00e5 Bakkel\u00f8kka skole.<\/li><li>Har sittet i FAU i flere \u00e5r, b\u00e5de i barnehager og p\u00e5 grunnskolen.<\/li><li>Styremedlem i Fjellstrand og Myklerud musikkorps.<\/li><\/ul>\n<\/div><\/div><\/div>\n\n\n\n<div class=\"wp-block-teft-item\"><div class=\"teft-item__inner\"><h4 class=\"toggle\">14. Fabian Mikal Kemi (2003), Fjellstrand<\/h4><div class=\"teft-item__inner-content entry-content\">\n<figure class=\"wp-block-gallery has-nested-images columns-default is-cropped wp-block-gallery-14 is-layout-flex wp-block-gallery-is-layout-flex\">\n<figure class=\"wp-block-image size-large\"><img loading=\"lazy\" decoding=\"async\" width=\"1024\" height=\"1024\" data-id=\"465\" src=\"https:\/\/hoyre.no\/content\/uploads\/sites\/172\/2022\/11\/14-Fabian-Kemi-1024x1024.jpeg\" alt=\"\" class=\"wp-image-465\" srcset=\"https:\/\/hoyre.no\/content\/uploads\/sites\/172\/2022\/11\/14-Fabian-Kemi-1024x1024.jpeg 1024w, https:\/\/hoyre.no\/content\/uploads\/sites\/172\/2022\/11\/14-Fabian-Kemi-300x300.jpeg 300w, https:\/\/hoyre.no\/content\/uploads\/sites\/172\/2022\/11\/14-Fabian-Kemi-150x150.jpeg 150w, https:\/\/hoyre.no\/content\/uploads\/sites\/172\/2022\/11\/14-Fabian-Kemi-768x768.jpeg 768w, https:\/\/hoyre.no\/content\/uploads\/sites\/172\/2022\/11\/14-Fabian-Kemi.jpeg 1361w\" sizes=\"auto, (max-width: 1024px) 100vw, 1024px\" \/><figcaption>Foto: Privat<\/figcaption><\/figure>\n<\/figure>\n\n\n\n<p><strong>N\u00e5v\u00e6rende stilling\/yrke<\/strong><\/p>\n\n\n\n<p>Cabin Crew hos SAS<\/p>\n\n\n\n<p><strong>Sivilstatus<\/strong><\/p>\n\n\n\n<p>Singel<\/p>\n\n\n\n<p><strong>Hvilken utdanning har du?<\/strong><\/p>\n\n\n\n<ul class=\"wp-block-list\"><li>Businesslinje med generell studiekompentanse v\/ Frogn vgs. (2019-2022)<\/li><\/ul>\n\n\n\n<p><strong>Hvilken arbeidserfaring har du?<\/strong><\/p>\n\n\n\n<ul class=\"wp-block-list\"><li>Cabin Crew hos SAS (2022-)<\/li><li>Valgkampsekret\u00e6r hos AUF i Akershus (2021-2021)<\/li><li>Support Associate hos Wolt Norge (2021-2022)<\/li><li>Barista hos Espresso House Vinterbro (2019-2022)<\/li><li>Skiftleder samt div. hos TusenFryd (2019-2022)<\/li><\/ul>\n\n\n\n<p><strong>Har du politisk erfaring fra f\u00f8r?<\/strong><\/p>\n\n\n\n<ul class=\"wp-block-list\"><li>Tillitsvalgt i Ungdomsr\u00e5det, Nesodden Kommune (2020-2021)<\/li><li>Fylkesstyremedlem, AUF i Akershus (2020-2021)<\/li><li>Lokallagsleder, Nesodden AUF (2018-2020)<\/li><li>Ungdomstillitsvalg, Fagforbundet Nesodden (2018-2020)<\/li><\/ul>\n\n\n\n<p><strong>Hvilke politikkomr\u00e5der er du mest interessert i?<\/strong><\/p>\n\n\n\n<ul class=\"wp-block-list\"><li>Utdanning<\/li><li>Entrepren\u00f8rskap<\/li><li>Arbeidspolitikk<\/li><\/ul>\n\n\n\n<p><strong>Hvilke saker mener du at H\u00f8yre b\u00f8r fronte frem mot valget? Har du noen hjertesaker?<\/strong><\/p>\n\n\n\n<ul class=\"wp-block-list\"><li>Fremtiden skapes av mennesker. Derfor mener jeg at H\u00f8yre skal skal f\u00e5 entrepren\u00f8rskap tidlig inn i skolen. Fremtidsskolen skal l\u00f8fte frem nytenkning, id\u00e9utvikling og probleml\u00f8sning for de kommende generasjoner.<\/li><li>H\u00f8yre skal bidra til et moderne arbeidsliv som er tilpasset hvert enkelt menneske. Et arbeidsliv som er fleksibelt, trygt og som gir mennesker valgfrihet i egen hverdag.<\/li><\/ul>\n\n\n\n<p><strong>Hvorfor er du kandidat for Nesodden H\u00f8yre?<\/strong><\/p>\n\n\n\n<p>Jeg \u00f8nsker at politikken skal v\u00e6re \u00e5rsaken til at folk f\u00e5r et enklere liv, ikke \u00e5rsaken til alle problemene. H\u00f8yre vil skape et trygt og godt lokalsamfunn hvor man er \u201csjef\u201d i egen hverdag.<\/p>\n\n\n\n<p><strong>Andre opplysninger du mener kan v\u00e6re av interesse? Har du for eksempel erfaringer fra frivilligheten, et r\u00e5d eller en organisasjon?<\/strong><\/p>\n\n\n\n<ul class=\"wp-block-list\"><li>Digital Assistent for TusenFryd med fokus p\u00e5 Russens Dag (2019-2020)<\/li><li>Fylkes- og regionsmester i entrepren\u00f8rskap v\/ Ungt Entrepren\u00f8rskap Viken (2019-2020)<\/li><\/ul>\n<\/div><\/div><\/div>\n\n\n\n<div class=\"wp-block-teft-item\"><div class=\"teft-item__inner\"><h4 class=\"toggle\">15. Marit Gautvik (1968), Tangen<\/h4><div class=\"teft-item__inner-content entry-content\">\n<figure class=\"wp-block-gallery has-nested-images columns-default is-cropped wp-block-gallery-15 is-layout-flex wp-block-gallery-is-layout-flex\">\n<figure class=\"wp-block-image size-large\"><img loading=\"lazy\" decoding=\"async\" width=\"1024\" height=\"684\" data-id=\"558\" src=\"https:\/\/hoyre.no\/content\/uploads\/sites\/172\/2023\/01\/15.-Marit-Gautvik-1024x684.jpg\" alt=\"\" class=\"wp-image-558\" srcset=\"https:\/\/hoyre.no\/content\/uploads\/sites\/172\/2023\/01\/15.-Marit-Gautvik-1024x684.jpg 1024w, https:\/\/hoyre.no\/content\/uploads\/sites\/172\/2023\/01\/15.-Marit-Gautvik-300x200.jpg 300w, https:\/\/hoyre.no\/content\/uploads\/sites\/172\/2023\/01\/15.-Marit-Gautvik-768x513.jpg 768w, https:\/\/hoyre.no\/content\/uploads\/sites\/172\/2023\/01\/15.-Marit-Gautvik-1536x1026.jpg 1536w, https:\/\/hoyre.no\/content\/uploads\/sites\/172\/2023\/01\/15.-Marit-Gautvik-2048x1368.jpg 2048w\" sizes=\"auto, (max-width: 1024px) 100vw, 1024px\" \/><figcaption>Foto: Elias Rasch \/ Rasch Produksjon<\/figcaption><\/figure>\n<\/figure>\n\n\n\n<p><strong>N\u00e5v\u00e6rende stilling\/yrke<\/strong><\/p>\n\n\n\n<p>Konsulent<\/p>\n\n\n\n<p><strong>Sivilstatus<\/strong><\/p>\n\n\n\n<p>Gift<\/p>\n\n\n\n<p><strong>Hvilken utdanning har du?<\/strong><\/p>\n\n\n\n<ul class=\"wp-block-list\"><li>Hjelpepleierutdannelse<\/li><\/ul>\n\n\n\n<p><strong>Hvilken arbeidserfaring har du?<\/strong><\/p>\n\n\n\n<ul class=\"wp-block-list\"><li>Saksbehandling &#8211; regnskap, Nesodden kommune<\/li><\/ul>\n\n\n\n<ul class=\"wp-block-list\"><li>Selvstendig n\u00e6ringsdrivende innen makeup og hudpleie<\/li><\/ul>\n\n\n\n<ul class=\"wp-block-list\"><li>Hjelpepleier, Sunnaas sykehus v\/ avd. for multitraume og ryggmargsskade<\/li><\/ul>\n\n\n\n<ul class=\"wp-block-list\"><li>Selger, Esthetique Parfymeri<\/li><\/ul>\n\n\n\n<ul class=\"wp-block-list\"><li>Milj\u00f8arbeider, Ullern omsorgsbolig for eldre<\/li><\/ul>\n\n\n\n<ul class=\"wp-block-list\"><li>Hjelpepleier, Lindeberg sykehjem<\/li><\/ul>\n\n\n\n<p><strong>Har du politisk erfaring fra f\u00f8r?<\/strong><\/p>\n\n\n\n<p>Jeg har v\u00e6rt med i Nesodden H\u00f8yre siden 2019. I dag sitter jeg i kultur-, milj\u00f8- og teknikkutvalget. <\/p>\n\n\n\n<p><strong>Hvilke politikkomr\u00e5der er du mest interessert i?<\/strong><\/p>\n\n\n\n<ul class=\"wp-block-list\"><li>Klima og milj\u00f8<\/li><li>Dyrevelferd<\/li><li>Eldreomsorg<\/li><\/ul>\n\n\n\n<p><strong>Hvilke saker mener du at H\u00f8yre b\u00f8r fronte frem mot valget? Har du noen hjertesaker?<\/strong><\/p>\n\n\n\n<ul class=\"wp-block-list\"><li>Det m\u00e5 bli enklere for folk \u00e5 velge milj\u00f8vennlig i hverdagen. I tillegg m\u00e5 vi gj\u00f8re et krafttak for \u00e5 restaurere Oslofjorden.<\/li><li>Frihet i eget liv. Folk skal selv f\u00e5 velge hvordan de vil leve sine liv.<\/li><\/ul>\n\n\n\n<p><strong>Hvorfor er du kandidat for Nesodden H\u00f8yre?<\/strong><\/p>\n\n\n\n<p>Jeg liker at H\u00f8yre er opptatt av mest mulig autonomi i menneskers eget liv. I tillegg har jeg alltid v\u00e6rt med p\u00e5 frivillig arbeid. Jeg har lenge visst at n\u00e5r barna ble voksne, ville det bli naturlig for meg \u00e5 g\u00e5 inn i politikken.<\/p>\n\n\n\n<p><strong>Andre opplysninger du mener kan v\u00e6re av interesse? Har du for eksempel erfaringer fra frivilligheten, et r\u00e5d eller en organisasjon?<\/strong><\/p>\n\n\n\n<ul class=\"wp-block-list\"><li>Tillitsvalg i fagforening<\/li><\/ul>\n\n\n\n<ul class=\"wp-block-list\"><li>Verneombud p\u00e5 arbeidsplass<\/li><\/ul>\n\n\n\n<ul class=\"wp-block-list\"><li>Foreldreleder i speiderforening<\/li><\/ul>\n\n\n\n<ul class=\"wp-block-list\"><li>Hjelpetrener i h\u00e5ndballen<\/li><\/ul>\n\n\n\n<ul class=\"wp-block-list\"><li>Instrukt\u00f8r i styrketrening og zumba<\/li><\/ul>\n\n\n\n<ul class=\"wp-block-list\"><li>Livredder og badevakt p\u00e5 diverse sv\u00f8mmeklubber<\/li><\/ul>\n<\/div><\/div><\/div>\n\n\n\n<div class=\"wp-block-teft-item\"><div class=\"teft-item__inner\"><h4 class=\"toggle\">16. Arne Kyrkjeb\u00f8 (1966), Tangen<\/h4><div class=\"teft-item__inner-content entry-content\">\n<p>Presentasjonen kommer snart!<\/p>\n<\/div><\/div><\/div>\n\n\n\n<div class=\"wp-block-teft-item\"><div class=\"teft-item__inner\"><h4 class=\"toggle\">17. Linn Celine Christensen (1982), Tangen<\/h4><div class=\"teft-item__inner-content entry-content\">\n<figure class=\"wp-block-gallery has-nested-images columns-default is-cropped wp-block-gallery-16 is-layout-flex wp-block-gallery-is-layout-flex\">\n<figure class=\"wp-block-image size-large\"><img loading=\"lazy\" decoding=\"async\" width=\"1024\" height=\"751\" data-id=\"733\" src=\"https:\/\/hoyre.no\/content\/uploads\/sites\/172\/2023\/05\/17.-Linn-Celine-Christensen-1024x751.jpg\" alt=\"\" class=\"wp-image-733\" srcset=\"https:\/\/hoyre.no\/content\/uploads\/sites\/172\/2023\/05\/17.-Linn-Celine-Christensen-1024x751.jpg 1024w, https:\/\/hoyre.no\/content\/uploads\/sites\/172\/2023\/05\/17.-Linn-Celine-Christensen-300x220.jpg 300w, https:\/\/hoyre.no\/content\/uploads\/sites\/172\/2023\/05\/17.-Linn-Celine-Christensen-768x563.jpg 768w, https:\/\/hoyre.no\/content\/uploads\/sites\/172\/2023\/05\/17.-Linn-Celine-Christensen-1536x1126.jpg 1536w, https:\/\/hoyre.no\/content\/uploads\/sites\/172\/2023\/05\/17.-Linn-Celine-Christensen-2048x1502.jpg 2048w\" sizes=\"auto, (max-width: 1024px) 100vw, 1024px\" \/><figcaption>Foto: Privat<\/figcaption><\/figure>\n<\/figure>\n\n\n\n<p><strong>N\u00e5v\u00e6rende stilling\/yrke<\/strong><\/p>\n\n\n\n<p>Omr\u00e5desjef<\/p>\n\n\n\n<p><strong>Sivilstatus<\/strong><\/p>\n\n\n\n<p>Enke<\/p>\n\n\n\n<p><strong>Hvilken utdanning har du?<\/strong><\/p>\n\n\n\n<ul class=\"wp-block-list\"><li>Master i Organisasjonsutvikling (BI)<\/li><\/ul>\n\n\n\n<p><strong>Hvilken arbeidserfaring har du?<\/strong><\/p>\n\n\n\n<p>Lang erfaring som leder<\/p>\n\n\n\n<p><strong>Har du politisk erfaring fra f\u00f8r?<\/strong><\/p>\n\n\n\n<p>Nei, jeg er helt ny.<\/p>\n\n\n\n<p><strong>Hvilke politikkomr\u00e5der er du mest interessert i?<\/strong><\/p>\n\n\n\n<ul class=\"wp-block-list\"><li>Skole og oppvekst<\/li><li>N\u00e6ringsliv<\/li><\/ul>\n\n\n\n<p><strong>Hvilke saker mener du at H\u00f8yre b\u00f8r fronte frem mot valget? Har du noen hjertesaker?<\/strong><\/p>\n\n\n\n<p>Skole og oppvekst.<\/p>\n\n\n\n<p><strong>Hvorfor er du kandidat for Nesodden H\u00f8yre?<\/strong><\/p>\n\n\n\n<p>Jeg \u00f8nsker v\u00e6re med lokalt for \u00e5 p\u00e5virke utviklingen p\u00e5 Nesodden.<\/p>\n\n\n\n<p><strong>Andre opplysninger du mener kan v\u00e6re av interesse? Har du for eksempel erfaringer fra frivilligheten, et r\u00e5d eller en organisasjon?<\/strong><\/p>\n\n\n\n<p>Jeg har de siste seks \u00e5rene sittet i styret ved Nesodden Teaterfabrikk, samt at jeg har jobbet frivillig med \u00e5 bygge opp organisasjonen som fabrikken er i dag.<\/p>\n<\/div><\/div><\/div>\n\n\n\n<div class=\"wp-block-teft-item\"><div class=\"teft-item__inner\"><h4 class=\"toggle\">18. Helge Bj\u00f8rgo (1961), Berger<\/h4><div class=\"teft-item__inner-content entry-content\">\n<figure class=\"wp-block-gallery has-nested-images columns-default is-cropped wp-block-gallery-17 is-layout-flex wp-block-gallery-is-layout-flex\">\n<figure class=\"wp-block-image size-full\"><img loading=\"lazy\" decoding=\"async\" width=\"605\" height=\"403\" data-id=\"468\" src=\"https:\/\/hoyre.no\/content\/uploads\/sites\/172\/2022\/11\/18-Helge-Bjorgo.jpg\" alt=\"\" class=\"wp-image-468\" srcset=\"https:\/\/hoyre.no\/content\/uploads\/sites\/172\/2022\/11\/18-Helge-Bjorgo.jpg 605w, https:\/\/hoyre.no\/content\/uploads\/sites\/172\/2022\/11\/18-Helge-Bjorgo-300x200.jpg 300w\" sizes=\"auto, (max-width: 605px) 100vw, 605px\" \/><figcaption>Foto: Privat<\/figcaption><\/figure>\n<\/figure>\n\n\n\n<p><strong>N\u00e5v\u00e6rende stilling\/yrke<\/strong><\/p>\n\n\n\n<p>Selvstendig n\u00e6ringsdrivende<\/p>\n\n\n\n<p><strong>Sivilstatus<\/strong><\/p>\n\n\n\n<p>Gift<\/p>\n\n\n\n<p><strong>Hvilken utdanning har du?<\/strong><\/p>\n\n\n\n<ul class=\"wp-block-list\"><li>Luftkrigsskole I og II<\/li><li>Luftforsvarets stabsskole og Forsvarets stabsskole \u2013 Master i milit\u00e6re studier<\/li><li>Psykologi grunnfag v\/ UiT<\/li><\/ul>\n\n\n\n<p><strong>Hvilken arbeidserfaring har du?<\/strong><\/p>\n\n\n\n<p>Lang erfaring som offiser i Luftforsvaret og de senere \u00e5rene som konsulent innen ledelse og styring.<\/p>\n\n\n\n<p><strong>Har du politisk erfaring fra f\u00f8r?<\/strong><\/p>\n\n\n\n<p>Jeg har liten erfaring som aktiv politiker, men jeg har alltid v\u00e6rt politisk bevisst<\/p>\n\n\n\n<p><strong>Hvilke politikkomr\u00e5der er du mest interessert i?<\/strong><\/p>\n\n\n\n<ul class=\"wp-block-list\"><li>N\u00e6ringspolitikk<\/li><li>Skole- og kunnskapspolitikk<\/li><li>Boligpolitikk<\/li><\/ul>\n\n\n\n<p><strong>Hvilke saker mener du at H\u00f8yre b\u00f8r fronte frem mot valget? Har du noen hjertesaker?<\/strong><\/p>\n\n\n\n<ul class=\"wp-block-list\"><li>Bedre tilrettelegging for n\u00e6ringsetablering p\u00e5 Nesodden.<\/li><li>Privatisering av offentlige tjenester, s\u00e6rlig der disse er billigere og like gode som de offentlige.<\/li><li>Valgfrihet for alle og enhver innen alt fra barnehager til eldreomsorg.<\/li><\/ul>\n\n\n\n<p><strong>Hvorfor er du kandidat for Nesodden H\u00f8yre?<\/strong><\/p>\n\n\n\n<p>Nesodden er et godt sted \u00e5 bo, men kan gj\u00f8res enda bedre gjennom god H\u00f8yre-politikk. Det prosjektet har jeg lyst til \u00e5 v\u00e6re med p\u00e5.<\/p>\n\n\n\n<p><strong>Andre opplysninger du mener kan v\u00e6re av interesse? Har du for eksempel erfaringer fra frivilligheten, et r\u00e5d eller en organisasjon?<\/strong><\/p>\n\n\n\n<p>Jeg er sv\u00e6rt historieinteressert, med spesiell interesse for kinesisk og britisk historie.<\/p>\n<\/div><\/div><\/div>\n\n\n\n<div class=\"wp-block-teft-item\"><div class=\"teft-item__inner\"><h4 class=\"toggle\">19. Charlotte Christiansen (1983), Myklerud<\/h4><div class=\"teft-item__inner-content entry-content\">\n<p>Presentasjonen kommer snart!<\/p>\n<\/div><\/div><\/div>\n\n\n\n<div class=\"wp-block-teft-item\"><div class=\"teft-item__inner\"><h4 class=\"toggle\">20. Kjeld Bagh (1974), Myklerud<\/h4><div class=\"teft-item__inner-content entry-content\">\n<p>Presentasjonen kommer snart!<\/p>\n<\/div><\/div><\/div>\n\n\n\n<div class=\"wp-block-teft-item\"><div class=\"teft-item__inner\"><h4 class=\"toggle\">21. Grethe \u00d8yna Milivojevic (1982), Tangen<\/h4><div class=\"teft-item__inner-content entry-content\">\n<figure class=\"wp-block-gallery has-nested-images columns-default is-cropped wp-block-gallery-18 is-layout-flex wp-block-gallery-is-layout-flex\">\n<figure class=\"wp-block-image size-large\"><img loading=\"lazy\" decoding=\"async\" width=\"1024\" height=\"684\" data-id=\"559\" src=\"https:\/\/hoyre.no\/content\/uploads\/sites\/172\/2023\/01\/21.-Grethe-Milivojevic-1024x684.jpg\" alt=\"\" class=\"wp-image-559\" srcset=\"https:\/\/hoyre.no\/content\/uploads\/sites\/172\/2023\/01\/21.-Grethe-Milivojevic-1024x684.jpg 1024w, https:\/\/hoyre.no\/content\/uploads\/sites\/172\/2023\/01\/21.-Grethe-Milivojevic-300x200.jpg 300w, https:\/\/hoyre.no\/content\/uploads\/sites\/172\/2023\/01\/21.-Grethe-Milivojevic-768x513.jpg 768w, https:\/\/hoyre.no\/content\/uploads\/sites\/172\/2023\/01\/21.-Grethe-Milivojevic-1536x1026.jpg 1536w, https:\/\/hoyre.no\/content\/uploads\/sites\/172\/2023\/01\/21.-Grethe-Milivojevic-2048x1368.jpg 2048w\" sizes=\"auto, (max-width: 1024px) 100vw, 1024px\" \/><figcaption>Foto: Elias Rasch \/ Rasch Produksjon<\/figcaption><\/figure>\n<\/figure>\n\n\n\n<p><strong>N\u00e5v\u00e6rende stilling\/yrke<\/strong><\/p>\n\n\n\n<p>Seniorkonsulent i Sopra Steria<\/p>\n\n\n\n<p><strong>Sivilstatus<\/strong><\/p>\n\n\n\n<p>Gift og har to barn<\/p>\n\n\n\n<p><strong>Hvilken utdanning har du?<\/strong><\/p>\n\n\n\n<ul class=\"wp-block-list\"><li>Executive Master of Management \u2013 Prosjektledelse<\/li><li>\u00c5rsstudium i kunst og design, H\u00f8gskolen i Oslo<\/li><li>Bachelor i \u00f8konomi og administrasjon, H\u00f8gskolen i Oslo og University of Portsmouth<\/li><li>Allmennfaglig studieretning, Nesodden vgs.<\/li><\/ul>\n\n\n\n<p><strong>Hvilken arbeidserfaring har du?<\/strong><\/p>\n\n\n\n<ul class=\"wp-block-list\"><li>Seniorkonsulent, Sopra Steria (2018\u2013)<\/li><li>Driftskoordinator, Markedskoordinator og Lederkoordinator, Meny AS (2011\u20132018)<\/li><li>Bookingkoordinator og leverand\u00f8ransvarlig, Eyenetwork, UK (2005\u20132010)<\/li><\/ul>\n\n\n\n<p><strong>Har du politisk erfaring fra f\u00f8r?<\/strong><\/p>\n\n\n\n<p>Varamedlem, Skole- og oppvekstutvalget (2021\u2013)<\/p>\n\n\n\n<p><strong>Hvilke politikkomr\u00e5der er du mest interessert i?<\/strong><\/p>\n\n\n\n<ul class=\"wp-block-list\"><li>Barnehage og skole<\/li><li>Kirke og frivillighet<\/li><li>N\u00e6ringsliv<\/li><\/ul>\n\n\n\n<p><strong>Hvilke saker mener du at H\u00f8yre b\u00f8r fronte frem mot valget? Har du noen hjertesaker?<\/strong><\/p>\n\n\n\n<ul class=\"wp-block-list\"><li>Et n\u00e6rt barnehagetilbud med h\u00f8y kvalitet. Rehabilitere og gjen\u00e5pne Blomsterveien barnehage og avvikle Munkestien Nord.<\/li><li>Jobbe for god barnehagekapasitet i alle grendene p\u00e5 Nesodden.<\/li><li>En tilgjengelig folkekirke, med m\u00e5l om nytt kirkebygg p\u00e5 Skoklefall. Skoklefall kirke er ofte for liten og d\u00e5rlig egnet til flere anledninger, som julaften, konfirmasjoner og begravelser. En ny kulturkirke ved siden av n\u00e5v\u00e6rende Skoklefall kirke kan romme disse anledningene, og i tillegg fungere som kulturbygg for hele Nesodden.<\/li><li>At kommunen skal legge til rette for og spille p\u00e5 lag med n\u00e6ringslivet p\u00e5 Nesodden.<\/li><\/ul>\n\n\n\n<p><strong>Hvorfor er du kandidat for Nesodden H\u00f8yre?<\/strong><\/p>\n\n\n\n<p>Jeg vil bidra til at Nesodden skal v\u00e6re et godt sted \u00e5 bo og vokse opp ogs\u00e5 i fremtiden. Jeg mener H\u00f8yre har de riktige svarene p\u00e5 flere av utfordringene kommunen har og vil m\u00f8te fremover.<\/p>\n\n\n\n<p><strong>Andre opplysninger du mener kan v\u00e6re av interesse? Har du for eksempel erfaringer fra frivilligheten, et r\u00e5d eller en organisasjon?<\/strong><\/p>\n\n\n\n<ul class=\"wp-block-list\"><li>Leder, Skoklefall menighetsr\u00e5d (2021\u2013)<\/li><li>Nestleder, Skoklefall menighetsr\u00e5d (2019\u20132020)<\/li><\/ul>\n<\/div><\/div><\/div>\n\n\n\n<div class=\"wp-block-teft-item\"><div class=\"teft-item__inner\"><h4 class=\"toggle\">22. Geir Svarttj\u00f8nnli (1969), Berger<\/h4><div class=\"teft-item__inner-content entry-content\">\n<figure class=\"wp-block-gallery has-nested-images columns-default is-cropped wp-block-gallery-19 is-layout-flex wp-block-gallery-is-layout-flex\">\n<figure class=\"wp-block-image size-large\"><img loading=\"lazy\" decoding=\"async\" width=\"1024\" height=\"684\" data-id=\"560\" src=\"https:\/\/hoyre.no\/content\/uploads\/sites\/172\/2023\/01\/22.-Geir-Svarttjonnli-1024x684.jpg\" alt=\"\" class=\"wp-image-560\" srcset=\"https:\/\/hoyre.no\/content\/uploads\/sites\/172\/2023\/01\/22.-Geir-Svarttjonnli-1024x684.jpg 1024w, https:\/\/hoyre.no\/content\/uploads\/sites\/172\/2023\/01\/22.-Geir-Svarttjonnli-300x200.jpg 300w, https:\/\/hoyre.no\/content\/uploads\/sites\/172\/2023\/01\/22.-Geir-Svarttjonnli-768x513.jpg 768w, https:\/\/hoyre.no\/content\/uploads\/sites\/172\/2023\/01\/22.-Geir-Svarttjonnli-1536x1026.jpg 1536w, https:\/\/hoyre.no\/content\/uploads\/sites\/172\/2023\/01\/22.-Geir-Svarttjonnli-2048x1368.jpg 2048w\" sizes=\"auto, (max-width: 1024px) 100vw, 1024px\" \/><figcaption>Foto: Elias Rasch \/ Rasch Produksjon<\/figcaption><\/figure>\n<\/figure>\n\n\n\n<p><strong>N\u00e5v\u00e6rende stilling\/yrke<\/strong><\/p>\n\n\n\n<p>Innkj\u00f8psdirekt\u00f8r i Skanska Norge AS<\/p>\n\n\n\n<p><strong>Sivilstatus<\/strong><\/p>\n\n\n\n<p>Gift<\/p>\n\n\n\n<p><strong>Hvilken utdanning har du?<\/strong><\/p>\n\n\n\n<ul class=\"wp-block-list\"><li>H\u00f8gskolekandidat \u00f8konomi og administrasjon<\/li><li>H\u00f8gskoleingeni\u00f8r i kjemi<\/li><\/ul>\n\n\n\n<p><strong>Hvilken arbeidserfaring har du?<\/strong><\/p>\n\n\n\n<p>Diverse roller, salgsingeni\u00f8r, innkj\u00f8per mv. (1995-2000)<\/p>\n\n\n\n<p>Ass. innkj\u00f8pssjef, Idun Industri AS \/ Orkla ASA (2000-2002)<\/p>\n\n\n\n<p>Innkj\u00f8pssjef, Idun Industri AS \/ Orkla ASA (2002-2005)<\/p>\n\n\n\n<p>Innkj\u00f8pssjef, r\u00e5varer, Stabburet AS \/ Orkla ASA (2005-2012)<\/p>\n\n\n\n<p>Innkj\u00f8psdirekt\u00f8r, Stabburet AS \/ Orkla Foods Norge AS (2012-2014)<\/p>\n\n\n\n<p>Innkj\u00f8psdirekt\u00f8r, TINE SA (2014-2018)<\/p>\n\n\n\n<p>Innkj\u00f8psdirekt\u00f8r, Skanska Norge AS (2018-)<\/p>\n\n\n\n<p><strong>Har du politisk erfaring fra f\u00f8r?<\/strong><\/p>\n\n\n\n<p>Nei.<\/p>\n\n\n\n<p><strong>Hvilke politikkomr\u00e5der er du mest interessert i?<\/strong><\/p>\n\n\n\n<ul class=\"wp-block-list\"><li>N\u00e6ringspolitikk<\/li><\/ul>\n\n\n\n<ul class=\"wp-block-list\"><li>Skatter og avgifter<\/li><\/ul>\n\n\n\n<ul class=\"wp-block-list\"><li>Skole og utdanning<\/li><\/ul>\n\n\n\n<p><strong>Hvilke saker mener du at H\u00f8yre b\u00f8r fronte frem mot valget? Har du noen hjertesaker?<\/strong><\/p>\n\n\n\n<ul class=\"wp-block-list\"><li>Nesodden m\u00e5 bli en ja-kommune p\u00e5 lag med innbyggerne.<\/li><li>Vi m\u00e5 legge forholdene til rette for private initiativ, og initiativer fra foreninger. <\/li><li>Vi m\u00e5 ha gode rammevilk\u00e5r for n\u00e6ringsutvikling p\u00e5 Nesodden.<\/li><\/ul>\n\n\n\n<p><strong>Hvorfor er du kandidat for Nesodden H\u00f8yre?<\/strong><\/p>\n\n\n\n<p>Vi m\u00e5 legge forholdene til rette for n\u00e6ringsvirksomhet p\u00e5 Nesodden. Jeg mener vi m\u00e5 jobbe med kostnadskontroll for \u00e5 sikre tilbudet til innbyggerne. Jeg vil ogs\u00e5 bidra til samarbeid p\u00e5 tvers av etater, og kommunegrenser hvor dette gir positive effekter<\/p>\n<\/div><\/div><\/div>\n\n\n\n<div class=\"wp-block-teft-item\"><div class=\"teft-item__inner\"><h4 class=\"toggle\">23. Anisa Solvang (1967), Berger<\/h4><div class=\"teft-item__inner-content entry-content\">\n<figure class=\"wp-block-gallery has-nested-images columns-default is-cropped wp-block-gallery-20 is-layout-flex wp-block-gallery-is-layout-flex\">\n<figure class=\"wp-block-image size-large\"><img loading=\"lazy\" decoding=\"async\" width=\"1024\" height=\"684\" data-id=\"561\" src=\"https:\/\/hoyre.no\/content\/uploads\/sites\/172\/2023\/01\/23.-Anisa-Solvang-1024x684.jpg\" alt=\"\" class=\"wp-image-561\" srcset=\"https:\/\/hoyre.no\/content\/uploads\/sites\/172\/2023\/01\/23.-Anisa-Solvang-1024x684.jpg 1024w, https:\/\/hoyre.no\/content\/uploads\/sites\/172\/2023\/01\/23.-Anisa-Solvang-300x200.jpg 300w, https:\/\/hoyre.no\/content\/uploads\/sites\/172\/2023\/01\/23.-Anisa-Solvang-768x513.jpg 768w, https:\/\/hoyre.no\/content\/uploads\/sites\/172\/2023\/01\/23.-Anisa-Solvang-1536x1026.jpg 1536w, https:\/\/hoyre.no\/content\/uploads\/sites\/172\/2023\/01\/23.-Anisa-Solvang-2048x1368.jpg 2048w\" sizes=\"auto, (max-width: 1024px) 100vw, 1024px\" \/><figcaption>Foto: Elias Rasch \/ Rasch Produksjon<\/figcaption><\/figure>\n<\/figure>\n\n\n\n<p><strong>N\u00e5v\u00e6rende stilling\/yrke<\/strong><\/p>\n\n\n\n<p>Selvstendig n\u00e6ringsdrivende<\/p>\n\n\n\n<p><strong>Sivilstatus<\/strong><\/p>\n\n\n\n<p>Gift<\/p>\n\n\n\n<p><strong>Hvilken utdanning har du?<\/strong><\/p>\n\n\n\n<ul class=\"wp-block-list\"><li>BI &#8211; Executive Master of Management, delprogram: \u00f8konomi for beslutningstakere (2016) og strategisk ledelse (2004)<\/li><\/ul>\n\n\n\n<ul class=\"wp-block-list\"><li>University of Wyoming \u2013 Sivil\u00f8konom (1987-1991)<\/li><\/ul>\n\n\n\n<p><strong>Hvilken arbeidserfaring har du?<\/strong><\/p>\n\n\n\n<ul class=\"wp-block-list\"><li>Selvstendig n\u00e6ringsdrivende \u2013 Management for Hire og styreverv (2021-)<\/li><li>Chief Commercial Officer (CCO) Norden, Nokas Cash Handling (2020-2021)<\/li><li>Administrerende direkt\u00f8r, Nokas v\u00e4rdehandtering AB (2018-2020)<\/li><li>Landsjef, Nokas Cash Handling Norge&nbsp;(2016-2020)<\/li><li>Direkt\u00f8r &#8211; Forretningstjenester Norden, Nokas Cash Handling&nbsp;(2009-2016)<\/li><li>HR-direkt\u00f8r, Nokas Cash Handling&nbsp;(2008-2009)<\/li><li>Avdelingsleder \u00d8konomi og Administrasjon, Kreftforeningen (2004-2008)<\/li><li>HR-direkt\u00f8r, Tele2 Norge AS (2000-2003)<\/li><li>Daglig leder ABC Teateret og Chat Noir, ABC-Teaterdrift AS (1999)<\/li><\/ul>\n\n\n\n<ul class=\"wp-block-list\"><li>Konsulent til HR-sjef, Olsten Norsk Personal AS (1995-1999)<\/li><li>Konsulent, Temp-Team Vikarservice AS (1994)<\/li><li>Regnskapssekret\u00e6r, Kv\u00e6rner Engineering AS (1991-1994)<\/li><\/ul>\n\n\n\n<p><strong>Har du politisk erfaring fra f\u00f8r?<\/strong><\/p>\n\n\n\n<p>Ingen.<\/p>\n\n\n\n<p><strong>Hvilke politikkomr\u00e5der er du mest interessert i?<\/strong><\/p>\n\n\n\n<ul class=\"wp-block-list\"><li>\u00d8konomi, skatt og styring<\/li><li>N\u00e6ring<\/li><li>Likestilling<\/li><\/ul>\n\n\n\n<p><strong>Hvilke saker mener du at H\u00f8yre b\u00f8r fronte frem mot valget? Har du noen hjertesaker?<\/strong><\/p>\n\n\n\n<ul class=\"wp-block-list\"><li>Nei til eiendomsskatt p\u00e5 Nesodden.<\/li><li>\u00abFolkehelsehus\u00bb med flerbrukshall og sv\u00f8mmebasseng \u2013 spesielt sv\u00f8mmebasseng. P\u00e5 Nesodden er det et stort behov for arenaer der alle beboere, uavhengig av alder, kan drive fysisk aktivitet med fokus p\u00e5 helse. Det finnes ikke et akseptabelt tilbud for sv\u00f8mming som idrett, oppl\u00e6ring eller fritidsaktivitet p\u00e5 Nesodden.<\/li><\/ul>\n\n\n\n<ul class=\"wp-block-list\"><li>Nesodden som ja-kommunen &#8211; kommunen jobber p\u00e5 lag med innbyggerne for \u00e5 skape en positiv utvikling for alle i kommunen.<\/li><li>Kunnskap i skolen.<\/li><\/ul>\n\n\n\n<p><strong>Hvorfor er du kandidat for Nesodden H\u00f8yre?<\/strong><\/p>\n\n\n\n<p>Jeg vil bidra med min kompetanse fra n\u00e6ringslivet til \u00e5 utvikle Nesodden til \u00e5 bli et enda bedre sted \u00e5 bo.<\/p>\n\n\n\n<p>Jeg opplever at retorikken i norsk politikk handler mer og mer om \u00e5 snakke ned andre partiers politikk og resultater, samt at sakene blir behandlet p\u00e5 et overflateniv\u00e5. Ved \u00e5 fokusere p\u00e5 egen politikk, muligheter og konsekvenser vil dette gi velgere et bedre grunnlag \u00e5 gj\u00f8re sine beslutninger. Jeg vil da bidra til \u00e5 bedre retorikken i politikken, fra \u00e5 snakke ned politikk og politikere fra andre partier til \u00e5 fokusere p\u00e5 egen politikk og hvorfor den er riktig, samt f\u00e5 frem hva H\u00f8yres politikk betyr for samfunnet og den enkelte mer grundig enn kun en tabloid overflatebehandling.<\/p>\n\n\n\n<p><\/p>\n<\/div><\/div><\/div>\n\n\n\n<div class=\"wp-block-teft-item\"><div class=\"teft-item__inner\"><h4 class=\"toggle\">24. Knut Bj\u00f8rnsen Teige (1947), Tangen<\/h4><div class=\"teft-item__inner-content entry-content\">\n<figure class=\"wp-block-gallery has-nested-images columns-default is-cropped wp-block-gallery-21 is-layout-flex wp-block-gallery-is-layout-flex\">\n<figure class=\"wp-block-image size-large\"><img loading=\"lazy\" decoding=\"async\" width=\"1024\" height=\"722\" data-id=\"652\" src=\"https:\/\/hoyre.no\/content\/uploads\/sites\/172\/2023\/03\/24.-Knut-Bjornsen-Teige-1024x722.jpg\" alt=\"\" class=\"wp-image-652\" srcset=\"https:\/\/hoyre.no\/content\/uploads\/sites\/172\/2023\/03\/24.-Knut-Bjornsen-Teige-1024x722.jpg 1024w, https:\/\/hoyre.no\/content\/uploads\/sites\/172\/2023\/03\/24.-Knut-Bjornsen-Teige-300x212.jpg 300w, https:\/\/hoyre.no\/content\/uploads\/sites\/172\/2023\/03\/24.-Knut-Bjornsen-Teige-768x542.jpg 768w, https:\/\/hoyre.no\/content\/uploads\/sites\/172\/2023\/03\/24.-Knut-Bjornsen-Teige-1536x1084.jpg 1536w, https:\/\/hoyre.no\/content\/uploads\/sites\/172\/2023\/03\/24.-Knut-Bjornsen-Teige-2048x1445.jpg 2048w\" sizes=\"auto, (max-width: 1024px) 100vw, 1024px\" \/><figcaption>Foto: Privat<\/figcaption><\/figure>\n<\/figure>\n\n\n\n<p><strong>N\u00e5v\u00e6rende stilling\/yrke<\/strong><\/p>\n\n\n\n<p>Pensjonist<\/p>\n\n\n\n<p><strong>Sivilstatus<\/strong><\/p>\n\n\n\n<p>Gift<\/p>\n\n\n\n<p><strong>Hvilken utdanning har du?<\/strong><\/p>\n\n\n\n<p>Befalsskole, Krigsskolen, Stabsskolen og Forsvarets h\u00f8gskole<\/p>\n\n\n\n<p><strong>Hvilken arbeidserfaring har du?<\/strong><\/p>\n\n\n\n<p>Jeg har jobbet 33 \u00e5r i Forsvaret og fem \u00e5r i privat n\u00e6ringsliv. I tillegg har jeg v\u00e6rt leder- og hatt styreverv i tre landsdekkende frivillige organisjoner.<\/p>\n\n\n\n<p><strong>Har du politisk erfaring fra f\u00f8r?<\/strong><\/p>\n\n\n\n<p>Jeg har v\u00e6rt styremedlem i Oslo Senior H\u00f8yre i tre \u00e5r. N\u00e5 er jeg medlem i den sikkerhetspolitiske arbeidsgruppen i Oslo Senior H\u00f8yre.<\/p>\n\n\n\n<p><strong>Hvilke politikkomr\u00e5der er du mest interessert i?<\/strong><\/p>\n\n\n\n<ul class=\"wp-block-list\"><li>Kultur og frivillighet<\/li><li>Utdanning og oppvekst<\/li><li>Helse og omsorg<\/li><\/ul>\n\n\n\n<p><strong>Hvilke saker mener du at H\u00f8yre b\u00f8r fronte frem mot valget? Har du noen hjertesaker?<\/strong><\/p>\n\n\n\n<ul class=\"wp-block-list\"><li>Utdanning og oppvekst.<\/li><\/ul>\n\n\n\n<p><strong>Hvorfor er du kandidat for Nesodden H\u00f8yre?<\/strong><\/p>\n\n\n\n<p>Jeg \u00f8nsker \u00e5 bidra i lokalsamfunnet.<\/p>\n\n\n\n<p><strong>Andre opplysninger du mener kan v\u00e6re av interesse? Har du for eksempel erfaringer fra frivilligheten, et r\u00e5d eller en organisasjon?   <\/strong> <\/p>\n\n\n\n<p>Jeg har hatt diverse leder- og styreverv i tre landsdekkende frivillige organsisjoner. Jeg har tatt del i diverse organisasjonsarbeid opp gjennom \u00e5rene i forbindelse med omstruktureringer og effektivisering.<\/p>\n<\/div><\/div><\/div>\n\n\n\n<div class=\"wp-block-teft-item\"><div class=\"teft-item__inner\"><h4 class=\"toggle\">25. Sarah Adland (1993), Tangen<\/h4><div class=\"teft-item__inner-content entry-content\">\n<p>Presentasjonen kommer snart!<\/p>\n<\/div><\/div><\/div>\n\n\n\n<div class=\"wp-block-teft-item\"><div class=\"teft-item__inner\"><h4 class=\"toggle\">26. Neelesh Kasbekar (1974), Myklerud<\/h4><div class=\"teft-item__inner-content entry-content\">\n<figure class=\"wp-block-gallery has-nested-images columns-default is-cropped wp-block-gallery-22 is-layout-flex wp-block-gallery-is-layout-flex\">\n<figure class=\"wp-block-image size-large\"><img loading=\"lazy\" decoding=\"async\" width=\"1024\" height=\"684\" data-id=\"562\" src=\"https:\/\/hoyre.no\/content\/uploads\/sites\/172\/2023\/01\/26.-Neelesh-Kasbekar-1024x684.jpg\" alt=\"\" class=\"wp-image-562\" srcset=\"https:\/\/hoyre.no\/content\/uploads\/sites\/172\/2023\/01\/26.-Neelesh-Kasbekar-1024x684.jpg 1024w, https:\/\/hoyre.no\/content\/uploads\/sites\/172\/2023\/01\/26.-Neelesh-Kasbekar-300x200.jpg 300w, https:\/\/hoyre.no\/content\/uploads\/sites\/172\/2023\/01\/26.-Neelesh-Kasbekar-768x513.jpg 768w, https:\/\/hoyre.no\/content\/uploads\/sites\/172\/2023\/01\/26.-Neelesh-Kasbekar-1536x1026.jpg 1536w, https:\/\/hoyre.no\/content\/uploads\/sites\/172\/2023\/01\/26.-Neelesh-Kasbekar-2048x1368.jpg 2048w\" sizes=\"auto, (max-width: 1024px) 100vw, 1024px\" \/><figcaption>Foto: Elias Rasch \/ Rasch Produksjon<\/figcaption><\/figure>\n<\/figure>\n\n\n\n<p><strong>N\u00e5v\u00e6rende stilling\/yrke<\/strong><\/p>\n\n\n\n<p>Fastlege<\/p>\n\n\n\n<p><strong>Sivilstatus<\/strong><\/p>\n\n\n\n<p>Gift<\/p>\n\n\n\n<p><strong>Hvilken utdanning har du?<\/strong><\/p>\n\n\n\n<p>Cand. Med., spesialist i allmennmedisin<\/p>\n\n\n\n<p><strong>Hvilken arbeidserfaring har du?<\/strong><\/p>\n\n\n\n<p>22 \u00e5r med yrkesaktivitet som lege.<\/p>\n\n\n\n<p><strong>Har du politisk erfaring fra f\u00f8r?<\/strong><\/p>\n\n\n\n<p>Nei.<\/p>\n\n\n\n<p><strong>Hvilke politikkomr\u00e5der er du mest interessert i?<\/strong><\/p>\n\n\n\n<ul class=\"wp-block-list\"><li>Helse<\/li><\/ul>\n\n\n\n<ul class=\"wp-block-list\"><li>Skole og utdanning<\/li><\/ul>\n\n\n\n<ul class=\"wp-block-list\"><li>Utbygging og n\u00e6ring<\/li><\/ul>\n\n\n\n<p><strong>Hvilke saker mener du at H\u00f8yre b\u00f8r fronte frem mot valget? Har du noen hjertesaker?<\/strong><\/p>\n\n\n\n<p>Helse og omsorg, og utbygging av skoleverk.<\/p>\n\n\n\n<p><strong>Hvorfor er du kandidat for Nesodden H\u00f8yre?<\/strong><\/p>\n\n\n\n<p>Jeg vil bidra til et bedre n\u00e6rmilj\u00f8.<\/p>\n<\/div><\/div><\/div>\n\n\n\n<div class=\"wp-block-teft-item\"><div class=\"teft-item__inner\"><h4 class=\"toggle\">27. Fride Iren Egeberg (1968), Tangen<\/h4><div class=\"teft-item__inner-content entry-content\">\n<figure class=\"wp-block-gallery has-nested-images columns-default is-cropped wp-block-gallery-23 is-layout-flex wp-block-gallery-is-layout-flex\">\n<figure class=\"wp-block-image size-large\"><img loading=\"lazy\" decoding=\"async\" width=\"1024\" height=\"684\" data-id=\"563\" src=\"https:\/\/hoyre.no\/content\/uploads\/sites\/172\/2023\/01\/27.-Fride-Egeberg-1024x684.jpg\" alt=\"\" class=\"wp-image-563\" srcset=\"https:\/\/hoyre.no\/content\/uploads\/sites\/172\/2023\/01\/27.-Fride-Egeberg-1024x684.jpg 1024w, https:\/\/hoyre.no\/content\/uploads\/sites\/172\/2023\/01\/27.-Fride-Egeberg-300x200.jpg 300w, https:\/\/hoyre.no\/content\/uploads\/sites\/172\/2023\/01\/27.-Fride-Egeberg-768x513.jpg 768w, https:\/\/hoyre.no\/content\/uploads\/sites\/172\/2023\/01\/27.-Fride-Egeberg-1536x1026.jpg 1536w, https:\/\/hoyre.no\/content\/uploads\/sites\/172\/2023\/01\/27.-Fride-Egeberg-2048x1368.jpg 2048w\" sizes=\"auto, (max-width: 1024px) 100vw, 1024px\" \/><figcaption>Foto: Elias Rasch \/ Rasch Produksjon<\/figcaption><\/figure>\n<\/figure>\n\n\n\n<p><strong>N\u00e5v\u00e6rende stilling\/yrke<\/strong><\/p>\n\n\n\n<p>Kundebehandler<\/p>\n\n\n\n<p><strong>Sivilstatus<\/strong><\/p>\n\n\n\n<p>Samboer<\/p>\n\n\n\n<p><strong>Hvilken utdanning har du?<\/strong><\/p>\n\n\n\n<ul class=\"wp-block-list\"><li>Nesodden Videreg\u00e5ende skole, Naturfaglinjen<\/li><li>Bankakademiet<\/li><\/ul>\n\n\n\n<ul class=\"wp-block-list\"><li>BI \u2013 Grunnleggende \u00f8konomisk analyse<\/li><\/ul>\n\n\n\n<p><strong>Hvilken arbeidserfaring har du?<\/strong><\/p>\n\n\n\n<ul class=\"wp-block-list\"><li>ABC-bank \u2013 kasserer p\u00e5 filial Nesodden<\/li><li>Sparebanken NOR \u2013 kasserer p\u00e5 filial \u00c5s<\/li><li>DnBNOR \u2013 kundebehandler avd. Frivillige og Humanit\u00e6re Organisasjoner<\/li><li>OBOS &#8211; L\u00e5n &amp; Spar<\/li><\/ul>\n\n\n\n<ul class=\"wp-block-list\"><li>OBOS-Banken &#8211; kundebehandler<\/li><\/ul>\n\n\n\n<p><strong>Har du politisk erfaring fra f\u00f8r?<\/strong><\/p>\n\n\n\n<p>Jeg har v\u00e6rt kasserer i Nesodden H\u00f8yre siden 2021.<\/p>\n\n\n\n<p><strong>Hvilke politikkomr\u00e5der er du mest interessert i?<\/strong><\/p>\n\n\n\n<ul class=\"wp-block-list\"><li>Skole og oppvekst<\/li><li>Boligpolitikk<\/li><\/ul>\n\n\n\n<p>Redde Oslofjorden<\/p>\n\n\n\n<p><strong>Hvilke saker mener du at H\u00f8yre b\u00f8r fronte frem mot valget? Har du noen hjertesaker?<\/strong><\/p>\n\n\n\n<ul class=\"wp-block-list\"><li>Kommunen m\u00e5 i samarbeid med andre kommuner rundt Oslofjorden ta ansvar for Oslofjordens tilstand.<\/li><li>Nei til eiendomsskatt.<\/li><li>Alle elever b\u00f8r f\u00e5 et tilbud som er tilpasset deres evner og forutsetninger. Viktig med oppussing og rehabilitering av Nesoddskolenes bygningsmasse.<\/li><\/ul>\n\n\n\n<p><strong>Hvorfor er du kandidat for Nesodden H\u00f8yre?<\/strong><\/p>\n\n\n\n<ul class=\"wp-block-list\"><li>Har alltid stemt H\u00f8yre, men har f\u00f8rst det siste \u00e5ret blitt medlem og engasjert meg i den lokale politikken.<\/li><li>Vi trenger en ny vei inn til Nesodden, rutetilbudet til Oslo m\u00e5 opprettholdes og vi trenger et bedre busstilbud til v\u00e5re nabokommuner.<\/li><li>Noe m\u00e5 gj\u00f8res for \u00e5 redde Oslofjorden, gjerne i samarbeid med andre kommuner rundt Oslofjorden.<\/li><\/ul>\n\n\n\n<p><strong>Andre opplysninger du mener kan v\u00e6re av interesse? Har du for eksempel erfaringer fra frivilligheten, et r\u00e5d eller en organisasjon?   <\/strong> <\/p>\n\n\n\n<ul class=\"wp-block-list\"><li>TV-aksjonen: flere \u00e5r med telling i banken p\u00e5 Nesodden og deretter noen \u00e5r i Oslo med rapportering av innsamlet bel\u00f8p fra alle kommunene i landet.<\/li><li>Medlem i Nesodden Jeger- og Fiskerforbund, miniatyrskytter, dugnadsarbeid som kj\u00f8kkenhjelp og servert i bryllup m.m. p\u00e5 Jegerhytta.<\/li><li>L\u00e6rt mange p\u00e5 Nesodden \u00e5 danse swing p\u00e5 J\u00f8rns danseskole.<\/li><li>Fotballmamma<\/li><\/ul>\n<\/div><\/div><\/div>\n\n\n\n<div class=\"wp-block-teft-item\"><div class=\"teft-item__inner\"><h4 class=\"toggle\">28. Stig Boysen (1971), Fjellstrand<\/h4><div class=\"teft-item__inner-content entry-content\">\n<figure class=\"wp-block-gallery has-nested-images columns-default is-cropped wp-block-gallery-24 is-layout-flex wp-block-gallery-is-layout-flex\">\n<figure class=\"wp-block-image size-large\"><img loading=\"lazy\" decoding=\"async\" width=\"1024\" height=\"684\" data-id=\"565\" src=\"https:\/\/hoyre.no\/content\/uploads\/sites\/172\/2023\/01\/28.-Stig-Boysen-1-1024x684.jpg\" alt=\"\" class=\"wp-image-565\" srcset=\"https:\/\/hoyre.no\/content\/uploads\/sites\/172\/2023\/01\/28.-Stig-Boysen-1-1024x684.jpg 1024w, https:\/\/hoyre.no\/content\/uploads\/sites\/172\/2023\/01\/28.-Stig-Boysen-1-300x200.jpg 300w, https:\/\/hoyre.no\/content\/uploads\/sites\/172\/2023\/01\/28.-Stig-Boysen-1-768x513.jpg 768w, https:\/\/hoyre.no\/content\/uploads\/sites\/172\/2023\/01\/28.-Stig-Boysen-1-1536x1026.jpg 1536w, https:\/\/hoyre.no\/content\/uploads\/sites\/172\/2023\/01\/28.-Stig-Boysen-1-2048x1368.jpg 2048w\" sizes=\"auto, (max-width: 1024px) 100vw, 1024px\" \/><figcaption>Foto: Elias Rasch \/ Rasch Produksjon<\/figcaption><\/figure>\n<\/figure>\n\n\n\n<p><strong>N\u00e5v\u00e6rende stilling\/yrke<\/strong><\/p>\n\n\n\n<p>HMS- og kvalitetsleder.<\/p>\n\n\n\n<p><strong>Sivilstatus<\/strong><\/p>\n\n\n\n<p>Singel<\/p>\n\n\n\n<p><strong>Hvilken utdanning har du?<\/strong><\/p>\n\n\n\n<p>Ni\u00e5rig grunnskole. <\/p>\n\n\n\n<p><strong>Hvilken arbeidserfaring har du?<\/strong><\/p>\n\n\n\n<p>Har v\u00e6rt i fast jobb siden jeg var 16 \u00e5r:<\/p>\n\n\n\n<ul class=\"wp-block-list\"><li>Har hatt ulike jobber og ansvar hos Hansen &amp; Dysvik AS fra 1987 til 1998. Jeg har blant annet jobbet p\u00e5 lager med ansvar for mottak av varer fra utlandet. <\/li><li>Driftsleder for Knut Skutle Entrepren\u00f8rforretning AS, 1999-2006<\/li><li>Driftsleder for Skutle AS, 2006-2010<\/li><li>Driftsleder for Kruse Smith AS&#8217; avdeling i Oslo. 2010-2015<\/li><li>Kvalitets- og sertifiseringsleder hos BAS Maskinutleie AS, 2015-2019<\/li><li>Systemforvalter Hos BAS Maskinutleie AS, 2019-2020<\/li><li>Servicemedarbeider Drift BAS Maskinutleie AS, 2020-2021<\/li><li>HMS- og kvalitetskoordinator BAS Maskinutleie AS, 2021-2022<\/li><li>HMS- og kvalitetsleder BAS Maskinutleie AS, 2022-<\/li><\/ul>\n\n\n\n<p><strong>Har du politisk erfaring fra f\u00f8r?<\/strong><\/p>\n\n\n\n<p>Jeg stod p\u00e5 Nesodden H\u00f8yre sin kommunestyreliste i 2019. <\/p>\n\n\n\n<p><strong>Hvilke politikkomr\u00e5der er du mest interessert i?<\/strong><\/p>\n\n\n\n<ul class=\"wp-block-list\"><li>Boligpolitikk<\/li><li>Skole- og utdanningspolitikk<\/li><li>N\u00e6ringspolitikk<\/li><\/ul>\n\n\n\n<p><strong>Hvilke saker mener du at H\u00f8yre b\u00f8r fronte frem mot valget? Har du noen hjertesaker?<\/strong><\/p>\n\n\n\n<ul class=\"wp-block-list\"><li>Styrke n\u00e6ringslivet.<\/li><li>Fordele boligbygging over st\u00f8rre deler av Nesodden.<\/li><li>Nesodden m\u00e5 bli en kommune der du kan bygge og bo, og der b\u00e5de bedrifter og innbygger skal trives.<\/li><\/ul>\n\n\n\n<p><strong>Hvorfor er du kandidat for Nesodden H\u00f8yre?<\/strong><\/p>\n\n\n\n<p>Nesodden skal v\u00e6re en god kommune \u00e5 bo i, dele mine erfaringer med andre politikere. En m\u00e5 tenke p\u00e5 alle som bor i kommunen, og at de skal ha det bra.<\/p>\n\n\n\n<p><strong>Andre opplysninger du mener kan v\u00e6re av interesse? Har du for eksempel erfaringer fra frivilligheten, et r\u00e5d eller en organisasjon?   <\/strong> <\/p>\n\n\n\n<ul class=\"wp-block-list\"><li>Er leder av Dalbo Vel.<\/li><li>Styremedlem i Dalbo Veilag, med ansvar for vedlikehold av veiene.<\/li><li>Meddommer i Eidsivating lagmannsrett.<\/li><\/ul>\n<\/div><\/div><\/div>\n\n\n\n<div class=\"wp-block-teft-item\"><div class=\"teft-item__inner\"><h4 class=\"toggle\">29. Veronica Sundelin (1973), Myklerud<\/h4><div class=\"teft-item__inner-content entry-content\">\n<figure class=\"wp-block-gallery has-nested-images columns-default is-cropped wp-block-gallery-25 is-layout-flex wp-block-gallery-is-layout-flex\">\n<figure class=\"wp-block-image size-large\"><img loading=\"lazy\" decoding=\"async\" width=\"1024\" height=\"684\" data-id=\"566\" src=\"https:\/\/hoyre.no\/content\/uploads\/sites\/172\/2023\/01\/29.-Veronica-Sundelin-1024x684.jpg\" alt=\"\" class=\"wp-image-566\" srcset=\"https:\/\/hoyre.no\/content\/uploads\/sites\/172\/2023\/01\/29.-Veronica-Sundelin-1024x684.jpg 1024w, https:\/\/hoyre.no\/content\/uploads\/sites\/172\/2023\/01\/29.-Veronica-Sundelin-300x200.jpg 300w, https:\/\/hoyre.no\/content\/uploads\/sites\/172\/2023\/01\/29.-Veronica-Sundelin-768x513.jpg 768w, https:\/\/hoyre.no\/content\/uploads\/sites\/172\/2023\/01\/29.-Veronica-Sundelin-1536x1026.jpg 1536w, https:\/\/hoyre.no\/content\/uploads\/sites\/172\/2023\/01\/29.-Veronica-Sundelin-2048x1368.jpg 2048w\" sizes=\"auto, (max-width: 1024px) 100vw, 1024px\" \/><figcaption>Foto: Elias Rasch \/ Rasch Produksjon<\/figcaption><\/figure>\n<\/figure>\n\n\n\n<p><strong>N\u00e5v\u00e6rende stilling\/yrke<\/strong><\/p>\n\n\n\n<p>Seniorr\u00e5dgiver<\/p>\n\n\n\n<p><strong>Sivilstatus<\/strong><\/p>\n\n\n\n<p>Samboer<\/p>\n\n\n\n<p><strong>Hvilken utdanning har du?<\/strong><\/p>\n\n\n\n<p>Master of Management, Can.mag \u00f8konomi og adm.<\/p>\n\n\n\n<p><strong>Hvilken arbeidserfaring har du?<\/strong><\/p>\n\n\n\n<p>Jeg har jobbet for Universitetet i Oslo, OsloMet, Norad og FMA.<\/p>\n\n\n\n<p><strong>Har du politisk erfaring fra f\u00f8r?<\/strong><\/p>\n\n\n\n<p>Jeg er ny i aktiv politikk. Har v\u00e6rt medlem i H\u00f8yre i de siste 8 \u00e5rene.<\/p>\n\n\n\n<p><strong>Hvilke politikkomr\u00e5der er du mest interessert i?<\/strong><\/p>\n\n\n\n<p>Oppvekstsvilk\u00e5r og kvalitet i offentlig forvaltning.<\/p>\n\n\n\n<p><strong>Hvilke saker mener du at H\u00f8yre b\u00f8r fronte frem mot valget? Har du noen hjertesaker?<\/strong><\/p>\n\n\n\n<ul class=\"wp-block-list\"><li>Nesodden som ja-kommune<\/li><li>Nei til eiendomsskatt<\/li><li>Kvalitet i offentlig forvalting og likebehandling av alle da det gjelder kommunale tjenester og prosesser uansett bakgrunn og \u00f8konomi<\/li><\/ul>\n\n\n\n<p><strong>Hvorfor er du kandidat for Nesodden H\u00f8yre?<\/strong><\/p>\n\n\n\n<ul class=\"wp-block-list\"><li>Jeg vil bidra til at nesoddensamfunnet utvikles b\u00e6rekraftig til glede og nytte for nye og gamle innbyggere.<\/li><\/ul>\n\n\n\n<p><strong>Andre opplysninger du mener kan v\u00e6re av interesse? Har du for eksempel erfaringer fra frivilligheten, et r\u00e5d eller en organisasjon?   <\/strong> <\/p>\n\n\n\n<ul class=\"wp-block-list\"><li>Styreleder i Huseierforeningem, og bidratt til kulturaktiviteter p\u00e5 Svalbard da jeg studerte der. Jeg har ogs\u00e5 sittet i FAU p\u00e5 Myklerud skole.<\/li><\/ul>\n<\/div><\/div><\/div>\n\n\n\n<div class=\"wp-block-teft-item\"><div class=\"teft-item__inner\"><h4 class=\"toggle\">30. Trond Blindheim (1955), Berger<\/h4><div class=\"teft-item__inner-content entry-content\">\n<figure class=\"wp-block-gallery has-nested-images columns-default is-cropped wp-block-gallery-26 is-layout-flex wp-block-gallery-is-layout-flex\">\n<figure class=\"wp-block-image size-large\"><img loading=\"lazy\" decoding=\"async\" width=\"1024\" height=\"684\" data-id=\"567\" src=\"https:\/\/hoyre.no\/content\/uploads\/sites\/172\/2023\/01\/30.-Trond-Blindheim-1024x684.jpg\" alt=\"\" class=\"wp-image-567\" srcset=\"https:\/\/hoyre.no\/content\/uploads\/sites\/172\/2023\/01\/30.-Trond-Blindheim-1024x684.jpg 1024w, https:\/\/hoyre.no\/content\/uploads\/sites\/172\/2023\/01\/30.-Trond-Blindheim-300x200.jpg 300w, https:\/\/hoyre.no\/content\/uploads\/sites\/172\/2023\/01\/30.-Trond-Blindheim-768x513.jpg 768w, https:\/\/hoyre.no\/content\/uploads\/sites\/172\/2023\/01\/30.-Trond-Blindheim-1536x1026.jpg 1536w, https:\/\/hoyre.no\/content\/uploads\/sites\/172\/2023\/01\/30.-Trond-Blindheim-2048x1368.jpg 2048w\" sizes=\"auto, (max-width: 1024px) 100vw, 1024px\" \/><figcaption>Foto: Elias Rasch \/ Rasch Produksjon<\/figcaption><\/figure>\n<\/figure>\n\n\n\n<p><strong>N\u00e5v\u00e6rende stilling\/yrke<\/strong><\/p>\n\n\n\n<p>Dosent i markedskommunikasjon og merkevarebygging<\/p>\n\n\n\n<p><strong>Sivilstatus<\/strong><\/p>\n\n\n\n<p>Gift og har fire barn<\/p>\n\n\n\n<p><strong>Hvilken utdanning har du?<\/strong><\/p>\n\n\n\n<ul class=\"wp-block-list\"><li>Diplomstudium i markedsf\u00f8ring v\/ Handelsh\u00f8yskolen BI. <\/li><\/ul>\n\n\n\n<ul class=\"wp-block-list\"><li>Sosiologi v\/ Universitetet i Oslo.<\/li><\/ul>\n\n\n\n<p><strong>Hvilken arbeidserfaring har du?<\/strong><\/p>\n\n\n\n<ul class=\"wp-block-list\"><li>Tekstforfatter i reklamebyr\u00e5<\/li><li>Direkt\u00f8r i mediebyr\u00e5<\/li><li>F\u00f8rstelektor v\/ Handelsh\u00f8yskolen BI<\/li><li>Prorektor v\/ Markedsh\u00f8yskolen i Oslo<\/li><li>Rektor v\/ H\u00f8yskolen Kristiania (2006 \u2013 2018)<\/li><li>Dosent fra 2018<\/li><\/ul>\n\n\n\n<p><strong>Har du politisk erfaring fra f\u00f8r?<\/strong><\/p>\n\n\n\n<p>Nei, men var aktiv i studentforeninger da jeg studerte.<\/p>\n\n\n\n<p><strong>Hvilke politikkomr\u00e5der er du mest interessert i?<\/strong><\/p>\n\n\n\n<p>Utdanningspolitikk og forbrukerpolitikk.<\/p>\n\n\n\n<p><strong>Hvilke saker mener du at H\u00f8yre b\u00f8r fronte frem mot valget? Har du noen hjertesaker?<\/strong><\/p>\n\n\n\n<p>Utdanningspolitikk er det omr\u00e5det jeg har fulgt tettest gjennom \u00e5rene. Har selvsagt med mitt yrke \u00e5 gj\u00f8re.<\/p>\n\n\n\n<p><strong>Hvorfor er du kandidat for Nesodden H\u00f8yre?<\/strong><\/p>\n\n\n\n<p>Fordi jeg er enig i partiets prioriteringer og disposisjoner i vid forstand.<\/p>\n\n\n\n<p><strong>Andre opplysninger du mener kan v\u00e6re av interesse? Har du for eksempel erfaringer fra frivilligheten, et r\u00e5d eller en organisasjon?   <\/strong> <\/p>\n\n\n\n<p>Jeg er medlem i Rotary. Holder ofte foredrag for bedrifter, bransjeforeninger og organisasjoner.<\/p>\n<\/div><\/div><\/div>\n\n\n\n<div class=\"wp-block-teft-item\"><div class=\"teft-item__inner\"><h4 class=\"toggle\">31. Erik Adland (1957), Tangen<\/h4><div class=\"teft-item__inner-content entry-content\">\n<figure class=\"wp-block-gallery has-nested-images columns-default is-cropped wp-block-gallery-27 is-layout-flex wp-block-gallery-is-layout-flex\">\n<figure class=\"wp-block-image size-large\"><img loading=\"lazy\" decoding=\"async\" width=\"1024\" height=\"684\" data-id=\"568\" src=\"https:\/\/hoyre.no\/content\/uploads\/sites\/172\/2023\/01\/31.-Erik-Adland-1024x684.jpg\" alt=\"\" class=\"wp-image-568\" srcset=\"https:\/\/hoyre.no\/content\/uploads\/sites\/172\/2023\/01\/31.-Erik-Adland-1024x684.jpg 1024w, https:\/\/hoyre.no\/content\/uploads\/sites\/172\/2023\/01\/31.-Erik-Adland-300x200.jpg 300w, https:\/\/hoyre.no\/content\/uploads\/sites\/172\/2023\/01\/31.-Erik-Adland-768x513.jpg 768w, https:\/\/hoyre.no\/content\/uploads\/sites\/172\/2023\/01\/31.-Erik-Adland-1536x1026.jpg 1536w, https:\/\/hoyre.no\/content\/uploads\/sites\/172\/2023\/01\/31.-Erik-Adland-2048x1368.jpg 2048w\" sizes=\"auto, (max-width: 1024px) 100vw, 1024px\" \/><figcaption>Foto: Elias Rasch \/ Rasch Produksjon<\/figcaption><\/figure>\n<\/figure>\n\n\n\n<p><strong>N\u00e5v\u00e6rende stilling\/yrke<\/strong><\/p>\n\n\n\n<p>Spesialkonsulent HR<\/p>\n\n\n\n<p><strong>Sivilstatus<\/strong><\/p>\n\n\n\n<p>Samboer<\/p>\n\n\n\n<p><strong>Hvilken utdanning har du?<\/strong><\/p>\n\n\n\n<ul class=\"wp-block-list\"><li>Forsvaret<\/li><li>Ingeni\u00f8r<\/li><li>\u00d8konomi<\/li><li>Ledelse (sist i 2021 med master i verdibasert ledelse)<\/li><\/ul>\n\n\n\n<p><strong>Hvilken arbeidserfaring har du?<\/strong><\/p>\n\n\n\n<ul class=\"wp-block-list\"><li>Offiser i forsvaret<\/li><li>Markedsf\u00f8ring<\/li><li>\u00d8konomisjef<\/li><li>Administrerende direkt\u00f8r<\/li><li>Institusjonssjef<\/li><\/ul>\n\n\n\n<p><strong>Har du politisk erfaring fra f\u00f8r?<\/strong><\/p>\n\n\n\n<p>Begynte i bygningsr\u00e5det etter valget i 1987. Siden da har jeg v\u00e6rt aktiv i kommunepolitikken og hatt mange ulike verv. Jeg har blant annet v\u00e6rt leder i flere plankomiteer og i plan- og byggesaksutvalget. Jeg har sittet i formannskapet og kommunestyret siden 1995. <\/p>\n\n\n\n<p><strong>Hvilke politikkomr\u00e5der er du mest interessert i?<\/strong><\/p>\n\n\n\n<p>N\u00e6ringspolitikk, kommunikasjon og infrastruktur. Kvalitet og innhold i skolen, b\u00e5de undervisningen og klasserommets lys og luft. <\/p>\n\n\n\n<p><strong>Hvilke saker mener du at H\u00f8yre b\u00f8r fronte frem mot valget? Har du noen hjertesaker?<\/strong><\/p>\n\n\n\n<p>Boligpolitikk vil bli viktig. Vi m\u00e5 redusere bokostnadene, tilrettelegge for rimeligere boliger for f\u00f8rstegangskj\u00f8pere og planlegge bygging av flere omsorgsboliger i sentrumsomr\u00e5dene. I tillegg m\u00e5 vi utvikle og bevare naturomr\u00e5dene mellom FV 156 og FV 157, og i 100-metersbelte langs sj\u00f8en.<\/p>\n\n\n\n<p><strong>Hvorfor er du kandidat for Nesodden H\u00f8yre?<\/strong><\/p>\n\n\n\n<p>Har alltid \u00f8nsket \u00e5 bidra til at Nesodden er et godt sted \u00e5 leve og v\u00e6re for alle.<\/p>\n\n\n\n<p><strong>Andre opplysninger du mener kan v\u00e6re av interesse? Har du for eksempel erfaringer fra frivilligheten, et r\u00e5d eller en organisasjon?   <\/strong> <\/p>\n\n\n\n<p>Jobbet aktiv for \u00e5 redde Foreningsnytt p\u00e5 90-tallet. Da var de i ferd med \u00e5 g\u00e5 konkurs. Ellers har jeg v\u00e6rt aktiv i Nesoddtangen vel i mange \u00e5r. I dag er jeg \u00e6resmedlem.<\/p>\n<\/div><\/div><\/div>\n<\/div><\/div>\n\n\n\n<div class=\"wp-block-hoyre-banner alignwide undefined  is-style-dark\"><div class=\"banner-inner\"><figure class=\"hoyre-image-wrapper\"><div class=\"hoyre-image\"><img loading=\"lazy\" decoding=\"async\" width=\"2500\" height=\"1670\" src=\"https:\/\/hoyre.no\/content\/uploads\/sites\/172\/2022\/09\/DSC04776-scaled.jpg\" class=\"attachment-scaled size-scaled\" alt=\"\" style=\"object-position: 31% 86%\" srcset=\"https:\/\/hoyre.no\/content\/uploads\/sites\/172\/2022\/09\/DSC04776-scaled.jpg 2500w, https:\/\/hoyre.no\/content\/uploads\/sites\/172\/2022\/09\/DSC04776-300x200.jpg 300w, https:\/\/hoyre.no\/content\/uploads\/sites\/172\/2022\/09\/DSC04776-1024x684.jpg 1024w, https:\/\/hoyre.no\/content\/uploads\/sites\/172\/2022\/09\/DSC04776-768x513.jpg 768w, https:\/\/hoyre.no\/content\/uploads\/sites\/172\/2022\/09\/DSC04776-1536x1026.jpg 1536w, https:\/\/hoyre.no\/content\/uploads\/sites\/172\/2022\/09\/DSC04776-2048x1368.jpg 2048w\" sizes=\"auto, (max-width: 2500px) 100vw, 2500px\" \/><\/div><\/figure><div class=\"banner-content\"><div class=\"entry-content\">\n<h2 class=\"wp-block-heading\">Syv gode grunner til \u00e5 stemme H\u00f8yre p\u00e5 Nesodden<\/h2>\n\n\n\n<p>H\u00f8yre vil ha en kommune som er p\u00e5 lag med deg. Den skal gi deg st\u00f8rre frihet i hverdagen, og v\u00e6re der for deg n\u00e5r du trenger den.  <\/p>\n\n\n\n<div class=\"wp-block-buttons alignwide is-layout-flex wp-block-buttons-is-layout-flex\">\n<div class=\"wp-block-button\"><a class=\"wp-block-button__link\" href=\"https:\/\/hoyre.no\/nesodden\/syv-gode-grunner-til-a-stemme-hoyre\/\" target=\"_blank\" rel=\"noreferrer noopener\">Les mer<\/a><\/div>\n<\/div>\n<\/div><\/div><\/div><\/div>\n\n\n\n<div class=\"wp-block-hoyre-banner alignwide undefined  is-style-blue\"><div class=\"banner-inner\"><figure class=\"hoyre-image-wrapper\"><div class=\"hoyre-image\"><img loading=\"lazy\" decoding=\"async\" width=\"2500\" height=\"1670\" src=\"https:\/\/hoyre.no\/content\/uploads\/sites\/172\/2022\/09\/DSC03747-1-1-scaled.jpg\" class=\"attachment-scaled size-scaled\" alt=\"\" style=\"object-position: 5% 84%\" srcset=\"https:\/\/hoyre.no\/content\/uploads\/sites\/172\/2022\/09\/DSC03747-1-1-scaled.jpg 2500w, https:\/\/hoyre.no\/content\/uploads\/sites\/172\/2022\/09\/DSC03747-1-1-300x200.jpg 300w, https:\/\/hoyre.no\/content\/uploads\/sites\/172\/2022\/09\/DSC03747-1-1-1024x684.jpg 1024w, https:\/\/hoyre.no\/content\/uploads\/sites\/172\/2022\/09\/DSC03747-1-1-768x513.jpg 768w, https:\/\/hoyre.no\/content\/uploads\/sites\/172\/2022\/09\/DSC03747-1-1-1536x1026.jpg 1536w, https:\/\/hoyre.no\/content\/uploads\/sites\/172\/2022\/09\/DSC03747-1-1-2048x1368.jpg 2048w\" sizes=\"auto, (max-width: 2500px) 100vw, 2500px\" \/><\/div><\/figure><div class=\"banner-content\"><div class=\"entry-content\">\n<h2 class=\"wp-block-heading\">Bli enda bedre kjent med Tage<\/h2>\n\n\n\n<p>Tage Slind Jensen er Nesodden H\u00f8yres ordf\u00f8rerkandidat til kommunevalget i 2023. Bli bedre kjent med ham her \ud83d\udc47 <\/p>\n\n\n\n<div class=\"wp-block-buttons alignwide is-layout-flex wp-block-buttons-is-layout-flex\">\n<div class=\"wp-block-button\"><a class=\"wp-block-button__link\" href=\"https:\/\/hoyre.no\/nesodden\/bli-bedre-kjent-med-tage\/\" target=\"_blank\" rel=\"noreferrer noopener\">bli bedre kjent med Tage<\/a><\/div>\n<\/div>\n<\/div><\/div><\/div><\/div>\n\n","protected":false},"excerpt":{"rendered":"","protected":false},"author":11570,"featured_media":0,"parent":0,"menu_order":0,"comment_status":"closed","ping_status":"closed","template":"","meta":{"teft_cards_image_url":"","teft_cards_custom_pretitle":"","teft_cards_image_id":587,"teft_cards_image_focal_point_x":0.5,"teft_cards_image_focal_point_y":0.5,"teft_cards_title":"Bli bedre kjent med v\u00e5re kandidater","teft_cards_excerpt":"","teft_show_chapters":false,"footnotes":""},"class_list":["post-436","page","type-page","status-publish","hentry"],"yoast_head":"<!-- This site is optimized with the Yoast SEO plugin v26.6 - https:\/\/yoast.com\/wordpress\/plugins\/seo\/ -->\n<title>Bli bedre kjent med v\u00e5re kandidater - Nesodden H\u00f8yre<\/title>\n<meta name=\"description\" content=\"Nesodden H\u00f8yres liste er full av dyktige og engasjerte folk. Bli bedre kjent med dem her.\" \/>\n<meta name=\"robots\" content=\"index, follow, max-snippet:-1, max-image-preview:large, max-video-preview:-1\" \/>\n<link rel=\"canonical\" href=\"https:\/\/hoyre.no\/nesodden\/bli-bedre-kjent-med-laget\/\" \/>\n<meta property=\"og:locale\" content=\"nb_NO\" \/>\n<meta property=\"og:type\" content=\"article\" \/>\n<meta property=\"og:title\" content=\"Bli bedre kjent med laget!\" \/>\n<meta property=\"og:description\" content=\"Nesodden H\u00f8yres liste er full av dyktige og engasjerte folk. Bli bedre kjent med dem her.\" \/>\n<meta property=\"og:url\" content=\"https:\/\/hoyre.no\/nesodden\/bli-bedre-kjent-med-laget\/\" \/>\n<meta property=\"og:site_name\" content=\"Nesodden H\u00f8yre\" \/>\n<meta property=\"article:modified_time\" content=\"2023-05-28T19:48:52+00:00\" \/>\n<meta property=\"og:image\" content=\"https:\/\/hoyre.no\/content\/uploads\/sites\/172\/2022\/09\/DSC05466-scaled.jpg\" \/>\n\t<meta property=\"og:image:width\" content=\"2500\" \/>\n\t<meta property=\"og:image:height\" content=\"1670\" \/>\n\t<meta property=\"og:image:type\" content=\"image\/jpeg\" \/>\n<meta name=\"twitter:card\" content=\"summary_large_image\" \/>\n<meta name=\"twitter:label1\" content=\"Ansl. lesetid\" \/>\n\t<meta name=\"twitter:data1\" content=\"43 minutter\" \/>\n<script type=\"application\/ld+json\" class=\"yoast-schema-graph\">{\"@context\":\"https:\/\/schema.org\",\"@graph\":[{\"@type\":\"WebPage\",\"@id\":\"https:\/\/hoyre.no\/nesodden\/bli-bedre-kjent-med-laget\/\",\"url\":\"https:\/\/hoyre.no\/nesodden\/bli-bedre-kjent-med-laget\/\",\"name\":\"Bli bedre kjent med v\u00e5re kandidater - Nesodden H\u00f8yre\",\"isPartOf\":{\"@id\":\"https:\/\/hoyre.no\/nesodden\/#website\"},\"image\":{\"@id\":\"https:\/\/hoyre.no\/nesodden\/bli-bedre-kjent-med-laget\/#primaryimage\"},\"thumbnailUrl\":\"https:\/\/hoyre.no\/content\/uploads\/sites\/172\/2023\/01\/1.-Tage-Jensen-1024x684.jpg\",\"datePublished\":\"2022-11-11T20:28:59+00:00\",\"dateModified\":\"2023-05-28T19:48:52+00:00\",\"description\":\"Nesodden H\u00f8yres liste er full av dyktige og engasjerte folk. Bli bedre kjent med dem her.\",\"breadcrumb\":{\"@id\":\"https:\/\/hoyre.no\/nesodden\/bli-bedre-kjent-med-laget\/#breadcrumb\"},\"inLanguage\":\"nb-NO\",\"potentialAction\":[{\"@type\":\"ReadAction\",\"target\":[\"https:\/\/hoyre.no\/nesodden\/bli-bedre-kjent-med-laget\/\"]}]},{\"@type\":\"ImageObject\",\"inLanguage\":\"nb-NO\",\"@id\":\"https:\/\/hoyre.no\/nesodden\/bli-bedre-kjent-med-laget\/#primaryimage\",\"url\":\"https:\/\/hoyre.no\/content\/uploads\/sites\/172\/2023\/01\/1.-Tage-Jensen-1024x684.jpg\",\"contentUrl\":\"https:\/\/hoyre.no\/content\/uploads\/sites\/172\/2023\/01\/1.-Tage-Jensen-1024x684.jpg\"},{\"@type\":\"BreadcrumbList\",\"@id\":\"https:\/\/hoyre.no\/nesodden\/bli-bedre-kjent-med-laget\/#breadcrumb\",\"itemListElement\":[{\"@type\":\"ListItem\",\"position\":1,\"name\":\"Til hoyre.no\",\"item\":\"https:\/\/hoyre.no\"},{\"@type\":\"ListItem\",\"position\":2,\"name\":\"Hjem\",\"item\":\"https:\/\/hoyre.no\/nesodden\/\"},{\"@type\":\"ListItem\",\"position\":3,\"name\":\"Bli bedre kjent med v\u00e5re kandidater\"}]},{\"@type\":\"WebSite\",\"@id\":\"https:\/\/hoyre.no\/nesodden\/#website\",\"url\":\"https:\/\/hoyre.no\/nesodden\/\",\"name\":\"Nesodden H\u00f8yre\",\"description\":\"Bare enda et H\u00f8yres nettsteder-nettsted\",\"inLanguage\":\"nb-NO\"}]}<\/script>\n<!-- \/ Yoast SEO plugin. -->","yoast_head_json":{"title":"Bli bedre kjent med v\u00e5re kandidater - Nesodden H\u00f8yre","description":"Nesodden H\u00f8yres liste er full av dyktige og engasjerte folk. Bli bedre kjent med dem her.","robots":{"index":"index","follow":"follow","max-snippet":"max-snippet:-1","max-image-preview":"max-image-preview:large","max-video-preview":"max-video-preview:-1"},"canonical":"https:\/\/hoyre.no\/nesodden\/bli-bedre-kjent-med-laget\/","og_locale":"nb_NO","og_type":"article","og_title":"Bli bedre kjent med laget!","og_description":"Nesodden H\u00f8yres liste er full av dyktige og engasjerte folk. Bli bedre kjent med dem her.","og_url":"https:\/\/hoyre.no\/nesodden\/bli-bedre-kjent-med-laget\/","og_site_name":"Nesodden H\u00f8yre","article_modified_time":"2023-05-28T19:48:52+00:00","og_image":[{"width":2500,"height":1670,"url":"https:\/\/hoyre.no\/content\/uploads\/sites\/172\/2022\/09\/DSC05466-scaled.jpg","type":"image\/jpeg"}],"twitter_card":"summary_large_image","twitter_misc":{"Ansl. lesetid":"43 minutter"},"schema":{"@context":"https:\/\/schema.org","@graph":[{"@type":"WebPage","@id":"https:\/\/hoyre.no\/nesodden\/bli-bedre-kjent-med-laget\/","url":"https:\/\/hoyre.no\/nesodden\/bli-bedre-kjent-med-laget\/","name":"Bli bedre kjent med v\u00e5re kandidater - Nesodden H\u00f8yre","isPartOf":{"@id":"https:\/\/hoyre.no\/nesodden\/#website"},"image":{"@id":"https:\/\/hoyre.no\/nesodden\/bli-bedre-kjent-med-laget\/#primaryimage"},"thumbnailUrl":"https:\/\/hoyre.no\/content\/uploads\/sites\/172\/2023\/01\/1.-Tage-Jensen-1024x684.jpg","datePublished":"2022-11-11T20:28:59+00:00","dateModified":"2023-05-28T19:48:52+00:00","description":"Nesodden H\u00f8yres liste er full av dyktige og engasjerte folk. Bli bedre kjent med dem her.","breadcrumb":{"@id":"https:\/\/hoyre.no\/nesodden\/bli-bedre-kjent-med-laget\/#breadcrumb"},"inLanguage":"nb-NO","potentialAction":[{"@type":"ReadAction","target":["https:\/\/hoyre.no\/nesodden\/bli-bedre-kjent-med-laget\/"]}]},{"@type":"ImageObject","inLanguage":"nb-NO","@id":"https:\/\/hoyre.no\/nesodden\/bli-bedre-kjent-med-laget\/#primaryimage","url":"https:\/\/hoyre.no\/content\/uploads\/sites\/172\/2023\/01\/1.-Tage-Jensen-1024x684.jpg","contentUrl":"https:\/\/hoyre.no\/content\/uploads\/sites\/172\/2023\/01\/1.-Tage-Jensen-1024x684.jpg"},{"@type":"BreadcrumbList","@id":"https:\/\/hoyre.no\/nesodden\/bli-bedre-kjent-med-laget\/#breadcrumb","itemListElement":[{"@type":"ListItem","position":1,"name":"Til hoyre.no","item":"https:\/\/hoyre.no"},{"@type":"ListItem","position":2,"name":"Hjem","item":"https:\/\/hoyre.no\/nesodden\/"},{"@type":"ListItem","position":3,"name":"Bli bedre kjent med v\u00e5re kandidater"}]},{"@type":"WebSite","@id":"https:\/\/hoyre.no\/nesodden\/#website","url":"https:\/\/hoyre.no\/nesodden\/","name":"Nesodden H\u00f8yre","description":"Bare enda et H\u00f8yres nettsteder-nettsted","inLanguage":"nb-NO"}]}},"distributor_meta":false,"distributor_terms":false,"distributor_media":false,"distributor_original_site_name":"Nesodden H\u00f8yre","distributor_original_site_url":"https:\/\/hoyre.no\/nesodden","push-errors":false,"_links":{"self":[{"href":"https:\/\/hoyre.no\/nesodden\/wp-json\/wp\/v2\/pages\/436","targetHints":{"allow":["GET"]}}],"collection":[{"href":"https:\/\/hoyre.no\/nesodden\/wp-json\/wp\/v2\/pages"}],"about":[{"href":"https:\/\/hoyre.no\/nesodden\/wp-json\/wp\/v2\/types\/page"}],"author":[{"embeddable":true,"href":"https:\/\/hoyre.no\/nesodden\/wp-json\/wp\/v2\/users\/11570"}],"replies":[{"embeddable":true,"href":"https:\/\/hoyre.no\/nesodden\/wp-json\/wp\/v2\/comments?post=436"}],"version-history":[{"count":48,"href":"https:\/\/hoyre.no\/nesodden\/wp-json\/wp\/v2\/pages\/436\/revisions"}],"predecessor-version":[{"id":781,"href":"https:\/\/hoyre.no\/nesodden\/wp-json\/wp\/v2\/pages\/436\/revisions\/781"}],"wp:attachment":[{"href":"https:\/\/hoyre.no\/nesodden\/wp-json\/wp\/v2\/media?parent=436"}],"curies":[{"name":"wp","href":"https:\/\/api.w.org\/{rel}","templated":true}]}}