{"id":1015,"date":"2023-05-02T12:43:40","date_gmt":"2023-05-02T10:43:40","guid":{"rendered":"https:\/\/hoyre.no\/nordland\/?page_id=1015"},"modified":"2023-05-05T14:55:20","modified_gmt":"2023-05-05T12:55:20","slug":"politikk","status":"publish","type":"page","link":"https:\/\/hoyre.no\/nordland\/politikk\/","title":{"rendered":"Politikk"},"content":{"rendered":"\n<div class=\"wp-block-hoyre-hero with-image-gradient text-color-light  alignfull has-background\"><div class=\"hoyre-hero \"><h1 class=\"title\">Politikk<\/h1><p class=\"preamble\">Her kan du lese v\u00e5rt valgprogram og hva Nordland H\u00f8yre g\u00e5r til valg p\u00e5 i 2023.<\/p><\/div><\/div>\n\n\n\n\n\n\n<h2 class=\"wp-block-heading\">Nordland H\u00f8yres fylkestingsvalgprogram 2023 \u2013 2027<\/h2>\n\n\n\n<p>Klikk deg inn p\u00e5 de ulike kapitlene for \u00e5 lese punktvis hva vi g\u00e5r til valg p\u00e5:<\/p>\n\n\n\n<div class=\"wp-block-teft-accordion\"><div class=\"teft-accordion__inner\">\n<div class=\"wp-block-teft-item\"><div class=\"teft-item__inner\"><div class=\"teft-item__inner-content entry-content\"><\/div><\/div><\/div>\n<\/div><\/div>\n\n\n\n<div class=\"wp-block-teft-accordion\"><div class=\"teft-accordion__inner\">\n<div class=\"wp-block-teft-item\"><div class=\"teft-item__inner\"><h4 class=\"toggle\">Vi vil mer for Nordland!<\/h4><div class=\"teft-item__inner-content entry-content\">\n<p>Nordland skal v\u00e6re en god plass \u00e5 bo, jobbe og leve. Vi er avhengig av trygge lokalsamfunn, attraktive arbeidsplasser, nyskapende n\u00e6ringsliv, god fremkommelighet og et rikt kulturliv. Derfor er det viktig at Nordland fylkeskommune tilbyr gode tjenester og er en tilrettelegger for utvikling og mangfold i hele Nordland. Nordland H\u00f8yre vil samarbeide med kommunene for \u00e5 legge til rette for attraktive og b\u00e6rekraftige lokalsamfunn med livskvalitet for innbyggerne.<\/p>\n\n\n\n<p>Vi vil bygge samfunnet p\u00e5 tillit til enkeltmennesket. Hver enkelt skal ha st\u00f8rst mulig frihet til, og ansvar for \u00e5 forme sitt eget liv, og sin egen fremtid basert p\u00e5 respekt for andre og for fellesskapet. Vi vil ha et samfunn som setter menneskene foran systemet.<\/p>\n\n\n\n<p>Trygge arbeidsplasser er forutsetning for velferden v\u00e5r. Nordland H\u00f8yre vil ha et arbeidsliv med plass til alle, hvor alle som kan og \u00f8nsker skal f\u00e5 muligheten til \u00e5 arbeide. Vi vil v\u00e6re en aktiv p\u00e5driver og tilrettelegger for at eksisterende og nye bedrifter skal f\u00e5 gode rammevilk\u00e5r, slik at de \u00f8nsker \u00e5 utvikle og etablere seg i v\u00e5rt fylke. Nordland fylkeskommune skal oppfattes som en \u00abJa-fylkeskommune\u00bb hvor vi m\u00f8ter nye ideer og l\u00f8sninger med en positiv holdning.<\/p>\n\n\n\n<p>Nordland skal ha en skole som ser den enkelte elev, hvor alle elever har like muligheter og opplever l\u00e6ring, trivsel og mestringsglede. Dette oppn\u00e5s gjennom \u00e5 fortsette med satsningen p\u00e5 kunnskap og kompetanse. Ettersom vi er et langstrakt fylke, er det viktig med et desentralisert skoletilbud med fokus p\u00e5 kvalitet og kunnskap. Vi skal ha en skole hvor v\u00e5re elever m\u00f8tes av kvalifiserte l\u00e6rere. Ikke minst skal ingen hos oss g\u00e5 ut p\u00e5 dato, derfor vil vi arbeide for et mer fleksibelt oppl\u00e6ringsl\u00f8p for den enkelte og sikre at l\u00e6ring gjelder hele livet.<\/p>\n\n\n\n<p>Vi vil at du skal komme raskere frem og tryggere hjem. Nordland H\u00f8yre vil ha en sterk satsing p\u00e5 samferdsel hvor vi bygger hele Nordland for fremtiden. Gode veier, jernbane, kollektivtrafikk, sj\u00f8transport og luftfart gir folk mulighet til \u00e5 bo og skape jobber i alle deler av Nordland. Vi skal s\u00f8rge for at rutetilbudet er tilpasset innbyggere og n\u00e6ringsliv, og at v\u00e5re transport\u00e5rer oppleves som trygge.&nbsp;<\/p>\n\n\n\n<p>Vi vil mer for Nordland fordi vi vil mer for alle oss som bor her. Vi tror at fellesskapet blir sterkere n\u00e5r det preges av frihet og ansvar, og n\u00e5r flest mulig beslutninger tas n\u00e6rmest mulig den det gjelder. Vi tror at innsatsvilje og skaperkraft styrker fellesskapet. Det handler om den gode l\u00e6reren, et rikt kulturliv, om treneren som brenner for idretten, om frivilligheten som engasjerer barn og voksne. Om gode og likeverdige helsetilbud. Det handler om oss! S\u00e5 la oss sammen gj\u00f8re Nordland bedre.<a><\/a><a><\/a><\/p>\n\n\n\n<p><strong>Vi vil mer for Nordland!<\/strong><\/p>\n<\/div><\/div><\/div>\n\n\n\n<div class=\"wp-block-teft-item\"><div class=\"teft-item__inner\"><h4 class=\"toggle\">Et Nordland p\u00e5 lag med jobbskaperne<\/h4><div class=\"teft-item__inner-content entry-content\">\n<ul class=\"wp-block-list\"><li>arbeide for at Nordland skal v\u00e6re en attraktiv lokasjon for b\u00e6rekraftige industri- og n\u00e6ringsetableringer<\/li><li>arbeide for at statlige arbeidsplasser kan flyttes til eller etableres i Nordland<\/li><li>bidra og v\u00e6re p\u00e5driver for etableringer av arbeidsfellesskap hvor private og offentlige akt\u00f8rer kan ha felles kontorfasiliteter, samt bidra til nye samarbeidsformer<\/li><li>legge til rette for \u00f8kt samarbeid mellom oppstartsselskaper og det offentlige<\/li><li>legge til rette for \u00e5 bygge ut digital infrastruktur i hele fylket, og ha som m\u00e5l at h\u00f8yhastighetsbredb\u00e5nd og 5G-nett skal v\u00e6re tilgjengelig i hele Nordland i l\u00f8pet av 2025<\/li><li>fortsette \u00e5 f\u00f8re en markedsbasert og teknologin\u00f8ytral politikk for utbygging av bredb\u00e5nd<\/li><li>legge til rette for at det utvikles nye tjenester og skapes verdier ved deling av data mellom offentlige og private akt\u00f8rer<\/li><\/ul>\n<\/div><\/div><\/div>\n\n\n\n<div class=\"wp-block-teft-item\"><div class=\"teft-item__inner\"><h4 class=\"toggle\">Et gr\u00f8nnere Nordland<\/h4><div class=\"teft-item__inner-content entry-content\">\n<ul class=\"wp-block-list\"><li>at n\u00e6ring- og industrien m\u00e5 sikres stabil tilgang p\u00e5 n\u00f8dvendige kraft til videre drift og utvikling.<\/li><li>arbeide for at det legges til rette for mer industriell utnyttelse av kraftproduksjonen.<\/li><li>tillate sk\u00e5nsom kraftutbygging i vernede vassdrag hvis det ikke forringer verneverdiene.<\/li><li>at det skal v\u00e6re attraktivt for kraftselskapene \u00e5 oppgradere eksisterende vannkraftverk og at det legges til rette for utbygging av nye.<\/li><li>jobbe for at regelverket og virkemiddelapparatet gjennomg\u00e5s for \u00e5 stimulere til bruk av solenergi og andre fornybare energikilder<\/li><li>utrede mulighetene for kjernekraft<\/li><li>legge til rette for hydrogenproduksjon i fylket<\/li><li>legge til rette for forsknings- og utviklingsprosjekter for konkurransedyktige tidevann- og b\u00f8lgekraftprosjekter<\/li><li>at det legges til rette for mer batteriproduksjon<\/li><li>ha en gjennomgang av dagens system for nettutbygging for \u00e5 redusere saksbehandlingstiden, fjerne flaskehalser og sikre et mer effektivt str\u00f8mnett som legger til rette for arbeidsplasser og verdiskaping i Nord-Norge<\/li><li>at havvind f\u00f8lges opp som en industrisatsing i Nordland<\/li><li>at det gjennomf\u00f8res en kartlegging av mineralressursene i Nordland, og legge til rette for \u00f8kt utvinning<\/li><li>at saksbehandlingstiden for mineralprosjekter forkortes, gjennom forenkling av reguleringer og planprosesser<\/li><li>sammen med n\u00e6ringen utvikle norsk mineraln\u00e6ring til \u00e5 bli verdens gr\u00f8nneste<\/li><li>tillate sj\u00f8deponier med strenge krav til en sikker milj\u00f8overv\u00e5king<\/li><li>sikre god dialog og samhandling om urfolkinteresser der utbygging av kraft kommer i konflikt med urfolksinteresser<\/li><li>legge til rette for utvikling og produksjon av biobaserte produkter<\/li><li>st\u00f8tte ungdom som \u00f8nsker \u00e5 etablere seg som fiskere<\/li><li>aktivt st\u00f8tte opp om n\u00e6ringslivets arbeid med \u00e5 f\u00e5 etablert eksportl\u00f8sninger av sj\u00f8mat fra flyplasser i Nordland<\/li><li>legge til rette for lokale ringvirkninger og aktivitet fra fiskeri- og havbruksn\u00e6ringen<\/li><li>legge til rette for at mer fisk blir bearbeidet og videreforedles i Nordland.<\/li><li>\u00f8nsker en sterk havg\u00e5ende fiskefl\u00e5te for \u00e5 kunne fange norske ressurser i internasjonal sone. Vi skal hevde norsk suverenitet, samt kunne fangste opparbeidede kvoter i andre farvann, samtidig vil vi ivareta kystfl\u00e5ten<\/li><li>at kravene innenfor milj\u00f8sikkerhet og b\u00e6rekraft \u00f8ker i sj\u00f8matn\u00e6ringen<\/li><li>at petroleumsvirksomhet skal skje med strenge krav til milj\u00f8, sikkerhet og beredskap, og i sameksistens med fiskeri og andre n\u00e6ringer<\/li><li>sikre en god oljevernberedskap i samarbeid med private akt\u00f8rer<\/li><li>konsekvensutrede for olje- og gassvirksomhet i Lofoten, Vester\u00e5len og Senja<\/li><\/ul>\n<\/div><\/div><\/div>\n\n\n\n<div class=\"wp-block-teft-item\"><div class=\"teft-item__inner\"><h4 class=\"toggle\">Reiseliv og turisme<\/h4><div class=\"teft-item__inner-content entry-content\">\n<ul class=\"wp-block-list\"><li>legge til rette for og bidra til \u00e5 utvikle hel\u00e5rsturisme<\/li><li>styrke samarbeidet mellom friluftsliv og reiseliv for \u00e5 hindre un\u00f8dig slitasje og fors\u00f8pling<\/li><li>legge til rette for god merkevarebygging rundt nordnorske og samiske natur- og kulturopplevelser<\/li><li>gi muligheten til \u00e5 innf\u00f8re et lokalt eller regionalt bes\u00f8ksbidrag som uavkortet skal g\u00e5 til \u00e5 drifte og utvikle offentlig infrastruktur for bes\u00f8kende<\/li><li>fremme lokal mat og drikke som en viktig del av turisme og n\u00e6ringsutvikling<\/li><li>at ordningen for lokale produsenter av alkoholholdig drikke som selges til bes\u00f8kende utvides<\/li><\/ul>\n<\/div><\/div><\/div>\n\n\n\n<div class=\"wp-block-teft-item\"><div class=\"teft-item__inner\"><h4 class=\"toggle\">Landbruk og skogbruk<\/h4><div class=\"teft-item__inner-content entry-content\">\n<ul class=\"wp-block-list\"><li>st\u00f8tte opp om lokalmat- og drikke produksjon<\/li><li>legge til rette for \u00f8kologisk og b\u00e6rekraftig landbruks- og reindriftsvirksomhet.<\/li><li>forenkle s\u00f8knadsprosesser, rapporteringer og fjerne un\u00f8dvendige reguleringer<\/li><li>st\u00f8tte frivillig vern av skog<\/li><li>legge til rette for skog- og treindustrien<\/li><li>at skog forvaltes som en b\u00e6rekraftig ressurs<\/li><li>at privat og lokalt eierskap til norske skogressurser \u00f8kes ved reduksjon av det offentlige eierskapet til skog<\/li><li>sikre god rekruttering til n\u00e6ringen gjennom satsning p\u00e5 videreg\u00e5ende oppl\u00e6ring<\/li><li>f\u00f8re en rovviltpolitikk som ivaretar tryggheten til enkeltmennesker og lokalsamfunn og trygger husdyrhold slik at det bidrar til at b\u00e6rekraftige rovviltbestander ivaretas<\/li><\/ul>\n<\/div><\/div><\/div>\n\n\n\n<div class=\"wp-block-teft-item\"><div class=\"teft-item__inner\"><h4 class=\"toggle\">Videreg\u00e5ende oppl\u00e6ring<\/h4><div class=\"teft-item__inner-content entry-content\">\n<ul class=\"wp-block-list\"><li>opprettholde og ha et desentralisert studie- og linjetilbud<\/li><li>stimulere til at det opprettes flere fleksible videreutdanningstilbud som personer har behov for, og som arbeidslivet ettersp\u00f8r<\/li><li>\u00f8ke bruken av modulbasert oppl\u00e6ring i videreg\u00e5ende skole for \u00e5 tilrettelegge for desentralisert og fleksibel utdanning<\/li><li>sikre et godt og desentralisert utdanningstilbud, blant annet gjennom digitale kompetanse-huber<\/li><li>sikre at elever som st\u00e5r i fare for \u00e5 falle ut av videreg\u00e5ende skole f\u00e5r oppf\u00f8lging<\/li><li>f\u00f8lge opp elever med h\u00f8yt frav\u00e6r, ved sykdom eller skolevegring, gjennom \u00e5 bruke teknologi og digital hjemmeundervisning for \u00e5 redusere frafall i skolen<\/li><li>legge til rette for at man i voksen alder kan fullf\u00f8re videreg\u00e5ende utdanning<\/li><li>tilby tilpasset oppl\u00e6ring og et variert l\u00f8p for \u00e5 sikre at flere fullf\u00f8rer videreg\u00e5ende oppl\u00e6ring<\/li><li>beholde den nasjonale frav\u00e6rsgrensen p\u00e5 ti prosent<\/li><li>tettere samarbeid mellom r\u00e5dgivningstjenesten, NAV og karriereveiledningssentrene<\/li><li>innf\u00f8re fritt skolevalg<\/li><li>v\u00e6re positive til privatskoler, som for eksempel Campus bl\u00e5<\/li><li>si ja til profilskoler som satser p\u00e5 fagutdanning, realfag, spr\u00e5k og \u00f8konomi<\/li><li>innf\u00f8re anonym retting av store pr\u00f8ver og vurderinger<\/li><li>tillate fors\u00f8k med filming av muntlig eksamen i skolens regi for \u00e5 sikre elevene en mer reell klagemulighet<\/li><li>sikre elever og l\u00e6rlingers rett til \u00e5 vurdere undervisnings- og l\u00e6ringsmilj\u00f8et i skole og l\u00e6rebedrift gjennom \u00e5 gi dem muligheten til \u00e5 ta opp og f\u00e5 oppl\u00e6ring i fag som ikke er best\u00e5tt<\/li><li>s\u00f8rge for at de som avbryter videreg\u00e5ende oppl\u00e6ring uten gjennomf\u00f8rt sluttkompetanse skal f\u00e5 oppn\u00e5dd delkompetanse<\/li><li>se p\u00e5 muligheten for raskere kunne ta opp eksamen for elever som har str\u00f8ket<\/li><li>legge bedre til rette for utveksling og internasjonalisering i videreg\u00e5ende oppl\u00e6ring, b\u00e5de innenfor studieforberedende og yrkesfaglige utdanningsprogram<\/li><li>utrede muligheten til \u00e5 utf\u00f8re eksamen f\u00f8r russetiden<\/li><li>sikre et fullverdig samisk utdannelsestilbud i Nordland<\/li><li>at det skal tilbys frivillig sommerskole f\u00f8r skolestart<\/li><li>at det skal kunne inng\u00e5s samarbeid mellom videreg\u00e5ende skoler og h\u00f8yere utdanningsinstitusjoner for \u00e5 sikre at elever som \u00f8nsker det, skal kunne ta fag p\u00e5 h\u00f8yere niv\u00e5<\/li><li>innf\u00f8re mulighet for forkurs i matematikk i videreg\u00e5ende skole<\/li><\/ul>\n<\/div><\/div><\/div>\n\n\n\n<div class=\"wp-block-teft-item\"><div class=\"teft-item__inner\"><h4 class=\"toggle\">Fag- og yrkesoppl\u00e6ring<\/h4><div class=\"teft-item__inner-content entry-content\">\n<ul class=\"wp-block-list\"><li>utvide Steigen-modellen til \u00e5 gjelde flere plasser<\/li><li>jobbe for \u00e5 \u00f8ke l\u00e6rlingtilskuddet slik at det blir attraktivt for bedriftene \u00e5 ansette l\u00e6rlinger<\/li><li>jobbe for \u00e5 \u00f8ke utstyrsstipendet<\/li><li>innf\u00f8re en gaveforsterkningsordning for \u00e5 sikre bedre og mer oppdatert utstyr i de videreg\u00e5ende skolene<\/li><li>innf\u00f8re krav til minstestandard p\u00e5 utstyr som utvikles i samarbeid mellom skoler og n\u00e6ringsliv<\/li><li>jobbe for en fors\u00f8ksordning der stat, fylke og industri samarbeider om deling av avansert utstyr mellom flere skoler ved bruk av mobile enheter som kan betjene flere skoler i Nordland<\/li><li>at Y-nemndenes rolle skal styrkes, og deres anbefalinger tillegges avgj\u00f8rende vekt<\/li><li>arbeide for utdannelsesl\u00f8p (Y-veien) som gir st\u00f8rre utviklingsmuligheter og bedre overgang mellom fagbrev og h\u00f8yere utdanning<\/li><li>vurdere l\u00e6rlingefond, hvor alle virksomheter innen bransjer som det er utviklet fag- eller svennebrev for, skal bidra \u00f8konomisk for \u00e5 dekke deler av utgiftene til oppl\u00e6ring av l\u00e6rlinger i bedrift<\/li><li>ha som m\u00e5l at l\u00e6rlingen skal skje mest mulig i bedrifter som er relevant for den yrkesfaglige retningen eleven g\u00e5r<\/li><li>se p\u00e5 muligheten for \u00e5 gi yrkesfagelever et utdanningsl\u00f8p som resulterer i et fagbrev p\u00e5 engelsk, etter modell fra International Baccalaureate &#8211; linjen<\/li><li>gi flere elever mulighet til \u00e5 kombinere yrkesfag med toppidrett eller realfag<\/li><\/ul>\n\n\n\n<p>jobbe for<\/p>\n<\/div><\/div><\/div>\n\n\n\n<div class=\"wp-block-teft-item\"><div class=\"teft-item__inner\"><h4 class=\"toggle\">Til elevens beste<\/h4><div class=\"teft-item__inner-content entry-content\">\n<ul class=\"wp-block-list\"><li>intensivere arbeidet mot mobbing og digital mobbing i skolen<\/li><li>stille krav til at alle skoler med mobbetilfeller skal innf\u00f8re dokumenterbare tiltak<\/li><li>stille krav til at skolene som ikke klarer \u00e5 h\u00e5ndtere mobbetilfeller skal f\u00f8lges opp av et ekspert-team i samarbeid med Mobbeombudet<\/li><li>ha flere helsesykepleiere, milj\u00f8terapeuter og tilby psykologtjenester for elever i videreg\u00e5ende oppl\u00e6ring<\/li><li>videreutvikle helsestasjonstjenesten og sikre et bedre digitalt helsesykepleiertilbud.<\/li><li>vurdere \u00e5 etablere bemannede hybelhus for borteboende elever flere steder i fylket<\/li><li>styrke oppf\u00f8lgningen av borteboende elever<\/li><li>jobbe for \u00f8kt borteboerstipend<\/li><li>innf\u00f8re psykososialt f\u00f8rstehjelpskurs og livsmestringskurs i videg\u00e5ende skole<\/li><\/ul>\n<\/div><\/div><\/div>\n\n\n\n<div class=\"wp-block-teft-item\"><div class=\"teft-item__inner\"><h4 class=\"toggle\">Dyktige og kvalifiserte l\u00e6rere og skoleledere<\/h4><div class=\"teft-item__inner-content entry-content\">\n<ul class=\"wp-block-list\"><li>at alle elever skal m\u00f8te en kvalifisert l\u00e6rer&nbsp;<\/li><li>at alle l\u00e6rere skal ha fordypning i fagene de underviser i<\/li><li>satse p\u00e5 etter- og videreutdanning av l\u00e6rere<\/li><li>styrke satsingen p\u00e5 profesjonsfaglig digital kompetanse i etter- og videreutdanning av l\u00e6rere<\/li><li>jobbe for nye ordninger for \u00e5 sikre flere kvalifiserte l\u00e6rere i skolen, for eksempel ved \u00e5 gj\u00f8re det mulig for ansatte i skolen \u00e5 f\u00e5 tilleggskompetanse og undervise p\u00e5 flere trinn eller ved \u00e5 f\u00e5 flere ansatte i skolen til \u00e5 fullf\u00f8re l\u00e6rerutdanningen mens de st\u00e5r i jobb<\/li><li>at flere kan hospitere hos bedrifter<\/li><\/ul>\n<\/div><\/div><\/div>\n\n\n\n<div class=\"wp-block-teft-item\"><div class=\"teft-item__inner\"><h4 class=\"toggle\">Digitalisering i skole<\/h4><div class=\"teft-item__inner-content entry-content\">\n<ul class=\"wp-block-list\"><li>fortsette opptrappingen av teknologiutdanningene og opprette flere studieplasser innen IKT og teknologifag<\/li><li>videref\u00f8re den teknologiske skolesekken<\/li><li>ta i bruk digitale verkt\u00f8y, inkludert virtuell- og simuleringsteknologi, for \u00e5 styrke undervisningen, s\u00e6rlig innen yrkesfag og p\u00e5 fagskolene<\/li><li>legge til rette for undervisning basert p\u00e5 smart bruk av dataspill<\/li><li>gi flere l\u00e6rere videreutdanning i pedagogisk bruk av IKT og utdanne flere l\u00e6rerspesialister innen IKT<\/li><li>ha gode digitale l\u00e6ringsplattformer og rutiner som gj\u00f8r det mulig \u00e5 ha god digital undervisning, dersom det ikke er mulig \u00e5 gjennomf\u00f8re ordin\u00e6r undervisning<\/li><\/ul>\n<\/div><\/div><\/div>\n\n\n\n<div class=\"wp-block-teft-item\"><div class=\"teft-item__inner\"><h4 class=\"toggle\">Nordland som god skoleeier<\/h4><div class=\"teft-item__inner-content entry-content\">\n<ul class=\"wp-block-list\"><li>kartlegge l\u00e6ringsresultatene gjennom hele skolel\u00f8pet og sikre full \u00e5penhet om resultater p\u00e5 skoleniv\u00e5<\/li><li>sikre \u00e5penhet rundt resultatene fra nasjonale pr\u00f8ver<\/li><li>at skoler som scorer gjennomg\u00e5ende d\u00e5rlig p\u00e5 nasjonale pr\u00f8ver m\u00e5 sette inn dokumenterbare tiltak<\/li><li>styrke kunnskapen om skoleeierrollen i kompetanse- og forskningsmilj\u00f8ene og stimulere til deling av beste praksis<\/li><li>legge til rette for at skolene kan samarbeide mer med andre institusjoner, n\u00e6ringsliv og alternative oppl\u00e6ringsarenaer<\/li><li>ha st\u00f8rre fleksibilitet for den enkelte skole for tilpasninger av studie- og linjetilbud gjennom samarbeid med n\u00e6ringsliv, elever og kommuner<\/li><li>bedre overgangen og samarbeidet mellom ungdomsskolen og videreg\u00e5ende skoler<\/li><li>styrke kommunenes rolle som vertskommune for videreg\u00e5ende skole<\/li><li>gjennomf\u00f8re et kompetansel\u00f8ft i spesialpedagogikk for \u00e5 sikre et godt tverrfaglig samarbeid mellom skole, skolehelsetjeneste og PP-tjeneste<\/li><li>sikre tilstrekkelig kompetanse om LHBTIQ (lesbiske, homofile, bifile, transpersoner, personer med variasjon i kroppslig kj\u00f8nnsutvikling \/interkj\u00f8nnspersoner og queer) p\u00e5 alle skoler<\/li><li>gjennomg\u00e5 rapporteringskravene i skolen med m\u00e5l om \u00e5 redusere byr\u00e5kratiet<\/li><\/ul>\n<\/div><\/div><\/div>\n\n\n\n<div class=\"wp-block-teft-item\"><div class=\"teft-item__inner\"><h4 class=\"toggle\">Fagskoler<\/h4><div class=\"teft-item__inner-content entry-content\">\n<ul class=\"wp-block-list\"><li>ha bedre kvalitet, \u00f8kt kapasitet og tydeligere ansvar for \u00e5 tilby relevant etter- og videreutdanning i h\u00f8yere yrkesfaglig utdanning<\/li><li>sikre likebehandling av offentlige og private fagskoler<\/li><li>legge bedre til rette for utveksling og internasjonalisering i fagskolesektoren<\/li><li>jobbe for \u00e5 sikre at kriteriene for godkjenning av fagskoler bidrar til h\u00f8y kvalitet og er basert p\u00e5 aktuell kunnskap og praksis i yrkene<\/li><li>legge til rette for synlighet og rekruttering til fagskolene ved \u00e5 styrke kompetansen til r\u00e5dgivningstjenesten i videreg\u00e5ende skole, NAV og de regionale karrieresentrene<\/li><li>sikre kvalitet i gjennomf\u00f8ringen av fagskoleutdanninger og vurdere \u00f8kt bruk av eksterne sensorer og nasjonale eksamensnemder<\/li><\/ul>\n<\/div><\/div><\/div>\n\n\n\n<div class=\"wp-block-teft-item\"><div class=\"teft-item__inner\"><h4 class=\"toggle\">H\u00f8yere utdanning og forskning<\/h4><div class=\"teft-item__inner-content entry-content\">\n<ul class=\"wp-block-list\"><li>bidra til at Nordland skal bli det beste fylket \u00e5 studere i<\/li><li>arbeide for \u00e5 \u00f8ke etablering av flere desentraliserte studietilbud<\/li><li>stimulere til deltakelse i flere nasjonale og internasjonale forskningsprogram<\/li><li>formalisere samarbeidet med studentdemokratiene<\/li><li>gi nye studenter gratis kollektivkort en gitt tidsperiode<\/li><li>styrke forskning og utdanningene rettet mot n\u00e6ringslivet og offentlig tjenesteyting<\/li><\/ul>\n<\/div><\/div><\/div>\n\n\n\n<div class=\"wp-block-teft-item\"><div class=\"teft-item__inner\"><h4 class=\"toggle\">Et trygt og fleksibelt arbeidsliv<\/h4><div class=\"teft-item__inner-content entry-content\">\n<ul class=\"wp-block-list\"><li>gjennom tettere samarbeid mellom fylket, skolene, oppf\u00f8lgingstjenesten og Nav legge til rette for at unge skal gjennomf\u00f8re videreg\u00e5ende skole eller komme i jobb<\/li><li>ha en sterk satsing p\u00e5 utdanning for unge gjennom tiltak, \u00f8kt bruk av ordin\u00e6r fagoppl\u00e6ring og en kraftig \u00f8kning av l\u00e6rekandidatstillinger og praksisbrev som alternativ til fagbrev for elever med svakt grunnskolegrunnlag<\/li><li>legge til rette for flere VTA plasser og styrking og framsnakking av vekstbedriftene<\/li><\/ul>\n<\/div><\/div><\/div>\n\n\n\n<div class=\"wp-block-teft-item\"><div class=\"teft-item__inner\"><h4 class=\"toggle\">Raskere frem og tryggere hjem<\/h4><div class=\"teft-item__inner-content entry-content\">\n<ul class=\"wp-block-list\"><li>ta vare p\u00e5 og vedlikeholde den infrastrukturen vi allerede har<\/li><li>at det legges til rette for at Nordland kan fortsette \u00e5 bli en testarena for utvikling av autonome kj\u00f8ret\u00f8y<\/li><li>ha \u00f8kt utbygging av infrastruktur til lav- og nullutslippsteknologi for kj\u00f8ret\u00f8y, ferger og skip i samarbeid med private akt\u00f8rer<\/li><li>koble n\u00e6ringspolitikk, mobilitets- og samferdselspolitikk og klimapolitikk tettere sammen<\/li><li>jobbe for lengre nedbetalingstid for fergeavl\u00f8snings- og bompengefinansierte prosjekter som skal erstatte eller avl\u00f8se ferge- og b\u00e5tstrekninger, slik at flere bro- og tunnelprosjekter blir \u00f8konomisk gjennomf\u00f8rbare<\/li><li>styrke arbeidet med trafikksikkerhet<\/li><li>legge til grunn nullvisjonen for hardt skadde og drepte i trafikken. Vi vil prioritere holdningsskapende arbeid, m\u00f8tefrie hovedveier og vedlikehold og fornying av infrastrukturen for \u00e5 \u00f8ke trafikksikkerheten<\/li><li>legge til rette for trygg skolevei ved \u00e5 bygge ut gang- og sykkelveier rundt skolene<\/li><li>jobbe for at modellen Nye veier kan overf\u00f8rers til andre sektorer for \u00e5 sikre raskere og billigere planlegging og gjennomf\u00f8ring av prosjekter<\/li><li>legge til rette for \u00f8kt utbygging av ladeinfrastruktur for elbiler og fritidsb\u00e5ter i hele Nordland<\/li><li>legge til rette for \u00f8kt bruk av avansert flytende biodrivstoff og biogass i transportsektoren<\/li><li>videreutvikling av appen \u00abReis\u00bb<\/li><\/ul>\n<\/div><\/div><\/div>\n\n\n\n<div class=\"wp-block-teft-item\"><div class=\"teft-item__inner\"><h4 class=\"toggle\">Vei<\/h4><div class=\"teft-item__inner-content entry-content\">\n<ul class=\"wp-block-list\"><li>prioritere drift og vedlikehold av fylkesveiene og f\u00e5 fast dekke<\/li><li>at det s\u00f8rges for m\u00e5lrettede st\u00f8tteordninger for \u00e5 redusere vedlikeholdsetterslepet p\u00e5 fylkesveiene<\/li><li>at arbeidet med flom- og rassikring styrkes<\/li><li>at arbeidet med tunnelsikkerhet styrkes<\/li><li>at utenlandske vogntog betaler bompenger og andre avgifter, samt styrke kontrollvirksomheten langs veien, s\u00e6rlig om vinteren<\/li><li>at det etableres DAB-radiodekning og mobildekning i alle tunneler p\u00e5 hovedveinettet<\/li><li>videref\u00f8re og styrke flaskehalsprosjektet og bruprogrammet p\u00e5 fylkesveiene<\/li><li>legge til rette for at man i st\u00f8rre grad benytter seg av det handlingsrommet til \u00e5 fravike veinormalkravene, slik at man kan bygge mer gang- og sykkelvei som viktige trafikksikkerhetstiltak<\/li><li>arbeide for \u00e5 prioritere utbygging av spesielt utsatte strekninger p\u00e5 stamveinettet E6 og E 10 i Nordland<\/li><\/ul>\n<\/div><\/div><\/div>\n\n\n\n<div class=\"wp-block-teft-item\"><div class=\"teft-item__inner\"><h4 class=\"toggle\">Jernbane<\/h4><div class=\"teft-item__inner-content entry-content\">\n<ul class=\"wp-block-list\"><li>at togtilbudet forbedres gjennom flere togavganger, nyere tog og bedre service<\/li><li>bygge ut det eksisterende jernbanenettet for \u00e5 korte ned reisetiden, \u00f8ke kapasiteten og bedre punktligheten for gods og passasjerer<\/li><li>bygge ut grensekryssende jernbane<\/li><li>jobbe for bedre tilbud og kapasitet p\u00e5 Nordlandsbanen og Ofotbanen<\/li><\/ul>\n<\/div><\/div><\/div>\n\n\n\n<div class=\"wp-block-teft-item\"><div class=\"teft-item__inner\"><h4 class=\"toggle\">Kollektiv og luftfart<\/h4><div class=\"teft-item__inner-content entry-content\">\n<ul class=\"wp-block-list\"><li>videreutvikle ordningen med sanntidsinformasjon p\u00e5 buss til \u00e5 gjelde hele fylket<\/li><li>utrede muligheten for reklame p\u00e5 buss<\/li><li>ha brukerfokus i kollektivtransporten for \u00e5 gj\u00f8re den mer attraktiv og brukervennlig<\/li><li>styrke kollektivtilbudet<\/li><li>ha mer fleksible l\u00f8sninger innenfor kollektivtransport for \u00e5 f\u00e5 flere til \u00e5 ta buss<\/li><li>sikre s\u00f8ml\u00f8se overganger mellom de ulike transportformene<\/li><li>bedre samordning av kollektivruter mellom fylkene<\/li><li>jobbe for reduserte kollektivpriser for hybelboere og studenter i Nordland og fjerne aldersgrensen p\u00e5 29 \u00e5r for \u00e5 f\u00e5 studentrabatt<\/li><li>videreutvikle drosjen\u00e6ringen som en viktig del av kollektivtransporten og med et sterkt kundeperspektiv<\/li><li>legge til rette for transportmiddel p\u00e5 bestilling i hele fylket, med et s\u00e6rlig fokus p\u00e5 distriktene<\/li><li>fjerne flypassasjeravgiften for kortbanenettet<\/li><li>redusere maksprisen for FOT-ruter<\/li><li>legge til rette for konkurranse mellom flere selskaper p\u00e5 strekningene p\u00e5<\/li><li>kortbanenettet for \u00f8kt konkurranse p\u00e5 pris og avganger<\/li><li>sikre et godt flytilbud og s\u00e6rlig prioritere utbygging og vedlikehold av kortbanenettet<\/li><li>at Nordland fylkeskommune skal v\u00e6re p\u00e5driver og arena for utvikling, testing og tidlig implementering av elektrifiserte fly og andre null- og lavutslippsluftfart\u00f8y<\/li><li>jobbe for at Nordland blir en arena for Gr\u00f8nn luftfart for testing og utvikling av ny teknologi og utvikle b\u00e6rekraftig og fornybart drivstoff til luftfarten<\/li><\/ul>\n<\/div><\/div><\/div>\n\n\n\n<div class=\"wp-block-teft-item\"><div class=\"teft-item__inner\"><h4 class=\"toggle\">Sj\u00f8transport<\/h4><div class=\"teft-item__inner-content entry-content\">\n<ul class=\"wp-block-list\"><li>innf\u00f8re gratis fylkesveiferger i Nordland<\/li><li>halvere prisen for \u00e5 reise med hurtigb\u00e5t<\/li><li>tilpasse samferdselstilbudet til sj\u00f8s i samr\u00e5d med b\u00e5de befolkningen og n\u00e6ringslivet gjennom en grundig prosess for \u00e5 f\u00e5 etablert et ferge- og hurtigb\u00e5tkart for Nordland.<\/li><li>at hurtigb\u00e5tfl\u00e5ten har den standard som kreves, blant annet med gode samdriftsl\u00f8sninger, som for eksempel der fart\u00f8y kan frakte gods, i tillegg til passasjerer.<\/li><li>styrke ekspedit\u00f8rordningen langs kysten<\/li><li>at ferger og hurtigb\u00e5ter skal ha god standard og moderne materiell<\/li><li>jobbe for \u00e5 \u00f8ke bevilgningene til oppgradering av fiskerihavner slik at de kan ta imot st\u00f8rre b\u00e5ter og \u00f8kt produksjon fra fiskeri- og havbruksn\u00e6ringene<\/li><li>forbedre infrastrukturen i tilknytning til havnene, og vedlikeholde og utvikle farledene<\/li><li>tilrettelegge for nullutslippsteknologi i fergesektoren og s\u00f8rge for tilstrekkelig kapasitet og hyppighet<\/li><li>styrke innovasjonsarbeidet med utslippsfrie og selvg\u00e5ende b\u00e5ter og legge til rette for ny infrastruktur til sj\u00f8s<\/li><\/ul>\n<\/div><\/div><\/div>\n\n\n\n<div class=\"wp-block-teft-item\"><div class=\"teft-item__inner\"><h4 class=\"toggle\">Attraktive lokalsamfunn<\/h4><div class=\"teft-item__inner-content entry-content\">\n<ul class=\"wp-block-list\"><li>styrke samordning mellom kommuner og fylkeskommuner i areal- og plansaker<\/li><li>styrke lokalt selvstyre og begrense adgangen til \u00e5 fremme innsigelser fra statlige \u2013 og regionale myndigheter.<\/li><li>alltid begrense bruk av offentlig inngrep og ekspropriasjon til et minimum.<\/li><li>la kommunene f\u00e5 st\u00f8rre myndighet i saker som omhandler aktivitet i strandsonen og motorferdsel i utmark<\/li><li>v\u00e6re p\u00e5driver for \u00e5 f\u00e5 utarbeidet og ha oppdaterte kystsoneplaner i hele Nordland<\/li><li>styrke eiendomsretten og gi grunneierne \u00f8kt innflytelse p\u00e5 forvaltning, regulering og bruk av arealer, ogs\u00e5 i verneomr\u00e5der<\/li><li>jobbe for \u00e5 innf\u00f8re lokal forvaltning for statsgrunn som sikrer lokalsamfunnene st\u00f8rre innflytelse og verdiskaping, og som samtidig ivaretar samiske interesser<\/li><li>at kommunene selv skal avveie mellom bruk og vern i kulturminnesaker<\/li><li>arbeide for et likestilt samfunn<\/li><li>fylkeskommunen skal v\u00e6re et godt vertskapsfylke<\/li><li>fortsette \u00e5 legge til rette for Nordland som vertsfylke for forsvaret<\/li><li>bidra til \u00e5 \u00f8ke samarbeidet mellom forsvaret, n\u00e6ringsliv og det offentlige<\/li><\/ul>\n<\/div><\/div><\/div>\n\n\n\n<div class=\"wp-block-teft-item\"><div class=\"teft-item__inner\"><h4 class=\"toggle\">Trygghet og valgfrihet i helsetilbudet<\/h4><div class=\"teft-item__inner-content entry-content\">\n<ul class=\"wp-block-list\"><li>ha en desentralisert sykehusstruktur<\/li><li>\u00f8ke bruken av fysisk aktivitet og videreutvikle planer for \u00e5 styrke folkehelsen<\/li><li>at det skal utarbeides en handlingsplan for \u00e5 redusere ensomhet<\/li><li>ha nullvisjon for selvmord<\/li><li>sikre lett tilgjengelig hjelp for de som opplever psykiske helseproblemer, og jobbe for at flere unge skal l\u00e6re \u00e5 h\u00e5ndtere livsmestring i skolen<\/li><li>samarbeide med frivillige organisasjoner som tilbyr hjelp og st\u00f8tte til mennesker som sliter med psykiske helse<\/li><li>sikre gode tilrettelagte omr\u00e5der for idrett og friluftsliv<\/li><li>v\u00e6re st\u00f8ttespiller til frivillige organisasjoner<\/li><li>Bygge ut bedre og sikrere sykkel og gangstiforbindelser<\/li><li>legge til rette for \u00f8kt rehabilitering av eksisterende idrettsanlegg og utbygging av flere idrettsanlegg<\/li><li>st\u00f8tte opp og v\u00e6re p\u00e5driver for at flere kommuner kan samarbeide om regionale anlegg<\/li><li>Nordland skal v\u00e6re et aldersvennlig samfunn<\/li><\/ul>\n<\/div><\/div><\/div>\n\n\n\n<div class=\"wp-block-teft-item\"><div class=\"teft-item__inner\"><h4 class=\"toggle\">Tannhelse<\/h4><div class=\"teft-item__inner-content entry-content\">\n<ul class=\"wp-block-list\"><li>at tannhelsen til barn og unge i Nordland skal v\u00e6re blant de 3 beste fylkene i landet<\/li><li>den nye tannklinikkstrukturen i Nordland skal evalueres med hensyn til blant annet kvalitet, tannlegedekning, tilgjengelighet\/kapasitet, ventetider, hvilken kategori av pasienter som behandles, avstander til behandling, konsekvenser for de minste brukerne<\/li><li>arbeide for \u00e5 f\u00e5 fritt behandlingsvalg i tannhelsetjenesten for de som f\u00e5r tannlege dekket av det offentlige<\/li><li>sikre god rekruttering av tannleger<\/li><\/ul>\n<\/div><\/div><\/div>\n\n\n\n<div class=\"wp-block-teft-item\"><div class=\"teft-item__inner\"><h4 class=\"toggle\">Kultur og fritid<\/h4><div class=\"teft-item__inner-content entry-content\">\n<ul class=\"wp-block-list\"><li>ha et mangfoldig og sterkt kulturliv<\/li><li>vil l\u00f8fte frem den nordnorske kulturarven<\/li><li>styrke museenes rolle som kunnskapsformidler og kulturarvforvalter<\/li><li>Videreutvikle den kulturelle skolesekken<\/li><li>bidra til at museene skal v\u00e6re tilgjengelig for alle, blant annet gjennom bruk av digitale medier<\/li><li>jobbe for bedre st\u00f8tteordninger for finansiering av ivaretakelse av eldre kulturminner som enkeltpersoner har i sitt eie<\/li><li>at Fylkesbiblioteket skal fylle rollen som p\u00e5driver overfor folkebibliotekene<\/li><li>bevare og videreutvikle samisk spr\u00e5k, kultur og samfunnsliv som en del av Norges felles kulturarv<\/li><li>sikre st\u00f8tte til institusjoner som har ansvar for at norske minoritetsspr\u00e5k som nord-, s\u00f8r- og lulesamisk og kvensk bevares<\/li><li>styrke museumenes rolle som samfunnsakt\u00f8r og formidlere.<\/li><li>styrke tilskuddsordningen for fart\u00f8yvern gjennom \u00f8kte bevilgninger<\/li><\/ul>\n<\/div><\/div><\/div>\n\n\n\n<div class=\"wp-block-teft-item\"><div class=\"teft-item__inner\"><h4 class=\"toggle\">Idrett og frivillighet<\/h4><div class=\"teft-item__inner-content entry-content\">\n<ul class=\"wp-block-list\"><li>at frivilligheten skal v\u00e6re fri og uavhengig og ha gode vilk\u00e5r<\/li><li>styrke frivilligheten og idrettens rolle i integreringsarbeidet gjennom st\u00f8tte til lavterskeltilbud og aktivitetsguider<\/li><li>s\u00f8rge for at \u00f8konomi eller funksjonsevne ikke er et hinder for at barn og unge kan delta i idretten<\/li><li>stimulere til et mangfoldig og tilrettelagt idrettstilbud<\/li><li>s\u00f8rge for at flere flerbrukshaller og kulturhusarenaer er tilrettelagt for datatreff og e-sportskonkurranser og at det satses p\u00e5 m\u00f8teplasser for dataspilling.<\/li><li>st\u00f8tte initiativer for internasjonale e-sportsarrangementer<\/li><li>legge til rette for mer egenorganisert idrett og fysisk aktivitet<\/li><li>legge til rette for at videreg\u00e5ende skoler er tilgengelig for frivilligheten, lag og foreninger utenom skoletid<\/li><li>st\u00f8tte arbeidet med skilting, merking og kartfesting av stier og turruter, samt motivere til at disse gj\u00f8res lett tilgjengelige digitalt<\/li><\/ul>\n<\/div><\/div><\/div>\n\n\n\n<div class=\"wp-block-teft-item\"><div class=\"teft-item__inner\"><h4 class=\"toggle\">Integrering<\/h4><div class=\"teft-item__inner-content entry-content\">\n<ul class=\"wp-block-list\"><li>ha god og standardisert oppf\u00f8lging i introduksjonsprogrammet og videreg\u00e5ende skoletilbud med norskoppl\u00e6ring for elever med innvandrerbakgrunn<\/li><li>ha som m\u00e5l at tre av fire av flyktninger skal v\u00e6re i arbeid ett \u00e5r etter avsluttet introduksjonsprogram.<\/li><li>samarbeide med kommunale- og n\u00e6ringslivsakt\u00f8rer for \u00e5 utforme en ordning for \u00e5 kartlegge og formalisere kompetanse.<\/li><li>samarbeide med frivilligheten og idrettslag for \u00e5 oppfordre til deltakelse i sivilsamfunnet og for \u00e5 f\u00e5 flere innvandrerungdommer med p\u00e5 fritidsaktiviteter.<\/li><li>gi asyls\u00f8kere under 25 \u00e5r rett til videreg\u00e5ende oppl\u00e6ring.<\/li><\/ul>\n<\/div><\/div><\/div>\n\n\n\n<div class=\"wp-block-teft-item\"><div class=\"teft-item__inner\"><h4 class=\"toggle\">B\u00e6rekraftig offentlig forvaltning<\/h4><div class=\"teft-item__inner-content entry-content\">\n<p>Trygg \u00f8konomisk styring<\/p>\n\n\n\n<ul class=\"wp-block-list\"><li>f\u00f8re en ansvarlig og b\u00e6rekraftig \u00f8konomisk politikk som gir handlingsrom for investeringer. \u00d8konomistyringen skal v\u00e6re n\u00f8ktern, forutsigbar og holde kontroll p\u00e5 kostnader og gjeld<\/li><li>ha formannskapsmodell som politisk styringsform<\/li><li>stille seg positiv til \u00e5 la kommuner som \u00f8nsker det overta fylkeskommunale oppgaver.<\/li><li>v\u00e6re positiv til at private og ideelle akt\u00f8rer kan utf\u00f8re oppgaver p\u00e5 vegne av fylkeskommunen<\/li><li>stimulere til effektiv drift, slik at mer ressurser kan brukes til \u00e5 styrke kvaliteten p\u00e5 tjenestene<\/li><li>utrede muligheten for positive omstillingsmidler for kommuner som har muligheten for rask vekst<\/li><li>styrke anbud og innkj\u00f8pskompetansen til fylkeskommunen<\/li><li>\u00f8ke bruken av innovative anskaffelser<\/li><li>kreve bruk av l\u00e6rlinger i alle offentlige byggeprosesser<\/li><li>at fylkeskommunen kommuniserer med innbyggerne p\u00e5 en enkel og tilgjengelig m\u00e5te<\/li><li>gjennomf\u00f8re \u00e5rlige brukerunders\u00f8kelser om fylkeskommunale tjenester<\/li><li>styrke partnerskapene mellom n\u00e6ringsliv og fylkeskommunen gjennom innovasjonspartnerskap<\/li><li>bruke kun-\u00e9n-gang-prinsippet, slik at innbyggere og bedrifter ikke trenger \u00e5 sende inn samme informasjon til det offentlige mer enn \u00e9n gang<\/li><li>styrke det digitale sikkerhetsarbeidet og ivaretakelse av personvern<\/li><li>innf\u00f8re et klimabestemt anskaffelsesreglement<\/li><\/ul>\n<\/div><\/div><\/div>\n\n\n\n<div class=\"wp-block-teft-item\"><div class=\"teft-item__inner\"><h4 class=\"toggle\">Nordland fylkeskommune som arbeidsgiver<\/h4><div class=\"teft-item__inner-content entry-content\">\n<ul class=\"wp-block-list\"><li>lyse ut stedsuavhengige stillinger med arbeidssted Nordland<\/li><li>videref\u00f8re inkluderingsdugnaden med m\u00e5l om at fem prosent av nyansettelser i det offentlige skal v\u00e6re mennesker med hull i CV-en eller funksjonsnedsettelse<\/li><li>tilby l\u00e6replasser, praksisplasser og trainee-stillinger i egen organisasjon<\/li><li>evaluere effekten av omstillingsprosessen Bring oss front<\/li><\/ul>\n\n\n\n<p>legge opp til mer automatisert saksbehandling i saker som egner for det, for \u00e5 frigj\u00f8res ressurser og spare tid for innbyggere og n\u00e6ringsliv<\/p>\n<\/div><\/div><\/div>\n<\/div><\/div>\n\n\n\n<h3 class=\"wp-block-heading\">Her kan du laste ned hele programmet<\/h3>\n\n\n\n<div class=\"wp-block-teft-file icon-link-block\"><a href=\"https:\/\/hoyre.no\/content\/uploads\/sites\/9\/2023\/05\/Nordland-Hoyres-fylkestingsvalgprogram-2023-\u2013-2027-1-2.pdf\" download><span class=\"file-title\">Nordland H\u00f8yres fylkestingsvalgprogram 2023-2027<\/span><span class=\"file-name\">Nordland-Hoyres-fylkestingsvalgprogram-2023-\u2013-2027-1-2.pdf [121.8kb]<\/span><\/a><\/div>\n\n\n\n<h2 class=\"wp-block-heading\">Last ned program for innev\u00e6rende periode<\/h2>\n\n\n\n<div class=\"wp-block-teft-file icon-link-block\"><a href=\"https:\/\/hoyre.no\/content\/uploads\/sites\/9\/2023\/04\/hoyre-nordland-vare-politikk.pdf\" download><span class=\"file-title\">Nordland H\u00f8yres fylkestingsvalgprogram 2019-2023<\/span><span class=\"file-name\"><\/span><\/a><\/div>\n\n","protected":false},"excerpt":{"rendered":"","protected":false},"author":51320,"featured_media":0,"parent":0,"menu_order":0,"comment_status":"closed","ping_status":"closed","template":"","meta":{"teft_cards_image_url":"","teft_cards_custom_pretitle":"","teft_cards_image_id":0,"teft_cards_image_focal_point_x":0,"teft_cards_image_focal_point_y":0,"teft_cards_title":"","teft_cards_excerpt":"","teft_show_chapters":false,"footnotes":""},"class_list":["post-1015","page","type-page","status-publish","hentry"],"yoast_head":"<!-- This site is optimized with the Yoast SEO plugin v26.6 - https:\/\/yoast.com\/wordpress\/plugins\/seo\/ -->\n<title>Politikk - Nordland H\u00f8yre<\/title>\n<meta name=\"description\" content=\"Her kan du lese v\u00e5rt valgprogram og hva Nordland H\u00f8yre g\u00e5r til valg p\u00e5 i 2023.\" \/>\n<meta name=\"robots\" content=\"index, follow, max-snippet:-1, max-image-preview:large, max-video-preview:-1\" \/>\n<link rel=\"canonical\" href=\"https:\/\/hoyre.no\/nordland\/politikk\/\" \/>\n<meta property=\"og:locale\" content=\"nb_NO\" \/>\n<meta property=\"og:type\" content=\"article\" \/>\n<meta property=\"og:title\" content=\"Politikk - Nordland H\u00f8yre\" \/>\n<meta property=\"og:description\" content=\"Her kan du lese v\u00e5rt valgprogram og hva Nordland H\u00f8yre g\u00e5r til valg p\u00e5 i 2023.\" \/>\n<meta property=\"og:url\" content=\"https:\/\/hoyre.no\/nordland\/politikk\/\" \/>\n<meta property=\"og:site_name\" content=\"Nordland H\u00f8yre\" \/>\n<meta property=\"article:modified_time\" content=\"2023-05-05T12:55:20+00:00\" \/>\n<meta property=\"og:image\" content=\"https:\/\/hoyre.no\/content\/uploads\/sites\/9\/2022\/11\/Hoyres-logo.png\" \/>\n\t<meta property=\"og:image:width\" content=\"1000\" \/>\n\t<meta property=\"og:image:height\" content=\"1000\" \/>\n\t<meta property=\"og:image:type\" content=\"image\/png\" \/>\n<meta name=\"twitter:card\" content=\"summary_large_image\" \/>\n<meta name=\"twitter:label1\" content=\"Ansl. lesetid\" \/>\n\t<meta name=\"twitter:data1\" content=\"22 minutter\" \/>\n<script type=\"application\/ld+json\" class=\"yoast-schema-graph\">{\"@context\":\"https:\/\/schema.org\",\"@graph\":[{\"@type\":\"WebPage\",\"@id\":\"https:\/\/hoyre.no\/nordland\/politikk\/\",\"url\":\"https:\/\/hoyre.no\/nordland\/politikk\/\",\"name\":\"Politikk - Nordland H\u00f8yre\",\"isPartOf\":{\"@id\":\"https:\/\/hoyre.no\/nordland\/#website\"},\"datePublished\":\"2023-05-02T10:43:40+00:00\",\"dateModified\":\"2023-05-05T12:55:20+00:00\",\"description\":\"Her kan du lese v\u00e5rt valgprogram og hva Nordland H\u00f8yre g\u00e5r til valg p\u00e5 i 2023.\",\"breadcrumb\":{\"@id\":\"https:\/\/hoyre.no\/nordland\/politikk\/#breadcrumb\"},\"inLanguage\":\"nb-NO\",\"potentialAction\":[{\"@type\":\"ReadAction\",\"target\":[\"https:\/\/hoyre.no\/nordland\/politikk\/\"]}]},{\"@type\":\"BreadcrumbList\",\"@id\":\"https:\/\/hoyre.no\/nordland\/politikk\/#breadcrumb\",\"itemListElement\":[{\"@type\":\"ListItem\",\"position\":1,\"name\":\"Til hoyre.no\",\"item\":\"https:\/\/hoyre.no\"},{\"@type\":\"ListItem\",\"position\":2,\"name\":\"Hjem\",\"item\":\"https:\/\/hoyre.no\/nordland\/\"},{\"@type\":\"ListItem\",\"position\":3,\"name\":\"Politikk\"}]},{\"@type\":\"WebSite\",\"@id\":\"https:\/\/hoyre.no\/nordland\/#website\",\"url\":\"https:\/\/hoyre.no\/nordland\/\",\"name\":\"Nordland H\u00f8yre\",\"description\":\"Bare enda et H\u00f8yres nettsteder-nettsted\",\"inLanguage\":\"nb-NO\"}]}<\/script>\n<!-- \/ Yoast SEO plugin. -->","yoast_head_json":{"title":"Politikk - Nordland H\u00f8yre","description":"Her kan du lese v\u00e5rt valgprogram og hva Nordland H\u00f8yre g\u00e5r til valg p\u00e5 i 2023.","robots":{"index":"index","follow":"follow","max-snippet":"max-snippet:-1","max-image-preview":"max-image-preview:large","max-video-preview":"max-video-preview:-1"},"canonical":"https:\/\/hoyre.no\/nordland\/politikk\/","og_locale":"nb_NO","og_type":"article","og_title":"Politikk - Nordland H\u00f8yre","og_description":"Her kan du lese v\u00e5rt valgprogram og hva Nordland H\u00f8yre g\u00e5r til valg p\u00e5 i 2023.","og_url":"https:\/\/hoyre.no\/nordland\/politikk\/","og_site_name":"Nordland H\u00f8yre","article_modified_time":"2023-05-05T12:55:20+00:00","og_image":[{"width":1000,"height":1000,"url":"https:\/\/hoyre.no\/content\/uploads\/sites\/9\/2022\/11\/Hoyres-logo.png","type":"image\/png"}],"twitter_card":"summary_large_image","twitter_misc":{"Ansl. lesetid":"22 minutter"},"schema":{"@context":"https:\/\/schema.org","@graph":[{"@type":"WebPage","@id":"https:\/\/hoyre.no\/nordland\/politikk\/","url":"https:\/\/hoyre.no\/nordland\/politikk\/","name":"Politikk - Nordland H\u00f8yre","isPartOf":{"@id":"https:\/\/hoyre.no\/nordland\/#website"},"datePublished":"2023-05-02T10:43:40+00:00","dateModified":"2023-05-05T12:55:20+00:00","description":"Her kan du lese v\u00e5rt valgprogram og hva Nordland H\u00f8yre g\u00e5r til valg p\u00e5 i 2023.","breadcrumb":{"@id":"https:\/\/hoyre.no\/nordland\/politikk\/#breadcrumb"},"inLanguage":"nb-NO","potentialAction":[{"@type":"ReadAction","target":["https:\/\/hoyre.no\/nordland\/politikk\/"]}]},{"@type":"BreadcrumbList","@id":"https:\/\/hoyre.no\/nordland\/politikk\/#breadcrumb","itemListElement":[{"@type":"ListItem","position":1,"name":"Til hoyre.no","item":"https:\/\/hoyre.no"},{"@type":"ListItem","position":2,"name":"Hjem","item":"https:\/\/hoyre.no\/nordland\/"},{"@type":"ListItem","position":3,"name":"Politikk"}]},{"@type":"WebSite","@id":"https:\/\/hoyre.no\/nordland\/#website","url":"https:\/\/hoyre.no\/nordland\/","name":"Nordland H\u00f8yre","description":"Bare enda et H\u00f8yres nettsteder-nettsted","inLanguage":"nb-NO"}]}},"distributor_meta":false,"distributor_terms":false,"distributor_media":false,"distributor_original_site_name":"Nordland H\u00f8yre","distributor_original_site_url":"https:\/\/hoyre.no\/nordland","push-errors":false,"_links":{"self":[{"href":"https:\/\/hoyre.no\/nordland\/wp-json\/wp\/v2\/pages\/1015","targetHints":{"allow":["GET"]}}],"collection":[{"href":"https:\/\/hoyre.no\/nordland\/wp-json\/wp\/v2\/pages"}],"about":[{"href":"https:\/\/hoyre.no\/nordland\/wp-json\/wp\/v2\/types\/page"}],"author":[{"embeddable":true,"href":"https:\/\/hoyre.no\/nordland\/wp-json\/wp\/v2\/users\/51320"}],"replies":[{"embeddable":true,"href":"https:\/\/hoyre.no\/nordland\/wp-json\/wp\/v2\/comments?post=1015"}],"version-history":[{"count":8,"href":"https:\/\/hoyre.no\/nordland\/wp-json\/wp\/v2\/pages\/1015\/revisions"}],"predecessor-version":[{"id":1724,"href":"https:\/\/hoyre.no\/nordland\/wp-json\/wp\/v2\/pages\/1015\/revisions\/1724"}],"wp:attachment":[{"href":"https:\/\/hoyre.no\/nordland\/wp-json\/wp\/v2\/media?parent=1015"}],"curies":[{"name":"wp","href":"https:\/\/api.w.org\/{rel}","templated":true}]}}