{"id":1046,"date":"2023-06-06T16:01:05","date_gmt":"2023-06-06T14:01:05","guid":{"rendered":"https:\/\/hoyre.no\/nordland\/?page_id=1046"},"modified":"2023-08-10T14:29:09","modified_gmt":"2023-08-10T12:29:09","slug":"fem-grunner-til-a-stemme-nordland-hoyre","status":"publish","type":"page","link":"https:\/\/hoyre.no\/nordland\/fem-grunner-til-a-stemme-nordland-hoyre\/","title":{"rendered":"Fem gode grunner til \u00e5 stemme H\u00f8yre i Nordland"},"content":{"rendered":"\n<div class=\"wp-block-hoyre-hero with-image-gradient text-color-light  has-media alignfull has-background\"><div class=\"hoyre-hero has-image\"><h1 class=\"title\">Fem gode grunner til \u00e5 stemme H\u00f8yre i Nordland<\/h1><p class=\"preamble\">Her er fem gode grunner til \u00e5 stemme p\u00e5 Nordland H\u00f8yre ved h\u00f8stens valg<br><\/p>\t\t\t<div class=\"post-meta wp-block teft-byline-wrapper\">\n\t\t\t\t<div class=\"top\">\n\t\t\t\t\t<div class=\"signature\">\n\t\t\t\t\t\t<div class=\"teft-byline\">\n\t\t\t\t\t\t\t\t\t\t\t\t\t\t<div>\n\t\t\t\t\t\t\t\t<h3>H\u00f8yres redaksjon<\/h3>\t\t\t\t\t\t\t\t\n\t\t\t\t\t\t\t\t\t\t\t\t\t\t\t\t\t<span class=\"date\">Sist oppdatert: 10. august 2023<\/span>\n\t\t\t\t\t\t\t\t\t\t\t\t\t\t\t\t\t\t\t\t\t\t\t\t\t<span class=\"reading-time\" itemprop=\"timeRequired\" content=\"PT5M\"><em>Ca. 5 minutter lesetid<\/em><\/span>\n\t\t\t\t\t\t\t\t\t\t\t\t\t\t\t<\/div>\n\t\t\t\t\t\t<\/div>\n\t\t\t\t\t<\/div>\n\t\t\t\t\t\t<div class=\"sharing\">\n\t\t<a class=\"share-button share-link copy-link\" data-copy=\"https:\/\/hoyre.no\/nordland\/fem-grunner-til-a-stemme-nordland-hoyre\/\" target=\"_blank\"><span class=\"screen-reader-text\">Del link<\/span><\/a>\n\t\t<a class=\"share-button share-twitter\" href=\"http:\/\/twitter.com\/share?text=Fem gode grunner til \u00e5 stemme H\u00f8yre i Nordland&#038;url=https:\/\/hoyre.no\/nordland\/fem-grunner-til-a-stemme-nordland-hoyre\/&#038;hashtags=Hoyre\" target=\"_blank\"><span class=\"screen-reader-text\">Del p\u00e5 twitter<\/span><\/a>\n\t\t<a class=\"share-button share-facebook\" href=\"https:\/\/www.facebook.com\/sharer\/sharer.php?u=https:\/\/hoyre.no\/nordland\/fem-grunner-til-a-stemme-nordland-hoyre\/\" target=\"_blank\"><span class=\"screen-reader-text\">Del p\u00e5 facebook<\/span><\/a>\n\t<\/div>\n\t\t\t\t\t<\/div>\n\t\t\t<\/div>\n\n\t\t\t<figure class=\"hoyre-image-wrapper\"><div class=\"hoyre-image\"><img loading=\"lazy\" decoding=\"async\" width=\"2500\" height=\"1667\" src=\"https:\/\/hoyre.no\/content\/uploads\/sites\/9\/2023\/06\/GettyImages-1192289905-scaled.jpg\" class=\"attachment-scaled size-scaled\" alt=\"\" style=\"object-position: 23% 91%\" srcset=\"https:\/\/hoyre.no\/content\/uploads\/sites\/9\/2023\/06\/GettyImages-1192289905-scaled.jpg 2500w, https:\/\/hoyre.no\/content\/uploads\/sites\/9\/2023\/06\/GettyImages-1192289905-300x200.jpg 300w, https:\/\/hoyre.no\/content\/uploads\/sites\/9\/2023\/06\/GettyImages-1192289905-1024x683.jpg 1024w, https:\/\/hoyre.no\/content\/uploads\/sites\/9\/2023\/06\/GettyImages-1192289905-768x512.jpg 768w, https:\/\/hoyre.no\/content\/uploads\/sites\/9\/2023\/06\/GettyImages-1192289905-1536x1024.jpg 1536w, https:\/\/hoyre.no\/content\/uploads\/sites\/9\/2023\/06\/GettyImages-1192289905-2048x1365.jpg 2048w\" sizes=\"auto, (max-width: 2500px) 100vw, 2500px\" \/><\/div><\/figure><\/div><\/div>\n\n\n\n<div class=\"wp-block-media-text alignwide has-media-on-the-right is-stacked-on-mobile is-image-fill is-style-dark-blue\" style=\"grid-template-columns:auto 41%\"><figure class=\"wp-block-media-text__media\" style=\"background-image:url('https:\/\/hoyre.no\/content\/uploads\/sites\/9\/2023\/06\/GettyImages-1359901796-1024x749.jpg');background-position:19% 78%\"><img loading=\"lazy\" decoding=\"async\" width=\"1024\" height=\"749\" src=\"https:\/\/hoyre.no\/content\/uploads\/sites\/9\/2023\/06\/GettyImages-1359901796-1024x749.jpg\" alt=\"\" class=\"wp-image-1065 size-full\" srcset=\"https:\/\/hoyre.no\/content\/uploads\/sites\/9\/2023\/06\/GettyImages-1359901796-1024x749.jpg 1024w, https:\/\/hoyre.no\/content\/uploads\/sites\/9\/2023\/06\/GettyImages-1359901796-300x219.jpg 300w, https:\/\/hoyre.no\/content\/uploads\/sites\/9\/2023\/06\/GettyImages-1359901796-768x562.jpg 768w, https:\/\/hoyre.no\/content\/uploads\/sites\/9\/2023\/06\/GettyImages-1359901796-1536x1123.jpg 1536w, https:\/\/hoyre.no\/content\/uploads\/sites\/9\/2023\/06\/GettyImages-1359901796-2048x1498.jpg 2048w\" sizes=\"auto, (max-width: 1024px) 100vw, 1024px\" \/><\/figure><div class=\"wp-block-media-text__content\">\n<h2 class=\"wp-block-heading\">1. Raskere frem og tryggere hjem<\/h2>\n\n\n\n<p>For \u00e5 kunne bo langs hele Nordland er det viktig at folk og varer kommer trygt og raskt frem. Nordland best\u00e5r av flere ulykkesutsatte veier, H\u00f8yre vil satse p\u00e5 veibygging og prioritere utbygging av spesielt utsatte strekninger p\u00e5 stamveinettet E6 og E10. Samtidig skal vi styrke kollektivtransporten som alternativ til bilen, s\u00e6rlig i de store byene. Slik binder vi Nordland sammen og legger til rette for vekst langs hele fylket.<\/p>\n<\/div><\/div>\n\n\n\n<div class=\"wp-block-media-text alignwide is-stacked-on-mobile is-image-fill is-style-pale-purple\"><figure class=\"wp-block-media-text__media\" style=\"background-image:url('https:\/\/hoyre.no\/content\/uploads\/sites\/9\/2023\/06\/GettyImages-512098822-1024x683.jpg');background-position:50% 50%\"><img loading=\"lazy\" decoding=\"async\" width=\"1024\" height=\"683\" src=\"https:\/\/hoyre.no\/content\/uploads\/sites\/9\/2023\/06\/GettyImages-512098822-1024x683.jpg\" alt=\"\" class=\"wp-image-1067 size-full\" srcset=\"https:\/\/hoyre.no\/content\/uploads\/sites\/9\/2023\/06\/GettyImages-512098822-1024x683.jpg 1024w, https:\/\/hoyre.no\/content\/uploads\/sites\/9\/2023\/06\/GettyImages-512098822-300x200.jpg 300w, https:\/\/hoyre.no\/content\/uploads\/sites\/9\/2023\/06\/GettyImages-512098822-768x512.jpg 768w, https:\/\/hoyre.no\/content\/uploads\/sites\/9\/2023\/06\/GettyImages-512098822-1536x1024.jpg 1536w, https:\/\/hoyre.no\/content\/uploads\/sites\/9\/2023\/06\/GettyImages-512098822-2048x1365.jpg 2048w\" sizes=\"auto, (max-width: 1024px) 100vw, 1024px\" \/><\/figure><div class=\"wp-block-media-text__content\">\n<h2 class=\"wp-block-heading\">2. Trygghet og valgfrihet i helsetilbudene<\/h2>\n\n\n\n<p>H\u00f8yre skal s\u00f8rge for en politikk som setter kvaliteten p\u00e5 tjenesten f\u00f8rst. Uavhengig av hvem som tilbyr helsetjenesten du trenger skal du vite at du f\u00e5r tilgang til rask og trygg hjelp. Nordland skal bli en fylkeskommune som legger til rette for valgfrihet og gode tjenester til v\u00e5re innbyggere uansett hvor i Nordland du bor. Vi vil ha en desentralisert sykehusstruktur, og \u00f8ke bruken av fysisk aktivitet og videreutvikle planer for \u00e5 styrke folkehelsen.<\/p>\n<\/div><\/div>\n\n\n\n<div class=\"wp-block-media-text alignwide has-media-on-the-right is-stacked-on-mobile is-image-fill is-style-lightest-blue\"><figure class=\"wp-block-media-text__media\" style=\"background-image:url('https:\/\/hoyre.no\/content\/uploads\/sites\/9\/2023\/06\/GettyImages-1252667947-1024x683.jpg');background-position:50% 50%\"><img loading=\"lazy\" decoding=\"async\" width=\"1024\" height=\"683\" src=\"https:\/\/hoyre.no\/content\/uploads\/sites\/9\/2023\/06\/GettyImages-1252667947-1024x683.jpg\" alt=\"\" class=\"wp-image-1064 size-full\" srcset=\"https:\/\/hoyre.no\/content\/uploads\/sites\/9\/2023\/06\/GettyImages-1252667947-1024x683.jpg 1024w, https:\/\/hoyre.no\/content\/uploads\/sites\/9\/2023\/06\/GettyImages-1252667947-300x200.jpg 300w, https:\/\/hoyre.no\/content\/uploads\/sites\/9\/2023\/06\/GettyImages-1252667947-768x512.jpg 768w, https:\/\/hoyre.no\/content\/uploads\/sites\/9\/2023\/06\/GettyImages-1252667947-1536x1024.jpg 1536w, https:\/\/hoyre.no\/content\/uploads\/sites\/9\/2023\/06\/GettyImages-1252667947-2048x1365.jpg 2048w\" sizes=\"auto, (max-width: 1024px) 100vw, 1024px\" \/><\/figure><div class=\"wp-block-media-text__content\">\n<h2 class=\"wp-block-heading\">3. En videreg\u00e5ende skole som ser den enkelte elev<\/h2>\n\n\n\n<p>Nordland er fylket hvor nest flest ikke fullf\u00f8rer videreg\u00e5ende skole. H\u00f8yre skal snu dagens utvikling og v\u00e5rt m\u00e5l er at 9 av 10 skal fullf\u00f8re videreg\u00e5ende oppl\u00e6ring. For \u00e5 f\u00e5 til det vil H\u00f8yre ha et desentralisert og mangfoldig studie- og linjetilbud i Nordland som b\u00e5de fanger opp de som trenger ekstra hjelp, og de som vil ha st\u00f8rre utfordringer gjennom tilpasset undervisning og tettere oppf\u00f8lgning.<\/p>\n\n\n\n<p>Vi vil satse p\u00e5 yrkesfag og jobbe for en mer relevant oppl\u00e6ring med mulighet for yrkesoppl\u00e6ring i bedrift hvor det ikke er en egen videreg\u00e5ende skole i n\u00e6rheten.<\/p>\n\n\n\n<p>Vi vil mer for elevene i Nordland<\/p>\n<\/div><\/div>\n\n\n\n<div class=\"wp-block-media-text alignwide is-stacked-on-mobile is-image-fill is-style-pale-green\"><figure class=\"wp-block-media-text__media\" style=\"background-image:url('https:\/\/hoyre.no\/content\/uploads\/sites\/9\/2023\/06\/GettyImages-640964975-1024x683.jpg');background-position:50% 50%\"><img loading=\"lazy\" decoding=\"async\" width=\"1024\" height=\"683\" src=\"https:\/\/hoyre.no\/content\/uploads\/sites\/9\/2023\/06\/GettyImages-640964975-1024x683.jpg\" alt=\"\" class=\"wp-image-1071 size-full\" srcset=\"https:\/\/hoyre.no\/content\/uploads\/sites\/9\/2023\/06\/GettyImages-640964975-1024x683.jpg 1024w, https:\/\/hoyre.no\/content\/uploads\/sites\/9\/2023\/06\/GettyImages-640964975-300x200.jpg 300w, https:\/\/hoyre.no\/content\/uploads\/sites\/9\/2023\/06\/GettyImages-640964975-768x512.jpg 768w, https:\/\/hoyre.no\/content\/uploads\/sites\/9\/2023\/06\/GettyImages-640964975-1536x1024.jpg 1536w, https:\/\/hoyre.no\/content\/uploads\/sites\/9\/2023\/06\/GettyImages-640964975-2048x1365.jpg 2048w\" sizes=\"auto, (max-width: 1024px) 100vw, 1024px\" \/><\/figure><div class=\"wp-block-media-text__content\">\n<h2 class=\"wp-block-heading\">4. P\u00e5 lag med jobbskaperne<\/h2>\n\n\n\n<p>Vi heier p\u00e5 mennesker som vil skape aktivitet og jobber langs hele Nordland. H\u00f8yre vil at fylkeskommunen skal oppleves som en fremoverlent medspiller for jobbskaperne, og lete etter muligheter for \u00e5 si ja fremfor nei. Enten det handler om \u00e5 f\u00e5 tilgang p\u00e5 kvalifisert arbeidskraft, stedsuavhengige arbeidsplasser eller en mer effektiv saksbehandling. De etablerte bedriftene skal ha mulighet til \u00e5 vokse og v\u00e5rt m\u00e5l er at alle som kan jobbe, skal f\u00e5 muligheten til \u00e5 jobbe.<\/p>\n<\/div><\/div>\n\n\n\n<div class=\"wp-block-media-text alignwide has-media-on-the-right is-stacked-on-mobile is-image-fill is-style-pink\"><figure class=\"wp-block-media-text__media\" style=\"background-image:url('https:\/\/hoyre.no\/content\/uploads\/sites\/9\/2023\/06\/Screenshot-2023-06-06-at-15.09.07-1024x587.png');background-position:50% 50%\"><img loading=\"lazy\" decoding=\"async\" width=\"1024\" height=\"587\" src=\"https:\/\/hoyre.no\/content\/uploads\/sites\/9\/2023\/06\/Screenshot-2023-06-06-at-15.09.07-1024x587.png\" alt=\"\" class=\"wp-image-1069 size-full\" srcset=\"https:\/\/hoyre.no\/content\/uploads\/sites\/9\/2023\/06\/Screenshot-2023-06-06-at-15.09.07-1024x587.png 1024w, https:\/\/hoyre.no\/content\/uploads\/sites\/9\/2023\/06\/Screenshot-2023-06-06-at-15.09.07-300x172.png 300w, https:\/\/hoyre.no\/content\/uploads\/sites\/9\/2023\/06\/Screenshot-2023-06-06-at-15.09.07-768x441.png 768w, https:\/\/hoyre.no\/content\/uploads\/sites\/9\/2023\/06\/Screenshot-2023-06-06-at-15.09.07.png 1248w\" sizes=\"auto, (max-width: 1024px) 100vw, 1024px\" \/><\/figure><div class=\"wp-block-media-text__content\">\n<h2 class=\"wp-block-heading\">5. Trygg og forutsigbar fremtid for Nordland.<\/h2>\n\n\n\n<p>I en tid med prisvekst og mer usikkerhet for folk flest, trenger vi politikere som bidrar til trygghet og forutsigbarhet. Regjeringen bidrar til det motsatte av dette. Innf\u00f8ringen av grunnrenteskatt p\u00e5 havbruk er et godt eksempel p\u00e5 uforutsigbarhet. Nordland fylkeskommune har mye penger p\u00e5 bok men i fylkespolitikken er det ikke gjort nok for \u00e5 prioritere riktig. H\u00f8yre vil at fylkeskommunale midler skal brukes til innbyggernes beste, derfor er alternativet for deg som \u00f8nsker en trygg og sikker styring av Nordland. <\/p>\n<\/div><\/div>\n\n\n\n<p>Fant du ikke din hjertesak p\u00e5 denne listen? Det er heldigvis mange flere gode grunner til \u00e5 stemme H\u00f8yre \u2013 finn ut hva H\u00f8yre mener om det som er viktigst for deg her:<\/p>\n\n\n\n\n<div class=\"wp-block-buttons alignfull is-content-justification-center is-layout-flex wp-container-core-buttons-is-layout-28206b41 wp-block-buttons-is-layout-flex\">\n<div class=\"wp-block-button alignright\"><a class=\"wp-block-button__link\" href=\"https:\/\/hoyre.no\/nordland\/politikk\/\" target=\"_blank\" rel=\"noreferrer noopener\">NORdland H\u00f8yres partiprogram 2023<\/a><\/div>\n<\/div>\n\n\n\n\n\t\t<div class=\"has-dark-blue-background-color is-layout-right alignwide alignwide wp-block-hoyre-media-text\">\n\t\t\t<div class=\"hoyre-media-text__media\">\n\t\t\t\t<img loading=\"lazy\" decoding=\"async\" width=\"1024\" height=\"683\" src=\"https:\/\/hoyre.no\/content\/uploads\/sites\/9\/2023\/06\/Hoyre-mai-5-2-1024x683.jpg\" class=\"hoyre-media-text__media-image\" alt=\"\" style=\"--focal: 50% 50%;\" srcset=\"https:\/\/hoyre.no\/content\/uploads\/sites\/9\/2023\/06\/Hoyre-mai-5-2-1024x683.jpg 1024w, https:\/\/hoyre.no\/content\/uploads\/sites\/9\/2023\/06\/Hoyre-mai-5-2-300x200.jpg 300w, https:\/\/hoyre.no\/content\/uploads\/sites\/9\/2023\/06\/Hoyre-mai-5-2-768x512.jpg 768w, https:\/\/hoyre.no\/content\/uploads\/sites\/9\/2023\/06\/Hoyre-mai-5-2-1536x1024.jpg 1536w, https:\/\/hoyre.no\/content\/uploads\/sites\/9\/2023\/06\/Hoyre-mai-5-2-2048x1365.jpg 2048w\" sizes=\"auto, (max-width: 1024px) 100vw, 1024px\" \/>\n\t\t\t<\/div>\n\t\t\t<div class=\"hoyre-media-text__content\">\n\t\t\t\t<div class=\"hoyre-media-text__content-inner\">\n\t\t\t\t\t\n\t\t\t<div class=\"hoyre-media-text__title-container\">\n\t\t\t\t\n\t\t\t\t<h2 class=\"hoyre-media-text__title\">Vi vil mer for Nordland!<\/h2>\n\t\t\t<\/div>\n\t\t\t\n\t\t\t\t\t<div class=\"hoyre-media-text__blocks\">\n<p>N\u00e5 er det p\u00e5 tide med et skifte i Nordland. AP har hatt 24 \u00e5r p\u00e5 \u00e5 pr\u00f8ve seg. H\u00f8yre vil mer for Nordland fordi vi vil mer for deg. Vi m\u00e5 gripe mulighetene vi har, og sammen sikre Nordland i riktig retning. H\u00f8yre lover \u00e5 satse p\u00e5 skole, helse og samferdsel for en bedre fylkeskommune som spiller p\u00e5 lag med deg.<\/p>\n<\/div>\n\t\t\t\t\t\n\t\t\t\t<\/div>\n\t\t\t<\/div>\n\t\t<\/div>\n\t\t\n\n<div class=\"wp-block hoyre-section alignfull has-background is-style-light-blue wp-block-hoyre-section\"><div class=\"inner-blocks alignwide\">\n\n<h2 class=\"has-text-align-center wp-block-heading\">Finn ditt n\u00e6rmeste valglokale<\/h2>\n\n\n\n<p class=\"has-text-align-center\">Du kan forh\u00e5ndsstemme fra 10. august til og med 8. september. I denne perioden kan du stemme i valglokaler over hele landet. Se oversikt over lokale valglokaler og \u00e5pningstider her:<\/p>\n\n\n\n<div class=\"wp-block-buttons is-layout-flex wp-block-buttons-is-layout-flex\">\n<div class=\"wp-block-button has-custom-width wp-block-button__width-100\"><a class=\"wp-block-button__link\" href=\"https:\/\/www.valg.no\/valglokaler\/valglokaler2\/stem-pa-forhand\/?cpid=18\" target=\"_blank\" rel=\"noreferrer noopener\">Lokaler for forh\u00e5ndsstemming<\/a><\/div>\n<\/div>\n\n\n\n<p>Valgdagen i \u00e5r er mandag 11. september. P\u00e5 valgdagen m\u00e5 du stemme i din hjemmekommune. Se oversikt over lokale valglokaler og \u00e5pningstider her:<\/p>\n\n\n\n<div class=\"wp-block-buttons is-layout-flex wp-block-buttons-is-layout-flex\">\n<div class=\"wp-block-button has-custom-width wp-block-button__width-100\"><a class=\"wp-block-button__link\" href=\"https:\/\/www.valg.no\/valglokaler\/valglokaler2\/stemme-pa-valgdagen\/\" target=\"_blank\" rel=\"noreferrer noopener\">Valglokaler p\u00e5 valgdagen<\/a><\/div>\n<\/div>\n\n<\/div><\/div>\n\n\n\t\t<div class=\"has-lightest-blue-background-color is-layout-left alignwide alignwide wp-block-hoyre-media-text\">\n\t\t\t<div class=\"hoyre-media-text__media\">\n\t\t\t\t<img loading=\"lazy\" decoding=\"async\" width=\"1024\" height=\"919\" src=\"https:\/\/hoyre.no\/content\/uploads\/sites\/9\/2023\/06\/cMn_BJT4-1024x919.png\" class=\"hoyre-media-text__media-image\" alt=\"\" style=\"--focal: 50% 50%;\" srcset=\"https:\/\/hoyre.no\/content\/uploads\/sites\/9\/2023\/06\/cMn_BJT4-1024x919.png 1024w, https:\/\/hoyre.no\/content\/uploads\/sites\/9\/2023\/06\/cMn_BJT4-300x269.png 300w, https:\/\/hoyre.no\/content\/uploads\/sites\/9\/2023\/06\/cMn_BJT4-768x689.png 768w, https:\/\/hoyre.no\/content\/uploads\/sites\/9\/2023\/06\/cMn_BJT4-1536x1379.png 1536w, https:\/\/hoyre.no\/content\/uploads\/sites\/9\/2023\/06\/cMn_BJT4-2048x1838.png 2048w\" sizes=\"auto, (max-width: 1024px) 100vw, 1024px\" \/>\n\t\t\t<\/div>\n\t\t\t<div class=\"hoyre-media-text__content\">\n\t\t\t\t<div class=\"hoyre-media-text__content-inner\">\n\t\t\t\t\t\n\t\t\t<div class=\"hoyre-media-text__title-container\">\n\t\t\t\t\n\t\t\t\t<h2 class=\"hoyre-media-text__title\">Husk \u00e5 stemme H\u00f8yre to ganger i h\u00f8st for at din stemme skal bli h\u00f8rt langs hele Nordland!<\/h2>\n\t\t\t<\/div>\n\t\t\t\n\t\t\t\t\t<div class=\"hoyre-media-text__blocks\">\n<p>Stemmelokalene \u00e5pner allerede 10. august 2023, da f\u00e5r du muligheten til \u00e5 stemme p\u00e5 lokalvalget men ogs\u00e5 til fylkestingsvalget. Vi oppfordrer alle \u00e5 stemme H\u00f8yre to ganger for \u00e5 sikre at dine lokale interesser blir h\u00f8rt p\u00e5 fylket!<\/p>\n<\/div>\n\t\t\t\t\t\n\t\t\t\t<\/div>\n\t\t\t<\/div>\n\t\t<\/div>\n\t\t","protected":false},"excerpt":{"rendered":"<p>1. Raskere frem og tryggere hjem For \u00e5 kunne bo langs hele Nordland er det viktig at folk og varer kommer trygt og raskt frem. Nordland best\u00e5r av flere ulykkesutsatte veier, H\u00f8yre vil satse p\u00e5 veibygging og prioritere utbygging av spesielt utsatte strekninger p\u00e5 stamveinettet E6 og E10. Samtidig skal vi styrke kollektivtransporten som alternativ [&hellip;]<\/p>\n","protected":false},"author":3547,"featured_media":0,"parent":0,"menu_order":0,"comment_status":"closed","ping_status":"closed","template":"","meta":{"teft_cards_image_url":"","teft_cards_custom_pretitle":"","teft_cards_image_id":1056,"teft_cards_image_focal_point_x":0.73,"teft_cards_image_focal_point_y":0.58,"teft_cards_title":"Fem gode grunner til \u00e5 stemme H\u00f8yre i Nordland","teft_cards_excerpt":"Her er fem gode grunner til \u00e5 stemme p\u00e5 H\u00f8yre i Nordland","teft_show_chapters":false,"footnotes":""},"class_list":["post-1046","page","type-page","status-publish","hentry"],"yoast_head":"<!-- This site is optimized with the Yoast SEO plugin v26.6 - https:\/\/yoast.com\/wordpress\/plugins\/seo\/ -->\n<title>Fem gode grunner til \u00e5 stemme H\u00f8yre i Nordland - Nordland H\u00f8yre<\/title>\n<meta name=\"robots\" content=\"index, follow, max-snippet:-1, max-image-preview:large, max-video-preview:-1\" \/>\n<link rel=\"canonical\" href=\"https:\/\/hoyre.no\/nordland\/fem-grunner-til-a-stemme-nordland-hoyre\/\" \/>\n<meta property=\"og:locale\" content=\"nb_NO\" \/>\n<meta property=\"og:type\" content=\"article\" \/>\n<meta property=\"og:title\" content=\"Fem gode grunner til \u00e5 stemme H\u00f8yre i Nordland - Nordland H\u00f8yre\" \/>\n<meta property=\"og:description\" content=\"1. Raskere frem og tryggere hjem For \u00e5 kunne bo langs hele Nordland er det viktig at folk og varer kommer trygt og raskt frem. Nordland best\u00e5r av flere ulykkesutsatte veier, H\u00f8yre vil satse p\u00e5 veibygging og prioritere utbygging av spesielt utsatte strekninger p\u00e5 stamveinettet E6 og E10. Samtidig skal vi styrke kollektivtransporten som alternativ [&hellip;]\" \/>\n<meta property=\"og:url\" content=\"https:\/\/hoyre.no\/nordland\/fem-grunner-til-a-stemme-nordland-hoyre\/\" \/>\n<meta property=\"og:site_name\" content=\"Nordland H\u00f8yre\" \/>\n<meta property=\"article:modified_time\" content=\"2023-08-10T12:29:09+00:00\" \/>\n<meta property=\"og:image\" content=\"https:\/\/hoyre.no\/content\/uploads\/sites\/9\/2023\/06\/GettyImages-1192289905-1024x683.jpg\" \/>\n<meta name=\"twitter:card\" content=\"summary_large_image\" \/>\n<meta name=\"twitter:label1\" content=\"Ansl. lesetid\" \/>\n\t<meta name=\"twitter:data1\" content=\"5 minutter\" \/>\n<script type=\"application\/ld+json\" class=\"yoast-schema-graph\">{\"@context\":\"https:\/\/schema.org\",\"@graph\":[{\"@type\":\"WebPage\",\"@id\":\"https:\/\/hoyre.no\/nordland\/fem-grunner-til-a-stemme-nordland-hoyre\/\",\"url\":\"https:\/\/hoyre.no\/nordland\/fem-grunner-til-a-stemme-nordland-hoyre\/\",\"name\":\"Fem gode grunner til \u00e5 stemme H\u00f8yre i Nordland - Nordland H\u00f8yre\",\"isPartOf\":{\"@id\":\"https:\/\/hoyre.no\/nordland\/#website\"},\"image\":{\"@id\":\"https:\/\/hoyre.no\/nordland\/fem-grunner-til-a-stemme-nordland-hoyre\/#primaryimage\"},\"thumbnailUrl\":\"https:\/\/hoyre.no\/content\/uploads\/sites\/9\/2023\/06\/GettyImages-1359901796-1024x749.jpg\",\"datePublished\":\"2023-06-06T14:01:05+00:00\",\"dateModified\":\"2023-08-10T12:29:09+00:00\",\"breadcrumb\":{\"@id\":\"https:\/\/hoyre.no\/nordland\/fem-grunner-til-a-stemme-nordland-hoyre\/#breadcrumb\"},\"inLanguage\":\"nb-NO\",\"potentialAction\":[{\"@type\":\"ReadAction\",\"target\":[\"https:\/\/hoyre.no\/nordland\/fem-grunner-til-a-stemme-nordland-hoyre\/\"]}]},{\"@type\":\"ImageObject\",\"inLanguage\":\"nb-NO\",\"@id\":\"https:\/\/hoyre.no\/nordland\/fem-grunner-til-a-stemme-nordland-hoyre\/#primaryimage\",\"url\":\"https:\/\/hoyre.no\/content\/uploads\/sites\/9\/2023\/06\/GettyImages-1359901796-1024x749.jpg\",\"contentUrl\":\"https:\/\/hoyre.no\/content\/uploads\/sites\/9\/2023\/06\/GettyImages-1359901796-1024x749.jpg\"},{\"@type\":\"BreadcrumbList\",\"@id\":\"https:\/\/hoyre.no\/nordland\/fem-grunner-til-a-stemme-nordland-hoyre\/#breadcrumb\",\"itemListElement\":[{\"@type\":\"ListItem\",\"position\":1,\"name\":\"Til hoyre.no\",\"item\":\"https:\/\/hoyre.no\"},{\"@type\":\"ListItem\",\"position\":2,\"name\":\"Hjem\",\"item\":\"https:\/\/hoyre.no\/nordland\/\"},{\"@type\":\"ListItem\",\"position\":3,\"name\":\"Fem gode grunner til \u00e5 stemme H\u00f8yre i Nordland\"}]},{\"@type\":\"WebSite\",\"@id\":\"https:\/\/hoyre.no\/nordland\/#website\",\"url\":\"https:\/\/hoyre.no\/nordland\/\",\"name\":\"Nordland H\u00f8yre\",\"description\":\"Bare enda et H\u00f8yres nettsteder-nettsted\",\"inLanguage\":\"nb-NO\"}]}<\/script>\n<!-- \/ Yoast SEO plugin. -->","yoast_head_json":{"title":"Fem gode grunner til \u00e5 stemme H\u00f8yre i Nordland - Nordland H\u00f8yre","robots":{"index":"index","follow":"follow","max-snippet":"max-snippet:-1","max-image-preview":"max-image-preview:large","max-video-preview":"max-video-preview:-1"},"canonical":"https:\/\/hoyre.no\/nordland\/fem-grunner-til-a-stemme-nordland-hoyre\/","og_locale":"nb_NO","og_type":"article","og_title":"Fem gode grunner til \u00e5 stemme H\u00f8yre i Nordland - Nordland H\u00f8yre","og_description":"1. Raskere frem og tryggere hjem For \u00e5 kunne bo langs hele Nordland er det viktig at folk og varer kommer trygt og raskt frem. Nordland best\u00e5r av flere ulykkesutsatte veier, H\u00f8yre vil satse p\u00e5 veibygging og prioritere utbygging av spesielt utsatte strekninger p\u00e5 stamveinettet E6 og E10. Samtidig skal vi styrke kollektivtransporten som alternativ [&hellip;]","og_url":"https:\/\/hoyre.no\/nordland\/fem-grunner-til-a-stemme-nordland-hoyre\/","og_site_name":"Nordland H\u00f8yre","article_modified_time":"2023-08-10T12:29:09+00:00","og_image":[{"url":"https:\/\/hoyre.no\/content\/uploads\/sites\/9\/2023\/06\/GettyImages-1192289905-1024x683.jpg","width":"","height":"","type":""}],"twitter_card":"summary_large_image","twitter_misc":{"Ansl. lesetid":"5 minutter"},"schema":{"@context":"https:\/\/schema.org","@graph":[{"@type":"WebPage","@id":"https:\/\/hoyre.no\/nordland\/fem-grunner-til-a-stemme-nordland-hoyre\/","url":"https:\/\/hoyre.no\/nordland\/fem-grunner-til-a-stemme-nordland-hoyre\/","name":"Fem gode grunner til \u00e5 stemme H\u00f8yre i Nordland - Nordland H\u00f8yre","isPartOf":{"@id":"https:\/\/hoyre.no\/nordland\/#website"},"image":{"@id":"https:\/\/hoyre.no\/nordland\/fem-grunner-til-a-stemme-nordland-hoyre\/#primaryimage"},"thumbnailUrl":"https:\/\/hoyre.no\/content\/uploads\/sites\/9\/2023\/06\/GettyImages-1359901796-1024x749.jpg","datePublished":"2023-06-06T14:01:05+00:00","dateModified":"2023-08-10T12:29:09+00:00","breadcrumb":{"@id":"https:\/\/hoyre.no\/nordland\/fem-grunner-til-a-stemme-nordland-hoyre\/#breadcrumb"},"inLanguage":"nb-NO","potentialAction":[{"@type":"ReadAction","target":["https:\/\/hoyre.no\/nordland\/fem-grunner-til-a-stemme-nordland-hoyre\/"]}]},{"@type":"ImageObject","inLanguage":"nb-NO","@id":"https:\/\/hoyre.no\/nordland\/fem-grunner-til-a-stemme-nordland-hoyre\/#primaryimage","url":"https:\/\/hoyre.no\/content\/uploads\/sites\/9\/2023\/06\/GettyImages-1359901796-1024x749.jpg","contentUrl":"https:\/\/hoyre.no\/content\/uploads\/sites\/9\/2023\/06\/GettyImages-1359901796-1024x749.jpg"},{"@type":"BreadcrumbList","@id":"https:\/\/hoyre.no\/nordland\/fem-grunner-til-a-stemme-nordland-hoyre\/#breadcrumb","itemListElement":[{"@type":"ListItem","position":1,"name":"Til hoyre.no","item":"https:\/\/hoyre.no"},{"@type":"ListItem","position":2,"name":"Hjem","item":"https:\/\/hoyre.no\/nordland\/"},{"@type":"ListItem","position":3,"name":"Fem gode grunner til \u00e5 stemme H\u00f8yre i Nordland"}]},{"@type":"WebSite","@id":"https:\/\/hoyre.no\/nordland\/#website","url":"https:\/\/hoyre.no\/nordland\/","name":"Nordland H\u00f8yre","description":"Bare enda et H\u00f8yres nettsteder-nettsted","inLanguage":"nb-NO"}]}},"distributor_meta":false,"distributor_terms":false,"distributor_media":false,"distributor_original_site_name":"Nordland H\u00f8yre","distributor_original_site_url":"https:\/\/hoyre.no\/nordland","push-errors":false,"_links":{"self":[{"href":"https:\/\/hoyre.no\/nordland\/wp-json\/wp\/v2\/pages\/1046","targetHints":{"allow":["GET"]}}],"collection":[{"href":"https:\/\/hoyre.no\/nordland\/wp-json\/wp\/v2\/pages"}],"about":[{"href":"https:\/\/hoyre.no\/nordland\/wp-json\/wp\/v2\/types\/page"}],"author":[{"embeddable":true,"href":"https:\/\/hoyre.no\/nordland\/wp-json\/wp\/v2\/users\/3547"}],"replies":[{"embeddable":true,"href":"https:\/\/hoyre.no\/nordland\/wp-json\/wp\/v2\/comments?post=1046"}],"version-history":[{"count":29,"href":"https:\/\/hoyre.no\/nordland\/wp-json\/wp\/v2\/pages\/1046\/revisions"}],"predecessor-version":[{"id":1144,"href":"https:\/\/hoyre.no\/nordland\/wp-json\/wp\/v2\/pages\/1046\/revisions\/1144"}],"wp:attachment":[{"href":"https:\/\/hoyre.no\/nordland\/wp-json\/wp\/v2\/media?parent=1046"}],"curies":[{"name":"wp","href":"https:\/\/api.w.org\/{rel}","templated":true}]}}