{"id":853,"date":"2023-01-26T11:45:40","date_gmt":"2023-01-26T10:45:40","guid":{"rendered":"https:\/\/hoyre.no\/nordland\/?page_id=853"},"modified":"2023-04-11T10:58:28","modified_gmt":"2023-04-11T08:58:28","slug":"ordforerkandidater-i-nordland-hoyre-2023","status":"publish","type":"page","link":"https:\/\/hoyre.no\/nordland\/ordforerkandidater-i-nordland-hoyre-2023\/","title":{"rendered":"Ordf\u00f8rerkandidater i Nordland H\u00f8yre 2023"},"content":{"rendered":"\n<div class=\"wp-block-hoyre-hero with-image-gradient text-color-light  alignfull has-background\"><div class=\"hoyre-hero \"><h1 class=\"title\">Ordf\u00f8rerkandidater i Nordland H\u00f8yre 2023<\/h1><p class=\"preamble\">Her finner du en liste over nominerte ordf\u00f8rerkandidater som oppdateres ettersom de blir nominert.<\/p><\/div><\/div>\n\n\n\n<div class=\"wp-block-hoyre-card-wrap wp-block-hoyre-card-wrap\"><div class=\"card-wrap-head\"><\/div><div class=\"card-wrap-content\"><div class=\"card-wrap-content-inner\">\n<div class=\"wp-block-hoyre-card-wrap\"><div class=\"card-wrap-head\"><h2><\/h2><\/div><div class=\"card-wrap-content\"><div class=\"card-wrap-content-inner\"><div class=\"teft-cards-grid-dynamic alignwide has-0-posts has-even-count\"><div class=\"teft-cards-grid default-size-4\"><div class=\"teft-query-no-found\">No posts found<\/div><\/div><\/div><\/div><\/div><\/div>\n<\/div><\/div><\/div>\n\n\n<p><\/p>\n\n\n\n<div class=\"wp-block-hoyre-contacts alignwide\"><div class=\"hoyre-contacts__inner\">\n<div class=\"wp-block-hoyre-contact alignwide\"><div class=\"hoyre-contact__inner\"><figure class=\"hoyre-image-wrapper\"><div class=\"hoyre-image\"><img loading=\"lazy\" decoding=\"async\" width=\"1200\" height=\"801\" src=\"https:\/\/hoyre.no\/content\/uploads\/sites\/9\/2023\/04\/Trones.png\" class=\"attachment-scaled size-scaled\" alt=\"\" style=\"object-position: 52% 30%\" srcset=\"https:\/\/hoyre.no\/content\/uploads\/sites\/9\/2023\/04\/Trones.png 1200w, https:\/\/hoyre.no\/content\/uploads\/sites\/9\/2023\/04\/Trones-300x200.png 300w, https:\/\/hoyre.no\/content\/uploads\/sites\/9\/2023\/04\/Trones-1024x684.png 1024w, https:\/\/hoyre.no\/content\/uploads\/sites\/9\/2023\/04\/Trones-768x513.png 768w\" sizes=\"auto, (max-width: 1200px) 100vw, 1200px\" \/><\/div><\/figure><h3 class=\"title\">Christine Trones<\/h3><span class=\"position\">Ordf\u00f8rerkandidat for Hemnes H\u00f8yre<\/span><br \/><br \/><\/div><\/div>\n<\/div><\/div>\n\n\n\n<div class=\"wp-block-hoyre-contacts alignwide\"><div class=\"hoyre-contacts__inner\">\n<div class=\"wp-block-hoyre-contact alignwide\"><div class=\"hoyre-contact__inner\"><figure class=\"hoyre-image-wrapper\"><div class=\"hoyre-image\"><img loading=\"lazy\" decoding=\"async\" width=\"226\" height=\"420\" src=\"https:\/\/hoyre.no\/content\/uploads\/sites\/9\/2023\/02\/Skjermbilde-2023-02-28-kl.-20.23.47.png\" class=\"attachment-scaled size-scaled\" alt=\"\" style=\"object-position: 31% 11%\" srcset=\"https:\/\/hoyre.no\/content\/uploads\/sites\/9\/2023\/02\/Skjermbilde-2023-02-28-kl.-20.23.47.png 226w, https:\/\/hoyre.no\/content\/uploads\/sites\/9\/2023\/02\/Skjermbilde-2023-02-28-kl.-20.23.47-161x300.png 161w\" sizes=\"auto, (max-width: 226px) 100vw, 226px\" \/><\/div><\/figure><h3 class=\"title\">Elisabeth S\u00f8rdahl<\/h3><span class=\"position\">Ordf\u00f8rerkandidat for \u00d8ksnes H\u00f8yre<\/span><br \/><br \/><\/div><\/div>\n\n\n\n<div class=\"wp-block-hoyre-contact alignwide\"><div class=\"hoyre-contact__inner\"><figure class=\"hoyre-image-wrapper\"><div class=\"hoyre-image\"><img loading=\"lazy\" decoding=\"async\" width=\"900\" height=\"1200\" src=\"https:\/\/hoyre.no\/content\/uploads\/sites\/9\/2023\/02\/standard_KBF_full.jpg\" class=\"attachment-scaled size-scaled\" alt=\"\" style=\"object-position: 53% 15%\" srcset=\"https:\/\/hoyre.no\/content\/uploads\/sites\/9\/2023\/02\/standard_KBF_full.jpg 900w, https:\/\/hoyre.no\/content\/uploads\/sites\/9\/2023\/02\/standard_KBF_full-225x300.jpg 225w, https:\/\/hoyre.no\/content\/uploads\/sites\/9\/2023\/02\/standard_KBF_full-768x1024.jpg 768w\" sizes=\"auto, (max-width: 900px) 100vw, 900px\" \/><\/div><\/figure><h3 class=\"title\">Kjell-B\u00f8rge Freiberg<\/h3><span class=\"position\">Ordf\u00f8rerkandidat for Hadsel H\u00f8yre<\/span><br \/><br \/><\/div><\/div>\n\n\n\n<div class=\"wp-block-hoyre-contact alignwide\"><div class=\"hoyre-contact__inner\"><figure class=\"hoyre-image-wrapper\"><div class=\"hoyre-image\"><img loading=\"lazy\" decoding=\"async\" width=\"1038\" height=\"1320\" src=\"https:\/\/hoyre.no\/content\/uploads\/sites\/9\/2023\/02\/Skjermbilde-2023-02-24-kl.-16.25.38.png\" class=\"attachment-scaled size-scaled\" alt=\"\" style=\"object-position: 52% 56.99999999999999%\" srcset=\"https:\/\/hoyre.no\/content\/uploads\/sites\/9\/2023\/02\/Skjermbilde-2023-02-24-kl.-16.25.38.png 1038w, https:\/\/hoyre.no\/content\/uploads\/sites\/9\/2023\/02\/Skjermbilde-2023-02-24-kl.-16.25.38-236x300.png 236w, https:\/\/hoyre.no\/content\/uploads\/sites\/9\/2023\/02\/Skjermbilde-2023-02-24-kl.-16.25.38-805x1024.png 805w, https:\/\/hoyre.no\/content\/uploads\/sites\/9\/2023\/02\/Skjermbilde-2023-02-24-kl.-16.25.38-768x977.png 768w\" sizes=\"auto, (max-width: 1038px) 100vw, 1038px\" \/><\/div><\/figure><h3 class=\"title\">H\u00e5kon Lund<\/h3><span class=\"position\">Ordf\u00f8rerkandidat for Lur\u00f8y H\u00f8yre<\/span><br \/><br \/><\/div><\/div>\n\n\n\n<div class=\"wp-block-hoyre-contact alignwide\"><div class=\"hoyre-contact__inner\"><figure class=\"hoyre-image-wrapper\"><div class=\"hoyre-image\"><img loading=\"lazy\" decoding=\"async\" width=\"1920\" height=\"1280\" src=\"https:\/\/hoyre.no\/content\/uploads\/sites\/9\/2023\/02\/Rune-Moe_Hoyre-1-Edit.jpg\" class=\"attachment-scaled size-scaled\" alt=\"\" style=\"object-position: 49% 39%\" srcset=\"https:\/\/hoyre.no\/content\/uploads\/sites\/9\/2023\/02\/Rune-Moe_Hoyre-1-Edit.jpg 1920w, https:\/\/hoyre.no\/content\/uploads\/sites\/9\/2023\/02\/Rune-Moe_Hoyre-1-Edit-300x200.jpg 300w, https:\/\/hoyre.no\/content\/uploads\/sites\/9\/2023\/02\/Rune-Moe_Hoyre-1-Edit-1024x683.jpg 1024w, https:\/\/hoyre.no\/content\/uploads\/sites\/9\/2023\/02\/Rune-Moe_Hoyre-1-Edit-768x512.jpg 768w, https:\/\/hoyre.no\/content\/uploads\/sites\/9\/2023\/02\/Rune-Moe_Hoyre-1-Edit-1536x1024.jpg 1536w\" sizes=\"auto, (max-width: 1920px) 100vw, 1920px\" \/><\/div><\/figure><h3 class=\"title\">Rune Andre Moe<\/h3><span class=\"position\">Ordf\u00f8rerkandidat for Br\u00f8nn\u00f8y H\u00f8yre<\/span><br \/><br \/><\/div><\/div>\n\n\n\n<div class=\"wp-block-hoyre-contact alignwide\"><div class=\"hoyre-contact__inner\"><figure class=\"hoyre-image-wrapper\"><div class=\"hoyre-image\"><img loading=\"lazy\" decoding=\"async\" width=\"2006\" height=\"1330\" src=\"https:\/\/hoyre.no\/content\/uploads\/sites\/9\/2023\/02\/Skjermbilde-2023-02-16-kl.-09.52.00.png\" class=\"attachment-scaled size-scaled\" alt=\"\" style=\"object-position: 49% 39%\" srcset=\"https:\/\/hoyre.no\/content\/uploads\/sites\/9\/2023\/02\/Skjermbilde-2023-02-16-kl.-09.52.00.png 2006w, https:\/\/hoyre.no\/content\/uploads\/sites\/9\/2023\/02\/Skjermbilde-2023-02-16-kl.-09.52.00-300x199.png 300w, https:\/\/hoyre.no\/content\/uploads\/sites\/9\/2023\/02\/Skjermbilde-2023-02-16-kl.-09.52.00-1024x679.png 1024w, https:\/\/hoyre.no\/content\/uploads\/sites\/9\/2023\/02\/Skjermbilde-2023-02-16-kl.-09.52.00-768x509.png 768w, https:\/\/hoyre.no\/content\/uploads\/sites\/9\/2023\/02\/Skjermbilde-2023-02-16-kl.-09.52.00-1536x1018.png 1536w\" sizes=\"auto, (max-width: 2006px) 100vw, 2006px\" \/><\/div><\/figure><h3 class=\"title\">Lars Filip Paulsen<\/h3><span class=\"position\">Ordf\u00f8rerkandidat for Hamar\u00f8y H\u00f8yre<\/span><br \/><br \/><\/div><\/div>\n\n\n\n<div class=\"wp-block-hoyre-contact alignwide\"><div class=\"hoyre-contact__inner\"><figure class=\"hoyre-image-wrapper\"><div class=\"hoyre-image\"><img loading=\"lazy\" decoding=\"async\" width=\"1365\" height=\"2048\" src=\"https:\/\/hoyre.no\/content\/uploads\/sites\/9\/2023\/02\/truls-aanstad.jpg\" class=\"attachment-scaled size-scaled\" alt=\"\" style=\"object-position: 49% 39%\" srcset=\"https:\/\/hoyre.no\/content\/uploads\/sites\/9\/2023\/02\/truls-aanstad.jpg 1365w, https:\/\/hoyre.no\/content\/uploads\/sites\/9\/2023\/02\/truls-aanstad-200x300.jpg 200w, https:\/\/hoyre.no\/content\/uploads\/sites\/9\/2023\/02\/truls-aanstad-683x1024.jpg 683w, https:\/\/hoyre.no\/content\/uploads\/sites\/9\/2023\/02\/truls-aanstad-768x1152.jpg 768w, https:\/\/hoyre.no\/content\/uploads\/sites\/9\/2023\/02\/truls-aanstad-1024x1536.jpg 1024w\" sizes=\"auto, (max-width: 1365px) 100vw, 1365px\" \/><\/div><\/figure><h3 class=\"title\">Truls Aanstad<\/h3><span class=\"position\">Ordf\u00f8rerkandidat for Fauske H\u00f8yre<\/span><br \/><br \/><\/div><\/div>\n\n\n\n<div class=\"wp-block-hoyre-contact alignwide\"><div class=\"hoyre-contact__inner\"><figure class=\"hoyre-image-wrapper\"><div class=\"hoyre-image\"><img loading=\"lazy\" decoding=\"async\" width=\"1838\" height=\"1250\" src=\"https:\/\/hoyre.no\/content\/uploads\/sites\/9\/2023\/02\/Skjermbilde-2023-02-09-kl.-13.10.49.png\" class=\"attachment-scaled size-scaled\" alt=\"\" style=\"object-position: 54% 31%\" srcset=\"https:\/\/hoyre.no\/content\/uploads\/sites\/9\/2023\/02\/Skjermbilde-2023-02-09-kl.-13.10.49.png 1838w, https:\/\/hoyre.no\/content\/uploads\/sites\/9\/2023\/02\/Skjermbilde-2023-02-09-kl.-13.10.49-300x204.png 300w, https:\/\/hoyre.no\/content\/uploads\/sites\/9\/2023\/02\/Skjermbilde-2023-02-09-kl.-13.10.49-1024x696.png 1024w, https:\/\/hoyre.no\/content\/uploads\/sites\/9\/2023\/02\/Skjermbilde-2023-02-09-kl.-13.10.49-768x522.png 768w, https:\/\/hoyre.no\/content\/uploads\/sites\/9\/2023\/02\/Skjermbilde-2023-02-09-kl.-13.10.49-1536x1045.png 1536w\" sizes=\"auto, (max-width: 1838px) 100vw, 1838px\" \/><\/div><\/figure><h3 class=\"title\">Ole Andr\u00e9 B\u00f8hlerengen<\/h3><span class=\"position\">Ordf\u00f8rerkandidat for Saltdal H\u00f8yre<\/span><br \/><br \/><\/div><\/div>\n\n\n\n<div class=\"wp-block-hoyre-contact alignwide\"><div class=\"hoyre-contact__inner\"><figure class=\"hoyre-image-wrapper\"><div class=\"hoyre-image\"><img loading=\"lazy\" decoding=\"async\" width=\"2500\" height=\"1667\" src=\"https:\/\/hoyre.no\/content\/uploads\/sites\/9\/2023\/01\/Matz-Abrahamsen-2-Edit-2-scaled.jpg\" class=\"attachment-scaled size-scaled\" alt=\"Matz Abrahamsen\" style=\"object-position: 54% 36%\" srcset=\"https:\/\/hoyre.no\/content\/uploads\/sites\/9\/2023\/01\/Matz-Abrahamsen-2-Edit-2-scaled.jpg 2500w, https:\/\/hoyre.no\/content\/uploads\/sites\/9\/2023\/01\/Matz-Abrahamsen-2-Edit-2-300x200.jpg 300w, https:\/\/hoyre.no\/content\/uploads\/sites\/9\/2023\/01\/Matz-Abrahamsen-2-Edit-2-1024x683.jpg 1024w, https:\/\/hoyre.no\/content\/uploads\/sites\/9\/2023\/01\/Matz-Abrahamsen-2-Edit-2-768x512.jpg 768w, https:\/\/hoyre.no\/content\/uploads\/sites\/9\/2023\/01\/Matz-Abrahamsen-2-Edit-2-1536x1024.jpg 1536w, https:\/\/hoyre.no\/content\/uploads\/sites\/9\/2023\/01\/Matz-Abrahamsen-2-Edit-2-2048x1365.jpg 2048w\" sizes=\"auto, (max-width: 2500px) 100vw, 2500px\" \/><\/div><\/figure><h3 class=\"title\">Matz Abrahamsen<\/h3><span class=\"position\">Ordf\u00f8rerkandidat for And\u00f8y H\u00f8yre<\/span><br \/><br \/><\/div><\/div>\n\n\n\n<div class=\"wp-block-hoyre-contact alignwide\"><div class=\"hoyre-contact__inner\"><figure class=\"hoyre-image-wrapper\"><div class=\"hoyre-image\"><img loading=\"lazy\" decoding=\"async\" width=\"2500\" height=\"1667\" src=\"https:\/\/hoyre.no\/content\/uploads\/sites\/9\/2023\/01\/Odd-Emil-Ingebrigtsen-foto-Hans-Kristian-Thorbjornsen-1595-scaled-1.jpg\" class=\"attachment-scaled size-scaled\" alt=\"Odd Emil Ingebrigtsen\" style=\"object-position: 54% 36%\" srcset=\"https:\/\/hoyre.no\/content\/uploads\/sites\/9\/2023\/01\/Odd-Emil-Ingebrigtsen-foto-Hans-Kristian-Thorbjornsen-1595-scaled-1.jpg 2500w, https:\/\/hoyre.no\/content\/uploads\/sites\/9\/2023\/01\/Odd-Emil-Ingebrigtsen-foto-Hans-Kristian-Thorbjornsen-1595-scaled-1-300x200.jpg 300w, https:\/\/hoyre.no\/content\/uploads\/sites\/9\/2023\/01\/Odd-Emil-Ingebrigtsen-foto-Hans-Kristian-Thorbjornsen-1595-scaled-1-1024x683.jpg 1024w, https:\/\/hoyre.no\/content\/uploads\/sites\/9\/2023\/01\/Odd-Emil-Ingebrigtsen-foto-Hans-Kristian-Thorbjornsen-1595-scaled-1-768x512.jpg 768w, https:\/\/hoyre.no\/content\/uploads\/sites\/9\/2023\/01\/Odd-Emil-Ingebrigtsen-foto-Hans-Kristian-Thorbjornsen-1595-scaled-1-1536x1024.jpg 1536w, https:\/\/hoyre.no\/content\/uploads\/sites\/9\/2023\/01\/Odd-Emil-Ingebrigtsen-foto-Hans-Kristian-Thorbjornsen-1595-scaled-1-2048x1366.jpg 2048w\" sizes=\"auto, (max-width: 2500px) 100vw, 2500px\" \/><\/div><\/figure><h3 class=\"title\">Odd Emil Ingebrigtsen<\/h3><span class=\"position\">Ordf\u00f8rerkandidat for Bod\u00f8 H\u00f8yre<\/span><br \/><br \/><\/div><\/div>\n\n\n\n<div class=\"wp-block-hoyre-contact alignwide\"><div class=\"hoyre-contact__inner\"><figure class=\"hoyre-image-wrapper\"><div class=\"hoyre-image\"><img loading=\"lazy\" decoding=\"async\" width=\"680\" height=\"375\" src=\"https:\/\/hoyre.no\/content\/uploads\/sites\/9\/2023\/01\/resize.jpeg\" class=\"attachment-scaled size-scaled\" alt=\"\" style=\"object-position: 54% 36%\" srcset=\"https:\/\/hoyre.no\/content\/uploads\/sites\/9\/2023\/01\/resize.jpeg 680w, https:\/\/hoyre.no\/content\/uploads\/sites\/9\/2023\/01\/resize-300x165.jpeg 300w\" sizes=\"auto, (max-width: 680px) 100vw, 680px\" \/><\/div><\/figure><h3 class=\"title\">Jardar Jensen<\/h3><span class=\"position\">Ordf\u00f8rerkandidat for Evenes H\u00f8yre<\/span><br \/><br \/><\/div><\/div>\n\n\n\n<div class=\"wp-block-hoyre-contact alignwide\"><div class=\"hoyre-contact__inner\"><figure class=\"hoyre-image-wrapper\"><div class=\"hoyre-image\"><img loading=\"lazy\" decoding=\"async\" width=\"2500\" height=\"1667\" src=\"https:\/\/hoyre.no\/content\/uploads\/sites\/9\/2023\/01\/Bjorn-Magne-Pedersen_Hoyre-1-Edit-2-scaled.jpg\" class=\"attachment-scaled size-scaled\" alt=\"Bj\u00f8rn Magne Pedersen\" style=\"object-position: 54% 36%\" srcset=\"https:\/\/hoyre.no\/content\/uploads\/sites\/9\/2023\/01\/Bjorn-Magne-Pedersen_Hoyre-1-Edit-2-scaled.jpg 2500w, https:\/\/hoyre.no\/content\/uploads\/sites\/9\/2023\/01\/Bjorn-Magne-Pedersen_Hoyre-1-Edit-2-300x200.jpg 300w, https:\/\/hoyre.no\/content\/uploads\/sites\/9\/2023\/01\/Bjorn-Magne-Pedersen_Hoyre-1-Edit-2-1024x683.jpg 1024w, https:\/\/hoyre.no\/content\/uploads\/sites\/9\/2023\/01\/Bjorn-Magne-Pedersen_Hoyre-1-Edit-2-768x512.jpg 768w, https:\/\/hoyre.no\/content\/uploads\/sites\/9\/2023\/01\/Bjorn-Magne-Pedersen_Hoyre-1-Edit-2-1536x1024.jpg 1536w, https:\/\/hoyre.no\/content\/uploads\/sites\/9\/2023\/01\/Bjorn-Magne-Pedersen_Hoyre-1-Edit-2-2048x1365.jpg 2048w\" sizes=\"auto, (max-width: 2500px) 100vw, 2500px\" \/><\/div><\/figure><h3 class=\"title\">Bj\u00f8rn Magne Pedersen<\/h3><span class=\"position\">Ordf\u00f8rerkandidat for Gildesk\u00e5l H\u00f8yre<\/span><br \/><br \/><\/div><\/div>\n\n\n\n<div class=\"wp-block-hoyre-contact alignwide\"><div class=\"hoyre-contact__inner\"><figure class=\"hoyre-image-wrapper\"><div class=\"hoyre-image\"><img loading=\"lazy\" decoding=\"async\" width=\"1920\" height=\"1280\" src=\"https:\/\/hoyre.no\/content\/uploads\/sites\/9\/2023\/01\/Lars-Erik-Lillefloth-2-Edit.jpg\" class=\"attachment-scaled size-scaled\" alt=\"Lars Erik Lillefloth\" style=\"object-position: 54% 36%\" srcset=\"https:\/\/hoyre.no\/content\/uploads\/sites\/9\/2023\/01\/Lars-Erik-Lillefloth-2-Edit.jpg 1920w, https:\/\/hoyre.no\/content\/uploads\/sites\/9\/2023\/01\/Lars-Erik-Lillefloth-2-Edit-300x200.jpg 300w, https:\/\/hoyre.no\/content\/uploads\/sites\/9\/2023\/01\/Lars-Erik-Lillefloth-2-Edit-1024x683.jpg 1024w, https:\/\/hoyre.no\/content\/uploads\/sites\/9\/2023\/01\/Lars-Erik-Lillefloth-2-Edit-768x512.jpg 768w, https:\/\/hoyre.no\/content\/uploads\/sites\/9\/2023\/01\/Lars-Erik-Lillefloth-2-Edit-1536x1024.jpg 1536w\" sizes=\"auto, (max-width: 1920px) 100vw, 1920px\" \/><\/div><\/figure><h3 class=\"title\">Lars Erik Lillefloth<\/h3><span class=\"position\">Ordf\u00f8rerkandidat for Narvik H\u00f8yre<\/span><br \/><br \/><\/div><\/div>\n\n\n\n<div class=\"wp-block-hoyre-contact alignwide\"><div class=\"hoyre-contact__inner\"><figure class=\"hoyre-image-wrapper\"><div class=\"hoyre-image\"><img loading=\"lazy\" decoding=\"async\" width=\"1920\" height=\"1280\" src=\"https:\/\/hoyre.no\/content\/uploads\/sites\/9\/2023\/01\/Anita-Solie_hoyre-1-Edit-2.jpg\" class=\"attachment-scaled size-scaled\" alt=\"Anita Sollie\" style=\"object-position: 54% 36%\" srcset=\"https:\/\/hoyre.no\/content\/uploads\/sites\/9\/2023\/01\/Anita-Solie_hoyre-1-Edit-2.jpg 1920w, https:\/\/hoyre.no\/content\/uploads\/sites\/9\/2023\/01\/Anita-Solie_hoyre-1-Edit-2-300x200.jpg 300w, https:\/\/hoyre.no\/content\/uploads\/sites\/9\/2023\/01\/Anita-Solie_hoyre-1-Edit-2-1024x683.jpg 1024w, https:\/\/hoyre.no\/content\/uploads\/sites\/9\/2023\/01\/Anita-Solie_hoyre-1-Edit-2-768x512.jpg 768w, https:\/\/hoyre.no\/content\/uploads\/sites\/9\/2023\/01\/Anita-Solie_hoyre-1-Edit-2-1536x1024.jpg 1536w\" sizes=\"auto, (max-width: 1920px) 100vw, 1920px\" \/><\/div><\/figure><h3 class=\"title\">Anita Sollie<\/h3><span class=\"position\">Ordf\u00f8rerkandidat for Rana H\u00f8yre<\/span><br \/><br \/><\/div><\/div>\n\n\n\n<div class=\"wp-block-hoyre-contact alignwide\"><div class=\"hoyre-contact__inner\"><figure class=\"hoyre-image-wrapper\"><div class=\"hoyre-image\"><img loading=\"lazy\" decoding=\"async\" width=\"1920\" height=\"1280\" src=\"https:\/\/hoyre.no\/content\/uploads\/sites\/9\/2023\/01\/Grete-Ellingsen_Hoyre-2-Edit-2.jpg\" class=\"attachment-scaled size-scaled\" alt=\"Grete Ellingsen\" style=\"object-position: 54% 36%\" srcset=\"https:\/\/hoyre.no\/content\/uploads\/sites\/9\/2023\/01\/Grete-Ellingsen_Hoyre-2-Edit-2.jpg 1920w, https:\/\/hoyre.no\/content\/uploads\/sites\/9\/2023\/01\/Grete-Ellingsen_Hoyre-2-Edit-2-300x200.jpg 300w, https:\/\/hoyre.no\/content\/uploads\/sites\/9\/2023\/01\/Grete-Ellingsen_Hoyre-2-Edit-2-1024x683.jpg 1024w, https:\/\/hoyre.no\/content\/uploads\/sites\/9\/2023\/01\/Grete-Ellingsen_Hoyre-2-Edit-2-768x512.jpg 768w, https:\/\/hoyre.no\/content\/uploads\/sites\/9\/2023\/01\/Grete-Ellingsen_Hoyre-2-Edit-2-1536x1024.jpg 1536w\" sizes=\"auto, (max-width: 1920px) 100vw, 1920px\" \/><\/div><\/figure><h3 class=\"title\">Grete Ellingsen<\/h3><span class=\"position\">Ordf\u00f8rerkandidat for Sortland H\u00f8yre<\/span><br \/><br \/><\/div><\/div>\n\n\n\n<div class=\"wp-block-hoyre-contact alignwide\"><div class=\"hoyre-contact__inner\"><figure class=\"hoyre-image-wrapper\"><div class=\"hoyre-image\"><img loading=\"lazy\" decoding=\"async\" width=\"1920\" height=\"1280\" src=\"https:\/\/hoyre.no\/content\/uploads\/sites\/9\/2023\/01\/Odd-Langvatn_Hoyre-Edit.jpg\" class=\"attachment-scaled size-scaled\" alt=\"Odd Langvatn\" style=\"object-position: 54% 36%\" srcset=\"https:\/\/hoyre.no\/content\/uploads\/sites\/9\/2023\/01\/Odd-Langvatn_Hoyre-Edit.jpg 1920w, https:\/\/hoyre.no\/content\/uploads\/sites\/9\/2023\/01\/Odd-Langvatn_Hoyre-Edit-300x200.jpg 300w, https:\/\/hoyre.no\/content\/uploads\/sites\/9\/2023\/01\/Odd-Langvatn_Hoyre-Edit-1024x683.jpg 1024w, https:\/\/hoyre.no\/content\/uploads\/sites\/9\/2023\/01\/Odd-Langvatn_Hoyre-Edit-768x512.jpg 768w, https:\/\/hoyre.no\/content\/uploads\/sites\/9\/2023\/01\/Odd-Langvatn_Hoyre-Edit-1536x1024.jpg 1536w\" sizes=\"auto, (max-width: 1920px) 100vw, 1920px\" \/><\/div><\/figure><h3 class=\"title\">Odd Langvatn<\/h3><span class=\"position\">Ordf\u00f8rerkandidat for Vefsn H\u00f8yre<\/span><br \/><br \/><\/div><\/div>\n\n\n\n<div class=\"wp-block-hoyre-contact alignwide\"><div class=\"hoyre-contact__inner\"><figure class=\"hoyre-image-wrapper\"><div class=\"hoyre-image\"><img loading=\"lazy\" decoding=\"async\" width=\"1920\" height=\"1280\" src=\"https:\/\/hoyre.no\/content\/uploads\/sites\/9\/2023\/01\/Jonny-Finstad_Hoyre-Edit-2.jpg\" class=\"attachment-scaled size-scaled\" alt=\"Jonny Finstad\" style=\"object-position: 54% 36%\" srcset=\"https:\/\/hoyre.no\/content\/uploads\/sites\/9\/2023\/01\/Jonny-Finstad_Hoyre-Edit-2.jpg 1920w, https:\/\/hoyre.no\/content\/uploads\/sites\/9\/2023\/01\/Jonny-Finstad_Hoyre-Edit-2-300x200.jpg 300w, https:\/\/hoyre.no\/content\/uploads\/sites\/9\/2023\/01\/Jonny-Finstad_Hoyre-Edit-2-1024x683.jpg 1024w, https:\/\/hoyre.no\/content\/uploads\/sites\/9\/2023\/01\/Jonny-Finstad_Hoyre-Edit-2-768x512.jpg 768w, https:\/\/hoyre.no\/content\/uploads\/sites\/9\/2023\/01\/Jonny-Finstad_Hoyre-Edit-2-1536x1024.jpg 1536w\" sizes=\"auto, (max-width: 1920px) 100vw, 1920px\" \/><\/div><\/figure><h3 class=\"title\">Jonny Finstad<\/h3><span class=\"position\">Ordf\u00f8rerkandidat for Vestv\u00e5g\u00f8y H\u00f8yre<\/span><br \/><br \/><\/div><\/div>\n\n\n\n<div class=\"wp-block-hoyre-contact alignwide\"><div class=\"hoyre-contact__inner\"><figure class=\"hoyre-image-wrapper\"><div class=\"hoyre-image\"><img loading=\"lazy\" decoding=\"async\" width=\"1072\" height=\"991\" src=\"https:\/\/hoyre.no\/content\/uploads\/sites\/9\/2023\/02\/Vidar-Thom-Benjaminsen.jpg\" class=\"attachment-scaled size-scaled\" alt=\"Vidar Thom Benjaminsen\" style=\"object-position: 54% 36%\" srcset=\"https:\/\/hoyre.no\/content\/uploads\/sites\/9\/2023\/02\/Vidar-Thom-Benjaminsen.jpg 1072w, https:\/\/hoyre.no\/content\/uploads\/sites\/9\/2023\/02\/Vidar-Thom-Benjaminsen-300x277.jpg 300w, https:\/\/hoyre.no\/content\/uploads\/sites\/9\/2023\/02\/Vidar-Thom-Benjaminsen-1024x947.jpg 1024w, https:\/\/hoyre.no\/content\/uploads\/sites\/9\/2023\/02\/Vidar-Thom-Benjaminsen-768x710.jpg 768w\" sizes=\"auto, (max-width: 1072px) 100vw, 1072px\" \/><\/div><\/figure><h3 class=\"title\">Vidar Thom Benjaminsen<\/h3><span class=\"position\">Ordf\u00f8rerkandidat for V\u00e5gan H\u00f8yre<\/span><br \/><br \/><\/div><\/div>\n\n\n\n<div class=\"wp-block-hoyre-contact alignwide\"><div class=\"hoyre-contact__inner\"><figure class=\"hoyre-image-wrapper\"><div class=\"hoyre-image\"><img loading=\"lazy\" decoding=\"async\" width=\"1920\" height=\"1280\" src=\"https:\/\/hoyre.no\/content\/uploads\/sites\/9\/2023\/02\/Pal-Einar-Olsen.jpg\" class=\"attachment-scaled size-scaled\" alt=\"P\u00e5l Einar Olsen\" style=\"object-position: 68% 43%\" srcset=\"https:\/\/hoyre.no\/content\/uploads\/sites\/9\/2023\/02\/Pal-Einar-Olsen.jpg 1920w, https:\/\/hoyre.no\/content\/uploads\/sites\/9\/2023\/02\/Pal-Einar-Olsen-300x200.jpg 300w, https:\/\/hoyre.no\/content\/uploads\/sites\/9\/2023\/02\/Pal-Einar-Olsen-1024x683.jpg 1024w, https:\/\/hoyre.no\/content\/uploads\/sites\/9\/2023\/02\/Pal-Einar-Olsen-768x512.jpg 768w, https:\/\/hoyre.no\/content\/uploads\/sites\/9\/2023\/02\/Pal-Einar-Olsen-1536x1024.jpg 1536w\" sizes=\"auto, (max-width: 1920px) 100vw, 1920px\" \/><\/div><\/figure><h3 class=\"title\">P\u00e5l Einar Olsen<\/h3><span class=\"position\">Ordf\u00f8rerkandidat for Mel\u00f8y H\u00f8yre<\/span><br \/><br \/><\/div><\/div>\n<\/div><\/div>\n\n\n\n\n<div class=\"wp-block-hoyre-contacts alignwide\"><div class=\"hoyre-contacts__inner\">\n<div class=\"wp-block-hoyre-contact alignwide\"><div class=\"hoyre-contact__inner\"><br \/><br \/><\/div><\/div>\n<\/div><\/div>\n\n\n\n<div class=\"wp-block-hoyre-contacts alignwide\"><div class=\"hoyre-contacts__inner\">\n<div class=\"wp-block-hoyre-contact alignwide\"><div class=\"hoyre-contact__inner\"><br \/><br \/><\/div><\/div>\n<\/div><\/div>\n","protected":false},"excerpt":{"rendered":"","protected":false},"author":3547,"featured_media":0,"parent":0,"menu_order":0,"comment_status":"closed","ping_status":"closed","template":"","meta":{"teft_cards_image_url":"","teft_cards_custom_pretitle":"","teft_cards_image_id":868,"teft_cards_image_focal_point_x":0.5,"teft_cards_image_focal_point_y":0.5,"teft_cards_title":"","teft_cards_excerpt":"","teft_show_chapters":false,"footnotes":""},"class_list":["post-853","page","type-page","status-publish","hentry"],"yoast_head":"<!-- This site is optimized with the Yoast SEO plugin v26.6 - https:\/\/yoast.com\/wordpress\/plugins\/seo\/ -->\n<title>Ordf\u00f8rerkandidater i Nordland H\u00f8yre 2023 - Nordland H\u00f8yre<\/title>\n<meta name=\"robots\" content=\"index, follow, max-snippet:-1, max-image-preview:large, max-video-preview:-1\" \/>\n<link rel=\"canonical\" href=\"https:\/\/hoyre.no\/nordland\/ordforerkandidater-i-nordland-hoyre-2023\/\" \/>\n<meta property=\"og:locale\" content=\"nb_NO\" \/>\n<meta property=\"og:type\" content=\"article\" \/>\n<meta property=\"og:title\" content=\"Ordf\u00f8rerkandidater i Nordland H\u00f8yre 2023 - Nordland H\u00f8yre\" \/>\n<meta property=\"og:url\" content=\"https:\/\/hoyre.no\/nordland\/ordforerkandidater-i-nordland-hoyre-2023\/\" \/>\n<meta property=\"og:site_name\" content=\"Nordland H\u00f8yre\" \/>\n<meta property=\"article:modified_time\" content=\"2023-04-11T08:58:28+00:00\" \/>\n<meta property=\"og:image\" content=\"https:\/\/hoyre.no\/content\/uploads\/sites\/9\/2023\/01\/Copy-of-Narvik-Hoyre-1024x577.png\" \/>\n<meta name=\"twitter:card\" content=\"summary_large_image\" \/>\n<meta name=\"twitter:label1\" content=\"Ansl. lesetid\" \/>\n\t<meta name=\"twitter:data1\" content=\"2 minutter\" \/>\n<script type=\"application\/ld+json\" class=\"yoast-schema-graph\">{\"@context\":\"https:\/\/schema.org\",\"@graph\":[{\"@type\":\"WebPage\",\"@id\":\"https:\/\/hoyre.no\/nordland\/ordforerkandidater-i-nordland-hoyre-2023\/\",\"url\":\"https:\/\/hoyre.no\/nordland\/ordforerkandidater-i-nordland-hoyre-2023\/\",\"name\":\"Ordf\u00f8rerkandidater i Nordland H\u00f8yre 2023 - Nordland H\u00f8yre\",\"isPartOf\":{\"@id\":\"https:\/\/hoyre.no\/nordland\/#website\"},\"datePublished\":\"2023-01-26T10:45:40+00:00\",\"dateModified\":\"2023-04-11T08:58:28+00:00\",\"breadcrumb\":{\"@id\":\"https:\/\/hoyre.no\/nordland\/ordforerkandidater-i-nordland-hoyre-2023\/#breadcrumb\"},\"inLanguage\":\"nb-NO\",\"potentialAction\":[{\"@type\":\"ReadAction\",\"target\":[\"https:\/\/hoyre.no\/nordland\/ordforerkandidater-i-nordland-hoyre-2023\/\"]}]},{\"@type\":\"BreadcrumbList\",\"@id\":\"https:\/\/hoyre.no\/nordland\/ordforerkandidater-i-nordland-hoyre-2023\/#breadcrumb\",\"itemListElement\":[{\"@type\":\"ListItem\",\"position\":1,\"name\":\"Til hoyre.no\",\"item\":\"https:\/\/hoyre.no\"},{\"@type\":\"ListItem\",\"position\":2,\"name\":\"Hjem\",\"item\":\"https:\/\/hoyre.no\/nordland\/\"},{\"@type\":\"ListItem\",\"position\":3,\"name\":\"Ordf\u00f8rerkandidater i Nordland H\u00f8yre 2023\"}]},{\"@type\":\"WebSite\",\"@id\":\"https:\/\/hoyre.no\/nordland\/#website\",\"url\":\"https:\/\/hoyre.no\/nordland\/\",\"name\":\"Nordland H\u00f8yre\",\"description\":\"Bare enda et H\u00f8yres nettsteder-nettsted\",\"inLanguage\":\"nb-NO\"}]}<\/script>\n<!-- \/ Yoast SEO plugin. -->","yoast_head_json":{"title":"Ordf\u00f8rerkandidater i Nordland H\u00f8yre 2023 - Nordland H\u00f8yre","robots":{"index":"index","follow":"follow","max-snippet":"max-snippet:-1","max-image-preview":"max-image-preview:large","max-video-preview":"max-video-preview:-1"},"canonical":"https:\/\/hoyre.no\/nordland\/ordforerkandidater-i-nordland-hoyre-2023\/","og_locale":"nb_NO","og_type":"article","og_title":"Ordf\u00f8rerkandidater i Nordland H\u00f8yre 2023 - Nordland H\u00f8yre","og_url":"https:\/\/hoyre.no\/nordland\/ordforerkandidater-i-nordland-hoyre-2023\/","og_site_name":"Nordland H\u00f8yre","article_modified_time":"2023-04-11T08:58:28+00:00","og_image":[{"url":"https:\/\/hoyre.no\/content\/uploads\/sites\/9\/2023\/01\/Copy-of-Narvik-Hoyre-1024x577.png","width":"","height":"","type":""}],"twitter_card":"summary_large_image","twitter_misc":{"Ansl. lesetid":"2 minutter"},"schema":{"@context":"https:\/\/schema.org","@graph":[{"@type":"WebPage","@id":"https:\/\/hoyre.no\/nordland\/ordforerkandidater-i-nordland-hoyre-2023\/","url":"https:\/\/hoyre.no\/nordland\/ordforerkandidater-i-nordland-hoyre-2023\/","name":"Ordf\u00f8rerkandidater i Nordland H\u00f8yre 2023 - Nordland H\u00f8yre","isPartOf":{"@id":"https:\/\/hoyre.no\/nordland\/#website"},"datePublished":"2023-01-26T10:45:40+00:00","dateModified":"2023-04-11T08:58:28+00:00","breadcrumb":{"@id":"https:\/\/hoyre.no\/nordland\/ordforerkandidater-i-nordland-hoyre-2023\/#breadcrumb"},"inLanguage":"nb-NO","potentialAction":[{"@type":"ReadAction","target":["https:\/\/hoyre.no\/nordland\/ordforerkandidater-i-nordland-hoyre-2023\/"]}]},{"@type":"BreadcrumbList","@id":"https:\/\/hoyre.no\/nordland\/ordforerkandidater-i-nordland-hoyre-2023\/#breadcrumb","itemListElement":[{"@type":"ListItem","position":1,"name":"Til hoyre.no","item":"https:\/\/hoyre.no"},{"@type":"ListItem","position":2,"name":"Hjem","item":"https:\/\/hoyre.no\/nordland\/"},{"@type":"ListItem","position":3,"name":"Ordf\u00f8rerkandidater i Nordland H\u00f8yre 2023"}]},{"@type":"WebSite","@id":"https:\/\/hoyre.no\/nordland\/#website","url":"https:\/\/hoyre.no\/nordland\/","name":"Nordland H\u00f8yre","description":"Bare enda et H\u00f8yres nettsteder-nettsted","inLanguage":"nb-NO"}]}},"distributor_meta":false,"distributor_terms":false,"distributor_media":false,"distributor_original_site_name":"Nordland H\u00f8yre","distributor_original_site_url":"https:\/\/hoyre.no\/nordland","push-errors":false,"_links":{"self":[{"href":"https:\/\/hoyre.no\/nordland\/wp-json\/wp\/v2\/pages\/853","targetHints":{"allow":["GET"]}}],"collection":[{"href":"https:\/\/hoyre.no\/nordland\/wp-json\/wp\/v2\/pages"}],"about":[{"href":"https:\/\/hoyre.no\/nordland\/wp-json\/wp\/v2\/types\/page"}],"author":[{"embeddable":true,"href":"https:\/\/hoyre.no\/nordland\/wp-json\/wp\/v2\/users\/3547"}],"replies":[{"embeddable":true,"href":"https:\/\/hoyre.no\/nordland\/wp-json\/wp\/v2\/comments?post=853"}],"version-history":[{"count":19,"href":"https:\/\/hoyre.no\/nordland\/wp-json\/wp\/v2\/pages\/853\/revisions"}],"predecessor-version":[{"id":1002,"href":"https:\/\/hoyre.no\/nordland\/wp-json\/wp\/v2\/pages\/853\/revisions\/1002"}],"wp:attachment":[{"href":"https:\/\/hoyre.no\/nordland\/wp-json\/wp\/v2\/media?parent=853"}],"curies":[{"name":"wp","href":"https:\/\/api.w.org\/{rel}","templated":true}]}}