{"id":1211,"date":"2023-12-13T16:38:58","date_gmt":"2023-12-13T15:38:58","guid":{"rendered":"https:\/\/hoyre.no\/nordland\/?post_type=teft-events&#038;p=1211"},"modified":"2023-12-13T16:38:58","modified_gmt":"2023-12-13T15:38:58","slug":"invitasjon-til-digitalt-medlemsmote-hva-skjer-pa-stortinget-med-stortingsrepresentant-bard-ludvig-thorheim","status":"publish","type":"teft-events","link":"https:\/\/hoyre.no\/nordland\/arrangementer\/invitasjon-til-digitalt-medlemsmote-hva-skjer-pa-stortinget-med-stortingsrepresentant-bard-ludvig-thorheim\/","title":{"rendered":"Invitasjon til digitalt medlemsm\u00f8te: Hva skjer p\u00e5 Stortinget? &#8211; med stortingsrepresentant B\u00e5rd Ludvig Thorheim"},"content":{"rendered":"\n<div class=\"wp-block-teft-event-top\">\n\n<div class=\"teft-event-date-top\">\n<div class=\"teft-event-date-wrapper\">\n\t<div class=\"date-square\" aria-hidden=\"true\">\n\t\t18\t\t\t<\/div>\n<\/div>\n\t<div class=\"top-text\">\n\t\t\t\t\t<p class=\"top-date-text\">mandag 18. desember 2023<\/p>\n\t\t\t\t\t\t\t<p class=\"top-time-text\">19:00 &#8211; 20:00<\/p>\n\t\t\t\t\t\t<\/div>\n\t\t<div class=\"sharing\">\n\t\t<a class=\"share-button share-link copy-link\" data-copy=\"https:\/\/hoyre.no\/nordland\/arrangementer\/invitasjon-til-digitalt-medlemsmote-hva-skjer-pa-stortinget-med-stortingsrepresentant-bard-ludvig-thorheim\/\" target=\"_blank\"><span class=\"screen-reader-text\">Del link<\/span><\/a>\n\t\t<a class=\"share-button share-twitter\" href=\"http:\/\/twitter.com\/share?text=Invitasjon til digitalt medlemsm\u00f8te: Hva skjer p\u00e5 Stortinget? &#8211; med stortingsrepresentant B\u00e5rd Ludvig Thorheim&#038;url=https:\/\/hoyre.no\/nordland\/arrangementer\/invitasjon-til-digitalt-medlemsmote-hva-skjer-pa-stortinget-med-stortingsrepresentant-bard-ludvig-thorheim\/&#038;hashtags=Hoyre\" target=\"_blank\"><span class=\"screen-reader-text\">Del p\u00e5 twitter<\/span><\/a>\n\t\t<a class=\"share-button share-facebook\" href=\"https:\/\/www.facebook.com\/sharer\/sharer.php?u=https:\/\/hoyre.no\/nordland\/arrangementer\/invitasjon-til-digitalt-medlemsmote-hva-skjer-pa-stortinget-med-stortingsrepresentant-bard-ludvig-thorheim\/\" target=\"_blank\"><span class=\"screen-reader-text\">Del p\u00e5 facebook<\/span><\/a>\n\t<\/div>\n\t<\/div>\n<p class=\"preamble\">Bli med p\u00e5 medlemsm\u00f8tet for \u00e5 bli orientert og gi ditt innspill til hva Nordland H\u00f8yre skal jobbe med fremover p\u00e5 Stortinget!<\/p><figure class=\"hoyre-image-wrapper\"><div class=\"hoyre-image\"><img loading=\"lazy\" decoding=\"async\" width=\"940\" height=\"788\" src=\"https:\/\/hoyre.no\/content\/uploads\/sites\/9\/2023\/12\/Copy-of-Helge-orten-940-x-788-px.png\" class=\"attachment-scaled size-scaled\" alt=\"\" style=\"object-position: 50% 50%\" srcset=\"https:\/\/hoyre.no\/content\/uploads\/sites\/9\/2023\/12\/Copy-of-Helge-orten-940-x-788-px.png 940w, https:\/\/hoyre.no\/content\/uploads\/sites\/9\/2023\/12\/Copy-of-Helge-orten-940-x-788-px-300x251.png 300w, https:\/\/hoyre.no\/content\/uploads\/sites\/9\/2023\/12\/Copy-of-Helge-orten-940-x-788-px-768x644.png 768w\" sizes=\"auto, (max-width: 940px) 100vw, 940px\" \/><\/div><\/figure>\n\n<div class=\"wp-block wp-block-teft-event-registration-button\">\n\t<div class=\"registration-button-wrapper\">\n\t\t\t<a href=\"https:\/\/fb.me\/e\/316YHt7PP\" class=\"wp-block-button__link\">Meld deg p\u00e5 her<\/a>\n\t\t\t\t\n\t<\/div>\n<\/div>\n\n<div class=\"panel teft-details-panel\">\n\t\t<h3>Detaljer<\/h3>\n\n\t\t\t\t\t<dl class=\"info-misc-with-icons\">\n\t\t\t\t<dt class=\"venue\"><span class=\"screen-reader-text\">Stedet<\/span><\/dt>\n\t\t\t\t<dd>\n\t\t\t\t\t\t\t\t\t\t\t<span class=\"address-line-1\">Teams<\/span>\n\t\t\t\t\t\t\t\t\t\t\t\t\t\t<\/dd>\n\t\t\t<\/dl>\n\t\t\t\t\t\t\t<dl class=\"info-misc-with-icons\">\n\t\t<dt class=\"time\"><span class=\"screen-reader-text\">Arrangement dato<\/span><\/dt>\n\t\t<dd class=\"time\">\n\t\t\tman 18. desember 2023 fra  19:00 &#8211; 20:00\t\t<\/dd>\n\t<\/dl>\n\t\t\t\t\t\t<dl class=\"info-misc-with-icons\">\n\t\t<dt class=\"registration\"><span class=\"screen-reader-text\">P\u00e5meldingsdetajer<\/span><\/dt>\n\t\t<dd class=\"registration\">\n\t\t\tGRATIS\t\t\t\t\t\t\t<a href=\"https:\/\/fb.me\/e\/316YHt7PP\">Registrer<\/a>\n\t\t\t\t\t<\/dd>\n\t<\/dl>\n\t\t<\/dl>\n<\/div>\n<\/div>\n\n\n\n\n<h2 class=\"wp-block-heading\">Informasjon<\/h2>\n\n\n\n<p>M\u00f8tet vil ta plass p\u00e5 Teams klokken 19:00-20:00 18. desember 2023<\/p>\n\n\n\n<p>I dette f\u00f8rste \u00abHva skjer p\u00e5 Stortinget?\u00bb etter valget vil vi g\u00e5 igjennom og presentere aktuelle saker og hva som venter H\u00f8yre p\u00e5 Stortinget fremover.<\/p>\n\n\n\n<p>Innledere blir stortingsrepresentant B\u00e5rd Ludvig Thorheim<\/p>\n\n\n\n<p>Bli med p\u00e5 medlemsm\u00f8tet for \u00e5 bli orientert og gi ditt innspill til hva Nordland H\u00f8yre skal jobbe med fremover p\u00e5 Stortinget!<\/p>\n\n\n\n<div class=\"wp-block-buttons is-layout-flex wp-block-buttons-is-layout-flex\">\n<div class=\"wp-block-button has-custom-width wp-block-button__width-100\"><a class=\"wp-block-button__link wp-element-button\" href=\"https:\/\/teams.microsoft.com\/l\/meetup-join\/19%3ameeting_Y2ZjMmQ4ZTAtNjZmNS00NWIxLTlhZmYtYjJkNjgzZWNlOGVj%40thread.v2\/0?context=%7b%22Tid%22%3a%22fb4d1169-3ede-4ab4-b242-eb740ce3a1be%22%2c%22Oid%22%3a%225d07277b-2579-46b0-9a1f-03a58a2cc93b%22%7d\">Trykk her for \u00e5 delta<\/a><\/div>\n<\/div>\n\n\n<div class=\"post-meta wp-block\">\n\t<div class=\"top\">\n\t\t<div class=\"sharing\">\n\t\t\t<a class=\"share-button share-link\" target=\"_blank\"><span class=\"screen-reader-text\">Del link<\/span><\/a>\n\t\t\t<a class=\"share-button share-twitter\" href=\"http:\/\/twitter.com\/share?text=Invitasjon til digitalt medlemsm\u00f8te: Hva skjer p\u00e5 Stortinget? &#8211; med stortingsrepresentant B\u00e5rd Ludvig Thorheim&#038;url=https:\/\/hoyre.no\/nordland\/arrangementer\/invitasjon-til-digitalt-medlemsmote-hva-skjer-pa-stortinget-med-stortingsrepresentant-bard-ludvig-thorheim\/&#038;hashtags=Hoyre\"><span class=\"screen-reader-text\">Del p\u00e5 twitter<\/span><\/a>\n\t\t\t<a class=\"share-button share-facebook\" href=\"https:\/\/www.facebook.com\/sharer\/sharer.php?u=https:\/\/hoyre.no\/nordland\/arrangementer\/invitasjon-til-digitalt-medlemsmote-hva-skjer-pa-stortinget-med-stortingsrepresentant-bard-ludvig-thorheim\/\" target=\"_blank\"><span class=\"screen-reader-text\">Del p\u00e5 facebook<\/span><\/a>\n\t\t<\/div>\n\t<\/div>\n<\/div>\n","protected":false},"template":"","meta":{"teft_cards_image_url":"","teft_cards_custom_pretitle":"","teft_cards_image_id":1212,"teft_cards_image_focal_point_x":0.5,"teft_cards_image_focal_point_y":0.5,"teft_cards_title":"","teft_cards_excerpt":"","teft_show_chapters":false,"event_organizer":[],"event_start_date":"2023-12-18T19:00:00","event_end_date":"2023-12-18T20:00:00","event_registration_url":"https:\/\/fb.me\/e\/316YHt7PP","event_registration_deadline":"","event_ticket_cost":"GRATIS","event_venue_name":"Teams","event_venue_url":"","event_venue_address":""},"teft-events-category":[],"class_list":["post-1211","teft-events","type-teft-events","status-publish","hentry"],"yoast_head":"<!-- This site is optimized with the Yoast SEO plugin v26.6 - https:\/\/yoast.com\/wordpress\/plugins\/seo\/ -->\n<title>Invitasjon til digitalt medlemsm\u00f8te: Hva skjer p\u00e5 Stortinget? - med stortingsrepresentant B\u00e5rd Ludvig Thorheim - Nordland H\u00f8yre<\/title>\n<meta name=\"robots\" content=\"index, follow, max-snippet:-1, max-image-preview:large, max-video-preview:-1\" \/>\n<link rel=\"canonical\" href=\"https:\/\/hoyre.no\/nordland\/arrangementer\/invitasjon-til-digitalt-medlemsmote-hva-skjer-pa-stortinget-med-stortingsrepresentant-bard-ludvig-thorheim\/\" \/>\n<meta property=\"og:locale\" content=\"nb_NO\" \/>\n<meta property=\"og:type\" content=\"article\" \/>\n<meta property=\"og:title\" content=\"Invitasjon til digitalt medlemsm\u00f8te: Hva skjer p\u00e5 Stortinget? - med stortingsrepresentant B\u00e5rd Ludvig Thorheim - Nordland H\u00f8yre\" \/>\n<meta property=\"og:url\" content=\"https:\/\/hoyre.no\/nordland\/arrangementer\/invitasjon-til-digitalt-medlemsmote-hva-skjer-pa-stortinget-med-stortingsrepresentant-bard-ludvig-thorheim\/\" \/>\n<meta property=\"og:site_name\" content=\"Nordland H\u00f8yre\" \/>\n<meta property=\"og:image\" content=\"https:\/\/hoyre.no\/content\/uploads\/sites\/9\/2023\/12\/Copy-of-Helge-orten-940-x-788-px.png\" \/>\n<meta name=\"twitter:card\" content=\"summary_large_image\" \/>\n<meta name=\"twitter:label1\" content=\"Ansl. lesetid\" \/>\n\t<meta name=\"twitter:data1\" content=\"1 minutt\" \/>\n<script type=\"application\/ld+json\" class=\"yoast-schema-graph\">{\"@context\":\"https:\/\/schema.org\",\"@graph\":[{\"@type\":\"WebPage\",\"@id\":\"https:\/\/hoyre.no\/nordland\/arrangementer\/invitasjon-til-digitalt-medlemsmote-hva-skjer-pa-stortinget-med-stortingsrepresentant-bard-ludvig-thorheim\/\",\"url\":\"https:\/\/hoyre.no\/nordland\/arrangementer\/invitasjon-til-digitalt-medlemsmote-hva-skjer-pa-stortinget-med-stortingsrepresentant-bard-ludvig-thorheim\/\",\"name\":\"Invitasjon til digitalt medlemsm\u00f8te: Hva skjer p\u00e5 Stortinget? - med stortingsrepresentant B\u00e5rd Ludvig Thorheim - Nordland H\u00f8yre\",\"isPartOf\":{\"@id\":\"https:\/\/hoyre.no\/nordland\/#website\"},\"datePublished\":\"2023-12-13T15:38:58+00:00\",\"breadcrumb\":{\"@id\":\"https:\/\/hoyre.no\/nordland\/arrangementer\/invitasjon-til-digitalt-medlemsmote-hva-skjer-pa-stortinget-med-stortingsrepresentant-bard-ludvig-thorheim\/#breadcrumb\"},\"inLanguage\":\"nb-NO\",\"potentialAction\":[{\"@type\":\"ReadAction\",\"target\":[\"https:\/\/hoyre.no\/nordland\/arrangementer\/invitasjon-til-digitalt-medlemsmote-hva-skjer-pa-stortinget-med-stortingsrepresentant-bard-ludvig-thorheim\/\"]}]},{\"@type\":\"BreadcrumbList\",\"@id\":\"https:\/\/hoyre.no\/nordland\/arrangementer\/invitasjon-til-digitalt-medlemsmote-hva-skjer-pa-stortinget-med-stortingsrepresentant-bard-ludvig-thorheim\/#breadcrumb\",\"itemListElement\":[{\"@type\":\"ListItem\",\"position\":1,\"name\":\"Til hoyre.no\",\"item\":\"https:\/\/hoyre.no\"},{\"@type\":\"ListItem\",\"position\":2,\"name\":\"Hjem\",\"item\":\"https:\/\/hoyre.no\/nordland\/\"},{\"@type\":\"ListItem\",\"position\":3,\"name\":\"Arrangement\",\"item\":\"https:\/\/hoyre.no\/nordland\/arrangementer\/\"},{\"@type\":\"ListItem\",\"position\":4,\"name\":\"Invitasjon til digitalt medlemsm\u00f8te: Hva skjer p\u00e5 Stortinget? &#8211; med stortingsrepresentant B\u00e5rd Ludvig Thorheim\"}]},{\"@type\":\"WebSite\",\"@id\":\"https:\/\/hoyre.no\/nordland\/#website\",\"url\":\"https:\/\/hoyre.no\/nordland\/\",\"name\":\"Nordland H\u00f8yre\",\"description\":\"Bare enda et H\u00f8yres nettsteder-nettsted\",\"inLanguage\":\"nb-NO\"}]}<\/script>\n<!-- \/ Yoast SEO plugin. -->","yoast_head_json":{"title":"Invitasjon til digitalt medlemsm\u00f8te: Hva skjer p\u00e5 Stortinget? - med stortingsrepresentant B\u00e5rd Ludvig Thorheim - Nordland H\u00f8yre","robots":{"index":"index","follow":"follow","max-snippet":"max-snippet:-1","max-image-preview":"max-image-preview:large","max-video-preview":"max-video-preview:-1"},"canonical":"https:\/\/hoyre.no\/nordland\/arrangementer\/invitasjon-til-digitalt-medlemsmote-hva-skjer-pa-stortinget-med-stortingsrepresentant-bard-ludvig-thorheim\/","og_locale":"nb_NO","og_type":"article","og_title":"Invitasjon til digitalt medlemsm\u00f8te: Hva skjer p\u00e5 Stortinget? - med stortingsrepresentant B\u00e5rd Ludvig Thorheim - Nordland H\u00f8yre","og_url":"https:\/\/hoyre.no\/nordland\/arrangementer\/invitasjon-til-digitalt-medlemsmote-hva-skjer-pa-stortinget-med-stortingsrepresentant-bard-ludvig-thorheim\/","og_site_name":"Nordland H\u00f8yre","og_image":[{"url":"https:\/\/hoyre.no\/content\/uploads\/sites\/9\/2023\/12\/Copy-of-Helge-orten-940-x-788-px.png","width":"","height":"","type":""}],"twitter_card":"summary_large_image","twitter_misc":{"Ansl. lesetid":"1 minutt"},"schema":{"@context":"https:\/\/schema.org","@graph":[{"@type":"WebPage","@id":"https:\/\/hoyre.no\/nordland\/arrangementer\/invitasjon-til-digitalt-medlemsmote-hva-skjer-pa-stortinget-med-stortingsrepresentant-bard-ludvig-thorheim\/","url":"https:\/\/hoyre.no\/nordland\/arrangementer\/invitasjon-til-digitalt-medlemsmote-hva-skjer-pa-stortinget-med-stortingsrepresentant-bard-ludvig-thorheim\/","name":"Invitasjon til digitalt medlemsm\u00f8te: Hva skjer p\u00e5 Stortinget? - med stortingsrepresentant B\u00e5rd Ludvig Thorheim - Nordland H\u00f8yre","isPartOf":{"@id":"https:\/\/hoyre.no\/nordland\/#website"},"datePublished":"2023-12-13T15:38:58+00:00","breadcrumb":{"@id":"https:\/\/hoyre.no\/nordland\/arrangementer\/invitasjon-til-digitalt-medlemsmote-hva-skjer-pa-stortinget-med-stortingsrepresentant-bard-ludvig-thorheim\/#breadcrumb"},"inLanguage":"nb-NO","potentialAction":[{"@type":"ReadAction","target":["https:\/\/hoyre.no\/nordland\/arrangementer\/invitasjon-til-digitalt-medlemsmote-hva-skjer-pa-stortinget-med-stortingsrepresentant-bard-ludvig-thorheim\/"]}]},{"@type":"BreadcrumbList","@id":"https:\/\/hoyre.no\/nordland\/arrangementer\/invitasjon-til-digitalt-medlemsmote-hva-skjer-pa-stortinget-med-stortingsrepresentant-bard-ludvig-thorheim\/#breadcrumb","itemListElement":[{"@type":"ListItem","position":1,"name":"Til hoyre.no","item":"https:\/\/hoyre.no"},{"@type":"ListItem","position":2,"name":"Hjem","item":"https:\/\/hoyre.no\/nordland\/"},{"@type":"ListItem","position":3,"name":"Arrangement","item":"https:\/\/hoyre.no\/nordland\/arrangementer\/"},{"@type":"ListItem","position":4,"name":"Invitasjon til digitalt medlemsm\u00f8te: Hva skjer p\u00e5 Stortinget? &#8211; med stortingsrepresentant B\u00e5rd Ludvig Thorheim"}]},{"@type":"WebSite","@id":"https:\/\/hoyre.no\/nordland\/#website","url":"https:\/\/hoyre.no\/nordland\/","name":"Nordland H\u00f8yre","description":"Bare enda et H\u00f8yres nettsteder-nettsted","inLanguage":"nb-NO"}]}},"distributor_meta":false,"distributor_terms":false,"distributor_media":false,"distributor_original_site_name":"Nordland H\u00f8yre","distributor_original_site_url":"https:\/\/hoyre.no\/nordland","push-errors":false,"_links":{"self":[{"href":"https:\/\/hoyre.no\/nordland\/wp-json\/wp\/v2\/teft-events\/1211","targetHints":{"allow":["GET"]}}],"collection":[{"href":"https:\/\/hoyre.no\/nordland\/wp-json\/wp\/v2\/teft-events"}],"about":[{"href":"https:\/\/hoyre.no\/nordland\/wp-json\/wp\/v2\/types\/teft-events"}],"wp:attachment":[{"href":"https:\/\/hoyre.no\/nordland\/wp-json\/wp\/v2\/media?parent=1211"}],"wp:term":[{"taxonomy":"teft-events-category","embeddable":true,"href":"https:\/\/hoyre.no\/nordland\/wp-json\/wp\/v2\/teft-events-category?post=1211"}],"curies":[{"name":"wp","href":"https:\/\/api.w.org\/{rel}","templated":true}]}}