{"id":143,"date":"2025-01-28T16:00:35","date_gmt":"2025-01-28T15:00:35","guid":{"rendered":"https:\/\/hoyre.no\/oslo-senior\/?page_id=143"},"modified":"2025-12-13T17:29:46","modified_gmt":"2025-12-13T16:29:46","slug":"klima-energi-og-miljo","status":"publish","type":"page","link":"https:\/\/hoyre.no\/oslo-senior\/klima-energi-og-miljo\/","title":{"rendered":"Klima, energi og milj\u00f8"},"content":{"rendered":"\n<div class=\"wp-block-hoyre-hero with-image-gradient text-color-light  has-media alignfull has-background\"><div class=\"hoyre-hero has-image\"><h1 class=\"title\">Klima, energi og milj\u00f8<\/h1><p class=\"preamble\"><br>Mer kunnskap om ulike energityper og sammenhengen med b\u00e6rekraft, klima og milj\u00f8 er n\u00f8dvengig for \u00e5 kunne treffe gode beslutninger som p\u00e5virker v\u00e5r fremtid. Mange store sp\u00f8rsm\u00e5l, men ingen enkle svar. Vi gir innspill til v\u00e5re egne politikere, direkte b\u00e5de lokalt og nasjonalt, og bidrar i utforming av nytt program for neste stortingsperiode.<\/p>\t\t\t<div class=\"post-meta wp-block teft-byline-wrapper\">\n\t\t\t\t<div class=\"top\">\n\t\t\t\t\t<div class=\"signature\">\n\t\t\t\t\t\t<div class=\"teft-byline\">\n\t\t\t\t\t\t\t\t\t\t\t\t\t\t<div>\n\t\t\t\t\t\t\t\t<h3>H\u00f8yres redaksjon<\/h3>\t\t\t\t\t\t\t\t\n\t\t\t\t\t\t\t\t\t\t\t\t\t\t\t\t\t<span class=\"date\">Sist oppdatert: 13. desember 2025<\/span>\n\t\t\t\t\t\t\t\t\t\t\t\t\t\t\t\t\t\t\t\t\t\t\t\t\t<span class=\"reading-time\" itemprop=\"timeRequired\" content=\"PT2M\"><em>Ca. 2 minutter lesetid<\/em><\/span>\n\t\t\t\t\t\t\t\t\t\t\t\t\t\t\t<\/div>\n\t\t\t\t\t\t<\/div>\n\t\t\t\t\t<\/div>\n\t\t\t\t\t\t<div class=\"sharing\">\n\t\t<a class=\"share-button share-link copy-link\" data-copy=\"https:\/\/hoyre.no\/oslo-senior\/klima-energi-og-miljo\/\" target=\"_blank\"><span class=\"screen-reader-text\">Del link<\/span><\/a>\n\t\t<a class=\"share-button share-twitter\" href=\"http:\/\/twitter.com\/share?text=Klima, energi og milj\u00f8&#038;url=https:\/\/hoyre.no\/oslo-senior\/klima-energi-og-miljo\/&#038;hashtags=Hoyre\" target=\"_blank\"><span class=\"screen-reader-text\">Del p\u00e5 twitter<\/span><\/a>\n\t\t<a class=\"share-button share-facebook\" href=\"https:\/\/www.facebook.com\/sharer\/sharer.php?u=https:\/\/hoyre.no\/oslo-senior\/klima-energi-og-miljo\/\" target=\"_blank\"><span class=\"screen-reader-text\">Del p\u00e5 facebook<\/span><\/a>\n\t<\/div>\n\t\t\t\t\t<\/div>\n\t\t\t<\/div>\n\n\t\t\t<figure class=\"hoyre-image-wrapper\"><div class=\"hoyre-image\"><img loading=\"lazy\" decoding=\"async\" width=\"2500\" height=\"1667\" src=\"https:\/\/hoyre.no\/content\/uploads\/sites\/438\/2025\/01\/Vannkraft_GettyImages-498930501-scaled.jpg\" class=\"attachment-scaled size-scaled\" alt=\"\" style=\"object-position: 50% 50%\" srcset=\"https:\/\/hoyre.no\/content\/uploads\/sites\/438\/2025\/01\/Vannkraft_GettyImages-498930501-scaled.jpg 2500w, https:\/\/hoyre.no\/content\/uploads\/sites\/438\/2025\/01\/Vannkraft_GettyImages-498930501-300x200.jpg 300w, https:\/\/hoyre.no\/content\/uploads\/sites\/438\/2025\/01\/Vannkraft_GettyImages-498930501-1024x683.jpg 1024w, https:\/\/hoyre.no\/content\/uploads\/sites\/438\/2025\/01\/Vannkraft_GettyImages-498930501-768x512.jpg 768w, https:\/\/hoyre.no\/content\/uploads\/sites\/438\/2025\/01\/Vannkraft_GettyImages-498930501-1536x1024.jpg 1536w, https:\/\/hoyre.no\/content\/uploads\/sites\/438\/2025\/01\/Vannkraft_GettyImages-498930501-2048x1365.jpg 2048w\" sizes=\"auto, (max-width: 2500px) 100vw, 2500px\" \/><\/div><\/figure><\/div><\/div>\n\n\n\n\n<p>Gruppen ledes av: <br>Jan Johansen, <a href=\"mailto:johansen.jan@outlook.com\">johansen.jan@outlook.com<\/a>, mobil 91 54 03 18<br>Ragnhild R\u00f8nneberg, <a href=\"mailto:ragnhild.54@icloud.com\">ragnhild.54@icloud.com<\/a>, mobil 91 55 86 62<\/p>\n\n\n\n\n<p><strong>Form\u00e5<\/strong>l:&nbsp;Klima, energi og milj\u00f8 er tett sammenkoblet og p\u00e5virker hverandre p\u00e5 mange m\u00e5ter. Med utgangspunkt i kunnskap ervervet fra eksterne eksperter samt fra fagfolk i egen gruppe gir vi innspill til H\u00f8yres politikk innen dette bredt sammensatte feltet, og vi har som m\u00e5l \u00e5 p\u00e5virke politikkutformingen b\u00e5de p\u00e5 kort og lang sikt. <\/p>\n\n\n\n<p>Vi m\u00e5 tenke helhetlig og jobbe for l\u00f8sninger som tar hensyn til b\u00e5de klima, energi, milj\u00f8 og natur for \u00e5 skape en b\u00e6rekraftig fremtid.<br><br><strong>M\u00f8tehyppighet<\/strong>: Vi holder m\u00f8tene v\u00e5re i forkant av Politisk verksted, fra kl. 11-12:30.<br>Se fanen &laquo;Arrangementer&raquo; for mer informajon om dato og tema.<\/p>\n\n\n\n<figure class=\"wp-block-image size-large\"><img loading=\"lazy\" decoding=\"async\" width=\"1024\" height=\"576\" src=\"https:\/\/hoyre.no\/content\/uploads\/sites\/438\/2025\/12\/KEMS-moter-i-2025_RR-1-1024x576.jpg\" alt=\"\" class=\"wp-image-939\" srcset=\"https:\/\/hoyre.no\/content\/uploads\/sites\/438\/2025\/12\/KEMS-moter-i-2025_RR-1-1024x576.jpg 1024w, https:\/\/hoyre.no\/content\/uploads\/sites\/438\/2025\/12\/KEMS-moter-i-2025_RR-1-300x169.jpg 300w, https:\/\/hoyre.no\/content\/uploads\/sites\/438\/2025\/12\/KEMS-moter-i-2025_RR-1-768x432.jpg 768w, https:\/\/hoyre.no\/content\/uploads\/sites\/438\/2025\/12\/KEMS-moter-i-2025_RR-1.jpg 1280w\" sizes=\"auto, (max-width: 1024px) 100vw, 1024px\" \/><\/figure>\n\n\n\n<div class=\"wp-block-teft-file icon-link-block\"><a href=\"https:\/\/hoyre.no\/content\/uploads\/sites\/438\/2025\/12\/2025-12-08.KEMS-oppsummering-av-2025-og-plan-for-2026.pptx\" download><span class=\"file-title\">KEMS-oppsummering av 2025 og plan for 2026<\/span><span class=\"file-name\"><\/span><\/a><\/div>\n\n\n\n<figure class=\"wp-block-image size-large\"><img decoding=\"async\" src=\"https:\/\/hoyre.no\/content\/uploads\/sites\/438\/2025\/02\/Forside_KEM-oppsummeringen-2024-1-1024x569.jpg\" alt=\"\" class=\"wp-image-437\" \/><\/figure>\n\n\n\n<div class=\"wp-block-buttons is-layout-flex wp-block-buttons-is-layout-flex\"><\/div>\n\n\n\n<div class=\"wp-block-teft-file icon-link-block\"><a href=\"https:\/\/hoyre.no\/content\/uploads\/sites\/438\/2025\/02\/KEMs-oppsummering-fra-aret-2024.pdf\" download><span class=\"file-title\">Klima, energi og milj\u00f8gruppens oppsummering for \u00e5ret 2024<\/span><span class=\"file-name\"><\/span><\/a><\/div>\n","protected":false},"excerpt":{"rendered":"<p>Form\u00e5l:&nbsp;Klima, energi og milj\u00f8 er tett sammenkoblet og p\u00e5virker hverandre p\u00e5 mange m\u00e5ter. Med utgangspunkt i kunnskap ervervet fra eksterne eksperter samt fra fagfolk i egen gruppe gir vi innspill til H\u00f8yres politikk innen dette bredt sammensatte feltet, og vi har som m\u00e5l \u00e5 p\u00e5virke politikkutformingen b\u00e5de p\u00e5 kort og lang sikt. Vi m\u00e5 tenke [&hellip;]<\/p>\n","protected":false},"author":31424,"featured_media":0,"parent":0,"menu_order":0,"comment_status":"closed","ping_status":"closed","template":"","meta":{"teft_cards_image_url":"","teft_cards_custom_pretitle":"","teft_cards_image_id":404,"teft_cards_image_focal_point_x":0.5,"teft_cards_image_focal_point_y":0.5,"teft_cards_title":"","teft_cards_excerpt":"","teft_show_chapters":false,"footnotes":""},"class_list":["post-143","page","type-page","status-publish","hentry"],"yoast_head":"<!-- This site is optimized with the Yoast SEO plugin v26.6 - https:\/\/yoast.com\/wordpress\/plugins\/seo\/ -->\n<title>Klima, energi og milj\u00f8 - Oslo Senior H\u00f8yre<\/title>\n<meta name=\"robots\" content=\"index, follow, max-snippet:-1, max-image-preview:large, max-video-preview:-1\" \/>\n<link rel=\"canonical\" href=\"https:\/\/hoyre.no\/oslo-senior\/klima-energi-og-miljo\/\" \/>\n<meta property=\"og:locale\" content=\"nb_NO\" \/>\n<meta property=\"og:type\" content=\"article\" \/>\n<meta property=\"og:title\" content=\"Klima, energi og milj\u00f8 - Oslo Senior H\u00f8yre\" \/>\n<meta property=\"og:description\" content=\"Form\u00e5l:&nbsp;Klima, energi og milj\u00f8 er tett sammenkoblet og p\u00e5virker hverandre p\u00e5 mange m\u00e5ter. Med utgangspunkt i kunnskap ervervet fra eksterne eksperter samt fra fagfolk i egen gruppe gir vi innspill til H\u00f8yres politikk innen dette bredt sammensatte feltet, og vi har som m\u00e5l \u00e5 p\u00e5virke politikkutformingen b\u00e5de p\u00e5 kort og lang sikt. Vi m\u00e5 tenke [&hellip;]\" \/>\n<meta property=\"og:url\" content=\"https:\/\/hoyre.no\/oslo-senior\/klima-energi-og-miljo\/\" \/>\n<meta property=\"og:site_name\" content=\"Oslo Senior H\u00f8yre\" \/>\n<meta property=\"article:modified_time\" content=\"2025-12-13T16:29:46+00:00\" \/>\n<meta property=\"og:image\" content=\"https:\/\/hoyre.no\/content\/uploads\/sites\/438\/2025\/02\/Vannkraft_GettyImages-498930501_crop-1024x608.jpg\" \/>\n<meta name=\"twitter:card\" content=\"summary_large_image\" \/>\n<meta name=\"twitter:label1\" content=\"Ansl. lesetid\" \/>\n\t<meta name=\"twitter:data1\" content=\"2 minutter\" \/>\n<script type=\"application\/ld+json\" class=\"yoast-schema-graph\">{\"@context\":\"https:\/\/schema.org\",\"@graph\":[{\"@type\":\"WebPage\",\"@id\":\"https:\/\/hoyre.no\/oslo-senior\/klima-energi-og-miljo\/\",\"url\":\"https:\/\/hoyre.no\/oslo-senior\/klima-energi-og-miljo\/\",\"name\":\"Klima, energi og milj\u00f8 - Oslo Senior H\u00f8yre\",\"isPartOf\":{\"@id\":\"https:\/\/hoyre.no\/oslo-senior\/#website\"},\"image\":{\"@id\":\"https:\/\/hoyre.no\/oslo-senior\/klima-energi-og-miljo\/#primaryimage\"},\"thumbnailUrl\":\"https:\/\/hoyre.no\/content\/uploads\/sites\/438\/2025\/12\/KEMS-moter-i-2025_RR-1-1024x576.jpg\",\"datePublished\":\"2025-01-28T15:00:35+00:00\",\"dateModified\":\"2025-12-13T16:29:46+00:00\",\"breadcrumb\":{\"@id\":\"https:\/\/hoyre.no\/oslo-senior\/klima-energi-og-miljo\/#breadcrumb\"},\"inLanguage\":\"nb-NO\",\"potentialAction\":[{\"@type\":\"ReadAction\",\"target\":[\"https:\/\/hoyre.no\/oslo-senior\/klima-energi-og-miljo\/\"]}]},{\"@type\":\"ImageObject\",\"inLanguage\":\"nb-NO\",\"@id\":\"https:\/\/hoyre.no\/oslo-senior\/klima-energi-og-miljo\/#primaryimage\",\"url\":\"https:\/\/hoyre.no\/content\/uploads\/sites\/438\/2025\/12\/KEMS-moter-i-2025_RR-1-1024x576.jpg\",\"contentUrl\":\"https:\/\/hoyre.no\/content\/uploads\/sites\/438\/2025\/12\/KEMS-moter-i-2025_RR-1-1024x576.jpg\"},{\"@type\":\"BreadcrumbList\",\"@id\":\"https:\/\/hoyre.no\/oslo-senior\/klima-energi-og-miljo\/#breadcrumb\",\"itemListElement\":[{\"@type\":\"ListItem\",\"position\":1,\"name\":\"Til hoyre.no\",\"item\":\"https:\/\/hoyre.no\"},{\"@type\":\"ListItem\",\"position\":2,\"name\":\"Hjem\",\"item\":\"https:\/\/hoyre.no\/oslo-senior\/\"},{\"@type\":\"ListItem\",\"position\":3,\"name\":\"Klima, energi og milj\u00f8\"}]},{\"@type\":\"WebSite\",\"@id\":\"https:\/\/hoyre.no\/oslo-senior\/#website\",\"url\":\"https:\/\/hoyre.no\/oslo-senior\/\",\"name\":\"Oslo Senior H\u00f8yre\",\"description\":\"\",\"inLanguage\":\"nb-NO\"}]}<\/script>\n<!-- \/ Yoast SEO plugin. -->","yoast_head_json":{"title":"Klima, energi og milj\u00f8 - Oslo Senior H\u00f8yre","robots":{"index":"index","follow":"follow","max-snippet":"max-snippet:-1","max-image-preview":"max-image-preview:large","max-video-preview":"max-video-preview:-1"},"canonical":"https:\/\/hoyre.no\/oslo-senior\/klima-energi-og-miljo\/","og_locale":"nb_NO","og_type":"article","og_title":"Klima, energi og milj\u00f8 - Oslo Senior H\u00f8yre","og_description":"Form\u00e5l:&nbsp;Klima, energi og milj\u00f8 er tett sammenkoblet og p\u00e5virker hverandre p\u00e5 mange m\u00e5ter. Med utgangspunkt i kunnskap ervervet fra eksterne eksperter samt fra fagfolk i egen gruppe gir vi innspill til H\u00f8yres politikk innen dette bredt sammensatte feltet, og vi har som m\u00e5l \u00e5 p\u00e5virke politikkutformingen b\u00e5de p\u00e5 kort og lang sikt. Vi m\u00e5 tenke [&hellip;]","og_url":"https:\/\/hoyre.no\/oslo-senior\/klima-energi-og-miljo\/","og_site_name":"Oslo Senior H\u00f8yre","article_modified_time":"2025-12-13T16:29:46+00:00","og_image":[{"url":"https:\/\/hoyre.no\/content\/uploads\/sites\/438\/2025\/02\/Vannkraft_GettyImages-498930501_crop-1024x608.jpg","width":"","height":"","type":""}],"twitter_card":"summary_large_image","twitter_misc":{"Ansl. lesetid":"2 minutter"},"schema":{"@context":"https:\/\/schema.org","@graph":[{"@type":"WebPage","@id":"https:\/\/hoyre.no\/oslo-senior\/klima-energi-og-miljo\/","url":"https:\/\/hoyre.no\/oslo-senior\/klima-energi-og-miljo\/","name":"Klima, energi og milj\u00f8 - Oslo Senior H\u00f8yre","isPartOf":{"@id":"https:\/\/hoyre.no\/oslo-senior\/#website"},"image":{"@id":"https:\/\/hoyre.no\/oslo-senior\/klima-energi-og-miljo\/#primaryimage"},"thumbnailUrl":"https:\/\/hoyre.no\/content\/uploads\/sites\/438\/2025\/12\/KEMS-moter-i-2025_RR-1-1024x576.jpg","datePublished":"2025-01-28T15:00:35+00:00","dateModified":"2025-12-13T16:29:46+00:00","breadcrumb":{"@id":"https:\/\/hoyre.no\/oslo-senior\/klima-energi-og-miljo\/#breadcrumb"},"inLanguage":"nb-NO","potentialAction":[{"@type":"ReadAction","target":["https:\/\/hoyre.no\/oslo-senior\/klima-energi-og-miljo\/"]}]},{"@type":"ImageObject","inLanguage":"nb-NO","@id":"https:\/\/hoyre.no\/oslo-senior\/klima-energi-og-miljo\/#primaryimage","url":"https:\/\/hoyre.no\/content\/uploads\/sites\/438\/2025\/12\/KEMS-moter-i-2025_RR-1-1024x576.jpg","contentUrl":"https:\/\/hoyre.no\/content\/uploads\/sites\/438\/2025\/12\/KEMS-moter-i-2025_RR-1-1024x576.jpg"},{"@type":"BreadcrumbList","@id":"https:\/\/hoyre.no\/oslo-senior\/klima-energi-og-miljo\/#breadcrumb","itemListElement":[{"@type":"ListItem","position":1,"name":"Til hoyre.no","item":"https:\/\/hoyre.no"},{"@type":"ListItem","position":2,"name":"Hjem","item":"https:\/\/hoyre.no\/oslo-senior\/"},{"@type":"ListItem","position":3,"name":"Klima, energi og milj\u00f8"}]},{"@type":"WebSite","@id":"https:\/\/hoyre.no\/oslo-senior\/#website","url":"https:\/\/hoyre.no\/oslo-senior\/","name":"Oslo Senior H\u00f8yre","description":"","inLanguage":"nb-NO"}]}},"distributor_meta":false,"distributor_terms":false,"distributor_media":false,"distributor_original_site_name":"Oslo Senior H\u00f8yre","distributor_original_site_url":"https:\/\/hoyre.no\/oslo-senior","push-errors":false,"_links":{"self":[{"href":"https:\/\/hoyre.no\/oslo-senior\/wp-json\/wp\/v2\/pages\/143","targetHints":{"allow":["GET"]}}],"collection":[{"href":"https:\/\/hoyre.no\/oslo-senior\/wp-json\/wp\/v2\/pages"}],"about":[{"href":"https:\/\/hoyre.no\/oslo-senior\/wp-json\/wp\/v2\/types\/page"}],"author":[{"embeddable":true,"href":"https:\/\/hoyre.no\/oslo-senior\/wp-json\/wp\/v2\/users\/31424"}],"replies":[{"embeddable":true,"href":"https:\/\/hoyre.no\/oslo-senior\/wp-json\/wp\/v2\/comments?post=143"}],"version-history":[{"count":28,"href":"https:\/\/hoyre.no\/oslo-senior\/wp-json\/wp\/v2\/pages\/143\/revisions"}],"predecessor-version":[{"id":942,"href":"https:\/\/hoyre.no\/oslo-senior\/wp-json\/wp\/v2\/pages\/143\/revisions\/942"}],"wp:attachment":[{"href":"https:\/\/hoyre.no\/oslo-senior\/wp-json\/wp\/v2\/media?parent=143"}],"curies":[{"name":"wp","href":"https:\/\/api.w.org\/{rel}","templated":true}]}}