{"id":86,"date":"2025-01-28T16:02:55","date_gmt":"2025-01-28T15:02:55","guid":{"rendered":"https:\/\/hoyre.no\/oslo-senior\/?page_id=86"},"modified":"2025-12-13T17:05:29","modified_gmt":"2025-12-13T16:05:29","slug":"politisk-verksted","status":"publish","type":"page","link":"https:\/\/hoyre.no\/oslo-senior\/politisk-verksted\/","title":{"rendered":"Politisk verksted"},"content":{"rendered":"\n<div class=\"wp-block-hoyre-hero with-image-gradient text-color-light  has-media alignfull has-background\"><div class=\"hoyre-hero has-image\"><h1 class=\"title\">Politisk verksted<\/h1><p class=\"preamble\"> Politisk Verksted (PV) er H\u00f8yres st\u00f8rste m\u00f8teplass for diskusjon og utvikling av politiske tanker og id\u00e9er. Invitasjon til m\u00f8tene sendes til alle medlemmer i Oslo Senior H\u00f8yre, totalt ca. 800 personer fra 62 \u00e5r og oppover. H\u00f8yrefolk fra andre fylker er ogs\u00e5 hjertelig velkomne.<br>\u00a0<br>PV er en drivkraft i utviklingen av politikk i H\u00f8yre. Fri meningsutveksling, diskusjon og kunnskapsoppbygging st\u00e5r i fokus.<br><br>PV har etablert en rekke faggrupper som fordyper seg innen forskjellige samfunnssektorer, og rekrutterer sine medlemmer fra fagmilj\u00f8er og fagpersoner fra de milj\u00f8ene i landet som har god kompetanse innen faget.<br><br>Faggruppene presenterer sine innspill til H\u00f8yres stortingsgruppe, H\u00f8yres bystyregruppe (byr\u00e5d) i Oslo, og til ledelsen i Oslo H\u00f8yre eller til Landsstyret i H\u00f8yre. <br><br>M\u00f8tene holdes en gang i m\u00e5neden, unntatt juli og august, og er \u00e5pne for alle ved registrering hos Arne Bruusgaard <a href=\"mailto:arne.bruusgaard@gmail.com\">arne.bruusgaard@gmail.com<\/a> <br><br><\/p>\t\t\t<div class=\"post-meta wp-block teft-byline-wrapper\">\n\t\t\t\t<div class=\"top\">\n\t\t\t\t\t<div class=\"signature\">\n\t\t\t\t\t\t<div class=\"teft-byline\">\n\t\t\t\t\t\t\t\t\t\t\t\t\t\t<div>\n\t\t\t\t\t\t\t\t<h3>H\u00f8yres redaksjon<\/h3>\t\t\t\t\t\t\t\t\n\t\t\t\t\t\t\t\t\t\t\t\t\t\t\t\t\t<span class=\"date\">Sist oppdatert: 13. desember 2025<\/span>\n\t\t\t\t\t\t\t\t\t\t\t\t\t\t\t\t\t\t\t\t\t\t\t\t\t<span class=\"reading-time\" itemprop=\"timeRequired\" content=\"PT3M\"><em>Ca. 3 minutter lesetid<\/em><\/span>\n\t\t\t\t\t\t\t\t\t\t\t\t\t\t\t<\/div>\n\t\t\t\t\t\t<\/div>\n\t\t\t\t\t<\/div>\n\t\t\t\t\t\t<div class=\"sharing\">\n\t\t<a class=\"share-button share-link copy-link\" data-copy=\"https:\/\/hoyre.no\/oslo-senior\/politisk-verksted\/\" target=\"_blank\"><span class=\"screen-reader-text\">Del link<\/span><\/a>\n\t\t<a class=\"share-button share-twitter\" href=\"http:\/\/twitter.com\/share?text=Politisk verksted&#038;url=https:\/\/hoyre.no\/oslo-senior\/politisk-verksted\/&#038;hashtags=Hoyre\" target=\"_blank\"><span class=\"screen-reader-text\">Del p\u00e5 twitter<\/span><\/a>\n\t\t<a class=\"share-button share-facebook\" href=\"https:\/\/www.facebook.com\/sharer\/sharer.php?u=https:\/\/hoyre.no\/oslo-senior\/politisk-verksted\/\" target=\"_blank\"><span class=\"screen-reader-text\">Del p\u00e5 facebook<\/span><\/a>\n\t<\/div>\n\t\t\t\t\t<\/div>\n\t\t\t<\/div>\n\n\t\t\t<figure class=\"hoyre-image-wrapper\"><div class=\"hoyre-image\"><img loading=\"lazy\" decoding=\"async\" width=\"1920\" height=\"1080\" src=\"https:\/\/hoyre.no\/content\/uploads\/sites\/438\/2025\/01\/2.png\" class=\"attachment-scaled size-scaled\" alt=\"\" style=\"object-position: 50% 50%\" srcset=\"https:\/\/hoyre.no\/content\/uploads\/sites\/438\/2025\/01\/2.png 1920w, https:\/\/hoyre.no\/content\/uploads\/sites\/438\/2025\/01\/2-300x169.png 300w, https:\/\/hoyre.no\/content\/uploads\/sites\/438\/2025\/01\/2-1024x576.png 1024w, https:\/\/hoyre.no\/content\/uploads\/sites\/438\/2025\/01\/2-768x432.png 768w, https:\/\/hoyre.no\/content\/uploads\/sites\/438\/2025\/01\/2-1536x864.png 1536w\" sizes=\"auto, (max-width: 1920px) 100vw, 1920px\" \/><\/div><\/figure><\/div><\/div>\n\n\n\n<div class=\"wp-block-group\"><div class=\"wp-block-group__inner-container is-layout-constrained wp-block-group-is-layout-constrained\">\n<figure class=\"wp-block-image size-large\"><img loading=\"lazy\" decoding=\"async\" width=\"1024\" height=\"576\" src=\"https:\/\/hoyre.no\/content\/uploads\/sites\/438\/2025\/12\/Politisk-verksted-program-2025-1024x576.jpg\" alt=\"\" class=\"wp-image-930\" srcset=\"https:\/\/hoyre.no\/content\/uploads\/sites\/438\/2025\/12\/Politisk-verksted-program-2025-1024x576.jpg 1024w, https:\/\/hoyre.no\/content\/uploads\/sites\/438\/2025\/12\/Politisk-verksted-program-2025-300x169.jpg 300w, https:\/\/hoyre.no\/content\/uploads\/sites\/438\/2025\/12\/Politisk-verksted-program-2025-768x432.jpg 768w, https:\/\/hoyre.no\/content\/uploads\/sites\/438\/2025\/12\/Politisk-verksted-program-2025.jpg 1280w\" sizes=\"auto, (max-width: 1024px) 100vw, 1024px\" \/><\/figure>\n<\/div><\/div>\n\n\n\n<div class=\"wp-block-hoyre-banner undefined  is-style-blue\"><div class=\"banner-inner\"><figure class=\"hoyre-image-wrapper\"><div class=\"hoyre-image\"><img loading=\"lazy\" decoding=\"async\" width=\"2500\" height=\"1361\" src=\"https:\/\/hoyre.no\/content\/uploads\/sites\/438\/2025\/01\/GettyImages-1034430924-scaled.jpg\" class=\"attachment-scaled size-scaled\" alt=\"\" style=\"object-position: 50% 50%\" srcset=\"https:\/\/hoyre.no\/content\/uploads\/sites\/438\/2025\/01\/GettyImages-1034430924-scaled.jpg 2500w, https:\/\/hoyre.no\/content\/uploads\/sites\/438\/2025\/01\/GettyImages-1034430924-300x163.jpg 300w, https:\/\/hoyre.no\/content\/uploads\/sites\/438\/2025\/01\/GettyImages-1034430924-1024x557.jpg 1024w, https:\/\/hoyre.no\/content\/uploads\/sites\/438\/2025\/01\/GettyImages-1034430924-768x418.jpg 768w, https:\/\/hoyre.no\/content\/uploads\/sites\/438\/2025\/01\/GettyImages-1034430924-1536x836.jpg 1536w, https:\/\/hoyre.no\/content\/uploads\/sites\/438\/2025\/01\/GettyImages-1034430924-2048x1115.jpg 2048w\" sizes=\"auto, (max-width: 2500px) 100vw, 2500px\" \/><\/div><\/figure><div class=\"banner-content\"><div class=\"entry-content\">\n<h2 class=\"wp-block-heading\" id=\"h-norges-fremtid-etter-oljen\">N\u00e6ringslivet. Rammebetingelser for verdiskaping, innovasjon og arbeidsplassser<\/h2>\n\n\n\n<p><\/p>\n\n\n\n<div class=\"wp-block-buttons is-layout-flex wp-block-buttons-is-layout-flex\">\n<div class=\"wp-block-button\"><a class=\"wp-block-button__link wp-element-button\" href=\"https:\/\/hoyre.no\/oslo-senior\/fremtidens-norge\/\">les mer her<\/a><\/div>\n<\/div>\n<\/div><\/div><\/div><\/div>\n\n\n\n\n<div class=\"wp-block-hoyre-banner undefined  is-style-blue\"><div class=\"banner-inner\"><figure class=\"hoyre-image-wrapper\"><div class=\"hoyre-image\"><img loading=\"lazy\" decoding=\"async\" width=\"2500\" height=\"1667\" src=\"https:\/\/hoyre.no\/content\/uploads\/sites\/438\/2025\/01\/GettyImages-152505812-scaled.jpg\" class=\"attachment-scaled size-scaled\" alt=\"\" style=\"object-position: 50% 50%\" srcset=\"https:\/\/hoyre.no\/content\/uploads\/sites\/438\/2025\/01\/GettyImages-152505812-scaled.jpg 2500w, https:\/\/hoyre.no\/content\/uploads\/sites\/438\/2025\/01\/GettyImages-152505812-300x200.jpg 300w, https:\/\/hoyre.no\/content\/uploads\/sites\/438\/2025\/01\/GettyImages-152505812-1024x683.jpg 1024w, https:\/\/hoyre.no\/content\/uploads\/sites\/438\/2025\/01\/GettyImages-152505812-768x512.jpg 768w, https:\/\/hoyre.no\/content\/uploads\/sites\/438\/2025\/01\/GettyImages-152505812-1536x1024.jpg 1536w, https:\/\/hoyre.no\/content\/uploads\/sites\/438\/2025\/01\/GettyImages-152505812-2048x1365.jpg 2048w\" sizes=\"auto, (max-width: 2500px) 100vw, 2500px\" \/><\/div><\/figure><div class=\"banner-content\"><div class=\"entry-content\">\n<h2 class=\"wp-block-heading\" id=\"h-helse-og-eldre\">Helse og eldre<\/h2>\n\n\n\n<p>H\u00f8yre vil sikre alle en god og verdig eldreomsorg<\/p>\n\n\n\n<div class=\"wp-block-buttons is-layout-flex wp-block-buttons-is-layout-flex\">\n<div class=\"wp-block-button\"><a class=\"wp-block-button__link wp-element-button\" href=\"https:\/\/hoyre.no\/oslo-senior\/helse-og-eldre\/\">Les mer her<\/a><\/div>\n<\/div>\n<\/div><\/div><\/div><\/div>\n\n\n\n<div class=\"wp-block-hoyre-banner undefined  is-style-blue\"><div class=\"banner-inner\"><figure class=\"hoyre-image-wrapper\"><div class=\"hoyre-image\"><img loading=\"lazy\" decoding=\"async\" width=\"2500\" height=\"1667\" src=\"https:\/\/hoyre.no\/content\/uploads\/sites\/438\/2025\/01\/GettyImages-888988878-scaled.jpg\" class=\"attachment-scaled size-scaled\" alt=\"\" style=\"object-position: 50% 50%\" srcset=\"https:\/\/hoyre.no\/content\/uploads\/sites\/438\/2025\/01\/GettyImages-888988878-scaled.jpg 2500w, https:\/\/hoyre.no\/content\/uploads\/sites\/438\/2025\/01\/GettyImages-888988878-300x200.jpg 300w, https:\/\/hoyre.no\/content\/uploads\/sites\/438\/2025\/01\/GettyImages-888988878-1024x683.jpg 1024w, https:\/\/hoyre.no\/content\/uploads\/sites\/438\/2025\/01\/GettyImages-888988878-768x512.jpg 768w, https:\/\/hoyre.no\/content\/uploads\/sites\/438\/2025\/01\/GettyImages-888988878-1536x1024.jpg 1536w, https:\/\/hoyre.no\/content\/uploads\/sites\/438\/2025\/01\/GettyImages-888988878-2048x1365.jpg 2048w\" sizes=\"auto, (max-width: 2500px) 100vw, 2500px\" \/><\/div><\/figure><div class=\"banner-content\"><div class=\"entry-content\">\n<h2 class=\"wp-block-heading\" id=\"h-klima-energi-og-miljo\">Klima, energi og milj\u00f8<\/h2>\n\n\n\n<p>H\u00f8yre vil legge til rette for sikker og milj\u00f8vennlig energiforsyning. <br>God og b\u00e6rekraftig forvaltning av vannkraft, vindkraft og andre fornybare energiformer er n\u00f8dvendig for \u00e5 sikre det gr\u00f8nne skifte.<\/p>\n\n\n\n<div class=\"wp-block-buttons is-layout-flex wp-block-buttons-is-layout-flex\">\n<div class=\"wp-block-button\"><a class=\"wp-block-button__link wp-element-button\" href=\"https:\/\/hoyre.no\/oslo-senior\/klima-energi-og-miljo\/\">les mer her<\/a><\/div>\n<\/div>\n<\/div><\/div><\/div><\/div>\n\n\n\n<div class=\"wp-block-hoyre-banner undefined  is-style-blue\"><div class=\"banner-inner\"><figure class=\"hoyre-image-wrapper\"><div class=\"hoyre-image\"><img loading=\"lazy\" decoding=\"async\" width=\"1875\" height=\"2500\" src=\"https:\/\/hoyre.no\/content\/uploads\/sites\/438\/2025\/01\/IMG_8622-scaled.jpg\" class=\"attachment-scaled size-scaled\" alt=\"\" style=\"object-position: 50% 50%\" srcset=\"https:\/\/hoyre.no\/content\/uploads\/sites\/438\/2025\/01\/IMG_8622-scaled.jpg 1875w, https:\/\/hoyre.no\/content\/uploads\/sites\/438\/2025\/01\/IMG_8622-225x300.jpg 225w, https:\/\/hoyre.no\/content\/uploads\/sites\/438\/2025\/01\/IMG_8622-768x1024.jpg 768w, https:\/\/hoyre.no\/content\/uploads\/sites\/438\/2025\/01\/IMG_8622-1152x1536.jpg 1152w, https:\/\/hoyre.no\/content\/uploads\/sites\/438\/2025\/01\/IMG_8622-1536x2048.jpg 1536w\" sizes=\"auto, (max-width: 1875px) 100vw, 1875px\" \/><\/div><\/figure><div class=\"banner-content\"><div class=\"entry-content\">\n<h2 class=\"wp-block-heading\" id=\"h-kultur\">Kultur<\/h2>\n\n\n\n<p>&#8211; en del av v\u00e5r identitet &#8211;<\/p>\n\n\n\n<div class=\"wp-block-buttons is-layout-flex wp-block-buttons-is-layout-flex\">\n<div class=\"wp-block-button\"><a class=\"wp-block-button__link wp-element-button\" href=\"https:\/\/hoyre.no\/oslo-senior\/kultur\/\">les mer her<\/a><\/div>\n<\/div>\n<\/div><\/div><\/div><\/div>\n\n\n\n\n<div class=\"wp-block-hoyre-banner undefined  is-style-blue\"><div class=\"banner-inner\"><figure class=\"hoyre-image-wrapper\"><div class=\"hoyre-image\"><img loading=\"lazy\" decoding=\"async\" width=\"2500\" height=\"1616\" src=\"https:\/\/hoyre.no\/content\/uploads\/sites\/438\/2025\/01\/GettyImages-600392208-1-scaled.jpg\" class=\"attachment-scaled size-scaled\" alt=\"\" style=\"object-position: 50% 50%\" srcset=\"https:\/\/hoyre.no\/content\/uploads\/sites\/438\/2025\/01\/GettyImages-600392208-1-scaled.jpg 2500w, https:\/\/hoyre.no\/content\/uploads\/sites\/438\/2025\/01\/GettyImages-600392208-1-300x194.jpg 300w, https:\/\/hoyre.no\/content\/uploads\/sites\/438\/2025\/01\/GettyImages-600392208-1-1024x662.jpg 1024w, https:\/\/hoyre.no\/content\/uploads\/sites\/438\/2025\/01\/GettyImages-600392208-1-768x496.jpg 768w, https:\/\/hoyre.no\/content\/uploads\/sites\/438\/2025\/01\/GettyImages-600392208-1-1536x993.jpg 1536w, https:\/\/hoyre.no\/content\/uploads\/sites\/438\/2025\/01\/GettyImages-600392208-1-2048x1324.jpg 2048w\" sizes=\"auto, (max-width: 2500px) 100vw, 2500px\" \/><\/div><\/figure><div class=\"banner-content\"><div class=\"entry-content\">\n<h2 class=\"wp-block-heading\" id=\"h-samferdsel\">Samferdsel<\/h2>\n\n\n\n<p>H\u00f8yre&nbsp;bygger by og bygd tettere sammen, reduserer avstandene mellom folk og s\u00f8rger for at varer og tjenester kommer fortere frem.<\/p>\n\n\n\n<div class=\"wp-block-buttons is-layout-flex wp-block-buttons-is-layout-flex\">\n<div class=\"wp-block-button\"><a class=\"wp-block-button__link wp-element-button\" href=\"https:\/\/hoyre.no\/oslo-senior\/samferdsel\/\">les mer her<\/a><\/div>\n<\/div>\n<\/div><\/div><\/div><\/div>\n\n\n\n<div class=\"wp-block-hoyre-banner undefined  is-style-blue\"><div class=\"banner-inner\"><figure class=\"hoyre-image-wrapper\"><div class=\"hoyre-image\"><img loading=\"lazy\" decoding=\"async\" width=\"2500\" height=\"1667\" src=\"https:\/\/hoyre.no\/content\/uploads\/sites\/438\/2025\/01\/Samfunnsikkkerhet_B92ezu2R-scaled.jpeg\" class=\"attachment-scaled size-scaled\" alt=\"\" style=\"object-position: 50% 50%\" srcset=\"https:\/\/hoyre.no\/content\/uploads\/sites\/438\/2025\/01\/Samfunnsikkkerhet_B92ezu2R-scaled.jpeg 2500w, https:\/\/hoyre.no\/content\/uploads\/sites\/438\/2025\/01\/Samfunnsikkkerhet_B92ezu2R-300x200.jpeg 300w, https:\/\/hoyre.no\/content\/uploads\/sites\/438\/2025\/01\/Samfunnsikkkerhet_B92ezu2R-1024x683.jpeg 1024w, https:\/\/hoyre.no\/content\/uploads\/sites\/438\/2025\/01\/Samfunnsikkkerhet_B92ezu2R-768x512.jpeg 768w, https:\/\/hoyre.no\/content\/uploads\/sites\/438\/2025\/01\/Samfunnsikkkerhet_B92ezu2R-1536x1024.jpeg 1536w, https:\/\/hoyre.no\/content\/uploads\/sites\/438\/2025\/01\/Samfunnsikkkerhet_B92ezu2R-2048x1365.jpeg 2048w\" sizes=\"auto, (max-width: 2500px) 100vw, 2500px\" \/><\/div><\/figure><div class=\"banner-content\"><div class=\"entry-content\">\n<h2 class=\"wp-block-heading\" id=\"h-forsvar-og-samfunnssikkerhet\">Forsvar og samfunnssikkerhet<\/h2>\n\n\n\n<p>Krigen i Ukraina og endringer i den sikkerhetspolitiske situasjonen viser at Norge m\u00e5 handle raskere for \u00e5 bygge opp Forsvaret <\/p>\n\n\n\n<div class=\"wp-block-buttons is-layout-flex wp-block-buttons-is-layout-flex\">\n<div class=\"wp-block-button\"><a class=\"wp-block-button__link wp-element-button\" href=\"https:\/\/hoyre.no\/oslo-senior\/forsvar-og-samfunnssikkerhet\/\">les mer her<\/a><\/div>\n<\/div>\n<\/div><\/div><\/div><\/div>\n","protected":false},"excerpt":{"rendered":"","protected":false},"author":31424,"featured_media":0,"parent":0,"menu_order":0,"comment_status":"closed","ping_status":"closed","template":"","meta":{"teft_cards_image_url":"","teft_cards_custom_pretitle":"","teft_cards_image_id":0,"teft_cards_image_focal_point_x":0,"teft_cards_image_focal_point_y":0,"teft_cards_title":"","teft_cards_excerpt":"","teft_show_chapters":false,"footnotes":""},"class_list":["post-86","page","type-page","status-publish","hentry"],"yoast_head":"<!-- This site is optimized with the Yoast SEO plugin v26.6 - https:\/\/yoast.com\/wordpress\/plugins\/seo\/ -->\n<title>Politisk verksted - Oslo Senior H\u00f8yre<\/title>\n<meta name=\"description\" content=\"Politisk Verksted (PV) er et forum for fri\u00a0meningsutveksling og diskusjon for medlemmer av Oslo Senior H\u00f8yre.\" \/>\n<meta name=\"robots\" content=\"index, follow, max-snippet:-1, max-image-preview:large, max-video-preview:-1\" \/>\n<link rel=\"canonical\" href=\"https:\/\/hoyre.no\/oslo-senior\/politisk-verksted\/\" \/>\n<meta property=\"og:locale\" content=\"nb_NO\" \/>\n<meta property=\"og:type\" content=\"article\" \/>\n<meta property=\"og:title\" content=\"Politisk verksted - Oslo Senior H\u00f8yre\" \/>\n<meta property=\"og:description\" content=\"Politisk Verksted (PV) er et forum for fri\u00a0meningsutveksling og diskusjon for medlemmer av Oslo Senior H\u00f8yre.\" \/>\n<meta property=\"og:url\" content=\"https:\/\/hoyre.no\/oslo-senior\/politisk-verksted\/\" \/>\n<meta property=\"og:site_name\" content=\"Oslo Senior H\u00f8yre\" \/>\n<meta property=\"article:modified_time\" content=\"2025-12-13T16:05:29+00:00\" \/>\n<meta property=\"og:image\" content=\"https:\/\/hoyre.no\/content\/uploads\/sites\/438\/2025\/12\/Politisk-verksted-program-2025-1024x576.jpg\" \/>\n<meta name=\"twitter:card\" content=\"summary_large_image\" \/>\n<meta name=\"twitter:label1\" content=\"Ansl. lesetid\" \/>\n\t<meta name=\"twitter:data1\" content=\"2 minutter\" \/>\n<script type=\"application\/ld+json\" class=\"yoast-schema-graph\">{\"@context\":\"https:\/\/schema.org\",\"@graph\":[{\"@type\":\"WebPage\",\"@id\":\"https:\/\/hoyre.no\/oslo-senior\/politisk-verksted\/\",\"url\":\"https:\/\/hoyre.no\/oslo-senior\/politisk-verksted\/\",\"name\":\"Politisk verksted - Oslo Senior H\u00f8yre\",\"isPartOf\":{\"@id\":\"https:\/\/hoyre.no\/oslo-senior\/#website\"},\"image\":{\"@id\":\"https:\/\/hoyre.no\/oslo-senior\/politisk-verksted\/#primaryimage\"},\"thumbnailUrl\":\"https:\/\/hoyre.no\/content\/uploads\/sites\/438\/2025\/12\/Politisk-verksted-program-2025-1024x576.jpg\",\"datePublished\":\"2025-01-28T15:02:55+00:00\",\"dateModified\":\"2025-12-13T16:05:29+00:00\",\"description\":\"Politisk Verksted (PV) er et forum for fri\u00a0meningsutveksling og diskusjon for medlemmer av Oslo Senior H\u00f8yre.\",\"breadcrumb\":{\"@id\":\"https:\/\/hoyre.no\/oslo-senior\/politisk-verksted\/#breadcrumb\"},\"inLanguage\":\"nb-NO\",\"potentialAction\":[{\"@type\":\"ReadAction\",\"target\":[\"https:\/\/hoyre.no\/oslo-senior\/politisk-verksted\/\"]}]},{\"@type\":\"ImageObject\",\"inLanguage\":\"nb-NO\",\"@id\":\"https:\/\/hoyre.no\/oslo-senior\/politisk-verksted\/#primaryimage\",\"url\":\"https:\/\/hoyre.no\/content\/uploads\/sites\/438\/2025\/12\/Politisk-verksted-program-2025-1024x576.jpg\",\"contentUrl\":\"https:\/\/hoyre.no\/content\/uploads\/sites\/438\/2025\/12\/Politisk-verksted-program-2025-1024x576.jpg\"},{\"@type\":\"BreadcrumbList\",\"@id\":\"https:\/\/hoyre.no\/oslo-senior\/politisk-verksted\/#breadcrumb\",\"itemListElement\":[{\"@type\":\"ListItem\",\"position\":1,\"name\":\"Til hoyre.no\",\"item\":\"https:\/\/hoyre.no\"},{\"@type\":\"ListItem\",\"position\":2,\"name\":\"Hjem\",\"item\":\"https:\/\/hoyre.no\/oslo-senior\/\"},{\"@type\":\"ListItem\",\"position\":3,\"name\":\"Politisk verksted\"}]},{\"@type\":\"WebSite\",\"@id\":\"https:\/\/hoyre.no\/oslo-senior\/#website\",\"url\":\"https:\/\/hoyre.no\/oslo-senior\/\",\"name\":\"Oslo Senior H\u00f8yre\",\"description\":\"\",\"inLanguage\":\"nb-NO\"}]}<\/script>\n<!-- \/ Yoast SEO plugin. -->","yoast_head_json":{"title":"Politisk verksted - Oslo Senior H\u00f8yre","description":"Politisk Verksted (PV) er et forum for fri\u00a0meningsutveksling og diskusjon for medlemmer av Oslo Senior H\u00f8yre.","robots":{"index":"index","follow":"follow","max-snippet":"max-snippet:-1","max-image-preview":"max-image-preview:large","max-video-preview":"max-video-preview:-1"},"canonical":"https:\/\/hoyre.no\/oslo-senior\/politisk-verksted\/","og_locale":"nb_NO","og_type":"article","og_title":"Politisk verksted - Oslo Senior H\u00f8yre","og_description":"Politisk Verksted (PV) er et forum for fri\u00a0meningsutveksling og diskusjon for medlemmer av Oslo Senior H\u00f8yre.","og_url":"https:\/\/hoyre.no\/oslo-senior\/politisk-verksted\/","og_site_name":"Oslo Senior H\u00f8yre","article_modified_time":"2025-12-13T16:05:29+00:00","og_image":[{"url":"https:\/\/hoyre.no\/content\/uploads\/sites\/438\/2025\/12\/Politisk-verksted-program-2025-1024x576.jpg","type":"","width":"","height":""}],"twitter_card":"summary_large_image","twitter_misc":{"Ansl. lesetid":"2 minutter"},"schema":{"@context":"https:\/\/schema.org","@graph":[{"@type":"WebPage","@id":"https:\/\/hoyre.no\/oslo-senior\/politisk-verksted\/","url":"https:\/\/hoyre.no\/oslo-senior\/politisk-verksted\/","name":"Politisk verksted - Oslo Senior H\u00f8yre","isPartOf":{"@id":"https:\/\/hoyre.no\/oslo-senior\/#website"},"image":{"@id":"https:\/\/hoyre.no\/oslo-senior\/politisk-verksted\/#primaryimage"},"thumbnailUrl":"https:\/\/hoyre.no\/content\/uploads\/sites\/438\/2025\/12\/Politisk-verksted-program-2025-1024x576.jpg","datePublished":"2025-01-28T15:02:55+00:00","dateModified":"2025-12-13T16:05:29+00:00","description":"Politisk Verksted (PV) er et forum for fri\u00a0meningsutveksling og diskusjon for medlemmer av Oslo Senior H\u00f8yre.","breadcrumb":{"@id":"https:\/\/hoyre.no\/oslo-senior\/politisk-verksted\/#breadcrumb"},"inLanguage":"nb-NO","potentialAction":[{"@type":"ReadAction","target":["https:\/\/hoyre.no\/oslo-senior\/politisk-verksted\/"]}]},{"@type":"ImageObject","inLanguage":"nb-NO","@id":"https:\/\/hoyre.no\/oslo-senior\/politisk-verksted\/#primaryimage","url":"https:\/\/hoyre.no\/content\/uploads\/sites\/438\/2025\/12\/Politisk-verksted-program-2025-1024x576.jpg","contentUrl":"https:\/\/hoyre.no\/content\/uploads\/sites\/438\/2025\/12\/Politisk-verksted-program-2025-1024x576.jpg"},{"@type":"BreadcrumbList","@id":"https:\/\/hoyre.no\/oslo-senior\/politisk-verksted\/#breadcrumb","itemListElement":[{"@type":"ListItem","position":1,"name":"Til hoyre.no","item":"https:\/\/hoyre.no"},{"@type":"ListItem","position":2,"name":"Hjem","item":"https:\/\/hoyre.no\/oslo-senior\/"},{"@type":"ListItem","position":3,"name":"Politisk verksted"}]},{"@type":"WebSite","@id":"https:\/\/hoyre.no\/oslo-senior\/#website","url":"https:\/\/hoyre.no\/oslo-senior\/","name":"Oslo Senior H\u00f8yre","description":"","inLanguage":"nb-NO"}]}},"distributor_meta":false,"distributor_terms":false,"distributor_media":false,"distributor_original_site_name":"Oslo Senior H\u00f8yre","distributor_original_site_url":"https:\/\/hoyre.no\/oslo-senior","push-errors":false,"_links":{"self":[{"href":"https:\/\/hoyre.no\/oslo-senior\/wp-json\/wp\/v2\/pages\/86","targetHints":{"allow":["GET"]}}],"collection":[{"href":"https:\/\/hoyre.no\/oslo-senior\/wp-json\/wp\/v2\/pages"}],"about":[{"href":"https:\/\/hoyre.no\/oslo-senior\/wp-json\/wp\/v2\/types\/page"}],"author":[{"embeddable":true,"href":"https:\/\/hoyre.no\/oslo-senior\/wp-json\/wp\/v2\/users\/31424"}],"replies":[{"embeddable":true,"href":"https:\/\/hoyre.no\/oslo-senior\/wp-json\/wp\/v2\/comments?post=86"}],"version-history":[{"count":41,"href":"https:\/\/hoyre.no\/oslo-senior\/wp-json\/wp\/v2\/pages\/86\/revisions"}],"predecessor-version":[{"id":931,"href":"https:\/\/hoyre.no\/oslo-senior\/wp-json\/wp\/v2\/pages\/86\/revisions\/931"}],"wp:attachment":[{"href":"https:\/\/hoyre.no\/oslo-senior\/wp-json\/wp\/v2\/media?parent=86"}],"curies":[{"name":"wp","href":"https:\/\/api.w.org\/{rel}","templated":true}]}}