{"id":114,"date":"2025-01-28T16:30:50","date_gmt":"2025-01-28T15:30:50","guid":{"rendered":"https:\/\/hoyre.no\/oslo-senior\/?post_type=teft-events&#038;p=114"},"modified":"2025-12-12T21:34:33","modified_gmt":"2025-12-12T20:34:33","slug":"politisk-verksted","status":"publish","type":"teft-events","link":"https:\/\/hoyre.no\/oslo-senior\/arrangementer\/politisk-verksted\/","title":{"rendered":"V\u00e5r nukle\u00e6re arv &#8211; en ridder av St. Olavs Orden forteller !"},"content":{"rendered":"\n<div class=\"wp-block-teft-event-top\">\n\n<div class=\"teft-event-date-top\">\n<div class=\"teft-event-date-wrapper\">\n\t<div class=\"date-square\" aria-hidden=\"true\">\n\t\t08\t\t\t<\/div>\n<\/div>\n\t<div class=\"top-text\">\n\t\t\t\t\t<p class=\"top-date-text\">mandag 08. desember 2025<\/p>\n\t\t\t\t\t\t\t<p class=\"top-time-text\">13:00 &#8211; 14:00<\/p>\n\t\t\t\t\t\t<\/div>\n\t\t<div class=\"sharing\">\n\t\t<a class=\"share-button share-link copy-link\" data-copy=\"https:\/\/hoyre.no\/oslo-senior\/arrangementer\/politisk-verksted\/\" target=\"_blank\"><span class=\"screen-reader-text\">Del link<\/span><\/a>\n\t\t<a class=\"share-button share-twitter\" href=\"http:\/\/twitter.com\/share?text=V\u00e5r nukle\u00e6re arv &#8211; en ridder av St. Olavs Orden forteller !&#038;url=https:\/\/hoyre.no\/oslo-senior\/arrangementer\/politisk-verksted\/&#038;hashtags=Hoyre\" target=\"_blank\"><span class=\"screen-reader-text\">Del p\u00e5 twitter<\/span><\/a>\n\t\t<a class=\"share-button share-facebook\" href=\"https:\/\/www.facebook.com\/sharer\/sharer.php?u=https:\/\/hoyre.no\/oslo-senior\/arrangementer\/politisk-verksted\/\" target=\"_blank\"><span class=\"screen-reader-text\">Del p\u00e5 facebook<\/span><\/a>\n\t<\/div>\n\t<\/div>\n<p class=\"preamble\"><strong>Brit Salbu<\/strong>\u00a0(f\u00f8dt 1947) er en norsk kjemiker og str\u00e5levernforsker. Salbu to hovedfag i kjemi i 1974 og doktorgraden (Dr. Philos) ved UiO i 1984.  Hun er professor emerita ved Fakultet for milj\u00f8vitenskap og naturforvaltning ved\u00a0<a href=\"https:\/\/no.wikipedia.org\/wiki\/Norges_milj%C3%B8-_og_biovitenskapelige_universitet\">Norges milj\u00f8- og biovitenskapelige universitet<\/a> (NMBU), og har ledet et senter for fremragende forskning, Center for Environmental Radio Activity (<a href=\"https:\/\/www.nmbu.no\/en\/research\/projects\/cerad\">CERAD<\/a>).<br><br>Hun har s\u00e6rlig forsket p\u00e5 milj\u00f8kjemi og radioekologi,  og fra 1987 ledet isotoplaboratoriet ved NMBU. Hun har ledet NATOs milj\u00f8sikkerhetspanel, er medlem av\u00a0Det Norske Vitenskaps-Akademi og har siden 2004 v\u00e6rt fellow ved\u00a0<a href=\"https:\/\/no.wikipedia.org\/w\/index.php?title=Royal_Society_of_Chemistry&amp;action=edit&amp;redlink=1\">Royal Society of Chemistry<\/a>, Storbritannia.<br><br>Brit Salbu ble i 2020 utnevnt til ridder av 1. klasse av\u00a0St. Olavs Orden\u00a0for samfunnsnyttige virke. <br>(kilde: Wikipedia, foto: krediteres aasavis.no)<\/p><figure class=\"hoyre-image-wrapper\"><div class=\"hoyre-image\"><img loading=\"lazy\" decoding=\"async\" width=\"1200\" height=\"801\" src=\"https:\/\/hoyre.no\/content\/uploads\/sites\/438\/2025\/01\/BritSalbu1.jpg\" class=\"attachment-scaled size-scaled\" alt=\"\" style=\"object-position: 50% 50%\" srcset=\"https:\/\/hoyre.no\/content\/uploads\/sites\/438\/2025\/01\/BritSalbu1.jpg 1200w, https:\/\/hoyre.no\/content\/uploads\/sites\/438\/2025\/01\/BritSalbu1-300x200.jpg 300w, https:\/\/hoyre.no\/content\/uploads\/sites\/438\/2025\/01\/BritSalbu1-1024x684.jpg 1024w, https:\/\/hoyre.no\/content\/uploads\/sites\/438\/2025\/01\/BritSalbu1-768x513.jpg 768w\" sizes=\"auto, (max-width: 1200px) 100vw, 1200px\" \/><\/div><\/figure>\n\n<div class=\"panel teft-details-panel\">\n\t\t<h3>Detaljer<\/h3>\n\n\t\t\t\t\t<dl class=\"info-misc-with-icons\">\n\t\t\t\t<dt class=\"venue\"><span class=\"screen-reader-text\">Stedet<\/span><\/dt>\n\t\t\t\t<dd>\n\t\t\t\t\t\t\t\t\t\t\t<span class=\"address-line-1\">Oslo, H\u00f8yres Hus<\/span>\n\t\t\t\t\t\t\t\t\t\t\t\t\t\t<\/dd>\n\t\t\t<\/dl>\n\t\t\t\t\t\t\t<dl class=\"info-misc-with-icons\">\n\t\t<dt class=\"time\"><span class=\"screen-reader-text\">Arrangement dato<\/span><\/dt>\n\t\t<dd class=\"time\">\n\t\t\tman 8. desember 2025 fra  13:00 &#8211; 14:00\t\t<\/dd>\n\t<\/dl>\n\t\t\t\t<\/dl>\n<\/div>\n<\/div>\n\n\n\n\n<h2 class=\"wp-block-heading\">Informasjon<\/h2>\n\n\n\n<p>Presnetasjonen til Brit Salbu i Polirisk verksted 8.12.2025 kan lastes ned her.<\/p>\n\n\n\n<div class=\"wp-block-teft-file icon-link-block\"><a href=\"https:\/\/hoyre.no\/content\/uploads\/sites\/438\/2025\/01\/Norges-nukleaere-arv_Brit-Salbu_PV_08.12.2025.pdf\" download><span class=\"file-title\">Norges nukle\u00e6re arv, Brit Salbu i Politisk verksted, 8.12.2025<\/span><span class=\"file-name\"><\/span><\/a><\/div>\n\n\n<div class=\"post-meta wp-block\">\n\t<div class=\"top\">\n\t\t<div class=\"sharing\">\n\t\t\t<a class=\"share-button share-link\" target=\"_blank\"><span class=\"screen-reader-text\">Del link<\/span><\/a>\n\t\t\t<a class=\"share-button share-twitter\" href=\"http:\/\/twitter.com\/share?text=V\u00e5r nukle\u00e6re arv &#8211; en ridder av St. Olavs Orden forteller !&#038;url=https:\/\/hoyre.no\/oslo-senior\/arrangementer\/politisk-verksted\/&#038;hashtags=Hoyre\"><span class=\"screen-reader-text\">Del p\u00e5 twitter<\/span><\/a>\n\t\t\t<a class=\"share-button share-facebook\" href=\"https:\/\/www.facebook.com\/sharer\/sharer.php?u=https:\/\/hoyre.no\/oslo-senior\/arrangementer\/politisk-verksted\/\" target=\"_blank\"><span class=\"screen-reader-text\">Del p\u00e5 facebook<\/span><\/a>\n\t\t<\/div>\n\t<\/div>\n<\/div>\n","protected":false},"template":"","meta":{"teft_cards_image_url":"","teft_cards_custom_pretitle":"","teft_cards_image_id":806,"teft_cards_image_focal_point_x":0.5,"teft_cards_image_focal_point_y":0.5,"teft_cards_title":"","teft_cards_excerpt":"","teft_show_chapters":false,"event_organizer":[],"event_start_date":"2025-12-08T13:00:00","event_end_date":"2025-12-08T14:00:00","event_registration_url":"","event_registration_deadline":"","event_ticket_cost":"","event_venue_name":"Oslo, H\u00f8yres Hus","event_venue_url":"","event_venue_address":""},"teft-events-category":[],"class_list":["post-114","teft-events","type-teft-events","status-publish","hentry"],"yoast_head":"<!-- This site is optimized with the Yoast SEO plugin v26.6 - https:\/\/yoast.com\/wordpress\/plugins\/seo\/ -->\n<title>V\u00e5r nukle\u00e6re arv - en ridder av St. Olavs Orden forteller ! - Oslo Senior H\u00f8yre<\/title>\n<meta name=\"robots\" content=\"index, follow, max-snippet:-1, max-image-preview:large, max-video-preview:-1\" \/>\n<link rel=\"canonical\" href=\"https:\/\/hoyre.no\/oslo-senior\/arrangementer\/politisk-verksted\/\" \/>\n<meta property=\"og:locale\" content=\"nb_NO\" \/>\n<meta property=\"og:type\" content=\"article\" \/>\n<meta property=\"og:title\" content=\"V\u00e5r nukle\u00e6re arv - en ridder av St. Olavs Orden forteller ! - Oslo Senior H\u00f8yre\" \/>\n<meta property=\"og:url\" content=\"https:\/\/hoyre.no\/oslo-senior\/arrangementer\/politisk-verksted\/\" \/>\n<meta property=\"og:site_name\" content=\"Oslo Senior H\u00f8yre\" \/>\n<meta property=\"article:modified_time\" content=\"2025-12-12T20:34:33+00:00\" \/>\n<meta property=\"og:image\" content=\"https:\/\/hoyre.no\/content\/uploads\/sites\/438\/2025\/01\/brit-salbu_2.jpg\" \/>\n<meta name=\"twitter:card\" content=\"summary_large_image\" \/>\n<meta name=\"twitter:label1\" content=\"Ansl. lesetid\" \/>\n\t<meta name=\"twitter:data1\" content=\"1 minutt\" \/>\n<script type=\"application\/ld+json\" class=\"yoast-schema-graph\">{\"@context\":\"https:\/\/schema.org\",\"@graph\":[{\"@type\":\"WebPage\",\"@id\":\"https:\/\/hoyre.no\/oslo-senior\/arrangementer\/politisk-verksted\/\",\"url\":\"https:\/\/hoyre.no\/oslo-senior\/arrangementer\/politisk-verksted\/\",\"name\":\"V\u00e5r nukle\u00e6re arv - en ridder av St. Olavs Orden forteller ! - Oslo Senior H\u00f8yre\",\"isPartOf\":{\"@id\":\"https:\/\/hoyre.no\/oslo-senior\/#website\"},\"datePublished\":\"2025-01-28T15:30:50+00:00\",\"dateModified\":\"2025-12-12T20:34:33+00:00\",\"breadcrumb\":{\"@id\":\"https:\/\/hoyre.no\/oslo-senior\/arrangementer\/politisk-verksted\/#breadcrumb\"},\"inLanguage\":\"nb-NO\",\"potentialAction\":[{\"@type\":\"ReadAction\",\"target\":[\"https:\/\/hoyre.no\/oslo-senior\/arrangementer\/politisk-verksted\/\"]}]},{\"@type\":\"BreadcrumbList\",\"@id\":\"https:\/\/hoyre.no\/oslo-senior\/arrangementer\/politisk-verksted\/#breadcrumb\",\"itemListElement\":[{\"@type\":\"ListItem\",\"position\":1,\"name\":\"Til hoyre.no\",\"item\":\"https:\/\/hoyre.no\"},{\"@type\":\"ListItem\",\"position\":2,\"name\":\"Hjem\",\"item\":\"https:\/\/hoyre.no\/oslo-senior\/\"},{\"@type\":\"ListItem\",\"position\":3,\"name\":\"Arrangement\",\"item\":\"https:\/\/hoyre.no\/oslo-senior\/arrangementer\/\"},{\"@type\":\"ListItem\",\"position\":4,\"name\":\"V\u00e5r nukle\u00e6re arv &#8211; en ridder av St. Olavs Orden forteller !\"}]},{\"@type\":\"WebSite\",\"@id\":\"https:\/\/hoyre.no\/oslo-senior\/#website\",\"url\":\"https:\/\/hoyre.no\/oslo-senior\/\",\"name\":\"Oslo Senior H\u00f8yre\",\"description\":\"\",\"inLanguage\":\"nb-NO\"}]}<\/script>\n<!-- \/ Yoast SEO plugin. -->","yoast_head_json":{"title":"V\u00e5r nukle\u00e6re arv - en ridder av St. Olavs Orden forteller ! - Oslo Senior H\u00f8yre","robots":{"index":"index","follow":"follow","max-snippet":"max-snippet:-1","max-image-preview":"max-image-preview:large","max-video-preview":"max-video-preview:-1"},"canonical":"https:\/\/hoyre.no\/oslo-senior\/arrangementer\/politisk-verksted\/","og_locale":"nb_NO","og_type":"article","og_title":"V\u00e5r nukle\u00e6re arv - en ridder av St. Olavs Orden forteller ! - Oslo Senior H\u00f8yre","og_url":"https:\/\/hoyre.no\/oslo-senior\/arrangementer\/politisk-verksted\/","og_site_name":"Oslo Senior H\u00f8yre","article_modified_time":"2025-12-12T20:34:33+00:00","og_image":[{"url":"https:\/\/hoyre.no\/content\/uploads\/sites\/438\/2025\/01\/brit-salbu_2.jpg","width":"","height":"","type":""}],"twitter_card":"summary_large_image","twitter_misc":{"Ansl. lesetid":"1 minutt"},"schema":{"@context":"https:\/\/schema.org","@graph":[{"@type":"WebPage","@id":"https:\/\/hoyre.no\/oslo-senior\/arrangementer\/politisk-verksted\/","url":"https:\/\/hoyre.no\/oslo-senior\/arrangementer\/politisk-verksted\/","name":"V\u00e5r nukle\u00e6re arv - en ridder av St. Olavs Orden forteller ! - Oslo Senior H\u00f8yre","isPartOf":{"@id":"https:\/\/hoyre.no\/oslo-senior\/#website"},"datePublished":"2025-01-28T15:30:50+00:00","dateModified":"2025-12-12T20:34:33+00:00","breadcrumb":{"@id":"https:\/\/hoyre.no\/oslo-senior\/arrangementer\/politisk-verksted\/#breadcrumb"},"inLanguage":"nb-NO","potentialAction":[{"@type":"ReadAction","target":["https:\/\/hoyre.no\/oslo-senior\/arrangementer\/politisk-verksted\/"]}]},{"@type":"BreadcrumbList","@id":"https:\/\/hoyre.no\/oslo-senior\/arrangementer\/politisk-verksted\/#breadcrumb","itemListElement":[{"@type":"ListItem","position":1,"name":"Til hoyre.no","item":"https:\/\/hoyre.no"},{"@type":"ListItem","position":2,"name":"Hjem","item":"https:\/\/hoyre.no\/oslo-senior\/"},{"@type":"ListItem","position":3,"name":"Arrangement","item":"https:\/\/hoyre.no\/oslo-senior\/arrangementer\/"},{"@type":"ListItem","position":4,"name":"V\u00e5r nukle\u00e6re arv &#8211; en ridder av St. Olavs Orden forteller !"}]},{"@type":"WebSite","@id":"https:\/\/hoyre.no\/oslo-senior\/#website","url":"https:\/\/hoyre.no\/oslo-senior\/","name":"Oslo Senior H\u00f8yre","description":"","inLanguage":"nb-NO"}]}},"distributor_meta":false,"distributor_terms":false,"distributor_media":false,"distributor_original_site_name":"Oslo Senior H\u00f8yre","distributor_original_site_url":"https:\/\/hoyre.no\/oslo-senior","push-errors":false,"_links":{"self":[{"href":"https:\/\/hoyre.no\/oslo-senior\/wp-json\/wp\/v2\/teft-events\/114","targetHints":{"allow":["GET"]}}],"collection":[{"href":"https:\/\/hoyre.no\/oslo-senior\/wp-json\/wp\/v2\/teft-events"}],"about":[{"href":"https:\/\/hoyre.no\/oslo-senior\/wp-json\/wp\/v2\/types\/teft-events"}],"wp:attachment":[{"href":"https:\/\/hoyre.no\/oslo-senior\/wp-json\/wp\/v2\/media?parent=114"}],"wp:term":[{"taxonomy":"teft-events-category","embeddable":true,"href":"https:\/\/hoyre.no\/oslo-senior\/wp-json\/wp\/v2\/teft-events-category?post=114"}],"curies":[{"name":"wp","href":"https:\/\/api.w.org\/{rel}","templated":true}]}}