{"id":392,"date":"2025-02-04T16:14:47","date_gmt":"2025-02-04T15:14:47","guid":{"rendered":"https:\/\/hoyre.no\/oslo-senior\/?post_type=teft-events&#038;p=392"},"modified":"2025-05-24T18:31:02","modified_gmt":"2025-05-24T16:31:02","slug":"faglig-mote-i-kem-gruppen-4","status":"publish","type":"teft-events","link":"https:\/\/hoyre.no\/oslo-senior\/arrangementer\/faglig-mote-i-kem-gruppen-4\/","title":{"rendered":"Faglig m\u00f8te i KEM-gruppen"},"content":{"rendered":"\n<div class=\"wp-block-teft-event-top\">\n\n<div class=\"teft-event-date-top\">\n<div class=\"teft-event-date-wrapper\">\n\t<div class=\"date-square\" aria-hidden=\"true\">\n\t\t02\t\t\t<\/div>\n<\/div>\n\t<div class=\"top-text\">\n\t\t\t\t\t<p class=\"top-date-text\">mandag 02. juni 2025<\/p>\n\t\t\t\t\t\t\t<p class=\"top-time-text\">13:00 &#8211; 14:30<\/p>\n\t\t\t\t\t\t<\/div>\n\t\t<div class=\"sharing\">\n\t\t<a class=\"share-button share-link copy-link\" data-copy=\"https:\/\/hoyre.no\/oslo-senior\/arrangementer\/faglig-mote-i-kem-gruppen-4\/\" target=\"_blank\"><span class=\"screen-reader-text\">Del link<\/span><\/a>\n\t\t<a class=\"share-button share-twitter\" href=\"http:\/\/twitter.com\/share?text=Faglig m\u00f8te i KEM-gruppen&#038;url=https:\/\/hoyre.no\/oslo-senior\/arrangementer\/faglig-mote-i-kem-gruppen-4\/&#038;hashtags=Hoyre\" target=\"_blank\"><span class=\"screen-reader-text\">Del p\u00e5 twitter<\/span><\/a>\n\t\t<a class=\"share-button share-facebook\" href=\"https:\/\/www.facebook.com\/sharer\/sharer.php?u=https:\/\/hoyre.no\/oslo-senior\/arrangementer\/faglig-mote-i-kem-gruppen-4\/\" target=\"_blank\"><span class=\"screen-reader-text\">Del p\u00e5 facebook<\/span><\/a>\n\t<\/div>\n\t<\/div>\n<p class=\"preamble\">Tema p\u00e5 dette m\u00f8tet er avfallsh\u00e5ndering i Oslo og de nye kraven som gjelder for kildesortering.<br> <br>Innledning ved Mehmet Kaan Inan, som er  gruppenestleder og fraksjonsleder for milj\u00f8 og samferdsel for Oslo H\u00f8yre.<\/p><figure class=\"hoyre-image-wrapper\"><div class=\"hoyre-image\"><img loading=\"lazy\" decoding=\"async\" width=\"2500\" height=\"1667\" src=\"https:\/\/hoyre.no\/content\/uploads\/sites\/438\/2025\/02\/IMG_4702-scaled.jpg\" class=\"attachment-scaled size-scaled\" alt=\"\" style=\"object-position: 50% 50%\" srcset=\"https:\/\/hoyre.no\/content\/uploads\/sites\/438\/2025\/02\/IMG_4702-scaled.jpg 2500w, https:\/\/hoyre.no\/content\/uploads\/sites\/438\/2025\/02\/IMG_4702-300x200.jpg 300w, https:\/\/hoyre.no\/content\/uploads\/sites\/438\/2025\/02\/IMG_4702-1024x683.jpg 1024w, https:\/\/hoyre.no\/content\/uploads\/sites\/438\/2025\/02\/IMG_4702-768x512.jpg 768w, https:\/\/hoyre.no\/content\/uploads\/sites\/438\/2025\/02\/IMG_4702-1536x1024.jpg 1536w, https:\/\/hoyre.no\/content\/uploads\/sites\/438\/2025\/02\/IMG_4702-2048x1365.jpg 2048w\" sizes=\"auto, (max-width: 2500px) 100vw, 2500px\" \/><\/div><\/figure>\n\n<div class=\"panel teft-details-panel\">\n\t\t<h3>Detaljer<\/h3>\n\n\t\t\t\t\t<dl class=\"info-misc-with-icons\">\n\t\t\t\t<dt class=\"venue\"><span class=\"screen-reader-text\">Stedet<\/span><\/dt>\n\t\t\t\t<dd>\n\t\t\t\t\t\t\t\t\t\t\t<span class=\"address-line-1\">Oslo, H\u00f8yres Hus<\/span>\n\t\t\t\t\t\t\t\t\t\t\t\t\t\t<\/dd>\n\t\t\t<\/dl>\n\t\t\t\t\t\t\t<dl class=\"info-misc-with-icons\">\n\t\t<dt class=\"time\"><span class=\"screen-reader-text\">Arrangement dato<\/span><\/dt>\n\t\t<dd class=\"time\">\n\t\t\tman 2. juni 2025 fra  13:00 &#8211; 14:30\t\t<\/dd>\n\t<\/dl>\n\t\t\t\t<\/dl>\n<\/div>\n<\/div>\n\n\n\n\n<h2 class=\"wp-block-heading\" id=\"h-informasjon\">Informasjon<\/h2>\n\n\n\n<p><a href=\"https:\/\/blogg.norskgjenvinning.no\/avfallsforskriften-nye-sorteringskrav-for-kommuner-og-bedrifter-i-2025\">Avfallsforskriften: Nye sorteringskrav for kommuner og bedrifter i 2025<\/a><br>Fra 1. januar 2025 innf\u00f8res det nye krav til kildesortering av papir, papp, glass, metall og tekstiler i kommuner og bedrifter. <br>Endringene er ment \u00e5 \u00f8ke materialgjenvinningen og redusere milj\u00f8belastningen.<\/p>\n\n\n\n<p>En av endringene er at tekstilavfall <strong>ikke <\/strong>lenger skal i Restavfallet. I stedet skal det etableres bringeordninger for tekstilavfall via kommunale gjenvinningsstasjoner. <\/p>\n\n\n<div class=\"post-meta wp-block\">\n\t<div class=\"top\">\n\t\t<div class=\"sharing\">\n\t\t\t<a class=\"share-button share-link\" target=\"_blank\"><span class=\"screen-reader-text\">Del link<\/span><\/a>\n\t\t\t<a class=\"share-button share-twitter\" href=\"http:\/\/twitter.com\/share?text=Faglig m\u00f8te i KEM-gruppen&#038;url=https:\/\/hoyre.no\/oslo-senior\/arrangementer\/faglig-mote-i-kem-gruppen-4\/&#038;hashtags=Hoyre\"><span class=\"screen-reader-text\">Del p\u00e5 twitter<\/span><\/a>\n\t\t\t<a class=\"share-button share-facebook\" href=\"https:\/\/www.facebook.com\/sharer\/sharer.php?u=https:\/\/hoyre.no\/oslo-senior\/arrangementer\/faglig-mote-i-kem-gruppen-4\/\" target=\"_blank\"><span class=\"screen-reader-text\">Del p\u00e5 facebook<\/span><\/a>\n\t\t<\/div>\n\t<\/div>\n<\/div>\n","protected":false},"template":"","meta":{"teft_cards_image_url":"","teft_cards_custom_pretitle":"","teft_cards_image_id":490,"teft_cards_image_focal_point_x":0.5,"teft_cards_image_focal_point_y":0.5,"teft_cards_title":"Avfallsh\u00e5ndering i Oslo","teft_cards_excerpt":"","teft_show_chapters":false,"event_organizer":[],"event_start_date":"2025-06-02T13:00:00","event_end_date":"2025-06-02T14:30:00","event_registration_url":"","event_registration_deadline":"","event_ticket_cost":"","event_venue_name":"Oslo, H\u00f8yres Hus","event_venue_url":"","event_venue_address":""},"teft-events-category":[],"class_list":["post-392","teft-events","type-teft-events","status-publish","hentry"],"yoast_head":"<!-- This site is optimized with the Yoast SEO plugin v26.6 - https:\/\/yoast.com\/wordpress\/plugins\/seo\/ -->\n<title>Faglig m\u00f8te i KEM-gruppen - Oslo Senior H\u00f8yre<\/title>\n<meta name=\"robots\" content=\"index, follow, max-snippet:-1, max-image-preview:large, max-video-preview:-1\" \/>\n<link rel=\"canonical\" href=\"https:\/\/hoyre.no\/oslo-senior\/arrangementer\/faglig-mote-i-kem-gruppen-4\/\" \/>\n<meta property=\"og:locale\" content=\"nb_NO\" \/>\n<meta property=\"og:type\" content=\"article\" \/>\n<meta property=\"og:title\" content=\"Faglig m\u00f8te i KEM-gruppen - Oslo Senior H\u00f8yre\" \/>\n<meta property=\"og:url\" content=\"https:\/\/hoyre.no\/oslo-senior\/arrangementer\/faglig-mote-i-kem-gruppen-4\/\" \/>\n<meta property=\"og:site_name\" content=\"Oslo Senior H\u00f8yre\" \/>\n<meta property=\"article:modified_time\" content=\"2025-05-24T16:31:02+00:00\" \/>\n<meta property=\"og:image\" content=\"https:\/\/hoyre.no\/content\/uploads\/sites\/438\/2025\/02\/IMG_4702-1024x683.jpg\" \/>\n<meta name=\"twitter:card\" content=\"summary_large_image\" \/>\n<meta name=\"twitter:label1\" content=\"Ansl. lesetid\" \/>\n\t<meta name=\"twitter:data1\" content=\"1 minutt\" \/>\n<script type=\"application\/ld+json\" class=\"yoast-schema-graph\">{\"@context\":\"https:\/\/schema.org\",\"@graph\":[{\"@type\":\"WebPage\",\"@id\":\"https:\/\/hoyre.no\/oslo-senior\/arrangementer\/faglig-mote-i-kem-gruppen-4\/\",\"url\":\"https:\/\/hoyre.no\/oslo-senior\/arrangementer\/faglig-mote-i-kem-gruppen-4\/\",\"name\":\"Faglig m\u00f8te i KEM-gruppen - Oslo Senior H\u00f8yre\",\"isPartOf\":{\"@id\":\"https:\/\/hoyre.no\/oslo-senior\/#website\"},\"datePublished\":\"2025-02-04T15:14:47+00:00\",\"dateModified\":\"2025-05-24T16:31:02+00:00\",\"breadcrumb\":{\"@id\":\"https:\/\/hoyre.no\/oslo-senior\/arrangementer\/faglig-mote-i-kem-gruppen-4\/#breadcrumb\"},\"inLanguage\":\"nb-NO\",\"potentialAction\":[{\"@type\":\"ReadAction\",\"target\":[\"https:\/\/hoyre.no\/oslo-senior\/arrangementer\/faglig-mote-i-kem-gruppen-4\/\"]}]},{\"@type\":\"BreadcrumbList\",\"@id\":\"https:\/\/hoyre.no\/oslo-senior\/arrangementer\/faglig-mote-i-kem-gruppen-4\/#breadcrumb\",\"itemListElement\":[{\"@type\":\"ListItem\",\"position\":1,\"name\":\"Til hoyre.no\",\"item\":\"https:\/\/hoyre.no\"},{\"@type\":\"ListItem\",\"position\":2,\"name\":\"Hjem\",\"item\":\"https:\/\/hoyre.no\/oslo-senior\/\"},{\"@type\":\"ListItem\",\"position\":3,\"name\":\"Arrangement\",\"item\":\"https:\/\/hoyre.no\/oslo-senior\/arrangementer\/\"},{\"@type\":\"ListItem\",\"position\":4,\"name\":\"Faglig m\u00f8te i KEM-gruppen\"}]},{\"@type\":\"WebSite\",\"@id\":\"https:\/\/hoyre.no\/oslo-senior\/#website\",\"url\":\"https:\/\/hoyre.no\/oslo-senior\/\",\"name\":\"Oslo Senior H\u00f8yre\",\"description\":\"\",\"inLanguage\":\"nb-NO\"}]}<\/script>\n<!-- \/ Yoast SEO plugin. -->","yoast_head_json":{"title":"Faglig m\u00f8te i KEM-gruppen - Oslo Senior H\u00f8yre","robots":{"index":"index","follow":"follow","max-snippet":"max-snippet:-1","max-image-preview":"max-image-preview:large","max-video-preview":"max-video-preview:-1"},"canonical":"https:\/\/hoyre.no\/oslo-senior\/arrangementer\/faglig-mote-i-kem-gruppen-4\/","og_locale":"nb_NO","og_type":"article","og_title":"Faglig m\u00f8te i KEM-gruppen - Oslo Senior H\u00f8yre","og_url":"https:\/\/hoyre.no\/oslo-senior\/arrangementer\/faglig-mote-i-kem-gruppen-4\/","og_site_name":"Oslo Senior H\u00f8yre","article_modified_time":"2025-05-24T16:31:02+00:00","og_image":[{"url":"https:\/\/hoyre.no\/content\/uploads\/sites\/438\/2025\/02\/IMG_4702-1024x683.jpg","width":"","height":"","type":""}],"twitter_card":"summary_large_image","twitter_misc":{"Ansl. lesetid":"1 minutt"},"schema":{"@context":"https:\/\/schema.org","@graph":[{"@type":"WebPage","@id":"https:\/\/hoyre.no\/oslo-senior\/arrangementer\/faglig-mote-i-kem-gruppen-4\/","url":"https:\/\/hoyre.no\/oslo-senior\/arrangementer\/faglig-mote-i-kem-gruppen-4\/","name":"Faglig m\u00f8te i KEM-gruppen - Oslo Senior H\u00f8yre","isPartOf":{"@id":"https:\/\/hoyre.no\/oslo-senior\/#website"},"datePublished":"2025-02-04T15:14:47+00:00","dateModified":"2025-05-24T16:31:02+00:00","breadcrumb":{"@id":"https:\/\/hoyre.no\/oslo-senior\/arrangementer\/faglig-mote-i-kem-gruppen-4\/#breadcrumb"},"inLanguage":"nb-NO","potentialAction":[{"@type":"ReadAction","target":["https:\/\/hoyre.no\/oslo-senior\/arrangementer\/faglig-mote-i-kem-gruppen-4\/"]}]},{"@type":"BreadcrumbList","@id":"https:\/\/hoyre.no\/oslo-senior\/arrangementer\/faglig-mote-i-kem-gruppen-4\/#breadcrumb","itemListElement":[{"@type":"ListItem","position":1,"name":"Til hoyre.no","item":"https:\/\/hoyre.no"},{"@type":"ListItem","position":2,"name":"Hjem","item":"https:\/\/hoyre.no\/oslo-senior\/"},{"@type":"ListItem","position":3,"name":"Arrangement","item":"https:\/\/hoyre.no\/oslo-senior\/arrangementer\/"},{"@type":"ListItem","position":4,"name":"Faglig m\u00f8te i KEM-gruppen"}]},{"@type":"WebSite","@id":"https:\/\/hoyre.no\/oslo-senior\/#website","url":"https:\/\/hoyre.no\/oslo-senior\/","name":"Oslo Senior H\u00f8yre","description":"","inLanguage":"nb-NO"}]}},"distributor_meta":false,"distributor_terms":false,"distributor_media":false,"distributor_original_site_name":"Oslo Senior H\u00f8yre","distributor_original_site_url":"https:\/\/hoyre.no\/oslo-senior","push-errors":false,"_links":{"self":[{"href":"https:\/\/hoyre.no\/oslo-senior\/wp-json\/wp\/v2\/teft-events\/392","targetHints":{"allow":["GET"]}}],"collection":[{"href":"https:\/\/hoyre.no\/oslo-senior\/wp-json\/wp\/v2\/teft-events"}],"about":[{"href":"https:\/\/hoyre.no\/oslo-senior\/wp-json\/wp\/v2\/types\/teft-events"}],"wp:attachment":[{"href":"https:\/\/hoyre.no\/oslo-senior\/wp-json\/wp\/v2\/media?parent=392"}],"wp:term":[{"taxonomy":"teft-events-category","embeddable":true,"href":"https:\/\/hoyre.no\/oslo-senior\/wp-json\/wp\/v2\/teft-events-category?post=392"}],"curies":[{"name":"wp","href":"https:\/\/api.w.org\/{rel}","templated":true}]}}