{"id":394,"date":"2025-02-04T16:19:13","date_gmt":"2025-02-04T15:19:13","guid":{"rendered":"https:\/\/hoyre.no\/oslo-senior\/?post_type=teft-events&#038;p=394"},"modified":"2025-10-23T17:52:08","modified_gmt":"2025-10-23T15:52:08","slug":"faglig-mote-i-kem-gruppen-6","status":"publish","type":"teft-events","link":"https:\/\/hoyre.no\/oslo-senior\/arrangementer\/faglig-mote-i-kem-gruppen-6\/","title":{"rendered":"Faglig m\u00f8te i KEM-gruppen"},"content":{"rendered":"\n<div class=\"wp-block-teft-event-top\">\n\n<div class=\"teft-event-date-top\">\n<div class=\"teft-event-date-wrapper\">\n\t<div class=\"date-square\" aria-hidden=\"true\">\n\t\t20\t\t\t<\/div>\n<\/div>\n\t<div class=\"top-text\">\n\t\t\t\t\t<p class=\"top-date-text\">mandag 20. oktober 2025<\/p>\n\t\t\t\t\t\t\t<p class=\"top-time-text\">11:00 &#8211; 12:30<\/p>\n\t\t\t\t\t\t<\/div>\n\t\t<div class=\"sharing\">\n\t\t<a class=\"share-button share-link copy-link\" data-copy=\"https:\/\/hoyre.no\/oslo-senior\/arrangementer\/faglig-mote-i-kem-gruppen-6\/\" target=\"_blank\"><span class=\"screen-reader-text\">Del link<\/span><\/a>\n\t\t<a class=\"share-button share-twitter\" href=\"http:\/\/twitter.com\/share?text=Faglig m\u00f8te i KEM-gruppen&#038;url=https:\/\/hoyre.no\/oslo-senior\/arrangementer\/faglig-mote-i-kem-gruppen-6\/&#038;hashtags=Hoyre\" target=\"_blank\"><span class=\"screen-reader-text\">Del p\u00e5 twitter<\/span><\/a>\n\t\t<a class=\"share-button share-facebook\" href=\"https:\/\/www.facebook.com\/sharer\/sharer.php?u=https:\/\/hoyre.no\/oslo-senior\/arrangementer\/faglig-mote-i-kem-gruppen-6\/\" target=\"_blank\"><span class=\"screen-reader-text\">Del p\u00e5 facebook<\/span><\/a>\n\t<\/div>\n\t<\/div>\n<p class=\"preamble\">Klimaetaten i Oslo, opprettet i 2016, fungerer som en faglig ressurs for \u00e5 n\u00e5 kommunens klimam\u00e5l. Klimaetaten har ansvar for oppf\u00f8lging av\u00a0<a href=\"https:\/\/www.klimaoslo.no\/collection\/klimastrategi-for-oslo-mot-2030\/\" target=\"_blank\" rel=\"noreferrer noopener\">Klimastrategi for Oslo mot 2030<\/a>, som har som overordnet m\u00e5l \u00e5 redusere byens klimagassutslipp med 95 prosent innen 2030. Etaten jobber ogs\u00e5 for \u00e5 gj\u00f8re Oslo klimarobust i m\u00f8te med klimaendringer.<br><br>Vi f\u00e5r bes\u00f8k av Heidi S\u00f8rensen, direkt\u00f8r for <a href=\"https:\/\/www.oslo.kommune.no\/etater-foretak-og-ombud\/klimaetaten\/#gref\" target=\"_blank\" rel=\"noreferrer noopener\">Klimaetaten<\/a> i Oslo, og sp\u00f8r henne bla. om hvor vi st\u00e5r i forhold til klimam\u00e5lene i de ulike sektorer og hvor realistisk er det at vi vil oppn\u00e5 95% reduskjon innen 2030?<br><br>Heidi S\u00f8rensen har v\u00e6rt direkt\u00f8r for Klimaetaten i Oslo kommune siden 2017. <\/p>\n\n<div class=\"panel teft-details-panel\">\n\t\t<h3>Detaljer<\/h3>\n\n\t\t\t\t\t<dl class=\"info-misc-with-icons\">\n\t\t\t\t<dt class=\"venue\"><span class=\"screen-reader-text\">Stedet<\/span><\/dt>\n\t\t\t\t<dd>\n\t\t\t\t\t\t\t\t\t\t\t<span class=\"address-line-1\">Oslo, H\u00f8yres Hus<\/span>\n\t\t\t\t\t\t\t\t\t\t\t\t\t\t<\/dd>\n\t\t\t<\/dl>\n\t\t\t\t\t\t\t<dl class=\"info-misc-with-icons\">\n\t\t<dt class=\"time\"><span class=\"screen-reader-text\">Arrangement dato<\/span><\/dt>\n\t\t<dd class=\"time\">\n\t\t\tman 20. oktober 2025 fra  11:00 &#8211; 12:30\t\t<\/dd>\n\t<\/dl>\n\t\t\t\t<\/dl>\n<\/div>\n<\/div>\n\n\n\n\n<h2 class=\"wp-block-heading\" id=\"h-informasjon\">Informasjon<\/h2>\n\n\n\n<p>Under finner du presentasjonen til Heidi S\u00f8rensen<\/p>\n\n\n\n<div class=\"wp-block-teft-file icon-link-block\"><a href=\"https:\/\/hoyre.no\/content\/uploads\/sites\/438\/2025\/02\/2025-10-20.-Heidi-Sorensen_Klimamalene-i-Oslo.pdf\" download><span class=\"file-title\">2025-10-20. Heidi S\u00f8rensen -Klimam\u00e5lene i Oslo<\/span><span class=\"file-name\"><\/span><\/a><\/div>\n\n\n<div class=\"post-meta wp-block\">\n\t<div class=\"top\">\n\t\t<div class=\"sharing\">\n\t\t\t<a class=\"share-button share-link\" target=\"_blank\"><span class=\"screen-reader-text\">Del link<\/span><\/a>\n\t\t\t<a class=\"share-button share-twitter\" href=\"http:\/\/twitter.com\/share?text=Faglig m\u00f8te i KEM-gruppen&#038;url=https:\/\/hoyre.no\/oslo-senior\/arrangementer\/faglig-mote-i-kem-gruppen-6\/&#038;hashtags=Hoyre\"><span class=\"screen-reader-text\">Del p\u00e5 twitter<\/span><\/a>\n\t\t\t<a class=\"share-button share-facebook\" href=\"https:\/\/www.facebook.com\/sharer\/sharer.php?u=https:\/\/hoyre.no\/oslo-senior\/arrangementer\/faglig-mote-i-kem-gruppen-6\/\" target=\"_blank\"><span class=\"screen-reader-text\">Del p\u00e5 facebook<\/span><\/a>\n\t\t<\/div>\n\t<\/div>\n<\/div>\n","protected":false},"template":"","meta":{"teft_cards_image_url":"","teft_cards_custom_pretitle":"","teft_cards_image_id":559,"teft_cards_image_focal_point_x":0.5,"teft_cards_image_focal_point_y":0.5,"teft_cards_title":"Hvordan st\u00e5r det til med klimam\u00e5lene for Oslo ?","teft_cards_excerpt":"","teft_show_chapters":false,"event_organizer":[],"event_start_date":"2025-10-20T11:00:00","event_end_date":"2025-10-20T12:30:00","event_registration_url":"","event_registration_deadline":"","event_ticket_cost":"","event_venue_name":"Oslo, H\u00f8yres Hus","event_venue_url":"","event_venue_address":""},"teft-events-category":[],"class_list":["post-394","teft-events","type-teft-events","status-publish","hentry"],"yoast_head":"<!-- This site is optimized with the Yoast SEO plugin v26.6 - https:\/\/yoast.com\/wordpress\/plugins\/seo\/ -->\n<title>Faglig m\u00f8te i KEM-gruppen - Oslo Senior H\u00f8yre<\/title>\n<meta name=\"robots\" content=\"index, follow, max-snippet:-1, max-image-preview:large, max-video-preview:-1\" \/>\n<link rel=\"canonical\" href=\"https:\/\/hoyre.no\/oslo-senior\/arrangementer\/faglig-mote-i-kem-gruppen-6\/\" \/>\n<meta property=\"og:locale\" content=\"nb_NO\" \/>\n<meta property=\"og:type\" content=\"article\" \/>\n<meta property=\"og:title\" content=\"Faglig m\u00f8te i KEM-gruppen - Oslo Senior H\u00f8yre\" \/>\n<meta property=\"og:url\" content=\"https:\/\/hoyre.no\/oslo-senior\/arrangementer\/faglig-mote-i-kem-gruppen-6\/\" \/>\n<meta property=\"og:site_name\" content=\"Oslo Senior H\u00f8yre\" \/>\n<meta property=\"article:modified_time\" content=\"2025-10-23T15:52:08+00:00\" \/>\n<meta property=\"og:image\" content=\"https:\/\/hoyre.no\/content\/uploads\/sites\/438\/2025\/02\/Bilde_Heidi-sorensen_Klimaetaten-768x1024.jpg\" \/>\n<meta name=\"twitter:card\" content=\"summary_large_image\" \/>\n<meta name=\"twitter:label1\" content=\"Ansl. lesetid\" \/>\n\t<meta name=\"twitter:data1\" content=\"1 minutt\" \/>\n<script type=\"application\/ld+json\" class=\"yoast-schema-graph\">{\"@context\":\"https:\/\/schema.org\",\"@graph\":[{\"@type\":\"WebPage\",\"@id\":\"https:\/\/hoyre.no\/oslo-senior\/arrangementer\/faglig-mote-i-kem-gruppen-6\/\",\"url\":\"https:\/\/hoyre.no\/oslo-senior\/arrangementer\/faglig-mote-i-kem-gruppen-6\/\",\"name\":\"Faglig m\u00f8te i KEM-gruppen - Oslo Senior H\u00f8yre\",\"isPartOf\":{\"@id\":\"https:\/\/hoyre.no\/oslo-senior\/#website\"},\"datePublished\":\"2025-02-04T15:19:13+00:00\",\"dateModified\":\"2025-10-23T15:52:08+00:00\",\"breadcrumb\":{\"@id\":\"https:\/\/hoyre.no\/oslo-senior\/arrangementer\/faglig-mote-i-kem-gruppen-6\/#breadcrumb\"},\"inLanguage\":\"nb-NO\",\"potentialAction\":[{\"@type\":\"ReadAction\",\"target\":[\"https:\/\/hoyre.no\/oslo-senior\/arrangementer\/faglig-mote-i-kem-gruppen-6\/\"]}]},{\"@type\":\"BreadcrumbList\",\"@id\":\"https:\/\/hoyre.no\/oslo-senior\/arrangementer\/faglig-mote-i-kem-gruppen-6\/#breadcrumb\",\"itemListElement\":[{\"@type\":\"ListItem\",\"position\":1,\"name\":\"Til hoyre.no\",\"item\":\"https:\/\/hoyre.no\"},{\"@type\":\"ListItem\",\"position\":2,\"name\":\"Hjem\",\"item\":\"https:\/\/hoyre.no\/oslo-senior\/\"},{\"@type\":\"ListItem\",\"position\":3,\"name\":\"Arrangement\",\"item\":\"https:\/\/hoyre.no\/oslo-senior\/arrangementer\/\"},{\"@type\":\"ListItem\",\"position\":4,\"name\":\"Faglig m\u00f8te i KEM-gruppen\"}]},{\"@type\":\"WebSite\",\"@id\":\"https:\/\/hoyre.no\/oslo-senior\/#website\",\"url\":\"https:\/\/hoyre.no\/oslo-senior\/\",\"name\":\"Oslo Senior H\u00f8yre\",\"description\":\"\",\"inLanguage\":\"nb-NO\"}]}<\/script>\n<!-- \/ Yoast SEO plugin. -->","yoast_head_json":{"title":"Faglig m\u00f8te i KEM-gruppen - Oslo Senior H\u00f8yre","robots":{"index":"index","follow":"follow","max-snippet":"max-snippet:-1","max-image-preview":"max-image-preview:large","max-video-preview":"max-video-preview:-1"},"canonical":"https:\/\/hoyre.no\/oslo-senior\/arrangementer\/faglig-mote-i-kem-gruppen-6\/","og_locale":"nb_NO","og_type":"article","og_title":"Faglig m\u00f8te i KEM-gruppen - Oslo Senior H\u00f8yre","og_url":"https:\/\/hoyre.no\/oslo-senior\/arrangementer\/faglig-mote-i-kem-gruppen-6\/","og_site_name":"Oslo Senior H\u00f8yre","article_modified_time":"2025-10-23T15:52:08+00:00","og_image":[{"url":"https:\/\/hoyre.no\/content\/uploads\/sites\/438\/2025\/02\/Bilde_Heidi-sorensen_Klimaetaten-768x1024.jpg","width":"","height":"","type":""}],"twitter_card":"summary_large_image","twitter_misc":{"Ansl. lesetid":"1 minutt"},"schema":{"@context":"https:\/\/schema.org","@graph":[{"@type":"WebPage","@id":"https:\/\/hoyre.no\/oslo-senior\/arrangementer\/faglig-mote-i-kem-gruppen-6\/","url":"https:\/\/hoyre.no\/oslo-senior\/arrangementer\/faglig-mote-i-kem-gruppen-6\/","name":"Faglig m\u00f8te i KEM-gruppen - Oslo Senior H\u00f8yre","isPartOf":{"@id":"https:\/\/hoyre.no\/oslo-senior\/#website"},"datePublished":"2025-02-04T15:19:13+00:00","dateModified":"2025-10-23T15:52:08+00:00","breadcrumb":{"@id":"https:\/\/hoyre.no\/oslo-senior\/arrangementer\/faglig-mote-i-kem-gruppen-6\/#breadcrumb"},"inLanguage":"nb-NO","potentialAction":[{"@type":"ReadAction","target":["https:\/\/hoyre.no\/oslo-senior\/arrangementer\/faglig-mote-i-kem-gruppen-6\/"]}]},{"@type":"BreadcrumbList","@id":"https:\/\/hoyre.no\/oslo-senior\/arrangementer\/faglig-mote-i-kem-gruppen-6\/#breadcrumb","itemListElement":[{"@type":"ListItem","position":1,"name":"Til hoyre.no","item":"https:\/\/hoyre.no"},{"@type":"ListItem","position":2,"name":"Hjem","item":"https:\/\/hoyre.no\/oslo-senior\/"},{"@type":"ListItem","position":3,"name":"Arrangement","item":"https:\/\/hoyre.no\/oslo-senior\/arrangementer\/"},{"@type":"ListItem","position":4,"name":"Faglig m\u00f8te i KEM-gruppen"}]},{"@type":"WebSite","@id":"https:\/\/hoyre.no\/oslo-senior\/#website","url":"https:\/\/hoyre.no\/oslo-senior\/","name":"Oslo Senior H\u00f8yre","description":"","inLanguage":"nb-NO"}]}},"distributor_meta":false,"distributor_terms":false,"distributor_media":false,"distributor_original_site_name":"Oslo Senior H\u00f8yre","distributor_original_site_url":"https:\/\/hoyre.no\/oslo-senior","push-errors":false,"_links":{"self":[{"href":"https:\/\/hoyre.no\/oslo-senior\/wp-json\/wp\/v2\/teft-events\/394","targetHints":{"allow":["GET"]}}],"collection":[{"href":"https:\/\/hoyre.no\/oslo-senior\/wp-json\/wp\/v2\/teft-events"}],"about":[{"href":"https:\/\/hoyre.no\/oslo-senior\/wp-json\/wp\/v2\/types\/teft-events"}],"wp:attachment":[{"href":"https:\/\/hoyre.no\/oslo-senior\/wp-json\/wp\/v2\/media?parent=394"}],"wp:term":[{"taxonomy":"teft-events-category","embeddable":true,"href":"https:\/\/hoyre.no\/oslo-senior\/wp-json\/wp\/v2\/teft-events-category?post=394"}],"curies":[{"name":"wp","href":"https:\/\/api.w.org\/{rel}","templated":true}]}}