{"id":582,"date":"2025-02-25T14:40:06","date_gmt":"2025-02-25T13:40:06","guid":{"rendered":"https:\/\/hoyre.no\/oslo-senior\/?post_type=teft-events&#038;p=582"},"modified":"2025-02-25T14:55:03","modified_gmt":"2025-02-25T13:55:03","slug":"krig-og-konflikt-i-vare-naeromrader-hva-er-det-vi-har-i-vente","status":"publish","type":"teft-events","link":"https:\/\/hoyre.no\/oslo-senior\/arrangementer\/krig-og-konflikt-i-vare-naeromrader-hva-er-det-vi-har-i-vente\/","title":{"rendered":"Krig og konflikt i v\u00e5re n\u00e6romr\u00e5der. Hva er det vi har i vente?"},"content":{"rendered":"\n<div class=\"wp-block-teft-event-top\">\n\n<div class=\"teft-event-date-top\">\n<div class=\"teft-event-date-wrapper\">\n\t<div class=\"date-square\" aria-hidden=\"true\">\n\t\t07\t\t\t<\/div>\n<\/div>\n\t<div class=\"top-text\">\n\t\t\t\t\t<p class=\"top-date-text\">mandag 07. april 2025<\/p>\n\t\t\t\t\t\t\t<p class=\"top-time-text\">13:00 &#8211; 14:30<\/p>\n\t\t\t\t\t\t<\/div>\n\t\t<div class=\"sharing\">\n\t\t<a class=\"share-button share-link copy-link\" data-copy=\"https:\/\/hoyre.no\/oslo-senior\/arrangementer\/krig-og-konflikt-i-vare-naeromrader-hva-er-det-vi-har-i-vente\/\" target=\"_blank\"><span class=\"screen-reader-text\">Del link<\/span><\/a>\n\t\t<a class=\"share-button share-twitter\" href=\"http:\/\/twitter.com\/share?text=Krig og konflikt i v\u00e5re n\u00e6romr\u00e5der. Hva er det vi har i vente?&#038;url=https:\/\/hoyre.no\/oslo-senior\/arrangementer\/krig-og-konflikt-i-vare-naeromrader-hva-er-det-vi-har-i-vente\/&#038;hashtags=Hoyre\" target=\"_blank\"><span class=\"screen-reader-text\">Del p\u00e5 twitter<\/span><\/a>\n\t\t<a class=\"share-button share-facebook\" href=\"https:\/\/www.facebook.com\/sharer\/sharer.php?u=https:\/\/hoyre.no\/oslo-senior\/arrangementer\/krig-og-konflikt-i-vare-naeromrader-hva-er-det-vi-har-i-vente\/\" target=\"_blank\"><span class=\"screen-reader-text\">Del p\u00e5 facebook<\/span><\/a>\n\t<\/div>\n\t<\/div>\n<p class=\"preamble\">Tidligere forsvarssjef <strong>Sverre Diesen<\/strong> er tydelig p\u00e5 tre\u00e5rsdagen for Russlands invasjon av Ukraina: <br>\u2013 <em><strong>En sikkerhetsgaranti fra Trumps regime er ikke verdt noe som helst<\/strong><\/em>. Den tidligere generalen karakteriserer Donald Trump som \u00ab<em>en selvsentrert gangster som n\u00e5 forr\u00e5der Ukraina<\/em>\u00bb (Nettavisen 24.02.2025).<br><br>Hva er det n\u00e5 vi st\u00e5r ovenfor &#8211; og hvordan ruster vi oss i en mer utrygg og uforutsigbar verden?<br><br>Sverre Diesen\u00a0(f\u00f8dt 1949) er en pensjonert norsk general. Han var Norges forsvarsjef \u00a0fra 1. april 2005 til <br>1. oktober 2009.\u00a0Siden januar 2012 er han ansatt som sjefsforsker ved Forsvarets forskningsinstitut, hvor han arbeider med operasjonsanalyse og langtidsplanlegging.<br><br>Sverre Diesen er ogs\u00e5 forfatter av boken &laquo;<em>Krig, konflikt og miliet\u00e6rmakt. Norsk forsvar i en endret verden<\/em>&raquo; <br>(utgitt i 2023)<\/p><figure class=\"hoyre-image-wrapper\"><div class=\"hoyre-image\"><img loading=\"lazy\" decoding=\"async\" width=\"980\" height=\"654\" src=\"https:\/\/hoyre.no\/content\/uploads\/sites\/438\/2025\/02\/Sverre-Diesen.jpeg\" class=\"attachment-scaled size-scaled\" alt=\"\" style=\"object-position: 50% 50%\" srcset=\"https:\/\/hoyre.no\/content\/uploads\/sites\/438\/2025\/02\/Sverre-Diesen.jpeg 980w, https:\/\/hoyre.no\/content\/uploads\/sites\/438\/2025\/02\/Sverre-Diesen-300x200.jpeg 300w, https:\/\/hoyre.no\/content\/uploads\/sites\/438\/2025\/02\/Sverre-Diesen-768x513.jpeg 768w\" sizes=\"auto, (max-width: 980px) 100vw, 980px\" \/><\/div><\/figure>\n\n<div class=\"panel teft-details-panel\">\n\t\t<h3>Detaljer<\/h3>\n\n\t\t\t\t\t<dl class=\"info-misc-with-icons\">\n\t\t\t\t<dt class=\"venue\"><span class=\"screen-reader-text\">Stedet<\/span><\/dt>\n\t\t\t\t<dd>\n\t\t\t\t\t\t\t\t\t\t\t<span class=\"address-line-1\">Oslo, H\u00f8yres Hus<\/span>\n\t\t\t\t\t\t\t\t\t\t\t\t\t\t<\/dd>\n\t\t\t<\/dl>\n\t\t\t\t\t\t\t<dl class=\"info-misc-with-icons\">\n\t\t<dt class=\"time\"><span class=\"screen-reader-text\">Arrangement dato<\/span><\/dt>\n\t\t<dd class=\"time\">\n\t\t\tman 7. april 2025 fra  13:00 &#8211; 14:30\t\t<\/dd>\n\t<\/dl>\n\t\t\t\t<\/dl>\n<\/div>\n<\/div>\n\n\n\n\n<h2 class=\"wp-block-heading\" id=\"h-informasjon\">Informasjon<\/h2>\n\n\n\n<p><\/p>\n\n\n<div class=\"post-meta wp-block\">\n\t<div class=\"top\">\n\t\t<div class=\"sharing\">\n\t\t\t<a class=\"share-button share-link\" target=\"_blank\"><span class=\"screen-reader-text\">Del link<\/span><\/a>\n\t\t\t<a class=\"share-button share-twitter\" href=\"http:\/\/twitter.com\/share?text=Krig og konflikt i v\u00e5re n\u00e6romr\u00e5der. Hva er det vi har i vente?&#038;url=https:\/\/hoyre.no\/oslo-senior\/arrangementer\/krig-og-konflikt-i-vare-naeromrader-hva-er-det-vi-har-i-vente\/&#038;hashtags=Hoyre\"><span class=\"screen-reader-text\">Del p\u00e5 twitter<\/span><\/a>\n\t\t\t<a class=\"share-button share-facebook\" href=\"https:\/\/www.facebook.com\/sharer\/sharer.php?u=https:\/\/hoyre.no\/oslo-senior\/arrangementer\/krig-og-konflikt-i-vare-naeromrader-hva-er-det-vi-har-i-vente\/\" target=\"_blank\"><span class=\"screen-reader-text\">Del p\u00e5 facebook<\/span><\/a>\n\t\t<\/div>\n\t<\/div>\n<\/div>\n","protected":false},"template":"","meta":{"teft_cards_image_url":"","teft_cards_custom_pretitle":"","teft_cards_image_id":584,"teft_cards_image_focal_point_x":0.5,"teft_cards_image_focal_point_y":0.5,"teft_cards_title":"","teft_cards_excerpt":"","teft_show_chapters":false,"event_organizer":[],"event_start_date":"2025-04-07T13:00:00","event_end_date":"2025-04-07T14:30:00","event_registration_url":"","event_registration_deadline":"","event_ticket_cost":"","event_venue_name":"Oslo, H\u00f8yres Hus","event_venue_url":"","event_venue_address":""},"teft-events-category":[],"class_list":["post-582","teft-events","type-teft-events","status-publish","hentry"],"yoast_head":"<!-- This site is optimized with the Yoast SEO plugin v26.6 - https:\/\/yoast.com\/wordpress\/plugins\/seo\/ -->\n<title>Krig og konflikt i v\u00e5re n\u00e6romr\u00e5der. Hva er det vi har i vente? - Oslo Senior H\u00f8yre<\/title>\n<meta name=\"robots\" content=\"index, follow, max-snippet:-1, max-image-preview:large, max-video-preview:-1\" \/>\n<link rel=\"canonical\" href=\"https:\/\/hoyre.no\/oslo-senior\/arrangementer\/krig-og-konflikt-i-vare-naeromrader-hva-er-det-vi-har-i-vente\/\" \/>\n<meta property=\"og:locale\" content=\"nb_NO\" \/>\n<meta property=\"og:type\" content=\"article\" \/>\n<meta property=\"og:title\" content=\"Krig og konflikt i v\u00e5re n\u00e6romr\u00e5der. Hva er det vi har i vente? - Oslo Senior H\u00f8yre\" \/>\n<meta property=\"og:url\" content=\"https:\/\/hoyre.no\/oslo-senior\/arrangementer\/krig-og-konflikt-i-vare-naeromrader-hva-er-det-vi-har-i-vente\/\" \/>\n<meta property=\"og:site_name\" content=\"Oslo Senior H\u00f8yre\" \/>\n<meta property=\"article:modified_time\" content=\"2025-02-25T13:55:03+00:00\" \/>\n<meta property=\"og:image\" content=\"https:\/\/hoyre.no\/content\/uploads\/sites\/438\/2025\/02\/Sverre-Diesen.jpeg\" \/>\n<meta name=\"twitter:card\" content=\"summary_large_image\" \/>\n<meta name=\"twitter:label1\" content=\"Ansl. lesetid\" \/>\n\t<meta name=\"twitter:data1\" content=\"1 minutt\" \/>\n<script type=\"application\/ld+json\" class=\"yoast-schema-graph\">{\"@context\":\"https:\/\/schema.org\",\"@graph\":[{\"@type\":\"WebPage\",\"@id\":\"https:\/\/hoyre.no\/oslo-senior\/arrangementer\/krig-og-konflikt-i-vare-naeromrader-hva-er-det-vi-har-i-vente\/\",\"url\":\"https:\/\/hoyre.no\/oslo-senior\/arrangementer\/krig-og-konflikt-i-vare-naeromrader-hva-er-det-vi-har-i-vente\/\",\"name\":\"Krig og konflikt i v\u00e5re n\u00e6romr\u00e5der. Hva er det vi har i vente? - Oslo Senior H\u00f8yre\",\"isPartOf\":{\"@id\":\"https:\/\/hoyre.no\/oslo-senior\/#website\"},\"datePublished\":\"2025-02-25T13:40:06+00:00\",\"dateModified\":\"2025-02-25T13:55:03+00:00\",\"breadcrumb\":{\"@id\":\"https:\/\/hoyre.no\/oslo-senior\/arrangementer\/krig-og-konflikt-i-vare-naeromrader-hva-er-det-vi-har-i-vente\/#breadcrumb\"},\"inLanguage\":\"nb-NO\",\"potentialAction\":[{\"@type\":\"ReadAction\",\"target\":[\"https:\/\/hoyre.no\/oslo-senior\/arrangementer\/krig-og-konflikt-i-vare-naeromrader-hva-er-det-vi-har-i-vente\/\"]}]},{\"@type\":\"BreadcrumbList\",\"@id\":\"https:\/\/hoyre.no\/oslo-senior\/arrangementer\/krig-og-konflikt-i-vare-naeromrader-hva-er-det-vi-har-i-vente\/#breadcrumb\",\"itemListElement\":[{\"@type\":\"ListItem\",\"position\":1,\"name\":\"Til hoyre.no\",\"item\":\"https:\/\/hoyre.no\"},{\"@type\":\"ListItem\",\"position\":2,\"name\":\"Hjem\",\"item\":\"https:\/\/hoyre.no\/oslo-senior\/\"},{\"@type\":\"ListItem\",\"position\":3,\"name\":\"Arrangement\",\"item\":\"https:\/\/hoyre.no\/oslo-senior\/arrangementer\/\"},{\"@type\":\"ListItem\",\"position\":4,\"name\":\"Krig og konflikt i v\u00e5re n\u00e6romr\u00e5der. Hva er det vi har i vente?\"}]},{\"@type\":\"WebSite\",\"@id\":\"https:\/\/hoyre.no\/oslo-senior\/#website\",\"url\":\"https:\/\/hoyre.no\/oslo-senior\/\",\"name\":\"Oslo Senior H\u00f8yre\",\"description\":\"\",\"inLanguage\":\"nb-NO\"}]}<\/script>\n<!-- \/ Yoast SEO plugin. -->","yoast_head_json":{"title":"Krig og konflikt i v\u00e5re n\u00e6romr\u00e5der. Hva er det vi har i vente? - Oslo Senior H\u00f8yre","robots":{"index":"index","follow":"follow","max-snippet":"max-snippet:-1","max-image-preview":"max-image-preview:large","max-video-preview":"max-video-preview:-1"},"canonical":"https:\/\/hoyre.no\/oslo-senior\/arrangementer\/krig-og-konflikt-i-vare-naeromrader-hva-er-det-vi-har-i-vente\/","og_locale":"nb_NO","og_type":"article","og_title":"Krig og konflikt i v\u00e5re n\u00e6romr\u00e5der. Hva er det vi har i vente? - Oslo Senior H\u00f8yre","og_url":"https:\/\/hoyre.no\/oslo-senior\/arrangementer\/krig-og-konflikt-i-vare-naeromrader-hva-er-det-vi-har-i-vente\/","og_site_name":"Oslo Senior H\u00f8yre","article_modified_time":"2025-02-25T13:55:03+00:00","og_image":[{"url":"https:\/\/hoyre.no\/content\/uploads\/sites\/438\/2025\/02\/Sverre-Diesen.jpeg","width":"","height":"","type":""}],"twitter_card":"summary_large_image","twitter_misc":{"Ansl. lesetid":"1 minutt"},"schema":{"@context":"https:\/\/schema.org","@graph":[{"@type":"WebPage","@id":"https:\/\/hoyre.no\/oslo-senior\/arrangementer\/krig-og-konflikt-i-vare-naeromrader-hva-er-det-vi-har-i-vente\/","url":"https:\/\/hoyre.no\/oslo-senior\/arrangementer\/krig-og-konflikt-i-vare-naeromrader-hva-er-det-vi-har-i-vente\/","name":"Krig og konflikt i v\u00e5re n\u00e6romr\u00e5der. Hva er det vi har i vente? - Oslo Senior H\u00f8yre","isPartOf":{"@id":"https:\/\/hoyre.no\/oslo-senior\/#website"},"datePublished":"2025-02-25T13:40:06+00:00","dateModified":"2025-02-25T13:55:03+00:00","breadcrumb":{"@id":"https:\/\/hoyre.no\/oslo-senior\/arrangementer\/krig-og-konflikt-i-vare-naeromrader-hva-er-det-vi-har-i-vente\/#breadcrumb"},"inLanguage":"nb-NO","potentialAction":[{"@type":"ReadAction","target":["https:\/\/hoyre.no\/oslo-senior\/arrangementer\/krig-og-konflikt-i-vare-naeromrader-hva-er-det-vi-har-i-vente\/"]}]},{"@type":"BreadcrumbList","@id":"https:\/\/hoyre.no\/oslo-senior\/arrangementer\/krig-og-konflikt-i-vare-naeromrader-hva-er-det-vi-har-i-vente\/#breadcrumb","itemListElement":[{"@type":"ListItem","position":1,"name":"Til hoyre.no","item":"https:\/\/hoyre.no"},{"@type":"ListItem","position":2,"name":"Hjem","item":"https:\/\/hoyre.no\/oslo-senior\/"},{"@type":"ListItem","position":3,"name":"Arrangement","item":"https:\/\/hoyre.no\/oslo-senior\/arrangementer\/"},{"@type":"ListItem","position":4,"name":"Krig og konflikt i v\u00e5re n\u00e6romr\u00e5der. Hva er det vi har i vente?"}]},{"@type":"WebSite","@id":"https:\/\/hoyre.no\/oslo-senior\/#website","url":"https:\/\/hoyre.no\/oslo-senior\/","name":"Oslo Senior H\u00f8yre","description":"","inLanguage":"nb-NO"}]}},"distributor_meta":false,"distributor_terms":false,"distributor_media":false,"distributor_original_site_name":"Oslo Senior H\u00f8yre","distributor_original_site_url":"https:\/\/hoyre.no\/oslo-senior","push-errors":false,"_links":{"self":[{"href":"https:\/\/hoyre.no\/oslo-senior\/wp-json\/wp\/v2\/teft-events\/582","targetHints":{"allow":["GET"]}}],"collection":[{"href":"https:\/\/hoyre.no\/oslo-senior\/wp-json\/wp\/v2\/teft-events"}],"about":[{"href":"https:\/\/hoyre.no\/oslo-senior\/wp-json\/wp\/v2\/types\/teft-events"}],"wp:attachment":[{"href":"https:\/\/hoyre.no\/oslo-senior\/wp-json\/wp\/v2\/media?parent=582"}],"wp:term":[{"taxonomy":"teft-events-category","embeddable":true,"href":"https:\/\/hoyre.no\/oslo-senior\/wp-json\/wp\/v2\/teft-events-category?post=582"}],"curies":[{"name":"wp","href":"https:\/\/api.w.org\/{rel}","templated":true}]}}