{"id":852,"date":"2025-11-17T17:39:30","date_gmt":"2025-11-17T16:39:30","guid":{"rendered":"https:\/\/hoyre.no\/oslo-senior\/?post_type=teft-events&#038;p=852"},"modified":"2026-02-25T14:15:06","modified_gmt":"2026-02-25T13:15:06","slug":"politisk-verksted-9","status":"publish","type":"teft-events","link":"https:\/\/hoyre.no\/oslo-senior\/arrangementer\/politisk-verksted-9\/","title":{"rendered":"Kapitalmarkedet og rammevilk\u00e5r for n\u00e6ringslivet i en ny geopolitisk situasjon"},"content":{"rendered":"\n<div class=\"wp-block-teft-event-top\">\n\n<div class=\"teft-event-date-top\">\n<div class=\"teft-event-date-wrapper\">\n\t<div class=\"date-square\" aria-hidden=\"true\">\n\t\t23\t\t\t<\/div>\n<\/div>\n\t<div class=\"top-text\">\n\t\t\t\t\t<p class=\"top-date-text\">mandag 23. februar 2026<\/p>\n\t\t\t\t\t\t\t<p class=\"top-time-text\">13:00 &#8211; 14:30<\/p>\n\t\t\t\t\t\t<\/div>\n\t\t<div class=\"sharing\">\n\t\t<a class=\"share-button share-link copy-link\" data-copy=\"https:\/\/hoyre.no\/oslo-senior\/arrangementer\/politisk-verksted-9\/\" target=\"_blank\"><span class=\"screen-reader-text\">Del link<\/span><\/a>\n\t\t<a class=\"share-button share-twitter\" href=\"http:\/\/twitter.com\/share?text=Kapitalmarkedet og rammevilk\u00e5r for n\u00e6ringslivet i en ny geopolitisk situasjon&#038;url=https:\/\/hoyre.no\/oslo-senior\/arrangementer\/politisk-verksted-9\/&#038;hashtags=Hoyre\" target=\"_blank\"><span class=\"screen-reader-text\">Del p\u00e5 twitter<\/span><\/a>\n\t\t<a class=\"share-button share-facebook\" href=\"https:\/\/www.facebook.com\/sharer\/sharer.php?u=https:\/\/hoyre.no\/oslo-senior\/arrangementer\/politisk-verksted-9\/\" target=\"_blank\"><span class=\"screen-reader-text\">Del p\u00e5 facebook<\/span><\/a>\n\t<\/div>\n\t<\/div>\n<p class=\"preamble\">Sjefs\u00f8konom <strong>Elisabeth Holvik<\/strong> i Sparebank 1 kommer til Politisk verksted og gir oss en rekke betraktninger over det norske  finans- og kapitalmarkedet ut fra et n\u00e6ringslivsperspektiv. <br><br>Hun vil bla. si noe om investeringstakten i fastlands-Norge. Hvilke n\u00e6ringer, utenom olje\/gass og havbruk, skaper verdier og hvor finnes de ? Hva skjer med inkubasjonsmilj\u00f8ene for nyskapning ?<br>Hvor stor \u00f8kning i privat sektor m\u00e5 til for kompensere bortfallet av den l\u00f8nnsomme oljen\u00e6ringen?<br>Hvilke r\u00e5d vil hun gi til politikerne for \u00e5 f\u00e5 til n\u00f8dvendig vekst i privat sektor?<\/p>\n\n<div class=\"panel teft-details-panel\">\n\t\t<h3>Detaljer<\/h3>\n\n\t\t\t\t\t<dl class=\"info-misc-with-icons\">\n\t\t\t\t<dt class=\"venue\"><span class=\"screen-reader-text\">Stedet<\/span><\/dt>\n\t\t\t\t<dd>\n\t\t\t\t\t\t\t\t\t\t\t<span class=\"address-line-1\">Oslo, H\u00f8yres Hus<\/span>\n\t\t\t\t\t\t\t\t\t\t\t\t\t\t<\/dd>\n\t\t\t<\/dl>\n\t\t\t\t\t\t\t<dl class=\"info-misc-with-icons\">\n\t\t<dt class=\"time\"><span class=\"screen-reader-text\">Arrangement dato<\/span><\/dt>\n\t\t<dd class=\"time\">\n\t\t\tman 23. februar 2026 fra  13:00 &#8211; 14:30\t\t<\/dd>\n\t<\/dl>\n\t\t\t\t<\/dl>\n<\/div>\n<\/div>\n\n\n\n\n<h2 class=\"wp-block-heading\">Informasjon<\/h2>\n\n\n\n<p><\/p>\n\n\n\n<p>Elisabeth Holvik er sjef\u00f8konom i SpareBank 1 Gruppen. Hun er utdannet sosial\u00f8konom fra Universitetet i Bergen. Holvik har lang fartstid fra bank og finans, med erfaring fra Norges Bank, Nordea, McKinsy &amp; Company, den svenske banken SEB, og BN-Bank.<\/p>\n\n\n\n<p>Holvik sitter i arbeidsutvalget i Senter for Pengepolitikk (CME) p\u00e5 BI. Hun har v\u00e6rt medforfatter p\u00e5 to av Norges Bank Watch rapport p\u00e5 oppdrag fra Finansdepartementet. Hun var med i det r\u00e5dgivende utvalg for Scheel utvalget i forbindelse med skattereformen i 2014, og i det regjeringsoppnevnte utvalget \u00abNorge mot 2025\u00bb i etterkant av Covid. Holvik sitter i styret i Olav Thon Eiendom og Viken Pensjonskasse<\/p>\n\n\n\n<p>&#8212;&#8212;&#8212;&#8212;&#8212;&#8212;<\/p>\n\n\n\n<p>Elisbeth Holviks presentasjon for OSH 23.02.2026 finner du i lenken nedenfor.<\/p>\n\n\n\n<div class=\"wp-block-teft-file icon-link-block\"><a href=\"https:\/\/hoyre.no\/content\/uploads\/sites\/438\/2025\/11\/2026.02.23_Elisabeth-Holvik_presentasjon-for-OSH.pdf\" download><span class=\"file-title\">Kapital og marked i en ny geopolitisk situasjon<\/span><span class=\"file-name\"><\/span><\/a><\/div>\n\n\n<div class=\"post-meta wp-block\">\n\t<div class=\"top\">\n\t\t<div class=\"sharing\">\n\t\t\t<a class=\"share-button share-link\" target=\"_blank\"><span class=\"screen-reader-text\">Del link<\/span><\/a>\n\t\t\t<a class=\"share-button share-twitter\" href=\"http:\/\/twitter.com\/share?text=Kapitalmarkedet og rammevilk\u00e5r for n\u00e6ringslivet i en ny geopolitisk situasjon&#038;url=https:\/\/hoyre.no\/oslo-senior\/arrangementer\/politisk-verksted-9\/&#038;hashtags=Hoyre\"><span class=\"screen-reader-text\">Del p\u00e5 twitter<\/span><\/a>\n\t\t\t<a class=\"share-button share-facebook\" href=\"https:\/\/www.facebook.com\/sharer\/sharer.php?u=https:\/\/hoyre.no\/oslo-senior\/arrangementer\/politisk-verksted-9\/\" target=\"_blank\"><span class=\"screen-reader-text\">Del p\u00e5 facebook<\/span><\/a>\n\t\t<\/div>\n\t<\/div>\n<\/div>\n","protected":false},"template":"","meta":{"teft_cards_image_url":"","teft_cards_custom_pretitle":"","teft_cards_image_id":871,"teft_cards_image_focal_point_x":0.47,"teft_cards_image_focal_point_y":0.3,"teft_cards_title":"","teft_cards_excerpt":"","teft_show_chapters":false,"event_organizer":[],"event_start_date":"2026-02-23T13:00:00","event_end_date":"2026-02-23T14:30:00","event_registration_url":"","event_registration_deadline":"","event_ticket_cost":"","event_venue_name":"Oslo, H\u00f8yres Hus","event_venue_url":"","event_venue_address":""},"teft-events-category":[],"class_list":["post-852","teft-events","type-teft-events","status-publish","hentry"],"yoast_head":"<!-- This site is optimized with the Yoast SEO plugin v26.6 - https:\/\/yoast.com\/wordpress\/plugins\/seo\/ -->\n<title>Kapitalmarkedet og rammevilk\u00e5r for n\u00e6ringslivet i en ny geopolitisk situasjon - Oslo Senior H\u00f8yre<\/title>\n<meta name=\"robots\" content=\"index, follow, max-snippet:-1, max-image-preview:large, max-video-preview:-1\" \/>\n<link rel=\"canonical\" href=\"https:\/\/hoyre.no\/oslo-senior\/arrangementer\/politisk-verksted-9\/\" \/>\n<meta property=\"og:locale\" content=\"nb_NO\" \/>\n<meta property=\"og:type\" content=\"article\" \/>\n<meta property=\"og:title\" content=\"Kapitalmarkedet og rammevilk\u00e5r for n\u00e6ringslivet i en ny geopolitisk situasjon - Oslo Senior H\u00f8yre\" \/>\n<meta property=\"og:url\" content=\"https:\/\/hoyre.no\/oslo-senior\/arrangementer\/politisk-verksted-9\/\" \/>\n<meta property=\"og:site_name\" content=\"Oslo Senior H\u00f8yre\" \/>\n<meta property=\"article:modified_time\" content=\"2026-02-25T13:15:06+00:00\" \/>\n<meta property=\"og:image\" content=\"https:\/\/hoyre.no\/content\/uploads\/sites\/438\/2025\/11\/Elisabeth-Holvik-pressebilde-900x900-1.jpg\" \/>\n<meta name=\"twitter:card\" content=\"summary_large_image\" \/>\n<meta name=\"twitter:label1\" content=\"Ansl. lesetid\" \/>\n\t<meta name=\"twitter:data1\" content=\"2 minutter\" \/>\n<script type=\"application\/ld+json\" class=\"yoast-schema-graph\">{\"@context\":\"https:\/\/schema.org\",\"@graph\":[{\"@type\":\"WebPage\",\"@id\":\"https:\/\/hoyre.no\/oslo-senior\/arrangementer\/politisk-verksted-9\/\",\"url\":\"https:\/\/hoyre.no\/oslo-senior\/arrangementer\/politisk-verksted-9\/\",\"name\":\"Kapitalmarkedet og rammevilk\u00e5r for n\u00e6ringslivet i en ny geopolitisk situasjon - Oslo Senior H\u00f8yre\",\"isPartOf\":{\"@id\":\"https:\/\/hoyre.no\/oslo-senior\/#website\"},\"datePublished\":\"2025-11-17T16:39:30+00:00\",\"dateModified\":\"2026-02-25T13:15:06+00:00\",\"breadcrumb\":{\"@id\":\"https:\/\/hoyre.no\/oslo-senior\/arrangementer\/politisk-verksted-9\/#breadcrumb\"},\"inLanguage\":\"nb-NO\",\"potentialAction\":[{\"@type\":\"ReadAction\",\"target\":[\"https:\/\/hoyre.no\/oslo-senior\/arrangementer\/politisk-verksted-9\/\"]}]},{\"@type\":\"BreadcrumbList\",\"@id\":\"https:\/\/hoyre.no\/oslo-senior\/arrangementer\/politisk-verksted-9\/#breadcrumb\",\"itemListElement\":[{\"@type\":\"ListItem\",\"position\":1,\"name\":\"Til hoyre.no\",\"item\":\"https:\/\/hoyre.no\"},{\"@type\":\"ListItem\",\"position\":2,\"name\":\"Hjem\",\"item\":\"https:\/\/hoyre.no\/oslo-senior\/\"},{\"@type\":\"ListItem\",\"position\":3,\"name\":\"Arrangement\",\"item\":\"https:\/\/hoyre.no\/oslo-senior\/arrangementer\/\"},{\"@type\":\"ListItem\",\"position\":4,\"name\":\"Kapitalmarkedet og rammevilk\u00e5r for n\u00e6ringslivet i en ny geopolitisk situasjon\"}]},{\"@type\":\"WebSite\",\"@id\":\"https:\/\/hoyre.no\/oslo-senior\/#website\",\"url\":\"https:\/\/hoyre.no\/oslo-senior\/\",\"name\":\"Oslo Senior H\u00f8yre\",\"description\":\"\",\"inLanguage\":\"nb-NO\"}]}<\/script>\n<!-- \/ Yoast SEO plugin. -->","yoast_head_json":{"title":"Kapitalmarkedet og rammevilk\u00e5r for n\u00e6ringslivet i en ny geopolitisk situasjon - Oslo Senior H\u00f8yre","robots":{"index":"index","follow":"follow","max-snippet":"max-snippet:-1","max-image-preview":"max-image-preview:large","max-video-preview":"max-video-preview:-1"},"canonical":"https:\/\/hoyre.no\/oslo-senior\/arrangementer\/politisk-verksted-9\/","og_locale":"nb_NO","og_type":"article","og_title":"Kapitalmarkedet og rammevilk\u00e5r for n\u00e6ringslivet i en ny geopolitisk situasjon - Oslo Senior H\u00f8yre","og_url":"https:\/\/hoyre.no\/oslo-senior\/arrangementer\/politisk-verksted-9\/","og_site_name":"Oslo Senior H\u00f8yre","article_modified_time":"2026-02-25T13:15:06+00:00","og_image":[{"url":"https:\/\/hoyre.no\/content\/uploads\/sites\/438\/2025\/11\/Elisabeth-Holvik-pressebilde-900x900-1.jpg","width":"","height":"","type":""}],"twitter_card":"summary_large_image","twitter_misc":{"Ansl. lesetid":"2 minutter"},"schema":{"@context":"https:\/\/schema.org","@graph":[{"@type":"WebPage","@id":"https:\/\/hoyre.no\/oslo-senior\/arrangementer\/politisk-verksted-9\/","url":"https:\/\/hoyre.no\/oslo-senior\/arrangementer\/politisk-verksted-9\/","name":"Kapitalmarkedet og rammevilk\u00e5r for n\u00e6ringslivet i en ny geopolitisk situasjon - Oslo Senior H\u00f8yre","isPartOf":{"@id":"https:\/\/hoyre.no\/oslo-senior\/#website"},"datePublished":"2025-11-17T16:39:30+00:00","dateModified":"2026-02-25T13:15:06+00:00","breadcrumb":{"@id":"https:\/\/hoyre.no\/oslo-senior\/arrangementer\/politisk-verksted-9\/#breadcrumb"},"inLanguage":"nb-NO","potentialAction":[{"@type":"ReadAction","target":["https:\/\/hoyre.no\/oslo-senior\/arrangementer\/politisk-verksted-9\/"]}]},{"@type":"BreadcrumbList","@id":"https:\/\/hoyre.no\/oslo-senior\/arrangementer\/politisk-verksted-9\/#breadcrumb","itemListElement":[{"@type":"ListItem","position":1,"name":"Til hoyre.no","item":"https:\/\/hoyre.no"},{"@type":"ListItem","position":2,"name":"Hjem","item":"https:\/\/hoyre.no\/oslo-senior\/"},{"@type":"ListItem","position":3,"name":"Arrangement","item":"https:\/\/hoyre.no\/oslo-senior\/arrangementer\/"},{"@type":"ListItem","position":4,"name":"Kapitalmarkedet og rammevilk\u00e5r for n\u00e6ringslivet i en ny geopolitisk situasjon"}]},{"@type":"WebSite","@id":"https:\/\/hoyre.no\/oslo-senior\/#website","url":"https:\/\/hoyre.no\/oslo-senior\/","name":"Oslo Senior H\u00f8yre","description":"","inLanguage":"nb-NO"}]}},"distributor_meta":false,"distributor_terms":false,"distributor_media":false,"distributor_original_site_name":"Oslo Senior H\u00f8yre","distributor_original_site_url":"https:\/\/hoyre.no\/oslo-senior","push-errors":false,"_links":{"self":[{"href":"https:\/\/hoyre.no\/oslo-senior\/wp-json\/wp\/v2\/teft-events\/852","targetHints":{"allow":["GET"]}}],"collection":[{"href":"https:\/\/hoyre.no\/oslo-senior\/wp-json\/wp\/v2\/teft-events"}],"about":[{"href":"https:\/\/hoyre.no\/oslo-senior\/wp-json\/wp\/v2\/types\/teft-events"}],"wp:attachment":[{"href":"https:\/\/hoyre.no\/oslo-senior\/wp-json\/wp\/v2\/media?parent=852"}],"wp:term":[{"taxonomy":"teft-events-category","embeddable":true,"href":"https:\/\/hoyre.no\/oslo-senior\/wp-json\/wp\/v2\/teft-events-category?post=852"}],"curies":[{"name":"wp","href":"https:\/\/api.w.org\/{rel}","templated":true}]}}