{"id":858,"date":"2025-11-20T16:28:25","date_gmt":"2025-11-20T15:28:25","guid":{"rendered":"https:\/\/hoyre.no\/oslo-senior\/?post_type=teft-events&#038;p=858"},"modified":"2026-03-12T13:04:47","modified_gmt":"2026-03-12T12:04:47","slug":"skanska","status":"publish","type":"teft-events","link":"https:\/\/hoyre.no\/oslo-senior\/arrangementer\/skanska\/","title":{"rendered":"Skanska &#8211; med fokus p\u00e5 b\u00e6rekraftig byutvikling"},"content":{"rendered":"\n<div class=\"wp-block-teft-event-top\">\n\n<div class=\"teft-event-date-top\">\n<div class=\"teft-event-date-wrapper\">\n\t<div class=\"date-square\" aria-hidden=\"true\">\n\t\t09\t\t\t<\/div>\n<\/div>\n\t<div class=\"top-text\">\n\t\t\t\t\t<p class=\"top-date-text\">mandag 09. mars 2026<\/p>\n\t\t\t\t\t\t\t<p class=\"top-time-text\">11:00 &#8211; 12:30<\/p>\n\t\t\t\t\t\t<\/div>\n\t\t<div class=\"sharing\">\n\t\t<a class=\"share-button share-link copy-link\" data-copy=\"https:\/\/hoyre.no\/oslo-senior\/arrangementer\/skanska\/\" target=\"_blank\"><span class=\"screen-reader-text\">Del link<\/span><\/a>\n\t\t<a class=\"share-button share-twitter\" href=\"http:\/\/twitter.com\/share?text=Skanska &#8211; med fokus p\u00e5 b\u00e6rekraftig byutvikling&#038;url=https:\/\/hoyre.no\/oslo-senior\/arrangementer\/skanska\/&#038;hashtags=Hoyre\" target=\"_blank\"><span class=\"screen-reader-text\">Del p\u00e5 twitter<\/span><\/a>\n\t\t<a class=\"share-button share-facebook\" href=\"https:\/\/www.facebook.com\/sharer\/sharer.php?u=https:\/\/hoyre.no\/oslo-senior\/arrangementer\/skanska\/\" target=\"_blank\"><span class=\"screen-reader-text\">Del p\u00e5 facebook<\/span><\/a>\n\t<\/div>\n\t<\/div>\n<p class=\"preamble\">Skanska\u00a0er\u00a0<strong>et\u00a0av\u00a0Norges\u00a0st\u00f8rste\u00a0prosjektutvikler-og\u00a0entrepren\u00f8rkonsern<\/strong>\u00a0med\u00a0forretningsomr\u00e5der\u00a0innen\u00a0bygg,\u00a0<br>anlegg,\u00a0eiendomsutvikling\u00a0og\u00a0spesialistselskaper.\u00a0<br>Skanska\u00a0er\u00a0et\u00a0av\u00a0verdens\u00a0ledende\u00a0prosjektutviklings-og\u00a0entrepren\u00f8rkonsern.\u00a0<br><br>Vi f\u00e5r bes\u00f8k av<strong> Hans-Petter Johannessen<\/strong>, utviklingssjef i Skanska Industrial Solutions AS og daglig leder i Viken Milj\u00f8park AS. Johannessen er opptatt av hvordan bygge- og anleggsbransjen kan \u00f8ke <strong>gjenbruket av masser gjennom bedre planlegging, riktige arealer og sirkul\u00e6re verdikjeder<\/strong>.<br><br><br>Skanska er en ledende byggentrepren\u00f8rer med spisskompetanse og bred erfaring i \u00e5 bygge de st\u00f8rste og mest komplekse bygningsprosjektene. <br><br>Skanska utvikler og gjennomf\u00f8rer eiendomsprosjekter innenfor b\u00e5de bolig og n\u00e6ring. De er tilstede fra id\u00e9 og tomtekj\u00f8p til ferdig eiendomsprosjekt. De skaper hjem det er trygt og godt \u00e5 bo i, og utvikler attraktive kontorbygg av h\u00f8y kvalitet. Alle eiendommer vurderes i en st\u00f8rre sammenheng og m\u00e5let er at de skal bidra til en b\u00e6rekraftig byutvikling.<br><br>I Norge er Skanska entrepren\u00f8ren med flest BREEAM-sertifiserte byggeprosjekter og st\u00e5r bak noen av bransjens mest milj\u00f8ambisi\u00f8se prosjekter.<br><br><\/p>\n\n<div class=\"panel teft-details-panel\">\n\t\t<h3>Detaljer<\/h3>\n\n\t\t\t\t\t<dl class=\"info-misc-with-icons\">\n\t\t\t\t<dt class=\"venue\"><span class=\"screen-reader-text\">Stedet<\/span><\/dt>\n\t\t\t\t<dd>\n\t\t\t\t\t\t\t\t\t\t\t<span class=\"address-line-1\">Oslo, H\u00f8yres Hus<\/span>\n\t\t\t\t\t\t\t\t\t\t\t\t\t\t\t\t<span class=\"address-line-2\">Stortingsgata 20<\/span>\n\t\t\t\t\t\t\t\t\t<\/dd>\n\t\t\t<\/dl>\n\t\t\t\t\t\t\t<dl class=\"info-misc-with-icons\">\n\t\t<dt class=\"time\"><span class=\"screen-reader-text\">Arrangement dato<\/span><\/dt>\n\t\t<dd class=\"time\">\n\t\t\tman 9. mars 2026 fra  11:00 &#8211; 12:30\t\t<\/dd>\n\t<\/dl>\n\t\t\t\t<\/dl>\n<\/div>\n<\/div>\n\n\n\n\n<h2 class=\"wp-block-heading\">Informasjon<\/h2>\n\n\n\n<p>Presentasjonen til Hans Petter Johannessen finnes i lenken under<\/p>\n\n\n\n<div class=\"wp-block-teft-file icon-link-block\"><a href=\"https:\/\/hoyre.no\/content\/uploads\/sites\/438\/2025\/11\/2026.03.09_Presentasjon_Overskuddsmasse-volumer-Oslo-regionen_-Hans-Petter-Johannessen.pptx\" download><span class=\"file-title\">2026.03.09 Overskuddsmasse &#8211; volumer Oslo regionen. Hans Petter Johannessen, Skanska og Viken Milj\u00f8<\/span><span class=\"file-name\"><\/span><\/a><\/div>\n\n\n<div class=\"post-meta wp-block\">\n\t<div class=\"top\">\n\t\t<div class=\"sharing\">\n\t\t\t<a class=\"share-button share-link\" target=\"_blank\"><span class=\"screen-reader-text\">Del link<\/span><\/a>\n\t\t\t<a class=\"share-button share-twitter\" href=\"http:\/\/twitter.com\/share?text=Skanska &#8211; med fokus p\u00e5 b\u00e6rekraftig byutvikling&#038;url=https:\/\/hoyre.no\/oslo-senior\/arrangementer\/skanska\/&#038;hashtags=Hoyre\"><span class=\"screen-reader-text\">Del p\u00e5 twitter<\/span><\/a>\n\t\t\t<a class=\"share-button share-facebook\" href=\"https:\/\/www.facebook.com\/sharer\/sharer.php?u=https:\/\/hoyre.no\/oslo-senior\/arrangementer\/skanska\/\" target=\"_blank\"><span class=\"screen-reader-text\">Del p\u00e5 facebook<\/span><\/a>\n\t\t<\/div>\n\t<\/div>\n<\/div>\n","protected":false},"template":"","meta":{"teft_cards_image_url":"","teft_cards_custom_pretitle":"","teft_cards_image_id":860,"teft_cards_image_focal_point_x":0.5,"teft_cards_image_focal_point_y":0.5,"teft_cards_title":"","teft_cards_excerpt":"","teft_show_chapters":false,"event_organizer":[],"event_start_date":"2026-03-09T11:00:00","event_end_date":"2026-03-09T12:30:00","event_registration_url":"","event_registration_deadline":"","event_ticket_cost":"","event_venue_name":"Oslo, H\u00f8yres Hus","event_venue_url":"","event_venue_address":"Stortingsgata 20"},"teft-events-category":[],"class_list":["post-858","teft-events","type-teft-events","status-publish","hentry"],"yoast_head":"<!-- This site is optimized with the Yoast SEO plugin v26.6 - https:\/\/yoast.com\/wordpress\/plugins\/seo\/ -->\n<title>Skanska - med fokus p\u00e5 b\u00e6rekraftig byutvikling - Oslo Senior H\u00f8yre<\/title>\n<meta name=\"robots\" content=\"index, follow, max-snippet:-1, max-image-preview:large, max-video-preview:-1\" \/>\n<link rel=\"canonical\" href=\"https:\/\/hoyre.no\/oslo-senior\/arrangementer\/skanska\/\" \/>\n<meta property=\"og:locale\" content=\"nb_NO\" \/>\n<meta property=\"og:type\" content=\"article\" \/>\n<meta property=\"og:title\" content=\"Skanska - med fokus p\u00e5 b\u00e6rekraftig byutvikling - Oslo Senior H\u00f8yre\" \/>\n<meta property=\"og:url\" content=\"https:\/\/hoyre.no\/oslo-senior\/arrangementer\/skanska\/\" \/>\n<meta property=\"og:site_name\" content=\"Oslo Senior H\u00f8yre\" \/>\n<meta property=\"article:modified_time\" content=\"2026-03-12T12:04:47+00:00\" \/>\n<meta property=\"og:image\" content=\"https:\/\/hoyre.no\/content\/uploads\/sites\/438\/2025\/11\/skanska-gartnersletta-eksterior-vinkel-03-v4-3destate.no-1-.jpg\" \/>\n<meta name=\"twitter:card\" content=\"summary_large_image\" \/>\n<meta name=\"twitter:label1\" content=\"Ansl. lesetid\" \/>\n\t<meta name=\"twitter:data1\" content=\"1 minutt\" \/>\n<script type=\"application\/ld+json\" class=\"yoast-schema-graph\">{\"@context\":\"https:\/\/schema.org\",\"@graph\":[{\"@type\":\"WebPage\",\"@id\":\"https:\/\/hoyre.no\/oslo-senior\/arrangementer\/skanska\/\",\"url\":\"https:\/\/hoyre.no\/oslo-senior\/arrangementer\/skanska\/\",\"name\":\"Skanska - med fokus p\u00e5 b\u00e6rekraftig byutvikling - Oslo Senior H\u00f8yre\",\"isPartOf\":{\"@id\":\"https:\/\/hoyre.no\/oslo-senior\/#website\"},\"datePublished\":\"2025-11-20T15:28:25+00:00\",\"dateModified\":\"2026-03-12T12:04:47+00:00\",\"breadcrumb\":{\"@id\":\"https:\/\/hoyre.no\/oslo-senior\/arrangementer\/skanska\/#breadcrumb\"},\"inLanguage\":\"nb-NO\",\"potentialAction\":[{\"@type\":\"ReadAction\",\"target\":[\"https:\/\/hoyre.no\/oslo-senior\/arrangementer\/skanska\/\"]}]},{\"@type\":\"BreadcrumbList\",\"@id\":\"https:\/\/hoyre.no\/oslo-senior\/arrangementer\/skanska\/#breadcrumb\",\"itemListElement\":[{\"@type\":\"ListItem\",\"position\":1,\"name\":\"Til hoyre.no\",\"item\":\"https:\/\/hoyre.no\"},{\"@type\":\"ListItem\",\"position\":2,\"name\":\"Hjem\",\"item\":\"https:\/\/hoyre.no\/oslo-senior\/\"},{\"@type\":\"ListItem\",\"position\":3,\"name\":\"Arrangement\",\"item\":\"https:\/\/hoyre.no\/oslo-senior\/arrangementer\/\"},{\"@type\":\"ListItem\",\"position\":4,\"name\":\"Skanska &#8211; med fokus p\u00e5 b\u00e6rekraftig byutvikling\"}]},{\"@type\":\"WebSite\",\"@id\":\"https:\/\/hoyre.no\/oslo-senior\/#website\",\"url\":\"https:\/\/hoyre.no\/oslo-senior\/\",\"name\":\"Oslo Senior H\u00f8yre\",\"description\":\"\",\"inLanguage\":\"nb-NO\"}]}<\/script>\n<!-- \/ Yoast SEO plugin. -->","yoast_head_json":{"title":"Skanska - med fokus p\u00e5 b\u00e6rekraftig byutvikling - Oslo Senior H\u00f8yre","robots":{"index":"index","follow":"follow","max-snippet":"max-snippet:-1","max-image-preview":"max-image-preview:large","max-video-preview":"max-video-preview:-1"},"canonical":"https:\/\/hoyre.no\/oslo-senior\/arrangementer\/skanska\/","og_locale":"nb_NO","og_type":"article","og_title":"Skanska - med fokus p\u00e5 b\u00e6rekraftig byutvikling - Oslo Senior H\u00f8yre","og_url":"https:\/\/hoyre.no\/oslo-senior\/arrangementer\/skanska\/","og_site_name":"Oslo Senior H\u00f8yre","article_modified_time":"2026-03-12T12:04:47+00:00","og_image":[{"url":"https:\/\/hoyre.no\/content\/uploads\/sites\/438\/2025\/11\/skanska-gartnersletta-eksterior-vinkel-03-v4-3destate.no-1-.jpg","width":"","height":"","type":""}],"twitter_card":"summary_large_image","twitter_misc":{"Ansl. lesetid":"1 minutt"},"schema":{"@context":"https:\/\/schema.org","@graph":[{"@type":"WebPage","@id":"https:\/\/hoyre.no\/oslo-senior\/arrangementer\/skanska\/","url":"https:\/\/hoyre.no\/oslo-senior\/arrangementer\/skanska\/","name":"Skanska - med fokus p\u00e5 b\u00e6rekraftig byutvikling - Oslo Senior H\u00f8yre","isPartOf":{"@id":"https:\/\/hoyre.no\/oslo-senior\/#website"},"datePublished":"2025-11-20T15:28:25+00:00","dateModified":"2026-03-12T12:04:47+00:00","breadcrumb":{"@id":"https:\/\/hoyre.no\/oslo-senior\/arrangementer\/skanska\/#breadcrumb"},"inLanguage":"nb-NO","potentialAction":[{"@type":"ReadAction","target":["https:\/\/hoyre.no\/oslo-senior\/arrangementer\/skanska\/"]}]},{"@type":"BreadcrumbList","@id":"https:\/\/hoyre.no\/oslo-senior\/arrangementer\/skanska\/#breadcrumb","itemListElement":[{"@type":"ListItem","position":1,"name":"Til hoyre.no","item":"https:\/\/hoyre.no"},{"@type":"ListItem","position":2,"name":"Hjem","item":"https:\/\/hoyre.no\/oslo-senior\/"},{"@type":"ListItem","position":3,"name":"Arrangement","item":"https:\/\/hoyre.no\/oslo-senior\/arrangementer\/"},{"@type":"ListItem","position":4,"name":"Skanska &#8211; med fokus p\u00e5 b\u00e6rekraftig byutvikling"}]},{"@type":"WebSite","@id":"https:\/\/hoyre.no\/oslo-senior\/#website","url":"https:\/\/hoyre.no\/oslo-senior\/","name":"Oslo Senior H\u00f8yre","description":"","inLanguage":"nb-NO"}]}},"distributor_meta":false,"distributor_terms":false,"distributor_media":false,"distributor_original_site_name":"Oslo Senior H\u00f8yre","distributor_original_site_url":"https:\/\/hoyre.no\/oslo-senior","push-errors":false,"_links":{"self":[{"href":"https:\/\/hoyre.no\/oslo-senior\/wp-json\/wp\/v2\/teft-events\/858","targetHints":{"allow":["GET"]}}],"collection":[{"href":"https:\/\/hoyre.no\/oslo-senior\/wp-json\/wp\/v2\/teft-events"}],"about":[{"href":"https:\/\/hoyre.no\/oslo-senior\/wp-json\/wp\/v2\/types\/teft-events"}],"wp:attachment":[{"href":"https:\/\/hoyre.no\/oslo-senior\/wp-json\/wp\/v2\/media?parent=858"}],"wp:term":[{"taxonomy":"teft-events-category","embeddable":true,"href":"https:\/\/hoyre.no\/oslo-senior\/wp-json\/wp\/v2\/teft-events-category?post=858"}],"curies":[{"name":"wp","href":"https:\/\/api.w.org\/{rel}","templated":true}]}}