{"id":960,"date":"2026-01-13T18:54:42","date_gmt":"2026-01-13T17:54:42","guid":{"rendered":"https:\/\/hoyre.no\/oslo-senior\/?post_type=teft-events&#038;p=960"},"modified":"2026-04-14T15:22:55","modified_gmt":"2026-04-14T13:22:55","slug":"legenes-klimaaksjon","status":"publish","type":"teft-events","link":"https:\/\/hoyre.no\/oslo-senior\/arrangementer\/legenes-klimaaksjon\/","title":{"rendered":"Legenes klimaaksjon"},"content":{"rendered":"\n<div class=\"wp-block-teft-event-top\">\n\n<div class=\"teft-event-date-top\">\n<div class=\"teft-event-date-wrapper\">\n\t<div class=\"date-square\" aria-hidden=\"true\">\n\t\t13\t\t\t<\/div>\n<\/div>\n\t<div class=\"top-text\">\n\t\t\t\t\t<p class=\"top-date-text\">mandag 13. april 2026<\/p>\n\t\t\t\t\t\t\t<p class=\"top-time-text\">13:00 &#8211; 14:30<\/p>\n\t\t\t\t\t\t<\/div>\n\t\t<div class=\"sharing\">\n\t\t<a class=\"share-button share-link copy-link\" data-copy=\"https:\/\/hoyre.no\/oslo-senior\/arrangementer\/legenes-klimaaksjon\/\" target=\"_blank\"><span class=\"screen-reader-text\">Del link<\/span><\/a>\n\t\t<a class=\"share-button share-twitter\" href=\"http:\/\/twitter.com\/share?text=Legenes klimaaksjon&#038;url=https:\/\/hoyre.no\/oslo-senior\/arrangementer\/legenes-klimaaksjon\/&#038;hashtags=Hoyre\" target=\"_blank\"><span class=\"screen-reader-text\">Del p\u00e5 twitter<\/span><\/a>\n\t\t<a class=\"share-button share-facebook\" href=\"https:\/\/www.facebook.com\/sharer\/sharer.php?u=https:\/\/hoyre.no\/oslo-senior\/arrangementer\/legenes-klimaaksjon\/\" target=\"_blank\"><span class=\"screen-reader-text\">Del p\u00e5 facebook<\/span><\/a>\n\t<\/div>\n\t<\/div>\n<p class=\"preamble\"><strong>Legenes klimaaksjon<\/strong> er et partipolitisk uavhengig nettverk av helsearbeidere og studenter som jobber for \u00e5 beskytte folkehelsen ved \u00e5 f\u00e5 Norge til \u00e5 kutte utslipp og ta klima- og naturkrisen p\u00e5 alvor.<br><br>Legenes klimaaksjon gir et tydelig og faglig forankret budskap: gode klimatiltak er god helsepolitikk. <br>N\u00e5r vi reduserer utslipp, styrker vi folkehelsen, forebygger sykdom og sikrer et b\u00e6rekraftig helsevesen. <br>Dette er politikk som kombinerer ansvar, kunnskap og langsiktig tenkning \u2014 verdier Oslo Senior H\u00f8yre st\u00e5r sterkt i.<br><br>Les mer om Legenes klimaaksjon <a href=\"https:\/\/www.legenesklimaaksjon.no\/\">her<\/a><br><br><sub>Foto: Styremedlem Ragnhild Vereide og styremedlem og tidligere leder Knut Mork Skagen under en tidligere 1.mai markering i Trondheim<\/sub>.<\/p><figure class=\"hoyre-image-wrapper\"><div class=\"hoyre-image\"><img loading=\"lazy\" decoding=\"async\" width=\"763\" height=\"675\" src=\"https:\/\/hoyre.no\/content\/uploads\/sites\/438\/2026\/01\/Legenes-klimaaksjon_3.jpg\" class=\"attachment-scaled size-scaled\" alt=\"\" style=\"object-position: 50% 50%\" srcset=\"https:\/\/hoyre.no\/content\/uploads\/sites\/438\/2026\/01\/Legenes-klimaaksjon_3.jpg 763w, https:\/\/hoyre.no\/content\/uploads\/sites\/438\/2026\/01\/Legenes-klimaaksjon_3-300x265.jpg 300w\" sizes=\"auto, (max-width: 763px) 100vw, 763px\" \/><\/div><\/figure>\n\n<div class=\"panel teft-details-panel\">\n\t\t<h3>Detaljer<\/h3>\n\n\t\t\t\t\t<dl class=\"info-misc-with-icons\">\n\t\t\t\t<dt class=\"venue\"><span class=\"screen-reader-text\">Stedet<\/span><\/dt>\n\t\t\t\t<dd>\n\t\t\t\t\t\t\t\t\t\t\t<span class=\"address-line-1\">Oslo, H\u00f8yres hus<\/span>\n\t\t\t\t\t\t\t\t\t\t\t\t\t\t<\/dd>\n\t\t\t<\/dl>\n\t\t\t\t\t\t\t<dl class=\"info-misc-with-icons\">\n\t\t<dt class=\"time\"><span class=\"screen-reader-text\">Arrangement dato<\/span><\/dt>\n\t\t<dd class=\"time\">\n\t\t\tman 13. april 2026 fra  13:00 &#8211; 14:30\t\t<\/dd>\n\t<\/dl>\n\t\t\t\t<\/dl>\n<\/div>\n<\/div>\n\n\n\n\n<h2 class=\"wp-block-heading\">Informasjon<\/h2>\n\n\n\n<p>Legenes klimaaksjons h\u00f8ringssvar p\u00e5 <strong>NOU 2028, 8<\/strong> <strong>Folkehelsemeldingen om verdier, kunnskap og prioritering<\/strong> kan leses <a href=\"https:\/\/www.regjeringen.no\/no\/dokumenter\/horing-nou-2025-8-folkehelse-verdier-kunnskap-og-prioritering\/id3119775\/?uid=736bd404-6fbd-4aa5-ac4d-39d9f1d7df3e\">her<\/a><\/p>\n\n\n\n<p>og nedefor finner du Simons <strong>presentasjon<\/strong> 13.04.2026 i Politisk verksted.<\/p>\n\n\n\n<div class=\"wp-block-teft-file icon-link-block\"><a href=\"https:\/\/hoyre.no\/content\/uploads\/sites\/438\/2026\/01\/2026.04.13_Klima-natur-helse_Simon-Andrup_presentasjon-for-PV_13.04.2026.pdf\" download><span class=\"file-title\">Simon Andrup&#8217;s presentasjon for PV_13.04.2026<\/span><span class=\"file-name\"><\/span><\/a><\/div>\n\n\n<div class=\"post-meta wp-block\">\n\t<div class=\"top\">\n\t\t<div class=\"sharing\">\n\t\t\t<a class=\"share-button share-link\" target=\"_blank\"><span class=\"screen-reader-text\">Del link<\/span><\/a>\n\t\t\t<a class=\"share-button share-twitter\" href=\"http:\/\/twitter.com\/share?text=Legenes klimaaksjon&#038;url=https:\/\/hoyre.no\/oslo-senior\/arrangementer\/legenes-klimaaksjon\/&#038;hashtags=Hoyre\"><span class=\"screen-reader-text\">Del p\u00e5 twitter<\/span><\/a>\n\t\t\t<a class=\"share-button share-facebook\" href=\"https:\/\/www.facebook.com\/sharer\/sharer.php?u=https:\/\/hoyre.no\/oslo-senior\/arrangementer\/legenes-klimaaksjon\/\" target=\"_blank\"><span class=\"screen-reader-text\">Del p\u00e5 facebook<\/span><\/a>\n\t\t<\/div>\n\t<\/div>\n<\/div>\n","protected":false},"template":"","meta":{"teft_cards_image_url":"","teft_cards_custom_pretitle":"","teft_cards_image_id":1019,"teft_cards_image_focal_point_x":0.54,"teft_cards_image_focal_point_y":0.42,"teft_cards_title":"","teft_cards_excerpt":"","teft_show_chapters":false,"event_organizer":[],"event_start_date":"2026-04-13T13:00:00","event_end_date":"2026-04-13T14:30:00","event_registration_url":"","event_registration_deadline":"","event_ticket_cost":"","event_venue_name":"Oslo, H\u00f8yres hus","event_venue_url":"","event_venue_address":""},"teft-events-category":[],"class_list":["post-960","teft-events","type-teft-events","status-publish","hentry"],"yoast_head":"<!-- This site is optimized with the Yoast SEO plugin v26.6 - https:\/\/yoast.com\/wordpress\/plugins\/seo\/ -->\n<title>Legenes klimaaksjon - Oslo Senior H\u00f8yre<\/title>\n<meta name=\"robots\" content=\"index, follow, max-snippet:-1, max-image-preview:large, max-video-preview:-1\" \/>\n<link rel=\"canonical\" href=\"https:\/\/hoyre.no\/oslo-senior\/arrangementer\/legenes-klimaaksjon\/\" \/>\n<meta property=\"og:locale\" content=\"nb_NO\" \/>\n<meta property=\"og:type\" content=\"article\" \/>\n<meta property=\"og:title\" content=\"Legenes klimaaksjon - Oslo Senior H\u00f8yre\" \/>\n<meta property=\"og:url\" content=\"https:\/\/hoyre.no\/oslo-senior\/arrangementer\/legenes-klimaaksjon\/\" \/>\n<meta property=\"og:site_name\" content=\"Oslo Senior H\u00f8yre\" \/>\n<meta property=\"article:modified_time\" content=\"2026-04-14T13:22:55+00:00\" \/>\n<meta property=\"og:image\" content=\"https:\/\/hoyre.no\/content\/uploads\/sites\/438\/2026\/01\/Simon-Andrup.jpg\" \/>\n<meta name=\"twitter:card\" content=\"summary_large_image\" \/>\n<meta name=\"twitter:label1\" content=\"Ansl. lesetid\" \/>\n\t<meta name=\"twitter:data1\" content=\"1 minutt\" \/>\n<script type=\"application\/ld+json\" class=\"yoast-schema-graph\">{\"@context\":\"https:\/\/schema.org\",\"@graph\":[{\"@type\":\"WebPage\",\"@id\":\"https:\/\/hoyre.no\/oslo-senior\/arrangementer\/legenes-klimaaksjon\/\",\"url\":\"https:\/\/hoyre.no\/oslo-senior\/arrangementer\/legenes-klimaaksjon\/\",\"name\":\"Legenes klimaaksjon - Oslo Senior H\u00f8yre\",\"isPartOf\":{\"@id\":\"https:\/\/hoyre.no\/oslo-senior\/#website\"},\"datePublished\":\"2026-01-13T17:54:42+00:00\",\"dateModified\":\"2026-04-14T13:22:55+00:00\",\"breadcrumb\":{\"@id\":\"https:\/\/hoyre.no\/oslo-senior\/arrangementer\/legenes-klimaaksjon\/#breadcrumb\"},\"inLanguage\":\"nb-NO\",\"potentialAction\":[{\"@type\":\"ReadAction\",\"target\":[\"https:\/\/hoyre.no\/oslo-senior\/arrangementer\/legenes-klimaaksjon\/\"]}]},{\"@type\":\"BreadcrumbList\",\"@id\":\"https:\/\/hoyre.no\/oslo-senior\/arrangementer\/legenes-klimaaksjon\/#breadcrumb\",\"itemListElement\":[{\"@type\":\"ListItem\",\"position\":1,\"name\":\"Til hoyre.no\",\"item\":\"https:\/\/hoyre.no\"},{\"@type\":\"ListItem\",\"position\":2,\"name\":\"Hjem\",\"item\":\"https:\/\/hoyre.no\/oslo-senior\/\"},{\"@type\":\"ListItem\",\"position\":3,\"name\":\"Arrangement\",\"item\":\"https:\/\/hoyre.no\/oslo-senior\/arrangementer\/\"},{\"@type\":\"ListItem\",\"position\":4,\"name\":\"Legenes klimaaksjon\"}]},{\"@type\":\"WebSite\",\"@id\":\"https:\/\/hoyre.no\/oslo-senior\/#website\",\"url\":\"https:\/\/hoyre.no\/oslo-senior\/\",\"name\":\"Oslo Senior H\u00f8yre\",\"description\":\"\",\"inLanguage\":\"nb-NO\"}]}<\/script>\n<!-- \/ Yoast SEO plugin. -->","yoast_head_json":{"title":"Legenes klimaaksjon - Oslo Senior H\u00f8yre","robots":{"index":"index","follow":"follow","max-snippet":"max-snippet:-1","max-image-preview":"max-image-preview:large","max-video-preview":"max-video-preview:-1"},"canonical":"https:\/\/hoyre.no\/oslo-senior\/arrangementer\/legenes-klimaaksjon\/","og_locale":"nb_NO","og_type":"article","og_title":"Legenes klimaaksjon - Oslo Senior H\u00f8yre","og_url":"https:\/\/hoyre.no\/oslo-senior\/arrangementer\/legenes-klimaaksjon\/","og_site_name":"Oslo Senior H\u00f8yre","article_modified_time":"2026-04-14T13:22:55+00:00","og_image":[{"url":"https:\/\/hoyre.no\/content\/uploads\/sites\/438\/2026\/01\/Simon-Andrup.jpg","width":"","height":"","type":""}],"twitter_card":"summary_large_image","twitter_misc":{"Ansl. lesetid":"1 minutt"},"schema":{"@context":"https:\/\/schema.org","@graph":[{"@type":"WebPage","@id":"https:\/\/hoyre.no\/oslo-senior\/arrangementer\/legenes-klimaaksjon\/","url":"https:\/\/hoyre.no\/oslo-senior\/arrangementer\/legenes-klimaaksjon\/","name":"Legenes klimaaksjon - Oslo Senior H\u00f8yre","isPartOf":{"@id":"https:\/\/hoyre.no\/oslo-senior\/#website"},"datePublished":"2026-01-13T17:54:42+00:00","dateModified":"2026-04-14T13:22:55+00:00","breadcrumb":{"@id":"https:\/\/hoyre.no\/oslo-senior\/arrangementer\/legenes-klimaaksjon\/#breadcrumb"},"inLanguage":"nb-NO","potentialAction":[{"@type":"ReadAction","target":["https:\/\/hoyre.no\/oslo-senior\/arrangementer\/legenes-klimaaksjon\/"]}]},{"@type":"BreadcrumbList","@id":"https:\/\/hoyre.no\/oslo-senior\/arrangementer\/legenes-klimaaksjon\/#breadcrumb","itemListElement":[{"@type":"ListItem","position":1,"name":"Til hoyre.no","item":"https:\/\/hoyre.no"},{"@type":"ListItem","position":2,"name":"Hjem","item":"https:\/\/hoyre.no\/oslo-senior\/"},{"@type":"ListItem","position":3,"name":"Arrangement","item":"https:\/\/hoyre.no\/oslo-senior\/arrangementer\/"},{"@type":"ListItem","position":4,"name":"Legenes klimaaksjon"}]},{"@type":"WebSite","@id":"https:\/\/hoyre.no\/oslo-senior\/#website","url":"https:\/\/hoyre.no\/oslo-senior\/","name":"Oslo Senior H\u00f8yre","description":"","inLanguage":"nb-NO"}]}},"distributor_meta":false,"distributor_terms":false,"distributor_media":false,"distributor_original_site_name":"Oslo Senior H\u00f8yre","distributor_original_site_url":"https:\/\/hoyre.no\/oslo-senior","push-errors":false,"_links":{"self":[{"href":"https:\/\/hoyre.no\/oslo-senior\/wp-json\/wp\/v2\/teft-events\/960","targetHints":{"allow":["GET"]}}],"collection":[{"href":"https:\/\/hoyre.no\/oslo-senior\/wp-json\/wp\/v2\/teft-events"}],"about":[{"href":"https:\/\/hoyre.no\/oslo-senior\/wp-json\/wp\/v2\/types\/teft-events"}],"wp:attachment":[{"href":"https:\/\/hoyre.no\/oslo-senior\/wp-json\/wp\/v2\/media?parent=960"}],"wp:term":[{"taxonomy":"teft-events-category","embeddable":true,"href":"https:\/\/hoyre.no\/oslo-senior\/wp-json\/wp\/v2\/teft-events-category?post=960"}],"curies":[{"name":"wp","href":"https:\/\/api.w.org\/{rel}","templated":true}]}}