{"id":991,"date":"2026-02-09T12:04:03","date_gmt":"2026-02-09T11:04:03","guid":{"rendered":"https:\/\/hoyre.no\/oslo-senior\/?post_type=teft-events&#038;p=991"},"modified":"2026-02-19T13:12:31","modified_gmt":"2026-02-19T12:12:31","slug":"samfunnsikkerhet-og-beredskap","status":"publish","type":"teft-events","link":"https:\/\/hoyre.no\/oslo-senior\/arrangementer\/samfunnsikkerhet-og-beredskap\/","title":{"rendered":"NATOs fremtid og de sikkerhetspolitiske utfordringene i Europa"},"content":{"rendered":"\n<div class=\"wp-block-teft-event-top\">\n\n<div class=\"teft-event-date-top\">\n<div class=\"teft-event-date-wrapper\">\n\t<div class=\"date-square\" aria-hidden=\"true\">\n\t\t18\t\t\t<\/div>\n<\/div>\n\t<div class=\"top-text\">\n\t\t\t\t\t<p class=\"top-date-text\">onsdag 18. mars 2026<\/p>\n\t\t\t\t\t\t\t<p class=\"top-time-text\">12:00 &#8211; 14:00<\/p>\n\t\t\t\t\t\t<\/div>\n\t\t<div class=\"sharing\">\n\t\t<a class=\"share-button share-link copy-link\" data-copy=\"https:\/\/hoyre.no\/oslo-senior\/arrangementer\/samfunnsikkerhet-og-beredskap\/\" target=\"_blank\"><span class=\"screen-reader-text\">Del link<\/span><\/a>\n\t\t<a class=\"share-button share-twitter\" href=\"http:\/\/twitter.com\/share?text=NATOs fremtid og de sikkerhetspolitiske utfordringene i Europa&#038;url=https:\/\/hoyre.no\/oslo-senior\/arrangementer\/samfunnsikkerhet-og-beredskap\/&#038;hashtags=Hoyre\" target=\"_blank\"><span class=\"screen-reader-text\">Del p\u00e5 twitter<\/span><\/a>\n\t\t<a class=\"share-button share-facebook\" href=\"https:\/\/www.facebook.com\/sharer\/sharer.php?u=https:\/\/hoyre.no\/oslo-senior\/arrangementer\/samfunnsikkerhet-og-beredskap\/\" target=\"_blank\"><span class=\"screen-reader-text\">Del p\u00e5 facebook<\/span><\/a>\n\t<\/div>\n\t<\/div>\n<p class=\"preamble\">Tidligere forsvarssjet <strong>Sverre Diesen<\/strong> kommer til Oslo Senior H\u00f8yres fellesm\u00f8te med Akershus Senior H\u00f8yre. <br><br>Diesen vil holde et foredrag med utgangspunkt i sin nylige kronikk i <a href=\"https:\/\/www.dn.no\/kronikk\/nato\/sikkerhetspolitikk\/sikkerhetsgaranti\/nato-dod-eller-bare-ute-et-oyeblikk\/2-1-1940959\">Dagens N\u00e6ringsliv<\/a> om NATOs fremtid og de sikkerhetspolitiske utfordringene Europa st\u00e5r overfor. <br>Den amerikanske sikkerhetsgarantien er \u00e5penbart d\u00f8d \u2013 dermed er det et ogs\u00e5 et sp\u00f8rsm\u00e5l om alliansen fortsatt lever.<br><br>Diesen vil dele sine analyser av dagens sikkerhetspolitiske situasjon og hva utviklingen kan bety for Norge i \u00e5rene som kommer. <br><br>Etter foredraget \u00e5pner vi for sp\u00f8rsm\u00e5l og diskusjon.<br>Det blir servering av rundstykker, kaffe og te.\u00a0<br><br>Deltakelse p\u00e5 dette m\u00f8tet krever p\u00e5melding og innbetalt deltakeravgift kr. 200. <br><br>P\u00e5melding til m\u00f8tet gj\u00f8r du ved \u00e5 sende en melding til Per Henry Christensen p\u00e5 e-post <a href=\"mailto:phenry@online.no\">phenry@online.no<\/a> eller sms til mobil 908 52\u00a0206, husk \u00e5 oppgi navn.<br><br><strong>P\u00e5meldingen er gyldig n\u00e5r kr. 200 er innbetalt til:<br>Oslo Senior H\u00f8yres konto 6013.05.00938<\/strong><br>(Vennligst ikke bruk Vipps, og husk \u00e5 skrive navnet ditt.)<br><br><strong>Frist for p\u00e5melding og betaling er torsdag 12. mars.<\/strong><br><br>Velkommen til en innsiktsfull og viktig samtale!<br><br>Med vennlig hilsen<br><strong>Oslo Senior H\u00f8yre<\/strong><br>Per Henry Christiansen, styreleder<\/p>\n\n<div class=\"wp-block wp-block-teft-event-registration-button\">\n\t<div class=\"registration-button-wrapper\">\n\t\t\t<a href=\"phenry@online.no\" class=\"wp-block-button__link\">Meld deg p\u00e5 her<\/a>\n\t\t\t\t\t\t\t<p class=\"registration-deadline\"><strong>P\u00e5meldingsfrist:<\/strong> tor 12. mars 2026<\/p>\n\t\t\n\t<\/div>\n<\/div>\n\n<div class=\"panel teft-details-panel\">\n\t\t<h3>Detaljer<\/h3>\n\n\t\t\t\t\t<dl class=\"info-misc-with-icons\">\n\t\t\t\t<dt class=\"venue\"><span class=\"screen-reader-text\">Stedet<\/span><\/dt>\n\t\t\t\t<dd>\n\t\t\t\t\t\t\t\t\t\t\t<span class=\"address-line-1\">Oslo, H\u00f8yres Hus<\/span>\n\t\t\t\t\t\t\t\t\t\t\t\t\t\t<\/dd>\n\t\t\t<\/dl>\n\t\t\t\t\t\t\t<dl class=\"info-misc-with-icons\">\n\t\t<dt class=\"time\"><span class=\"screen-reader-text\">Arrangement dato<\/span><\/dt>\n\t\t<dd class=\"time\">\n\t\t\tons 18. mars 2026 fra  12:00 &#8211; 14:00\t\t<\/dd>\n\t<\/dl>\n\t\t\t\t\t\t<dl class=\"info-misc-with-icons\">\n\t\t<dt class=\"registration\"><span class=\"screen-reader-text\">P\u00e5meldingsdetajer<\/span><\/dt>\n\t\t<dd class=\"registration\">\n\t\t\t200\t\t\t\t\t\t\t<a href=\"http:\/\/phenry@online.no\">Registrer<\/a>\n\t\t\t\t\t<\/dd>\n\t<\/dl>\n\t\t<\/dl>\n<\/div>\n<\/div>\n\n\n\n\n<h2 class=\"wp-block-heading\">Informasjon<\/h2>\n\n\n\n<p><\/p>\n\n\n<div class=\"post-meta wp-block\">\n\t<div class=\"top\">\n\t\t<div class=\"sharing\">\n\t\t\t<a class=\"share-button share-link\" target=\"_blank\"><span class=\"screen-reader-text\">Del link<\/span><\/a>\n\t\t\t<a class=\"share-button share-twitter\" href=\"http:\/\/twitter.com\/share?text=NATOs fremtid og de sikkerhetspolitiske utfordringene i Europa&#038;url=https:\/\/hoyre.no\/oslo-senior\/arrangementer\/samfunnsikkerhet-og-beredskap\/&#038;hashtags=Hoyre\"><span class=\"screen-reader-text\">Del p\u00e5 twitter<\/span><\/a>\n\t\t\t<a class=\"share-button share-facebook\" href=\"https:\/\/www.facebook.com\/sharer\/sharer.php?u=https:\/\/hoyre.no\/oslo-senior\/arrangementer\/samfunnsikkerhet-og-beredskap\/\" target=\"_blank\"><span class=\"screen-reader-text\">Del p\u00e5 facebook<\/span><\/a>\n\t\t<\/div>\n\t<\/div>\n<\/div>\n","protected":false},"template":"","meta":{"teft_cards_image_url":"","teft_cards_custom_pretitle":"","teft_cards_image_id":584,"teft_cards_image_focal_point_x":0.51,"teft_cards_image_focal_point_y":0.46,"teft_cards_title":"","teft_cards_excerpt":"","teft_show_chapters":false,"event_organizer":[],"event_start_date":"2026-03-18T12:00:00","event_end_date":"2026-03-18T14:00:00","event_registration_url":"phenry@online.no","event_registration_deadline":"2026-03-12T23:59:00","event_ticket_cost":"200","event_venue_name":"Oslo, H\u00f8yres Hus","event_venue_url":"","event_venue_address":""},"teft-events-category":[],"class_list":["post-991","teft-events","type-teft-events","status-publish","hentry"],"yoast_head":"<!-- This site is optimized with the Yoast SEO plugin v26.6 - https:\/\/yoast.com\/wordpress\/plugins\/seo\/ -->\n<title>NATOs fremtid og de sikkerhetspolitiske utfordringene i Europa - Oslo Senior H\u00f8yre<\/title>\n<meta name=\"robots\" content=\"index, follow, max-snippet:-1, max-image-preview:large, max-video-preview:-1\" \/>\n<link rel=\"canonical\" href=\"https:\/\/hoyre.no\/oslo-senior\/arrangementer\/samfunnsikkerhet-og-beredskap\/\" \/>\n<meta property=\"og:locale\" content=\"nb_NO\" \/>\n<meta property=\"og:type\" content=\"article\" \/>\n<meta property=\"og:title\" content=\"NATOs fremtid og de sikkerhetspolitiske utfordringene i Europa - Oslo Senior H\u00f8yre\" \/>\n<meta property=\"og:url\" content=\"https:\/\/hoyre.no\/oslo-senior\/arrangementer\/samfunnsikkerhet-og-beredskap\/\" \/>\n<meta property=\"og:site_name\" content=\"Oslo Senior H\u00f8yre\" \/>\n<meta property=\"article:modified_time\" content=\"2026-02-19T12:12:31+00:00\" \/>\n<meta property=\"og:image\" content=\"https:\/\/hoyre.no\/content\/uploads\/sites\/438\/2025\/02\/Sverre-Diesen.jpeg\" \/>\n<meta name=\"twitter:card\" content=\"summary_large_image\" \/>\n<meta name=\"twitter:label1\" content=\"Ansl. lesetid\" \/>\n\t<meta name=\"twitter:data1\" content=\"1 minutt\" \/>\n<script type=\"application\/ld+json\" class=\"yoast-schema-graph\">{\"@context\":\"https:\/\/schema.org\",\"@graph\":[{\"@type\":\"WebPage\",\"@id\":\"https:\/\/hoyre.no\/oslo-senior\/arrangementer\/samfunnsikkerhet-og-beredskap\/\",\"url\":\"https:\/\/hoyre.no\/oslo-senior\/arrangementer\/samfunnsikkerhet-og-beredskap\/\",\"name\":\"NATOs fremtid og de sikkerhetspolitiske utfordringene i Europa - Oslo Senior H\u00f8yre\",\"isPartOf\":{\"@id\":\"https:\/\/hoyre.no\/oslo-senior\/#website\"},\"datePublished\":\"2026-02-09T11:04:03+00:00\",\"dateModified\":\"2026-02-19T12:12:31+00:00\",\"breadcrumb\":{\"@id\":\"https:\/\/hoyre.no\/oslo-senior\/arrangementer\/samfunnsikkerhet-og-beredskap\/#breadcrumb\"},\"inLanguage\":\"nb-NO\",\"potentialAction\":[{\"@type\":\"ReadAction\",\"target\":[\"https:\/\/hoyre.no\/oslo-senior\/arrangementer\/samfunnsikkerhet-og-beredskap\/\"]}]},{\"@type\":\"BreadcrumbList\",\"@id\":\"https:\/\/hoyre.no\/oslo-senior\/arrangementer\/samfunnsikkerhet-og-beredskap\/#breadcrumb\",\"itemListElement\":[{\"@type\":\"ListItem\",\"position\":1,\"name\":\"Til hoyre.no\",\"item\":\"https:\/\/hoyre.no\"},{\"@type\":\"ListItem\",\"position\":2,\"name\":\"Hjem\",\"item\":\"https:\/\/hoyre.no\/oslo-senior\/\"},{\"@type\":\"ListItem\",\"position\":3,\"name\":\"Arrangement\",\"item\":\"https:\/\/hoyre.no\/oslo-senior\/arrangementer\/\"},{\"@type\":\"ListItem\",\"position\":4,\"name\":\"NATOs fremtid og de sikkerhetspolitiske utfordringene i Europa\"}]},{\"@type\":\"WebSite\",\"@id\":\"https:\/\/hoyre.no\/oslo-senior\/#website\",\"url\":\"https:\/\/hoyre.no\/oslo-senior\/\",\"name\":\"Oslo Senior H\u00f8yre\",\"description\":\"\",\"inLanguage\":\"nb-NO\"}]}<\/script>\n<!-- \/ Yoast SEO plugin. -->","yoast_head_json":{"title":"NATOs fremtid og de sikkerhetspolitiske utfordringene i Europa - Oslo Senior H\u00f8yre","robots":{"index":"index","follow":"follow","max-snippet":"max-snippet:-1","max-image-preview":"max-image-preview:large","max-video-preview":"max-video-preview:-1"},"canonical":"https:\/\/hoyre.no\/oslo-senior\/arrangementer\/samfunnsikkerhet-og-beredskap\/","og_locale":"nb_NO","og_type":"article","og_title":"NATOs fremtid og de sikkerhetspolitiske utfordringene i Europa - Oslo Senior H\u00f8yre","og_url":"https:\/\/hoyre.no\/oslo-senior\/arrangementer\/samfunnsikkerhet-og-beredskap\/","og_site_name":"Oslo Senior H\u00f8yre","article_modified_time":"2026-02-19T12:12:31+00:00","og_image":[{"url":"https:\/\/hoyre.no\/content\/uploads\/sites\/438\/2025\/02\/Sverre-Diesen.jpeg","width":"","height":"","type":""}],"twitter_card":"summary_large_image","twitter_misc":{"Ansl. lesetid":"1 minutt"},"schema":{"@context":"https:\/\/schema.org","@graph":[{"@type":"WebPage","@id":"https:\/\/hoyre.no\/oslo-senior\/arrangementer\/samfunnsikkerhet-og-beredskap\/","url":"https:\/\/hoyre.no\/oslo-senior\/arrangementer\/samfunnsikkerhet-og-beredskap\/","name":"NATOs fremtid og de sikkerhetspolitiske utfordringene i Europa - Oslo Senior H\u00f8yre","isPartOf":{"@id":"https:\/\/hoyre.no\/oslo-senior\/#website"},"datePublished":"2026-02-09T11:04:03+00:00","dateModified":"2026-02-19T12:12:31+00:00","breadcrumb":{"@id":"https:\/\/hoyre.no\/oslo-senior\/arrangementer\/samfunnsikkerhet-og-beredskap\/#breadcrumb"},"inLanguage":"nb-NO","potentialAction":[{"@type":"ReadAction","target":["https:\/\/hoyre.no\/oslo-senior\/arrangementer\/samfunnsikkerhet-og-beredskap\/"]}]},{"@type":"BreadcrumbList","@id":"https:\/\/hoyre.no\/oslo-senior\/arrangementer\/samfunnsikkerhet-og-beredskap\/#breadcrumb","itemListElement":[{"@type":"ListItem","position":1,"name":"Til hoyre.no","item":"https:\/\/hoyre.no"},{"@type":"ListItem","position":2,"name":"Hjem","item":"https:\/\/hoyre.no\/oslo-senior\/"},{"@type":"ListItem","position":3,"name":"Arrangement","item":"https:\/\/hoyre.no\/oslo-senior\/arrangementer\/"},{"@type":"ListItem","position":4,"name":"NATOs fremtid og de sikkerhetspolitiske utfordringene i Europa"}]},{"@type":"WebSite","@id":"https:\/\/hoyre.no\/oslo-senior\/#website","url":"https:\/\/hoyre.no\/oslo-senior\/","name":"Oslo Senior H\u00f8yre","description":"","inLanguage":"nb-NO"}]}},"distributor_meta":false,"distributor_terms":false,"distributor_media":false,"distributor_original_site_name":"Oslo Senior H\u00f8yre","distributor_original_site_url":"https:\/\/hoyre.no\/oslo-senior","push-errors":false,"_links":{"self":[{"href":"https:\/\/hoyre.no\/oslo-senior\/wp-json\/wp\/v2\/teft-events\/991","targetHints":{"allow":["GET"]}}],"collection":[{"href":"https:\/\/hoyre.no\/oslo-senior\/wp-json\/wp\/v2\/teft-events"}],"about":[{"href":"https:\/\/hoyre.no\/oslo-senior\/wp-json\/wp\/v2\/types\/teft-events"}],"wp:attachment":[{"href":"https:\/\/hoyre.no\/oslo-senior\/wp-json\/wp\/v2\/media?parent=991"}],"wp:term":[{"taxonomy":"teft-events-category","embeddable":true,"href":"https:\/\/hoyre.no\/oslo-senior\/wp-json\/wp\/v2\/teft-events-category?post=991"}],"curies":[{"name":"wp","href":"https:\/\/api.w.org\/{rel}","templated":true}]}}