{"id":3839,"date":"2023-01-13T13:21:32","date_gmt":"2023-01-13T12:21:32","guid":{"rendered":"https:\/\/hoyre.no\/oslo\/?page_id=3839"},"modified":"2025-05-27T12:43:51","modified_gmt":"2025-05-27T10:43:51","slug":"5-grunner-til-a-stemme-oslo-hoyre","status":"publish","type":"page","link":"https:\/\/hoyre.no\/oslo\/politikk\/5-grunner-til-a-stemme-oslo-hoyre\/","title":{"rendered":"Fem grunner til \u00e5 stemme Oslo H\u00f8yre"},"content":{"rendered":"\n<div class=\"wp-block-hoyre-hero with-image-gradient text-color-light  has-media alignfull has-background\"><div class=\"hoyre-hero has-image\"><h1 class=\"title\">Fem grunner til \u00e5 stemme H\u00f8yre i Oslo<\/h1><figure class=\"hoyre-image-wrapper\"><div class=\"hoyre-image\"><img loading=\"lazy\" decoding=\"async\" width=\"2500\" height=\"1667\" src=\"https:\/\/hoyre.no\/content\/uploads\/sites\/408\/2023\/05\/Anne-Lindboe-og-Eirik-Lae-Solberg-foto-Hans-Kristian-Thorbjornsen-8-scaled.jpg\" class=\"attachment-scaled size-scaled\" alt=\"Anne Lindboe og Eirik Lae Solberg\" style=\"object-position: 63% 33%\" srcset=\"https:\/\/hoyre.no\/content\/uploads\/sites\/408\/2023\/05\/Anne-Lindboe-og-Eirik-Lae-Solberg-foto-Hans-Kristian-Thorbjornsen-8-scaled.jpg 2500w, https:\/\/hoyre.no\/content\/uploads\/sites\/408\/2023\/05\/Anne-Lindboe-og-Eirik-Lae-Solberg-foto-Hans-Kristian-Thorbjornsen-8-300x200.jpg 300w, https:\/\/hoyre.no\/content\/uploads\/sites\/408\/2023\/05\/Anne-Lindboe-og-Eirik-Lae-Solberg-foto-Hans-Kristian-Thorbjornsen-8-1024x683.jpg 1024w, https:\/\/hoyre.no\/content\/uploads\/sites\/408\/2023\/05\/Anne-Lindboe-og-Eirik-Lae-Solberg-foto-Hans-Kristian-Thorbjornsen-8-768x512.jpg 768w, https:\/\/hoyre.no\/content\/uploads\/sites\/408\/2023\/05\/Anne-Lindboe-og-Eirik-Lae-Solberg-foto-Hans-Kristian-Thorbjornsen-8-1536x1024.jpg 1536w, https:\/\/hoyre.no\/content\/uploads\/sites\/408\/2023\/05\/Anne-Lindboe-og-Eirik-Lae-Solberg-foto-Hans-Kristian-Thorbjornsen-8-2048x1365.jpg 2048w\" sizes=\"auto, (max-width: 2500px) 100vw, 2500px\" \/><\/div><\/figure><\/div><\/div>\n\n\n\n\n<div class=\"wp-block-hoyre-banner alignwide undefined  is-style-blue\"><div class=\"banner-inner\"><figure class=\"hoyre-image-wrapper\"><div class=\"hoyre-image\"><img loading=\"lazy\" decoding=\"async\" width=\"1667\" height=\"2500\" src=\"https:\/\/hoyre.no\/content\/uploads\/sites\/408\/2023\/05\/Anne-Lindboe-og-Eirik-Lae-Solberg-foto-Hans-Kristian-Thorbjornsen-2-scaled.jpg\" class=\"attachment-scaled size-scaled\" alt=\"Anne Lindboe og Eirik Lae Solberg\" style=\"object-position: 47% 2%\" srcset=\"https:\/\/hoyre.no\/content\/uploads\/sites\/408\/2023\/05\/Anne-Lindboe-og-Eirik-Lae-Solberg-foto-Hans-Kristian-Thorbjornsen-2-scaled.jpg 1667w, https:\/\/hoyre.no\/content\/uploads\/sites\/408\/2023\/05\/Anne-Lindboe-og-Eirik-Lae-Solberg-foto-Hans-Kristian-Thorbjornsen-2-200x300.jpg 200w, https:\/\/hoyre.no\/content\/uploads\/sites\/408\/2023\/05\/Anne-Lindboe-og-Eirik-Lae-Solberg-foto-Hans-Kristian-Thorbjornsen-2-683x1024.jpg 683w, https:\/\/hoyre.no\/content\/uploads\/sites\/408\/2023\/05\/Anne-Lindboe-og-Eirik-Lae-Solberg-foto-Hans-Kristian-Thorbjornsen-2-768x1152.jpg 768w, https:\/\/hoyre.no\/content\/uploads\/sites\/408\/2023\/05\/Anne-Lindboe-og-Eirik-Lae-Solberg-foto-Hans-Kristian-Thorbjornsen-2-1024x1536.jpg 1024w, https:\/\/hoyre.no\/content\/uploads\/sites\/408\/2023\/05\/Anne-Lindboe-og-Eirik-Lae-Solberg-foto-Hans-Kristian-Thorbjornsen-2-1365x2048.jpg 1365w\" sizes=\"auto, (max-width: 1667px) 100vw, 1667px\" \/><\/div><\/figure><div class=\"banner-content\"><div class=\"entry-content\">\n<p>Oslo skal v\u00e6re en by som ser alle. Det skal vi f\u00e5 til med en trygg eldreomsorg, en skole som l\u00f8fter alle elever og tilgang til gratis barnehage og fritidsaktiviteter for dem som trenger det.<\/p>\n\n\n\n<p>Oslo skal ogs\u00e5 v\u00e6re en by der det er godt \u00e5 bo i fremtiden. Vi m\u00e5 derfor bygge flere boliger s\u00e5 folk har r\u00e5d til \u00e5 kj\u00f8pe sin egen. Vi m\u00e5 ogs\u00e5 redusere klimautslippene og redde Oslofjorden. Skal vi klare alt dette m\u00e5 byen styres godt. H\u00f8yre vil ha slutt p\u00e5 sl\u00f8singen og f\u00e5 orden p\u00e5 \u00f8konomien.<\/p>\n\n\n\n<div class=\"wp-block-buttons is-layout-flex wp-block-buttons-is-layout-flex\"><\/div>\n<\/div><\/div><\/div><\/div>\n\n\n\n<div class=\"wp-block-media-text alignwide is-stacked-on-mobile is-image-fill\"><figure class=\"wp-block-media-text__media\" style=\"background-image:url('https:\/\/hoyre.no\/content\/uploads\/sites\/408\/2023\/01\/GettyImages-523053640-1024x683.jpg');background-position:50% 50%\"><img loading=\"lazy\" decoding=\"async\" width=\"1024\" height=\"683\" src=\"https:\/\/hoyre.no\/content\/uploads\/sites\/408\/2023\/01\/GettyImages-523053640-1024x683.jpg\" alt=\"\" class=\"wp-image-3840 size-full\" srcset=\"https:\/\/hoyre.no\/content\/uploads\/sites\/408\/2023\/01\/GettyImages-523053640-1024x683.jpg 1024w, https:\/\/hoyre.no\/content\/uploads\/sites\/408\/2023\/01\/GettyImages-523053640-300x200.jpg 300w, https:\/\/hoyre.no\/content\/uploads\/sites\/408\/2023\/01\/GettyImages-523053640-768x512.jpg 768w, https:\/\/hoyre.no\/content\/uploads\/sites\/408\/2023\/01\/GettyImages-523053640-1536x1024.jpg 1536w, https:\/\/hoyre.no\/content\/uploads\/sites\/408\/2023\/01\/GettyImages-523053640-2048x1365.jpg 2048w\" sizes=\"auto, (max-width: 1024px) 100vw, 1024px\" \/><\/figure><div class=\"wp-block-media-text__content\">\n\n<h2 class=\"wp-block-heading\" id=\"h-1-oslo-skal-vaere-en-by-flere-har-rad-til-a-bo-i\">1. <strong>Oslo skal v\u00e6re en by flere har r\u00e5d til \u00e5 bo i<\/strong><\/h2>\n\n\n<p>Familier og enslige f\u00e5r stadig trangere \u00f8konomi. I Oslo rammer dette hardt p\u00e5 grunn av h\u00f8ye boligpriser. Derfor m\u00e5 vi si ja til \u00e5 bygge flere boliger, slik at flere f\u00e5r muligheten til \u00e5 kj\u00f8pe og eie bolig. N\u00e5r folk m\u00e5 stramme inn p\u00e5 \u00f8konomien hjemme, m\u00e5 vi ogs\u00e5 forvente at kommunen bruker pengene smart. Oslo trenger et styre som er opptatt av \u00e5 redusere utgiftene til folk. Vi vil avvikle eiendomsskatten og holde kommunale avgifter lavest mulig.<\/p>\n\n<\/div><\/div>\n\n\n\n<div class=\"wp-block-media-text alignwide has-media-on-the-right is-stacked-on-mobile is-image-fill\"><div class=\"wp-block-media-text__content\">\n\n<h2 class=\"wp-block-heading\" id=\"h-2-oslo-skal-vaere-norges-beste-by-a-vokse-opp-i\"><strong>2. <strong>Oslo skal v\u00e6re Norges beste by \u00e5 vokse opp i<\/strong><\/strong><\/h2>\n\n\n<p>Det viktigste vi kan gj\u00f8re er \u00e5 gi barna muligheter gjennom en god barnehage, mer kunnskap i skolen, og mulighet til \u00e5 delta p\u00e5 fritidsaktiviteter. Vi skal skape en skole der barna trives bedre og l\u00e6rer mer. Alle barn skal ha mulighet til \u00e5 delta i fritidsaktiviteter og barnehage, uavhengig av foreldrenes \u00f8konomi.<\/p>\n\n<\/div><figure class=\"wp-block-media-text__media\" style=\"background-image:url('https:\/\/hoyre.no\/content\/uploads\/sites\/408\/2022\/09\/elever.jpg');background-position:50% 50%\"><img loading=\"lazy\" decoding=\"async\" width=\"1024\" height=\"683\" src=\"https:\/\/hoyre.no\/content\/uploads\/sites\/408\/2022\/09\/elever.jpg\" alt=\"\" class=\"wp-image-92 size-full\" srcset=\"https:\/\/hoyre.no\/content\/uploads\/sites\/408\/2022\/09\/elever.jpg 1024w, https:\/\/hoyre.no\/content\/uploads\/sites\/408\/2022\/09\/elever-300x200.jpg 300w, https:\/\/hoyre.no\/content\/uploads\/sites\/408\/2022\/09\/elever-768x512.jpg 768w\" sizes=\"auto, (max-width: 1024px) 100vw, 1024px\" \/><\/figure><\/div>\n\n\n\n<div class=\"wp-block-media-text alignwide is-stacked-on-mobile is-image-fill\"><figure class=\"wp-block-media-text__media\" style=\"background-image:url('https:\/\/hoyre.no\/content\/uploads\/sites\/408\/2023\/01\/GettyImages-1132974918-1024x683.jpg');background-position:50% 50%\"><img loading=\"lazy\" decoding=\"async\" width=\"1024\" height=\"683\" src=\"https:\/\/hoyre.no\/content\/uploads\/sites\/408\/2023\/01\/GettyImages-1132974918-1024x683.jpg\" alt=\"\" class=\"wp-image-3841 size-full\" srcset=\"https:\/\/hoyre.no\/content\/uploads\/sites\/408\/2023\/01\/GettyImages-1132974918-1024x683.jpg 1024w, https:\/\/hoyre.no\/content\/uploads\/sites\/408\/2023\/01\/GettyImages-1132974918-300x200.jpg 300w, https:\/\/hoyre.no\/content\/uploads\/sites\/408\/2023\/01\/GettyImages-1132974918-768x512.jpg 768w, https:\/\/hoyre.no\/content\/uploads\/sites\/408\/2023\/01\/GettyImages-1132974918-1536x1024.jpg 1536w, https:\/\/hoyre.no\/content\/uploads\/sites\/408\/2023\/01\/GettyImages-1132974918-2048x1365.jpg 2048w\" sizes=\"auto, (max-width: 1024px) 100vw, 1024px\" \/><\/figure><div class=\"wp-block-media-text__content\">\n\n<h2 class=\"wp-block-heading\" id=\"h-3-oslo-skal-vaere-en-by-hvor-vi-tar-vare-pa-hverandre\">3 .<strong>Oslo skal v\u00e6re en by hvor vi tar vare p\u00e5 hverandre<\/strong><\/h2>\n\n\n<p>Alle skal f\u00e5 god og trygg helsehjelp n\u00e5r de trenger det. Stadig flere unge har psykiske helseplager. Oslo H\u00f8yre vil satse mer p\u00e5 forebyggende tiltak og lavterskeltilbud til dem som sliter psykisk. H\u00f8yre vil ha bedre kvalitet i eldreomsorgen. Eldre i Oslo skal kunne spise godt, sove godt, v\u00e6re i aktivitet og ha det sosialt\u202fi lag med andre.<\/p>\n\n<\/div><\/div>\n\n\n\n<div class=\"wp-block-media-text alignwide has-media-on-the-right is-stacked-on-mobile is-image-fill\"><div class=\"wp-block-media-text__content\">\n\n<h2 class=\"wp-block-heading\" id=\"h-4-oslo-skal-vaere-en-by-der-du-selv-far-ta-de-viktige-valgene-i-livet\">4. <strong>Oslo skal v\u00e6re en by der du selv f\u00e5r ta de viktige valgene i livet<\/strong><\/h2>\n\n\n<p>Dagens byr\u00e5d mener at kommunalt alltid er best, og jobber aktivt for \u00e5 fase ut gode private akt\u00f8rer innenfor eldreomsorg, barnehager og barnevern. Vi mener at det viktigste er at tjenestene har best mulig kvalitet og at det offentlige betaler. Du skal selv f\u00e5 velge hva slags tilbud du og familien din trenger.<\/p>\n\n<\/div><figure class=\"wp-block-media-text__media\" style=\"background-image:url('https:\/\/hoyre.no\/content\/uploads\/sites\/408\/2023\/01\/otRrW1t8-1024x677.jpeg');background-position:50% 50%\"><img loading=\"lazy\" decoding=\"async\" width=\"1024\" height=\"677\" src=\"https:\/\/hoyre.no\/content\/uploads\/sites\/408\/2023\/01\/otRrW1t8-1024x677.jpeg\" alt=\"\" class=\"wp-image-3843 size-full\" srcset=\"https:\/\/hoyre.no\/content\/uploads\/sites\/408\/2023\/01\/otRrW1t8-1024x677.jpeg 1024w, https:\/\/hoyre.no\/content\/uploads\/sites\/408\/2023\/01\/otRrW1t8-300x198.jpeg 300w, https:\/\/hoyre.no\/content\/uploads\/sites\/408\/2023\/01\/otRrW1t8-768x507.jpeg 768w, https:\/\/hoyre.no\/content\/uploads\/sites\/408\/2023\/01\/otRrW1t8-1536x1015.jpeg 1536w, https:\/\/hoyre.no\/content\/uploads\/sites\/408\/2023\/01\/otRrW1t8-2048x1353.jpeg 2048w\" sizes=\"auto, (max-width: 1024px) 100vw, 1024px\" \/><\/figure><\/div>\n\n\n\n<div class=\"wp-block-media-text alignwide is-stacked-on-mobile is-image-fill\"><figure class=\"wp-block-media-text__media\" style=\"background-image:url('https:\/\/hoyre.no\/content\/uploads\/sites\/408\/2023\/01\/3i1XMVUE-1024x683.jpeg');background-position:50% 50%\"><img loading=\"lazy\" decoding=\"async\" width=\"1024\" height=\"683\" src=\"https:\/\/hoyre.no\/content\/uploads\/sites\/408\/2023\/01\/3i1XMVUE-1024x683.jpeg\" alt=\"\" class=\"wp-image-3842 size-full\" srcset=\"https:\/\/hoyre.no\/content\/uploads\/sites\/408\/2023\/01\/3i1XMVUE-1024x683.jpeg 1024w, https:\/\/hoyre.no\/content\/uploads\/sites\/408\/2023\/01\/3i1XMVUE-300x200.jpeg 300w, https:\/\/hoyre.no\/content\/uploads\/sites\/408\/2023\/01\/3i1XMVUE-768x512.jpeg 768w, https:\/\/hoyre.no\/content\/uploads\/sites\/408\/2023\/01\/3i1XMVUE-1536x1024.jpeg 1536w, https:\/\/hoyre.no\/content\/uploads\/sites\/408\/2023\/01\/3i1XMVUE-2048x1365.jpeg 2048w\" sizes=\"auto, (max-width: 1024px) 100vw, 1024px\" \/><\/figure><div class=\"wp-block-media-text__content\">\n\n<h2 class=\"wp-block-heading\" id=\"h-5-oslo-skal-vaere-en-miljosmart-by\">5.<strong> <strong>Oslo skal v\u00e6re en milj\u00f8smart by <\/strong><\/strong><\/h2>\n\n\n<p>Oslo henger etter p\u00e5 klimam\u00e5lene. Det m\u00e5 vi gj\u00f8re noe med. H\u00f8yre vil gj\u00f8re det lettere for innbyggerne \u00e5 gj\u00f8re milj\u00f8vennlige valg. H\u00f8yre vil prioritere tiltak som bidrar til at vi n\u00e5r m\u00e5let om \u00e5 redusere klimautslippene med 95 prosent innen 2030. Vi vil redde Oslofjorden og gj\u00f8re Oslo til en ledende by p\u00e5 gjenbruk og materialgjenvinning.<\/p>\n\n<\/div><\/div>\n\n\n\n<div class=\"wp-block-teft-accentuated-link undefined\"><div class=\"kf-link__wrapper\"><div class=\"kf-link__tagline\">Dette g\u00e5r vi til valg p\u00e5<\/div><a class=\"kf-link__link\" href=\"https:\/\/hoyre.no\/oslo\/bystyreprogram-2023-2027\/\" rel=\"\">Les mer om v\u00e5r politikk i v\u00e5rt bystyreprogram<span class=\"kf-link__link-source\">hoyre.no<svg xmlns=\"http:\/\/www.w3.org\/2000\/svg\" viewBox=\"0 0 24 24\" width=\"10\" height=\"10\" aria-hidden=\"true\"><path d=\"M8.251 16.498a.752.752 0 0 1-.53-1.281l13.72-13.72h-4.939a.75.75 0 0 1 0-1.5h6.75a.735.735 0 0 1 .293.06.75.75 0 0 1 .4.404l.01.026a.73.73 0 0 1 .047.26v6.75a.75.75 0 0 1-1.5 0V2.559l-13.72 13.72a.75.75 0 0 1-.531.219z\"><\/path><path d=\"M2.251 23.998a2.252 2.252 0 0 1-2.25-2.25v-15a2.252 2.252 0 0 1 2.25-2.25h9a.75.75 0 0 1 0 1.5h-9a.75.75 0 0 0-.75.75v15c0 .414.336.75.75.75h15a.75.75 0 0 0 .75-.75v-9a.75.75 0 0 1 1.5 0v9a2.252 2.252 0 0 1-2.25 2.25h-15z\"><\/path><\/svg><\/span><\/a><\/div><\/div>\n\n\n\n<div class=\"wp-block-hoyre-banner undefined  is-style-blue\"><div class=\"banner-inner\"><figure class=\"hoyre-image-wrapper\"><div class=\"hoyre-image\"><img loading=\"lazy\" decoding=\"async\" width=\"2500\" height=\"1667\" src=\"https:\/\/hoyre.no\/content\/uploads\/sites\/408\/2023\/05\/Anne-Lindboe-og-Eirik-Lae-Solberg-foto-Hans-Kristian-Thorbjornsen-8-scaled.jpg\" class=\"attachment-scaled size-scaled\" alt=\"Anne Lindboe og Eirik Lae Solberg\" style=\"object-position: 50% 21%\" srcset=\"https:\/\/hoyre.no\/content\/uploads\/sites\/408\/2023\/05\/Anne-Lindboe-og-Eirik-Lae-Solberg-foto-Hans-Kristian-Thorbjornsen-8-scaled.jpg 2500w, https:\/\/hoyre.no\/content\/uploads\/sites\/408\/2023\/05\/Anne-Lindboe-og-Eirik-Lae-Solberg-foto-Hans-Kristian-Thorbjornsen-8-300x200.jpg 300w, https:\/\/hoyre.no\/content\/uploads\/sites\/408\/2023\/05\/Anne-Lindboe-og-Eirik-Lae-Solberg-foto-Hans-Kristian-Thorbjornsen-8-1024x683.jpg 1024w, https:\/\/hoyre.no\/content\/uploads\/sites\/408\/2023\/05\/Anne-Lindboe-og-Eirik-Lae-Solberg-foto-Hans-Kristian-Thorbjornsen-8-768x512.jpg 768w, https:\/\/hoyre.no\/content\/uploads\/sites\/408\/2023\/05\/Anne-Lindboe-og-Eirik-Lae-Solberg-foto-Hans-Kristian-Thorbjornsen-8-1536x1024.jpg 1536w, https:\/\/hoyre.no\/content\/uploads\/sites\/408\/2023\/05\/Anne-Lindboe-og-Eirik-Lae-Solberg-foto-Hans-Kristian-Thorbjornsen-8-2048x1365.jpg 2048w\" sizes=\"auto, (max-width: 2500px) 100vw, 2500px\" \/><\/div><\/figure><div class=\"banner-content\"><div class=\"entry-content\">\n<h1 class=\"wp-block-heading\" id=\"h-bli-kjent-med-anne-og-eirik\">Bli kjent med Anne og Eirik<\/h1>\n\n\n\n<p class=\"is-style-large\">Bli bedre kjent med ordf\u00f8rer- og byr\u00e5dslederkandidatene v\u00e5re her.<\/p>\n\n\n\n<div class=\"wp-block-buttons alignwide is-content-justification-center is-layout-flex wp-container-core-buttons-is-layout-16018d1d wp-block-buttons-is-layout-flex\">\n<div class=\"wp-block-button is-style-fill\"><a class=\"wp-block-button__link wp-element-button\" href=\"https:\/\/hoyre.no\/oslo\/anne-lindboe-ordforer\/\">Bli kjent med anne her<\/a><\/div>\n\n\n\n<div class=\"wp-block-button is-style-fill\"><a class=\"wp-block-button__link wp-element-button\" href=\"https:\/\/hoyre.no\/oslo\/eirik-lae-solberg-byradsleder\/\">Bli kjent med Eirik her<\/a><\/div>\n<\/div>\n\n\n\n<div class=\"wp-block-buttons is-layout-flex wp-block-buttons-is-layout-flex\"><\/div>\n<\/div><\/div><\/div><\/div>\n\n\n\n\n<div class=\"wp-block-teft-cards alignwide teft-cards-grid default-size-4\"><div class=\"teft-cards-item has-4-columns is-card-hoyre\">\n\t<div class=\"teft-card hoyre-teft-card page-teft-card\">\n\t\t<a href=\"https:\/\/hoyre.no\/oslo\/eiendomsskatt\/\" class=\"teft-card__primary-action\">\n\n\t\t\t\t\t<div class=\"teft-card__media teft-card__media--16-9\">\n\t\t\t\t\t\t<img loading=\"lazy\" decoding=\"async\" width=\"768\" height=\"433\" src=\"https:\/\/hoyre.no\/content\/uploads\/sites\/408\/2023\/06\/Leilighet-Oslo-2-768x433.png\" class=\"attachment-medium_large size-medium_large\" alt=\"Leilighet i Oslo\" srcset=\"https:\/\/hoyre.no\/content\/uploads\/sites\/408\/2023\/06\/Leilighet-Oslo-2-768x433.png 768w, https:\/\/hoyre.no\/content\/uploads\/sites\/408\/2023\/06\/Leilighet-Oslo-2-300x169.png 300w, https:\/\/hoyre.no\/content\/uploads\/sites\/408\/2023\/06\/Leilighet-Oslo-2-1024x577.png 1024w, https:\/\/hoyre.no\/content\/uploads\/sites\/408\/2023\/06\/Leilighet-Oslo-2-1536x865.png 1536w, https:\/\/hoyre.no\/content\/uploads\/sites\/408\/2023\/06\/Leilighet-Oslo-2.png 1640w\" sizes=\"auto, (max-width: 768px) 100vw, 768px\" \/>\t\t<\/div>\n\t\t\n\t\t\t<div class=\"teft-card__content-wrapper\">\n\t\t\t\t<div class=\"teft-card__secondary\">\n\t\t\t\t\t\t\t\t\t<\/div>\n\n\t\t\t\t<div class=\"teft-card__primary\">\n\t\t\t\t\t<h2 class=\"teft-card__title\">Eiendomsskatt&nbsp;<span class=\"teft-card__primary-title-append\"><\/span><\/h2>\t\t\t\t<\/div>\n\t\t\t<\/div>\n\t\t<\/a>\n\t<\/div>\n\n\t<\/div>\n\n<div class=\"teft-cards-item has-4-columns is-card-hoyre\">\n\t<div class=\"teft-card hoyre-teft-card page-teft-card\">\n\t\t<a href=\"https:\/\/hoyre.no\/oslo\/du-skal-ikke-vaere-utrygg-i-oslo\/\" class=\"teft-card__primary-action\">\n\n\t\t\t\t\t<div class=\"teft-card__media teft-card__media--16-9\">\n\t\t\t\t\t\t<img loading=\"lazy\" decoding=\"async\" width=\"768\" height=\"512\" src=\"https:\/\/hoyre.no\/content\/uploads\/sites\/408\/2023\/06\/GettyImages-1271547720-768x512.jpg\" class=\"attachment-medium_large size-medium_large\" alt=\"trygghet\" srcset=\"https:\/\/hoyre.no\/content\/uploads\/sites\/408\/2023\/06\/GettyImages-1271547720-768x512.jpg 768w, https:\/\/hoyre.no\/content\/uploads\/sites\/408\/2023\/06\/GettyImages-1271547720-300x200.jpg 300w, https:\/\/hoyre.no\/content\/uploads\/sites\/408\/2023\/06\/GettyImages-1271547720-1024x683.jpg 1024w, https:\/\/hoyre.no\/content\/uploads\/sites\/408\/2023\/06\/GettyImages-1271547720-1536x1024.jpg 1536w, https:\/\/hoyre.no\/content\/uploads\/sites\/408\/2023\/06\/GettyImages-1271547720-2048x1365.jpg 2048w\" sizes=\"auto, (max-width: 768px) 100vw, 768px\" \/>\t\t<\/div>\n\t\t\n\t\t\t<div class=\"teft-card__content-wrapper\">\n\t\t\t\t<div class=\"teft-card__secondary\">\n\t\t\t\t\t\t\t\t\t<\/div>\n\n\t\t\t\t<div class=\"teft-card__primary\">\n\t\t\t\t\t<h2 class=\"teft-card__title\">Du skal ikke v\u00e6re utrygg i Oslo&nbsp;<span class=\"teft-card__primary-title-append\"><\/span><\/h2>\t\t\t\t<\/div>\n\t\t\t<\/div>\n\t\t<\/a>\n\t<\/div>\n\n\t<\/div>\n\n<div class=\"teft-cards-item has-4-columns is-card-hoyre\">\n\t<div class=\"teft-card hoyre-teft-card page-teft-card\">\n\t\t<a href=\"https:\/\/hoyre.no\/oslo\/hjelp-ikke-straff\/\" class=\"teft-card__primary-action\">\n\n\t\t\t\t\t<div class=\"teft-card__media teft-card__media--16-9\">\n\t\t\t\t\t\t<img loading=\"lazy\" decoding=\"async\" width=\"768\" height=\"433\" src=\"https:\/\/hoyre.no\/content\/uploads\/sites\/408\/2023\/06\/rus-2-768x433.png\" class=\"attachment-medium_large size-medium_large\" alt=\"rusreform\" srcset=\"https:\/\/hoyre.no\/content\/uploads\/sites\/408\/2023\/06\/rus-2-768x433.png 768w, https:\/\/hoyre.no\/content\/uploads\/sites\/408\/2023\/06\/rus-2-300x169.png 300w, https:\/\/hoyre.no\/content\/uploads\/sites\/408\/2023\/06\/rus-2-1024x577.png 1024w, https:\/\/hoyre.no\/content\/uploads\/sites\/408\/2023\/06\/rus-2-1536x865.png 1536w, https:\/\/hoyre.no\/content\/uploads\/sites\/408\/2023\/06\/rus-2.png 1640w\" sizes=\"auto, (max-width: 768px) 100vw, 768px\" \/>\t\t<\/div>\n\t\t\n\t\t\t<div class=\"teft-card__content-wrapper\">\n\t\t\t\t<div class=\"teft-card__secondary\">\n\t\t\t\t\t\t\t\t\t<\/div>\n\n\t\t\t\t<div class=\"teft-card__primary\">\n\t\t\t\t\t<h2 class=\"teft-card__title\">Hjelp, ikke straff&nbsp;<span class=\"teft-card__primary-title-append\"><\/span><\/h2>\t\t\t\t<\/div>\n\t\t\t<\/div>\n\t\t<\/a>\n\t<\/div>\n\n\t<\/div><\/div>\n\n\n","protected":false},"excerpt":{"rendered":"","protected":false},"author":15381,"featured_media":0,"parent":5,"menu_order":0,"comment_status":"closed","ping_status":"closed","template":"","meta":{"teft_cards_image_url":"","teft_cards_custom_pretitle":"","teft_cards_image_id":4504,"teft_cards_image_focal_point_x":0.5,"teft_cards_image_focal_point_y":0.42,"teft_cards_title":"","teft_cards_excerpt":"","teft_show_chapters":false,"footnotes":""},"class_list":["post-3839","page","type-page","status-publish","hentry"],"yoast_head":"<!-- This site is optimized with the Yoast SEO Premium plugin v26.5 (Yoast SEO v26.6) - https:\/\/yoast.com\/wordpress\/plugins\/seo\/ -->\n<title>Fem grunner til \u00e5 stemme Oslo H\u00f8yre - Oslo H\u00f8yre<\/title>\n<meta name=\"description\" content=\"Oslo skal v\u00e6re en by som ser alle. Det skal vi f\u00e5 til med en trygg eldreomsorg, en skole som l\u00f8fter alle elever og tilgang til gratis barnehage og fritidsaktiviteter for dem som trenger det.\" \/>\n<meta name=\"robots\" content=\"index, follow, max-snippet:-1, max-image-preview:large, max-video-preview:-1\" \/>\n<link rel=\"canonical\" href=\"https:\/\/hoyre.no\/oslo\/politikk\/5-grunner-til-a-stemme-oslo-hoyre\/\" \/>\n<meta property=\"og:locale\" content=\"nb_NO\" \/>\n<meta property=\"og:type\" content=\"article\" \/>\n<meta property=\"og:title\" content=\"Fem grunner til \u00e5 stemme Oslo H\u00f8yre\" \/>\n<meta property=\"og:description\" content=\"Oslo skal v\u00e6re en by som ser alle. Det skal vi f\u00e5 til med en trygg eldreomsorg, en skole som l\u00f8fter alle elever og tilgang til gratis barnehage og fritidsaktiviteter for dem som trenger det.\" \/>\n<meta property=\"og:url\" content=\"https:\/\/hoyre.no\/oslo\/politikk\/5-grunner-til-a-stemme-oslo-hoyre\/\" \/>\n<meta property=\"og:site_name\" content=\"Oslo H\u00f8yre\" \/>\n<meta property=\"article:publisher\" content=\"https:\/\/www.facebook.com\/oslo.hoyre\" \/>\n<meta property=\"article:modified_time\" content=\"2025-05-27T10:43:51+00:00\" \/>\n<meta property=\"og:image\" content=\"https:\/\/hoyre.no\/content\/uploads\/sites\/408\/2023\/05\/Anne-Lindboe-og-Eirik-Lae-Solberg-foto-Hans-Kristian-Thorbjornsen-8-1024x683.jpg\" \/>\n<meta name=\"twitter:card\" content=\"summary_large_image\" \/>\n<meta name=\"twitter:description\" content=\"Oslo skal v\u00e6re en by som ser alle. Det skal vi f\u00e5 til med en trygg eldreomsorg, en skole som l\u00f8fter alle elever og tilgang til gratis barnehage og fritidsaktiviteter for dem som trenger det.\" \/>\n<meta name=\"twitter:label1\" content=\"Ansl. lesetid\" \/>\n\t<meta name=\"twitter:data1\" content=\"5 minutter\" \/>\n<script type=\"application\/ld+json\" class=\"yoast-schema-graph\">{\"@context\":\"https:\/\/schema.org\",\"@graph\":[{\"@type\":\"WebPage\",\"@id\":\"https:\/\/hoyre.no\/oslo\/politikk\/5-grunner-til-a-stemme-oslo-hoyre\/\",\"url\":\"https:\/\/hoyre.no\/oslo\/politikk\/5-grunner-til-a-stemme-oslo-hoyre\/\",\"name\":\"Fem grunner til \u00e5 stemme Oslo H\u00f8yre - Oslo H\u00f8yre\",\"isPartOf\":{\"@id\":\"https:\/\/hoyre.no\/oslo\/#website\"},\"image\":{\"@id\":\"https:\/\/hoyre.no\/oslo\/politikk\/5-grunner-til-a-stemme-oslo-hoyre\/#primaryimage\"},\"thumbnailUrl\":\"https:\/\/hoyre.no\/content\/uploads\/sites\/408\/2023\/01\/GettyImages-523053640-1024x683.jpg\",\"datePublished\":\"2023-01-13T12:21:32+00:00\",\"dateModified\":\"2025-05-27T10:43:51+00:00\",\"description\":\"Oslo skal v\u00e6re en by som ser alle. Det skal vi f\u00e5 til med en trygg eldreomsorg, en skole som l\u00f8fter alle elever og tilgang til gratis barnehage og fritidsaktiviteter for dem som trenger det.\",\"breadcrumb\":{\"@id\":\"https:\/\/hoyre.no\/oslo\/politikk\/5-grunner-til-a-stemme-oslo-hoyre\/#breadcrumb\"},\"inLanguage\":\"nb-NO\",\"potentialAction\":[{\"@type\":\"ReadAction\",\"target\":[\"https:\/\/hoyre.no\/oslo\/politikk\/5-grunner-til-a-stemme-oslo-hoyre\/\"]}]},{\"@type\":\"ImageObject\",\"inLanguage\":\"nb-NO\",\"@id\":\"https:\/\/hoyre.no\/oslo\/politikk\/5-grunner-til-a-stemme-oslo-hoyre\/#primaryimage\",\"url\":\"https:\/\/hoyre.no\/content\/uploads\/sites\/408\/2023\/01\/GettyImages-523053640-1024x683.jpg\",\"contentUrl\":\"https:\/\/hoyre.no\/content\/uploads\/sites\/408\/2023\/01\/GettyImages-523053640-1024x683.jpg\"},{\"@type\":\"BreadcrumbList\",\"@id\":\"https:\/\/hoyre.no\/oslo\/politikk\/5-grunner-til-a-stemme-oslo-hoyre\/#breadcrumb\",\"itemListElement\":[{\"@type\":\"ListItem\",\"position\":1,\"name\":\"Til hoyre.no\",\"item\":\"https:\/\/hoyre.no\"},{\"@type\":\"ListItem\",\"position\":2,\"name\":\"Hjem\",\"item\":\"https:\/\/hoyre.no\/oslo\/\"},{\"@type\":\"ListItem\",\"position\":3,\"name\":\"Politikk\",\"item\":\"https:\/\/hoyre.no\/oslo\/politikk\/\"},{\"@type\":\"ListItem\",\"position\":4,\"name\":\"Fem grunner til \u00e5 stemme Oslo H\u00f8yre\"}]},{\"@type\":\"WebSite\",\"@id\":\"https:\/\/hoyre.no\/oslo\/#website\",\"url\":\"https:\/\/hoyre.no\/oslo\/\",\"name\":\"Oslo H\u00f8yre\",\"description\":\"\",\"publisher\":{\"@id\":\"https:\/\/hoyre.no\/oslo\/#organization\"},\"inLanguage\":\"nb-NO\"},{\"@type\":\"Organization\",\"@id\":\"https:\/\/hoyre.no\/oslo\/#organization\",\"name\":\"Oslo H\u00f8yre\",\"url\":\"https:\/\/hoyre.no\/oslo\/\",\"logo\":{\"@type\":\"ImageObject\",\"inLanguage\":\"nb-NO\",\"@id\":\"https:\/\/hoyre.no\/oslo\/#\/schema\/logo\/image\/\",\"url\":\"https:\/\/hoyre.no\/content\/uploads\/sites\/408\/2022\/11\/Hoyres-logo.png\",\"contentUrl\":\"https:\/\/hoyre.no\/content\/uploads\/sites\/408\/2022\/11\/Hoyres-logo.png\",\"width\":1000,\"height\":1000,\"caption\":\"Oslo H\u00f8yre\"},\"image\":{\"@id\":\"https:\/\/hoyre.no\/oslo\/#\/schema\/logo\/image\/\"},\"sameAs\":[\"https:\/\/www.facebook.com\/oslo.hoyre\"]}]}<\/script>\n<!-- \/ Yoast SEO Premium plugin. -->","yoast_head_json":{"title":"Fem grunner til \u00e5 stemme Oslo H\u00f8yre - Oslo H\u00f8yre","description":"Oslo skal v\u00e6re en by som ser alle. Det skal vi f\u00e5 til med en trygg eldreomsorg, en skole som l\u00f8fter alle elever og tilgang til gratis barnehage og fritidsaktiviteter for dem som trenger det.","robots":{"index":"index","follow":"follow","max-snippet":"max-snippet:-1","max-image-preview":"max-image-preview:large","max-video-preview":"max-video-preview:-1"},"canonical":"https:\/\/hoyre.no\/oslo\/politikk\/5-grunner-til-a-stemme-oslo-hoyre\/","og_locale":"nb_NO","og_type":"article","og_title":"Fem grunner til \u00e5 stemme Oslo H\u00f8yre","og_description":"Oslo skal v\u00e6re en by som ser alle. Det skal vi f\u00e5 til med en trygg eldreomsorg, en skole som l\u00f8fter alle elever og tilgang til gratis barnehage og fritidsaktiviteter for dem som trenger det.","og_url":"https:\/\/hoyre.no\/oslo\/politikk\/5-grunner-til-a-stemme-oslo-hoyre\/","og_site_name":"Oslo H\u00f8yre","article_publisher":"https:\/\/www.facebook.com\/oslo.hoyre","article_modified_time":"2025-05-27T10:43:51+00:00","og_image":[{"url":"https:\/\/hoyre.no\/content\/uploads\/sites\/408\/2023\/05\/Anne-Lindboe-og-Eirik-Lae-Solberg-foto-Hans-Kristian-Thorbjornsen-8-1024x683.jpg","width":"","height":"","type":""}],"twitter_card":"summary_large_image","twitter_description":"Oslo skal v\u00e6re en by som ser alle. Det skal vi f\u00e5 til med en trygg eldreomsorg, en skole som l\u00f8fter alle elever og tilgang til gratis barnehage og fritidsaktiviteter for dem som trenger det.","twitter_misc":{"Ansl. lesetid":"5 minutter"},"schema":{"@context":"https:\/\/schema.org","@graph":[{"@type":"WebPage","@id":"https:\/\/hoyre.no\/oslo\/politikk\/5-grunner-til-a-stemme-oslo-hoyre\/","url":"https:\/\/hoyre.no\/oslo\/politikk\/5-grunner-til-a-stemme-oslo-hoyre\/","name":"Fem grunner til \u00e5 stemme Oslo H\u00f8yre - Oslo H\u00f8yre","isPartOf":{"@id":"https:\/\/hoyre.no\/oslo\/#website"},"image":{"@id":"https:\/\/hoyre.no\/oslo\/politikk\/5-grunner-til-a-stemme-oslo-hoyre\/#primaryimage"},"thumbnailUrl":"https:\/\/hoyre.no\/content\/uploads\/sites\/408\/2023\/01\/GettyImages-523053640-1024x683.jpg","datePublished":"2023-01-13T12:21:32+00:00","dateModified":"2025-05-27T10:43:51+00:00","description":"Oslo skal v\u00e6re en by som ser alle. Det skal vi f\u00e5 til med en trygg eldreomsorg, en skole som l\u00f8fter alle elever og tilgang til gratis barnehage og fritidsaktiviteter for dem som trenger det.","breadcrumb":{"@id":"https:\/\/hoyre.no\/oslo\/politikk\/5-grunner-til-a-stemme-oslo-hoyre\/#breadcrumb"},"inLanguage":"nb-NO","potentialAction":[{"@type":"ReadAction","target":["https:\/\/hoyre.no\/oslo\/politikk\/5-grunner-til-a-stemme-oslo-hoyre\/"]}]},{"@type":"ImageObject","inLanguage":"nb-NO","@id":"https:\/\/hoyre.no\/oslo\/politikk\/5-grunner-til-a-stemme-oslo-hoyre\/#primaryimage","url":"https:\/\/hoyre.no\/content\/uploads\/sites\/408\/2023\/01\/GettyImages-523053640-1024x683.jpg","contentUrl":"https:\/\/hoyre.no\/content\/uploads\/sites\/408\/2023\/01\/GettyImages-523053640-1024x683.jpg"},{"@type":"BreadcrumbList","@id":"https:\/\/hoyre.no\/oslo\/politikk\/5-grunner-til-a-stemme-oslo-hoyre\/#breadcrumb","itemListElement":[{"@type":"ListItem","position":1,"name":"Til hoyre.no","item":"https:\/\/hoyre.no"},{"@type":"ListItem","position":2,"name":"Hjem","item":"https:\/\/hoyre.no\/oslo\/"},{"@type":"ListItem","position":3,"name":"Politikk","item":"https:\/\/hoyre.no\/oslo\/politikk\/"},{"@type":"ListItem","position":4,"name":"Fem grunner til \u00e5 stemme Oslo H\u00f8yre"}]},{"@type":"WebSite","@id":"https:\/\/hoyre.no\/oslo\/#website","url":"https:\/\/hoyre.no\/oslo\/","name":"Oslo H\u00f8yre","description":"","publisher":{"@id":"https:\/\/hoyre.no\/oslo\/#organization"},"inLanguage":"nb-NO"},{"@type":"Organization","@id":"https:\/\/hoyre.no\/oslo\/#organization","name":"Oslo H\u00f8yre","url":"https:\/\/hoyre.no\/oslo\/","logo":{"@type":"ImageObject","inLanguage":"nb-NO","@id":"https:\/\/hoyre.no\/oslo\/#\/schema\/logo\/image\/","url":"https:\/\/hoyre.no\/content\/uploads\/sites\/408\/2022\/11\/Hoyres-logo.png","contentUrl":"https:\/\/hoyre.no\/content\/uploads\/sites\/408\/2022\/11\/Hoyres-logo.png","width":1000,"height":1000,"caption":"Oslo H\u00f8yre"},"image":{"@id":"https:\/\/hoyre.no\/oslo\/#\/schema\/logo\/image\/"},"sameAs":["https:\/\/www.facebook.com\/oslo.hoyre"]}]}},"distributor_meta":false,"distributor_terms":false,"distributor_media":false,"distributor_original_site_name":"Oslo H\u00f8yre","distributor_original_site_url":"https:\/\/hoyre.no\/oslo","push-errors":false,"_links":{"self":[{"href":"https:\/\/hoyre.no\/oslo\/wp-json\/wp\/v2\/pages\/3839","targetHints":{"allow":["GET"]}}],"collection":[{"href":"https:\/\/hoyre.no\/oslo\/wp-json\/wp\/v2\/pages"}],"about":[{"href":"https:\/\/hoyre.no\/oslo\/wp-json\/wp\/v2\/types\/page"}],"author":[{"embeddable":true,"href":"https:\/\/hoyre.no\/oslo\/wp-json\/wp\/v2\/users\/15381"}],"replies":[{"embeddable":true,"href":"https:\/\/hoyre.no\/oslo\/wp-json\/wp\/v2\/comments?post=3839"}],"version-history":[{"count":35,"href":"https:\/\/hoyre.no\/oslo\/wp-json\/wp\/v2\/pages\/3839\/revisions"}],"predecessor-version":[{"id":8925,"href":"https:\/\/hoyre.no\/oslo\/wp-json\/wp\/v2\/pages\/3839\/revisions\/8925"}],"up":[{"embeddable":true,"href":"https:\/\/hoyre.no\/oslo\/wp-json\/wp\/v2\/pages\/5"}],"wp:attachment":[{"href":"https:\/\/hoyre.no\/oslo\/wp-json\/wp\/v2\/media?parent=3839"}],"curies":[{"name":"wp","href":"https:\/\/api.w.org\/{rel}","templated":true}]}}