{"id":4830,"date":"2023-06-23T14:39:22","date_gmt":"2023-06-23T12:39:22","guid":{"rendered":"https:\/\/hoyre.no\/oslo\/?page_id=4830"},"modified":"2023-08-07T10:27:03","modified_gmt":"2023-08-07T08:27:03","slug":"du-skal-ikke-vaere-utrygg-i-oslo","status":"publish","type":"page","link":"https:\/\/hoyre.no\/oslo\/du-skal-ikke-vaere-utrygg-i-oslo\/","title":{"rendered":"Du skal ikke v\u00e6re utrygg i Oslo"},"content":{"rendered":"\n<div class=\"wp-block-hoyre-hero with-image-gradient text-color-light  has-media alignfull has-background\"><div class=\"hoyre-hero has-image\"><h1 class=\"title\">Du skal ikke v\u00e6re utrygg i Oslo<\/h1><figure class=\"hoyre-image-wrapper\"><div class=\"hoyre-image\"><img loading=\"lazy\" decoding=\"async\" width=\"2500\" height=\"1667\" src=\"https:\/\/hoyre.no\/content\/uploads\/sites\/408\/2023\/06\/GettyImages-1271547720-scaled.jpg\" class=\"attachment-scaled size-scaled\" alt=\"trygghet\" style=\"object-position: 50% 50%\" srcset=\"https:\/\/hoyre.no\/content\/uploads\/sites\/408\/2023\/06\/GettyImages-1271547720-scaled.jpg 2500w, https:\/\/hoyre.no\/content\/uploads\/sites\/408\/2023\/06\/GettyImages-1271547720-300x200.jpg 300w, https:\/\/hoyre.no\/content\/uploads\/sites\/408\/2023\/06\/GettyImages-1271547720-1024x683.jpg 1024w, https:\/\/hoyre.no\/content\/uploads\/sites\/408\/2023\/06\/GettyImages-1271547720-768x512.jpg 768w, https:\/\/hoyre.no\/content\/uploads\/sites\/408\/2023\/06\/GettyImages-1271547720-1536x1024.jpg 1536w, https:\/\/hoyre.no\/content\/uploads\/sites\/408\/2023\/06\/GettyImages-1271547720-2048x1365.jpg 2048w\" sizes=\"auto, (max-width: 2500px) 100vw, 2500px\" \/><\/div><\/figure><\/div><\/div>\n\n\n\n\n<h2 class=\"wp-block-heading\" id=\"h-oslo-skal-vaere-en-trygg-by\">Oslo skal v\u00e6re en trygg by<\/h2>\n\n\n\n<p>Oslo H\u00f8yre \u00f8nsker at Oslo skal v\u00e6re en \u00e5pen by hvor alle innbyggere skal f\u00f8le seg trygge, uavhengig av hvem de er, eller hvor i byen de bor. Oslo kommune m\u00e5 samarbeide m\u00e5lrettet med politiet, blant annet gjennom politir\u00e5det og SaLTo-samarbeidet, for \u00e5 forebygge kriminelle handlinger og sikre at de som blir utsatt for kriminalitet, f\u00e5r n\u00f8dvendig oppf\u00f8lging og hjelp. Oslo H\u00f8yre vil spesielt prioritere arbeidet med \u00e5 forhindre ran og vold mot barn og unge. Vi mener det er avgj\u00f8rende \u00e5 stoppe rekrutteringen til de kriminelle gjengene. <\/p>\n\n\n\n<div class=\"wp-block-teft-factbox is-style-blue\"><div class=\"factbox-inner\"><div class=\"entry-content\"><h4 class=\"toggle\">Oslo H\u00f8yres handlingsplan mot ungdomskriminalitet<\/h4>\n<ol class=\"wp-block-list\"><li><strong>Krav om at foreldre deltar,&nbsp;<\/strong>ogs\u00e5 ved sm\u00e5 lovbrudd gjort av barn under kriminell lavalder.&nbsp;<strong>Foreldre m\u00e5 m\u00f8te i retten, barnevernet eller andre institusjoner barnet har blitt p\u00e5lagt.&nbsp;<\/strong>Foreldre m\u00e5 p\u00e5 banen, og dersom et barn under kriminell lavalder innkalles til m\u00f8ter i politi, barnevern eller retten, skal foreldre v\u00e6re med. Det skal stilles krav om foreldredeltagelse slik at foreldrene stilles til ansvar for oppf\u00f8lging av barnets handlinger.<\/li><li><strong>Etablere hurtigdomstol<\/strong>.&nbsp;Hurtigdomstol sikrer raske reaksjoner og at unge slipper den belastningen det er \u00e5 ha straffesaker hengende over seg. Det er veldig vanlig at barn og unge beg\u00e5r mye ny kriminalitet mens de venter p\u00e5 reaksjonen p\u00e5 ett forhold. B\u00e5de ofre og lovbrytere er tjent med raske reaksjoner.<\/li><li><strong>Flere kvelds\u00e5pne skoler og milj\u00f8team p\u00e5 skoler<\/strong>. Lofsrud skole p\u00e5 Mortensrud i Oslo har n\u00e5 over tid hatt kvelds\u00e5pen skole. Politiet forteller at relasjonen til politiet blant unge er bedre enn f\u00f8r, og at det er mindre kriminalitet i n\u00e6romr\u00e5det til skolen etter samarbeidet skolen og politiet har startet. De har egen politikontakt som jevnlig er innom skolen og blir kjent med elevene.&nbsp;<\/li><li><strong>Fritidsl\u00f8ft<\/strong>.Vi vil at barn som vokser opp i lavinntektsfamilier skal kunne delta p\u00e5 fritidsaktiviteter, b\u00e5de idrett og andre tilbud. Dette skal kommunen betale.<\/li><li><strong>Fritidsklubbene i Oslo m\u00e5 v\u00e6re \u00e5pne oftere og ha lenger \u00e5pningstid<\/strong>&nbsp;p\u00e5 kveldstid.&nbsp;I stedet for at unge henger ute og risikerer \u00e5 komme kontakt med kriminelle milj\u00f8er, og trenger et sted uten rus. Da er dette et viktig m\u00f8tested.<\/li><li><strong>I st\u00f8rre grad bruke barnevernstilbud for unge under 15 \u00e5r<\/strong>.&nbsp;Hvor barna f\u00e5r hjelp og oppf\u00f8lging for \u00e5 benytte den utvidede hjemmelen til \u00e5 holde kriminelle under 15 \u00e5r bak l\u00e5ste d\u00f8rer i barnevernet.&nbsp;&nbsp;Barnevernsloven paragraf 4. 24 gir hjemmel for at unge som beg\u00e5r mye kriminalitet kan m\u00e5tte v\u00e6re p\u00e5 institusjon i opptil tolv m\u00e5neder, vel \u00e5 merke uten deres eller foreldrenes samtykke. Det kan forlenges i tolv m\u00e5neder til. Byr\u00e5det har vist sv\u00e6rt liten interesse for \u00e5 utnytte mulighetene som denne paragrafen gir, og de har vist liten vilje til \u00e5 opprette plasser som de som er plassert der, ikke kan dra ifra n\u00e5r de vil. Andre fylker har lyktes langt bedre med dette enn Oslo kommune.<\/li><li><strong>Utvide antall plasser p\u00e5 ungdomsenheten ved fengslene<\/strong>.&nbsp;Dette er ikke et normalt fengsel, men et sted hvor de unge f\u00e5r rask og sv\u00e6rt tett oppf\u00f8lging frem til de er p\u00e5 rett kj\u00f8l n\u00e5r de slipper ut igjen. Det er viktig at det reageres tydelig mot grove lovbrudd.&nbsp;I dag fins det bare fire plasser p\u00e5 \u00d8stlandet og fire i Bergen som skal dekke resten av landet. Det er for f\u00e5. Fordi unge ikke b\u00f8r sitte i vanlig fengsel, blir mange som burde v\u00e6rt i ungdomsenheten i dag d\u00f8mt til ungdomsstraff. Da blir de ofte v\u00e6rende i det samme milj\u00f8et De m\u00e5 ut av sitt milj\u00f8, hvis den kriminelle l\u00f8pebanen skal brytes. Oslopolitiet anslo allerede i 2018 at det var behov for rundt tretti plasser p\u00e5 \u00d8stlandet. I f\u00f8rste omgang b\u00f8r antall plasser fordobles.&nbsp;<\/li><li><strong>Mentorprogram for unge i faresonen<\/strong>. I Nederland har man startet et mentorprogram for unge kriminelle som er i faresonen. Dersom en under kriminell lavalder bryter loven, skal vedkommende f\u00e5 tilbud om en mentor ansatt i kommunen som f\u00f8lger opp barnet p\u00e5 skole, hjemme og i fritidsaktiviteter. Dette mener Oslo H\u00f8yre vi ogs\u00e5 m\u00e5 gj\u00f8re i Oslo.&nbsp;&nbsp;&nbsp;<\/li><li><strong>Meldeplikt hos politiet<\/strong>. Dersom unge kriminelle blir tatt i gjentatte lovbrudd, skal vedkommende ha meldeplikt hos politiet. Det betyr at den unge m\u00e5 innom politistasjonen et par ganger i uken for \u00e5 vise at de f\u00f8lger meldeplikten, men ogs\u00e5 for \u00e5 kunne f\u00f8lge opp vedkommende og ha samtaler for \u00e5 bygge bedre relasjon.&nbsp;<\/li><li><strong>Styrke vitnebeskyttelsesprogrammet<\/strong>. Forslaget vil gj\u00f8re det lettere for dem som er tilknyttet et gjengmilj\u00f8 eller frykter represalier \u00e5 rapportere en hendelse de har sett til politiet.&nbsp;<\/li><\/ol>\n<\/div><\/div><\/div>\n\n\n\n<p>Oslo H\u00f8yre vil jobbe for at kommunen skal etablere en trygghetsl\u00f8sning som gj\u00f8r det lett for innbyggere \u00e5 melde om utrygge situasjoner. Det skal v\u00e6re mulig \u00e5 melde fra om gater, gangveier og omr\u00e5der som oppleves utrygge. Kommunen m\u00e5 samarbeide med politiet om \u00e5 gjennomf\u00f8re trygghetsskapende tiltak og aktiviteter i slike omr\u00e5der. <\/p>\n\n\n\n<p>\u00c5 bekjempe kriminalitet er i f\u00f8rste rekke politiets oppgave, men kommunen kan i h\u00f8yeste grad bidra til \u00e5 forebygge at unge mennesker velger kriminell adferd. Tjenester fra skolen, pedagogisk-psykologisk tjeneste, helsesykepleier, barnevernet, barne- og ungdomspsykiatrien, rusomsorgen og politiet m\u00e5 koordineres godt for \u00e5 hindre at utsatte barn og unge havner i en kriminell l\u00f8pebane.<\/p>\n\n\n\n<div class=\"wp-block-teft-factbox\"><div class=\"factbox-inner\"><div class=\"entry-content\"><h4 class=\"toggle\">Oslo H\u00f8yre vil<\/h4>\n<ul class=\"wp-block-list\"><li>samarbeide med private og ideelle akt\u00f8rer for \u00e5 sikre at det er tilstrekkelig kapasitet og ressurser til at unge gjengangere kan plasseres p\u00e5 kvalifiserte ungdomsinstitusjoner<\/li><li>\u00f8ke st\u00f8tten betydelig til frivillige akt\u00f8rer og n\u00e6rmilj\u00f8aktiviteter som bidrar til trygghet i sentrum og bydelene (natteravner, trygghetsvandring og lignende tiltak)<\/li><li>\u00f8ke bistanden og informasjonen til ofre gjennom egne st\u00f8ttesentre og nettverk<\/li><li>gjeninnf\u00f8re en ordning med egne Oslo-vakter som skaper trygghet for innbyggerne i ulike deler av byen<\/li><li>redusere terskelen for n\u00e5r skoler kan installere overv\u00e5kningskameraer p\u00e5 skolens omr\u00e5der<\/li><li>at SaLTo-koordinatorene skal v\u00e6re 100 % finansiert av kommunen, og at organiseringen av SaLToteamene skal v\u00e6re mest mulig lik i de ulike bydelene<\/li><li>styrke exit-program for unge kriminelle som vil ut av gjenger<\/li><\/ul>\n<\/div><\/div><\/div>\n\n\n\n\n<h3 class=\"wp-block-heading\" id=\"h-les-ogsa\">LES OGS\u00c5:<\/h3>\n\n\n\n<div class=\"wp-block-teft-cards alignwide teft-cards-grid default-size-4\"><div class=\"teft-cards-item has-4-columns is-card-hoyre\">\n\t<div class=\"teft-card hoyre-teft-card page-teft-card\">\n\t\t<a href=\"https:\/\/hoyre.no\/oslo\/kommunens-okonomistyring\/\" class=\"teft-card__primary-action\">\n\n\t\t\t\t\t<div class=\"teft-card__media teft-card__media--16-9\">\n\t\t\t\t\t\t<img loading=\"lazy\" decoding=\"async\" width=\"768\" height=\"512\" src=\"https:\/\/hoyre.no\/content\/uploads\/sites\/408\/2023\/06\/IMG_3921-kopi-768x512.jpg\" class=\"attachment-medium_large size-medium_large\" alt=\"\" srcset=\"https:\/\/hoyre.no\/content\/uploads\/sites\/408\/2023\/06\/IMG_3921-kopi-768x512.jpg 768w, https:\/\/hoyre.no\/content\/uploads\/sites\/408\/2023\/06\/IMG_3921-kopi-300x200.jpg 300w, https:\/\/hoyre.no\/content\/uploads\/sites\/408\/2023\/06\/IMG_3921-kopi-1024x683.jpg 1024w, https:\/\/hoyre.no\/content\/uploads\/sites\/408\/2023\/06\/IMG_3921-kopi-1536x1024.jpg 1536w, https:\/\/hoyre.no\/content\/uploads\/sites\/408\/2023\/06\/IMG_3921-kopi-2048x1365.jpg 2048w\" sizes=\"auto, (max-width: 768px) 100vw, 768px\" \/>\t\t<\/div>\n\t\t\n\t\t\t<div class=\"teft-card__content-wrapper\">\n\t\t\t\t<div class=\"teft-card__secondary\">\n\t\t\t\t\t\t\t\t\t<\/div>\n\n\t\t\t\t<div class=\"teft-card__primary\">\n\t\t\t\t\t<h2 class=\"teft-card__title\">Kommunens \u00f8konomistyring&nbsp;<span class=\"teft-card__primary-title-append\"><\/span><\/h2>\t\t\t\t<\/div>\n\t\t\t<\/div>\n\t\t<\/a>\n\t<\/div>\n\n\t<\/div>\n\n<div class=\"teft-cards-item has-4-columns is-card-hoyre\">\n\t<div class=\"teft-card hoyre-teft-card post-teft-card\">\n\t\t<a href=\"https:\/\/hoyre.no\/oslo\/aktuelt\/oslo-hoyres-handlingsplan-for-ungdomskriminalitet\/\" class=\"teft-card__primary-action\">\n\n\t\t\t\t\t<div class=\"teft-card__media teft-card__media--16-9\">\n\t\t\t\t\t\t<img loading=\"lazy\" decoding=\"async\" width=\"768\" height=\"512\" src=\"https:\/\/hoyre.no\/content\/uploads\/sites\/408\/2023\/08\/fra-10.-august-til-8.-september-1-768x512.jpg\" class=\"attachment-medium_large size-medium_large\" alt=\"Eirik Lae Solberg, byr\u00e5dslederkandidat\" srcset=\"https:\/\/hoyre.no\/content\/uploads\/sites\/408\/2023\/08\/fra-10.-august-til-8.-september-1-768x512.jpg 768w, https:\/\/hoyre.no\/content\/uploads\/sites\/408\/2023\/08\/fra-10.-august-til-8.-september-1-300x200.jpg 300w, https:\/\/hoyre.no\/content\/uploads\/sites\/408\/2023\/08\/fra-10.-august-til-8.-september-1.jpg 900w\" sizes=\"auto, (max-width: 768px) 100vw, 768px\" \/>\t\t<\/div>\n\t\t\n\t\t\t<div class=\"teft-card__content-wrapper\">\n\t\t\t\t<div class=\"teft-card__secondary\">\n\t\t\t\t\t\n\t\t\t\t\t\t\t\t<div class=\"teft-card__meta\">\n\t\t\t\t\t\t\t\t\t<span class=\"post-date\">5. aug 2023<\/span>\n\n\t\t\t\t\t\t\t\t\t\t\t\t\t\t\t\t\t<\/div>\n\t\t\t\t\t\t\t\t\t\t\t<\/div>\n\n\t\t\t\t<div class=\"teft-card__primary\">\n\t\t\t\t\t<h2 class=\"teft-card__title\">Oslo H\u00f8yres handlingsplan mot ungdomskriminalitet&nbsp;<span class=\"teft-card__primary-title-append\"><\/span><\/h2>\t\t\t\t<\/div>\n\t\t\t<\/div>\n\t\t<\/a>\n\t<\/div>\n\n\t<\/div>\n\n<div class=\"teft-cards-item has-4-columns is-card-hoyre\">\n\t<div class=\"teft-card hoyre-teft-card page-teft-card\">\n\t\t<a href=\"https:\/\/hoyre.no\/oslo\/politikk\/5-grunner-til-a-stemme-oslo-hoyre\/\" class=\"teft-card__primary-action\">\n\n\t\t\t\t\t<div class=\"teft-card__media teft-card__media--16-9\">\n\t\t\t\t\t\t<img loading=\"lazy\" decoding=\"async\" width=\"768\" height=\"512\" src=\"https:\/\/hoyre.no\/content\/uploads\/sites\/408\/2023\/05\/Anne-Lindboe-og-Eirik-Lae-Solberg-foto-Hans-Kristian-Thorbjornsen-8-768x512.jpg\" class=\"attachment-medium_large size-medium_large\" alt=\"Anne Lindboe og Eirik Lae Solberg\" srcset=\"https:\/\/hoyre.no\/content\/uploads\/sites\/408\/2023\/05\/Anne-Lindboe-og-Eirik-Lae-Solberg-foto-Hans-Kristian-Thorbjornsen-8-768x512.jpg 768w, https:\/\/hoyre.no\/content\/uploads\/sites\/408\/2023\/05\/Anne-Lindboe-og-Eirik-Lae-Solberg-foto-Hans-Kristian-Thorbjornsen-8-300x200.jpg 300w, https:\/\/hoyre.no\/content\/uploads\/sites\/408\/2023\/05\/Anne-Lindboe-og-Eirik-Lae-Solberg-foto-Hans-Kristian-Thorbjornsen-8-1024x683.jpg 1024w, https:\/\/hoyre.no\/content\/uploads\/sites\/408\/2023\/05\/Anne-Lindboe-og-Eirik-Lae-Solberg-foto-Hans-Kristian-Thorbjornsen-8-1536x1024.jpg 1536w, https:\/\/hoyre.no\/content\/uploads\/sites\/408\/2023\/05\/Anne-Lindboe-og-Eirik-Lae-Solberg-foto-Hans-Kristian-Thorbjornsen-8-2048x1365.jpg 2048w\" sizes=\"auto, (max-width: 768px) 100vw, 768px\" \/>\t\t<\/div>\n\t\t\n\t\t\t<div class=\"teft-card__content-wrapper\">\n\t\t\t\t<div class=\"teft-card__secondary\">\n\t\t\t\t\t\t\t\t\t<\/div>\n\n\t\t\t\t<div class=\"teft-card__primary\">\n\t\t\t\t\t<h2 class=\"teft-card__title\">Fem grunner til \u00e5 stemme Oslo H\u00f8yre&nbsp;<span class=\"teft-card__primary-title-append\"><\/span><\/h2>\t\t\t\t<\/div>\n\t\t\t<\/div>\n\t\t<\/a>\n\t<\/div>\n\n\t<\/div><\/div>\n","protected":false},"excerpt":{"rendered":"<p>LES OGS\u00c5:<\/p>\n","protected":false},"author":31424,"featured_media":0,"parent":0,"menu_order":0,"comment_status":"closed","ping_status":"closed","template":"","meta":{"teft_cards_image_url":"","teft_cards_custom_pretitle":"","teft_cards_image_id":4832,"teft_cards_image_focal_point_x":0.5,"teft_cards_image_focal_point_y":0.5,"teft_cards_title":"","teft_cards_excerpt":"","teft_show_chapters":false,"footnotes":""},"class_list":["post-4830","page","type-page","status-publish","hentry"],"yoast_head":"<!-- This site is optimized with the Yoast SEO Premium plugin v26.5 (Yoast SEO v26.6) - https:\/\/yoast.com\/wordpress\/plugins\/seo\/ -->\n<title>Du skal ikke v\u00e6re utrygg i Oslo - Oslo H\u00f8yre<\/title>\n<meta name=\"description\" content=\"Du skal ikke v\u00e6re utrygg i Oslo. Oslo H\u00f8yre vil gjeninnf\u00f8re Oslo-vakter.\" \/>\n<meta name=\"robots\" content=\"index, follow, max-snippet:-1, max-image-preview:large, max-video-preview:-1\" \/>\n<link rel=\"canonical\" href=\"https:\/\/hoyre.no\/oslo\/du-skal-ikke-vaere-utrygg-i-oslo\/\" \/>\n<meta property=\"og:locale\" content=\"nb_NO\" \/>\n<meta property=\"og:type\" content=\"article\" \/>\n<meta property=\"og:title\" content=\"Du skal ikke v\u00e6re utrygg i Oslo\" \/>\n<meta property=\"og:description\" content=\"Du skal ikke v\u00e6re utrygg i Oslo. Oslo H\u00f8yre vil gjeninnf\u00f8re Oslo-vakter.\" \/>\n<meta property=\"og:url\" content=\"https:\/\/hoyre.no\/oslo\/du-skal-ikke-vaere-utrygg-i-oslo\/\" \/>\n<meta property=\"og:site_name\" content=\"Oslo H\u00f8yre\" \/>\n<meta property=\"article:publisher\" content=\"https:\/\/www.facebook.com\/oslo.hoyre\" \/>\n<meta property=\"article:modified_time\" content=\"2023-08-07T08:27:03+00:00\" \/>\n<meta property=\"og:image\" content=\"https:\/\/hoyre.no\/content\/uploads\/sites\/408\/2023\/06\/GettyImages-1271547720-scaled.jpg\" \/>\n\t<meta property=\"og:image:width\" content=\"2500\" \/>\n\t<meta property=\"og:image:height\" content=\"1667\" \/>\n\t<meta property=\"og:image:type\" content=\"image\/jpeg\" \/>\n<meta name=\"twitter:card\" content=\"summary_large_image\" \/>\n<meta name=\"twitter:description\" content=\"Du skal ikke v\u00e6re utrygg i Oslo. Oslo H\u00f8yre vil gjeninnf\u00f8re Oslo-vakter.\" \/>\n<meta name=\"twitter:label1\" content=\"Ansl. lesetid\" \/>\n\t<meta name=\"twitter:data1\" content=\"6 minutter\" \/>\n<script type=\"application\/ld+json\" class=\"yoast-schema-graph\">{\"@context\":\"https:\/\/schema.org\",\"@graph\":[{\"@type\":\"WebPage\",\"@id\":\"https:\/\/hoyre.no\/oslo\/du-skal-ikke-vaere-utrygg-i-oslo\/\",\"url\":\"https:\/\/hoyre.no\/oslo\/du-skal-ikke-vaere-utrygg-i-oslo\/\",\"name\":\"Du skal ikke v\u00e6re utrygg i Oslo - Oslo H\u00f8yre\",\"isPartOf\":{\"@id\":\"https:\/\/hoyre.no\/oslo\/#website\"},\"datePublished\":\"2023-06-23T12:39:22+00:00\",\"dateModified\":\"2023-08-07T08:27:03+00:00\",\"description\":\"Du skal ikke v\u00e6re utrygg i Oslo. Oslo H\u00f8yre vil gjeninnf\u00f8re Oslo-vakter.\",\"breadcrumb\":{\"@id\":\"https:\/\/hoyre.no\/oslo\/du-skal-ikke-vaere-utrygg-i-oslo\/#breadcrumb\"},\"inLanguage\":\"nb-NO\",\"potentialAction\":[{\"@type\":\"ReadAction\",\"target\":[\"https:\/\/hoyre.no\/oslo\/du-skal-ikke-vaere-utrygg-i-oslo\/\"]}]},{\"@type\":\"BreadcrumbList\",\"@id\":\"https:\/\/hoyre.no\/oslo\/du-skal-ikke-vaere-utrygg-i-oslo\/#breadcrumb\",\"itemListElement\":[{\"@type\":\"ListItem\",\"position\":1,\"name\":\"Til hoyre.no\",\"item\":\"https:\/\/hoyre.no\"},{\"@type\":\"ListItem\",\"position\":2,\"name\":\"Hjem\",\"item\":\"https:\/\/hoyre.no\/oslo\/\"},{\"@type\":\"ListItem\",\"position\":3,\"name\":\"Du skal ikke v\u00e6re utrygg i Oslo\"}]},{\"@type\":\"WebSite\",\"@id\":\"https:\/\/hoyre.no\/oslo\/#website\",\"url\":\"https:\/\/hoyre.no\/oslo\/\",\"name\":\"Oslo H\u00f8yre\",\"description\":\"\",\"publisher\":{\"@id\":\"https:\/\/hoyre.no\/oslo\/#organization\"},\"inLanguage\":\"nb-NO\"},{\"@type\":\"Organization\",\"@id\":\"https:\/\/hoyre.no\/oslo\/#organization\",\"name\":\"Oslo H\u00f8yre\",\"url\":\"https:\/\/hoyre.no\/oslo\/\",\"logo\":{\"@type\":\"ImageObject\",\"inLanguage\":\"nb-NO\",\"@id\":\"https:\/\/hoyre.no\/oslo\/#\/schema\/logo\/image\/\",\"url\":\"https:\/\/hoyre.no\/content\/uploads\/sites\/408\/2022\/11\/Hoyres-logo.png\",\"contentUrl\":\"https:\/\/hoyre.no\/content\/uploads\/sites\/408\/2022\/11\/Hoyres-logo.png\",\"width\":1000,\"height\":1000,\"caption\":\"Oslo H\u00f8yre\"},\"image\":{\"@id\":\"https:\/\/hoyre.no\/oslo\/#\/schema\/logo\/image\/\"},\"sameAs\":[\"https:\/\/www.facebook.com\/oslo.hoyre\"]}]}<\/script>\n<!-- \/ Yoast SEO Premium plugin. -->","yoast_head_json":{"title":"Du skal ikke v\u00e6re utrygg i Oslo - Oslo H\u00f8yre","description":"Du skal ikke v\u00e6re utrygg i Oslo. Oslo H\u00f8yre vil gjeninnf\u00f8re Oslo-vakter.","robots":{"index":"index","follow":"follow","max-snippet":"max-snippet:-1","max-image-preview":"max-image-preview:large","max-video-preview":"max-video-preview:-1"},"canonical":"https:\/\/hoyre.no\/oslo\/du-skal-ikke-vaere-utrygg-i-oslo\/","og_locale":"nb_NO","og_type":"article","og_title":"Du skal ikke v\u00e6re utrygg i Oslo","og_description":"Du skal ikke v\u00e6re utrygg i Oslo. Oslo H\u00f8yre vil gjeninnf\u00f8re Oslo-vakter.","og_url":"https:\/\/hoyre.no\/oslo\/du-skal-ikke-vaere-utrygg-i-oslo\/","og_site_name":"Oslo H\u00f8yre","article_publisher":"https:\/\/www.facebook.com\/oslo.hoyre","article_modified_time":"2023-08-07T08:27:03+00:00","og_image":[{"width":2500,"height":1667,"url":"https:\/\/hoyre.no\/content\/uploads\/sites\/408\/2023\/06\/GettyImages-1271547720-scaled.jpg","type":"image\/jpeg"}],"twitter_card":"summary_large_image","twitter_description":"Du skal ikke v\u00e6re utrygg i Oslo. Oslo H\u00f8yre vil gjeninnf\u00f8re Oslo-vakter.","twitter_misc":{"Ansl. lesetid":"6 minutter"},"schema":{"@context":"https:\/\/schema.org","@graph":[{"@type":"WebPage","@id":"https:\/\/hoyre.no\/oslo\/du-skal-ikke-vaere-utrygg-i-oslo\/","url":"https:\/\/hoyre.no\/oslo\/du-skal-ikke-vaere-utrygg-i-oslo\/","name":"Du skal ikke v\u00e6re utrygg i Oslo - Oslo H\u00f8yre","isPartOf":{"@id":"https:\/\/hoyre.no\/oslo\/#website"},"datePublished":"2023-06-23T12:39:22+00:00","dateModified":"2023-08-07T08:27:03+00:00","description":"Du skal ikke v\u00e6re utrygg i Oslo. Oslo H\u00f8yre vil gjeninnf\u00f8re Oslo-vakter.","breadcrumb":{"@id":"https:\/\/hoyre.no\/oslo\/du-skal-ikke-vaere-utrygg-i-oslo\/#breadcrumb"},"inLanguage":"nb-NO","potentialAction":[{"@type":"ReadAction","target":["https:\/\/hoyre.no\/oslo\/du-skal-ikke-vaere-utrygg-i-oslo\/"]}]},{"@type":"BreadcrumbList","@id":"https:\/\/hoyre.no\/oslo\/du-skal-ikke-vaere-utrygg-i-oslo\/#breadcrumb","itemListElement":[{"@type":"ListItem","position":1,"name":"Til hoyre.no","item":"https:\/\/hoyre.no"},{"@type":"ListItem","position":2,"name":"Hjem","item":"https:\/\/hoyre.no\/oslo\/"},{"@type":"ListItem","position":3,"name":"Du skal ikke v\u00e6re utrygg i Oslo"}]},{"@type":"WebSite","@id":"https:\/\/hoyre.no\/oslo\/#website","url":"https:\/\/hoyre.no\/oslo\/","name":"Oslo H\u00f8yre","description":"","publisher":{"@id":"https:\/\/hoyre.no\/oslo\/#organization"},"inLanguage":"nb-NO"},{"@type":"Organization","@id":"https:\/\/hoyre.no\/oslo\/#organization","name":"Oslo H\u00f8yre","url":"https:\/\/hoyre.no\/oslo\/","logo":{"@type":"ImageObject","inLanguage":"nb-NO","@id":"https:\/\/hoyre.no\/oslo\/#\/schema\/logo\/image\/","url":"https:\/\/hoyre.no\/content\/uploads\/sites\/408\/2022\/11\/Hoyres-logo.png","contentUrl":"https:\/\/hoyre.no\/content\/uploads\/sites\/408\/2022\/11\/Hoyres-logo.png","width":1000,"height":1000,"caption":"Oslo H\u00f8yre"},"image":{"@id":"https:\/\/hoyre.no\/oslo\/#\/schema\/logo\/image\/"},"sameAs":["https:\/\/www.facebook.com\/oslo.hoyre"]}]}},"distributor_meta":false,"distributor_terms":false,"distributor_media":false,"distributor_original_site_name":"Oslo H\u00f8yre","distributor_original_site_url":"https:\/\/hoyre.no\/oslo","push-errors":false,"_links":{"self":[{"href":"https:\/\/hoyre.no\/oslo\/wp-json\/wp\/v2\/pages\/4830","targetHints":{"allow":["GET"]}}],"collection":[{"href":"https:\/\/hoyre.no\/oslo\/wp-json\/wp\/v2\/pages"}],"about":[{"href":"https:\/\/hoyre.no\/oslo\/wp-json\/wp\/v2\/types\/page"}],"author":[{"embeddable":true,"href":"https:\/\/hoyre.no\/oslo\/wp-json\/wp\/v2\/users\/31424"}],"replies":[{"embeddable":true,"href":"https:\/\/hoyre.no\/oslo\/wp-json\/wp\/v2\/comments?post=4830"}],"version-history":[{"count":9,"href":"https:\/\/hoyre.no\/oslo\/wp-json\/wp\/v2\/pages\/4830\/revisions"}],"predecessor-version":[{"id":5131,"href":"https:\/\/hoyre.no\/oslo\/wp-json\/wp\/v2\/pages\/4830\/revisions\/5131"}],"wp:attachment":[{"href":"https:\/\/hoyre.no\/oslo\/wp-json\/wp\/v2\/media?parent=4830"}],"curies":[{"name":"wp","href":"https:\/\/api.w.org\/{rel}","templated":true}]}}