{"id":6005,"date":"2024-02-08T11:34:22","date_gmt":"2024-02-08T10:34:22","guid":{"rendered":"https:\/\/hoyre.no\/oslo\/?post_type=teft-events&#038;p=6005"},"modified":"2024-08-21T14:13:05","modified_gmt":"2024-08-21T12:13:05","slug":"representantskapsmote-6","status":"publish","type":"teft-events","link":"https:\/\/hoyre.no\/oslo\/arrangementer\/representantskapsmote-6\/","title":{"rendered":"Representantskapsm\u00f8te"},"content":{"rendered":"\n<div class=\"wp-block-teft-event-top\">\n\n<div class=\"teft-event-date-top\">\n<div class=\"teft-event-date-wrapper\">\n\t<div class=\"date-square\" aria-hidden=\"true\">\n\t\t02\t\t\t<\/div>\n<\/div>\n\t<div class=\"top-text\">\n\t\t\t\t\t<p class=\"top-date-text\">mandag 02. september 2024<\/p>\n\t\t\t\t\t\t\t<p class=\"top-time-text\">18:00 &#8211; 21:00<\/p>\n\t\t\t\t\t\t<\/div>\n\t\t<div class=\"sharing\">\n\t\t<a class=\"share-button share-link copy-link\" data-copy=\"https:\/\/hoyre.no\/oslo\/arrangementer\/representantskapsmote-6\/\" target=\"_blank\"><span class=\"screen-reader-text\">Del link<\/span><\/a>\n\t\t<a class=\"share-button share-twitter\" href=\"http:\/\/twitter.com\/share?text=Representantskapsm\u00f8te&#038;url=https:\/\/hoyre.no\/oslo\/arrangementer\/representantskapsmote-6\/&#038;hashtags=Hoyre\" target=\"_blank\"><span class=\"screen-reader-text\">Del p\u00e5 twitter<\/span><\/a>\n\t\t<a class=\"share-button share-facebook\" href=\"https:\/\/www.facebook.com\/sharer\/sharer.php?u=https:\/\/hoyre.no\/oslo\/arrangementer\/representantskapsmote-6\/\" target=\"_blank\"><span class=\"screen-reader-text\">Del p\u00e5 facebook<\/span><\/a>\n\t<\/div>\n\t<\/div>\n<figure class=\"hoyre-image-wrapper\"><div class=\"hoyre-image\"><img loading=\"lazy\" decoding=\"async\" width=\"1024\" height=\"475\" src=\"https:\/\/hoyre.no\/content\/uploads\/sites\/408\/2022\/09\/Stemmeseddel-web.jpg\" class=\"attachment-scaled size-scaled\" alt=\"illustrasjonsfoto\" style=\"object-position: 50% 50%\" srcset=\"https:\/\/hoyre.no\/content\/uploads\/sites\/408\/2022\/09\/Stemmeseddel-web.jpg 1024w, https:\/\/hoyre.no\/content\/uploads\/sites\/408\/2022\/09\/Stemmeseddel-web-300x139.jpg 300w, https:\/\/hoyre.no\/content\/uploads\/sites\/408\/2022\/09\/Stemmeseddel-web-768x356.jpg 768w\" sizes=\"auto, (max-width: 1024px) 100vw, 1024px\" \/><\/div><\/figure>\n\n<div class=\"panel teft-details-panel\">\n\t\t<h3>Detaljer<\/h3>\n\n\t\t\t\t\t<dl class=\"info-misc-with-icons\">\n\t\t\t\t<dt class=\"venue\"><span class=\"screen-reader-text\">Stedet<\/span><\/dt>\n\t\t\t\t<dd>\n\t\t\t\t\t\t\t\t\t\t\t<span class=\"address-line-1\">H\u00f8yres Hus<\/span>\n\t\t\t\t\t\t\t\t\t\t\t\t\t\t\t\t<span class=\"address-line-2\">Stortingsgata 20<\/span>\n\t\t\t\t\t\t\t\t\t<\/dd>\n\t\t\t<\/dl>\n\t\t\t\t\t\t\t<dl class=\"info-misc-with-icons\">\n\t\t<dt class=\"time\"><span class=\"screen-reader-text\">Arrangement dato<\/span><\/dt>\n\t\t<dd class=\"time\">\n\t\t\tman 2. september 2024 fra  18:00 &#8211; 21:00\t\t<\/dd>\n\t<\/dl>\n\t\t\t\t<\/dl>\n<\/div>\n<\/div>\n\n\n\n\n<h2 class=\"wp-block-heading\" id=\"h-\"><\/h2>\n\n\n\n<p><strong>MANDAG 2.SEPTEMBER 2024 KL. 18.00 (INNSJEKK FRA KL. 17.30)<\/strong><\/p>\n\n\n\n<p><strong>Sted: H\u00f8yres Hus, Ordf\u00f8rersalen<\/strong><\/p>\n\n\n\n<p><strong>Forslag til dagsorden<\/strong><\/p>\n\n\n\n<p><strong>Sak 19\/2024 \u2013 Godkjenning av innkalling og dagsorden<\/strong><\/p>\n\n\n\n<p><strong><br>Sak 20\/2024 \u2013 Et \u00e5r igjen til valget \u2013 Innledning ved partileder Erna Solberg<\/strong><\/p>\n\n\n\n<p><strong>Sak 21\/2024 \u2013 Valg av redaksjonskomit\u00e9 til Oslo H\u00f8yres programm\u00f8te<\/strong><\/p>\n\n\n\n<p>Arbeidsutvalget innstiller p\u00e5 f\u00f8lgende personer til redaksjonskomit\u00e9 for behandling av f\u00f8rsteutkast og endelig utkast til nytt stortingsvalgsprogram for H\u00f8yre.<\/p>\n\n\n\n<p><strong>Innstilling fra Arbeidsutvalget:<\/strong><\/p>\n\n\n\n<p>Ingeborg Tennes, leder<br>Saliba Andreas Korkunc<br>Jonas \u00d8kland<br>Camilla Kampevold<br>Heidi Nordby Lunde<br>Oluf Ulseth<br>Steinar Wulfsberg-Gamre<br>Elisabeth Hekneby<br>Per Henry Christiansen<\/p>\n\n\n\n<p><em>Se vedlegg for fullstendig saksframlegg og mandat.<\/em><\/p>\n\n\n\n<p><strong>Sak 22\/2024 \u2013 Pr\u00f8vevalgkamp \u2013Orientering ved kampanjesjef Stian Fredrik Skalle<\/strong><\/p>\n\n\n\n<p><strong>Sak 23\/2024 \u2013 Behandling av uttalelse fra Oslo H\u00f8yres Arbeidsutvalg \u2013 \u00abDet haster \u00e5 f\u00e5 p\u00e5 plass en hurtigdomstol for ungdomskriminelle i Oslo\u00bb<\/strong><\/p>\n\n\n\n<p>Forslag til uttalelse ligger vedlagt.&nbsp; Eventuelle endringsforslag til den foresl\u00e5tte uttalelsen \u00abDet haster \u00e5 f\u00e5 p\u00e5 plass en hurtigdomstol for ungdomskriminelle i Oslo\u00bbsendes til Lars-J\u00f8rgen Kihlberg Olsen via <a href=\"mailto:ljko@hoyre.no\">ljko@hoyre.no<\/a>&nbsp;innen fredag 30. august kl. 16.00.<\/p>\n\n\n\n<p><strong>Sak 24\/2024 \u2013 Eventuelt<\/strong><\/p>\n\n\n\n<p>Merk Oslo H\u00f8yres vedtekter \u00a7 7 om adgangs, &#8211; m\u00f8te, &#8211; tale- og forslagsrett:<\/p>\n\n\n\n<p>\u00abP\u00e5 representantskapsm\u00f8tene har medlemmer som registrerer seg ved m\u00f8tets begynnelse tale- og forslagsrett, men ikke stemmerett.\u00bb<\/p>\n\n\n\n<p>Eventuelle forfall meldes Benjamin Born\u00f8 p\u00e5 <a href=\"mailto:benjamin@hoyre.no\">benjamin@hoyre.no<\/a>. Bydelsforeningens og sideorganisasjonenes ledere har ansvar for \u00e5 gi sekretariatet beskjed om m\u00f8tende vararepresentanter.<\/p>\n\n\n\n<p><\/p>\n\n\n\n<div class=\"wp-block-teft-file icon-link-block\"><a href=\"https:\/\/hoyre.no\/content\/uploads\/sites\/408\/2024\/08\/240902-Innkalling-til-Representantskapet.pdf\" download><span class=\"file-title\">240902-Innkalling-til-Representantskapet<\/span><span class=\"file-name\"><\/span><\/a><\/div>\n\n\n\n<div class=\"wp-block-teft-file icon-link-block\"><a href=\"https:\/\/hoyre.no\/content\/uploads\/sites\/408\/2024\/08\/RS-sak-21-2024-Valg-av-redaksjonskomite-til-Oslo-Hoyres-programmote.pdf\" download><span class=\"file-title\">RS-sak-21-2024-Valg-av-redaksjonskomite-til-Oslo-Hoyres-programmote<\/span><span class=\"file-name\"><\/span><\/a><\/div>\n\n\n\n<div class=\"wp-block-teft-file icon-link-block\"><a href=\"https:\/\/hoyre.no\/content\/uploads\/sites\/408\/2024\/08\/SAK-23-24-Uttalelse-om-hurtigdomstol-i-Oslo.pdf\" download><span class=\"file-title\">SAK-23-24-Uttalelse-om-hurtigdomstol-i-Oslo<\/span><span class=\"file-name\"><\/span><\/a><\/div>\n\n\n<div class=\"post-meta wp-block\">\n\t<div class=\"top\">\n\t\t<div class=\"sharing\">\n\t\t\t<a class=\"share-button share-link\" target=\"_blank\"><span class=\"screen-reader-text\">Del link<\/span><\/a>\n\t\t\t<a class=\"share-button share-twitter\" href=\"http:\/\/twitter.com\/share?text=Representantskapsm\u00f8te&#038;url=https:\/\/hoyre.no\/oslo\/arrangementer\/representantskapsmote-6\/&#038;hashtags=Hoyre\"><span class=\"screen-reader-text\">Del p\u00e5 twitter<\/span><\/a>\n\t\t\t<a class=\"share-button share-facebook\" href=\"https:\/\/www.facebook.com\/sharer\/sharer.php?u=https:\/\/hoyre.no\/oslo\/arrangementer\/representantskapsmote-6\/\" target=\"_blank\"><span class=\"screen-reader-text\">Del p\u00e5 facebook<\/span><\/a>\n\t\t<\/div>\n\t<\/div>\n<\/div>\n","protected":false},"template":"","meta":{"teft_cards_image_url":"","teft_cards_custom_pretitle":"","teft_cards_image_id":1496,"teft_cards_image_focal_point_x":0.5,"teft_cards_image_focal_point_y":0.5,"teft_cards_title":"","teft_cards_excerpt":"","teft_show_chapters":false,"event_organizer":[],"event_start_date":"2024-09-02T18:00:00","event_end_date":"2024-09-02T21:00:00","event_registration_url":"","event_registration_deadline":"","event_ticket_cost":"","event_venue_name":"H\u00f8yres Hus","event_venue_url":"","event_venue_address":"Stortingsgata 20"},"teft-events-category":[24],"class_list":["post-6005","teft-events","type-teft-events","status-publish","hentry","teft-events-category-moter-i-oslo-hoyres-representantskap"],"yoast_head":"<!-- This site is optimized with the Yoast SEO Premium plugin v26.5 (Yoast SEO v26.6) - https:\/\/yoast.com\/wordpress\/plugins\/seo\/ -->\n<title>Representantskapsm\u00f8te - Oslo H\u00f8yre<\/title>\n<meta name=\"robots\" content=\"index, follow, max-snippet:-1, max-image-preview:large, max-video-preview:-1\" \/>\n<link rel=\"canonical\" href=\"https:\/\/hoyre.no\/oslo\/arrangementer\/representantskapsmote-6\/\" \/>\n<meta property=\"og:locale\" content=\"nb_NO\" \/>\n<meta property=\"og:type\" content=\"article\" \/>\n<meta property=\"og:title\" content=\"Representantskapsm\u00f8te\" \/>\n<meta property=\"og:url\" content=\"https:\/\/hoyre.no\/oslo\/arrangementer\/representantskapsmote-6\/\" \/>\n<meta property=\"og:site_name\" content=\"Oslo H\u00f8yre\" \/>\n<meta property=\"article:publisher\" content=\"https:\/\/www.facebook.com\/oslo.hoyre\" \/>\n<meta property=\"article:modified_time\" content=\"2024-08-21T12:13:05+00:00\" \/>\n<meta property=\"og:image\" content=\"https:\/\/hoyre.no\/content\/uploads\/sites\/408\/2022\/09\/Stemmeseddel-web.jpg\" \/>\n<meta name=\"twitter:card\" content=\"summary_large_image\" \/>\n<meta name=\"twitter:label1\" content=\"Ansl. lesetid\" \/>\n\t<meta name=\"twitter:data1\" content=\"2 minutter\" \/>\n<script type=\"application\/ld+json\" class=\"yoast-schema-graph\">{\"@context\":\"https:\/\/schema.org\",\"@graph\":[{\"@type\":\"WebPage\",\"@id\":\"https:\/\/hoyre.no\/oslo\/arrangementer\/representantskapsmote-6\/\",\"url\":\"https:\/\/hoyre.no\/oslo\/arrangementer\/representantskapsmote-6\/\",\"name\":\"Representantskapsm\u00f8te - Oslo H\u00f8yre\",\"isPartOf\":{\"@id\":\"https:\/\/hoyre.no\/oslo\/#website\"},\"datePublished\":\"2024-02-08T10:34:22+00:00\",\"dateModified\":\"2024-08-21T12:13:05+00:00\",\"breadcrumb\":{\"@id\":\"https:\/\/hoyre.no\/oslo\/arrangementer\/representantskapsmote-6\/#breadcrumb\"},\"inLanguage\":\"nb-NO\",\"potentialAction\":[{\"@type\":\"ReadAction\",\"target\":[\"https:\/\/hoyre.no\/oslo\/arrangementer\/representantskapsmote-6\/\"]}]},{\"@type\":\"BreadcrumbList\",\"@id\":\"https:\/\/hoyre.no\/oslo\/arrangementer\/representantskapsmote-6\/#breadcrumb\",\"itemListElement\":[{\"@type\":\"ListItem\",\"position\":1,\"name\":\"Til hoyre.no\",\"item\":\"https:\/\/hoyre.no\"},{\"@type\":\"ListItem\",\"position\":2,\"name\":\"Hjem\",\"item\":\"https:\/\/hoyre.no\/oslo\/\"},{\"@type\":\"ListItem\",\"position\":3,\"name\":\"Arrangement\",\"item\":\"https:\/\/hoyre.no\/oslo\/arrangementer\/\"},{\"@type\":\"ListItem\",\"position\":4,\"name\":\"Representantskapsm\u00f8te\"}]},{\"@type\":\"WebSite\",\"@id\":\"https:\/\/hoyre.no\/oslo\/#website\",\"url\":\"https:\/\/hoyre.no\/oslo\/\",\"name\":\"Oslo H\u00f8yre\",\"description\":\"\",\"publisher\":{\"@id\":\"https:\/\/hoyre.no\/oslo\/#organization\"},\"inLanguage\":\"nb-NO\"},{\"@type\":\"Organization\",\"@id\":\"https:\/\/hoyre.no\/oslo\/#organization\",\"name\":\"Oslo H\u00f8yre\",\"url\":\"https:\/\/hoyre.no\/oslo\/\",\"logo\":{\"@type\":\"ImageObject\",\"inLanguage\":\"nb-NO\",\"@id\":\"https:\/\/hoyre.no\/oslo\/#\/schema\/logo\/image\/\",\"url\":\"https:\/\/hoyre.no\/content\/uploads\/sites\/408\/2022\/11\/Hoyres-logo.png\",\"contentUrl\":\"https:\/\/hoyre.no\/content\/uploads\/sites\/408\/2022\/11\/Hoyres-logo.png\",\"width\":1000,\"height\":1000,\"caption\":\"Oslo H\u00f8yre\"},\"image\":{\"@id\":\"https:\/\/hoyre.no\/oslo\/#\/schema\/logo\/image\/\"},\"sameAs\":[\"https:\/\/www.facebook.com\/oslo.hoyre\"]}]}<\/script>\n<!-- \/ Yoast SEO Premium plugin. -->","yoast_head_json":{"title":"Representantskapsm\u00f8te - Oslo H\u00f8yre","robots":{"index":"index","follow":"follow","max-snippet":"max-snippet:-1","max-image-preview":"max-image-preview:large","max-video-preview":"max-video-preview:-1"},"canonical":"https:\/\/hoyre.no\/oslo\/arrangementer\/representantskapsmote-6\/","og_locale":"nb_NO","og_type":"article","og_title":"Representantskapsm\u00f8te","og_url":"https:\/\/hoyre.no\/oslo\/arrangementer\/representantskapsmote-6\/","og_site_name":"Oslo H\u00f8yre","article_publisher":"https:\/\/www.facebook.com\/oslo.hoyre","article_modified_time":"2024-08-21T12:13:05+00:00","og_image":[{"url":"https:\/\/hoyre.no\/content\/uploads\/sites\/408\/2022\/09\/Stemmeseddel-web.jpg","width":"","height":"","type":""}],"twitter_card":"summary_large_image","twitter_misc":{"Ansl. lesetid":"2 minutter"},"schema":{"@context":"https:\/\/schema.org","@graph":[{"@type":"WebPage","@id":"https:\/\/hoyre.no\/oslo\/arrangementer\/representantskapsmote-6\/","url":"https:\/\/hoyre.no\/oslo\/arrangementer\/representantskapsmote-6\/","name":"Representantskapsm\u00f8te - Oslo H\u00f8yre","isPartOf":{"@id":"https:\/\/hoyre.no\/oslo\/#website"},"datePublished":"2024-02-08T10:34:22+00:00","dateModified":"2024-08-21T12:13:05+00:00","breadcrumb":{"@id":"https:\/\/hoyre.no\/oslo\/arrangementer\/representantskapsmote-6\/#breadcrumb"},"inLanguage":"nb-NO","potentialAction":[{"@type":"ReadAction","target":["https:\/\/hoyre.no\/oslo\/arrangementer\/representantskapsmote-6\/"]}]},{"@type":"BreadcrumbList","@id":"https:\/\/hoyre.no\/oslo\/arrangementer\/representantskapsmote-6\/#breadcrumb","itemListElement":[{"@type":"ListItem","position":1,"name":"Til hoyre.no","item":"https:\/\/hoyre.no"},{"@type":"ListItem","position":2,"name":"Hjem","item":"https:\/\/hoyre.no\/oslo\/"},{"@type":"ListItem","position":3,"name":"Arrangement","item":"https:\/\/hoyre.no\/oslo\/arrangementer\/"},{"@type":"ListItem","position":4,"name":"Representantskapsm\u00f8te"}]},{"@type":"WebSite","@id":"https:\/\/hoyre.no\/oslo\/#website","url":"https:\/\/hoyre.no\/oslo\/","name":"Oslo H\u00f8yre","description":"","publisher":{"@id":"https:\/\/hoyre.no\/oslo\/#organization"},"inLanguage":"nb-NO"},{"@type":"Organization","@id":"https:\/\/hoyre.no\/oslo\/#organization","name":"Oslo H\u00f8yre","url":"https:\/\/hoyre.no\/oslo\/","logo":{"@type":"ImageObject","inLanguage":"nb-NO","@id":"https:\/\/hoyre.no\/oslo\/#\/schema\/logo\/image\/","url":"https:\/\/hoyre.no\/content\/uploads\/sites\/408\/2022\/11\/Hoyres-logo.png","contentUrl":"https:\/\/hoyre.no\/content\/uploads\/sites\/408\/2022\/11\/Hoyres-logo.png","width":1000,"height":1000,"caption":"Oslo H\u00f8yre"},"image":{"@id":"https:\/\/hoyre.no\/oslo\/#\/schema\/logo\/image\/"},"sameAs":["https:\/\/www.facebook.com\/oslo.hoyre"]}]}},"distributor_meta":false,"distributor_terms":false,"distributor_media":false,"distributor_original_site_name":"Oslo H\u00f8yre","distributor_original_site_url":"https:\/\/hoyre.no\/oslo","push-errors":false,"_links":{"self":[{"href":"https:\/\/hoyre.no\/oslo\/wp-json\/wp\/v2\/teft-events\/6005","targetHints":{"allow":["GET"]}}],"collection":[{"href":"https:\/\/hoyre.no\/oslo\/wp-json\/wp\/v2\/teft-events"}],"about":[{"href":"https:\/\/hoyre.no\/oslo\/wp-json\/wp\/v2\/types\/teft-events"}],"wp:attachment":[{"href":"https:\/\/hoyre.no\/oslo\/wp-json\/wp\/v2\/media?parent=6005"}],"wp:term":[{"taxonomy":"teft-events-category","embeddable":true,"href":"https:\/\/hoyre.no\/oslo\/wp-json\/wp\/v2\/teft-events-category?post=6005"}],"curies":[{"name":"wp","href":"https:\/\/api.w.org\/{rel}","templated":true}]}}