{"id":6011,"date":"2024-02-08T11:42:28","date_gmt":"2024-02-08T10:42:28","guid":{"rendered":"https:\/\/hoyre.no\/oslo\/?post_type=teft-events&#038;p=6011"},"modified":"2025-01-25T11:21:03","modified_gmt":"2025-01-25T10:21:03","slug":"arsmote-i-oslo-hoyre-2","status":"publish","type":"teft-events","link":"https:\/\/hoyre.no\/oslo\/arrangementer\/arsmote-i-oslo-hoyre-2\/","title":{"rendered":"\u00c5rsm\u00f8te i Oslo H\u00f8yre"},"content":{"rendered":"\n<div class=\"wp-block-teft-event-top\">\n\n<div class=\"teft-event-date-top\">\n<div class=\"teft-event-date-wrapper\">\n\t<div class=\"date-square\" aria-hidden=\"true\">\n\t\t24\t\t\t<\/div>\n<\/div>\n\t<div class=\"top-text\">\n\t\t\t\t\t<p class=\"top-date-text\">24 &#8211; 25 januar 2025<\/p>\n\t\t\t<p class=\"top-time-text\">17:00<\/p>\n\t\t\t<\/div>\n\t\t<div class=\"sharing\">\n\t\t<a class=\"share-button share-link copy-link\" data-copy=\"https:\/\/hoyre.no\/oslo\/arrangementer\/arsmote-i-oslo-hoyre-2\/\" target=\"_blank\"><span class=\"screen-reader-text\">Del link<\/span><\/a>\n\t\t<a class=\"share-button share-twitter\" href=\"http:\/\/twitter.com\/share?text=\u00c5rsm\u00f8te i Oslo H\u00f8yre&#038;url=https:\/\/hoyre.no\/oslo\/arrangementer\/arsmote-i-oslo-hoyre-2\/&#038;hashtags=Hoyre\" target=\"_blank\"><span class=\"screen-reader-text\">Del p\u00e5 twitter<\/span><\/a>\n\t\t<a class=\"share-button share-facebook\" href=\"https:\/\/www.facebook.com\/sharer\/sharer.php?u=https:\/\/hoyre.no\/oslo\/arrangementer\/arsmote-i-oslo-hoyre-2\/\" target=\"_blank\"><span class=\"screen-reader-text\">Del p\u00e5 facebook<\/span><\/a>\n\t<\/div>\n\t<\/div>\n<p class=\"preamble\">Velkommen til Oslo H\u00f8yres \u00e5rsm\u00f8te!<\/p><figure class=\"hoyre-image-wrapper\"><div class=\"hoyre-image\"><img loading=\"lazy\" decoding=\"async\" width=\"1129\" height=\"479\" src=\"https:\/\/hoyre.no\/content\/uploads\/sites\/408\/2022\/09\/HoyresHus-1.jpg\" class=\"attachment-scaled size-scaled\" alt=\"Kandidater til Oslo H\u00f8yres Hovedstyre\" style=\"object-position: 50% 50%\" srcset=\"https:\/\/hoyre.no\/content\/uploads\/sites\/408\/2022\/09\/HoyresHus-1.jpg 1129w, https:\/\/hoyre.no\/content\/uploads\/sites\/408\/2022\/09\/HoyresHus-1-300x127.jpg 300w, https:\/\/hoyre.no\/content\/uploads\/sites\/408\/2022\/09\/HoyresHus-1-1024x434.jpg 1024w, https:\/\/hoyre.no\/content\/uploads\/sites\/408\/2022\/09\/HoyresHus-1-768x326.jpg 768w\" sizes=\"auto, (max-width: 1129px) 100vw, 1129px\" \/><\/div><\/figure>\n\n<div class=\"panel teft-details-panel\">\n\t\t<h3>Detaljer<\/h3>\n\n\t\t\t\t\t<dl class=\"info-misc-with-icons\">\n\t\t\t\t<dt class=\"venue\"><span class=\"screen-reader-text\">Stedet<\/span><\/dt>\n\t\t\t\t<dd>\n\t\t\t\t\t\t\t\t\t\t\t<span class=\"address-line-1\">H\u00f8yres Hus<\/span>\n\t\t\t\t\t\t\t\t\t\t\t\t\t\t\t\t<span class=\"address-line-2\">Stortingsgata 20<\/span>\n\t\t\t\t\t\t\t\t\t<\/dd>\n\t\t\t<\/dl>\n\t\t\t\t\t\t\t<dl class=\"info-misc-with-icons\">\n\t\t<dt class=\"time\"><span class=\"screen-reader-text\">Arrangement dato<\/span><\/dt>\n\t\t<dd class=\"time\">\n\t\t\tfre 24. januar 2025 fra  17:00 &#8211; l\u00f8r 25. januar 2025 16:00\t\t<\/dd>\n\t<\/dl>\n\t\t\t\t<\/dl>\n<\/div>\n<\/div>\n\n\n\n\n<h2 class=\"wp-block-heading\" id=\"h-praktisk-informasjon\">Praktisk informasjon<\/h2>\n\n\n\n<p><strong>\u00c5rsm\u00f8tet g\u00e5r fra:<\/strong><\/p>\n\n\n\n<ul class=\"wp-block-list\">\n<li>Fredag 24. januar fra kl. 17:00 til 21:00 (innsjekk fra kl. 16:30)<\/li>\n\n\n\n<li>L\u00f8rdag 25. januar fra kl. 10:00 til 16:30<\/li>\n<\/ul>\n\n\n\n<p><strong>M\u00f8tet avholdes i 6. etasje p\u00e5 H\u00f8yres Hus i Oslo. Umiddelbart etter m\u00f8teslutt p\u00e5 l\u00f8rdag, serveres det st\u00e5ende buffet.<\/strong><\/p>\n\n\n\n<h2 class=\"wp-block-heading\" id=\"h-forslag-til-dagsorden\">Forslag til dagsorden<\/h2>\n\n\n\n<figure class=\"wp-block-table\"><table><tbody><tr><td>Sak 01\/2025<\/td><td>Godkjenning av innkalling og dagsorden<\/td><\/tr><tr><td>Sak 02\/2025<\/td><td>Valg av dirigenter og tellekorps<\/td><\/tr><tr><td>Sak 03\/2025<\/td><td>Valg av redaksjonskomit\u00e9<\/td><\/tr><tr><td>Sak 04\/2025<\/td><td>Godkjenning av forretningsorden<\/td><\/tr><tr><td>Sak 05\/2025<\/td><td>Hovedstyrets \u00e5rsberetning 2024 med innledning ved Oslo H\u00f8yres leder, Mudassar Kapur<\/td><\/tr><tr><td>Sak 06\/2025<\/td><td>Resolusjonsbehandling<\/td><\/tr><tr><td>Sak 07\/2025<\/td><td>Innkomne vedtektsendringer<\/td><\/tr><tr><td>Sak 08\/2025<\/td><td>Valg etter innstilling fra valgkomiteen og hovedstyret<br>&#8211; Innledning ved valgkomiteens leder Else Marie Brodshaug<br>&#8211; Valg av 25 landsm\u00f8tedelegater til H\u00f8yres landsm\u00f8te 2025 (innstilling fra hovedstyret)<br>&#8211; Valg av ett direktevalg medlem av Hovedstyret for 1 \u00e5r (suppleringsvalg)<br>&#8211; Valg av tre direktevalgte medlemmer av Hovedstyret for 2 \u00e5r<\/td><\/tr><\/tbody><\/table><\/figure>\n\n\n\n<h2 class=\"wp-block-heading\" id=\"h-vedlegg\">Vedlegg<\/h2>\n\n\n\n<div class=\"wp-block-teft-file icon-link-block\"><a href=\"https:\/\/hoyre.no\/content\/uploads\/sites\/408\/2025\/01\/Endringsforslag-til-arsmotet-2025-lordag-endelig-versjon.pdf\" download><span class=\"file-title\">Oppdatert voteringshefte 2025<\/span><span class=\"file-name\"><\/span><\/a><\/div>\n\n\n\n<div class=\"wp-block-teft-file icon-link-block\"><a href=\"https:\/\/hoyre.no\/content\/uploads\/sites\/408\/2025\/01\/Oslo-Hoyre-arsmoteinnkalling-2025.pdf\" download><span class=\"file-title\">\u00c5rsm\u00f8teinnkalling 2025<\/span><span class=\"file-name\"><\/span><\/a><\/div>\n\n\n\n<div class=\"wp-block-teft-file icon-link-block\"><a href=\"https:\/\/hoyre.no\/content\/uploads\/sites\/408\/2025\/01\/Resolusjonshefte-til-Oslo-Hoyres-arsmote-2025.pdf\" download><span class=\"file-title\">Resolusjonshefte til Oslo H\u00f8yres \u00e5rsm\u00f8te 2025<\/span><span class=\"file-name\"><\/span><\/a><\/div>\n\n\n\n<div class=\"wp-block-teft-file icon-link-block\"><a href=\"https:\/\/hoyre.no\/content\/uploads\/sites\/408\/2025\/01\/Vi-skal-bygge-bedre.pdf\" download><span class=\"file-title\">Resolusjon: Vi skal bygge bedre<\/span><span class=\"file-name\"><\/span><\/a><\/div>\n\n\n\n<div class=\"wp-block-teft-file icon-link-block\"><a href=\"https:\/\/hoyre.no\/content\/uploads\/sites\/408\/2024\/02\/Arsberetning-2024.pdf\" download><span class=\"file-title\">\u00c5rsberetning 2024<\/span><span class=\"file-name\">Arsberetning-2024.pdf [664.2kb]<\/span><\/a><\/div>\n\n\n\n<div class=\"wp-block-teft-file icon-link-block\"><a href=\"https:\/\/hoyre.no\/content\/uploads\/sites\/408\/2025\/01\/SAK-08-2025-Valg-etter-innstilling-fra-valgkomiteen.docx\" download><span class=\"file-title\">Sak 08\/2025 Valg<\/span><span class=\"file-name\"><\/span><\/a><\/div>\n\n\n<div class=\"post-meta wp-block\">\n\t<div class=\"top\">\n\t\t<div class=\"sharing\">\n\t\t\t<a class=\"share-button share-link\" target=\"_blank\"><span class=\"screen-reader-text\">Del link<\/span><\/a>\n\t\t\t<a class=\"share-button share-twitter\" href=\"http:\/\/twitter.com\/share?text=\u00c5rsm\u00f8te i Oslo H\u00f8yre&#038;url=https:\/\/hoyre.no\/oslo\/arrangementer\/arsmote-i-oslo-hoyre-2\/&#038;hashtags=Hoyre\"><span class=\"screen-reader-text\">Del p\u00e5 twitter<\/span><\/a>\n\t\t\t<a class=\"share-button share-facebook\" href=\"https:\/\/www.facebook.com\/sharer\/sharer.php?u=https:\/\/hoyre.no\/oslo\/arrangementer\/arsmote-i-oslo-hoyre-2\/\" target=\"_blank\"><span class=\"screen-reader-text\">Del p\u00e5 facebook<\/span><\/a>\n\t\t<\/div>\n\t<\/div>\n<\/div>\n","protected":false},"template":"","meta":{"teft_cards_image_url":"","teft_cards_custom_pretitle":"","teft_cards_image_id":1004,"teft_cards_image_focal_point_x":0,"teft_cards_image_focal_point_y":0.39,"teft_cards_title":"\u00c5rsm\u00f8te i Oslo H\u00f8yre","teft_cards_excerpt":"","teft_show_chapters":false,"event_organizer":[],"event_start_date":"2025-01-24T17:00:00","event_end_date":"2025-01-25T16:00:00","event_registration_url":"","event_registration_deadline":"","event_ticket_cost":"","event_venue_name":"H\u00f8yres Hus","event_venue_url":"","event_venue_address":"Stortingsgata 20"},"teft-events-category":[24],"class_list":["post-6011","teft-events","type-teft-events","status-publish","hentry","teft-events-category-moter-i-oslo-hoyres-representantskap"],"yoast_head":"<!-- This site is optimized with the Yoast SEO Premium plugin v26.5 (Yoast SEO v26.6) - https:\/\/yoast.com\/wordpress\/plugins\/seo\/ -->\n<title>\u00c5rsm\u00f8te i Oslo H\u00f8yre - Oslo H\u00f8yre<\/title>\n<meta name=\"robots\" content=\"index, follow, max-snippet:-1, max-image-preview:large, max-video-preview:-1\" \/>\n<link rel=\"canonical\" href=\"https:\/\/hoyre.no\/oslo\/arrangementer\/arsmote-i-oslo-hoyre-2\/\" \/>\n<meta property=\"og:locale\" content=\"nb_NO\" \/>\n<meta property=\"og:type\" content=\"article\" \/>\n<meta property=\"og:title\" content=\"\u00c5rsm\u00f8te i Oslo H\u00f8yre\" \/>\n<meta property=\"og:url\" content=\"https:\/\/hoyre.no\/oslo\/arrangementer\/arsmote-i-oslo-hoyre-2\/\" \/>\n<meta property=\"og:site_name\" content=\"Oslo H\u00f8yre\" \/>\n<meta property=\"article:publisher\" content=\"https:\/\/www.facebook.com\/oslo.hoyre\" \/>\n<meta property=\"article:modified_time\" content=\"2025-01-25T10:21:03+00:00\" \/>\n<meta property=\"og:image\" content=\"https:\/\/hoyre.no\/content\/uploads\/sites\/408\/2022\/09\/HoyresHus-2-1024x434.jpg\" \/>\n<meta name=\"twitter:card\" content=\"summary_large_image\" \/>\n<meta name=\"twitter:label1\" content=\"Ansl. lesetid\" \/>\n\t<meta name=\"twitter:data1\" content=\"1 minutt\" \/>\n<script type=\"application\/ld+json\" class=\"yoast-schema-graph\">{\"@context\":\"https:\/\/schema.org\",\"@graph\":[{\"@type\":\"WebPage\",\"@id\":\"https:\/\/hoyre.no\/oslo\/arrangementer\/arsmote-i-oslo-hoyre-2\/\",\"url\":\"https:\/\/hoyre.no\/oslo\/arrangementer\/arsmote-i-oslo-hoyre-2\/\",\"name\":\"\u00c5rsm\u00f8te i Oslo H\u00f8yre - Oslo H\u00f8yre\",\"isPartOf\":{\"@id\":\"https:\/\/hoyre.no\/oslo\/#website\"},\"datePublished\":\"2024-02-08T10:42:28+00:00\",\"dateModified\":\"2025-01-25T10:21:03+00:00\",\"breadcrumb\":{\"@id\":\"https:\/\/hoyre.no\/oslo\/arrangementer\/arsmote-i-oslo-hoyre-2\/#breadcrumb\"},\"inLanguage\":\"nb-NO\",\"potentialAction\":[{\"@type\":\"ReadAction\",\"target\":[\"https:\/\/hoyre.no\/oslo\/arrangementer\/arsmote-i-oslo-hoyre-2\/\"]}]},{\"@type\":\"BreadcrumbList\",\"@id\":\"https:\/\/hoyre.no\/oslo\/arrangementer\/arsmote-i-oslo-hoyre-2\/#breadcrumb\",\"itemListElement\":[{\"@type\":\"ListItem\",\"position\":1,\"name\":\"Til hoyre.no\",\"item\":\"https:\/\/hoyre.no\"},{\"@type\":\"ListItem\",\"position\":2,\"name\":\"Hjem\",\"item\":\"https:\/\/hoyre.no\/oslo\/\"},{\"@type\":\"ListItem\",\"position\":3,\"name\":\"Arrangement\",\"item\":\"https:\/\/hoyre.no\/oslo\/arrangementer\/\"},{\"@type\":\"ListItem\",\"position\":4,\"name\":\"\u00c5rsm\u00f8te i Oslo H\u00f8yre\"}]},{\"@type\":\"WebSite\",\"@id\":\"https:\/\/hoyre.no\/oslo\/#website\",\"url\":\"https:\/\/hoyre.no\/oslo\/\",\"name\":\"Oslo H\u00f8yre\",\"description\":\"\",\"publisher\":{\"@id\":\"https:\/\/hoyre.no\/oslo\/#organization\"},\"inLanguage\":\"nb-NO\"},{\"@type\":\"Organization\",\"@id\":\"https:\/\/hoyre.no\/oslo\/#organization\",\"name\":\"Oslo H\u00f8yre\",\"url\":\"https:\/\/hoyre.no\/oslo\/\",\"logo\":{\"@type\":\"ImageObject\",\"inLanguage\":\"nb-NO\",\"@id\":\"https:\/\/hoyre.no\/oslo\/#\/schema\/logo\/image\/\",\"url\":\"https:\/\/hoyre.no\/content\/uploads\/sites\/408\/2022\/11\/Hoyres-logo.png\",\"contentUrl\":\"https:\/\/hoyre.no\/content\/uploads\/sites\/408\/2022\/11\/Hoyres-logo.png\",\"width\":1000,\"height\":1000,\"caption\":\"Oslo H\u00f8yre\"},\"image\":{\"@id\":\"https:\/\/hoyre.no\/oslo\/#\/schema\/logo\/image\/\"},\"sameAs\":[\"https:\/\/www.facebook.com\/oslo.hoyre\"]}]}<\/script>\n<!-- \/ Yoast SEO Premium plugin. -->","yoast_head_json":{"title":"\u00c5rsm\u00f8te i Oslo H\u00f8yre - Oslo H\u00f8yre","robots":{"index":"index","follow":"follow","max-snippet":"max-snippet:-1","max-image-preview":"max-image-preview:large","max-video-preview":"max-video-preview:-1"},"canonical":"https:\/\/hoyre.no\/oslo\/arrangementer\/arsmote-i-oslo-hoyre-2\/","og_locale":"nb_NO","og_type":"article","og_title":"\u00c5rsm\u00f8te i Oslo H\u00f8yre","og_url":"https:\/\/hoyre.no\/oslo\/arrangementer\/arsmote-i-oslo-hoyre-2\/","og_site_name":"Oslo H\u00f8yre","article_publisher":"https:\/\/www.facebook.com\/oslo.hoyre","article_modified_time":"2025-01-25T10:21:03+00:00","og_image":[{"url":"https:\/\/hoyre.no\/content\/uploads\/sites\/408\/2022\/09\/HoyresHus-2-1024x434.jpg","width":"","height":"","type":""}],"twitter_card":"summary_large_image","twitter_misc":{"Ansl. lesetid":"1 minutt"},"schema":{"@context":"https:\/\/schema.org","@graph":[{"@type":"WebPage","@id":"https:\/\/hoyre.no\/oslo\/arrangementer\/arsmote-i-oslo-hoyre-2\/","url":"https:\/\/hoyre.no\/oslo\/arrangementer\/arsmote-i-oslo-hoyre-2\/","name":"\u00c5rsm\u00f8te i Oslo H\u00f8yre - Oslo H\u00f8yre","isPartOf":{"@id":"https:\/\/hoyre.no\/oslo\/#website"},"datePublished":"2024-02-08T10:42:28+00:00","dateModified":"2025-01-25T10:21:03+00:00","breadcrumb":{"@id":"https:\/\/hoyre.no\/oslo\/arrangementer\/arsmote-i-oslo-hoyre-2\/#breadcrumb"},"inLanguage":"nb-NO","potentialAction":[{"@type":"ReadAction","target":["https:\/\/hoyre.no\/oslo\/arrangementer\/arsmote-i-oslo-hoyre-2\/"]}]},{"@type":"BreadcrumbList","@id":"https:\/\/hoyre.no\/oslo\/arrangementer\/arsmote-i-oslo-hoyre-2\/#breadcrumb","itemListElement":[{"@type":"ListItem","position":1,"name":"Til hoyre.no","item":"https:\/\/hoyre.no"},{"@type":"ListItem","position":2,"name":"Hjem","item":"https:\/\/hoyre.no\/oslo\/"},{"@type":"ListItem","position":3,"name":"Arrangement","item":"https:\/\/hoyre.no\/oslo\/arrangementer\/"},{"@type":"ListItem","position":4,"name":"\u00c5rsm\u00f8te i Oslo H\u00f8yre"}]},{"@type":"WebSite","@id":"https:\/\/hoyre.no\/oslo\/#website","url":"https:\/\/hoyre.no\/oslo\/","name":"Oslo H\u00f8yre","description":"","publisher":{"@id":"https:\/\/hoyre.no\/oslo\/#organization"},"inLanguage":"nb-NO"},{"@type":"Organization","@id":"https:\/\/hoyre.no\/oslo\/#organization","name":"Oslo H\u00f8yre","url":"https:\/\/hoyre.no\/oslo\/","logo":{"@type":"ImageObject","inLanguage":"nb-NO","@id":"https:\/\/hoyre.no\/oslo\/#\/schema\/logo\/image\/","url":"https:\/\/hoyre.no\/content\/uploads\/sites\/408\/2022\/11\/Hoyres-logo.png","contentUrl":"https:\/\/hoyre.no\/content\/uploads\/sites\/408\/2022\/11\/Hoyres-logo.png","width":1000,"height":1000,"caption":"Oslo H\u00f8yre"},"image":{"@id":"https:\/\/hoyre.no\/oslo\/#\/schema\/logo\/image\/"},"sameAs":["https:\/\/www.facebook.com\/oslo.hoyre"]}]}},"distributor_meta":false,"distributor_terms":false,"distributor_media":false,"distributor_original_site_name":"Oslo H\u00f8yre","distributor_original_site_url":"https:\/\/hoyre.no\/oslo","push-errors":false,"_links":{"self":[{"href":"https:\/\/hoyre.no\/oslo\/wp-json\/wp\/v2\/teft-events\/6011","targetHints":{"allow":["GET"]}}],"collection":[{"href":"https:\/\/hoyre.no\/oslo\/wp-json\/wp\/v2\/teft-events"}],"about":[{"href":"https:\/\/hoyre.no\/oslo\/wp-json\/wp\/v2\/types\/teft-events"}],"wp:attachment":[{"href":"https:\/\/hoyre.no\/oslo\/wp-json\/wp\/v2\/media?parent=6011"}],"wp:term":[{"taxonomy":"teft-events-category","embeddable":true,"href":"https:\/\/hoyre.no\/oslo\/wp-json\/wp\/v2\/teft-events-category?post=6011"}],"curies":[{"name":"wp","href":"https:\/\/api.w.org\/{rel}","templated":true}]}}