{"id":6274,"date":"2024-05-27T15:08:02","date_gmt":"2024-05-27T13:08:02","guid":{"rendered":"https:\/\/hoyre.no\/oslo\/?post_type=teft-events&#038;p=6274"},"modified":"2024-05-27T15:29:41","modified_gmt":"2024-05-27T13:29:41","slug":"digitalt-medlemsmote-revidert-oslobudsjett-og-oslopakke-3","status":"publish","type":"teft-events","link":"https:\/\/hoyre.no\/oslo\/arrangementer\/digitalt-medlemsmote-revidert-oslobudsjett-og-oslopakke-3\/","title":{"rendered":"Digitalt medlemsm\u00f8te: revidert Oslobudsjett og Oslopakke 3"},"content":{"rendered":"\n<div class=\"wp-block-teft-event-top\">\n\n<div class=\"teft-event-date-top\">\n<div class=\"teft-event-date-wrapper\">\n\t<div class=\"date-square\" aria-hidden=\"true\">\n\t\t28\t\t\t<\/div>\n<\/div>\n\t<div class=\"top-text\">\n\t\t\t\t\t<p class=\"top-date-text\">tirsdag 28. mai 2024<\/p>\n\t\t\t\t\t\t\t<p class=\"top-time-text\">18:00 &#8211; 19:30<\/p>\n\t\t\t\t\t\t<\/div>\n\t\t<div class=\"sharing\">\n\t\t<a class=\"share-button share-link copy-link\" data-copy=\"https:\/\/hoyre.no\/oslo\/arrangementer\/digitalt-medlemsmote-revidert-oslobudsjett-og-oslopakke-3\/\" target=\"_blank\"><span class=\"screen-reader-text\">Del link<\/span><\/a>\n\t\t<a class=\"share-button share-twitter\" href=\"http:\/\/twitter.com\/share?text=Digitalt medlemsm\u00f8te: revidert Oslobudsjett og Oslopakke 3&#038;url=https:\/\/hoyre.no\/oslo\/arrangementer\/digitalt-medlemsmote-revidert-oslobudsjett-og-oslopakke-3\/&#038;hashtags=Hoyre\" target=\"_blank\"><span class=\"screen-reader-text\">Del p\u00e5 twitter<\/span><\/a>\n\t\t<a class=\"share-button share-facebook\" href=\"https:\/\/www.facebook.com\/sharer\/sharer.php?u=https:\/\/hoyre.no\/oslo\/arrangementer\/digitalt-medlemsmote-revidert-oslobudsjett-og-oslopakke-3\/\" target=\"_blank\"><span class=\"screen-reader-text\">Del p\u00e5 facebook<\/span><\/a>\n\t<\/div>\n\t<\/div>\n<p class=\"preamble\">F\u00e5 svar p\u00e5 alt du lurer p\u00e5 om revidert Oslobudsjett og Oslopakke 3.<\/p><figure class=\"hoyre-image-wrapper\"><div class=\"hoyre-image\"><img loading=\"lazy\" decoding=\"async\" width=\"1200\" height=\"800\" src=\"https:\/\/hoyre.no\/content\/uploads\/sites\/408\/2024\/05\/nyhetsutsendelse-3.png\" class=\"attachment-scaled size-scaled\" alt=\"Eirik Lae Solberg og Mehmet Kaan Inan\" style=\"object-position: 50% 50%\" srcset=\"https:\/\/hoyre.no\/content\/uploads\/sites\/408\/2024\/05\/nyhetsutsendelse-3.png 1200w, https:\/\/hoyre.no\/content\/uploads\/sites\/408\/2024\/05\/nyhetsutsendelse-3-300x200.png 300w, https:\/\/hoyre.no\/content\/uploads\/sites\/408\/2024\/05\/nyhetsutsendelse-3-1024x683.png 1024w, https:\/\/hoyre.no\/content\/uploads\/sites\/408\/2024\/05\/nyhetsutsendelse-3-768x512.png 768w\" sizes=\"auto, (max-width: 1200px) 100vw, 1200px\" \/><\/div><\/figure>\n\n<div class=\"wp-block wp-block-teft-event-registration-button\">\n\t<div class=\"registration-button-wrapper\">\n\t\t\t<a href=\"https:\/\/events.teams.microsoft.com\/event\/ba460217-4487-42ff-848f-592c28a76ed0@bf9a3890-3f57-4896-a3ab-94703ec79bf9\" class=\"wp-block-button__link\">Meld deg p\u00e5 her<\/a>\n\t\t\t\t\n\t<\/div>\n<\/div>\n\n<div class=\"panel teft-details-panel\">\n\t\t<h3>Detaljer<\/h3>\n\n\t\t\t\t\t<dl class=\"info-misc-with-icons\">\n\t\t\t\t<dt class=\"venue\"><span class=\"screen-reader-text\">Stedet<\/span><\/dt>\n\t\t\t\t<dd>\n\t\t\t\t\t\t\t\t\t\t\t<span class=\"address-line-1\">Teams<\/span>\n\t\t\t\t\t\t\t\t\t\t\t\t\t\t<\/dd>\n\t\t\t<\/dl>\n\t\t\t\t\t\t\t<dl class=\"info-misc-with-icons\">\n\t\t<dt class=\"time\"><span class=\"screen-reader-text\">Arrangement dato<\/span><\/dt>\n\t\t<dd class=\"time\">\n\t\t\ttir 28. mai 2024 fra  18:00 &#8211; 19:30\t\t<\/dd>\n\t<\/dl>\n\t\t\t\t\t\t<dl class=\"info-misc-with-icons\">\n\t\t<dt class=\"registration\"><span class=\"screen-reader-text\">P\u00e5meldingsdetajer<\/span><\/dt>\n\t\t<dd class=\"registration\">\n\t\t\t\t\t\t\t\t\t\t<a href=\"https:\/\/events.teams.microsoft.com\/event\/ba460217-4487-42ff-848f-592c28a76ed0@bf9a3890-3f57-4896-a3ab-94703ec79bf9\">Registrer<\/a>\n\t\t\t\t\t<\/dd>\n\t<\/dl>\n\t\t<\/dl>\n<\/div>\n<\/div>\n\n\n\n\n<h2 class=\"wp-block-heading\" id=\"h-informasjon\">Informasjon<\/h2>\n\n\n\n<p>Den siste uken har b\u00e5de revidert budsjett og Oslopakke 3 blitt lagt frem. Hva betyr egentlig disse l\u00f8sningene for Oslo? Hva ble prioritert og hvorfor? Svaret kan du f\u00e5 i morgen kl.18.00 p\u00e5 v\u00e5rt digitale medlemsm\u00f8te med byr\u00e5dsleder Eirik Lae Solberg og samferdsels- og milj\u00f8politisk talsperson Mehmet Kaan Inan! I tillegg kommer byr\u00e5d for kultur og n\u00e6ring, Anita Leirvik North. Mudassar Kapur leder m\u00f8tet.<\/p>\n\n\n\n<p>B\u00e5de i budsjettet og i Oslopakke 3, er det flere viktige l\u00f8sninger som rydder opp etter det r\u00f8dgr\u00f8nne byr\u00e5det. Det kan v\u00e6re vanskelig \u00e5 forst\u00e5 prioriteringene og valgene som er blitt gjort. Derfor inviterer Oslo H\u00f8yre til et digitalt medlemsm\u00f8te der du f\u00e5r mulighet til \u00e5 stille sp\u00f8rsm\u00e5l om revidert budsjett og Oslopakke 3.<\/p>\n\n\n<div class=\"post-meta wp-block\">\n\t<div class=\"top\">\n\t\t<div class=\"sharing\">\n\t\t\t<a class=\"share-button share-link\" target=\"_blank\"><span class=\"screen-reader-text\">Del link<\/span><\/a>\n\t\t\t<a class=\"share-button share-twitter\" href=\"http:\/\/twitter.com\/share?text=Digitalt medlemsm\u00f8te: revidert Oslobudsjett og Oslopakke 3&#038;url=https:\/\/hoyre.no\/oslo\/arrangementer\/digitalt-medlemsmote-revidert-oslobudsjett-og-oslopakke-3\/&#038;hashtags=Hoyre\"><span class=\"screen-reader-text\">Del p\u00e5 twitter<\/span><\/a>\n\t\t\t<a class=\"share-button share-facebook\" href=\"https:\/\/www.facebook.com\/sharer\/sharer.php?u=https:\/\/hoyre.no\/oslo\/arrangementer\/digitalt-medlemsmote-revidert-oslobudsjett-og-oslopakke-3\/\" target=\"_blank\"><span class=\"screen-reader-text\">Del p\u00e5 facebook<\/span><\/a>\n\t\t<\/div>\n\t<\/div>\n<\/div>\n","protected":false},"template":"","meta":{"teft_cards_image_url":"","teft_cards_custom_pretitle":"","teft_cards_image_id":6275,"teft_cards_image_focal_point_x":0.5,"teft_cards_image_focal_point_y":0.5,"teft_cards_title":"","teft_cards_excerpt":"","teft_show_chapters":false,"event_organizer":[],"event_start_date":"2024-05-28T18:00:00","event_end_date":"2024-05-28T19:30:00","event_registration_url":"https:\/\/events.teams.microsoft.com\/event\/ba460217-4487-42ff-848f-592c28a76ed0@bf9a3890-3f57-4896-a3ab-94703ec79bf9","event_registration_deadline":"","event_ticket_cost":"","event_venue_name":"Teams","event_venue_url":"","event_venue_address":""},"teft-events-category":[],"class_list":["post-6274","teft-events","type-teft-events","status-publish","hentry"],"yoast_head":"<!-- This site is optimized with the Yoast SEO Premium plugin v26.5 (Yoast SEO v26.6) - https:\/\/yoast.com\/wordpress\/plugins\/seo\/ -->\n<title>Digitalt medlemsm\u00f8te: revidert Oslobudsjett og Oslopakke 3 - Oslo H\u00f8yre<\/title>\n<meta name=\"robots\" content=\"index, follow, max-snippet:-1, max-image-preview:large, max-video-preview:-1\" \/>\n<link rel=\"canonical\" href=\"https:\/\/hoyre.no\/oslo\/arrangementer\/digitalt-medlemsmote-revidert-oslobudsjett-og-oslopakke-3\/\" \/>\n<meta property=\"og:locale\" content=\"nb_NO\" \/>\n<meta property=\"og:type\" content=\"article\" \/>\n<meta property=\"og:title\" content=\"Digitalt medlemsm\u00f8te: revidert Oslobudsjett og Oslopakke 3\" \/>\n<meta property=\"og:url\" content=\"https:\/\/hoyre.no\/oslo\/arrangementer\/digitalt-medlemsmote-revidert-oslobudsjett-og-oslopakke-3\/\" \/>\n<meta property=\"og:site_name\" content=\"Oslo H\u00f8yre\" \/>\n<meta property=\"article:publisher\" content=\"https:\/\/www.facebook.com\/oslo.hoyre\" \/>\n<meta property=\"article:modified_time\" content=\"2024-05-27T13:29:41+00:00\" \/>\n<meta property=\"og:image\" content=\"https:\/\/hoyre.no\/content\/uploads\/sites\/408\/2024\/05\/nyhetsutsendelse-3-1024x683.png\" \/>\n<meta name=\"twitter:card\" content=\"summary_large_image\" \/>\n<meta name=\"twitter:label1\" content=\"Ansl. lesetid\" \/>\n\t<meta name=\"twitter:data1\" content=\"1 minutt\" \/>\n<script type=\"application\/ld+json\" class=\"yoast-schema-graph\">{\"@context\":\"https:\/\/schema.org\",\"@graph\":[{\"@type\":\"WebPage\",\"@id\":\"https:\/\/hoyre.no\/oslo\/arrangementer\/digitalt-medlemsmote-revidert-oslobudsjett-og-oslopakke-3\/\",\"url\":\"https:\/\/hoyre.no\/oslo\/arrangementer\/digitalt-medlemsmote-revidert-oslobudsjett-og-oslopakke-3\/\",\"name\":\"Digitalt medlemsm\u00f8te: revidert Oslobudsjett og Oslopakke 3 - Oslo H\u00f8yre\",\"isPartOf\":{\"@id\":\"https:\/\/hoyre.no\/oslo\/#website\"},\"datePublished\":\"2024-05-27T13:08:02+00:00\",\"dateModified\":\"2024-05-27T13:29:41+00:00\",\"breadcrumb\":{\"@id\":\"https:\/\/hoyre.no\/oslo\/arrangementer\/digitalt-medlemsmote-revidert-oslobudsjett-og-oslopakke-3\/#breadcrumb\"},\"inLanguage\":\"nb-NO\",\"potentialAction\":[{\"@type\":\"ReadAction\",\"target\":[\"https:\/\/hoyre.no\/oslo\/arrangementer\/digitalt-medlemsmote-revidert-oslobudsjett-og-oslopakke-3\/\"]}]},{\"@type\":\"BreadcrumbList\",\"@id\":\"https:\/\/hoyre.no\/oslo\/arrangementer\/digitalt-medlemsmote-revidert-oslobudsjett-og-oslopakke-3\/#breadcrumb\",\"itemListElement\":[{\"@type\":\"ListItem\",\"position\":1,\"name\":\"Til hoyre.no\",\"item\":\"https:\/\/hoyre.no\"},{\"@type\":\"ListItem\",\"position\":2,\"name\":\"Hjem\",\"item\":\"https:\/\/hoyre.no\/oslo\/\"},{\"@type\":\"ListItem\",\"position\":3,\"name\":\"Arrangement\",\"item\":\"https:\/\/hoyre.no\/oslo\/arrangementer\/\"},{\"@type\":\"ListItem\",\"position\":4,\"name\":\"Digitalt medlemsm\u00f8te: revidert Oslobudsjett og Oslopakke 3\"}]},{\"@type\":\"WebSite\",\"@id\":\"https:\/\/hoyre.no\/oslo\/#website\",\"url\":\"https:\/\/hoyre.no\/oslo\/\",\"name\":\"Oslo H\u00f8yre\",\"description\":\"\",\"publisher\":{\"@id\":\"https:\/\/hoyre.no\/oslo\/#organization\"},\"inLanguage\":\"nb-NO\"},{\"@type\":\"Organization\",\"@id\":\"https:\/\/hoyre.no\/oslo\/#organization\",\"name\":\"Oslo H\u00f8yre\",\"url\":\"https:\/\/hoyre.no\/oslo\/\",\"logo\":{\"@type\":\"ImageObject\",\"inLanguage\":\"nb-NO\",\"@id\":\"https:\/\/hoyre.no\/oslo\/#\/schema\/logo\/image\/\",\"url\":\"https:\/\/hoyre.no\/content\/uploads\/sites\/408\/2022\/11\/Hoyres-logo.png\",\"contentUrl\":\"https:\/\/hoyre.no\/content\/uploads\/sites\/408\/2022\/11\/Hoyres-logo.png\",\"width\":1000,\"height\":1000,\"caption\":\"Oslo H\u00f8yre\"},\"image\":{\"@id\":\"https:\/\/hoyre.no\/oslo\/#\/schema\/logo\/image\/\"},\"sameAs\":[\"https:\/\/www.facebook.com\/oslo.hoyre\"]}]}<\/script>\n<!-- \/ Yoast SEO Premium plugin. -->","yoast_head_json":{"title":"Digitalt medlemsm\u00f8te: revidert Oslobudsjett og Oslopakke 3 - Oslo H\u00f8yre","robots":{"index":"index","follow":"follow","max-snippet":"max-snippet:-1","max-image-preview":"max-image-preview:large","max-video-preview":"max-video-preview:-1"},"canonical":"https:\/\/hoyre.no\/oslo\/arrangementer\/digitalt-medlemsmote-revidert-oslobudsjett-og-oslopakke-3\/","og_locale":"nb_NO","og_type":"article","og_title":"Digitalt medlemsm\u00f8te: revidert Oslobudsjett og Oslopakke 3","og_url":"https:\/\/hoyre.no\/oslo\/arrangementer\/digitalt-medlemsmote-revidert-oslobudsjett-og-oslopakke-3\/","og_site_name":"Oslo H\u00f8yre","article_publisher":"https:\/\/www.facebook.com\/oslo.hoyre","article_modified_time":"2024-05-27T13:29:41+00:00","og_image":[{"url":"https:\/\/hoyre.no\/content\/uploads\/sites\/408\/2024\/05\/nyhetsutsendelse-3-1024x683.png","width":"","height":"","type":""}],"twitter_card":"summary_large_image","twitter_misc":{"Ansl. lesetid":"1 minutt"},"schema":{"@context":"https:\/\/schema.org","@graph":[{"@type":"WebPage","@id":"https:\/\/hoyre.no\/oslo\/arrangementer\/digitalt-medlemsmote-revidert-oslobudsjett-og-oslopakke-3\/","url":"https:\/\/hoyre.no\/oslo\/arrangementer\/digitalt-medlemsmote-revidert-oslobudsjett-og-oslopakke-3\/","name":"Digitalt medlemsm\u00f8te: revidert Oslobudsjett og Oslopakke 3 - Oslo H\u00f8yre","isPartOf":{"@id":"https:\/\/hoyre.no\/oslo\/#website"},"datePublished":"2024-05-27T13:08:02+00:00","dateModified":"2024-05-27T13:29:41+00:00","breadcrumb":{"@id":"https:\/\/hoyre.no\/oslo\/arrangementer\/digitalt-medlemsmote-revidert-oslobudsjett-og-oslopakke-3\/#breadcrumb"},"inLanguage":"nb-NO","potentialAction":[{"@type":"ReadAction","target":["https:\/\/hoyre.no\/oslo\/arrangementer\/digitalt-medlemsmote-revidert-oslobudsjett-og-oslopakke-3\/"]}]},{"@type":"BreadcrumbList","@id":"https:\/\/hoyre.no\/oslo\/arrangementer\/digitalt-medlemsmote-revidert-oslobudsjett-og-oslopakke-3\/#breadcrumb","itemListElement":[{"@type":"ListItem","position":1,"name":"Til hoyre.no","item":"https:\/\/hoyre.no"},{"@type":"ListItem","position":2,"name":"Hjem","item":"https:\/\/hoyre.no\/oslo\/"},{"@type":"ListItem","position":3,"name":"Arrangement","item":"https:\/\/hoyre.no\/oslo\/arrangementer\/"},{"@type":"ListItem","position":4,"name":"Digitalt medlemsm\u00f8te: revidert Oslobudsjett og Oslopakke 3"}]},{"@type":"WebSite","@id":"https:\/\/hoyre.no\/oslo\/#website","url":"https:\/\/hoyre.no\/oslo\/","name":"Oslo H\u00f8yre","description":"","publisher":{"@id":"https:\/\/hoyre.no\/oslo\/#organization"},"inLanguage":"nb-NO"},{"@type":"Organization","@id":"https:\/\/hoyre.no\/oslo\/#organization","name":"Oslo H\u00f8yre","url":"https:\/\/hoyre.no\/oslo\/","logo":{"@type":"ImageObject","inLanguage":"nb-NO","@id":"https:\/\/hoyre.no\/oslo\/#\/schema\/logo\/image\/","url":"https:\/\/hoyre.no\/content\/uploads\/sites\/408\/2022\/11\/Hoyres-logo.png","contentUrl":"https:\/\/hoyre.no\/content\/uploads\/sites\/408\/2022\/11\/Hoyres-logo.png","width":1000,"height":1000,"caption":"Oslo H\u00f8yre"},"image":{"@id":"https:\/\/hoyre.no\/oslo\/#\/schema\/logo\/image\/"},"sameAs":["https:\/\/www.facebook.com\/oslo.hoyre"]}]}},"distributor_meta":false,"distributor_terms":false,"distributor_media":false,"distributor_original_site_name":"Oslo H\u00f8yre","distributor_original_site_url":"https:\/\/hoyre.no\/oslo","push-errors":false,"_links":{"self":[{"href":"https:\/\/hoyre.no\/oslo\/wp-json\/wp\/v2\/teft-events\/6274","targetHints":{"allow":["GET"]}}],"collection":[{"href":"https:\/\/hoyre.no\/oslo\/wp-json\/wp\/v2\/teft-events"}],"about":[{"href":"https:\/\/hoyre.no\/oslo\/wp-json\/wp\/v2\/types\/teft-events"}],"wp:attachment":[{"href":"https:\/\/hoyre.no\/oslo\/wp-json\/wp\/v2\/media?parent=6274"}],"wp:term":[{"taxonomy":"teft-events-category","embeddable":true,"href":"https:\/\/hoyre.no\/oslo\/wp-json\/wp\/v2\/teft-events-category?post=6274"}],"curies":[{"name":"wp","href":"https:\/\/api.w.org\/{rel}","templated":true}]}}