{"id":7831,"date":"2024-10-23T10:58:15","date_gmt":"2024-10-23T08:58:15","guid":{"rendered":"https:\/\/hoyre.no\/oslo\/?post_type=teft-events&#038;p=7831"},"modified":"2024-10-23T10:59:44","modified_gmt":"2024-10-23T08:59:44","slug":"frokostmote-hos-oslo-handelsstands-forening","status":"publish","type":"teft-events","link":"https:\/\/hoyre.no\/oslo\/arrangementer\/frokostmote-hos-oslo-handelsstands-forening\/","title":{"rendered":"Frokostm\u00f8te hos Oslo Handelsstands Forening"},"content":{"rendered":"\n<div class=\"wp-block-teft-event-top\">\n\n<div class=\"teft-event-date-top\">\n<div class=\"teft-event-date-wrapper\">\n\t<div class=\"date-square\" aria-hidden=\"true\">\n\t\t29\t\t\t<\/div>\n<\/div>\n\t<div class=\"top-text\">\n\t\t\t\t\t<p class=\"top-date-text\">tirsdag 29. oktober 2024<\/p>\n\t\t\t\t\t\t\t<p class=\"top-time-text\">08:00 &#8211; 09:15<\/p>\n\t\t\t\t\t\t<\/div>\n\t\t<div class=\"sharing\">\n\t\t<a class=\"share-button share-link copy-link\" data-copy=\"https:\/\/hoyre.no\/oslo\/arrangementer\/frokostmote-hos-oslo-handelsstands-forening\/\" target=\"_blank\"><span class=\"screen-reader-text\">Del link<\/span><\/a>\n\t\t<a class=\"share-button share-twitter\" href=\"http:\/\/twitter.com\/share?text=Frokostm\u00f8te hos Oslo Handelsstands Forening&#038;url=https:\/\/hoyre.no\/oslo\/arrangementer\/frokostmote-hos-oslo-handelsstands-forening\/&#038;hashtags=Hoyre\" target=\"_blank\"><span class=\"screen-reader-text\">Del p\u00e5 twitter<\/span><\/a>\n\t\t<a class=\"share-button share-facebook\" href=\"https:\/\/www.facebook.com\/sharer\/sharer.php?u=https:\/\/hoyre.no\/oslo\/arrangementer\/frokostmote-hos-oslo-handelsstands-forening\/\" target=\"_blank\"><span class=\"screen-reader-text\">Del p\u00e5 facebook<\/span><\/a>\n\t<\/div>\n\t<\/div>\n<p class=\"preamble\">1 \u00e5r har g\u00e5tt siden valget: Hva har byr\u00e5det gjort for n\u00e6ringslivet?<\/p><figure class=\"hoyre-image-wrapper\"><div class=\"hoyre-image\"><img loading=\"lazy\" decoding=\"async\" width=\"2500\" height=\"1667\" src=\"https:\/\/hoyre.no\/content\/uploads\/sites\/408\/2024\/10\/IMG_5307-scaled.jpeg\" class=\"attachment-scaled size-scaled\" alt=\"Eirik Lae Solberg\" style=\"object-position: 50% 50%\" srcset=\"https:\/\/hoyre.no\/content\/uploads\/sites\/408\/2024\/10\/IMG_5307-scaled.jpeg 2500w, https:\/\/hoyre.no\/content\/uploads\/sites\/408\/2024\/10\/IMG_5307-300x200.jpeg 300w, https:\/\/hoyre.no\/content\/uploads\/sites\/408\/2024\/10\/IMG_5307-1024x683.jpeg 1024w, https:\/\/hoyre.no\/content\/uploads\/sites\/408\/2024\/10\/IMG_5307-768x512.jpeg 768w, https:\/\/hoyre.no\/content\/uploads\/sites\/408\/2024\/10\/IMG_5307-1536x1024.jpeg 1536w, https:\/\/hoyre.no\/content\/uploads\/sites\/408\/2024\/10\/IMG_5307-2048x1365.jpeg 2048w\" sizes=\"auto, (max-width: 2500px) 100vw, 2500px\" \/><\/div><\/figure>\n\n<div class=\"wp-block wp-block-teft-event-registration-button\">\n\t<div class=\"registration-button-wrapper\">\n\t\t\t<a href=\"https:\/\/www.ohf.no\/s\/course\/a02aV00000A2nlJQAR\/1-%C3%A5r-har-g%C3%A5tt-siden-valget-hva-har-byr%C3%A5det-gjort-for-n%C3%A6ringslivet?fbclid=IwY2xjawGFikBleHRuA2FlbQIxMAABHSbilWa69FLY-Q7tSVh5SwB7ucDWal4iURz79-EZpKv_tcEazVjGarnfNA_aem_bN77aD2YgSnEu6O9F7dAig\" class=\"wp-block-button__link\">Meld deg p\u00e5 her<\/a>\n\t\t\t\t\n\t<\/div>\n<\/div>\n\n<div class=\"panel teft-details-panel\">\n\t\t<h3>Detaljer<\/h3>\n\n\t\t\t\t\t<dl class=\"info-misc-with-icons\">\n\t\t\t\t<dt class=\"venue\"><span class=\"screen-reader-text\">Stedet<\/span><\/dt>\n\t\t\t\t<dd>\n\t\t\t\t\t\t\t\t\t\t\t<span class=\"address-line-1\">Handelens Hus, Karl Johans Gate 37 A<\/span>\n\t\t\t\t\t\t\t\t\t\t\t\t\t\t\t\t<span class=\"address-line-2\">Handelens Hus, Karl Johans Gate 37 A<\/span>\n\t\t\t\t\t\t\t\t\t<\/dd>\n\t\t\t<\/dl>\n\t\t\t\t\t\t\t<dl class=\"info-misc-with-icons\">\n\t\t<dt class=\"time\"><span class=\"screen-reader-text\">Arrangement dato<\/span><\/dt>\n\t\t<dd class=\"time\">\n\t\t\ttir 29. oktober 2024 fra  08:00 &#8211; 09:15\t\t<\/dd>\n\t<\/dl>\n\t\t\t\t\t\t<dl class=\"info-misc-with-icons\">\n\t\t<dt class=\"registration\"><span class=\"screen-reader-text\">P\u00e5meldingsdetajer<\/span><\/dt>\n\t\t<dd class=\"registration\">\n\t\t\t\t\t\t\t\t\t\t<a href=\"https:\/\/www.ohf.no\/s\/course\/a02aV00000A2nlJQAR\/1-%C3%A5r-har-g%C3%A5tt-siden-valget-hva-har-byr%C3%A5det-gjort-for-n%C3%A6ringslivet?fbclid=IwY2xjawGFikBleHRuA2FlbQIxMAABHSbilWa69FLY-Q7tSVh5SwB7ucDWal4iURz79-EZpKv_tcEazVjGarnfNA_aem_bN77aD2YgSnEu6O9F7dAig\">Registrer<\/a>\n\t\t\t\t\t<\/dd>\n\t<\/dl>\n\t\t<\/dl>\n<\/div>\n<\/div>\n\n\n\n\n<h2 class=\"wp-block-heading\" id=\"h-beskrivelse-av-arrangementet\">Beskrivelse av arrangementet<\/h2>\n\n\n\n<p>29. oktober kommer Eirik Lae Solberg til Handelens hus for \u00e5 m\u00f8te Oslos n\u00e6ringsliv. Han har blitt utfordret til \u00e5 si noe om hvilke grep han har gjort for n\u00e6ringslivet siden H\u00f8yre tok over byen, og hva han mener gjenst\u00e5r i byr\u00e5dsperioden.<\/p>\n\n\n\n<p>Han f\u00e5r 20 minutter til \u00e5 innlede f\u00f8r n\u00e6ringslivet kan stille sine sp\u00f8rsm\u00e5l.<\/p>\n\n\n\n<p>Arrangementet er et samarbeid mellom Oslo Handelsstands Forening og H\u00f8yres N\u00e6ringsforum.<\/p>\n\n\n\n<p>G\u00e5 ikke glipp av denne muligheten til \u00e5 m\u00f8te Oslos mektigste beslutningstaker!<\/p>\n\n\n\n<p>Vi serverer frokost fra kl. 08:00.<\/p>\n\n\n\n<p>Faglig oppstart kl. 08:30.<\/p>\n\n\n\n<p>Velkommen!<\/p>\n\n\n\n<p>Av hensyn til matsvinn er det viktig at du melder forfall dersom du likevel ikke kan delta. P\u00e5meldt og ikke m\u00f8tt, faktureres med kr. 250,-.<\/p>\n\n\n\n<div class=\"wp-block-buttons is-layout-flex wp-block-buttons-is-layout-flex\">\n<div class=\"wp-block-button\"><a class=\"wp-block-button__link wp-element-button\" href=\"https:\/\/www.ohf.no\/s\/course\/a02aV00000A2nlJQAR\/1-%C3%A5r-har-g%C3%A5tt-siden-valget-hva-har-byr%C3%A5det-gjort-for-n%C3%A6ringslivet?fbclid=IwY2xjawGFikBleHRuA2FlbQIxMAABHSbilWa69FLY-Q7tSVh5SwB7ucDWal4iURz79-EZpKv_tcEazVjGarnfNA_aem_bN77aD2YgSnEu6O9F7dAig\">les mer og meld deg p\u00e5 her<\/a><\/div>\n<\/div>\n\n\n<div class=\"post-meta wp-block\">\n\t<div class=\"top\">\n\t\t<div class=\"sharing\">\n\t\t\t<a class=\"share-button share-link\" target=\"_blank\"><span class=\"screen-reader-text\">Del link<\/span><\/a>\n\t\t\t<a class=\"share-button share-twitter\" href=\"http:\/\/twitter.com\/share?text=Frokostm\u00f8te hos Oslo Handelsstands Forening&#038;url=https:\/\/hoyre.no\/oslo\/arrangementer\/frokostmote-hos-oslo-handelsstands-forening\/&#038;hashtags=Hoyre\"><span class=\"screen-reader-text\">Del p\u00e5 twitter<\/span><\/a>\n\t\t\t<a class=\"share-button share-facebook\" href=\"https:\/\/www.facebook.com\/sharer\/sharer.php?u=https:\/\/hoyre.no\/oslo\/arrangementer\/frokostmote-hos-oslo-handelsstands-forening\/\" target=\"_blank\"><span class=\"screen-reader-text\">Del p\u00e5 facebook<\/span><\/a>\n\t\t<\/div>\n\t<\/div>\n<\/div>\n","protected":false},"template":"","meta":{"teft_cards_image_url":"","teft_cards_custom_pretitle":"","teft_cards_image_id":7833,"teft_cards_image_focal_point_x":0.5,"teft_cards_image_focal_point_y":0.5,"teft_cards_title":"","teft_cards_excerpt":"","teft_show_chapters":false,"event_organizer":[],"event_start_date":"2024-10-29T08:00:00","event_end_date":"2024-10-29T09:15:00","event_registration_url":"https:\/\/www.ohf.no\/s\/course\/a02aV00000A2nlJQAR\/1-%C3%A5r-har-g%C3%A5tt-siden-valget-hva-har-byr%C3%A5det-gjort-for-n%C3%A6ringslivet?fbclid=IwY2xjawGFikBleHRuA2FlbQIxMAABHSbilWa69FLY-Q7tSVh5SwB7ucDWal4iURz79-EZpKv_tcEazVjGarnfNA_aem_bN77aD2YgSnEu6O9F7dAig","event_registration_deadline":"","event_ticket_cost":"","event_venue_name":"Handelens Hus, Karl Johans Gate 37 A","event_venue_url":"","event_venue_address":"Handelens Hus, Karl Johans Gate 37 A"},"teft-events-category":[],"class_list":["post-7831","teft-events","type-teft-events","status-publish","hentry"],"yoast_head":"<!-- This site is optimized with the Yoast SEO Premium plugin v26.5 (Yoast SEO v26.6) - https:\/\/yoast.com\/wordpress\/plugins\/seo\/ -->\n<title>Frokostm\u00f8te hos Oslo Handelsstands Forening - Oslo H\u00f8yre<\/title>\n<meta name=\"robots\" content=\"index, follow, max-snippet:-1, max-image-preview:large, max-video-preview:-1\" \/>\n<link rel=\"canonical\" href=\"https:\/\/hoyre.no\/oslo\/arrangementer\/frokostmote-hos-oslo-handelsstands-forening\/\" \/>\n<meta property=\"og:locale\" content=\"nb_NO\" \/>\n<meta property=\"og:type\" content=\"article\" \/>\n<meta property=\"og:title\" content=\"Frokostm\u00f8te hos Oslo Handelsstands Forening\" \/>\n<meta property=\"og:url\" content=\"https:\/\/hoyre.no\/oslo\/arrangementer\/frokostmote-hos-oslo-handelsstands-forening\/\" \/>\n<meta property=\"og:site_name\" content=\"Oslo H\u00f8yre\" \/>\n<meta property=\"article:publisher\" content=\"https:\/\/www.facebook.com\/oslo.hoyre\" \/>\n<meta property=\"article:modified_time\" content=\"2024-10-23T08:59:44+00:00\" \/>\n<meta property=\"og:image\" content=\"https:\/\/hoyre.no\/content\/uploads\/sites\/408\/2024\/10\/IMG_5307-1024x683.jpeg\" \/>\n<meta name=\"twitter:card\" content=\"summary_large_image\" \/>\n<meta name=\"twitter:label1\" content=\"Ansl. lesetid\" \/>\n\t<meta name=\"twitter:data1\" content=\"1 minutt\" \/>\n<script type=\"application\/ld+json\" class=\"yoast-schema-graph\">{\"@context\":\"https:\/\/schema.org\",\"@graph\":[{\"@type\":\"WebPage\",\"@id\":\"https:\/\/hoyre.no\/oslo\/arrangementer\/frokostmote-hos-oslo-handelsstands-forening\/\",\"url\":\"https:\/\/hoyre.no\/oslo\/arrangementer\/frokostmote-hos-oslo-handelsstands-forening\/\",\"name\":\"Frokostm\u00f8te hos Oslo Handelsstands Forening - Oslo H\u00f8yre\",\"isPartOf\":{\"@id\":\"https:\/\/hoyre.no\/oslo\/#website\"},\"datePublished\":\"2024-10-23T08:58:15+00:00\",\"dateModified\":\"2024-10-23T08:59:44+00:00\",\"breadcrumb\":{\"@id\":\"https:\/\/hoyre.no\/oslo\/arrangementer\/frokostmote-hos-oslo-handelsstands-forening\/#breadcrumb\"},\"inLanguage\":\"nb-NO\",\"potentialAction\":[{\"@type\":\"ReadAction\",\"target\":[\"https:\/\/hoyre.no\/oslo\/arrangementer\/frokostmote-hos-oslo-handelsstands-forening\/\"]}]},{\"@type\":\"BreadcrumbList\",\"@id\":\"https:\/\/hoyre.no\/oslo\/arrangementer\/frokostmote-hos-oslo-handelsstands-forening\/#breadcrumb\",\"itemListElement\":[{\"@type\":\"ListItem\",\"position\":1,\"name\":\"Til hoyre.no\",\"item\":\"https:\/\/hoyre.no\"},{\"@type\":\"ListItem\",\"position\":2,\"name\":\"Hjem\",\"item\":\"https:\/\/hoyre.no\/oslo\/\"},{\"@type\":\"ListItem\",\"position\":3,\"name\":\"Arrangement\",\"item\":\"https:\/\/hoyre.no\/oslo\/arrangementer\/\"},{\"@type\":\"ListItem\",\"position\":4,\"name\":\"Frokostm\u00f8te hos Oslo Handelsstands Forening\"}]},{\"@type\":\"WebSite\",\"@id\":\"https:\/\/hoyre.no\/oslo\/#website\",\"url\":\"https:\/\/hoyre.no\/oslo\/\",\"name\":\"Oslo H\u00f8yre\",\"description\":\"\",\"publisher\":{\"@id\":\"https:\/\/hoyre.no\/oslo\/#organization\"},\"inLanguage\":\"nb-NO\"},{\"@type\":\"Organization\",\"@id\":\"https:\/\/hoyre.no\/oslo\/#organization\",\"name\":\"Oslo H\u00f8yre\",\"url\":\"https:\/\/hoyre.no\/oslo\/\",\"logo\":{\"@type\":\"ImageObject\",\"inLanguage\":\"nb-NO\",\"@id\":\"https:\/\/hoyre.no\/oslo\/#\/schema\/logo\/image\/\",\"url\":\"https:\/\/hoyre.no\/content\/uploads\/sites\/408\/2022\/11\/Hoyres-logo.png\",\"contentUrl\":\"https:\/\/hoyre.no\/content\/uploads\/sites\/408\/2022\/11\/Hoyres-logo.png\",\"width\":1000,\"height\":1000,\"caption\":\"Oslo H\u00f8yre\"},\"image\":{\"@id\":\"https:\/\/hoyre.no\/oslo\/#\/schema\/logo\/image\/\"},\"sameAs\":[\"https:\/\/www.facebook.com\/oslo.hoyre\"]}]}<\/script>\n<!-- \/ Yoast SEO Premium plugin. -->","yoast_head_json":{"title":"Frokostm\u00f8te hos Oslo Handelsstands Forening - Oslo H\u00f8yre","robots":{"index":"index","follow":"follow","max-snippet":"max-snippet:-1","max-image-preview":"max-image-preview:large","max-video-preview":"max-video-preview:-1"},"canonical":"https:\/\/hoyre.no\/oslo\/arrangementer\/frokostmote-hos-oslo-handelsstands-forening\/","og_locale":"nb_NO","og_type":"article","og_title":"Frokostm\u00f8te hos Oslo Handelsstands Forening","og_url":"https:\/\/hoyre.no\/oslo\/arrangementer\/frokostmote-hos-oslo-handelsstands-forening\/","og_site_name":"Oslo H\u00f8yre","article_publisher":"https:\/\/www.facebook.com\/oslo.hoyre","article_modified_time":"2024-10-23T08:59:44+00:00","og_image":[{"url":"https:\/\/hoyre.no\/content\/uploads\/sites\/408\/2024\/10\/IMG_5307-1024x683.jpeg","width":"","height":"","type":""}],"twitter_card":"summary_large_image","twitter_misc":{"Ansl. lesetid":"1 minutt"},"schema":{"@context":"https:\/\/schema.org","@graph":[{"@type":"WebPage","@id":"https:\/\/hoyre.no\/oslo\/arrangementer\/frokostmote-hos-oslo-handelsstands-forening\/","url":"https:\/\/hoyre.no\/oslo\/arrangementer\/frokostmote-hos-oslo-handelsstands-forening\/","name":"Frokostm\u00f8te hos Oslo Handelsstands Forening - Oslo H\u00f8yre","isPartOf":{"@id":"https:\/\/hoyre.no\/oslo\/#website"},"datePublished":"2024-10-23T08:58:15+00:00","dateModified":"2024-10-23T08:59:44+00:00","breadcrumb":{"@id":"https:\/\/hoyre.no\/oslo\/arrangementer\/frokostmote-hos-oslo-handelsstands-forening\/#breadcrumb"},"inLanguage":"nb-NO","potentialAction":[{"@type":"ReadAction","target":["https:\/\/hoyre.no\/oslo\/arrangementer\/frokostmote-hos-oslo-handelsstands-forening\/"]}]},{"@type":"BreadcrumbList","@id":"https:\/\/hoyre.no\/oslo\/arrangementer\/frokostmote-hos-oslo-handelsstands-forening\/#breadcrumb","itemListElement":[{"@type":"ListItem","position":1,"name":"Til hoyre.no","item":"https:\/\/hoyre.no"},{"@type":"ListItem","position":2,"name":"Hjem","item":"https:\/\/hoyre.no\/oslo\/"},{"@type":"ListItem","position":3,"name":"Arrangement","item":"https:\/\/hoyre.no\/oslo\/arrangementer\/"},{"@type":"ListItem","position":4,"name":"Frokostm\u00f8te hos Oslo Handelsstands Forening"}]},{"@type":"WebSite","@id":"https:\/\/hoyre.no\/oslo\/#website","url":"https:\/\/hoyre.no\/oslo\/","name":"Oslo H\u00f8yre","description":"","publisher":{"@id":"https:\/\/hoyre.no\/oslo\/#organization"},"inLanguage":"nb-NO"},{"@type":"Organization","@id":"https:\/\/hoyre.no\/oslo\/#organization","name":"Oslo H\u00f8yre","url":"https:\/\/hoyre.no\/oslo\/","logo":{"@type":"ImageObject","inLanguage":"nb-NO","@id":"https:\/\/hoyre.no\/oslo\/#\/schema\/logo\/image\/","url":"https:\/\/hoyre.no\/content\/uploads\/sites\/408\/2022\/11\/Hoyres-logo.png","contentUrl":"https:\/\/hoyre.no\/content\/uploads\/sites\/408\/2022\/11\/Hoyres-logo.png","width":1000,"height":1000,"caption":"Oslo H\u00f8yre"},"image":{"@id":"https:\/\/hoyre.no\/oslo\/#\/schema\/logo\/image\/"},"sameAs":["https:\/\/www.facebook.com\/oslo.hoyre"]}]}},"distributor_meta":false,"distributor_terms":false,"distributor_media":false,"distributor_original_site_name":"Oslo H\u00f8yre","distributor_original_site_url":"https:\/\/hoyre.no\/oslo","push-errors":false,"_links":{"self":[{"href":"https:\/\/hoyre.no\/oslo\/wp-json\/wp\/v2\/teft-events\/7831","targetHints":{"allow":["GET"]}}],"collection":[{"href":"https:\/\/hoyre.no\/oslo\/wp-json\/wp\/v2\/teft-events"}],"about":[{"href":"https:\/\/hoyre.no\/oslo\/wp-json\/wp\/v2\/types\/teft-events"}],"wp:attachment":[{"href":"https:\/\/hoyre.no\/oslo\/wp-json\/wp\/v2\/media?parent=7831"}],"wp:term":[{"taxonomy":"teft-events-category","embeddable":true,"href":"https:\/\/hoyre.no\/oslo\/wp-json\/wp\/v2\/teft-events-category?post=7831"}],"curies":[{"name":"wp","href":"https:\/\/api.w.org\/{rel}","templated":true}]}}