{"id":8502,"date":"2025-03-14T10:29:54","date_gmt":"2025-03-14T09:29:54","guid":{"rendered":"https:\/\/hoyre.no\/oslo\/?post_type=teft-events&#038;p=8502"},"modified":"2025-03-14T10:29:55","modified_gmt":"2025-03-14T09:29:55","slug":"frokostseminar-verdiskapingens-mange-snubletrader","status":"publish","type":"teft-events","link":"https:\/\/hoyre.no\/oslo\/arrangementer\/frokostseminar-verdiskapingens-mange-snubletrader\/","title":{"rendered":"Frokostseminar \u00abVerdiskapingens mange snubletr\u00e5der\u00bb"},"content":{"rendered":"\n<div class=\"wp-block-teft-event-top\">\n\n<div class=\"teft-event-date-top\">\n<div class=\"teft-event-date-wrapper\">\n\t<div class=\"date-square\" aria-hidden=\"true\">\n\t\t19\t\t\t<\/div>\n<\/div>\n\t<div class=\"top-text\">\n\t\t\t\t\t<p class=\"top-date-text\">onsdag 19. mars 2025<\/p>\n\t\t\t\t\t\t\t<p class=\"top-time-text\">08:00 &#8211; 09:30<\/p>\n\t\t\t\t\t\t<\/div>\n\t\t<div class=\"sharing\">\n\t\t<a class=\"share-button share-link copy-link\" data-copy=\"https:\/\/hoyre.no\/oslo\/arrangementer\/frokostseminar-verdiskapingens-mange-snubletrader\/\" target=\"_blank\"><span class=\"screen-reader-text\">Del link<\/span><\/a>\n\t\t<a class=\"share-button share-twitter\" href=\"http:\/\/twitter.com\/share?text=Frokostseminar \u00abVerdiskapingens mange snubletr\u00e5der\u00bb&#038;url=https:\/\/hoyre.no\/oslo\/arrangementer\/frokostseminar-verdiskapingens-mange-snubletrader\/&#038;hashtags=Hoyre\" target=\"_blank\"><span class=\"screen-reader-text\">Del p\u00e5 twitter<\/span><\/a>\n\t\t<a class=\"share-button share-facebook\" href=\"https:\/\/www.facebook.com\/sharer\/sharer.php?u=https:\/\/hoyre.no\/oslo\/arrangementer\/frokostseminar-verdiskapingens-mange-snubletrader\/\" target=\"_blank\"><span class=\"screen-reader-text\">Del p\u00e5 facebook<\/span><\/a>\n\t<\/div>\n\t<\/div>\n<p class=\"preamble\">Akershus H\u00f8yre og N\u00e6ringsforum varmer opp til H\u00f8yres landsm\u00f8te 2025 og inviterer til frokostseminar 19. mars med Henrik Asheim og flere.<\/p><figure class=\"hoyre-image-wrapper\"><div class=\"hoyre-image\"><img loading=\"lazy\" decoding=\"async\" width=\"2500\" height=\"1667\" src=\"https:\/\/hoyre.no\/content\/uploads\/sites\/408\/2025\/03\/IMG_0511-scaled.jpg\" class=\"attachment-scaled size-scaled\" alt=\"Arve Juritzen\" style=\"object-position: 50% 50%\" srcset=\"https:\/\/hoyre.no\/content\/uploads\/sites\/408\/2025\/03\/IMG_0511-scaled.jpg 2500w, https:\/\/hoyre.no\/content\/uploads\/sites\/408\/2025\/03\/IMG_0511-300x200.jpg 300w, https:\/\/hoyre.no\/content\/uploads\/sites\/408\/2025\/03\/IMG_0511-1024x683.jpg 1024w, https:\/\/hoyre.no\/content\/uploads\/sites\/408\/2025\/03\/IMG_0511-768x512.jpg 768w, https:\/\/hoyre.no\/content\/uploads\/sites\/408\/2025\/03\/IMG_0511-1536x1024.jpg 1536w, https:\/\/hoyre.no\/content\/uploads\/sites\/408\/2025\/03\/IMG_0511-2048x1365.jpg 2048w\" sizes=\"auto, (max-width: 2500px) 100vw, 2500px\" \/><\/div><\/figure>\n\n<div class=\"wp-block wp-block-teft-event-registration-button\">\n\t<div class=\"registration-button-wrapper\">\n\t\t\t<a href=\"https:\/\/ui.ungapped.io\/Events\/e56c3fdd-55ca-4c5a-a6b6-6d1a628095fd\" class=\"wp-block-button__link\">Meld deg p\u00e5 her<\/a>\n\t\t\t\t\n\t<\/div>\n<\/div>\n\n<div class=\"panel teft-details-panel\">\n\t\t<h3>Detaljer<\/h3>\n\n\t\t\t\t\t\t\t<dl class=\"info-misc-with-icons\">\n\t\t<dt class=\"time\"><span class=\"screen-reader-text\">Arrangement dato<\/span><\/dt>\n\t\t<dd class=\"time\">\n\t\t\tons 19. mars 2025 fra  08:00 &#8211; 09:30\t\t<\/dd>\n\t<\/dl>\n\t\t\t\t\t\t<dl class=\"info-misc-with-icons\">\n\t\t<dt class=\"registration\"><span class=\"screen-reader-text\">P\u00e5meldingsdetajer<\/span><\/dt>\n\t\t<dd class=\"registration\">\n\t\t\t\t\t\t\t\t\t\t<a href=\"https:\/\/ui.ungapped.io\/Events\/e56c3fdd-55ca-4c5a-a6b6-6d1a628095fd\">Registrer<\/a>\n\t\t\t\t\t<\/dd>\n\t<\/dl>\n\t\t<\/dl>\n<\/div>\n<\/div>\n\n\n\n\n<h2 class=\"wp-block-heading\" id=\"h-informasjon\">Informasjon<\/h2>\n\n\n\n<p>Sammen med Henrik Asheim, H\u00f8yres nestleder, Arve Juritzen, H\u00f8yres n\u00e6ringsforum, Hanne Christensen Lystad, bransjeleder i Virke, Daniel Torkildsen Lea, adm. dir. Oslo Handelsstands Forening, Kari Sofie Bj\u00f8rnsen, fylkesleder Akershus H\u00f8yre, Morten Skauge, leder av Akershus H\u00f8yres n\u00e6ringsforum, og flere bedriftsledere skal vi n\u00f8ste opp i noen av snubletr\u00e5dene for verdiskaping, slik som:&nbsp;<\/p>\n\n\n\n<p>\u2013 Arbeidstids&nbsp;og innleieregler<\/p>\n\n\n\n<p>\u2013 Begrensninger for verdiskaping og lysten til \u00e5 skalere business<\/p>\n\n\n\n<p>Frokostseminaret er \u00e5pent for alle, men med begrenset antall plasser s\u00e5 meld deg p\u00e5 raskt! Programmet oppdateres fortl\u00f8pende.&nbsp;<br><br>Mer informasjon om arrangementet og p\u00e5melding finner du&nbsp;<a href=\"https:\/\/ui.ungapped.io\/Events\/e56c3fdd-55ca-4c5a-a6b6-6d1a628095fd\">her.<\/a><\/p>\n\n\n<div class=\"post-meta wp-block\">\n\t<div class=\"top\">\n\t\t<div class=\"sharing\">\n\t\t\t<a class=\"share-button share-link\" target=\"_blank\"><span class=\"screen-reader-text\">Del link<\/span><\/a>\n\t\t\t<a class=\"share-button share-twitter\" href=\"http:\/\/twitter.com\/share?text=Frokostseminar \u00abVerdiskapingens mange snubletr\u00e5der\u00bb&#038;url=https:\/\/hoyre.no\/oslo\/arrangementer\/frokostseminar-verdiskapingens-mange-snubletrader\/&#038;hashtags=Hoyre\"><span class=\"screen-reader-text\">Del p\u00e5 twitter<\/span><\/a>\n\t\t\t<a class=\"share-button share-facebook\" href=\"https:\/\/www.facebook.com\/sharer\/sharer.php?u=https:\/\/hoyre.no\/oslo\/arrangementer\/frokostseminar-verdiskapingens-mange-snubletrader\/\" target=\"_blank\"><span class=\"screen-reader-text\">Del p\u00e5 facebook<\/span><\/a>\n\t\t<\/div>\n\t<\/div>\n<\/div>\n","protected":false},"template":"","meta":{"teft_cards_image_url":"","teft_cards_custom_pretitle":"","teft_cards_image_id":8503,"teft_cards_image_focal_point_x":0.5,"teft_cards_image_focal_point_y":0.5,"teft_cards_title":"","teft_cards_excerpt":"","teft_show_chapters":false,"event_organizer":[],"event_start_date":"2025-03-19T08:00:00","event_end_date":"2025-03-19T09:30:00","event_registration_url":"https:\/\/ui.ungapped.io\/Events\/e56c3fdd-55ca-4c5a-a6b6-6d1a628095fd","event_registration_deadline":"","event_ticket_cost":"","event_venue_name":"","event_venue_url":"","event_venue_address":""},"teft-events-category":[],"class_list":["post-8502","teft-events","type-teft-events","status-publish","hentry"],"yoast_head":"<!-- This site is optimized with the Yoast SEO Premium plugin v26.5 (Yoast SEO v26.6) - https:\/\/yoast.com\/wordpress\/plugins\/seo\/ -->\n<title>Frokostseminar \u00abVerdiskapingens mange snubletr\u00e5der\u00bb - Oslo H\u00f8yre<\/title>\n<meta name=\"robots\" content=\"index, follow, max-snippet:-1, max-image-preview:large, max-video-preview:-1\" \/>\n<link rel=\"canonical\" href=\"https:\/\/hoyre.no\/oslo\/arrangementer\/frokostseminar-verdiskapingens-mange-snubletrader\/\" \/>\n<meta property=\"og:locale\" content=\"nb_NO\" \/>\n<meta property=\"og:type\" content=\"article\" \/>\n<meta property=\"og:title\" content=\"Frokostseminar \u00abVerdiskapingens mange snubletr\u00e5der\u00bb\" \/>\n<meta property=\"og:url\" content=\"https:\/\/hoyre.no\/oslo\/arrangementer\/frokostseminar-verdiskapingens-mange-snubletrader\/\" \/>\n<meta property=\"og:site_name\" content=\"Oslo H\u00f8yre\" \/>\n<meta property=\"article:publisher\" content=\"https:\/\/www.facebook.com\/oslo.hoyre\" \/>\n<meta property=\"article:modified_time\" content=\"2025-03-14T09:29:55+00:00\" \/>\n<meta property=\"og:image\" content=\"https:\/\/hoyre.no\/content\/uploads\/sites\/408\/2025\/03\/IMG_0511-1024x683.jpg\" \/>\n<meta name=\"twitter:card\" content=\"summary_large_image\" \/>\n<meta name=\"twitter:label1\" content=\"Ansl. lesetid\" \/>\n\t<meta name=\"twitter:data1\" content=\"1 minutt\" \/>\n<script type=\"application\/ld+json\" class=\"yoast-schema-graph\">{\"@context\":\"https:\/\/schema.org\",\"@graph\":[{\"@type\":\"WebPage\",\"@id\":\"https:\/\/hoyre.no\/oslo\/arrangementer\/frokostseminar-verdiskapingens-mange-snubletrader\/\",\"url\":\"https:\/\/hoyre.no\/oslo\/arrangementer\/frokostseminar-verdiskapingens-mange-snubletrader\/\",\"name\":\"Frokostseminar \u00abVerdiskapingens mange snubletr\u00e5der\u00bb - Oslo H\u00f8yre\",\"isPartOf\":{\"@id\":\"https:\/\/hoyre.no\/oslo\/#website\"},\"datePublished\":\"2025-03-14T09:29:54+00:00\",\"dateModified\":\"2025-03-14T09:29:55+00:00\",\"breadcrumb\":{\"@id\":\"https:\/\/hoyre.no\/oslo\/arrangementer\/frokostseminar-verdiskapingens-mange-snubletrader\/#breadcrumb\"},\"inLanguage\":\"nb-NO\",\"potentialAction\":[{\"@type\":\"ReadAction\",\"target\":[\"https:\/\/hoyre.no\/oslo\/arrangementer\/frokostseminar-verdiskapingens-mange-snubletrader\/\"]}]},{\"@type\":\"BreadcrumbList\",\"@id\":\"https:\/\/hoyre.no\/oslo\/arrangementer\/frokostseminar-verdiskapingens-mange-snubletrader\/#breadcrumb\",\"itemListElement\":[{\"@type\":\"ListItem\",\"position\":1,\"name\":\"Til hoyre.no\",\"item\":\"https:\/\/hoyre.no\"},{\"@type\":\"ListItem\",\"position\":2,\"name\":\"Hjem\",\"item\":\"https:\/\/hoyre.no\/oslo\/\"},{\"@type\":\"ListItem\",\"position\":3,\"name\":\"Arrangement\",\"item\":\"https:\/\/hoyre.no\/oslo\/arrangementer\/\"},{\"@type\":\"ListItem\",\"position\":4,\"name\":\"Frokostseminar \u00abVerdiskapingens mange snubletr\u00e5der\u00bb\"}]},{\"@type\":\"WebSite\",\"@id\":\"https:\/\/hoyre.no\/oslo\/#website\",\"url\":\"https:\/\/hoyre.no\/oslo\/\",\"name\":\"Oslo H\u00f8yre\",\"description\":\"\",\"publisher\":{\"@id\":\"https:\/\/hoyre.no\/oslo\/#organization\"},\"inLanguage\":\"nb-NO\"},{\"@type\":\"Organization\",\"@id\":\"https:\/\/hoyre.no\/oslo\/#organization\",\"name\":\"Oslo H\u00f8yre\",\"url\":\"https:\/\/hoyre.no\/oslo\/\",\"logo\":{\"@type\":\"ImageObject\",\"inLanguage\":\"nb-NO\",\"@id\":\"https:\/\/hoyre.no\/oslo\/#\/schema\/logo\/image\/\",\"url\":\"https:\/\/hoyre.no\/content\/uploads\/sites\/408\/2022\/11\/Hoyres-logo.png\",\"contentUrl\":\"https:\/\/hoyre.no\/content\/uploads\/sites\/408\/2022\/11\/Hoyres-logo.png\",\"width\":1000,\"height\":1000,\"caption\":\"Oslo H\u00f8yre\"},\"image\":{\"@id\":\"https:\/\/hoyre.no\/oslo\/#\/schema\/logo\/image\/\"},\"sameAs\":[\"https:\/\/www.facebook.com\/oslo.hoyre\"]}]}<\/script>\n<!-- \/ Yoast SEO Premium plugin. -->","yoast_head_json":{"title":"Frokostseminar \u00abVerdiskapingens mange snubletr\u00e5der\u00bb - Oslo H\u00f8yre","robots":{"index":"index","follow":"follow","max-snippet":"max-snippet:-1","max-image-preview":"max-image-preview:large","max-video-preview":"max-video-preview:-1"},"canonical":"https:\/\/hoyre.no\/oslo\/arrangementer\/frokostseminar-verdiskapingens-mange-snubletrader\/","og_locale":"nb_NO","og_type":"article","og_title":"Frokostseminar \u00abVerdiskapingens mange snubletr\u00e5der\u00bb","og_url":"https:\/\/hoyre.no\/oslo\/arrangementer\/frokostseminar-verdiskapingens-mange-snubletrader\/","og_site_name":"Oslo H\u00f8yre","article_publisher":"https:\/\/www.facebook.com\/oslo.hoyre","article_modified_time":"2025-03-14T09:29:55+00:00","og_image":[{"url":"https:\/\/hoyre.no\/content\/uploads\/sites\/408\/2025\/03\/IMG_0511-1024x683.jpg","width":"","height":"","type":""}],"twitter_card":"summary_large_image","twitter_misc":{"Ansl. lesetid":"1 minutt"},"schema":{"@context":"https:\/\/schema.org","@graph":[{"@type":"WebPage","@id":"https:\/\/hoyre.no\/oslo\/arrangementer\/frokostseminar-verdiskapingens-mange-snubletrader\/","url":"https:\/\/hoyre.no\/oslo\/arrangementer\/frokostseminar-verdiskapingens-mange-snubletrader\/","name":"Frokostseminar \u00abVerdiskapingens mange snubletr\u00e5der\u00bb - Oslo H\u00f8yre","isPartOf":{"@id":"https:\/\/hoyre.no\/oslo\/#website"},"datePublished":"2025-03-14T09:29:54+00:00","dateModified":"2025-03-14T09:29:55+00:00","breadcrumb":{"@id":"https:\/\/hoyre.no\/oslo\/arrangementer\/frokostseminar-verdiskapingens-mange-snubletrader\/#breadcrumb"},"inLanguage":"nb-NO","potentialAction":[{"@type":"ReadAction","target":["https:\/\/hoyre.no\/oslo\/arrangementer\/frokostseminar-verdiskapingens-mange-snubletrader\/"]}]},{"@type":"BreadcrumbList","@id":"https:\/\/hoyre.no\/oslo\/arrangementer\/frokostseminar-verdiskapingens-mange-snubletrader\/#breadcrumb","itemListElement":[{"@type":"ListItem","position":1,"name":"Til hoyre.no","item":"https:\/\/hoyre.no"},{"@type":"ListItem","position":2,"name":"Hjem","item":"https:\/\/hoyre.no\/oslo\/"},{"@type":"ListItem","position":3,"name":"Arrangement","item":"https:\/\/hoyre.no\/oslo\/arrangementer\/"},{"@type":"ListItem","position":4,"name":"Frokostseminar \u00abVerdiskapingens mange snubletr\u00e5der\u00bb"}]},{"@type":"WebSite","@id":"https:\/\/hoyre.no\/oslo\/#website","url":"https:\/\/hoyre.no\/oslo\/","name":"Oslo H\u00f8yre","description":"","publisher":{"@id":"https:\/\/hoyre.no\/oslo\/#organization"},"inLanguage":"nb-NO"},{"@type":"Organization","@id":"https:\/\/hoyre.no\/oslo\/#organization","name":"Oslo H\u00f8yre","url":"https:\/\/hoyre.no\/oslo\/","logo":{"@type":"ImageObject","inLanguage":"nb-NO","@id":"https:\/\/hoyre.no\/oslo\/#\/schema\/logo\/image\/","url":"https:\/\/hoyre.no\/content\/uploads\/sites\/408\/2022\/11\/Hoyres-logo.png","contentUrl":"https:\/\/hoyre.no\/content\/uploads\/sites\/408\/2022\/11\/Hoyres-logo.png","width":1000,"height":1000,"caption":"Oslo H\u00f8yre"},"image":{"@id":"https:\/\/hoyre.no\/oslo\/#\/schema\/logo\/image\/"},"sameAs":["https:\/\/www.facebook.com\/oslo.hoyre"]}]}},"distributor_meta":false,"distributor_terms":false,"distributor_media":false,"distributor_original_site_name":"Oslo H\u00f8yre","distributor_original_site_url":"https:\/\/hoyre.no\/oslo","push-errors":false,"_links":{"self":[{"href":"https:\/\/hoyre.no\/oslo\/wp-json\/wp\/v2\/teft-events\/8502","targetHints":{"allow":["GET"]}}],"collection":[{"href":"https:\/\/hoyre.no\/oslo\/wp-json\/wp\/v2\/teft-events"}],"about":[{"href":"https:\/\/hoyre.no\/oslo\/wp-json\/wp\/v2\/types\/teft-events"}],"wp:attachment":[{"href":"https:\/\/hoyre.no\/oslo\/wp-json\/wp\/v2\/media?parent=8502"}],"wp:term":[{"taxonomy":"teft-events-category","embeddable":true,"href":"https:\/\/hoyre.no\/oslo\/wp-json\/wp\/v2\/teft-events-category?post=8502"}],"curies":[{"name":"wp","href":"https:\/\/api.w.org\/{rel}","templated":true}]}}