{"id":9523,"date":"2025-11-20T13:21:22","date_gmt":"2025-11-20T12:21:22","guid":{"rendered":"https:\/\/hoyre.no\/oslo\/?post_type=teft-events&#038;p=9523"},"modified":"2025-11-20T13:21:22","modified_gmt":"2025-11-20T12:21:22","slug":"vinterkonferansen-2026-i-regi-av-kvinneforum","status":"publish","type":"teft-events","link":"https:\/\/hoyre.no\/oslo\/arrangementer\/vinterkonferansen-2026-i-regi-av-kvinneforum\/","title":{"rendered":"Vinterkonferansen 2026 i regi av Kvinneforum"},"content":{"rendered":"\n<div class=\"wp-block-teft-event-top\">\n\n<div class=\"teft-event-date-top\">\n<div class=\"teft-event-date-wrapper\">\n\t<div class=\"date-square\" aria-hidden=\"true\">\n\t\t10\t\t\t<\/div>\n<\/div>\n\t<div class=\"top-text\">\n\t\t\t\t\t<p class=\"top-date-text\">l\u00f8rdag 10. januar 2026<\/p>\n\t\t\t\t\t\t\t<p class=\"top-time-text\">10:00 &#8211; 15:00<\/p>\n\t\t\t\t\t\t<\/div>\n\t\t<div class=\"sharing\">\n\t\t<a class=\"share-button share-link copy-link\" data-copy=\"https:\/\/hoyre.no\/oslo\/arrangementer\/vinterkonferansen-2026-i-regi-av-kvinneforum\/\" target=\"_blank\"><span class=\"screen-reader-text\">Del link<\/span><\/a>\n\t\t<a class=\"share-button share-twitter\" href=\"http:\/\/twitter.com\/share?text=Vinterkonferansen 2026 i regi av Kvinneforum&#038;url=https:\/\/hoyre.no\/oslo\/arrangementer\/vinterkonferansen-2026-i-regi-av-kvinneforum\/&#038;hashtags=Hoyre\" target=\"_blank\"><span class=\"screen-reader-text\">Del p\u00e5 twitter<\/span><\/a>\n\t\t<a class=\"share-button share-facebook\" href=\"https:\/\/www.facebook.com\/sharer\/sharer.php?u=https:\/\/hoyre.no\/oslo\/arrangementer\/vinterkonferansen-2026-i-regi-av-kvinneforum\/\" target=\"_blank\"><span class=\"screen-reader-text\">Del p\u00e5 facebook<\/span><\/a>\n\t<\/div>\n\t<\/div>\n<p class=\"preamble\">Akershus og Oslo H\u00f8yres Kvinneforum har gleden av \u00e5 invitere til seminar: &laquo;Perspektiver p\u00e5 en urolig verden&raquo;<\/p><figure class=\"hoyre-image-wrapper\"><div class=\"hoyre-image\"><img loading=\"lazy\" decoding=\"async\" width=\"1200\" height=\"800\" src=\"https:\/\/hoyre.no\/content\/uploads\/sites\/408\/2025\/11\/kvinneforum-1.png\" class=\"attachment-scaled size-scaled\" alt=\"Vinterkonferanse med kvinneforum\" style=\"object-position: 50% 50%\" srcset=\"https:\/\/hoyre.no\/content\/uploads\/sites\/408\/2025\/11\/kvinneforum-1.png 1200w, https:\/\/hoyre.no\/content\/uploads\/sites\/408\/2025\/11\/kvinneforum-1-300x200.png 300w, https:\/\/hoyre.no\/content\/uploads\/sites\/408\/2025\/11\/kvinneforum-1-1024x683.png 1024w, https:\/\/hoyre.no\/content\/uploads\/sites\/408\/2025\/11\/kvinneforum-1-768x512.png 768w\" sizes=\"auto, (max-width: 1200px) 100vw, 1200px\" \/><\/div><\/figure>\n\n<div class=\"wp-block wp-block-teft-event-registration-button\">\n\t<div class=\"registration-button-wrapper\">\n\t\t\t<a href=\"https:\/\/ui.ungapped.io\/Events\/b66036af-d861-401b-a793-90b2d5c1a93b?AccountId=3da4fa62-c749-4a36-9b59-a11347370a2d&amp;ContactId=00000000-0000-0000-0000-000000000000&amp;IssueId=8d2fc2b0-3f18-4d6e-a41a-5536f6e914ab&amp;ir=\" class=\"wp-block-button__link\">Meld deg p\u00e5 her<\/a>\n\t\t\t\t\n\t<\/div>\n<\/div>\n\n<div class=\"panel teft-details-panel\">\n\t\t<h3>Detaljer<\/h3>\n\n\t\t\t\t\t<dl class=\"info-misc-with-icons\">\n\t\t\t\t<dt class=\"venue\"><span class=\"screen-reader-text\">Stedet<\/span><\/dt>\n\t\t\t\t<dd>\n\t\t\t\t\t\t\t\t\t\t\t<span class=\"address-line-1\">H\u00f8yres Hus<\/span>\n\t\t\t\t\t\t\t\t\t\t\t\t\t\t\t\t<span class=\"address-line-2\">Stortingsgata 20<\/span>\n\t\t\t\t\t\t\t\t\t<\/dd>\n\t\t\t<\/dl>\n\t\t\t\t\t\t\t<dl class=\"info-misc-with-icons\">\n\t\t<dt class=\"time\"><span class=\"screen-reader-text\">Arrangement dato<\/span><\/dt>\n\t\t<dd class=\"time\">\n\t\t\tl\u00f8r 10. januar 2026 fra  10:00 &#8211; 15:00\t\t<\/dd>\n\t<\/dl>\n\t\t\t\t\t\t<dl class=\"info-misc-with-icons\">\n\t\t<dt class=\"registration\"><span class=\"screen-reader-text\">P\u00e5meldingsdetajer<\/span><\/dt>\n\t\t<dd class=\"registration\">\n\t\t\tGratis\t\t\t\t\t\t\t<a href=\"https:\/\/ui.ungapped.io\/Events\/b66036af-d861-401b-a793-90b2d5c1a93b?AccountId=3da4fa62-c749-4a36-9b59-a11347370a2d&#038;ContactId=00000000-0000-0000-0000-000000000000&#038;IssueId=8d2fc2b0-3f18-4d6e-a41a-5536f6e914ab&#038;ir=\">Registrer<\/a>\n\t\t\t\t\t<\/dd>\n\t<\/dl>\n\t\t<\/dl>\n<\/div>\n<\/div>\n\n\n\n\n<h2 class=\"wp-block-heading\" id=\"h-program\">Program<\/h2>\n\n\n\n<p>10.00-11.00 Innsjekk, mingling Kaffe\/te (bli kjent)<br>11.00-11.30 Kristin Clemet, Leder tankesmien Civita<br>11.30-12.00 Kari Sofie Bj\u00f8rnsen, stortingsrepresentant: Perspektiver p\u00e5 en urolig verden i et klima og energi perspektiv<br>12.00-12.30 Sofie R\u00f8nnevik (Akershus) og Elisabeth Hekneby (Oslo) fra Unge H\u00f8yre: De unges perspektiv p\u00e5 den urolige verden<\/p>\n\n\n\n<p>Lunsj<\/p>\n\n\n\n<p>13.00-14.00 Ine Eriksen S\u00f8reide, stortingsrepresentant: Den urolige verdenssituasjonen og hvordan den p\u00e5virker Norge og Norges forhold til EU<br>14.00-15.00 Q&amp;A, Kommentarer og innspill fra salen til dagens program.<\/p>\n\n\n<div class=\"post-meta wp-block\">\n\t<div class=\"top\">\n\t\t<div class=\"sharing\">\n\t\t\t<a class=\"share-button share-link\" target=\"_blank\"><span class=\"screen-reader-text\">Del link<\/span><\/a>\n\t\t\t<a class=\"share-button share-twitter\" href=\"http:\/\/twitter.com\/share?text=Vinterkonferansen 2026 i regi av Kvinneforum&#038;url=https:\/\/hoyre.no\/oslo\/arrangementer\/vinterkonferansen-2026-i-regi-av-kvinneforum\/&#038;hashtags=Hoyre\"><span class=\"screen-reader-text\">Del p\u00e5 twitter<\/span><\/a>\n\t\t\t<a class=\"share-button share-facebook\" href=\"https:\/\/www.facebook.com\/sharer\/sharer.php?u=https:\/\/hoyre.no\/oslo\/arrangementer\/vinterkonferansen-2026-i-regi-av-kvinneforum\/\" target=\"_blank\"><span class=\"screen-reader-text\">Del p\u00e5 facebook<\/span><\/a>\n\t\t<\/div>\n\t<\/div>\n<\/div>\n","protected":false},"template":"","meta":{"teft_cards_image_url":"","teft_cards_custom_pretitle":"","teft_cards_image_id":9524,"teft_cards_image_focal_point_x":0.5,"teft_cards_image_focal_point_y":0.5,"teft_cards_title":"","teft_cards_excerpt":"","teft_show_chapters":false,"event_organizer":[],"event_start_date":"2026-01-10T10:00:00","event_end_date":"2026-01-10T15:00:00","event_registration_url":"https:\/\/ui.ungapped.io\/Events\/b66036af-d861-401b-a793-90b2d5c1a93b?AccountId=3da4fa62-c749-4a36-9b59-a11347370a2d&ContactId=00000000-0000-0000-0000-000000000000&IssueId=8d2fc2b0-3f18-4d6e-a41a-5536f6e914ab&ir=","event_registration_deadline":"","event_ticket_cost":"Gratis","event_venue_name":"H\u00f8yres Hus","event_venue_url":"","event_venue_address":"Stortingsgata 20"},"teft-events-category":[],"class_list":["post-9523","teft-events","type-teft-events","status-publish","hentry"],"yoast_head":"<!-- This site is optimized with the Yoast SEO Premium plugin v26.5 (Yoast SEO v26.6) - https:\/\/yoast.com\/wordpress\/plugins\/seo\/ -->\n<title>Vinterkonferansen 2026 i regi av Kvinneforum - Oslo H\u00f8yre<\/title>\n<meta name=\"robots\" content=\"index, follow, max-snippet:-1, max-image-preview:large, max-video-preview:-1\" \/>\n<link rel=\"canonical\" href=\"https:\/\/hoyre.no\/oslo\/arrangementer\/vinterkonferansen-2026-i-regi-av-kvinneforum\/\" \/>\n<meta property=\"og:locale\" content=\"nb_NO\" \/>\n<meta property=\"og:type\" content=\"article\" \/>\n<meta property=\"og:title\" content=\"Vinterkonferansen 2026 i regi av Kvinneforum\" \/>\n<meta property=\"og:url\" content=\"https:\/\/hoyre.no\/oslo\/arrangementer\/vinterkonferansen-2026-i-regi-av-kvinneforum\/\" \/>\n<meta property=\"og:site_name\" content=\"Oslo H\u00f8yre\" \/>\n<meta property=\"article:publisher\" content=\"https:\/\/www.facebook.com\/oslo.hoyre\" \/>\n<meta property=\"og:image\" content=\"https:\/\/hoyre.no\/content\/uploads\/sites\/408\/2025\/11\/kvinneforum-1-1024x683.png\" \/>\n<meta name=\"twitter:card\" content=\"summary_large_image\" \/>\n<meta name=\"twitter:label1\" content=\"Ansl. lesetid\" \/>\n\t<meta name=\"twitter:data1\" content=\"1 minutt\" \/>\n<script type=\"application\/ld+json\" class=\"yoast-schema-graph\">{\"@context\":\"https:\/\/schema.org\",\"@graph\":[{\"@type\":\"WebPage\",\"@id\":\"https:\/\/hoyre.no\/oslo\/arrangementer\/vinterkonferansen-2026-i-regi-av-kvinneforum\/\",\"url\":\"https:\/\/hoyre.no\/oslo\/arrangementer\/vinterkonferansen-2026-i-regi-av-kvinneforum\/\",\"name\":\"Vinterkonferansen 2026 i regi av Kvinneforum - Oslo H\u00f8yre\",\"isPartOf\":{\"@id\":\"https:\/\/hoyre.no\/oslo\/#website\"},\"datePublished\":\"2025-11-20T12:21:22+00:00\",\"breadcrumb\":{\"@id\":\"https:\/\/hoyre.no\/oslo\/arrangementer\/vinterkonferansen-2026-i-regi-av-kvinneforum\/#breadcrumb\"},\"inLanguage\":\"nb-NO\",\"potentialAction\":[{\"@type\":\"ReadAction\",\"target\":[\"https:\/\/hoyre.no\/oslo\/arrangementer\/vinterkonferansen-2026-i-regi-av-kvinneforum\/\"]}]},{\"@type\":\"BreadcrumbList\",\"@id\":\"https:\/\/hoyre.no\/oslo\/arrangementer\/vinterkonferansen-2026-i-regi-av-kvinneforum\/#breadcrumb\",\"itemListElement\":[{\"@type\":\"ListItem\",\"position\":1,\"name\":\"Til hoyre.no\",\"item\":\"https:\/\/hoyre.no\"},{\"@type\":\"ListItem\",\"position\":2,\"name\":\"Hjem\",\"item\":\"https:\/\/hoyre.no\/oslo\/\"},{\"@type\":\"ListItem\",\"position\":3,\"name\":\"Arrangement\",\"item\":\"https:\/\/hoyre.no\/oslo\/arrangementer\/\"},{\"@type\":\"ListItem\",\"position\":4,\"name\":\"Vinterkonferansen 2026 i regi av Kvinneforum\"}]},{\"@type\":\"WebSite\",\"@id\":\"https:\/\/hoyre.no\/oslo\/#website\",\"url\":\"https:\/\/hoyre.no\/oslo\/\",\"name\":\"Oslo H\u00f8yre\",\"description\":\"\",\"publisher\":{\"@id\":\"https:\/\/hoyre.no\/oslo\/#organization\"},\"inLanguage\":\"nb-NO\"},{\"@type\":\"Organization\",\"@id\":\"https:\/\/hoyre.no\/oslo\/#organization\",\"name\":\"Oslo H\u00f8yre\",\"url\":\"https:\/\/hoyre.no\/oslo\/\",\"logo\":{\"@type\":\"ImageObject\",\"inLanguage\":\"nb-NO\",\"@id\":\"https:\/\/hoyre.no\/oslo\/#\/schema\/logo\/image\/\",\"url\":\"https:\/\/hoyre.no\/content\/uploads\/sites\/408\/2022\/11\/Hoyres-logo.png\",\"contentUrl\":\"https:\/\/hoyre.no\/content\/uploads\/sites\/408\/2022\/11\/Hoyres-logo.png\",\"width\":1000,\"height\":1000,\"caption\":\"Oslo H\u00f8yre\"},\"image\":{\"@id\":\"https:\/\/hoyre.no\/oslo\/#\/schema\/logo\/image\/\"},\"sameAs\":[\"https:\/\/www.facebook.com\/oslo.hoyre\"]}]}<\/script>\n<!-- \/ Yoast SEO Premium plugin. -->","yoast_head_json":{"title":"Vinterkonferansen 2026 i regi av Kvinneforum - Oslo H\u00f8yre","robots":{"index":"index","follow":"follow","max-snippet":"max-snippet:-1","max-image-preview":"max-image-preview:large","max-video-preview":"max-video-preview:-1"},"canonical":"https:\/\/hoyre.no\/oslo\/arrangementer\/vinterkonferansen-2026-i-regi-av-kvinneforum\/","og_locale":"nb_NO","og_type":"article","og_title":"Vinterkonferansen 2026 i regi av Kvinneforum","og_url":"https:\/\/hoyre.no\/oslo\/arrangementer\/vinterkonferansen-2026-i-regi-av-kvinneforum\/","og_site_name":"Oslo H\u00f8yre","article_publisher":"https:\/\/www.facebook.com\/oslo.hoyre","og_image":[{"url":"https:\/\/hoyre.no\/content\/uploads\/sites\/408\/2025\/11\/kvinneforum-1-1024x683.png","width":"","height":"","type":""}],"twitter_card":"summary_large_image","twitter_misc":{"Ansl. lesetid":"1 minutt"},"schema":{"@context":"https:\/\/schema.org","@graph":[{"@type":"WebPage","@id":"https:\/\/hoyre.no\/oslo\/arrangementer\/vinterkonferansen-2026-i-regi-av-kvinneforum\/","url":"https:\/\/hoyre.no\/oslo\/arrangementer\/vinterkonferansen-2026-i-regi-av-kvinneforum\/","name":"Vinterkonferansen 2026 i regi av Kvinneforum - Oslo H\u00f8yre","isPartOf":{"@id":"https:\/\/hoyre.no\/oslo\/#website"},"datePublished":"2025-11-20T12:21:22+00:00","breadcrumb":{"@id":"https:\/\/hoyre.no\/oslo\/arrangementer\/vinterkonferansen-2026-i-regi-av-kvinneforum\/#breadcrumb"},"inLanguage":"nb-NO","potentialAction":[{"@type":"ReadAction","target":["https:\/\/hoyre.no\/oslo\/arrangementer\/vinterkonferansen-2026-i-regi-av-kvinneforum\/"]}]},{"@type":"BreadcrumbList","@id":"https:\/\/hoyre.no\/oslo\/arrangementer\/vinterkonferansen-2026-i-regi-av-kvinneforum\/#breadcrumb","itemListElement":[{"@type":"ListItem","position":1,"name":"Til hoyre.no","item":"https:\/\/hoyre.no"},{"@type":"ListItem","position":2,"name":"Hjem","item":"https:\/\/hoyre.no\/oslo\/"},{"@type":"ListItem","position":3,"name":"Arrangement","item":"https:\/\/hoyre.no\/oslo\/arrangementer\/"},{"@type":"ListItem","position":4,"name":"Vinterkonferansen 2026 i regi av Kvinneforum"}]},{"@type":"WebSite","@id":"https:\/\/hoyre.no\/oslo\/#website","url":"https:\/\/hoyre.no\/oslo\/","name":"Oslo H\u00f8yre","description":"","publisher":{"@id":"https:\/\/hoyre.no\/oslo\/#organization"},"inLanguage":"nb-NO"},{"@type":"Organization","@id":"https:\/\/hoyre.no\/oslo\/#organization","name":"Oslo H\u00f8yre","url":"https:\/\/hoyre.no\/oslo\/","logo":{"@type":"ImageObject","inLanguage":"nb-NO","@id":"https:\/\/hoyre.no\/oslo\/#\/schema\/logo\/image\/","url":"https:\/\/hoyre.no\/content\/uploads\/sites\/408\/2022\/11\/Hoyres-logo.png","contentUrl":"https:\/\/hoyre.no\/content\/uploads\/sites\/408\/2022\/11\/Hoyres-logo.png","width":1000,"height":1000,"caption":"Oslo H\u00f8yre"},"image":{"@id":"https:\/\/hoyre.no\/oslo\/#\/schema\/logo\/image\/"},"sameAs":["https:\/\/www.facebook.com\/oslo.hoyre"]}]}},"distributor_meta":false,"distributor_terms":false,"distributor_media":false,"distributor_original_site_name":"Oslo H\u00f8yre","distributor_original_site_url":"https:\/\/hoyre.no\/oslo","push-errors":false,"_links":{"self":[{"href":"https:\/\/hoyre.no\/oslo\/wp-json\/wp\/v2\/teft-events\/9523","targetHints":{"allow":["GET"]}}],"collection":[{"href":"https:\/\/hoyre.no\/oslo\/wp-json\/wp\/v2\/teft-events"}],"about":[{"href":"https:\/\/hoyre.no\/oslo\/wp-json\/wp\/v2\/types\/teft-events"}],"wp:attachment":[{"href":"https:\/\/hoyre.no\/oslo\/wp-json\/wp\/v2\/media?parent=9523"}],"wp:term":[{"taxonomy":"teft-events-category","embeddable":true,"href":"https:\/\/hoyre.no\/oslo\/wp-json\/wp\/v2\/teft-events-category?post=9523"}],"curies":[{"name":"wp","href":"https:\/\/api.w.org\/{rel}","templated":true}]}}