{"id":9525,"date":"2025-11-20T13:22:37","date_gmt":"2025-11-20T12:22:37","guid":{"rendered":"https:\/\/hoyre.no\/oslo\/?post_type=teft-events&#038;p=9525"},"modified":"2026-03-05T13:35:18","modified_gmt":"2026-03-05T12:35:18","slug":"arsmote-i-oslo-hoyre-3","status":"publish","type":"teft-events","link":"https:\/\/hoyre.no\/oslo\/arrangementer\/arsmote-i-oslo-hoyre-3\/","title":{"rendered":"Oslo H\u00f8yres \u00e5rsm\u00f8te 2026"},"content":{"rendered":"\n<div class=\"wp-block-teft-event-top\">\n\n<div class=\"teft-event-date-top\">\n<div class=\"teft-event-date-wrapper\">\n\t<div class=\"date-square\" aria-hidden=\"true\">\n\t\t23\t\t\t<\/div>\n<\/div>\n\t<div class=\"top-text\">\n\t\t\t\t\t<p class=\"top-date-text\">23 &#8211; 24 januar 2026<\/p>\n\t\t\t<p class=\"top-time-text\">18:00<\/p>\n\t\t\t<\/div>\n\t\t<div class=\"sharing\">\n\t\t<a class=\"share-button share-link copy-link\" data-copy=\"https:\/\/hoyre.no\/oslo\/arrangementer\/arsmote-i-oslo-hoyre-3\/\" target=\"_blank\"><span class=\"screen-reader-text\">Del link<\/span><\/a>\n\t\t<a class=\"share-button share-twitter\" href=\"http:\/\/twitter.com\/share?text=Oslo H\u00f8yres \u00e5rsm\u00f8te 2026&#038;url=https:\/\/hoyre.no\/oslo\/arrangementer\/arsmote-i-oslo-hoyre-3\/&#038;hashtags=Hoyre\" target=\"_blank\"><span class=\"screen-reader-text\">Del p\u00e5 twitter<\/span><\/a>\n\t\t<a class=\"share-button share-facebook\" href=\"https:\/\/www.facebook.com\/sharer\/sharer.php?u=https:\/\/hoyre.no\/oslo\/arrangementer\/arsmote-i-oslo-hoyre-3\/\" target=\"_blank\"><span class=\"screen-reader-text\">Del p\u00e5 facebook<\/span><\/a>\n\t<\/div>\n\t<\/div>\n<p class=\"preamble\">Velkommen til \u00e5rsm\u00f8te i Oslo H\u00f8yre!<\/p><figure class=\"hoyre-image-wrapper\"><div class=\"hoyre-image\"><img loading=\"lazy\" decoding=\"async\" width=\"2500\" height=\"1667\" src=\"https:\/\/hoyre.no\/content\/uploads\/sites\/408\/2025\/06\/6T7FlkPf-scaled.jpeg\" class=\"attachment-scaled size-scaled\" alt=\"\" style=\"object-position: 50% 50%\" srcset=\"https:\/\/hoyre.no\/content\/uploads\/sites\/408\/2025\/06\/6T7FlkPf-scaled.jpeg 2500w, https:\/\/hoyre.no\/content\/uploads\/sites\/408\/2025\/06\/6T7FlkPf-300x200.jpeg 300w, https:\/\/hoyre.no\/content\/uploads\/sites\/408\/2025\/06\/6T7FlkPf-1024x683.jpeg 1024w, https:\/\/hoyre.no\/content\/uploads\/sites\/408\/2025\/06\/6T7FlkPf-768x512.jpeg 768w, https:\/\/hoyre.no\/content\/uploads\/sites\/408\/2025\/06\/6T7FlkPf-1536x1024.jpeg 1536w, https:\/\/hoyre.no\/content\/uploads\/sites\/408\/2025\/06\/6T7FlkPf-2048x1365.jpeg 2048w\" sizes=\"auto, (max-width: 2500px) 100vw, 2500px\" \/><\/div><\/figure>\n\n<div class=\"panel teft-details-panel\">\n\t\t<h3>Detaljer<\/h3>\n\n\t\t\t\t\t\t\t<dl class=\"info-misc-with-icons\">\n\t\t<dt class=\"time\"><span class=\"screen-reader-text\">Arrangement dato<\/span><\/dt>\n\t\t<dd class=\"time\">\n\t\t\tfre 23. januar 2026 fra  18:00 &#8211; l\u00f8r 24. januar 2026 17:00\t\t<\/dd>\n\t<\/dl>\n\t\t\t\t<\/dl>\n<\/div>\n<\/div>\n\n\n\n\n<div class=\"wp-block-teft-factbox is-style-blue\"><div class=\"factbox-inner\"><div class=\"entry-content\"><h4 class=\"toggle\"><strong>Info om resolusjonsbehandlingen p\u00e5 \u00e5rsm\u00f8tet<\/strong>\u00a0<\/h4>\n<p><strong>Redaksjonskomiteens innstilling er klar<\/strong><\/p>\n\n\n\n<p>Redaksjonskomiteen har n\u00e5 gjennomg\u00e5tt alle de innsendte endringsforslagene til resolusjonene som skal behandles p\u00e5 \u00e5rsm\u00f8tet og ferdigstilt sin innstilling. Du finner innstillingen nederst p\u00e5 denne siden. <\/p>\n\n\n\n<p><strong>Endringsforslag til resolusjoner som ikke er innstilt behandlet<\/strong><\/p>\n\n\n\n<p>Det har i all hovedsak kommet inn endringsforslag til resolusjonene som resolusjonskomiteen har innstilt p\u00e5 at skal behandles p\u00e5 \u00e5rsm\u00f8tet. Dersom et flertall p\u00e5 \u00e5rsm\u00f8tet bestemmer seg for \u00e5 behandle \u00e9n eller flere resolusjoner som ikke er innstilt behandlet, vil det bli opprettet en ny frist for innsending av endringsforslag til disse, samt nytt skjema.&nbsp;&nbsp;&nbsp;<\/p>\n\n\n\n<p>Ta kontakt med Tage Slind Jensen i sekretariatet om du har sp\u00f8rsm\u00e5l: <a href=\"mailto:tagjen@hoyre.no\">tagjen@hoyre.no<\/a>&nbsp;<\/p>\n<\/div><\/div><\/div>\n\n\n\n<h2 class=\"wp-block-heading\" id=\"h-sakspapirer\">Sakspapirer<\/h2>\n\n\n\n<div class=\"wp-block-teft-file icon-link-block\"><a href=\"https:\/\/hoyre.no\/content\/uploads\/sites\/408\/2025\/11\/Forhandsinnkalling.docx\" download><span class=\"file-title\">Forh\u00e5ndsinnkalling<\/span><span class=\"file-name\"><\/span><\/a><\/div>\n\n\n\n<div class=\"wp-block-teft-file icon-link-block\"><a href=\"https:\/\/hoyre.no\/content\/uploads\/sites\/408\/2025\/11\/Oslo-Hoyres-arsberetning-2025.pdf\" download><span class=\"file-title\">Oslo H\u00f8yres a\u030arsberetning 2025<\/span><span class=\"file-name\"><\/span><\/a><\/div>\n\n\n\n<div class=\"wp-block-teft-file icon-link-block\"><a href=\"https:\/\/hoyre.no\/content\/uploads\/sites\/408\/2025\/11\/Resolusjonshefte-oppdatert-med-ny-resolusjon.pdf\" download><span class=\"file-title\">Resolusjonshefte &#8211; oppdatert med ny resolusjon<\/span><span class=\"file-name\"><\/span><\/a><\/div>\n\n\n\n<div class=\"wp-block-teft-file icon-link-block\"><a href=\"https:\/\/hoyre.no\/content\/uploads\/sites\/408\/2025\/11\/Storresolusjon-til-Hoyres-landsmote-Omstilling.pdf\" download><span class=\"file-title\">Storresolusjon til H\u00f8yres landsm\u00f8te &#8211; Omstilling<\/span><span class=\"file-name\"><\/span><\/a><\/div>\n\n\n\n<div class=\"wp-block-teft-file icon-link-block\"><a href=\"https:\/\/hoyre.no\/content\/uploads\/sites\/408\/2025\/11\/Storresolusjon-til-Hoyres-landsmote-Skole.pdf\" download><span class=\"file-title\">Storresolusjon til H\u00f8yres landsm\u00f8te &#8211; Skole<\/span><span class=\"file-name\"><\/span><\/a><\/div>\n\n\n\n<div class=\"wp-block-teft-file icon-link-block\"><a href=\"https:\/\/hoyre.no\/content\/uploads\/sites\/408\/2025\/11\/Redaksjonskomiteens-innstilling-Innsendte-forslag-1.xlsx\" download><span class=\"file-title\">Redaksjonskomiteens innstilling &#8211; Innsendte forslag<\/span><span class=\"file-name\"><\/span><\/a><\/div>\n\n\n\n<div class=\"wp-block-teft-file icon-link-block\"><a href=\"https:\/\/hoyre.no\/content\/uploads\/sites\/408\/2025\/11\/Redaksjonskomiteens-innstilling-Storresolusjoner.xlsx\" download><span class=\"file-title\">Redaksjonskomiteens innstilling &#8211; Storresolusjoner<\/span><span class=\"file-name\"><\/span><\/a><\/div>\n\n\n\n<p><\/p>\n\n\n<div class=\"post-meta wp-block\">\n\t<div class=\"top\">\n\t\t<div class=\"sharing\">\n\t\t\t<a class=\"share-button share-link\" target=\"_blank\"><span class=\"screen-reader-text\">Del link<\/span><\/a>\n\t\t\t<a class=\"share-button share-twitter\" href=\"http:\/\/twitter.com\/share?text=Oslo H\u00f8yres \u00e5rsm\u00f8te 2026&#038;url=https:\/\/hoyre.no\/oslo\/arrangementer\/arsmote-i-oslo-hoyre-3\/&#038;hashtags=Hoyre\"><span class=\"screen-reader-text\">Del p\u00e5 twitter<\/span><\/a>\n\t\t\t<a class=\"share-button share-facebook\" href=\"https:\/\/www.facebook.com\/sharer\/sharer.php?u=https:\/\/hoyre.no\/oslo\/arrangementer\/arsmote-i-oslo-hoyre-3\/\" target=\"_blank\"><span class=\"screen-reader-text\">Del p\u00e5 facebook<\/span><\/a>\n\t\t<\/div>\n\t<\/div>\n<\/div>\n","protected":false},"template":"","meta":{"teft_cards_image_url":"","teft_cards_custom_pretitle":"","teft_cards_image_id":9053,"teft_cards_image_focal_point_x":0.5,"teft_cards_image_focal_point_y":0.5,"teft_cards_title":"Oslo H\u00f8yres \u00e5rsm\u00f8te 2026","teft_cards_excerpt":"","teft_show_chapters":false,"event_organizer":[],"event_start_date":"2026-01-23T18:00:00","event_end_date":"2026-01-24T17:00:00","event_registration_url":"","event_registration_deadline":"","event_ticket_cost":"","event_venue_name":"","event_venue_url":"","event_venue_address":"Stortingsgata 20, 0161 Oslo"},"teft-events-category":[24],"class_list":["post-9525","teft-events","type-teft-events","status-publish","hentry","teft-events-category-moter-i-oslo-hoyres-representantskap"],"yoast_head":"<!-- This site is optimized with the Yoast SEO Premium plugin v26.5 (Yoast SEO v26.6) - https:\/\/yoast.com\/wordpress\/plugins\/seo\/ -->\n<title>Oslo H\u00f8yres \u00e5rsm\u00f8te 2026 - Oslo H\u00f8yre<\/title>\n<meta name=\"robots\" content=\"index, follow, max-snippet:-1, max-image-preview:large, max-video-preview:-1\" \/>\n<link rel=\"canonical\" href=\"https:\/\/hoyre.no\/oslo\/arrangementer\/arsmote-i-oslo-hoyre-3\/\" \/>\n<meta property=\"og:locale\" content=\"nb_NO\" \/>\n<meta property=\"og:type\" content=\"article\" \/>\n<meta property=\"og:title\" content=\"Oslo H\u00f8yres \u00e5rsm\u00f8te 2026\" \/>\n<meta property=\"og:url\" content=\"https:\/\/hoyre.no\/oslo\/arrangementer\/arsmote-i-oslo-hoyre-3\/\" \/>\n<meta property=\"og:site_name\" content=\"Oslo H\u00f8yre\" \/>\n<meta property=\"article:publisher\" content=\"https:\/\/www.facebook.com\/oslo.hoyre\" \/>\n<meta property=\"article:modified_time\" content=\"2026-03-05T12:35:18+00:00\" \/>\n<meta property=\"og:image\" content=\"https:\/\/hoyre.no\/content\/uploads\/sites\/408\/2025\/06\/6T7FlkPf-1024x683.jpeg\" \/>\n<meta name=\"twitter:card\" content=\"summary_large_image\" \/>\n<meta name=\"twitter:label1\" content=\"Ansl. lesetid\" \/>\n\t<meta name=\"twitter:data1\" content=\"1 minutt\" \/>\n<script type=\"application\/ld+json\" class=\"yoast-schema-graph\">{\"@context\":\"https:\/\/schema.org\",\"@graph\":[{\"@type\":\"WebPage\",\"@id\":\"https:\/\/hoyre.no\/oslo\/arrangementer\/arsmote-i-oslo-hoyre-3\/\",\"url\":\"https:\/\/hoyre.no\/oslo\/arrangementer\/arsmote-i-oslo-hoyre-3\/\",\"name\":\"Oslo H\u00f8yres \u00e5rsm\u00f8te 2026 - Oslo H\u00f8yre\",\"isPartOf\":{\"@id\":\"https:\/\/hoyre.no\/oslo\/#website\"},\"datePublished\":\"2025-11-20T12:22:37+00:00\",\"dateModified\":\"2026-03-05T12:35:18+00:00\",\"breadcrumb\":{\"@id\":\"https:\/\/hoyre.no\/oslo\/arrangementer\/arsmote-i-oslo-hoyre-3\/#breadcrumb\"},\"inLanguage\":\"nb-NO\",\"potentialAction\":[{\"@type\":\"ReadAction\",\"target\":[\"https:\/\/hoyre.no\/oslo\/arrangementer\/arsmote-i-oslo-hoyre-3\/\"]}]},{\"@type\":\"BreadcrumbList\",\"@id\":\"https:\/\/hoyre.no\/oslo\/arrangementer\/arsmote-i-oslo-hoyre-3\/#breadcrumb\",\"itemListElement\":[{\"@type\":\"ListItem\",\"position\":1,\"name\":\"Til hoyre.no\",\"item\":\"https:\/\/hoyre.no\"},{\"@type\":\"ListItem\",\"position\":2,\"name\":\"Hjem\",\"item\":\"https:\/\/hoyre.no\/oslo\/\"},{\"@type\":\"ListItem\",\"position\":3,\"name\":\"Arrangement\",\"item\":\"https:\/\/hoyre.no\/oslo\/arrangementer\/\"},{\"@type\":\"ListItem\",\"position\":4,\"name\":\"Oslo H\u00f8yres \u00e5rsm\u00f8te 2026\"}]},{\"@type\":\"WebSite\",\"@id\":\"https:\/\/hoyre.no\/oslo\/#website\",\"url\":\"https:\/\/hoyre.no\/oslo\/\",\"name\":\"Oslo H\u00f8yre\",\"description\":\"\",\"publisher\":{\"@id\":\"https:\/\/hoyre.no\/oslo\/#organization\"},\"inLanguage\":\"nb-NO\"},{\"@type\":\"Organization\",\"@id\":\"https:\/\/hoyre.no\/oslo\/#organization\",\"name\":\"Oslo H\u00f8yre\",\"url\":\"https:\/\/hoyre.no\/oslo\/\",\"logo\":{\"@type\":\"ImageObject\",\"inLanguage\":\"nb-NO\",\"@id\":\"https:\/\/hoyre.no\/oslo\/#\/schema\/logo\/image\/\",\"url\":\"https:\/\/hoyre.no\/content\/uploads\/sites\/408\/2022\/11\/Hoyres-logo.png\",\"contentUrl\":\"https:\/\/hoyre.no\/content\/uploads\/sites\/408\/2022\/11\/Hoyres-logo.png\",\"width\":1000,\"height\":1000,\"caption\":\"Oslo H\u00f8yre\"},\"image\":{\"@id\":\"https:\/\/hoyre.no\/oslo\/#\/schema\/logo\/image\/\"},\"sameAs\":[\"https:\/\/www.facebook.com\/oslo.hoyre\"]}]}<\/script>\n<!-- \/ Yoast SEO Premium plugin. -->","yoast_head_json":{"title":"Oslo H\u00f8yres \u00e5rsm\u00f8te 2026 - Oslo H\u00f8yre","robots":{"index":"index","follow":"follow","max-snippet":"max-snippet:-1","max-image-preview":"max-image-preview:large","max-video-preview":"max-video-preview:-1"},"canonical":"https:\/\/hoyre.no\/oslo\/arrangementer\/arsmote-i-oslo-hoyre-3\/","og_locale":"nb_NO","og_type":"article","og_title":"Oslo H\u00f8yres \u00e5rsm\u00f8te 2026","og_url":"https:\/\/hoyre.no\/oslo\/arrangementer\/arsmote-i-oslo-hoyre-3\/","og_site_name":"Oslo H\u00f8yre","article_publisher":"https:\/\/www.facebook.com\/oslo.hoyre","article_modified_time":"2026-03-05T12:35:18+00:00","og_image":[{"url":"https:\/\/hoyre.no\/content\/uploads\/sites\/408\/2025\/06\/6T7FlkPf-1024x683.jpeg","width":"","height":"","type":""}],"twitter_card":"summary_large_image","twitter_misc":{"Ansl. lesetid":"1 minutt"},"schema":{"@context":"https:\/\/schema.org","@graph":[{"@type":"WebPage","@id":"https:\/\/hoyre.no\/oslo\/arrangementer\/arsmote-i-oslo-hoyre-3\/","url":"https:\/\/hoyre.no\/oslo\/arrangementer\/arsmote-i-oslo-hoyre-3\/","name":"Oslo H\u00f8yres \u00e5rsm\u00f8te 2026 - Oslo H\u00f8yre","isPartOf":{"@id":"https:\/\/hoyre.no\/oslo\/#website"},"datePublished":"2025-11-20T12:22:37+00:00","dateModified":"2026-03-05T12:35:18+00:00","breadcrumb":{"@id":"https:\/\/hoyre.no\/oslo\/arrangementer\/arsmote-i-oslo-hoyre-3\/#breadcrumb"},"inLanguage":"nb-NO","potentialAction":[{"@type":"ReadAction","target":["https:\/\/hoyre.no\/oslo\/arrangementer\/arsmote-i-oslo-hoyre-3\/"]}]},{"@type":"BreadcrumbList","@id":"https:\/\/hoyre.no\/oslo\/arrangementer\/arsmote-i-oslo-hoyre-3\/#breadcrumb","itemListElement":[{"@type":"ListItem","position":1,"name":"Til hoyre.no","item":"https:\/\/hoyre.no"},{"@type":"ListItem","position":2,"name":"Hjem","item":"https:\/\/hoyre.no\/oslo\/"},{"@type":"ListItem","position":3,"name":"Arrangement","item":"https:\/\/hoyre.no\/oslo\/arrangementer\/"},{"@type":"ListItem","position":4,"name":"Oslo H\u00f8yres \u00e5rsm\u00f8te 2026"}]},{"@type":"WebSite","@id":"https:\/\/hoyre.no\/oslo\/#website","url":"https:\/\/hoyre.no\/oslo\/","name":"Oslo H\u00f8yre","description":"","publisher":{"@id":"https:\/\/hoyre.no\/oslo\/#organization"},"inLanguage":"nb-NO"},{"@type":"Organization","@id":"https:\/\/hoyre.no\/oslo\/#organization","name":"Oslo H\u00f8yre","url":"https:\/\/hoyre.no\/oslo\/","logo":{"@type":"ImageObject","inLanguage":"nb-NO","@id":"https:\/\/hoyre.no\/oslo\/#\/schema\/logo\/image\/","url":"https:\/\/hoyre.no\/content\/uploads\/sites\/408\/2022\/11\/Hoyres-logo.png","contentUrl":"https:\/\/hoyre.no\/content\/uploads\/sites\/408\/2022\/11\/Hoyres-logo.png","width":1000,"height":1000,"caption":"Oslo H\u00f8yre"},"image":{"@id":"https:\/\/hoyre.no\/oslo\/#\/schema\/logo\/image\/"},"sameAs":["https:\/\/www.facebook.com\/oslo.hoyre"]}]}},"distributor_meta":false,"distributor_terms":false,"distributor_media":false,"distributor_original_site_name":"Oslo H\u00f8yre","distributor_original_site_url":"https:\/\/hoyre.no\/oslo","push-errors":false,"_links":{"self":[{"href":"https:\/\/hoyre.no\/oslo\/wp-json\/wp\/v2\/teft-events\/9525","targetHints":{"allow":["GET"]}}],"collection":[{"href":"https:\/\/hoyre.no\/oslo\/wp-json\/wp\/v2\/teft-events"}],"about":[{"href":"https:\/\/hoyre.no\/oslo\/wp-json\/wp\/v2\/types\/teft-events"}],"wp:attachment":[{"href":"https:\/\/hoyre.no\/oslo\/wp-json\/wp\/v2\/media?parent=9525"}],"wp:term":[{"taxonomy":"teft-events-category","embeddable":true,"href":"https:\/\/hoyre.no\/oslo\/wp-json\/wp\/v2\/teft-events-category?post=9525"}],"curies":[{"name":"wp","href":"https:\/\/api.w.org\/{rel}","templated":true}]}}