{"id":9989,"date":"2026-04-20T14:15:37","date_gmt":"2026-04-20T12:15:37","guid":{"rendered":"https:\/\/hoyre.no\/oslo\/?post_type=teft-events&#038;p=9989"},"modified":"2026-04-20T14:15:37","modified_gmt":"2026-04-20T12:15:37","slug":"medlemsmote-fremtidens-eldrepolitikk-i-oslo","status":"publish","type":"teft-events","link":"https:\/\/hoyre.no\/oslo\/arrangementer\/medlemsmote-fremtidens-eldrepolitikk-i-oslo\/","title":{"rendered":"Medlemsm\u00f8te: Fremtidens eldrepolitikk i Oslo"},"content":{"rendered":"\n<div class=\"wp-block-teft-event-top\">\n\n<div class=\"teft-event-date-top\">\n<div class=\"teft-event-date-wrapper\">\n\t<div class=\"date-square\" aria-hidden=\"true\">\n\t\t23\t\t\t<\/div>\n<\/div>\n\t<div class=\"top-text\">\n\t\t\t\t\t<p class=\"top-date-text\">torsdag 23. april 2026<\/p>\n\t\t\t\t\t\t\t<p class=\"top-time-text\">18:00 &#8211; 14:14<\/p>\n\t\t\t\t\t\t<\/div>\n\t\t<div class=\"sharing\">\n\t\t<a class=\"share-button share-link copy-link\" data-copy=\"https:\/\/hoyre.no\/oslo\/arrangementer\/medlemsmote-fremtidens-eldrepolitikk-i-oslo\/\" target=\"_blank\"><span class=\"screen-reader-text\">Del link<\/span><\/a>\n\t\t<a class=\"share-button share-twitter\" href=\"http:\/\/twitter.com\/share?text=Medlemsm\u00f8te: Fremtidens eldrepolitikk i Oslo&#038;url=https:\/\/hoyre.no\/oslo\/arrangementer\/medlemsmote-fremtidens-eldrepolitikk-i-oslo\/&#038;hashtags=Hoyre\" target=\"_blank\"><span class=\"screen-reader-text\">Del p\u00e5 twitter<\/span><\/a>\n\t\t<a class=\"share-button share-facebook\" href=\"https:\/\/www.facebook.com\/sharer\/sharer.php?u=https:\/\/hoyre.no\/oslo\/arrangementer\/medlemsmote-fremtidens-eldrepolitikk-i-oslo\/\" target=\"_blank\"><span class=\"screen-reader-text\">Del p\u00e5 facebook<\/span><\/a>\n\t<\/div>\n\t<\/div>\n<p class=\"preamble\">Velkommen til medlemsm\u00f8te om eldrepolitikk i Oslo!<\/p><figure class=\"hoyre-image-wrapper\"><div class=\"hoyre-image\"><img loading=\"lazy\" decoding=\"async\" width=\"2500\" height=\"1667\" src=\"https:\/\/hoyre.no\/content\/uploads\/sites\/408\/2026\/04\/GettyImages-1205244545-1-scaled.jpg\" class=\"attachment-scaled size-scaled\" alt=\"Eldre mennesker som danser\" style=\"object-position: 50% 50%\" srcset=\"https:\/\/hoyre.no\/content\/uploads\/sites\/408\/2026\/04\/GettyImages-1205244545-1-scaled.jpg 2500w, https:\/\/hoyre.no\/content\/uploads\/sites\/408\/2026\/04\/GettyImages-1205244545-1-300x200.jpg 300w, https:\/\/hoyre.no\/content\/uploads\/sites\/408\/2026\/04\/GettyImages-1205244545-1-1024x683.jpg 1024w, https:\/\/hoyre.no\/content\/uploads\/sites\/408\/2026\/04\/GettyImages-1205244545-1-768x512.jpg 768w, https:\/\/hoyre.no\/content\/uploads\/sites\/408\/2026\/04\/GettyImages-1205244545-1-1536x1024.jpg 1536w, https:\/\/hoyre.no\/content\/uploads\/sites\/408\/2026\/04\/GettyImages-1205244545-1-2048x1365.jpg 2048w\" sizes=\"auto, (max-width: 2500px) 100vw, 2500px\" \/><\/div><\/figure>\n\n<div class=\"wp-block wp-block-teft-event-registration-button\">\n\t<div class=\"registration-button-wrapper\">\n\t\t\t<a href=\"javascript:void(0)\" class=\"wp-block-button__link\">Meld deg p\u00e5 her<\/a>\n\t\t\t\t\n\t<\/div>\n<\/div>\n\n<div class=\"panel teft-details-panel\">\n\t\t<h3>Detaljer<\/h3>\n\n\t\t\t\t\t<dl class=\"info-misc-with-icons\">\n\t\t\t\t<dt class=\"venue\"><span class=\"screen-reader-text\">Stedet<\/span><\/dt>\n\t\t\t\t<dd>\n\t\t\t\t\t\t\t\t\t\t\t<span class=\"address-line-1\">H\u00f8yres Hus i Oslo<\/span>\n\t\t\t\t\t\t\t\t\t\t\t\t\t\t\t\t<span class=\"address-line-2\">https:\/\/hoyre.ungapped.io\/Events\/7c7c4e38-78aa-4f4d-8cd0-68cc16ecb1c5?utm_medium=email&amp;utm_source=Ungapped&amp;utm_campaign=Invitasjon+til+medlemsm%c3%b8te%3a+Fremtidens+eldrepolitikk+i+Oslo<\/span>\n\t\t\t\t\t\t\t\t\t<\/dd>\n\t\t\t<\/dl>\n\t\t\t\t\t\t\t<dl class=\"info-misc-with-icons\">\n\t\t<dt class=\"time\"><span class=\"screen-reader-text\">Arrangement dato<\/span><\/dt>\n\t\t<dd class=\"time\">\n\t\t\ttor 23. april 2026 fra  18:00 &#8211; 14:14\t\t<\/dd>\n\t<\/dl>\n\t\t\t\t\t\t<dl class=\"info-misc-with-icons\">\n\t\t<dt class=\"registration\"><span class=\"screen-reader-text\">P\u00e5meldingsdetajer<\/span><\/dt>\n\t\t<dd class=\"registration\">\n\t\t\t\t\t\t\t\t\t\t<a href=\"\">Registrer<\/a>\n\t\t\t\t\t<\/dd>\n\t<\/dl>\n\t\t<\/dl>\n<\/div>\n<\/div>\n\n\n\n\n<h2 class=\"wp-block-heading\" id=\"h-informasjon\">Informasjon<\/h2>\n\n\n\n<p><strong>Kj\u00e6re medlem i Oslo H\u00f8yre,<\/strong><\/p>\n\n\n\n<p>I \u00e5rene fremover vil vi bli flere pleietrengende og f\u00e6rre pleiere i eldreomsorgen i Oslo. Det krever at vi tenker nytt og gj\u00f8r endringer i omsorgstjenestene v\u00e5re slik at vi er klare til \u00e5 m\u00f8te morgendagen. Mange eldre lever lenger og er aktive lenger, det er en ressurs vi i for liten grad er flinke nok til \u00e5 benytte oss av.<\/p>\n\n\n\n<p>P\u00e5 dette m\u00f8tet f\u00e5r du h\u00f8re fra Steinar Juel i Civita. Steinar er sosial\u00f8konom og har jobbet med den varslede eldreb\u00f8lgen og hvilke konsekvenser den egentlig vil f\u00e5, og hvilke konsekvenser den kanskje ikke f\u00e5r allikevel.<\/p>\n\n\n\n<p>I tillegg vil du f\u00e5 h\u00f8re fra Nils-Ola Widme. Nils-Ola er seniorr\u00e5dgiver i Burson og har blant annet, skrevet bok om konkurranse og innovasjon i norske velferdstjenester. Han har ogs\u00e5 v\u00e6rt statssekret\u00e6r for H\u00f8yre, og er medlem av Oslo H\u00f8yres programforberedende utvalg for eldrepolitikk.&nbsp;<\/p>\n\n\n\n<p>Etter Steinar og Nils-Olas innledninger vil det programforberedende utvalget for eldrepolitikk legge frem noen overskrifter fra arbeidet sitt, f\u00f8r vi \u00e5pner for innspill og kommentarer fra salen. Vi h\u00e5per du vil komme og bidra til at dette m\u00f8tet blir et godt supplement til de innspillene utvalget skal levere fra seg til Programkomiteen i Oslo H\u00f8yre!<\/p>\n\n\n\n<p><strong>H\u00e5per vi sees torsdag 23. april kl. 18.00 p\u00e5 H\u00f8yres Hus!<\/strong><\/p>\n\n\n\n<p><strong>Bl\u00e5 hilsen,<\/strong><\/p>\n\n\n\n<p>Oslo H\u00f8yres programforberedende utvalg for eldrepolitikk<\/p>\n\n\n<div class=\"post-meta wp-block\">\n\t<div class=\"top\">\n\t\t<div class=\"sharing\">\n\t\t\t<a class=\"share-button share-link\" target=\"_blank\"><span class=\"screen-reader-text\">Del link<\/span><\/a>\n\t\t\t<a class=\"share-button share-twitter\" href=\"http:\/\/twitter.com\/share?text=Medlemsm\u00f8te: Fremtidens eldrepolitikk i Oslo&#038;url=https:\/\/hoyre.no\/oslo\/arrangementer\/medlemsmote-fremtidens-eldrepolitikk-i-oslo\/&#038;hashtags=Hoyre\"><span class=\"screen-reader-text\">Del p\u00e5 twitter<\/span><\/a>\n\t\t\t<a class=\"share-button share-facebook\" href=\"https:\/\/www.facebook.com\/sharer\/sharer.php?u=https:\/\/hoyre.no\/oslo\/arrangementer\/medlemsmote-fremtidens-eldrepolitikk-i-oslo\/\" target=\"_blank\"><span class=\"screen-reader-text\">Del p\u00e5 facebook<\/span><\/a>\n\t\t<\/div>\n\t<\/div>\n<\/div>\n","protected":false},"template":"","meta":{"teft_cards_image_url":"","teft_cards_custom_pretitle":"","teft_cards_image_id":9991,"teft_cards_image_focal_point_x":0.5,"teft_cards_image_focal_point_y":0.5,"teft_cards_title":"Medlemsm\u00f8te: Fremtidens eldrepolitikk i Oslo","teft_cards_excerpt":"","teft_show_chapters":false,"event_organizer":[],"event_start_date":"2026-04-23T18:00:00","event_end_date":"2026-04-23T14:14:18","event_registration_url":"javascript:void(0)","event_registration_deadline":"","event_ticket_cost":"","event_venue_name":"H\u00f8yres Hus i Oslo","event_venue_url":"","event_venue_address":"https:\/\/hoyre.ungapped.io\/Events\/7c7c4e38-78aa-4f4d-8cd0-68cc16ecb1c5?utm_medium=email&utm_source=Ungapped&utm_campaign=Invitasjon+til+medlemsm%c3%b8te%3a+Fremtidens+eldrepolitikk+i+Oslo"},"teft-events-category":[],"class_list":["post-9989","teft-events","type-teft-events","status-publish","hentry"],"yoast_head":"<!-- This site is optimized with the Yoast SEO Premium plugin v26.5 (Yoast SEO v26.6) - https:\/\/yoast.com\/wordpress\/plugins\/seo\/ -->\n<title>Medlemsm\u00f8te: Fremtidens eldrepolitikk i Oslo - Oslo H\u00f8yre<\/title>\n<meta name=\"robots\" content=\"index, follow, max-snippet:-1, max-image-preview:large, max-video-preview:-1\" \/>\n<link rel=\"canonical\" href=\"https:\/\/hoyre.no\/oslo\/arrangementer\/medlemsmote-fremtidens-eldrepolitikk-i-oslo\/\" \/>\n<meta property=\"og:locale\" content=\"nb_NO\" \/>\n<meta property=\"og:type\" content=\"article\" \/>\n<meta property=\"og:title\" content=\"Medlemsm\u00f8te: Fremtidens eldrepolitikk i Oslo\" \/>\n<meta property=\"og:url\" content=\"https:\/\/hoyre.no\/oslo\/arrangementer\/medlemsmote-fremtidens-eldrepolitikk-i-oslo\/\" \/>\n<meta property=\"og:site_name\" content=\"Oslo H\u00f8yre\" \/>\n<meta property=\"article:publisher\" content=\"https:\/\/www.facebook.com\/oslo.hoyre\" \/>\n<meta property=\"og:image\" content=\"https:\/\/hoyre.no\/content\/uploads\/sites\/408\/2026\/04\/GettyImages-1205244545-1-1024x683.jpg\" \/>\n<meta name=\"twitter:card\" content=\"summary_large_image\" \/>\n<meta name=\"twitter:label1\" content=\"Ansl. lesetid\" \/>\n\t<meta name=\"twitter:data1\" content=\"2 minutter\" \/>\n<script type=\"application\/ld+json\" class=\"yoast-schema-graph\">{\"@context\":\"https:\/\/schema.org\",\"@graph\":[{\"@type\":\"WebPage\",\"@id\":\"https:\/\/hoyre.no\/oslo\/arrangementer\/medlemsmote-fremtidens-eldrepolitikk-i-oslo\/\",\"url\":\"https:\/\/hoyre.no\/oslo\/arrangementer\/medlemsmote-fremtidens-eldrepolitikk-i-oslo\/\",\"name\":\"Medlemsm\u00f8te: Fremtidens eldrepolitikk i Oslo - Oslo H\u00f8yre\",\"isPartOf\":{\"@id\":\"https:\/\/hoyre.no\/oslo\/#website\"},\"datePublished\":\"2026-04-20T12:15:37+00:00\",\"breadcrumb\":{\"@id\":\"https:\/\/hoyre.no\/oslo\/arrangementer\/medlemsmote-fremtidens-eldrepolitikk-i-oslo\/#breadcrumb\"},\"inLanguage\":\"nb-NO\",\"potentialAction\":[{\"@type\":\"ReadAction\",\"target\":[\"https:\/\/hoyre.no\/oslo\/arrangementer\/medlemsmote-fremtidens-eldrepolitikk-i-oslo\/\"]}]},{\"@type\":\"BreadcrumbList\",\"@id\":\"https:\/\/hoyre.no\/oslo\/arrangementer\/medlemsmote-fremtidens-eldrepolitikk-i-oslo\/#breadcrumb\",\"itemListElement\":[{\"@type\":\"ListItem\",\"position\":1,\"name\":\"Til hoyre.no\",\"item\":\"https:\/\/hoyre.no\"},{\"@type\":\"ListItem\",\"position\":2,\"name\":\"Hjem\",\"item\":\"https:\/\/hoyre.no\/oslo\/\"},{\"@type\":\"ListItem\",\"position\":3,\"name\":\"Arrangement\",\"item\":\"https:\/\/hoyre.no\/oslo\/arrangementer\/\"},{\"@type\":\"ListItem\",\"position\":4,\"name\":\"Medlemsm\u00f8te: Fremtidens eldrepolitikk i Oslo\"}]},{\"@type\":\"WebSite\",\"@id\":\"https:\/\/hoyre.no\/oslo\/#website\",\"url\":\"https:\/\/hoyre.no\/oslo\/\",\"name\":\"Oslo H\u00f8yre\",\"description\":\"\",\"publisher\":{\"@id\":\"https:\/\/hoyre.no\/oslo\/#organization\"},\"inLanguage\":\"nb-NO\"},{\"@type\":\"Organization\",\"@id\":\"https:\/\/hoyre.no\/oslo\/#organization\",\"name\":\"Oslo H\u00f8yre\",\"url\":\"https:\/\/hoyre.no\/oslo\/\",\"logo\":{\"@type\":\"ImageObject\",\"inLanguage\":\"nb-NO\",\"@id\":\"https:\/\/hoyre.no\/oslo\/#\/schema\/logo\/image\/\",\"url\":\"https:\/\/hoyre.no\/content\/uploads\/sites\/408\/2022\/11\/Hoyres-logo.png\",\"contentUrl\":\"https:\/\/hoyre.no\/content\/uploads\/sites\/408\/2022\/11\/Hoyres-logo.png\",\"width\":1000,\"height\":1000,\"caption\":\"Oslo H\u00f8yre\"},\"image\":{\"@id\":\"https:\/\/hoyre.no\/oslo\/#\/schema\/logo\/image\/\"},\"sameAs\":[\"https:\/\/www.facebook.com\/oslo.hoyre\"]}]}<\/script>\n<!-- \/ Yoast SEO Premium plugin. -->","yoast_head_json":{"title":"Medlemsm\u00f8te: Fremtidens eldrepolitikk i Oslo - Oslo H\u00f8yre","robots":{"index":"index","follow":"follow","max-snippet":"max-snippet:-1","max-image-preview":"max-image-preview:large","max-video-preview":"max-video-preview:-1"},"canonical":"https:\/\/hoyre.no\/oslo\/arrangementer\/medlemsmote-fremtidens-eldrepolitikk-i-oslo\/","og_locale":"nb_NO","og_type":"article","og_title":"Medlemsm\u00f8te: Fremtidens eldrepolitikk i Oslo","og_url":"https:\/\/hoyre.no\/oslo\/arrangementer\/medlemsmote-fremtidens-eldrepolitikk-i-oslo\/","og_site_name":"Oslo H\u00f8yre","article_publisher":"https:\/\/www.facebook.com\/oslo.hoyre","og_image":[{"url":"https:\/\/hoyre.no\/content\/uploads\/sites\/408\/2026\/04\/GettyImages-1205244545-1-1024x683.jpg","width":"","height":"","type":""}],"twitter_card":"summary_large_image","twitter_misc":{"Ansl. lesetid":"2 minutter"},"schema":{"@context":"https:\/\/schema.org","@graph":[{"@type":"WebPage","@id":"https:\/\/hoyre.no\/oslo\/arrangementer\/medlemsmote-fremtidens-eldrepolitikk-i-oslo\/","url":"https:\/\/hoyre.no\/oslo\/arrangementer\/medlemsmote-fremtidens-eldrepolitikk-i-oslo\/","name":"Medlemsm\u00f8te: Fremtidens eldrepolitikk i Oslo - Oslo H\u00f8yre","isPartOf":{"@id":"https:\/\/hoyre.no\/oslo\/#website"},"datePublished":"2026-04-20T12:15:37+00:00","breadcrumb":{"@id":"https:\/\/hoyre.no\/oslo\/arrangementer\/medlemsmote-fremtidens-eldrepolitikk-i-oslo\/#breadcrumb"},"inLanguage":"nb-NO","potentialAction":[{"@type":"ReadAction","target":["https:\/\/hoyre.no\/oslo\/arrangementer\/medlemsmote-fremtidens-eldrepolitikk-i-oslo\/"]}]},{"@type":"BreadcrumbList","@id":"https:\/\/hoyre.no\/oslo\/arrangementer\/medlemsmote-fremtidens-eldrepolitikk-i-oslo\/#breadcrumb","itemListElement":[{"@type":"ListItem","position":1,"name":"Til hoyre.no","item":"https:\/\/hoyre.no"},{"@type":"ListItem","position":2,"name":"Hjem","item":"https:\/\/hoyre.no\/oslo\/"},{"@type":"ListItem","position":3,"name":"Arrangement","item":"https:\/\/hoyre.no\/oslo\/arrangementer\/"},{"@type":"ListItem","position":4,"name":"Medlemsm\u00f8te: Fremtidens eldrepolitikk i Oslo"}]},{"@type":"WebSite","@id":"https:\/\/hoyre.no\/oslo\/#website","url":"https:\/\/hoyre.no\/oslo\/","name":"Oslo H\u00f8yre","description":"","publisher":{"@id":"https:\/\/hoyre.no\/oslo\/#organization"},"inLanguage":"nb-NO"},{"@type":"Organization","@id":"https:\/\/hoyre.no\/oslo\/#organization","name":"Oslo H\u00f8yre","url":"https:\/\/hoyre.no\/oslo\/","logo":{"@type":"ImageObject","inLanguage":"nb-NO","@id":"https:\/\/hoyre.no\/oslo\/#\/schema\/logo\/image\/","url":"https:\/\/hoyre.no\/content\/uploads\/sites\/408\/2022\/11\/Hoyres-logo.png","contentUrl":"https:\/\/hoyre.no\/content\/uploads\/sites\/408\/2022\/11\/Hoyres-logo.png","width":1000,"height":1000,"caption":"Oslo H\u00f8yre"},"image":{"@id":"https:\/\/hoyre.no\/oslo\/#\/schema\/logo\/image\/"},"sameAs":["https:\/\/www.facebook.com\/oslo.hoyre"]}]}},"distributor_meta":false,"distributor_terms":false,"distributor_media":false,"distributor_original_site_name":"Oslo H\u00f8yre","distributor_original_site_url":"https:\/\/hoyre.no\/oslo","push-errors":false,"_links":{"self":[{"href":"https:\/\/hoyre.no\/oslo\/wp-json\/wp\/v2\/teft-events\/9989","targetHints":{"allow":["GET"]}}],"collection":[{"href":"https:\/\/hoyre.no\/oslo\/wp-json\/wp\/v2\/teft-events"}],"about":[{"href":"https:\/\/hoyre.no\/oslo\/wp-json\/wp\/v2\/types\/teft-events"}],"wp:attachment":[{"href":"https:\/\/hoyre.no\/oslo\/wp-json\/wp\/v2\/media?parent=9989"}],"wp:term":[{"taxonomy":"teft-events-category","embeddable":true,"href":"https:\/\/hoyre.no\/oslo\/wp-json\/wp\/v2\/teft-events-category?post=9989"}],"curies":[{"name":"wp","href":"https:\/\/api.w.org\/{rel}","templated":true}]}}